{"id":17611,"date":"2014-04-15T12:33:38","date_gmt":"2014-04-15T12:33:38","guid":{"rendered":"https:\/\/test.isladelajuventud-cuba.com\/alojamiento-2\/"},"modified":"2023-11-14T18:46:08","modified_gmt":"2023-11-14T18:46:08","slug":"excursiones","status":"publish","type":"page","link":"https:\/\/test.isladelajuventud-cuba.com\/?page_id=17611","title":{"rendered":"Excursiones"},"content":{"rendered":"<div class=\"wpb-content-wrapper\" id=\"wpb-content-root\"><p>[vc_row css_animation=\u00bb\u00bb row_type=\u00bbrow\u00bb use_row_as_full_screen_section=\u00bbno\u00bb type=\u00bbfull_width\u00bb angled_section=\u00bbno\u00bb text_align=\u00bbcenter\u00bb background_image_as_pattern=\u00bbwithout_pattern\u00bb][vc_column][vc_column_text]<\/p>\n<p style=\"text-align: center;\"><div class=\"wp1s-slider-wrapper wp1s-slider-wrapper-35064 \">  \r\n    <div class=\"wp1s-main-wrapper\">\r\n      \r\n\r\n    <div class=\"wp1s-slider-container wp1s-pager-type-1 wp1s-arrow-type-1 wp1s-pagination\">\r\n    <ul class=\"wp1s-bxslider\" data-id=\"35064\" data-auto='true' data-speed='1000' data-pause='5000' data-transition='horizontal' data-controls='true' data-responsive='true' data-pager='disable' >\r\n            <li>\r\n            <img decoding=\"async\" src=\"https:\/\/test.isladelajuventud-cuba.com\/wp-content\/uploads\/2020\/01\/slide1.jpg\" \/>\r\n            <div class=\"wp1s-caption-wrapper wp1s-caption-type-1 wp1s-caption-middlecenter\">\r\n            <h1 class=\"wp1s-caption-title\"><\/h1>\r\n            <h2 class=\"wp1s-caption-content\"><\/h2>\r\n                        <\/div>\r\n        <\/li>\r\n            <li>\r\n            <img decoding=\"async\" src=\"https:\/\/test.isladelajuventud-cuba.com\/wp-content\/uploads\/2020\/01\/slide2.jpg\" \/>\r\n            <div class=\"wp1s-caption-wrapper wp1s-caption-type-1 wp1s-caption-middlecenter\">\r\n            <h1 class=\"wp1s-caption-title\"><\/h1>\r\n            <h2 class=\"wp1s-caption-content\">Cayo Largo del Sur. Un Para\u00edso del Caribe.<\/h2>\r\n                        <a href=\"https:\/\/test.isladelajuventud-cuba.com\/alojamiento-hoteles\/\" class=\"wps1-readmore-button\">Reserve con un click.<\/a>\r\n                        <\/div>\r\n        <\/li>\r\n            <li>\r\n            <img decoding=\"async\" src=\"https:\/\/test.isladelajuventud-cuba.com\/wp-content\/uploads\/2019\/10\/test1.jpg\" \/>\r\n            <div class=\"wp1s-caption-wrapper wp1s-caption-type-1 wp1s-caption-middlecenter\">\r\n            <h1 class=\"wp1s-caption-title\"><\/h1>\r\n            <h2 class=\"wp1s-caption-content\"><\/h2>\r\n                        <\/div>\r\n        <\/li>\r\n            <li>\r\n            <img decoding=\"async\" src=\"https:\/\/test.isladelajuventud-cuba.com\/wp-content\/uploads\/2020\/01\/slide4.jpg\" \/>\r\n            <div class=\"wp1s-caption-wrapper wp1s-caption-type-1 wp1s-caption-middlecenter\">\r\n            <h1 class=\"wp1s-caption-title\"><\/h1>\r\n            <h2 class=\"wp1s-caption-content\">Puestas de sol \u00fanicas...<\/h2>\r\n                        <\/div>\r\n        <\/li>\r\n            <li>\r\n            <img decoding=\"async\" src=\"https:\/\/test.isladelajuventud-cuba.com\/wp-content\/uploads\/2020\/01\/slide3.jpg\" \/>\r\n            <div class=\"wp1s-caption-wrapper wp1s-caption-type-1 wp1s-caption-middlecenter\">\r\n            <h1 class=\"wp1s-caption-title\"><\/h1>\r\n            <h2 class=\"wp1s-caption-content\">Un mundo bajo el mar.<\/h2>\r\n                        <a href=\"https:\/\/test.isladelajuventud-cuba.com\/centros-de-buceo\/\" class=\"wps1-readmore-button\">Reserve  tus inmersiones con un click.<\/a>\r\n                        <\/div>\r\n        <\/li>\r\n            <li>\r\n            <img decoding=\"async\" src=\"https:\/\/test.isladelajuventud-cuba.com\/wp-content\/uploads\/2020\/01\/slide5.jpg\" \/>\r\n            <div class=\"wp1s-caption-wrapper wp1s-caption-type-1 wp1s-caption-middlecenter\">\r\n            <h1 class=\"wp1s-caption-title\"><\/h1>\r\n            <h2 class=\"wp1s-caption-content\">Descubra algunas de las mejores playas del mundo.<\/h2>\r\n                        <a href=\"https:\/\/test.isladelajuventud-cuba.com\/playas-2\/\" class=\"wps1-readmore-button\">Ver m\u00e1s playas<\/a>\r\n                        <\/div>\r\n        <\/li>\r\n            <li>\r\n            <img decoding=\"async\" src=\"https:\/\/test.isladelajuventud-cuba.com\/wp-content\/uploads\/2020\/01\/slide6-1.jpg\" \/>\r\n            <div class=\"wp1s-caption-wrapper wp1s-caption-type-1 wp1s-caption-middlecenter\">\r\n            <h1 class=\"wp1s-caption-title\"><\/h1>\r\n            <h2 class=\"wp1s-caption-content\">Descubre su naturaleza en estado puro...<\/h2>\r\n                        <\/div>\r\n        <\/li>\r\n            <li>\r\n            <img decoding=\"async\" src=\"https:\/\/test.isladelajuventud-cuba.com\/wp-content\/uploads\/2020\/01\/slide7.jpg\" \/>\r\n            <div class=\"wp1s-caption-wrapper wp1s-caption-type-1 wp1s-caption-middlecenter\">\r\n            <h1 class=\"wp1s-caption-title\"><\/h1>\r\n            <h2 class=\"wp1s-caption-content\">MUSEOS<\/h2>\r\n                        <a href=\"https:\/\/test.isladelajuventud-cuba.com\/museos\/\" class=\"wps1-readmore-button\">Ver m\u00e1s Museos<\/a>\r\n                        <\/div>\r\n        <\/li>\r\n            <li>\r\n            <img decoding=\"async\" src=\"https:\/\/test.isladelajuventud-cuba.com\/wp-content\/uploads\/2020\/01\/slide8.jpg\" \/>\r\n            <div class=\"wp1s-caption-wrapper wp1s-caption-type-1 wp1s-caption-middlecenter\">\r\n            <h1 class=\"wp1s-caption-title\"><\/h1>\r\n            <h2 class=\"wp1s-caption-content\">LUGARES DE INTER\u00c9S<\/h2>\r\n                        <a href=\"https:\/\/test.isladelajuventud-cuba.com\/lugares-de-interes-2\/\" class=\"wps1-readmore-button\">Ver m\u00e1s Lugares de Inter\u00e9s<\/a>\r\n                        <\/div>\r\n        <\/li>\r\n            <li>\r\n            <img decoding=\"async\" src=\"https:\/\/test.isladelajuventud-cuba.com\/wp-content\/uploads\/2020\/01\/slide9-1.jpg\" \/>\r\n            <div class=\"wp1s-caption-wrapper wp1s-caption-type-1 wp1s-caption-middlecenter\">\r\n            <h1 class=\"wp1s-caption-title\"><\/h1>\r\n            <h2 class=\"wp1s-caption-content\">Hoteles, casas de alquiler, camping. <\/h2>\r\n                        <a href=\"https:\/\/test.isladelajuventud-cuba.com\/alojamiento\/\" class=\"wps1-readmore-button\">Reserva su alojamiento con un click.<\/a>\r\n                        <\/div>\r\n        <\/li>\r\n            <li>\r\n            <img decoding=\"async\" src=\"https:\/\/test.isladelajuventud-cuba.com\/wp-content\/uploads\/2020\/01\/slide10.jpg\" \/>\r\n            <div class=\"wp1s-caption-wrapper wp1s-caption-type-1 wp1s-caption-middlecenter\">\r\n            <h1 class=\"wp1s-caption-title\"><\/h1>\r\n            <h2 class=\"wp1s-caption-content\">Nueva Gerona fundada en 1830, una ciudad que  le sorprender\u00e1...<\/h2>\r\n                        <a href=\"https:\/\/test.isladelajuventud-cuba.com\/nucleos-urbanos-nueva-gerona\/\" class=\"wps1-readmore-button\">Conozca Nueva Gerona con un click<\/a>\r\n                        <\/div>\r\n        <\/li>\r\n            <li>\r\n            <img decoding=\"async\" src=\"https:\/\/test.isladelajuventud-cuba.com\/wp-content\/uploads\/2020\/02\/monumentos.jpg\" \/>\r\n            <div class=\"wp1s-caption-wrapper wp1s-caption-type-1 wp1s-caption-middlecenter\">\r\n            <h1 class=\"wp1s-caption-title\"><\/h1>\r\n            <h2 class=\"wp1s-caption-content\">MONUMENTOS<\/h2>\r\n                        <a href=\"https:\/\/test.isladelajuventud-cuba.com\/monumentos\/\" class=\"wps1-readmore-button\">Ver m\u00e1s Monumentos<\/a>\r\n                        <\/div>\r\n        <\/li>\r\n        <\/ul>\r\n    <\/div>\r\n<\/div>\r\n      <\/div>\r\n   <style>\r\n\r\n.wp1s-slider-wrapper-35064 {\r\n    \r\n     width:100%%;   \r\n}\r\n\r\n.wp1s-slider-wrapper-35064 .wp1s-caption-wrapper.wp1s-caption-type-1 .wp1s-caption-title{\r\n\r\n    font-size:20px;\r\n   \r\n}\r\n\r\n.wp1s-slider-wrapper-35064 .wp1s-caption-wrapper.wp1s-caption-type-1 .wp1s-caption-content{\r\n   \r\n    font-size: 40px;\r\n    \r\n}\r\n.wp1s-slider-wrapper-35064 .wp1s-caption-wrapper.wp1s-caption-type-2 .wp1s-caption-title {\r\n    font-size:20px;\r\n    background-color:rgba(125,165,82,0.8);\r\n   \r\n}\r\n.wp1s-slider-wrapper-35064 .wp1s-caption-wrapper.wp1s-caption-type-2 .wp1s-caption-content {\r\n    font-size:40px;\r\n\r\n}\r\n.wp1s-slider-wrapper-35064 .wp1s-caption-wrapper.wp1s-caption-type-3 .wp1s-caption-title {\r\n    font-size:20px;\r\n    border-bottom:7px solid #2ed1ff;\r\n}\r\n.wp1s-slider-wrapper-35064 .wp1s-caption-wrapper.wp1s-caption-type-3 .wp1s-caption-content {\r\n    font-size:40px;\r\n   \r\n}\r\n.wp1s-slider-wrapper-35064 .wp1s-caption-wrapper.wp1s-caption-type-4  {\r\n   \r\n    background-color:rgba(124,118,118,0.6);\r\n\r\n}\r\n.wp1s-slider-wrapper-35064 .wp1s-caption-wrapper.wp1s-caption-type-4 .wp1s-caption-title {\r\n    font-size:20px;\r\n\r\n}\r\n.wp1s-slider-wrapper-35064 .wp1s-caption-wrapper.wp1s-caption-type-4 .wp1s-caption-content {\r\n    font-size:40px;\r\n}\r\n.wp1s-slider-wrapper-35064 .wp1s-caption-wrapper .wp1s-caption-title {\r\n    color:#ffffff;\r\n}\r\n.wp1s-slider-wrapper-35064 .wp1s-caption-wrapper .wp1s-caption-content {\r\n    color:#59d600;\r\n}\r\n.wp1s-slider-wrapper-35064 .wp1s-main-wrapper .wp1s-pager-type-1 .bx-wrapper .bx-pager.bx-default-pager a {\r\n    background-color:#ffffff;\r\n}\r\n.wp1s-slider-wrapper-35064 .wp1s-main-wrapper .wp1s-pager-type-1 .bx-wrapper .bx-pager.bx-default-pager a:hover, \r\n.wp1s-slider-wrapper-35064 .wp1s-main-wrapper .wp1s-pager-type-1 .bx-wrapper .bx-pager.bx-default-pager a.active {\r\n    background-color:#3bb1f4;\r\n}\r\n.wp1s-slider-wrapper-35064 .wp1s-main-wrapper .wp1s-pager-type-2 .bx-wrapper .bx-pager.bx-default-pager a {\r\n    background-color:#635e5e;\r\n    border:3px solid #979191;\r\n}\r\n.wp1s-slider-wrapper-35064 .wp1s-main-wrapper .wp1s-pager-type-2 .bx-wrapper .bx-pager.bx-default-pager a:hover, \r\n.wp1s-slider-wrapper-35064 .wp1s-main-wrapper .wp1s-pager-type-2 .bx-wrapper .bx-pager.bx-default-pager a.active {\r\n    background-color:#ffffff;\r\n}\r\n.wp1s-slider-wrapper-35064 .wp1s-main-wrapper .wp1s-pager-type-3 .bx-wrapper .bx-pager.bx-default-pager a {\r\n    border:1px solid #ffffff;\r\n   \r\n}\r\n.wp1s-slider-wrapper-35064 .wp1s-main-wrapper .wp1s-pager-type-3 .bx-wrapper .bx-pager.bx-default-pager a:hover, \r\n.wp1s-slider-wrapper-35064 .wp1s-main-wrapper .wp1s-pager-type-3 .bx-wrapper .bx-pager.bx-default-pager a.active {\r\n    border-color:#ff9600;\r\n}\r\n.wp1s-slider-wrapper-35064 .wp1s-main-wrapper .wp1s-pager-type-4 .bx-wrapper .bx-pager.bx-default-pager a {\r\n    background-color:#7a7a7a;\r\n    \r\n}\r\n.wp1s-slider-wrapper-35064 .wp1s-main-wrapper .wp1s-pager-type-4 .bx-wrapper .bx-pager.bx-default-pager a:hover, \r\n.wp1s-slider-wrapper-35064 .wp1s-main-wrapper .wp1s-pager-type-4 .bx-wrapper .bx-pager.bx-default-pager a.active {\r\n    background-color:#ffffff;\r\n}\r\n.wp1s-slider-wrapper-35064 .wp1s-caption-wrapper.wp1s-caption-type-1 .wps1-readmore-button {\r\n    background-color: #1e75f6;\r\n    box-shadow: 0 2px 0 #1758c6;\r\n    -webkit-box-shadow: 0 2px 0 #1758c6;\r\n    -moz-box-shadow: 0 2px 0 #1758c6;\r\n}\r\n.wp1s-slider-wrapper-35064 .wp1s-caption-wrapper.wp1s-caption-type-1 .wps1-readmore-button:hover {\r\n    background-color:#11499e;\r\n}\r\n@media (max-width:1200px) {\r\n.wp1s-slider-wrapper-35064 .wp1s-slider-wrapper {\r\nwidth:100%;\r\n}\r\n}\r\n.wp1s-widget-wrap .wp1s-caption-wrapper {\r\n\r\ndisplay: none;\r\n}\r\n\r\n.wp1s-widget-wrap .wp1s-thumbnail-wrapper {\r\ndisplay: none;\r\n}\r\n\r\n<\/style><\/p>\n<p>[\/vc_column_text][\/vc_column][\/vc_row][vc_row css_animation=\u00bb\u00bb row_type=\u00bbrow\u00bb use_row_as_full_screen_section=\u00bbno\u00bb type=\u00bbgrid\u00bb angled_section=\u00bbno\u00bb text_align=\u00bbcenter\u00bb background_image_as_pattern=\u00bbwithout_pattern\u00bb][vc_column][vc_empty_space height=\u00bb50px\u00bb][\/vc_column][\/vc_row][vc_row css_animation=\u00bb\u00bb row_type=\u00bbrow\u00bb use_row_as_full_screen_section=\u00bbno\u00bb type=\u00bbgrid\u00bb angled_section=\u00bbno\u00bb text_align=\u00bbcenter\u00bb background_image_as_pattern=\u00bbwithout_pattern\u00bb][vc_column][vc_column_text]<\/p>\n<h1 style=\"text-align: left;\">EXCURSIONES EN CUBA<\/h1>\n<p>[\/vc_column_text][vc_separator type=\u00bbnormal\u00bb color=\u00bb#000000&#8243;][\/vc_column][\/vc_row][vc_row css_animation=\u00bb\u00bb row_type=\u00bbrow\u00bb use_row_as_full_screen_section=\u00bbno\u00bb type=\u00bbgrid\u00bb angled_section=\u00bbno\u00bb text_align=\u00bbcenter\u00bb background_image_as_pattern=\u00bbwithout_pattern\u00bb css=\u00bb.vc_custom_1486569008549{margin-top: 130px !important;}\u00bb][vc_column]<div class=\"custom_font_holder \" style=\"font-family: Lato; font-style: normal; font-weight: 400; color: #000000; text-decoration: none; text-align: left; --qode-cf-font-size: 14px; --qode-cf-line-height: 18px; --qode-cf-font-size-1440: 14px; --qode-cf-line-height-1440: 18px; --qode-cf-font-size-1366: 14px; --qode-cf-line-height-1366: 18px; --qode-cf-font-size-1280: 14px; --qode-cf-line-height-1280: 18px; --qode-cf-font-size-1024: 14px; --qode-cf-line-height-1024: 18px; --qode-cf-font-size-768: 14px; --qode-cf-line-height-768: 18px; --qode-cf-font-size-680: 14px; --qode-cf-line-height-680: 18px; --qode-cf-font-size-480: 14px; --qode-cf-line-height-480: 18px;\">En un mismo d\u00eda descubrir\u00e1s la diversidad de los parajes naturales y sus\u00a0 a\u00e9reas protegidas que existen; como tambi\u00e9n sus museos, monumentos, galer\u00edas de arte, parques, playas, fondos marinos, naturaleza y el casco hist\u00f3rico de cada ciudad cubana.<\/p>\n<p>&nbsp;<\/p>\n<p>La descripci\u00f3n de\u00a0 los lugares m\u00e1s importantes, la forma de vida del cubano, su cultura y\u00a0 sus costumbres es\u00a0 la oportunidad de encontrarse con m\u00e1s de cinco siglos de historia realizando nuestras \u00a0excursiones.<\/div>[\/vc_column][\/vc_row][vc_row css_animation=\u00bb\u00bb row_type=\u00bbrow\u00bb use_row_as_full_screen_section=\u00bbno\u00bb type=\u00bbgrid\u00bb angled_section=\u00bbno\u00bb text_align=\u00bbcenter\u00bb background_image_as_pattern=\u00bbwithout_pattern\u00bb][vc_column][vc_empty_space height=\u00bb20px\u00bb][\/vc_column][\/vc_row][vc_row css_animation=\u00bb\u00bb row_type=\u00bbrow\u00bb use_row_as_full_screen_section=\u00bbno\u00bb type=\u00bbgrid\u00bb angled_section=\u00bbno\u00bb text_align=\u00bbcenter\u00bb background_image_as_pattern=\u00bbwithout_pattern\u00bb][vc_column]<div class=\"custom_font_holder \" style=\"font-family: Open Sans; font-style: normal; font-weight: 400; color: #000000; text-decoration: none; text-align: left; --qode-cf-font-size: 30px; --qode-cf-line-height: 36px; --qode-cf-font-size-1440: 30px; --qode-cf-line-height-1440: 36px; --qode-cf-font-size-1366: 30px; --qode-cf-line-height-1366: 36px; --qode-cf-font-size-1280: 30px; --qode-cf-line-height-1280: 36px; --qode-cf-font-size-1024: 30px; --qode-cf-line-height-1024: 36px; --qode-cf-font-size-768: 30px; --qode-cf-line-height-768: 36px; --qode-cf-font-size-680: 30px; --qode-cf-line-height-680: 36px; --qode-cf-font-size-480: 30px; --qode-cf-line-height-480: 36px;\">\n<p style=\"text-align: center;\"><strong>Isla de la Juventud<\/strong><\/p>\n<\/div>[vc_separator type=\u00bbnormal\u00bb color=\u00bb#000000&#8243; up=\u00bb15&#8243; down=\u00bb20&#8243; separator_width=\u00bb100&#8243; separator_color=\u00bb#000000&#8243;][\/vc_column][\/vc_row][vc_row css_animation=\u00bb\u00bb row_type=\u00bbrow\u00bb use_row_as_full_screen_section=\u00bbno\u00bb type=\u00bbgrid\u00bb angled_section=\u00bbno\u00bb text_align=\u00bbcenter\u00bb background_image_as_pattern=\u00bbwithout_pattern\u00bb][vc_column][vc_empty_space height=\u00bb50px\u00bb][\/vc_column][\/vc_row][vc_row css_animation=\u00bb\u00bb row_type=\u00bbrow\u00bb use_row_as_full_screen_section=\u00bbno\u00bb type=\u00bbgrid\u00bb angled_section=\u00bbno\u00bb text_align=\u00bbcenter\u00bb background_image_as_pattern=\u00bbwithout_pattern\u00bb][vc_column width=\u00bb1\/2&#8243;][vc_column_text css=\u00bb.vc_custom_1636470195178{margin-bottom: 30px !important;}\u00bb]<\/p>\n<h4 style=\"text-align: center;\"><strong>Viaje a los or\u00edgenes.<\/strong><\/h4>\n<p>[\/vc_column_text][vc_single_image image=\u00bb38840&#8243; img_size=\u00bb500&#215;300&#8243; alignment=\u00bbcenter\u00bb onclick=\u00bbcustom_link\u00bb qode_css_animation=\u00bb\u00bb link=\u00bbhttps:\/\/test.isladelajuventud-cuba.com\/viaje-a-los-origenes-2-2\/\u00bb][vc_column_text css=\u00bb.vc_custom_1693299066232{margin-top: 30px !important;}\u00bb]<\/p>\n<p style=\"text-align: center;\"><strong><a href=\"https:\/\/test.isladelajuventud-cuba.com\/viaje-a-los-origenes-2-2\/\">M\u00c1S INFORMACI\u00d3N Y RESERVA<\/a><\/strong><\/p>\n<p>[\/vc_column_text][\/vc_column][vc_column width=\u00bb1\/2&#8243;][vc_column_text css=\u00bb.vc_custom_1636470202170{margin-bottom: 30px !important;}\u00bb]<\/p>\n<h4 style=\"text-align: center;\"><strong>Jackson Ville; una parada en el tiempo.<\/strong><\/h4>\n<p>[\/vc_column_text][vc_single_image image=\u00bb36156&#8243; img_size=\u00bb500&#215;300&#8243; alignment=\u00bbcenter\u00bb onclick=\u00bbcustom_link\u00bb qode_css_animation=\u00bb\u00bb link=\u00bbhttps:\/\/test.isladelajuventud-cuba.com\/excursion3-jackson-ville-una-parada-en-el-tiempo\/\u00bb][vc_column_text css=\u00bb.vc_custom_1693299079619{margin-top: 30px !important;}\u00bb]<\/p>\n<p style=\"text-align: center;\"><strong><a href=\"https:\/\/test.isladelajuventud-cuba.com\/excursion3-jackson-ville-una-parada-en-el-tiempo\/\">M\u00c1S INFORMACI\u00d3N Y RESERVA<\/a><\/strong><\/p>\n<p>[\/vc_column_text][\/vc_column][\/vc_row][vc_row css_animation=\u00bb\u00bb row_type=\u00bbrow\u00bb use_row_as_full_screen_section=\u00bbno\u00bb type=\u00bbgrid\u00bb angled_section=\u00bbno\u00bb text_align=\u00bbcenter\u00bb background_image_as_pattern=\u00bbwithout_pattern\u00bb][vc_column][vc_empty_space height=\u00bb50px\u00bb][\/vc_column][\/vc_row][vc_row css_animation=\u00bb\u00bb row_type=\u00bbrow\u00bb use_row_as_full_screen_section=\u00bbno\u00bb type=\u00bbgrid\u00bb angled_section=\u00bbno\u00bb text_align=\u00bbcenter\u00bb background_image_as_pattern=\u00bbwithout_pattern\u00bb][vc_column width=\u00bb1\/2&#8243;][vc_column_text css=\u00bb.vc_custom_1636471557493{margin-bottom: 30px !important;}\u00bb]<\/p>\n<h4 style=\"text-align: center;\"><strong>La Isla con su Boulevard, Monumentos, <\/strong><\/h4>\n<h4 style=\"text-align: center;\"><strong>Museos y Naturaleza.<\/strong><\/h4>\n<p>[\/vc_column_text][vc_single_image image=\u00bb33564&#8243; img_size=\u00bb500&#215;300&#8243; alignment=\u00bbcenter\u00bb onclick=\u00bbcustom_link\u00bb qode_css_animation=\u00bb\u00bb link=\u00bbhttps:\/\/test.isladelajuventud-cuba.com\/la-isla-con-su-boulevard-monumentos-museos-y-naturaleza\/\u00bb][vc_column_text css=\u00bb.vc_custom_1693299101421{margin-top: 30px !important;}\u00bb]<\/p>\n<p style=\"text-align: center;\"><strong><a href=\"https:\/\/test.isladelajuventud-cuba.com\/la-isla-con-su-boulevard-monumentos-museos-y-naturaleza\/\">M\u00c1S INFORMACI\u00d3N Y RESERVA<\/a><\/strong><\/p>\n<p>[\/vc_column_text][\/vc_column][vc_column width=\u00bb1\/2&#8243;][vc_column_text]<\/p>\n<h4 style=\"text-align: center;\"><strong>Hacia el techo de la Isla.<\/strong><\/h4>\n<p>[\/vc_column_text][vc_empty_space height=\u00bb57px\u00bb][vc_single_image image=\u00bb33565&#8243; img_size=\u00bb500&#215;300&#8243; alignment=\u00bbcenter\u00bb onclick=\u00bbcustom_link\u00bb qode_css_animation=\u00bb\u00bb link=\u00bbhttps:\/\/test.isladelajuventud-cuba.com\/excursion10-hacia-el-techo-de-la-isla\/\u00bb][vc_column_text css=\u00bb.vc_custom_1693299111759{margin-top: 30px !important;}\u00bb]<\/p>\n<p style=\"text-align: center;\"><strong><a href=\"https:\/\/test.isladelajuventud-cuba.com\/excursion10-hacia-el-techo-de-la-isla\/\">M\u00c1S INFORMACI\u00d3N Y RESERVA<\/a><\/strong><\/p>\n<p>[\/vc_column_text][\/vc_column][\/vc_row][vc_row css_animation=\u00bb\u00bb row_type=\u00bbrow\u00bb use_row_as_full_screen_section=\u00bbno\u00bb type=\u00bbgrid\u00bb angled_section=\u00bbno\u00bb text_align=\u00bbcenter\u00bb background_image_as_pattern=\u00bbwithout_pattern\u00bb][vc_column][vc_empty_space height=\u00bb50px\u00bb][\/vc_column][\/vc_row][vc_row css_animation=\u00bb\u00bb row_type=\u00bbrow\u00bb use_row_as_full_screen_section=\u00bbno\u00bb type=\u00bbgrid\u00bb angled_section=\u00bbno\u00bb text_align=\u00bbcenter\u00bb background_image_as_pattern=\u00bbwithout_pattern\u00bb][vc_column width=\u00bb1\/2&#8243;][vc_column_text]<\/p>\n<h4 style=\"text-align: center;\"><strong>Entre Pinos y Manaca.<\/strong><\/h4>\n<p>&nbsp;<\/p>\n<p>[\/vc_column_text][vc_single_image image=\u00bb38912&#8243; img_size=\u00bb500&#215;300&#8243; alignment=\u00bbcenter\u00bb onclick=\u00bbcustom_link\u00bb qode_css_animation=\u00bb\u00bb link=\u00bbhttps:\/\/test.isladelajuventud-cuba.com\/excursion-11-entre-pinos-y-manacas\/\u00bb][vc_column_text css=\u00bb.vc_custom_1699987561424{margin-top: 30px !important;}\u00bb]<\/p>\n<p style=\"text-align: center;\"><a href=\"https:\/\/test.isladelajuventud-cuba.com\/excursion-11-entre-pinos-y-manacas\/\"><strong>M\u00c1S INFORMACI\u00d3N Y RESERVA<\/strong><\/a><\/p>\n<p>[\/vc_column_text][\/vc_column][vc_column width=\u00bb1\/2&#8243;][vc_column_text css=\u00bb.vc_custom_1699356203335{margin-bottom: 30px !important;}\u00bb]<\/p>\n<h4 style=\"text-align: center;\"><strong>Finca Agua Santa y Ba\u00f1os Termales.<\/strong><\/h4>\n<p>[\/vc_column_text][vc_single_image image=\u00bb38904&#8243; img_size=\u00bb500&#215;300&#8243; alignment=\u00bbcenter\u00bb qode_css_animation=\u00bb\u00bb][vc_column_text css=\u00bb.vc_custom_1699353881892{margin-top: 30px !important;}\u00bb]<\/p>\n<p style=\"text-align: center;\"><strong>M\u00c1S INFORMACI\u00d3N Y RESERVA<\/strong><\/p>\n<p>[\/vc_column_text][\/vc_column][\/vc_row][vc_row css_animation=\u00bb\u00bb row_type=\u00bbrow\u00bb use_row_as_full_screen_section=\u00bbno\u00bb type=\u00bbgrid\u00bb angled_section=\u00bbno\u00bb text_align=\u00bbcenter\u00bb background_image_as_pattern=\u00bbwithout_pattern\u00bb][vc_column][vc_empty_space height=\u00bb50px\u00bb][\/vc_column][\/vc_row][vc_row css_animation=\u00bb\u00bb row_type=\u00bbrow\u00bb use_row_as_full_screen_section=\u00bbno\u00bb type=\u00bbgrid\u00bb angled_section=\u00bbno\u00bb text_align=\u00bbcenter\u00bb background_image_as_pattern=\u00bbwithout_pattern\u00bb][vc_column]<div class=\"custom_font_holder \" style=\"font-family: Open Sans; font-style: normal; font-weight: 400; color: #000000; text-decoration: none; text-align: left; --qode-cf-font-size: 30px; --qode-cf-line-height: 36px; --qode-cf-font-size-1440: 30px; --qode-cf-line-height-1440: 36px; --qode-cf-font-size-1366: 30px; --qode-cf-line-height-1366: 36px; --qode-cf-font-size-1280: 30px; --qode-cf-line-height-1280: 36px; --qode-cf-font-size-1024: 30px; --qode-cf-line-height-1024: 36px; --qode-cf-font-size-768: 30px; --qode-cf-line-height-768: 36px; --qode-cf-font-size-680: 30px; --qode-cf-line-height-680: 36px; --qode-cf-font-size-480: 30px; --qode-cf-line-height-480: 36px;\">\n<p style=\"text-align: center;\"><strong>Cayo Largo del Sur<\/strong><\/p>\n<\/div>[vc_separator type=\u00bbnormal\u00bb color=\u00bb#000000&#8243; up=\u00bb15&#8243; down=\u00bb20&#8243; separator_width=\u00bb100&#8243; separator_color=\u00bb#000000&#8243;][\/vc_column][\/vc_row][vc_row css_animation=\u00bb\u00bb row_type=\u00bbrow\u00bb use_row_as_full_screen_section=\u00bbno\u00bb type=\u00bbgrid\u00bb angled_section=\u00bbno\u00bb text_align=\u00bbcenter\u00bb background_image_as_pattern=\u00bbwithout_pattern\u00bb][vc_column][vc_empty_space height=\u00bb50px\u00bb][\/vc_column][\/vc_row][vc_row css_animation=\u00bb\u00bb row_type=\u00bbrow\u00bb use_row_as_full_screen_section=\u00bbno\u00bb type=\u00bbgrid\u00bb angled_section=\u00bbno\u00bb text_align=\u00bbcenter\u00bb background_image_as_pattern=\u00bbwithout_pattern\u00bb][vc_column width=\u00bb1\/2&#8243;][vc_column_text css=\u00bb.vc_custom_1597136657891{margin-bottom: 30px !important;}\u00bb]<\/p>\n<h3 style=\"text-align: center;\">Puesta del Sol.<\/h3>\n<p>[\/vc_column_text][vc_column_text]<a href=\"https:\/\/test.isladelajuventud-cuba.com\/puesta-del-sol-en-cayo-largo-del-sur\/\"><img loading=\"lazy\" decoding=\"async\" class=\"aligncenter wp-image-33566 size-full\" src=\"https:\/\/test.isladelajuventud-cuba.com\/wp-content\/uploads\/2020\/08\/5.jpg\" alt=\"\" width=\"500\" height=\"300\" srcset=\"https:\/\/test.isladelajuventud-cuba.com\/wp-content\/uploads\/2020\/08\/5.jpg 500w, https:\/\/test.isladelajuventud-cuba.com\/wp-content\/uploads\/2020\/08\/5-300x180.jpg 300w\" sizes=\"auto, (max-width: 500px) 100vw, 500px\" \/><\/a>[\/vc_column_text][vc_column_text css=\u00bb.vc_custom_1693299128026{margin-top: 30px !important;}\u00bb]<\/p>\n<p style=\"text-align: center;\"><strong><a href=\"https:\/\/test.isladelajuventud-cuba.com\/puesta-del-sol-en-cayo-largo-del-sur\/\">M\u00c1S INFORMACI\u00d3N Y RESERVA<\/a><\/strong><\/p>\n<p>[\/vc_column_text][\/vc_column][vc_column width=\u00bb1\/2&#8243;][vc_column_text css=\u00bb.vc_custom_1597136718884{margin-bottom: 30px !important;}\u00bb]<\/p>\n<h3 style=\"text-align: center;\">Super Reef.<\/h3>\n<p>[\/vc_column_text][vc_column_text]<\/p>\n<p style=\"text-align: center;\"><a href=\"https:\/\/test.isladelajuventud-cuba.com\/super-reef\/\"><img loading=\"lazy\" decoding=\"async\" class=\"aligncenter wp-image-33567 size-full\" src=\"https:\/\/test.isladelajuventud-cuba.com\/wp-content\/uploads\/2020\/08\/6.jpg\" alt=\"\" width=\"500\" height=\"300\" srcset=\"https:\/\/test.isladelajuventud-cuba.com\/wp-content\/uploads\/2020\/08\/6.jpg 500w, https:\/\/test.isladelajuventud-cuba.com\/wp-content\/uploads\/2020\/08\/6-300x180.jpg 300w\" sizes=\"auto, (max-width: 500px) 100vw, 500px\" \/><\/a><\/p>\n<p>[\/vc_column_text][vc_column_text css=\u00bb.vc_custom_1693299143014{margin-top: 30px !important;}\u00bb]<\/p>\n<p style=\"text-align: center;\"><strong><a href=\"https:\/\/test.isladelajuventud-cuba.com\/super-reef\/\">M\u00c1S INFORMACI\u00d3N Y RESERVA<\/a><\/strong><\/p>\n<p>[\/vc_column_text][\/vc_column][\/vc_row][vc_row css_animation=\u00bb\u00bb row_type=\u00bbrow\u00bb use_row_as_full_screen_section=\u00bbno\u00bb type=\u00bbgrid\u00bb angled_section=\u00bbno\u00bb text_align=\u00bbcenter\u00bb background_image_as_pattern=\u00bbwithout_pattern\u00bb][vc_column][vc_empty_space height=\u00bb50px\u00bb][\/vc_column][\/vc_row][vc_row css_animation=\u00bb\u00bb row_type=\u00bbrow\u00bb use_row_as_full_screen_section=\u00bbno\u00bb type=\u00bbgrid\u00bb angled_section=\u00bbno\u00bb text_align=\u00bbcenter\u00bb background_image_as_pattern=\u00bbwithout_pattern\u00bb][vc_column width=\u00bb1\/2&#8243;][vc_column_text css=\u00bb.vc_custom_1597138269009{margin-bottom: 30px !important;}\u00bb]<\/p>\n<h3 style=\"text-align: center;\">Visita a Cayo Rico.<\/h3>\n<p>[\/vc_column_text][vc_column_text]<\/p>\n<p style=\"text-align: center;\"><a href=\"https:\/\/test.isladelajuventud-cuba.com\/cayo-rico\/\"><img loading=\"lazy\" decoding=\"async\" class=\"alignleft wp-image-33568 size-full\" src=\"https:\/\/test.isladelajuventud-cuba.com\/wp-content\/uploads\/2020\/08\/7.jpg\" alt=\"\" width=\"500\" height=\"300\" srcset=\"https:\/\/test.isladelajuventud-cuba.com\/wp-content\/uploads\/2020\/08\/7.jpg 500w, https:\/\/test.isladelajuventud-cuba.com\/wp-content\/uploads\/2020\/08\/7-300x180.jpg 300w\" sizes=\"auto, (max-width: 500px) 100vw, 500px\" \/><\/a><\/p>\n<p>[\/vc_column_text][vc_empty_space][vc_column_text css=\u00bb.vc_custom_1693299154738{margin-top: 30px !important;}\u00bb]<\/p>\n<p style=\"text-align: center;\"><strong><a href=\"https:\/\/test.isladelajuventud-cuba.com\/cayo-rico\/\">M\u00c1S INFORMACI\u00d3N Y RESERVA<\/a><\/strong><\/p>\n<p>[\/vc_column_text][\/vc_column][vc_column width=\u00bb1\/2&#8243;][vc_column_text css=\u00bb.vc_custom_1597138407913{margin-bottom: 30px !important;}\u00bb]<\/p>\n<h3 style=\"text-align: center;\">Lo exclusivo de Cayo Largo.<\/h3>\n<p>[\/vc_column_text][vc_column_text]<\/p>\n<p style=\"text-align: center;\"><a href=\"https:\/\/test.isladelajuventud-cuba.com\/pesca-en-cayo-largo-del-sur\/\"><img loading=\"lazy\" decoding=\"async\" class=\"alignleft wp-image-33569 size-full\" src=\"https:\/\/test.isladelajuventud-cuba.com\/wp-content\/uploads\/2020\/08\/8.jpg\" alt=\"\" width=\"500\" height=\"300\" srcset=\"https:\/\/test.isladelajuventud-cuba.com\/wp-content\/uploads\/2020\/08\/8.jpg 500w, https:\/\/test.isladelajuventud-cuba.com\/wp-content\/uploads\/2020\/08\/8-300x180.jpg 300w\" sizes=\"auto, (max-width: 500px) 100vw, 500px\" \/><\/a><\/p>\n<p>[\/vc_column_text][vc_empty_space][vc_column_text css=\u00bb.vc_custom_1693299707579{margin-top: 30px !important;}\u00bb]<\/p>\n<p style=\"text-align: center;\"><strong><a href=\"https:\/\/test.isladelajuventud-cuba.com\/pesca-en-cayo-largo-del-sur\/\">M\u00c1S INFORMACI\u00d3N Y RESERVA<\/a><\/strong><\/p>\n<p>[\/vc_column_text][\/vc_column][\/vc_row][vc_row css_animation=\u00bb\u00bb row_type=\u00bbrow\u00bb use_row_as_full_screen_section=\u00bbno\u00bb type=\u00bbgrid\u00bb angled_section=\u00bbno\u00bb text_align=\u00bbcenter\u00bb background_image_as_pattern=\u00bbwithout_pattern\u00bb][vc_column][vc_empty_space height=\u00bb50px\u00bb][\/vc_column][\/vc_row][vc_row css_animation=\u00bb\u00bb row_type=\u00bbrow\u00bb use_row_as_full_screen_section=\u00bbno\u00bb type=\u00bbgrid\u00bb angled_section=\u00bbno\u00bb text_align=\u00bbcenter\u00bb background_image_as_pattern=\u00bbwithout_pattern\u00bb][vc_column width=\u00bb1\/2&#8243;][vc_column_text css=\u00bb.vc_custom_1597138473690{margin-bottom: 30px !important;}\u00bb]<\/p>\n<h3 style=\"text-align: center;\">Pesca en Cayo Largo del Sur.<\/h3>\n<p>[\/vc_column_text][vc_column_text]<\/p>\n<p style=\"text-align: center;\"><a href=\"https:\/\/test.isladelajuventud-cuba.com\/pesca-en-cayo-largo-del-sur\/\"><img loading=\"lazy\" decoding=\"async\" class=\"alignleft wp-image-33570 size-full\" src=\"https:\/\/test.isladelajuventud-cuba.com\/wp-content\/uploads\/2020\/08\/9.jpg\" alt=\"\" width=\"500\" height=\"300\" srcset=\"https:\/\/test.isladelajuventud-cuba.com\/wp-content\/uploads\/2020\/08\/9.jpg 500w, https:\/\/test.isladelajuventud-cuba.com\/wp-content\/uploads\/2020\/08\/9-300x180.jpg 300w\" sizes=\"auto, (max-width: 500px) 100vw, 500px\" \/><\/a><\/p>\n<p>[\/vc_column_text][vc_empty_space height=\u00bb50px\u00bb][vc_column_text css=\u00bb.vc_custom_1693320369361{margin-top: 30px !important;}\u00bb]<\/p>\n<p style=\"text-align: center;\"><strong><a href=\"https:\/\/test.isladelajuventud-cuba.com\/pesca-en-cayo-largo-del-sur\/\">M\u00c1S INFORMACI\u00d3N Y RESERVA<\/a><\/strong><\/p>\n<p>[\/vc_column_text][\/vc_column][\/vc_row][vc_row css_animation=\u00bb\u00bb row_type=\u00bbrow\u00bb use_row_as_full_screen_section=\u00bbno\u00bb type=\u00bbgrid\u00bb angled_section=\u00bbno\u00bb text_align=\u00bbcenter\u00bb background_image_as_pattern=\u00bbwithout_pattern\u00bb][vc_column][vc_empty_space height=\u00bb50px\u00bb][\/vc_column][\/vc_row][vc_row css_animation=\u00bb\u00bb row_type=\u00bbrow\u00bb use_row_as_full_screen_section=\u00bbno\u00bb type=\u00bbgrid\u00bb angled_section=\u00bbno\u00bb text_align=\u00bbcenter\u00bb background_image_as_pattern=\u00bbwithout_pattern\u00bb][vc_column]<div class=\"custom_font_holder \" style=\"font-family: Open Sans; font-style: normal; font-weight: 400; color: #000000; text-decoration: none; text-align: left; --qode-cf-font-size: 30px; --qode-cf-line-height: 36px; --qode-cf-font-size-1440: 30px; --qode-cf-line-height-1440: 36px; --qode-cf-font-size-1366: 30px; --qode-cf-line-height-1366: 36px; --qode-cf-font-size-1280: 30px; --qode-cf-line-height-1280: 36px; --qode-cf-font-size-1024: 30px; --qode-cf-line-height-1024: 36px; --qode-cf-font-size-768: 30px; --qode-cf-line-height-768: 36px; --qode-cf-font-size-680: 30px; --qode-cf-line-height-680: 36px; --qode-cf-font-size-480: 30px; --qode-cf-line-height-480: 36px;\">\n<p style=\"text-align: center;\"><strong>La Habana<br \/>\n<\/strong><\/p>\n<\/div>[vc_separator type=\u00bbnormal\u00bb color=\u00bb#000000&#8243; up=\u00bb15&#8243; down=\u00bb20&#8243; separator_width=\u00bb100&#8243; separator_color=\u00bb#000000&#8243;][\/vc_column][\/vc_row][vc_row css_animation=\u00bb\u00bb row_type=\u00bbrow\u00bb use_row_as_full_screen_section=\u00bbno\u00bb type=\u00bbgrid\u00bb angled_section=\u00bbno\u00bb text_align=\u00bbcenter\u00bb background_image_as_pattern=\u00bbwithout_pattern\u00bb][vc_column][vc_empty_space height=\u00bb50px\u00bb][\/vc_column][\/vc_row][vc_row css_animation=\u00bb\u00bb row_type=\u00bbrow\u00bb use_row_as_full_screen_section=\u00bbno\u00bb type=\u00bbgrid\u00bb angled_section=\u00bbno\u00bb text_align=\u00bbcenter\u00bb background_image_as_pattern=\u00bbwithout_pattern\u00bb][vc_column width=\u00bb1\/2&#8243;][vc_column_text css=\u00bb.vc_custom_1693058742766{margin-bottom: 30px !important;}\u00bb]<\/p>\n<h3 class=\"a-title-activity\" style=\"text-align: center;\"><strong>Tour de La Habana para Instagram<\/strong><\/h3>\n<p>[\/vc_column_text][vc_single_image image=\u00bb38503&#8243; img_size=\u00bb500&#215;300&#8243; alignment=\u00bbcenter\u00bb onclick=\u00bbcustom_link\u00bb img_link_target=\u00bb_blank\u00bb qode_css_animation=\u00bb\u00bb link=\u00bbhttps:\/\/www.civitatis.com\/es\/la-habana\/tour-fotografico-habana\/?aid=103125&#8243;][vc_column_text css=\u00bb.vc_custom_1693320380597{margin-top: 30px !important;}\u00bb]<\/p>\n<p style=\"text-align: center;\"><strong><a href=\"https:\/\/www.civitatis.com\/es\/la-habana\/tour-fotografico-habana\/?aid=103125\" target=\"_blank\" rel=\"noopener noreferrer\">M\u00c1S INFORMACI\u00d3N Y RESERVA<\/a><\/strong><\/p>\n<p>[\/vc_column_text][\/vc_column][vc_column width=\u00bb1\/2&#8243;][vc_column_text css=\u00bb.vc_custom_1693058749111{margin-bottom: 30px !important;}\u00bb]<\/p>\n<h3 class=\"a-title-activity\" style=\"text-align: center;\"><strong>Tour por La Habana al completo<\/strong><\/h3>\n<p>[\/vc_column_text][vc_single_image image=\u00bb38498&#8243; img_size=\u00bb500&#215;300&#8243; alignment=\u00bbcenter\u00bb onclick=\u00bbcustom_link\u00bb img_link_target=\u00bb_blank\u00bb qode_css_animation=\u00bb\u00bb link=\u00bbhttps:\/\/www.civitatis.com\/es\/la-habana\/tour-completo-habana\/?aid=103125&#8243;][vc_column_text css=\u00bb.vc_custom_1693320388439{margin-top: 30px !important;}\u00bb]<\/p>\n<p style=\"text-align: center;\"><strong><a href=\"https:\/\/www.civitatis.com\/es\/la-habana\/tour-completo-habana\/?aid=103125\" target=\"_blank\" rel=\"noopener noreferrer\">M\u00c1S INFORMACI\u00d3N Y RESERVA<\/a><\/strong><\/p>\n<p>[\/vc_column_text][\/vc_column][\/vc_row][vc_row css_animation=\u00bb\u00bb row_type=\u00bbrow\u00bb use_row_as_full_screen_section=\u00bbno\u00bb type=\u00bbgrid\u00bb angled_section=\u00bbno\u00bb text_align=\u00bbcenter\u00bb background_image_as_pattern=\u00bbwithout_pattern\u00bb][vc_column][vc_empty_space][\/vc_column][\/vc_row][vc_row css_animation=\u00bb\u00bb row_type=\u00bbrow\u00bb use_row_as_full_screen_section=\u00bbno\u00bb type=\u00bbgrid\u00bb angled_section=\u00bbno\u00bb text_align=\u00bbcenter\u00bb background_image_as_pattern=\u00bbwithout_pattern\u00bb][vc_column width=\u00bb1\/2&#8243;][vc_column_text css=\u00bb.vc_custom_1693058683635{margin-bottom: 30px !important;}\u00bb]<\/p>\n<h3 class=\"a-title-activity\" style=\"text-align: center;\"><strong>Tour privado por La Habana<\/strong><\/h3>\n<p>[\/vc_column_text][vc_single_image image=\u00bb38557&#8243; img_size=\u00bb500&#215;300&#8243; alignment=\u00bbcenter\u00bb onclick=\u00bbcustom_link\u00bb img_link_target=\u00bb_blank\u00bb qode_css_animation=\u00bb\u00bb link=\u00bbhttps:\/\/www.civitatis.com\/es\/la-habana\/visita-guiada-habana\/?aid=103125&#8243;][vc_column_text css=\u00bb.vc_custom_1693320401822{margin-top: 30px !important;}\u00bb]<\/p>\n<p style=\"text-align: center;\"><strong><a href=\"https:\/\/www.civitatis.com\/es\/la-habana\/visita-guiada-habana\/?aid=103125\" target=\"_blank\" rel=\"noopener noreferrer\">M\u00c1S INFORMACI\u00d3N Y RESERVA<\/a><\/strong><\/p>\n<p>[\/vc_column_text][\/vc_column][vc_column width=\u00bb1\/2&#8243;][vc_column_text css=\u00bb.vc_custom_1693059423514{margin-bottom: 30px !important;}\u00bb]<\/p>\n<h3 class=\"a-title-activity\" style=\"text-align: center;\"><strong>Taller de puros cubanos<\/strong><\/h3>\n<p>[\/vc_column_text][vc_single_image image=\u00bb38561&#8243; img_size=\u00bb500&#215;300&#8243; alignment=\u00bbcenter\u00bb onclick=\u00bbcustom_link\u00bb img_link_target=\u00bb_blank\u00bb qode_css_animation=\u00bb\u00bb link=\u00bbhttps:\/\/www.civitatis.com\/es\/la-habana\/taller-puros-cubanos\/?aid=103125&#8243;][vc_column_text css=\u00bb.vc_custom_1693320410229{margin-top: 30px !important;}\u00bb]<\/p>\n<p style=\"text-align: center;\"><strong><a href=\"https:\/\/www.civitatis.com\/es\/la-habana\/taller-puros-cubanos\/?aid=103125\" target=\"_blank\" rel=\"noopener noreferrer\">M\u00c1S INFORMACI\u00d3N Y RESERVA<\/a><\/strong><\/p>\n<p>[\/vc_column_text][\/vc_column][\/vc_row][vc_row css_animation=\u00bb\u00bb row_type=\u00bbrow\u00bb use_row_as_full_screen_section=\u00bbno\u00bb type=\u00bbgrid\u00bb angled_section=\u00bbno\u00bb text_align=\u00bbcenter\u00bb background_image_as_pattern=\u00bbwithout_pattern\u00bb][vc_column][vc_empty_space][\/vc_column][\/vc_row][vc_row css_animation=\u00bb\u00bb row_type=\u00bbrow\u00bb use_row_as_full_screen_section=\u00bbno\u00bb type=\u00bbgrid\u00bb angled_section=\u00bbno\u00bb text_align=\u00bbcenter\u00bb background_image_as_pattern=\u00bbwithout_pattern\u00bb][vc_column width=\u00bb1\/2&#8243;][vc_column_text css=\u00bb.vc_custom_1693121881785{margin-bottom: 30px !important;}\u00bb]<\/p>\n<h3 class=\"a-title-activity\" style=\"text-align: center;\"><strong>Paseo privado en coche cl\u00e1sico por La Habana<\/strong><\/h3>\n<p>[\/vc_column_text][vc_single_image image=\u00bb38563&#8243; img_size=\u00bb500&#215;300&#8243; alignment=\u00bbcenter\u00bb onclick=\u00bbcustom_link\u00bb img_link_target=\u00bb_blank\u00bb qode_css_animation=\u00bb\u00bb link=\u00bbhttps:\/\/www.civitatis.com\/es\/la-habana\/paseo-coche-clasico-descapotable\/?aid=103125&#8243;][vc_column_text css=\u00bb.vc_custom_1693320421597{margin-top: 30px !important;}\u00bb]<\/p>\n<p style=\"text-align: center;\"><strong><a href=\"https:\/\/www.civitatis.com\/es\/la-habana\/paseo-coche-clasico-descapotable\/?aid=103125\" target=\"_blank\" rel=\"noopener noreferrer\">M\u00c1S INFORMACI\u00d3N Y RESERVA<\/a><\/strong><\/p>\n<p>[\/vc_column_text][\/vc_column][vc_column width=\u00bb1\/2&#8243;][vc_column_text css=\u00bb.vc_custom_1693294851587{margin-bottom: 30px !important;}\u00bb]<\/p>\n<h3 class=\"a-title-activity\" style=\"text-align: center;\"><strong>Tour en moto cl\u00e1sica o con sidecar por La Habana<\/strong><\/h3>\n<p>[\/vc_column_text][vc_single_image image=\u00bb38570&#8243; img_size=\u00bb500&#215;300&#8243; alignment=\u00bbcenter\u00bb onclick=\u00bbcustom_link\u00bb img_link_target=\u00bb_blank\u00bb qode_css_animation=\u00bb\u00bb link=\u00bbhttps:\/\/www.civitatis.com\/es\/la-habana\/tour-moto-clasica-sidecar\/?aid=103125&#8243;][vc_column_text css=\u00bb.vc_custom_1693320429981{margin-top: 30px !important;}\u00bb]<\/p>\n<p style=\"text-align: center;\"><strong><a href=\"https:\/\/www.civitatis.com\/es\/la-habana\/tour-moto-clasica-sidecar\/?aid=103125\" target=\"_blank\" rel=\"noopener noreferrer\">M\u00c1S INFORMACI\u00d3N Y RESERVA<\/a><\/strong><\/p>\n<p>[\/vc_column_text][\/vc_column][\/vc_row][vc_row css_animation=\u00bb\u00bb row_type=\u00bbrow\u00bb use_row_as_full_screen_section=\u00bbno\u00bb type=\u00bbgrid\u00bb angled_section=\u00bbno\u00bb text_align=\u00bbcenter\u00bb background_image_as_pattern=\u00bbwithout_pattern\u00bb][vc_column][vc_empty_space][\/vc_column][\/vc_row][vc_row css_animation=\u00bb\u00bb row_type=\u00bbrow\u00bb use_row_as_full_screen_section=\u00bbno\u00bb type=\u00bbgrid\u00bb angled_section=\u00bbno\u00bb text_align=\u00bbcenter\u00bb background_image_as_pattern=\u00bbwithout_pattern\u00bb][vc_column width=\u00bb1\/2&#8243;][vc_column_text css=\u00bb.vc_custom_1693122964346{margin-bottom: 30px !important;}\u00bb]<\/p>\n<h3 class=\"a-title-activity\" style=\"text-align: center;\">Ceremonia del ca\u00f1onazo en La Habana<\/h3>\n<p>[\/vc_column_text][vc_single_image image=\u00bb38565&#8243; img_size=\u00bb500&#215;300&#8243; alignment=\u00bbcenter\u00bb onclick=\u00bbcustom_link\u00bb img_link_target=\u00bb_blank\u00bb qode_css_animation=\u00bb\u00bb link=\u00bbhttps:\/\/www.civitatis.com\/es\/la-habana\/ceremonia-canonazo\/?aid=103125&#8243;][vc_column_text css=\u00bb.vc_custom_1693320441765{margin-top: 30px !important;}\u00bb]<\/p>\n<p style=\"text-align: center;\"><strong><a href=\"https:\/\/www.civitatis.com\/es\/la-habana\/ceremonia-canonazo\/?aid=103125\" target=\"_blank\" rel=\"noopener noreferrer\">M\u00c1S INFORMACI\u00d3N Y RESERVA<\/a><\/strong><\/p>\n<p>[\/vc_column_text][\/vc_column][vc_column width=\u00bb1\/2&#8243;][vc_column_text css=\u00bb.vc_custom_1693123858440{margin-bottom: 30px !important;}\u00bb]<\/p>\n<h3 class=\"a-title-activity\" style=\"text-align: center;\"><strong>Clase de salsa en La Habana<\/strong><\/h3>\n<p>[\/vc_column_text][vc_single_image image=\u00bb38567&#8243; img_size=\u00bb500&#215;300&#8243; alignment=\u00bbcenter\u00bb onclick=\u00bbcustom_link\u00bb img_link_target=\u00bb_blank\u00bb qode_css_animation=\u00bb\u00bb link=\u00bbhttps:\/\/www.civitatis.com\/es\/la-habana\/clase-baile\/?aid=103125&#8243;][vc_column_text css=\u00bb.vc_custom_1693320449820{margin-top: 30px !important;}\u00bb]<\/p>\n<p style=\"text-align: center;\"><strong><a href=\"https:\/\/www.civitatis.com\/es\/la-habana\/clase-baile\/?aid=103125\" target=\"_blank\" rel=\"noopener noreferrer\">M\u00c1S INFORMACI\u00d3N Y RESERVA<\/a><\/strong><\/p>\n<p>[\/vc_column_text][\/vc_column][\/vc_row][vc_row css_animation=\u00bb\u00bb row_type=\u00bbrow\u00bb use_row_as_full_screen_section=\u00bbno\u00bb type=\u00bbgrid\u00bb angled_section=\u00bbno\u00bb text_align=\u00bbcenter\u00bb background_image_as_pattern=\u00bbwithout_pattern\u00bb][vc_column][vc_empty_space][\/vc_column][\/vc_row][vc_row css_animation=\u00bb\u00bb row_type=\u00bbrow\u00bb use_row_as_full_screen_section=\u00bbno\u00bb type=\u00bbgrid\u00bb angled_section=\u00bbno\u00bb text_align=\u00bbcenter\u00bb background_image_as_pattern=\u00bbwithout_pattern\u00bb][vc_column width=\u00bb1\/2&#8243;][vc_column_text css=\u00bb.vc_custom_1693296104089{margin-bottom: 30px !important;}\u00bb]<\/p>\n<h3 class=\"a-title-activity\" style=\"text-align: center;\"><strong>Tour de la Cuba de Hemingway<\/strong><\/h3>\n<p>[\/vc_column_text][vc_single_image image=\u00bb38573&#8243; img_size=\u00bb500&#215;300&#8243; alignment=\u00bbcenter\u00bb onclick=\u00bbcustom_link\u00bb img_link_target=\u00bb_blank\u00bb qode_css_animation=\u00bb\u00bb link=\u00bbhttps:\/\/www.civitatis.com\/es\/la-habana\/tour-cuba-hemingway\/?aid=103125&#8243;][vc_column_text css=\u00bb.vc_custom_1693320460341{margin-top: 30px !important;}\u00bb]<\/p>\n<p style=\"text-align: center;\"><strong><a href=\"https:\/\/www.civitatis.com\/es\/la-habana\/tour-cuba-hemingway\/?aid=103125\" target=\"_blank\" rel=\"noopener noreferrer\">M\u00c1S INFORMACI\u00d3N Y RESERVA<\/a><\/strong><\/p>\n<p>[\/vc_column_text][\/vc_column][vc_column width=\u00bb1\/2&#8243;][vc_column_text css=\u00bb.vc_custom_1693297230103{margin-bottom: 30px !important;}\u00bb]<\/p>\n<h3 class=\"a-title-activity\" style=\"text-align: center;\"><strong>Clase de pintura y visita a una galer\u00eda de arte<\/strong><\/h3>\n<p>[\/vc_column_text][vc_single_image image=\u00bb38575&#8243; img_size=\u00bb500&#215;300&#8243; alignment=\u00bbcenter\u00bb onclick=\u00bbcustom_link\u00bb img_link_target=\u00bb_blank\u00bb qode_css_animation=\u00bb\u00bb link=\u00bbhttps:\/\/www.civitatis.com\/es\/la-habana\/clase-pintura-galeria-arte\/?aid=103125&#8243;][vc_column_text css=\u00bb.vc_custom_1693320468733{margin-top: 30px !important;}\u00bb]<\/p>\n<p style=\"text-align: center;\"><strong><a href=\"https:\/\/www.civitatis.com\/es\/la-habana\/clase-pintura-galeria-arte\/?aid=103125\" target=\"_blank\" rel=\"noopener noreferrer\">M\u00c1S INFORMACI\u00d3N Y RESERVA<\/a><\/strong><\/p>\n<p>[\/vc_column_text][\/vc_column][\/vc_row][vc_row css_animation=\u00bb\u00bb row_type=\u00bbrow\u00bb use_row_as_full_screen_section=\u00bbno\u00bb type=\u00bbgrid\u00bb angled_section=\u00bbno\u00bb text_align=\u00bbcenter\u00bb background_image_as_pattern=\u00bbwithout_pattern\u00bb][vc_column][vc_empty_space height=\u00bb50px\u00bb][\/vc_column][\/vc_row]<\/p>\n<\/div>","protected":false},"excerpt":{"rendered":"<p>[vc_row css_animation=\u00bb\u00bb row_type=\u00bbrow\u00bb use_row_as_full_screen_section=\u00bbno\u00bb type=\u00bbfull_width\u00bb angled_section=\u00bbno\u00bb text_align=\u00bbcenter\u00bb background_image_as_pattern=\u00bbwithout_pattern\u00bb][vc_column][vc_column_text] [\/vc_column_text][\/vc_column][\/vc_row][vc_row css_animation=\u00bb\u00bb row_type=\u00bbrow\u00bb use_row_as_full_screen_section=\u00bbno\u00bb type=\u00bbgrid\u00bb angled_section=\u00bbno\u00bb text_align=\u00bbcenter\u00bb background_image_as_pattern=\u00bbwithout_pattern\u00bb][vc_column][vc_empty_space height=\u00bb50px\u00bb][\/vc_column][\/vc_row][vc_row css_animation=\u00bb\u00bb row_type=\u00bbrow\u00bb use_row_as_full_screen_section=\u00bbno\u00bb type=\u00bbgrid\u00bb angled_section=\u00bbno\u00bb text_align=\u00bbcenter\u00bb background_image_as_pattern=\u00bbwithout_pattern\u00bb][vc_column][vc_column_text] EXCURSIONES EN CUBA [\/vc_column_text][vc_separator type=\u00bbnormal\u00bb color=\u00bb#000000&#8243;][\/vc_column][\/vc_row][vc_row css_animation=\u00bb\u00bb row_type=\u00bbrow\u00bb use_row_as_full_screen_section=\u00bbno\u00bb type=\u00bbgrid\u00bb angled_section=\u00bbno\u00bb text_align=\u00bbcenter\u00bb background_image_as_pattern=\u00bbwithout_pattern\u00bb css=\u00bb.vc_custom_1486569008549{margin-top: 130px !important;}\u00bb][vc_column][\/vc_column][\/vc_row][vc_row css_animation=\u00bb\u00bb row_type=\u00bbrow\u00bb use_row_as_full_screen_section=\u00bbno\u00bb type=\u00bbgrid\u00bb angled_section=\u00bbno\u00bb&#8230;<\/p>\n","protected":false},"author":1,"featured_media":0,"parent":0,"menu_order":0,"comment_status":"open","ping_status":"closed","template":"full_width.php","meta":{"_joinchat":[],"footnotes":""},"class_list":["post-17611","page","type-page","status-publish","hentry"],"_links":{"self":[{"href":"https:\/\/test.isladelajuventud-cuba.com\/index.php?rest_route=\/wp\/v2\/pages\/17611","targetHints":{"allow":["GET"]}}],"collection":[{"href":"https:\/\/test.isladelajuventud-cuba.com\/index.php?rest_route=\/wp\/v2\/pages"}],"about":[{"href":"https:\/\/test.isladelajuventud-cuba.com\/index.php?rest_route=\/wp\/v2\/types\/page"}],"author":[{"embeddable":true,"href":"https:\/\/test.isladelajuventud-cuba.com\/index.php?rest_route=\/wp\/v2\/users\/1"}],"replies":[{"embeddable":true,"href":"https:\/\/test.isladelajuventud-cuba.com\/index.php?rest_route=%2Fwp%2Fv2%2Fcomments&post=17611"}],"version-history":[{"count":0,"href":"https:\/\/test.isladelajuventud-cuba.com\/index.php?rest_route=\/wp\/v2\/pages\/17611\/revisions"}],"wp:attachment":[{"href":"https:\/\/test.isladelajuventud-cuba.com\/index.php?rest_route=%2Fwp%2Fv2%2Fmedia&parent=17611"}],"curies":[{"name":"wp","href":"https:\/\/api.w.org\/{rel}","templated":true}]}}