{"id":19235,"date":"2014-04-15T12:33:38","date_gmt":"2014-04-15T12:33:38","guid":{"rendered":"https:\/\/test.isladelajuventud-cuba.com\/ajedrez-2\/"},"modified":"2021-12-07T22:41:31","modified_gmt":"2021-12-07T22:41:31","slug":"instalaciones-deportivas1","status":"publish","type":"page","link":"https:\/\/test.isladelajuventud-cuba.com\/?page_id=19235","title":{"rendered":"Instalaciones Deportivas"},"content":{"rendered":"<div class=\"wpb-content-wrapper\" id=\"wpb-content-root\"><p>[vc_row css_animation=\u00bb\u00bb row_type=\u00bbrow\u00bb use_row_as_full_screen_section=\u00bbno\u00bb type=\u00bbfull_width\u00bb angled_section=\u00bbno\u00bb text_align=\u00bbcenter\u00bb background_image_as_pattern=\u00bbwithout_pattern\u00bb][vc_column][vc_column_text]<\/p>\n<p style=\"text-align: center;\"><div class=\"wp1s-slider-wrapper wp1s-slider-wrapper-72032 \">  \r\n    <div class=\"wp1s-main-wrapper\">\r\n      \r\n\r\n    <div class=\"wp1s-slider-container wp1s-pager-type-1 wp1s-arrow-type-1 wp1s-pagination\">\r\n    <ul class=\"wp1s-bxslider\" data-id=\"72032\" data-auto='true' data-speed='1000' data-pause='5000' data-transition='horizontal' data-controls='true' data-responsive='true' data-pager='disable' >\r\n            <li>\r\n            <img decoding=\"async\" src=\"https:\/\/test.isladelajuventud-cuba.com\/wp-content\/uploads\/2020\/01\/slide1.jpg\" \/>\r\n            <div class=\"wp1s-caption-wrapper wp1s-caption-type-1 wp1s-caption-middlecenter\">\r\n            <h1 class=\"wp1s-caption-title\"><\/h1>\r\n            <h2 class=\"wp1s-caption-content\"><\/h2>\r\n                        <\/div>\r\n        <\/li>\r\n            <li>\r\n            <img decoding=\"async\" src=\"https:\/\/test.isladelajuventud-cuba.com\/wp-content\/uploads\/2020\/01\/slide2.jpg\" \/>\r\n            <div class=\"wp1s-caption-wrapper wp1s-caption-type-1 wp1s-caption-middlecenter\">\r\n            <h1 class=\"wp1s-caption-title\"><\/h1>\r\n            <h2 class=\"wp1s-caption-content\">Cayo Largo del Sur. Un Para\u00edso del Caribe.<\/h2>\r\n                        <a href=\"https:\/\/test.isladelajuventud-cuba.com\/alojamiento-hoteles\/\" class=\"wps1-readmore-button\">Reserve con un click.<\/a>\r\n                        <\/div>\r\n        <\/li>\r\n            <li>\r\n            <img decoding=\"async\" src=\"https:\/\/test.isladelajuventud-cuba.com\/wp-content\/uploads\/2019\/10\/test1.jpg\" \/>\r\n            <div class=\"wp1s-caption-wrapper wp1s-caption-type-1 wp1s-caption-middlecenter\">\r\n            <h1 class=\"wp1s-caption-title\"><\/h1>\r\n            <h2 class=\"wp1s-caption-content\"><\/h2>\r\n                        <\/div>\r\n        <\/li>\r\n            <li>\r\n            <img decoding=\"async\" src=\"https:\/\/test.isladelajuventud-cuba.com\/wp-content\/uploads\/2020\/01\/slide4.jpg\" \/>\r\n            <div class=\"wp1s-caption-wrapper wp1s-caption-type-1 wp1s-caption-middlecenter\">\r\n            <h1 class=\"wp1s-caption-title\"><\/h1>\r\n            <h2 class=\"wp1s-caption-content\">Puestas de sol \u00fanicas...<\/h2>\r\n                        <\/div>\r\n        <\/li>\r\n            <li>\r\n            <img decoding=\"async\" src=\"https:\/\/test.isladelajuventud-cuba.com\/wp-content\/uploads\/2020\/01\/slide3.jpg\" \/>\r\n            <div class=\"wp1s-caption-wrapper wp1s-caption-type-1 wp1s-caption-middlecenter\">\r\n            <h1 class=\"wp1s-caption-title\"><\/h1>\r\n            <h2 class=\"wp1s-caption-content\">Un mundo bajo el mar.<\/h2>\r\n                        <a href=\"https:\/\/test.isladelajuventud-cuba.com\/centros-de-buceo\/\" class=\"wps1-readmore-button\">Reserve  tus inmersiones con un click.<\/a>\r\n                        <\/div>\r\n        <\/li>\r\n            <li>\r\n            <img decoding=\"async\" src=\"https:\/\/test.isladelajuventud-cuba.com\/wp-content\/uploads\/2020\/01\/slide5.jpg\" \/>\r\n            <div class=\"wp1s-caption-wrapper wp1s-caption-type-1 wp1s-caption-middlecenter\">\r\n            <h1 class=\"wp1s-caption-title\"><\/h1>\r\n            <h2 class=\"wp1s-caption-content\">Descubra algunas de las mejores playas del mundo.<\/h2>\r\n                        <a href=\"https:\/\/test.isladelajuventud-cuba.com\/playas-2\/\" class=\"wps1-readmore-button\">Ver m\u00e1s playas<\/a>\r\n                        <\/div>\r\n        <\/li>\r\n            <li>\r\n            <img decoding=\"async\" src=\"https:\/\/test.isladelajuventud-cuba.com\/wp-content\/uploads\/2020\/01\/slide6-1.jpg\" \/>\r\n            <div class=\"wp1s-caption-wrapper wp1s-caption-type-1 wp1s-caption-middlecenter\">\r\n            <h1 class=\"wp1s-caption-title\"><\/h1>\r\n            <h2 class=\"wp1s-caption-content\">Descubre su naturaleza en estado puro...<\/h2>\r\n                        <\/div>\r\n        <\/li>\r\n            <li>\r\n            <img decoding=\"async\" src=\"https:\/\/test.isladelajuventud-cuba.com\/wp-content\/uploads\/2020\/01\/slide7.jpg\" \/>\r\n            <div class=\"wp1s-caption-wrapper wp1s-caption-type-1 wp1s-caption-middlecenter\">\r\n            <h1 class=\"wp1s-caption-title\"><\/h1>\r\n            <h2 class=\"wp1s-caption-content\">MUSEOS<\/h2>\r\n                        <a href=\"https:\/\/test.isladelajuventud-cuba.com\/museos\/\" class=\"wps1-readmore-button\">Ver m\u00e1s Museos<\/a>\r\n                        <\/div>\r\n        <\/li>\r\n            <li>\r\n            <img decoding=\"async\" src=\"https:\/\/test.isladelajuventud-cuba.com\/wp-content\/uploads\/2020\/01\/slide8.jpg\" \/>\r\n            <div class=\"wp1s-caption-wrapper wp1s-caption-type-1 wp1s-caption-middlecenter\">\r\n            <h1 class=\"wp1s-caption-title\"><\/h1>\r\n            <h2 class=\"wp1s-caption-content\">LUGARES DE INTER\u00c9S<\/h2>\r\n                        <a href=\"https:\/\/test.isladelajuventud-cuba.com\/lugares-de-interes-2\/\" class=\"wps1-readmore-button\">Ver m\u00e1s Lugares de Inter\u00e9s<\/a>\r\n                        <\/div>\r\n        <\/li>\r\n            <li>\r\n            <img decoding=\"async\" src=\"https:\/\/test.isladelajuventud-cuba.com\/wp-content\/uploads\/2020\/01\/slide9-1.jpg\" \/>\r\n            <div class=\"wp1s-caption-wrapper wp1s-caption-type-1 wp1s-caption-middlecenter\">\r\n            <h1 class=\"wp1s-caption-title\"><\/h1>\r\n            <h2 class=\"wp1s-caption-content\">Hoteles, casas de alquiler, camping. <\/h2>\r\n                        <a href=\"https:\/\/test.isladelajuventud-cuba.com\/alojamiento\/\" class=\"wps1-readmore-button\">Reserva su alojamiento con un click.<\/a>\r\n                        <\/div>\r\n        <\/li>\r\n            <li>\r\n            <img decoding=\"async\" src=\"https:\/\/test.isladelajuventud-cuba.com\/wp-content\/uploads\/2020\/01\/slide10.jpg\" \/>\r\n            <div class=\"wp1s-caption-wrapper wp1s-caption-type-1 wp1s-caption-middlecenter\">\r\n            <h1 class=\"wp1s-caption-title\"><\/h1>\r\n            <h2 class=\"wp1s-caption-content\">Nueva Gerona fundada en 1830, una ciudad que  le sorprender\u00e1...<\/h2>\r\n                        <a href=\"https:\/\/test.isladelajuventud-cuba.com\/nucleos-urbanos-nueva-gerona\/\" class=\"wps1-readmore-button\">Conozca Nueva Gerona con un click<\/a>\r\n                        <\/div>\r\n        <\/li>\r\n            <li>\r\n            <img decoding=\"async\" src=\"https:\/\/test.isladelajuventud-cuba.com\/wp-content\/uploads\/2020\/02\/monumentos.jpg\" \/>\r\n            <div class=\"wp1s-caption-wrapper wp1s-caption-type-1 wp1s-caption-middlecenter\">\r\n            <h1 class=\"wp1s-caption-title\"><\/h1>\r\n            <h2 class=\"wp1s-caption-content\">MONUMENTOS<\/h2>\r\n                        <a href=\"https:\/\/test.isladelajuventud-cuba.com\/monumentos\/\" class=\"wps1-readmore-button\">Ver m\u00e1s Monumentos<\/a>\r\n                        <\/div>\r\n        <\/li>\r\n        <\/ul>\r\n    <\/div>\r\n<\/div>\r\n      <\/div>\r\n   <style>\r\n\r\n.wp1s-slider-wrapper-72032 {\r\n    \r\n     width:100%%;   \r\n}\r\n\r\n.wp1s-slider-wrapper-72032 .wp1s-caption-wrapper.wp1s-caption-type-1 .wp1s-caption-title{\r\n\r\n    font-size:20px;\r\n   \r\n}\r\n\r\n.wp1s-slider-wrapper-72032 .wp1s-caption-wrapper.wp1s-caption-type-1 .wp1s-caption-content{\r\n   \r\n    font-size: 40px;\r\n    \r\n}\r\n.wp1s-slider-wrapper-72032 .wp1s-caption-wrapper.wp1s-caption-type-2 .wp1s-caption-title {\r\n    font-size:20px;\r\n    background-color:rgba(125,165,82,0.8);\r\n   \r\n}\r\n.wp1s-slider-wrapper-72032 .wp1s-caption-wrapper.wp1s-caption-type-2 .wp1s-caption-content {\r\n    font-size:40px;\r\n\r\n}\r\n.wp1s-slider-wrapper-72032 .wp1s-caption-wrapper.wp1s-caption-type-3 .wp1s-caption-title {\r\n    font-size:20px;\r\n    border-bottom:7px solid #2ed1ff;\r\n}\r\n.wp1s-slider-wrapper-72032 .wp1s-caption-wrapper.wp1s-caption-type-3 .wp1s-caption-content {\r\n    font-size:40px;\r\n   \r\n}\r\n.wp1s-slider-wrapper-72032 .wp1s-caption-wrapper.wp1s-caption-type-4  {\r\n   \r\n    background-color:rgba(124,118,118,0.6);\r\n\r\n}\r\n.wp1s-slider-wrapper-72032 .wp1s-caption-wrapper.wp1s-caption-type-4 .wp1s-caption-title {\r\n    font-size:20px;\r\n\r\n}\r\n.wp1s-slider-wrapper-72032 .wp1s-caption-wrapper.wp1s-caption-type-4 .wp1s-caption-content {\r\n    font-size:40px;\r\n}\r\n.wp1s-slider-wrapper-72032 .wp1s-caption-wrapper .wp1s-caption-title {\r\n    color:#ffffff;\r\n}\r\n.wp1s-slider-wrapper-72032 .wp1s-caption-wrapper .wp1s-caption-content {\r\n    color:#59d600;\r\n}\r\n.wp1s-slider-wrapper-72032 .wp1s-main-wrapper .wp1s-pager-type-1 .bx-wrapper .bx-pager.bx-default-pager a {\r\n    background-color:#ffffff;\r\n}\r\n.wp1s-slider-wrapper-72032 .wp1s-main-wrapper .wp1s-pager-type-1 .bx-wrapper .bx-pager.bx-default-pager a:hover, \r\n.wp1s-slider-wrapper-72032 .wp1s-main-wrapper .wp1s-pager-type-1 .bx-wrapper .bx-pager.bx-default-pager a.active {\r\n    background-color:#3bb1f4;\r\n}\r\n.wp1s-slider-wrapper-72032 .wp1s-main-wrapper .wp1s-pager-type-2 .bx-wrapper .bx-pager.bx-default-pager a {\r\n    background-color:#635e5e;\r\n    border:3px solid #979191;\r\n}\r\n.wp1s-slider-wrapper-72032 .wp1s-main-wrapper .wp1s-pager-type-2 .bx-wrapper .bx-pager.bx-default-pager a:hover, \r\n.wp1s-slider-wrapper-72032 .wp1s-main-wrapper .wp1s-pager-type-2 .bx-wrapper .bx-pager.bx-default-pager a.active {\r\n    background-color:#ffffff;\r\n}\r\n.wp1s-slider-wrapper-72032 .wp1s-main-wrapper .wp1s-pager-type-3 .bx-wrapper .bx-pager.bx-default-pager a {\r\n    border:1px solid #ffffff;\r\n   \r\n}\r\n.wp1s-slider-wrapper-72032 .wp1s-main-wrapper .wp1s-pager-type-3 .bx-wrapper .bx-pager.bx-default-pager a:hover, \r\n.wp1s-slider-wrapper-72032 .wp1s-main-wrapper .wp1s-pager-type-3 .bx-wrapper .bx-pager.bx-default-pager a.active {\r\n    border-color:#ff9600;\r\n}\r\n.wp1s-slider-wrapper-72032 .wp1s-main-wrapper .wp1s-pager-type-4 .bx-wrapper .bx-pager.bx-default-pager a {\r\n    background-color:#7a7a7a;\r\n    \r\n}\r\n.wp1s-slider-wrapper-72032 .wp1s-main-wrapper .wp1s-pager-type-4 .bx-wrapper .bx-pager.bx-default-pager a:hover, \r\n.wp1s-slider-wrapper-72032 .wp1s-main-wrapper .wp1s-pager-type-4 .bx-wrapper .bx-pager.bx-default-pager a.active {\r\n    background-color:#ffffff;\r\n}\r\n.wp1s-slider-wrapper-72032 .wp1s-caption-wrapper.wp1s-caption-type-1 .wps1-readmore-button {\r\n    background-color: #1e75f6;\r\n    box-shadow: 0 2px 0 #1758c6;\r\n    -webkit-box-shadow: 0 2px 0 #1758c6;\r\n    -moz-box-shadow: 0 2px 0 #1758c6;\r\n}\r\n.wp1s-slider-wrapper-72032 .wp1s-caption-wrapper.wp1s-caption-type-1 .wps1-readmore-button:hover {\r\n    background-color:#11499e;\r\n}\r\n@media (max-width:1200px) {\r\n.wp1s-slider-wrapper-72032 .wp1s-slider-wrapper {\r\nwidth:100%;\r\n}\r\n}\r\n.wp1s-widget-wrap .wp1s-caption-wrapper {\r\n\r\ndisplay: none;\r\n}\r\n\r\n.wp1s-widget-wrap .wp1s-thumbnail-wrapper {\r\ndisplay: none;\r\n}\r\n\r\n<\/style><\/p>\n<p>[\/vc_column_text][\/vc_column][\/vc_row][vc_row css_animation=\u00bb\u00bb row_type=\u00bbrow\u00bb use_row_as_full_screen_section=\u00bbno\u00bb type=\u00bbgrid\u00bb angled_section=\u00bbno\u00bb text_align=\u00bbcenter\u00bb background_image_as_pattern=\u00bbwithout_pattern\u00bb][vc_column][vc_empty_space height=\u00bb50px\u00bb][\/vc_column][\/vc_row][vc_row css_animation=\u00bb\u00bb row_type=\u00bbrow\u00bb use_row_as_full_screen_section=\u00bbno\u00bb type=\u00bbgrid\u00bb angled_section=\u00bbno\u00bb text_align=\u00bbcenter\u00bb background_image_as_pattern=\u00bbwithout_pattern\u00bb][vc_column]<div class=\"custom_font_holder \" style=\"font-family: Open Sans; font-style: normal; font-weight: 400; color: #000000; text-decoration: none; text-align: left; --qode-cf-font-size: 30px; --qode-cf-line-height: 36px; --qode-cf-font-size-1440: 30px; --qode-cf-line-height-1440: 36px; --qode-cf-font-size-1366: 30px; --qode-cf-line-height-1366: 36px; --qode-cf-font-size-1280: 30px; --qode-cf-line-height-1280: 36px; --qode-cf-font-size-1024: 30px; --qode-cf-line-height-1024: 36px; --qode-cf-font-size-768: 30px; --qode-cf-line-height-768: 36px; --qode-cf-font-size-680: 30px; --qode-cf-line-height-680: 36px; --qode-cf-font-size-480: 30px; --qode-cf-line-height-480: 36px;\">\n<p>Deportes<\/p>\n<\/div>[\/vc_column][\/vc_row][vc_row css_animation=\u00bb\u00bb row_type=\u00bbrow\u00bb use_row_as_full_screen_section=\u00bbno\u00bb type=\u00bbgrid\u00bb angled_section=\u00bbno\u00bb text_align=\u00bbcenter\u00bb background_image_as_pattern=\u00bbwithout_pattern\u00bb][vc_column][vc_empty_space height=\u00bb50px\u00bb][\/vc_column][\/vc_row][vc_row css_animation=\u00bb\u00bb row_type=\u00bbrow\u00bb use_row_as_full_screen_section=\u00bbno\u00bb type=\u00bbgrid\u00bb angled_section=\u00bbno\u00bb text_align=\u00bbcenter\u00bb background_image_as_pattern=\u00bbwithout_pattern\u00bb][vc_column][vc_single_image image=\u00bb19134&#8243; img_size=\u00bbfull\u00bb alignment=\u00bbcenter\u00bb qode_css_animation=\u00bb\u00bb][vc_empty_space height=\u00bb20px\u00bb]<div class=\"custom_font_holder \" style=\"font-family: Lato; font-style: normal; font-weight: 400; color: #009a22; text-decoration: none; text-align: center; --qode-cf-font-size: 14px; --qode-cf-line-height: 18px; --qode-cf-font-size-1440: 14px; --qode-cf-line-height-1440: 18px; --qode-cf-font-size-1366: 14px; --qode-cf-line-height-1366: 18px; --qode-cf-font-size-1280: 14px; --qode-cf-line-height-1280: 18px; --qode-cf-font-size-1024: 14px; --qode-cf-line-height-1024: 18px; --qode-cf-font-size-768: 14px; --qode-cf-line-height-768: 18px; --qode-cf-font-size-680: 14px; --qode-cf-line-height-680: 18px; --qode-cf-font-size-480: 14px; --qode-cf-line-height-480: 18px;\">\n<p>El deporte est\u00e1 en la sangre de cada pinero,es parte de la idiosincracia, la cultura, la vida y la identidad del cubano&#8230;<\/p>\n<\/div>[\/vc_column][\/vc_row][vc_row css_animation=\u00bb\u00bb row_type=\u00bbrow\u00bb use_row_as_full_screen_section=\u00bbno\u00bb type=\u00bbgrid\u00bb angled_section=\u00bbno\u00bb text_align=\u00bbcenter\u00bb background_image_as_pattern=\u00bbwithout_pattern\u00bb][vc_column][vc_empty_space height=\u00bb50px\u00bb][\/vc_column][\/vc_row][vc_row css_animation=\u00bb\u00bb row_type=\u00bbrow\u00bb use_row_as_full_screen_section=\u00bbno\u00bb type=\u00bbgrid\u00bb angled_section=\u00bbno\u00bb text_align=\u00bbcenter\u00bb background_image_as_pattern=\u00bbwithout_pattern\u00bb][vc_column width=\u00bb2\/3&#8243;][vc_column_text]<\/p>\n<h2>Instalaciones Deportivas<\/h2>\n<p>[\/vc_column_text][\/vc_column][vc_column width=\u00bb1\/3&#8243;][vc_column_text]<\/p>\n<p style=\"text-align: right;\"><a href=\"https:\/\/test.isladelajuventud-cuba.com\/deportes\/\">Volver a DEPORTE<\/a><\/p>\n<p>[\/vc_column_text][\/vc_column][\/vc_row][vc_row css_animation=\u00bb\u00bb row_type=\u00bbrow\u00bb use_row_as_full_screen_section=\u00bbno\u00bb type=\u00bbgrid\u00bb angled_section=\u00bbno\u00bb text_align=\u00bbcenter\u00bb background_image_as_pattern=\u00bbwithout_pattern\u00bb][vc_column][vc_empty_space height=\u00bb30px\u00bb][\/vc_column][\/vc_row][vc_row css_animation=\u00bb\u00bb row_type=\u00bbrow\u00bb use_row_as_full_screen_section=\u00bbno\u00bb type=\u00bbgrid\u00bb angled_section=\u00bbno\u00bb text_align=\u00bbcenter\u00bb background_image_as_pattern=\u00bbwithout_pattern\u00bb css=\u00bb.vc_custom_1486569008549{margin-top: 130px !important;}\u00bb][vc_column][vc_accordion collapsible=\u00bbyes\u00bb style=\u00bbtoggle\u00bb][vc_accordion_tab title=\u00bbCombinado Deportivo #1 Arturo Lince Gonz\u00e1lez\u00bb title_color=\u00bb#ffffff\u00bb background_color=\u00bb#0467fb\u00bb title_tag=\u00bbh3&#8243;]<div class=\"custom_font_holder \" style=\"font-family: Lato; font-style: normal; font-weight: 400; color: #000000; text-decoration: none; text-align: left; --qode-cf-font-size: 14px; --qode-cf-line-height: 18px; --qode-cf-font-size-1440: 14px; --qode-cf-line-height-1440: 18px; --qode-cf-font-size-1366: 14px; --qode-cf-line-height-1366: 18px; --qode-cf-font-size-1280: 14px; --qode-cf-line-height-1280: 18px; --qode-cf-font-size-1024: 14px; --qode-cf-line-height-1024: 18px; --qode-cf-font-size-768: 14px; --qode-cf-line-height-768: 18px; --qode-cf-font-size-680: 14px; --qode-cf-line-height-680: 18px; --qode-cf-font-size-480: 14px; --qode-cf-line-height-480: 18px;\"><strong>Direcci\u00f3n<\/strong>: Calle 53 entre 24 y 26.Reparto: Pueblo Nuevo; Nueva Gerona.<\/p>\n<p>&nbsp;<\/p>\n<p><strong>Tel\u00e9fonos<\/strong>:<\/p>\n<p>&nbsp;<\/p>\n<p><strong>Web<\/strong>:<\/p>\n<p>El 22 de febrero de 1976 en saludo al XV aniversario del INDER, se termin\u00f3 la construcci\u00f3n del gimnasio bajo techo en la Isla de la Juventud, con una capacidad para 1300 espectadores. La inauguraci\u00f3n se realiz\u00f3 con un encuentro de voleibol entre dos grupos del equipo nacional.<\/p>\n<p>&nbsp;<\/p>\n<p>&nbsp;<\/p>\n<p>Atiende la zona de cuatro repartos de Nueva Gerona: Abel Santamar\u00eda, Micro 70, Pueblo Nuevo y Ciro Redondo, adem\u00e1s la zona de Los Colonos. Esta \u00e1rea tiene una poblaci\u00f3n estimada de 42.234 personas de todas las edades.<\/p>\n<p>&nbsp;<\/p>\n<p>Posee tres c\u00e1tedras deportivas:<\/p>\n<p>&nbsp;<\/p>\n<p>Cultura F\u00edsica, atiende los c\u00edrculos de abuelos, peque\u00f1os en grado pre-escolar y escuelas primarias, personas obesas y con deficiencias f\u00edsicas.<br \/>\nRecreaci\u00f3n, trabaja en aras a una recreaci\u00f3n sana y el empleo del tiempo libre en distintos maratones recreativos, juegos, festivales deportivos entre los distintos repartos y escuelas, programan actividades en el periodo vacacional.<\/p>\n<p>&nbsp;<\/p>\n<p>Deportiva, selecciona peque\u00f1os y j\u00f3venes talentos con habilidades deportivas, creando una base en la formaci\u00f3n integral de futuros atletas.<\/p>\n<p>&nbsp;<\/p>\n<p><strong>Imparten los siguientes deportes:\u00a0 boxeo, f\u00fatbol, atletismo, judo, voleibol, baloncesto, lucha libre y greco romana, taekwondo, karate-do, tiro deportivo, ajedrez, tenis de mesa y campo.<\/strong><\/div>[vc_empty_space height=\u00bb30px\u00bb][vc_column_text]<\/p>\n<style type=\"text\/css\">\n#foogallery-gallery-19278 .fg-image { width: 150px; }\n#foogallery-gallery-19278 { --fg-gutter: 10px; }<\/style>\n\t\t\t<style type=\"text\/css\">\n#foogallery-gallery-19278_1 .fg-image { width: 150px; }\n#foogallery-gallery-19278_1 { --fg-gutter: 10px; }<\/style>\n\t\t\t<div class=\"foogallery foogallery-container foogallery-default foogallery-lightbox-foobox fg-center fg-default fg-ready fg-light fg-border-thin fg-shadow-small fg-loading-default fg-loaded-fade-in fg-hover-fade fg-hover-zoom fg-debug\" id=\"foogallery-gallery-19278_1\" data-foogallery=\"{&quot;item&quot;:{&quot;showCaptionTitle&quot;:true,&quot;showCaptionDescription&quot;:false},&quot;lazy&quot;:true,&quot;src&quot;:&quot;src&quot;,&quot;srcset&quot;:&quot;srcset&quot;}\" style=\"--fg-title-line-clamp: 0; --fg-description-line-clamp: 0;\" >\n\t<div class=\"fg-item fg-type-image fg-loading\"><figure class=\"fg-item-inner\"><a href=\"https:\/\/test.isladelajuventud-cuba.com\/wp-content\/uploads\/2017\/03\/1a-1.jpg\" data-caption-title=\"Combinado Deportivo #1 Arturo Lince Gonz\u00e1lez\" data-attachment-id=\"19284\" data-type=\"image\" class=\"fg-thumb\"><span class=\"fg-image-wrap\"><img src=\"https:\/\/test.isladelajuventud-cuba.com\/wp-content\/uploads\/cache\/2017\/03\/1a-1\/2370967202.jpg\" title=\"Combinado Deportivo #1 Arturo Lince Gonz\u00e1lez.\" width=\"150\" height=\"113\" class=\"skip-lazy fg-image\" decoding=\"async\" loading=\"lazy\"><\/span><span class=\"fg-image-overlay\"><\/span><\/a><figcaption class=\"fg-caption\"><div class=\"fg-caption-inner\"><div class=\"fg-caption-title\">Combinado Deportivo #1 Arturo Lince Gonz\u00e1lez<\/div><\/div><\/figcaption><\/figure><div class=\"fg-loader\"><\/div><\/div><div class=\"fg-item fg-type-image fg-loading\"><figure class=\"fg-item-inner\"><a href=\"https:\/\/test.isladelajuventud-cuba.com\/wp-content\/uploads\/2017\/03\/1b-6.jpg\" data-caption-title=\"Combinado Deportivo #1 Arturo Lince Gonz\u00e1lez\" data-attachment-id=\"19283\" data-type=\"image\" class=\"fg-thumb\"><span class=\"fg-image-wrap\"><img src=\"https:\/\/test.isladelajuventud-cuba.com\/wp-content\/uploads\/cache\/2017\/03\/1b-6\/553527043.jpg\" title=\"Combinado Deportivo #1 Arturo Lince Gonz\u00e1lez.\" width=\"150\" height=\"113\" class=\"skip-lazy fg-image\" decoding=\"async\" loading=\"lazy\"><\/span><span class=\"fg-image-overlay\"><\/span><\/a><figcaption class=\"fg-caption\"><div class=\"fg-caption-inner\"><div class=\"fg-caption-title\">Combinado Deportivo #1 Arturo Lince Gonz\u00e1lez<\/div><\/div><\/figcaption><\/figure><div class=\"fg-loader\"><\/div><\/div><div class=\"fg-item fg-type-image fg-loading\"><figure class=\"fg-item-inner\"><a href=\"https:\/\/test.isladelajuventud-cuba.com\/wp-content\/uploads\/2017\/03\/1c.jpg\" data-caption-title=\"Combinado Deportivo #1 Arturo Lince Gonz\u00e1lez\" data-attachment-id=\"19282\" data-type=\"image\" class=\"fg-thumb\"><span class=\"fg-image-wrap\"><img src=\"https:\/\/test.isladelajuventud-cuba.com\/wp-content\/uploads\/cache\/2017\/03\/1c\/407527942.jpg\" title=\"Combinado Deportivo #1 Arturo Lince Gonz\u00e1lez.\" width=\"150\" height=\"113\" class=\"skip-lazy fg-image\" decoding=\"async\" loading=\"lazy\"><\/span><span class=\"fg-image-overlay\"><\/span><\/a><figcaption class=\"fg-caption\"><div class=\"fg-caption-inner\"><div class=\"fg-caption-title\">Combinado Deportivo #1 Arturo Lince Gonz\u00e1lez<\/div><\/div><\/figcaption><\/figure><div class=\"fg-loader\"><\/div><\/div><div class=\"fg-item fg-type-image fg-loading\"><figure class=\"fg-item-inner\"><a href=\"https:\/\/test.isladelajuventud-cuba.com\/wp-content\/uploads\/2017\/03\/1d.jpg\" data-caption-title=\"Combinado Deportivo #1 Arturo Lince Gonz\u00e1lez\" data-attachment-id=\"19281\" data-type=\"image\" class=\"fg-thumb\"><span class=\"fg-image-wrap\"><img src=\"https:\/\/test.isladelajuventud-cuba.com\/wp-content\/uploads\/cache\/2017\/03\/1d\/2970555542.jpg\" title=\"Combinado Deportivo #1 Arturo Lince Gonz\u00e1lez.\" width=\"150\" height=\"113\" class=\"skip-lazy fg-image\" decoding=\"async\" loading=\"lazy\"><\/span><span class=\"fg-image-overlay\"><\/span><\/a><figcaption class=\"fg-caption\"><div class=\"fg-caption-inner\"><div class=\"fg-caption-title\">Combinado Deportivo #1 Arturo Lince Gonz\u00e1lez<\/div><\/div><\/figcaption><\/figure><div class=\"fg-loader\"><\/div><\/div><div class=\"fg-item fg-type-image fg-loading\"><figure class=\"fg-item-inner\"><a href=\"https:\/\/test.isladelajuventud-cuba.com\/wp-content\/uploads\/2017\/03\/1e.jpg\" data-caption-title=\"Combinado Deportivo #1 Arturo Lince Gonz\u00e1lez\" data-attachment-id=\"19280\" data-type=\"image\" class=\"fg-thumb\"><span class=\"fg-image-wrap\"><img src=\"https:\/\/test.isladelajuventud-cuba.com\/wp-content\/uploads\/cache\/2017\/03\/1e\/2852797616.jpg\" title=\"Combinado Deportivo #1 Arturo Lince Gonz\u00e1lez.\" width=\"150\" height=\"113\" class=\"skip-lazy fg-image\" decoding=\"async\" loading=\"lazy\"><\/span><span class=\"fg-image-overlay\"><\/span><\/a><figcaption class=\"fg-caption\"><div class=\"fg-caption-inner\"><div class=\"fg-caption-title\">Combinado Deportivo #1 Arturo Lince Gonz\u00e1lez<\/div><\/div><\/figcaption><\/figure><div class=\"fg-loader\"><\/div><\/div><div class=\"fg-item fg-type-image fg-loading\"><figure class=\"fg-item-inner\"><a href=\"https:\/\/test.isladelajuventud-cuba.com\/wp-content\/uploads\/2017\/03\/1f.jpg\" data-caption-title=\"Combinado Deportivo #1 Arturo Lince Gonz\u00e1lez\" data-attachment-id=\"19279\" data-type=\"image\" class=\"fg-thumb\"><span class=\"fg-image-wrap\"><img src=\"https:\/\/test.isladelajuventud-cuba.com\/wp-content\/uploads\/cache\/2017\/03\/1f\/1387009978.jpg\" title=\"Combinado Deportivo #1 Arturo Lince Gonz\u00e1lez.\" width=\"150\" height=\"113\" class=\"skip-lazy fg-image\" decoding=\"async\" loading=\"lazy\"><\/span><span class=\"fg-image-overlay\"><\/span><\/a><figcaption class=\"fg-caption\"><div class=\"fg-caption-inner\"><div class=\"fg-caption-title\">Combinado Deportivo #1 Arturo Lince Gonz\u00e1lez<\/div><\/div><\/figcaption><\/figure><div class=\"fg-loader\"><\/div><\/div><\/div>\n<!-- FooGallery Debug Info : Start\r\n\r\nID => 19278\r\nTemplate => default\r\nDatasource => media_library\r\n\r\nFooGallery Settings\r\n===================\r\ndefault_alignment => fg-center\r\ndefault_border_size => fg-border-thin\r\ndefault_caption_desc_source => none\r\ndefault_drop_shadow => fg-shadow-small\r\ndefault_hover_effect_icon => fg-hover-zoom\r\ndefault_hover_effect_transition => fg-hover-fade\r\ndefault_hover_effect_type => normal\r\ndefault_lightbox => foobox\r\ndefault_loaded_effect => fg-loaded-fade-in\r\ndefault_loading_icon => fg-loading-default\r\ndefault_spacing => fg-gutter-10\r\ndefault_theme => fg-light\r\ndefault_thumbnail_dimensions => \r\n   width => 150\r\n   height => 113\r\ndefault_thumbnail_link => image\r\nfoogallery_items_view => manage\r\n\r\nAttachment Info\r\n===============\r\n19284 => \r\n   url => https:\/\/test.isladelajuventud-cuba.com\/wp-content\/uploads\/2017\/03\/1a-1.jpg\r\n   type => image\r\n   width => 150\r\n   height => 113\r\n19283 => \r\n   url => https:\/\/test.isladelajuventud-cuba.com\/wp-content\/uploads\/2017\/03\/1b-6.jpg\r\n   type => image\r\n   width => 150\r\n   height => 113\r\n19282 => \r\n   url => https:\/\/test.isladelajuventud-cuba.com\/wp-content\/uploads\/2017\/03\/1c.jpg\r\n   type => image\r\n   width => 150\r\n   height => 113\r\n19281 => \r\n   url => https:\/\/test.isladelajuventud-cuba.com\/wp-content\/uploads\/2017\/03\/1d.jpg\r\n   type => image\r\n   width => 150\r\n   height => 113\r\n19280 => \r\n   url => https:\/\/test.isladelajuventud-cuba.com\/wp-content\/uploads\/2017\/03\/1e.jpg\r\n   type => image\r\n   width => 150\r\n   height => 113\r\n19279 => \r\n   url => https:\/\/test.isladelajuventud-cuba.com\/wp-content\/uploads\/2017\/03\/1f.jpg\r\n   type => image\r\n   width => 150\r\n   height => 113\r\n\r\nFooGallery Debug Info : End --><!-- FooGallery Debug Info : Start\r\n\r\nID => 19278\r\nTemplate => default\r\nDatasource => media_library\r\n\r\nFooGallery Settings\r\n===================\r\ndefault_alignment => fg-center\r\ndefault_border_size => fg-border-thin\r\ndefault_caption_desc_source => none\r\ndefault_drop_shadow => fg-shadow-small\r\ndefault_hover_effect_icon => fg-hover-zoom\r\ndefault_hover_effect_transition => fg-hover-fade\r\ndefault_hover_effect_type => normal\r\ndefault_lightbox => foobox\r\ndefault_loaded_effect => fg-loaded-fade-in\r\ndefault_loading_icon => fg-loading-default\r\ndefault_spacing => fg-gutter-10\r\ndefault_theme => fg-light\r\ndefault_thumbnail_dimensions => \r\n   width => 150\r\n   height => 113\r\ndefault_thumbnail_link => image\r\nfoogallery_items_view => manage\r\n\r\nAttachment Info\r\n===============\r\n\r\nFooGallery Debug Info : End -->\n<p>[\/vc_column_text][\/vc_accordion_tab][vc_accordion_tab title=\u00bbEstadio de Beisbol Crist\u00f3bal Labra\u00bb title_color=\u00bb#ffffff\u00bb background_color=\u00bb#0467fb\u00bb title_tag=\u00bbh3&#8243;]<div class=\"custom_font_holder \" style=\"font-family: Lato; font-style: normal; font-weight: 400; color: #000000; text-decoration: none; text-align: left; --qode-cf-font-size: 14px; --qode-cf-line-height: 18px; --qode-cf-font-size-1440: 14px; --qode-cf-line-height-1440: 18px; --qode-cf-font-size-1366: 14px; --qode-cf-line-height-1366: 18px; --qode-cf-font-size-1280: 14px; --qode-cf-line-height-1280: 18px; --qode-cf-font-size-1024: 14px; --qode-cf-line-height-1024: 18px; --qode-cf-font-size-768: 14px; --qode-cf-line-height-768: 18px; --qode-cf-font-size-680: 14px; --qode-cf-line-height-680: 18px; --qode-cf-font-size-480: 14px; --qode-cf-line-height-480: 18px;\"><strong>Nombre<\/strong>: Crist\u00f3bal Labra<\/p>\n<p>&nbsp;<\/p>\n<p><strong>Direcci\u00f3n<\/strong>: Calle 32 Esquina 53, Nueva Gerona.<\/p>\n<p>&nbsp;<\/p>\n<p><strong>Equipo<\/strong>: La Isla<\/p>\n<p>&nbsp;<\/p>\n<p><strong>Gradas<\/strong>: 6<\/p>\n<p>&nbsp;<\/p>\n<p><strong>Capacidad<\/strong>: 5000<\/p>\n<p>&nbsp;<\/p>\n<p><strong>Superficie<\/strong>: C\u00e9sped<\/p>\n<p>&nbsp;<\/p>\n<p><strong>Pizarra<\/strong>: Electr\u00f3nica<\/p>\n<p>&nbsp;<\/p>\n<p><strong>Tel\u00e9fonos<\/strong>:<\/p>\n<p>&nbsp;<\/p>\n<p><strong>Web<\/strong>:<\/p>\n<p>&nbsp;<\/p>\n<p><strong>Director de la instalaci\u00f3n<\/strong>: Miguel Di\u00e9guez P\u00e9rez<\/p>\n<p>&nbsp;<\/p>\n<p>En 1954 se crea un Comit\u00e9 de Vecinos y Deportistas con el objetivo de reunir fondos para la construcci\u00f3n de un estadio. En 1955, el terreno de juego en Nueva Gerona se traslada al lugar donde ocupa hoy el estadio \u201cCrist\u00f3bal Labra\u201d. Se forma la Liga Municipal. El 24 de febrero de 1957, se inaugura el Estadio Municipal de la Isla de Pinos, y se celebra el primer campeonato en la Isla de Pinos.<\/p>\n<p>&nbsp;<\/p>\n<p>En junio de 1959, se celebra un torneo con la participaci\u00f3n de cuatro equipos locales; de ellos se hizo una selecci\u00f3n que represent\u00f3 a la Isla en diferentes torneos en La Habana. El techo de guano en las grader\u00edas y el dogao del estadio fueron sustituidos por planchas de zinc, se crean palcos y se construy\u00f3 la caseta para los anotadores.<\/p>\n<p>&nbsp;<\/p>\n<p>El 6 de junio de 1969, se celebr\u00f3 en el estadio Crist\u00f3bal Labra el 1er. Juego de las estrellas de las Series Nacionales, donde Orientales venci\u00f3 a Occidentales 7 carreras por 5. Otro juego de gran relevancia celebrado fue en el a\u00f1o 1972 (XII Serie Nacional de B\u00e9isbol), entre los conjuntos Constructores y Las Villas, donde el primero gan\u00f3 5 carreras por 2, ante la concurrencia de m\u00e1s de 5000 aficionados.<\/p>\n<p>&nbsp;<\/p>\n<p>El 24 de Febrero de 1973, despu\u00e9s de un incesante trabajo de remodelaci\u00f3n y acondicionamiento, reabre nuevamente el Estadio pero esta vez con el nombre de \u00abCrist\u00f3bal Labra\u00bb con una capacidad para 3000 personas y un \u00e1rea de grader\u00eda bajo techo.<\/p>\n<p>&nbsp;<\/p>\n<p>Del 28 de Noviembre al 7 de Diciembre de 1973 la Isla de Juventud es seleccionada como sub-sede del XXI Campeonato Mundial de B\u00e9isbol en el Estadio Crist\u00f3bal Labra, donde jugaron equipos como M\u00e9xico, Panam\u00e1, Antillas Holandesas y Cuba.<\/p>\n<p>En la temporada de 1977-78, es cuando por primera vez el equipo de b\u00e9isbol de la Isla de la Juventud participa en las Series Nacionales de B\u00e9isbol y desde esta fecha no ha dejado de estar presente en todas las series nacionales, siendo este estadio la casa del equipo pinero \u201cTiburones de la Isla\u201d.<\/p>\n<p>Mencionamos algunos hechos relevantes acontecidos en este estadio, como: el recibimiento de la antorcha en los Juegos Centroamericano en 1982; el partido amistoso entre Los Indios de Boer (Nicaragua) y la Isla de la Juventud y el juego celebrado el 5 de Marzo del 2000, ante el equipo Villa Clara, donde el lanzador pinero Carlos Yanes en representaci\u00f3n del equipo de la Isla consigui\u00f3 un juego de cero hits, cero carreras en la XXXIX Serie Nacional de B\u00e9isbol.<\/p>\n<p>Este parque fue llamado el para\u00edso de los jonrones, ya que serie tras serie se conectaban all\u00ed la mayor cantidad de \u201cvuela cercas\u201d, debido a las cortas dimensiones, 320 pies por el jard\u00edn izquierdo, 390 por el centro, y 310 por el jard\u00edn derecho. Sin embargo, desde la contienda 2003-04 esto cambi\u00f3, luego de que se ampliaran las distancias a medidas est\u00e1ndares, sobre todo por el jard\u00edn derecho y se ampliara la capacidad del estadio incluyendo 3 gradas nuevas por la parte izquierda; actualmente tiene una capacidad para 5000 aficionados. Tambi\u00e9n se restableci\u00f3 la luz artificial en el a\u00f1o 2007 para la serie nacional 47, despu\u00e9s de 17 a\u00f1os jugando en el horario diurno.<\/p>\n<p>El paso del hurac\u00e1n Gustav sobre la Isla de la Juventud en agosto del 2008, caus\u00f3 grandes destrozos en este estadio; las autoridades competentes se hicieron cargo de una nueva remodelaci\u00f3n y acondicionamiento del mismo logrando mejor\u00edas en su estructura y una mayor capacidad.<\/p>\n<p>Este estadio no solo es usado exclusivamente para los juegos de b\u00e9isbol, tambi\u00e9n se aprovecha siempre que las condiciones y las presentaciones lo requieran para realizar distintas actividades deportivas, recreativas y culturales.<\/p>\n<p>El 27 Juego de las Estrellas del b\u00e9isbol cubano se efecto el domingo 12 de enero de 2014, en el estadio Crist\u00f3bal Labra. Siendo la primera vez que este desaf\u00edo que re\u00fane a las estrellas de Occidente y Oriente se disputar\u00e1 en la ciudad de Nueva Gerona.<\/p>\n<p>La designaci\u00f3n de la Isla es motivada por la actuaci\u00f3n del equipo de b\u00e9isbol de este territorio en la serie nacional 53, que sit\u00faa a los llamados pineros como el m\u00e1ximo ganador del torneo con 26 victorias.<\/div>[vc_empty_space height=\u00bb30px\u00bb][vc_column_text]<\/p>\n<style type=\"text\/css\">\n#foogallery-gallery-19286 .fg-image { width: 150px; }\n#foogallery-gallery-19286 { --fg-gutter: 10px; }<\/style>\n\t\t\t<style type=\"text\/css\">\n#foogallery-gallery-19286_1 .fg-image { width: 150px; }\n#foogallery-gallery-19286_1 { --fg-gutter: 10px; }<\/style>\n\t\t\t<div class=\"foogallery foogallery-container foogallery-default foogallery-lightbox-foobox fg-center fg-default fg-ready fg-light fg-border-thin fg-shadow-small fg-loading-default fg-loaded-fade-in fg-hover-fade fg-hover-zoom fg-debug\" id=\"foogallery-gallery-19286_1\" data-foogallery=\"{&quot;item&quot;:{&quot;showCaptionTitle&quot;:true,&quot;showCaptionDescription&quot;:false},&quot;lazy&quot;:true,&quot;src&quot;:&quot;src&quot;,&quot;srcset&quot;:&quot;srcset&quot;}\" style=\"--fg-title-line-clamp: 0; --fg-description-line-clamp: 0;\" >\n\t<div class=\"fg-item fg-type-image fg-loading\"><figure class=\"fg-item-inner\"><a href=\"https:\/\/test.isladelajuventud-cuba.com\/wp-content\/uploads\/2017\/03\/2j.jpg\" data-caption-title=\"Estadio de Beisbol Crist\u00f3bal Labra\" data-attachment-id=\"19287\" data-type=\"image\" class=\"fg-thumb\"><span class=\"fg-image-wrap\"><img src=\"https:\/\/test.isladelajuventud-cuba.com\/wp-content\/uploads\/cache\/2017\/03\/2j\/3535161966.jpg\" width=\"150\" height=\"113\" class=\"skip-lazy fg-image\" decoding=\"async\" loading=\"lazy\"><\/span><span class=\"fg-image-overlay\"><\/span><\/a><figcaption class=\"fg-caption\"><div class=\"fg-caption-inner\"><div class=\"fg-caption-title\">Estadio de Beisbol Crist\u00f3bal Labra<\/div><\/div><\/figcaption><\/figure><div class=\"fg-loader\"><\/div><\/div><div class=\"fg-item fg-type-image fg-loading\"><figure class=\"fg-item-inner\"><a href=\"https:\/\/test.isladelajuventud-cuba.com\/wp-content\/uploads\/2017\/03\/2i.jpg\" data-caption-title=\"Estadio de Beisbol Crist\u00f3bal Labra\" data-attachment-id=\"19288\" data-type=\"image\" class=\"fg-thumb\"><span class=\"fg-image-wrap\"><img src=\"https:\/\/test.isladelajuventud-cuba.com\/wp-content\/uploads\/cache\/2017\/03\/2i\/472631011.jpg\" width=\"150\" height=\"113\" class=\"skip-lazy fg-image\" decoding=\"async\" loading=\"lazy\"><\/span><span class=\"fg-image-overlay\"><\/span><\/a><figcaption class=\"fg-caption\"><div class=\"fg-caption-inner\"><div class=\"fg-caption-title\">Estadio de Beisbol Crist\u00f3bal Labra<\/div><\/div><\/figcaption><\/figure><div class=\"fg-loader\"><\/div><\/div><div class=\"fg-item fg-type-image fg-loading\"><figure class=\"fg-item-inner\"><a href=\"https:\/\/test.isladelajuventud-cuba.com\/wp-content\/uploads\/2017\/03\/2h.jpg\" data-caption-title=\"Estadio de Beisbol Crist\u00f3bal Labra\" data-attachment-id=\"19289\" data-type=\"image\" class=\"fg-thumb\"><span class=\"fg-image-wrap\"><img src=\"https:\/\/test.isladelajuventud-cuba.com\/wp-content\/uploads\/cache\/2017\/03\/2h\/120516293.jpg\" width=\"150\" height=\"113\" class=\"skip-lazy fg-image\" decoding=\"async\" loading=\"lazy\"><\/span><span class=\"fg-image-overlay\"><\/span><\/a><figcaption class=\"fg-caption\"><div class=\"fg-caption-inner\"><div class=\"fg-caption-title\">Estadio de Beisbol Crist\u00f3bal Labra<\/div><\/div><\/figcaption><\/figure><div class=\"fg-loader\"><\/div><\/div><div class=\"fg-item fg-type-image fg-loading\"><figure class=\"fg-item-inner\"><a href=\"https:\/\/test.isladelajuventud-cuba.com\/wp-content\/uploads\/2017\/03\/2g.jpg\" data-caption-title=\"Estadio de Beisbol Crist\u00f3bal Labra\" data-attachment-id=\"19290\" data-type=\"image\" class=\"fg-thumb\"><span class=\"fg-image-wrap\"><img src=\"https:\/\/test.isladelajuventud-cuba.com\/wp-content\/uploads\/cache\/2017\/03\/2g\/3338672834.jpg\" width=\"150\" height=\"113\" class=\"skip-lazy fg-image\" decoding=\"async\" loading=\"lazy\"><\/span><span class=\"fg-image-overlay\"><\/span><\/a><figcaption class=\"fg-caption\"><div class=\"fg-caption-inner\"><div class=\"fg-caption-title\">Estadio de Beisbol Crist\u00f3bal Labra<\/div><\/div><\/figcaption><\/figure><div class=\"fg-loader\"><\/div><\/div><div class=\"fg-item fg-type-image fg-loading\"><figure class=\"fg-item-inner\"><a href=\"https:\/\/test.isladelajuventud-cuba.com\/wp-content\/uploads\/2017\/03\/2f.jpg\" data-caption-title=\"Estadio de Beisbol Crist\u00f3bal Labra\" data-attachment-id=\"19291\" data-type=\"image\" class=\"fg-thumb\"><span class=\"fg-image-wrap\"><img src=\"https:\/\/test.isladelajuventud-cuba.com\/wp-content\/uploads\/cache\/2017\/03\/2f\/3691328228.jpg\" width=\"150\" height=\"113\" class=\"skip-lazy fg-image\" decoding=\"async\" loading=\"lazy\"><\/span><span class=\"fg-image-overlay\"><\/span><\/a><figcaption class=\"fg-caption\"><div class=\"fg-caption-inner\"><div class=\"fg-caption-title\">Estadio de Beisbol Crist\u00f3bal Labra<\/div><\/div><\/figcaption><\/figure><div class=\"fg-loader\"><\/div><\/div><div class=\"fg-item fg-type-image fg-loading\"><figure class=\"fg-item-inner\"><a href=\"https:\/\/test.isladelajuventud-cuba.com\/wp-content\/uploads\/2017\/03\/2e.jpg\" data-caption-title=\"Estadio de Beisbol Crist\u00f3bal Labra\" data-attachment-id=\"19292\" data-type=\"image\" class=\"fg-thumb\"><span class=\"fg-image-wrap\"><img src=\"https:\/\/test.isladelajuventud-cuba.com\/wp-content\/uploads\/cache\/2017\/03\/2e\/4043983502.jpg\" width=\"150\" height=\"113\" class=\"skip-lazy fg-image\" decoding=\"async\" loading=\"lazy\"><\/span><span class=\"fg-image-overlay\"><\/span><\/a><figcaption class=\"fg-caption\"><div class=\"fg-caption-inner\"><div class=\"fg-caption-title\">Estadio de Beisbol Crist\u00f3bal Labra<\/div><\/div><\/figcaption><\/figure><div class=\"fg-loader\"><\/div><\/div><div class=\"fg-item fg-type-image fg-loading\"><figure class=\"fg-item-inner\"><a href=\"https:\/\/test.isladelajuventud-cuba.com\/wp-content\/uploads\/2017\/03\/2b-4.jpg\" data-caption-title=\"Estadio de Beisbol Crist\u00f3bal Labra\" data-attachment-id=\"19295\" data-type=\"image\" class=\"fg-thumb\"><span class=\"fg-image-wrap\"><img src=\"https:\/\/test.isladelajuventud-cuba.com\/wp-content\/uploads\/cache\/2017\/03\/2b-4\/4242398110.jpg\" width=\"150\" height=\"113\" class=\"skip-lazy fg-image\" decoding=\"async\" loading=\"lazy\"><\/span><span class=\"fg-image-overlay\"><\/span><\/a><figcaption class=\"fg-caption\"><div class=\"fg-caption-inner\"><div class=\"fg-caption-title\">Estadio de Beisbol Crist\u00f3bal Labra<\/div><\/div><\/figcaption><\/figure><div class=\"fg-loader\"><\/div><\/div><div class=\"fg-item fg-type-image fg-loading\"><figure class=\"fg-item-inner\"><a href=\"https:\/\/test.isladelajuventud-cuba.com\/wp-content\/uploads\/2017\/03\/2a.jpg\" data-caption-title=\"Estadio de Beisbol Crist\u00f3bal Labra\" data-attachment-id=\"19296\" data-type=\"image\" class=\"fg-thumb\"><span class=\"fg-image-wrap\"><img src=\"https:\/\/test.isladelajuventud-cuba.com\/wp-content\/uploads\/cache\/2017\/03\/2a\/2636048918.jpg\" width=\"150\" height=\"113\" class=\"skip-lazy fg-image\" decoding=\"async\" loading=\"lazy\"><\/span><span class=\"fg-image-overlay\"><\/span><\/a><figcaption class=\"fg-caption\"><div class=\"fg-caption-inner\"><div class=\"fg-caption-title\">Estadio de Beisbol Crist\u00f3bal Labra<\/div><\/div><\/figcaption><\/figure><div class=\"fg-loader\"><\/div><\/div><\/div>\n<!-- FooGallery Debug Info : Start\r\n\r\nID => 19286\r\nTemplate => default\r\nDatasource => media_library\r\n\r\nFooGallery Settings\r\n===================\r\ndefault_alignment => fg-center\r\ndefault_border_size => fg-border-thin\r\ndefault_caption_desc_source => none\r\ndefault_drop_shadow => fg-shadow-small\r\ndefault_hover_effect_icon => fg-hover-zoom\r\ndefault_hover_effect_transition => fg-hover-fade\r\ndefault_hover_effect_type => normal\r\ndefault_lightbox => foobox\r\ndefault_loaded_effect => fg-loaded-fade-in\r\ndefault_loading_icon => fg-loading-default\r\ndefault_spacing => fg-gutter-10\r\ndefault_theme => fg-light\r\ndefault_thumbnail_dimensions => \r\n   width => 150\r\n   height => 113\r\ndefault_thumbnail_link => image\r\nfoogallery_items_view => manage\r\n\r\nAttachment Info\r\n===============\r\n19287 => \r\n   url => https:\/\/test.isladelajuventud-cuba.com\/wp-content\/uploads\/2017\/03\/2j.jpg\r\n   type => image\r\n   width => 150\r\n   height => 113\r\n19288 => \r\n   url => https:\/\/test.isladelajuventud-cuba.com\/wp-content\/uploads\/2017\/03\/2i.jpg\r\n   type => image\r\n   width => 150\r\n   height => 113\r\n19289 => \r\n   url => https:\/\/test.isladelajuventud-cuba.com\/wp-content\/uploads\/2017\/03\/2h.jpg\r\n   type => image\r\n   width => 150\r\n   height => 113\r\n19290 => \r\n   url => https:\/\/test.isladelajuventud-cuba.com\/wp-content\/uploads\/2017\/03\/2g.jpg\r\n   type => image\r\n   width => 150\r\n   height => 113\r\n19291 => \r\n   url => https:\/\/test.isladelajuventud-cuba.com\/wp-content\/uploads\/2017\/03\/2f.jpg\r\n   type => image\r\n   width => 150\r\n   height => 113\r\n19292 => \r\n   url => https:\/\/test.isladelajuventud-cuba.com\/wp-content\/uploads\/2017\/03\/2e.jpg\r\n   type => image\r\n   width => 150\r\n   height => 113\r\n19295 => \r\n   url => https:\/\/test.isladelajuventud-cuba.com\/wp-content\/uploads\/2017\/03\/2b-4.jpg\r\n   type => image\r\n   width => 150\r\n   height => 113\r\n19296 => \r\n   url => https:\/\/test.isladelajuventud-cuba.com\/wp-content\/uploads\/2017\/03\/2a.jpg\r\n   type => image\r\n   width => 150\r\n   height => 113\r\n\r\nFooGallery Debug Info : End --><!-- FooGallery Debug Info : Start\r\n\r\nID => 19286\r\nTemplate => default\r\nDatasource => media_library\r\n\r\nFooGallery Settings\r\n===================\r\ndefault_alignment => fg-center\r\ndefault_border_size => fg-border-thin\r\ndefault_caption_desc_source => none\r\ndefault_drop_shadow => fg-shadow-small\r\ndefault_hover_effect_icon => fg-hover-zoom\r\ndefault_hover_effect_transition => fg-hover-fade\r\ndefault_hover_effect_type => normal\r\ndefault_lightbox => foobox\r\ndefault_loaded_effect => fg-loaded-fade-in\r\ndefault_loading_icon => fg-loading-default\r\ndefault_spacing => fg-gutter-10\r\ndefault_theme => fg-light\r\ndefault_thumbnail_dimensions => \r\n   width => 150\r\n   height => 113\r\ndefault_thumbnail_link => image\r\nfoogallery_items_view => manage\r\n\r\nAttachment Info\r\n===============\r\n\r\nFooGallery Debug Info : End -->\n<p>[\/vc_column_text][\/vc_accordion_tab][vc_accordion_tab title=\u00bbCombinado deportivo #2 Roberto Santa Cruz Delgado\u00bb title_color=\u00bb#ffffff\u00bb background_color=\u00bb#0467fb\u00bb title_tag=\u00bbh3&#8243;]<div class=\"custom_font_holder \" style=\"font-family: Lato; font-style: normal; font-weight: 400; color: #000000; text-decoration: none; text-align: left; --qode-cf-font-size: 14px; --qode-cf-line-height: 18px; --qode-cf-font-size-1440: 14px; --qode-cf-line-height-1440: 18px; --qode-cf-font-size-1366: 14px; --qode-cf-line-height-1366: 18px; --qode-cf-font-size-1280: 14px; --qode-cf-line-height-1280: 18px; --qode-cf-font-size-1024: 14px; --qode-cf-line-height-1024: 18px; --qode-cf-font-size-768: 14px; --qode-cf-line-height-768: 18px; --qode-cf-font-size-680: 14px; --qode-cf-line-height-680: 18px; --qode-cf-font-size-480: 14px; --qode-cf-line-height-480: 18px;\"><strong>Direcci\u00f3n<\/strong>: Calle 3ra.entre 2 y 4.Reparto: Camilo Cienfuegos. Santa Fe<\/p>\n<p>&nbsp;<\/p>\n<p><strong>Tel\u00e9fonos<\/strong>:<\/p>\n<p>&nbsp;<\/p>\n<p><strong>Web<\/strong>:<\/p>\n<p>&nbsp;<\/p>\n<p>Atiende la ciudad de Santa Fe, el reparto Julio Antonio Mella y los poblados de La Reforma y Cocodrilo.<\/p>\n<p>&nbsp;<\/p>\n<p>Cuenta con un claustro de 30 profesores licenciados en Cultura F\u00edsica y Deporte, un gimnasio de fisiculturismo, se imparten clases de distintas modalidades de combate: judo, lucha libre y greco-romana, boxeo, karate, taekwando, b\u00e9isbol, f\u00fatbol.<\/p>\n<p>&nbsp;<\/p>\n<p>Se realizan actividades de recreaci\u00f3n conjunta INDER-MINED fuera de horario laboral y escolar, eventos competitivos de tabla musical aerobia, gimnasia musical aerobia desde ni\u00f1os menores de 5 a\u00f1os hasta la edad de adultos mayores.<\/div>[\/vc_accordion_tab][vc_accordion_tab title=\u00bbCombinado Deportivo Irene Hern\u00e1ndez\u00bb title_color=\u00bb#ffffff\u00bb background_color=\u00bb#0467fb\u00bb title_tag=\u00bbh3&#8243;]<div class=\"custom_font_holder \" style=\"font-family: Lato; font-style: normal; font-weight: 400; color: #000000; text-decoration: none; text-align: left; --qode-cf-font-size: 14px; --qode-cf-line-height: 18px; --qode-cf-font-size-1440: 14px; --qode-cf-line-height-1440: 18px; --qode-cf-font-size-1366: 14px; --qode-cf-line-height-1366: 18px; --qode-cf-font-size-1280: 14px; --qode-cf-line-height-1280: 18px; --qode-cf-font-size-1024: 14px; --qode-cf-line-height-1024: 18px; --qode-cf-font-size-768: 14px; --qode-cf-line-height-768: 18px; --qode-cf-font-size-680: 14px; --qode-cf-line-height-680: 18px; --qode-cf-font-size-480: 14px; --qode-cf-line-height-480: 18px;\"><strong>Direcci\u00f3n<\/strong>: Calle 26 entre 13 y 15.Reparto: Sierra Caballos. Nueva Gerona<\/p>\n<p>&nbsp;<\/p>\n<p><strong>Tel\u00e9fonos<\/strong>:<\/p>\n<p>&nbsp;<\/p>\n<p><strong>Web<\/strong>:<\/p>\n<p>&nbsp;<\/p>\n<p>Fue creado en el a\u00f1o 1994. Atiende varios barrios y repartos como: los repartos Delio Chac\u00f3n, Sierra Caballos, Patria, Centro Hist\u00f3rico de Nueva Gerona,, las zonas de La Caoba, La Tumbita, la Comunidad 45 hasta el puente de la calle 32 de Gerona, desde el puente del r\u00edo Las Casas hasta la casa de visita del Poder Popular hasta el barrio del C\u00e1rnico, las playas de Bibijagua, Para\u00edso, Herradura, los Estudiantes y Punta Piedra.<\/p>\n<p>&nbsp;<\/p>\n<p>Como base de iniciaci\u00f3n deportiva, responde por la pr\u00e1ctica de la educaci\u00f3n f\u00edsica escolar y para todas las edades; el deporte para todos mediante la cultura f\u00edsica terap\u00e9utica y profil\u00e1ctica, la recreaci\u00f3n y el deporte de alto rendimiento en la comunidad.<\/p>\n<p>&nbsp;<\/p>\n<p>Existen seis c\u00e1tedras deportivas: cultura f\u00edsica, recreaci\u00f3n f\u00edsica, educaci\u00f3n f\u00edsica, tiempo y marca, c\u00e1tedra de deportes con pelotas y combate. Los deportes que practican son los mismos que los del Combinado Deportivo Arturo Lince Gonz\u00e1lez.<\/div>[\/vc_accordion_tab][vc_accordion_tab title=\u00bbEIDE Flavio \u00c1lvarez Gal\u00e1n\u00bb title_color=\u00bb#ffffff\u00bb background_color=\u00bb#0467fb\u00bb title_tag=\u00bbh3&#8243;]<div class=\"custom_font_holder \" style=\"font-family: Lato; font-style: normal; font-weight: 400; color: #000000; text-decoration: none; text-align: left; --qode-cf-font-size: 14px; --qode-cf-line-height: 18px; --qode-cf-font-size-1440: 14px; --qode-cf-line-height-1440: 18px; --qode-cf-font-size-1366: 14px; --qode-cf-line-height-1366: 18px; --qode-cf-font-size-1280: 14px; --qode-cf-line-height-1280: 18px; --qode-cf-font-size-1024: 14px; --qode-cf-line-height-1024: 18px; --qode-cf-font-size-768: 14px; --qode-cf-line-height-768: 18px; --qode-cf-font-size-680: 14px; --qode-cf-line-height-680: 18px; --qode-cf-font-size-480: 14px; --qode-cf-line-height-480: 18px;\"><strong>Direcci\u00f3n<\/strong>: Carretera Autopista Santa Fe Km. 8.<\/p>\n<p>&nbsp;<\/p>\n<p><strong>Tel\u00e9fonos<\/strong>:<\/p>\n<p>&nbsp;<\/p>\n<p><strong>Web<\/strong>:<\/p>\n<p>&nbsp;<\/p>\n<p>Es una instalaci\u00f3n docente deportiva para la formaci\u00f3n y desarrollo de atletas de alto rendimiento. Se inaugur\u00f3 el 1 de septiembre de 1978.<\/p>\n<p>&nbsp;<\/p>\n<p>La escuela posee una matr\u00edcula de 327 alumnos (hembras y varones), desde sexto grado a 12 grado, que compaginan sus estudios con el deporte a desarrollar.<\/p>\n<p>&nbsp;<\/p>\n<p>La instalaci\u00f3n cuenta con 4 edificios dormitorio, edificio docente, cocina-comedor, bloque de c\u00e1tedras deportivas, gimnasio techado, terreno de b\u00e9isbol, f\u00fatbol, pista de atletismo, 2 laboratorios de computaci\u00f3n, local de enfermer\u00eda, farmacia, sala de masaje y sal\u00f3n audio visual.<\/p>\n<p>&nbsp;<\/p>\n<p>Posee varias c\u00e1tedras deportivas: atletismo, b\u00e9isbol, f\u00fatbol, lucha, boxeo, taekwondo, karate, judo, canotaje.<\/div>[\/vc_accordion_tab][vc_accordion_tab title=\u00bbCampo de F\u00fatbol\u00bb title_color=\u00bb#ffffff\u00bb background_color=\u00bb#0467fb\u00bb title_tag=\u00bbh3&#8243;][vc_empty_space height=\u00bb30px\u00bb][vc_column_text]<\/p>\n<style type=\"text\/css\">\n#foogallery-gallery-35630 .fg-image { width: 150px; }\n#foogallery-gallery-35630 { --fg-gutter: 10px; }<\/style>\n\t\t\t<style type=\"text\/css\">\n#foogallery-gallery-35630_1 .fg-image { width: 150px; }\n#foogallery-gallery-35630_1 { --fg-gutter: 10px; }<\/style>\n\t\t\t<div class=\"foogallery foogallery-container foogallery-default foogallery-lightbox-foogallery fg-center fg-default fg-ready fg-light fg-border-thin fg-shadow-small fg-loading-default fg-loaded-fade-in fg-hover-fade fg-hover-zoom fg-debug\" id=\"foogallery-gallery-35630_1\" data-foogallery=\"{&quot;item&quot;:{&quot;showCaptionTitle&quot;:true,&quot;showCaptionDescription&quot;:false},&quot;lazy&quot;:true,&quot;src&quot;:&quot;src&quot;,&quot;srcset&quot;:&quot;srcset&quot;}\" data-foogallery-lightbox=\"{&quot;thumbs&quot;:&quot;bottom&quot;,&quot;thumbsCaptions&quot;:false,&quot;thumbsBestFit&quot;:false,&quot;thumbsSmall&quot;:false,&quot;thumbsCaptionsAlign&quot;:&quot;default&quot;,&quot;info&quot;:&quot;bottom&quot;,&quot;infoVisible&quot;:true,&quot;infoOverlay&quot;:true,&quot;infoAlign&quot;:&quot;default&quot;,&quot;transition&quot;:&quot;fade&quot;,&quot;hoverButtons&quot;:false,&quot;fitMedia&quot;:false,&quot;noScrollbars&quot;:true,&quot;preserveButtonSpace&quot;:true,&quot;video&quot;:{&quot;autoPlay&quot;:true}}\" style=\"--fg-title-line-clamp: 0; --fg-description-line-clamp: 0;\" >\n\t<div class=\"fg-item fg-type-image fg-loading\"><figure class=\"fg-item-inner\"><a href=\"https:\/\/test.isladelajuventud-cuba.com\/wp-content\/uploads\/2021\/01\/FB_IMG_1574185517395.jpg\" data-caption-title=\"Campo de F\u00fatbol Municipal de Nueva Gerona\" data-attachment-id=\"35631\" data-type=\"image\" class=\"fg-thumb\"><span class=\"fg-image-wrap\"><img src=\"https:\/\/test.isladelajuventud-cuba.com\/wp-content\/uploads\/cache\/2021\/01\/FB_IMG_1574185517395\/2769526525.jpg\" title=\"Campo de F\u00fatbol Municipal de Nueva Gerona\" width=\"150\" height=\"113\" class=\"skip-lazy fg-image\" decoding=\"async\" loading=\"lazy\"><\/span><span class=\"fg-image-overlay\"><\/span><\/a><figcaption class=\"fg-caption\"><div class=\"fg-caption-inner\"><div class=\"fg-caption-title\">Campo de F\u00fatbol Municipal de Nueva Gerona<\/div><\/div><\/figcaption><\/figure><div class=\"fg-loader\"><\/div><\/div><\/div>\n<!-- FooGallery Debug Info : Start\r\n\r\nID => 35630\r\nTemplate => default\r\nDatasource => media_library\r\n\r\nFooGallery Settings\r\n===================\r\ndefault_alignment => fg-center\r\ndefault_border_size => fg-border-thin\r\ndefault_caption_desc_source => none\r\ndefault_drop_shadow => fg-shadow-small\r\ndefault_hover_effect_icon => fg-hover-zoom\r\ndefault_hover_effect_transition => fg-hover-fade\r\ndefault_hover_effect_type => normal\r\ndefault_lightbox => foogallery\r\ndefault_loaded_effect => fg-loaded-fade-in\r\ndefault_loading_icon => fg-loading-default\r\ndefault_spacing => fg-gutter-10\r\ndefault_theme => fg-light\r\ndefault_thumbnail_dimensions => \r\n   width => 150\r\n   height => 113\r\ndefault_thumbnail_link => image\r\nfoogallery_items_view => manage\r\n\r\nAttachment Info\r\n===============\r\n35631 => \r\n   url => https:\/\/test.isladelajuventud-cuba.com\/wp-content\/uploads\/2021\/01\/FB_IMG_1574185517395.jpg\r\n   type => image\r\n   width => 150\r\n   height => 113\r\n\r\nFooGallery Debug Info : End --><!-- FooGallery Debug Info : Start\r\n\r\nID => 35630\r\nTemplate => default\r\nDatasource => media_library\r\n\r\nFooGallery Settings\r\n===================\r\ndefault_alignment => fg-center\r\ndefault_border_size => fg-border-thin\r\ndefault_caption_desc_source => none\r\ndefault_drop_shadow => fg-shadow-small\r\ndefault_hover_effect_icon => fg-hover-zoom\r\ndefault_hover_effect_transition => fg-hover-fade\r\ndefault_hover_effect_type => normal\r\ndefault_lightbox => foogallery\r\ndefault_loaded_effect => fg-loaded-fade-in\r\ndefault_loading_icon => fg-loading-default\r\ndefault_spacing => fg-gutter-10\r\ndefault_theme => fg-light\r\ndefault_thumbnail_dimensions => \r\n   width => 150\r\n   height => 113\r\ndefault_thumbnail_link => image\r\nfoogallery_items_view => manage\r\n\r\nAttachment Info\r\n===============\r\n\r\nFooGallery Debug Info : End -->\n<p>[\/vc_column_text][\/vc_accordion_tab][\/vc_accordion][\/vc_column][\/vc_row][vc_row css_animation=\u00bb\u00bb row_type=\u00bbrow\u00bb use_row_as_full_screen_section=\u00bbno\u00bb type=\u00bbgrid\u00bb angled_section=\u00bbno\u00bb text_align=\u00bbcenter\u00bb background_image_as_pattern=\u00bbwithout_pattern\u00bb][vc_column][vc_empty_space height=\u00bb50px\u00bb][\/vc_column][\/vc_row]<\/p>\n<\/div>","protected":false},"excerpt":{"rendered":"<p>[vc_row css_animation=\u00bb\u00bb row_type=\u00bbrow\u00bb use_row_as_full_screen_section=\u00bbno\u00bb type=\u00bbfull_width\u00bb angled_section=\u00bbno\u00bb text_align=\u00bbcenter\u00bb background_image_as_pattern=\u00bbwithout_pattern\u00bb][vc_column][vc_column_text] [\/vc_column_text][\/vc_column][\/vc_row][vc_row css_animation=\u00bb\u00bb row_type=\u00bbrow\u00bb use_row_as_full_screen_section=\u00bbno\u00bb type=\u00bbgrid\u00bb angled_section=\u00bbno\u00bb text_align=\u00bbcenter\u00bb background_image_as_pattern=\u00bbwithout_pattern\u00bb][vc_column][vc_empty_space height=\u00bb50px\u00bb][\/vc_column][\/vc_row][vc_row css_animation=\u00bb\u00bb row_type=\u00bbrow\u00bb use_row_as_full_screen_section=\u00bbno\u00bb type=\u00bbgrid\u00bb angled_section=\u00bbno\u00bb text_align=\u00bbcenter\u00bb background_image_as_pattern=\u00bbwithout_pattern\u00bb][vc_column][\/vc_column][\/vc_row][vc_row css_animation=\u00bb\u00bb row_type=\u00bbrow\u00bb use_row_as_full_screen_section=\u00bbno\u00bb type=\u00bbgrid\u00bb angled_section=\u00bbno\u00bb text_align=\u00bbcenter\u00bb background_image_as_pattern=\u00bbwithout_pattern\u00bb][vc_column][vc_empty_space height=\u00bb50px\u00bb][\/vc_column][\/vc_row][vc_row css_animation=\u00bb\u00bb row_type=\u00bbrow\u00bb use_row_as_full_screen_section=\u00bbno\u00bb type=\u00bbgrid\u00bb angled_section=\u00bbno\u00bb text_align=\u00bbcenter\u00bb background_image_as_pattern=\u00bbwithout_pattern\u00bb][vc_column][vc_single_image image=\u00bb19134&#8243; img_size=\u00bbfull\u00bb alignment=\u00bbcenter\u00bb qode_css_animation=\u00bb\u00bb][vc_empty_space height=\u00bb20px\u00bb][\/vc_column][\/vc_row][vc_row css_animation=\u00bb\u00bb&#8230;<\/p>\n","protected":false},"author":1,"featured_media":0,"parent":0,"menu_order":0,"comment_status":"open","ping_status":"closed","template":"full_width.php","meta":{"_joinchat":[],"footnotes":""},"class_list":["post-19235","page","type-page","status-publish","hentry"],"_links":{"self":[{"href":"https:\/\/test.isladelajuventud-cuba.com\/index.php?rest_route=\/wp\/v2\/pages\/19235","targetHints":{"allow":["GET"]}}],"collection":[{"href":"https:\/\/test.isladelajuventud-cuba.com\/index.php?rest_route=\/wp\/v2\/pages"}],"about":[{"href":"https:\/\/test.isladelajuventud-cuba.com\/index.php?rest_route=\/wp\/v2\/types\/page"}],"author":[{"embeddable":true,"href":"https:\/\/test.isladelajuventud-cuba.com\/index.php?rest_route=\/wp\/v2\/users\/1"}],"replies":[{"embeddable":true,"href":"https:\/\/test.isladelajuventud-cuba.com\/index.php?rest_route=%2Fwp%2Fv2%2Fcomments&post=19235"}],"version-history":[{"count":0,"href":"https:\/\/test.isladelajuventud-cuba.com\/index.php?rest_route=\/wp\/v2\/pages\/19235\/revisions"}],"wp:attachment":[{"href":"https:\/\/test.isladelajuventud-cuba.com\/index.php?rest_route=%2Fwp%2Fv2%2Fmedia&parent=19235"}],"curies":[{"name":"wp","href":"https:\/\/api.w.org\/{rel}","templated":true}]}}