{"id":20227,"date":"2014-04-15T12:33:38","date_gmt":"2014-04-15T12:33:38","guid":{"rendered":"https:\/\/test.isladelajuventud-cuba.com\/geografia-politica\/"},"modified":"2022-04-26T18:20:09","modified_gmt":"2022-04-26T18:20:09","slug":"parques-2","status":"publish","type":"page","link":"https:\/\/test.isladelajuventud-cuba.com\/?page_id=20227","title":{"rendered":"Parques"},"content":{"rendered":"<div class=\"wpb-content-wrapper\" id=\"wpb-content-root\"><p>[vc_row css_animation=\u00bb\u00bb row_type=\u00bbrow\u00bb use_row_as_full_screen_section=\u00bbno\u00bb type=\u00bbfull_width\u00bb angled_section=\u00bbno\u00bb text_align=\u00bbcenter\u00bb background_image_as_pattern=\u00bbwithout_pattern\u00bb][vc_column][vc_column_text]<\/p>\n<p style=\"text-align: center;\"><div class=\"wp1s-slider-wrapper wp1s-slider-wrapper-64260 \">  \r\n    <div class=\"wp1s-main-wrapper\">\r\n      \r\n\r\n    <div class=\"wp1s-slider-container wp1s-pager-type-1 wp1s-arrow-type-1 wp1s-pagination\">\r\n    <ul class=\"wp1s-bxslider\" data-id=\"64260\" data-auto='true' data-speed='1000' data-pause='5000' data-transition='horizontal' data-controls='true' data-responsive='true' data-pager='disable' >\r\n            <li>\r\n            <img decoding=\"async\" src=\"https:\/\/test.isladelajuventud-cuba.com\/wp-content\/uploads\/2020\/01\/slide1.jpg\" \/>\r\n            <div class=\"wp1s-caption-wrapper wp1s-caption-type-1 wp1s-caption-middlecenter\">\r\n            <h1 class=\"wp1s-caption-title\"><\/h1>\r\n            <h2 class=\"wp1s-caption-content\"><\/h2>\r\n                        <\/div>\r\n        <\/li>\r\n            <li>\r\n            <img decoding=\"async\" src=\"https:\/\/test.isladelajuventud-cuba.com\/wp-content\/uploads\/2020\/01\/slide2.jpg\" \/>\r\n            <div class=\"wp1s-caption-wrapper wp1s-caption-type-1 wp1s-caption-middlecenter\">\r\n            <h1 class=\"wp1s-caption-title\"><\/h1>\r\n            <h2 class=\"wp1s-caption-content\">Cayo Largo del Sur. Un Para\u00edso del Caribe.<\/h2>\r\n                        <a href=\"https:\/\/test.isladelajuventud-cuba.com\/alojamiento-hoteles\/\" class=\"wps1-readmore-button\">Reserve con un click.<\/a>\r\n                        <\/div>\r\n        <\/li>\r\n            <li>\r\n            <img decoding=\"async\" src=\"https:\/\/test.isladelajuventud-cuba.com\/wp-content\/uploads\/2019\/10\/test1.jpg\" \/>\r\n            <div class=\"wp1s-caption-wrapper wp1s-caption-type-1 wp1s-caption-middlecenter\">\r\n            <h1 class=\"wp1s-caption-title\"><\/h1>\r\n            <h2 class=\"wp1s-caption-content\"><\/h2>\r\n                        <\/div>\r\n        <\/li>\r\n            <li>\r\n            <img decoding=\"async\" src=\"https:\/\/test.isladelajuventud-cuba.com\/wp-content\/uploads\/2020\/01\/slide4.jpg\" \/>\r\n            <div class=\"wp1s-caption-wrapper wp1s-caption-type-1 wp1s-caption-middlecenter\">\r\n            <h1 class=\"wp1s-caption-title\"><\/h1>\r\n            <h2 class=\"wp1s-caption-content\">Puestas de sol \u00fanicas...<\/h2>\r\n                        <\/div>\r\n        <\/li>\r\n            <li>\r\n            <img decoding=\"async\" src=\"https:\/\/test.isladelajuventud-cuba.com\/wp-content\/uploads\/2020\/01\/slide3.jpg\" \/>\r\n            <div class=\"wp1s-caption-wrapper wp1s-caption-type-1 wp1s-caption-middlecenter\">\r\n            <h1 class=\"wp1s-caption-title\"><\/h1>\r\n            <h2 class=\"wp1s-caption-content\">Un mundo bajo el mar.<\/h2>\r\n                        <a href=\"https:\/\/test.isladelajuventud-cuba.com\/centros-de-buceo\/\" class=\"wps1-readmore-button\">Reserve  tus inmersiones con un click.<\/a>\r\n                        <\/div>\r\n        <\/li>\r\n            <li>\r\n            <img decoding=\"async\" src=\"https:\/\/test.isladelajuventud-cuba.com\/wp-content\/uploads\/2020\/01\/slide5.jpg\" \/>\r\n            <div class=\"wp1s-caption-wrapper wp1s-caption-type-1 wp1s-caption-middlecenter\">\r\n            <h1 class=\"wp1s-caption-title\"><\/h1>\r\n            <h2 class=\"wp1s-caption-content\">Descubra algunas de las mejores playas del mundo.<\/h2>\r\n                        <a href=\"https:\/\/test.isladelajuventud-cuba.com\/playas-2\/\" class=\"wps1-readmore-button\">Ver m\u00e1s playas<\/a>\r\n                        <\/div>\r\n        <\/li>\r\n            <li>\r\n            <img decoding=\"async\" src=\"https:\/\/test.isladelajuventud-cuba.com\/wp-content\/uploads\/2020\/01\/slide6-1.jpg\" \/>\r\n            <div class=\"wp1s-caption-wrapper wp1s-caption-type-1 wp1s-caption-middlecenter\">\r\n            <h1 class=\"wp1s-caption-title\"><\/h1>\r\n            <h2 class=\"wp1s-caption-content\">Descubre su naturaleza en estado puro...<\/h2>\r\n                        <\/div>\r\n        <\/li>\r\n            <li>\r\n            <img decoding=\"async\" src=\"https:\/\/test.isladelajuventud-cuba.com\/wp-content\/uploads\/2020\/01\/slide7.jpg\" \/>\r\n            <div class=\"wp1s-caption-wrapper wp1s-caption-type-1 wp1s-caption-middlecenter\">\r\n            <h1 class=\"wp1s-caption-title\"><\/h1>\r\n            <h2 class=\"wp1s-caption-content\">MUSEOS<\/h2>\r\n                        <a href=\"https:\/\/test.isladelajuventud-cuba.com\/museos\/\" class=\"wps1-readmore-button\">Ver m\u00e1s Museos<\/a>\r\n                        <\/div>\r\n        <\/li>\r\n            <li>\r\n            <img decoding=\"async\" src=\"https:\/\/test.isladelajuventud-cuba.com\/wp-content\/uploads\/2020\/01\/slide8.jpg\" \/>\r\n            <div class=\"wp1s-caption-wrapper wp1s-caption-type-1 wp1s-caption-middlecenter\">\r\n            <h1 class=\"wp1s-caption-title\"><\/h1>\r\n            <h2 class=\"wp1s-caption-content\">LUGARES DE INTER\u00c9S<\/h2>\r\n                        <a href=\"https:\/\/test.isladelajuventud-cuba.com\/lugares-de-interes-2\/\" class=\"wps1-readmore-button\">Ver m\u00e1s Lugares de Inter\u00e9s<\/a>\r\n                        <\/div>\r\n        <\/li>\r\n            <li>\r\n            <img decoding=\"async\" src=\"https:\/\/test.isladelajuventud-cuba.com\/wp-content\/uploads\/2020\/01\/slide9-1.jpg\" \/>\r\n            <div class=\"wp1s-caption-wrapper wp1s-caption-type-1 wp1s-caption-middlecenter\">\r\n            <h1 class=\"wp1s-caption-title\"><\/h1>\r\n            <h2 class=\"wp1s-caption-content\">Hoteles, casas de alquiler, camping. <\/h2>\r\n                        <a href=\"https:\/\/test.isladelajuventud-cuba.com\/alojamiento\/\" class=\"wps1-readmore-button\">Reserva su alojamiento con un click.<\/a>\r\n                        <\/div>\r\n        <\/li>\r\n            <li>\r\n            <img decoding=\"async\" src=\"https:\/\/test.isladelajuventud-cuba.com\/wp-content\/uploads\/2020\/01\/slide10.jpg\" \/>\r\n            <div class=\"wp1s-caption-wrapper wp1s-caption-type-1 wp1s-caption-middlecenter\">\r\n            <h1 class=\"wp1s-caption-title\"><\/h1>\r\n            <h2 class=\"wp1s-caption-content\">Nueva Gerona fundada en 1830, una ciudad que  le sorprender\u00e1...<\/h2>\r\n                        <a href=\"https:\/\/test.isladelajuventud-cuba.com\/nucleos-urbanos-nueva-gerona\/\" class=\"wps1-readmore-button\">Conozca Nueva Gerona con un click<\/a>\r\n                        <\/div>\r\n        <\/li>\r\n            <li>\r\n            <img decoding=\"async\" src=\"https:\/\/test.isladelajuventud-cuba.com\/wp-content\/uploads\/2020\/02\/monumentos.jpg\" \/>\r\n            <div class=\"wp1s-caption-wrapper wp1s-caption-type-1 wp1s-caption-middlecenter\">\r\n            <h1 class=\"wp1s-caption-title\"><\/h1>\r\n            <h2 class=\"wp1s-caption-content\">MONUMENTOS<\/h2>\r\n                        <a href=\"https:\/\/test.isladelajuventud-cuba.com\/monumentos\/\" class=\"wps1-readmore-button\">Ver m\u00e1s Monumentos<\/a>\r\n                        <\/div>\r\n        <\/li>\r\n        <\/ul>\r\n    <\/div>\r\n<\/div>\r\n      <\/div>\r\n   <style>\r\n\r\n.wp1s-slider-wrapper-64260 {\r\n    \r\n     width:100%%;   \r\n}\r\n\r\n.wp1s-slider-wrapper-64260 .wp1s-caption-wrapper.wp1s-caption-type-1 .wp1s-caption-title{\r\n\r\n    font-size:20px;\r\n   \r\n}\r\n\r\n.wp1s-slider-wrapper-64260 .wp1s-caption-wrapper.wp1s-caption-type-1 .wp1s-caption-content{\r\n   \r\n    font-size: 40px;\r\n    \r\n}\r\n.wp1s-slider-wrapper-64260 .wp1s-caption-wrapper.wp1s-caption-type-2 .wp1s-caption-title {\r\n    font-size:20px;\r\n    background-color:rgba(125,165,82,0.8);\r\n   \r\n}\r\n.wp1s-slider-wrapper-64260 .wp1s-caption-wrapper.wp1s-caption-type-2 .wp1s-caption-content {\r\n    font-size:40px;\r\n\r\n}\r\n.wp1s-slider-wrapper-64260 .wp1s-caption-wrapper.wp1s-caption-type-3 .wp1s-caption-title {\r\n    font-size:20px;\r\n    border-bottom:7px solid #2ed1ff;\r\n}\r\n.wp1s-slider-wrapper-64260 .wp1s-caption-wrapper.wp1s-caption-type-3 .wp1s-caption-content {\r\n    font-size:40px;\r\n   \r\n}\r\n.wp1s-slider-wrapper-64260 .wp1s-caption-wrapper.wp1s-caption-type-4  {\r\n   \r\n    background-color:rgba(124,118,118,0.6);\r\n\r\n}\r\n.wp1s-slider-wrapper-64260 .wp1s-caption-wrapper.wp1s-caption-type-4 .wp1s-caption-title {\r\n    font-size:20px;\r\n\r\n}\r\n.wp1s-slider-wrapper-64260 .wp1s-caption-wrapper.wp1s-caption-type-4 .wp1s-caption-content {\r\n    font-size:40px;\r\n}\r\n.wp1s-slider-wrapper-64260 .wp1s-caption-wrapper .wp1s-caption-title {\r\n    color:#ffffff;\r\n}\r\n.wp1s-slider-wrapper-64260 .wp1s-caption-wrapper .wp1s-caption-content {\r\n    color:#59d600;\r\n}\r\n.wp1s-slider-wrapper-64260 .wp1s-main-wrapper .wp1s-pager-type-1 .bx-wrapper .bx-pager.bx-default-pager a {\r\n    background-color:#ffffff;\r\n}\r\n.wp1s-slider-wrapper-64260 .wp1s-main-wrapper .wp1s-pager-type-1 .bx-wrapper .bx-pager.bx-default-pager a:hover, \r\n.wp1s-slider-wrapper-64260 .wp1s-main-wrapper .wp1s-pager-type-1 .bx-wrapper .bx-pager.bx-default-pager a.active {\r\n    background-color:#3bb1f4;\r\n}\r\n.wp1s-slider-wrapper-64260 .wp1s-main-wrapper .wp1s-pager-type-2 .bx-wrapper .bx-pager.bx-default-pager a {\r\n    background-color:#635e5e;\r\n    border:3px solid #979191;\r\n}\r\n.wp1s-slider-wrapper-64260 .wp1s-main-wrapper .wp1s-pager-type-2 .bx-wrapper .bx-pager.bx-default-pager a:hover, \r\n.wp1s-slider-wrapper-64260 .wp1s-main-wrapper .wp1s-pager-type-2 .bx-wrapper .bx-pager.bx-default-pager a.active {\r\n    background-color:#ffffff;\r\n}\r\n.wp1s-slider-wrapper-64260 .wp1s-main-wrapper .wp1s-pager-type-3 .bx-wrapper .bx-pager.bx-default-pager a {\r\n    border:1px solid #ffffff;\r\n   \r\n}\r\n.wp1s-slider-wrapper-64260 .wp1s-main-wrapper .wp1s-pager-type-3 .bx-wrapper .bx-pager.bx-default-pager a:hover, \r\n.wp1s-slider-wrapper-64260 .wp1s-main-wrapper .wp1s-pager-type-3 .bx-wrapper .bx-pager.bx-default-pager a.active {\r\n    border-color:#ff9600;\r\n}\r\n.wp1s-slider-wrapper-64260 .wp1s-main-wrapper .wp1s-pager-type-4 .bx-wrapper .bx-pager.bx-default-pager a {\r\n    background-color:#7a7a7a;\r\n    \r\n}\r\n.wp1s-slider-wrapper-64260 .wp1s-main-wrapper .wp1s-pager-type-4 .bx-wrapper .bx-pager.bx-default-pager a:hover, \r\n.wp1s-slider-wrapper-64260 .wp1s-main-wrapper .wp1s-pager-type-4 .bx-wrapper .bx-pager.bx-default-pager a.active {\r\n    background-color:#ffffff;\r\n}\r\n.wp1s-slider-wrapper-64260 .wp1s-caption-wrapper.wp1s-caption-type-1 .wps1-readmore-button {\r\n    background-color: #1e75f6;\r\n    box-shadow: 0 2px 0 #1758c6;\r\n    -webkit-box-shadow: 0 2px 0 #1758c6;\r\n    -moz-box-shadow: 0 2px 0 #1758c6;\r\n}\r\n.wp1s-slider-wrapper-64260 .wp1s-caption-wrapper.wp1s-caption-type-1 .wps1-readmore-button:hover {\r\n    background-color:#11499e;\r\n}\r\n@media (max-width:1200px) {\r\n.wp1s-slider-wrapper-64260 .wp1s-slider-wrapper {\r\nwidth:100%;\r\n}\r\n}\r\n.wp1s-widget-wrap .wp1s-caption-wrapper {\r\n\r\ndisplay: none;\r\n}\r\n\r\n.wp1s-widget-wrap .wp1s-thumbnail-wrapper {\r\ndisplay: none;\r\n}\r\n\r\n<\/style><\/p>\n<p>[\/vc_column_text][\/vc_column][\/vc_row][vc_row css_animation=\u00bb\u00bb row_type=\u00bbrow\u00bb use_row_as_full_screen_section=\u00bbno\u00bb type=\u00bbgrid\u00bb angled_section=\u00bbno\u00bb text_align=\u00bbcenter\u00bb background_image_as_pattern=\u00bbwithout_pattern\u00bb][vc_column][vc_empty_space height=\u00bb50px\u00bb][\/vc_column][\/vc_row][vc_row css_animation=\u00bb\u00bb row_type=\u00bbrow\u00bb use_row_as_full_screen_section=\u00bbno\u00bb type=\u00bbgrid\u00bb angled_section=\u00bbno\u00bb text_align=\u00bbcenter\u00bb background_image_as_pattern=\u00bbwithout_pattern\u00bb][vc_column]<div class=\"custom_font_holder \" style=\"font-family: Open Sans; font-style: normal; font-weight: 400; color: #000000; text-decoration: none; text-align: left; --qode-cf-font-size: 30px; --qode-cf-line-height: 36px; --qode-cf-font-size-1440: 30px; --qode-cf-line-height-1440: 36px; --qode-cf-font-size-1366: 30px; --qode-cf-line-height-1366: 36px; --qode-cf-font-size-1280: 30px; --qode-cf-line-height-1280: 36px; --qode-cf-font-size-1024: 30px; --qode-cf-line-height-1024: 36px; --qode-cf-font-size-768: 30px; --qode-cf-line-height-768: 36px; --qode-cf-font-size-680: 30px; --qode-cf-line-height-680: 36px; --qode-cf-font-size-480: 30px; --qode-cf-line-height-480: 36px;\">\n<h1 style=\"text-align: left;\">Parques<\/h1>\n<\/div>[vc_separator type=\u00bbnormal\u00bb color=\u00bb#000000&#8243;][\/vc_column][\/vc_row][vc_row css_animation=\u00bb\u00bb row_type=\u00bbrow\u00bb use_row_as_full_screen_section=\u00bbno\u00bb type=\u00bbgrid\u00bb angled_section=\u00bbno\u00bb text_align=\u00bbcenter\u00bb background_image_as_pattern=\u00bbwithout_pattern\u00bb][vc_column][vc_empty_space height=\u00bb50px\u00bb][\/vc_column][\/vc_row][vc_row css_animation=\u00bb\u00bb row_type=\u00bbrow\u00bb use_row_as_full_screen_section=\u00bbno\u00bb type=\u00bbgrid\u00bb angled_section=\u00bbno\u00bb text_align=\u00bbcenter\u00bb background_image_as_pattern=\u00bbwithout_pattern\u00bb][vc_column][vc_empty_space height=\u00bb50px\u00bb][\/vc_column][\/vc_row][vc_row css_animation=\u00bb\u00bb row_type=\u00bbrow\u00bb use_row_as_full_screen_section=\u00bbno\u00bb type=\u00bbgrid\u00bb angled_section=\u00bbno\u00bb text_align=\u00bbcenter\u00bb background_image_as_pattern=\u00bbwithout_pattern\u00bb][vc_column]<div class=\"custom_font_holder \" style=\"font-family: Lato; font-style: normal; font-weight: 400; color: #000000; text-decoration: none; text-align: left; --qode-cf-font-size: 14px; --qode-cf-line-height: 18px; --qode-cf-font-size-1440: 14px; --qode-cf-line-height-1440: 18px; --qode-cf-font-size-1366: 14px; --qode-cf-line-height-1366: 18px; --qode-cf-font-size-1280: 14px; --qode-cf-line-height-1280: 18px; --qode-cf-font-size-1024: 14px; --qode-cf-line-height-1024: 18px; --qode-cf-font-size-768: 14px; --qode-cf-line-height-768: 18px; --qode-cf-font-size-680: 14px; --qode-cf-line-height-680: 18px; --qode-cf-font-size-480: 14px; --qode-cf-line-height-480: 18px;\">\n<p style=\"text-align: center;\"><strong>PLAZAS Y PARQUES PINEROS<\/strong><\/p>\n<p>&nbsp;<\/p>\n<p>Las plazas donde se reun\u00edan los habitantes de los pueblos, lo hac\u00edan con el fin de comerciar o negociar con los campesinos y artesanos del lugar; devino en lugar de reuniones de conocidos, citas, paseos y disfrute de la familia en presenciar actividades culturales y deportivas.<\/p>\n<p>&nbsp;<\/p>\n<p>Unos son nombrados plazas o parques; dichos lugares son propicios para estos fines por sus excelentes condiciones de bienestar, comodidad cuando hay bancos para descansar, tranquilidad y disfrutar del d\u00eda, bajo la sombra de frondosos \u00e1rboles. Hacen agradable la estancia, al despejar la mente y eliminar el estr\u00e9s del quehacer diario.<\/p>\n<p>&nbsp;<\/p>\n<p>Muchas de estas plazas o parques, sin duda, son s\u00edmbolos de cada ciudad o pueblo. Todos ellos guardan una rica historia y forman parte de la identidad del lugar.<\/p>\n<p>&nbsp;<\/p>\n<p>La primera plaza o parque que se tiene conocimiento en Isla de Pinos, fue:<\/div>[\/vc_column][\/vc_row][vc_row css_animation=\u00bb\u00bb row_type=\u00bbrow\u00bb use_row_as_full_screen_section=\u00bbno\u00bb type=\u00bbgrid\u00bb angled_section=\u00bbno\u00bb text_align=\u00bbcenter\u00bb background_image_as_pattern=\u00bbwithout_pattern\u00bb][vc_column][vc_empty_space height=\u00bb50px\u00bb][\/vc_column][\/vc_row][vc_row css_animation=\u00bb\u00bb row_type=\u00bbrow\u00bb use_row_as_full_screen_section=\u00bbno\u00bb type=\u00bbgrid\u00bb angled_section=\u00bbno\u00bb text_align=\u00bbcenter\u00bb background_image_as_pattern=\u00bbwithout_pattern\u00bb][vc_column]<div class=\"custom_font_holder \" style=\"font-family: Lato; font-style: normal; font-weight: 400; color: #000000; text-decoration: none; text-align: left; --qode-cf-font-size: 14px; --qode-cf-line-height: 18px; --qode-cf-font-size-1440: 14px; --qode-cf-line-height-1440: 18px; --qode-cf-font-size-1366: 14px; --qode-cf-line-height-1366: 18px; --qode-cf-font-size-1280: 14px; --qode-cf-line-height-1280: 18px; --qode-cf-font-size-1024: 14px; --qode-cf-line-height-1024: 18px; --qode-cf-font-size-768: 14px; --qode-cf-line-height-768: 18px; --qode-cf-font-size-680: 14px; --qode-cf-line-height-680: 18px; --qode-cf-font-size-480: 14px; --qode-cf-line-height-480: 18px;\">\n<p style=\"text-align: center;\"><strong>PARQUE JOS\u00c9 LACRET MORLOT<br \/>\n<\/strong><\/p>\n<p>&nbsp;<\/p>\n<p>Con el nombre de plaza Albert o de Nueva Gerona se conoci\u00f3 este espacio desde la fundaci\u00f3n de la Colonia Reina Amalia, el 17 de diciembre de 1830. Lugar donde recib\u00eda el gobernador militar, a los presidiarios y deportados que llegaban desde distintos lugares del pa\u00eds.<\/p>\n<p>&nbsp;<\/p>\n<p>A su alrededor se encontraban la Casa de Gobierno, (despu\u00e9s el Ayuntamiento y hoy Museo Municipal), as\u00ed como las mejores viviendas de Nueva Gerona.<\/p>\n<p>&nbsp;<\/p>\n<p>En la \u00faltima d\u00e9cada del siglo XX, se construy\u00f3 la glorieta, se delimitaron las aceras circulares y radiales que sal\u00edan desde el centro de la plaza hac\u00eda los l\u00edmites circulares; m\u00e1s tarde se colocaron bancos de asientos en las aceras y se sembraron plantas, formando un bello jard\u00edn, las cuales con el paso del tiempo dieron sombra para garantizar una estancia agradable, a pesar del clima caluroso del territorio.<\/p>\n<p>&nbsp;<\/p>\n<p>Ya en 1926, la ciudad contaba con su sencillo y hermoso parque, al cual bautizaron con el nombre de Jos\u00e9 Lacret Morlot, como homenaje a este general mamb\u00ed que hab\u00eda propuesto al Gobierno de la Rep\u00fablica en Armas la invasi\u00f3n a Isla de Pinos y la de Puerto Rico para lograr sus independencias.<\/p>\n<p>&nbsp;<\/p>\n<p>Aqu\u00ed se pod\u00eda apreciar las retretas de la banda municipal formada por sus pobladores y reclusos del Presidio Modelo, como distintas funciones culturales, actos pol\u00edticos y sociales. Siempre el parque Lacret fue el lugar de recreaci\u00f3n y de estar m\u00e1s ameno de los geronenses y de obligada visita para todo aqu\u00e9l que pasa por la ciudad.<\/p>\n<p>&nbsp;<\/p>\n<p>En 1967, se decidi\u00f3 transformar el parque en una plaza y se le puso el nombre de \u201cGuerrillero Heroico\u201d en honor al comandante Ernesto \u201cChe\u201d Guevara.<\/p>\n<p>&nbsp;<\/p>\n<p>Hoy d\u00eda, cada actividad pol\u00edtica, cultural, social y recreativa es utilizada esta plaza, donde todos los pineros se re\u00fanen y comparten de las mismas.<\/p>\n<p>&nbsp;<\/p>\n<p>Recientemente se hizo una reparaci\u00f3n total, respetando la conservaci\u00f3n original.<\/div>[vc_empty_space height=\u00bb30px\u00bb][vc_column_text]<\/p>\n<style type=\"text\/css\">\n#foogallery-gallery-18041 .fg-image { width: 150px; }\n#foogallery-gallery-18041 { --fg-gutter: 10px; }<\/style>\n\t\t\t<style type=\"text\/css\">\n#foogallery-gallery-18041_1 .fg-image { width: 150px; }\n#foogallery-gallery-18041_1 { --fg-gutter: 10px; }<\/style>\n\t\t\t<div class=\"foogallery foogallery-container foogallery-default foogallery-lightbox-foobox fg-center fg-default fg-ready fg-light fg-border-thin fg-shadow-small fg-loading-default fg-loaded-fade-in fg-hover-fade fg-hover-zoom fg-debug\" id=\"foogallery-gallery-18041_1\" data-foogallery=\"{&quot;item&quot;:{&quot;showCaptionTitle&quot;:true,&quot;showCaptionDescription&quot;:false},&quot;lazy&quot;:true,&quot;src&quot;:&quot;src&quot;,&quot;srcset&quot;:&quot;srcset&quot;}\" style=\"--fg-title-line-clamp: 0; --fg-description-line-clamp: 0;\" >\n\t<div class=\"fg-item fg-type-image fg-loading\"><figure class=\"fg-item-inner\"><a href=\"https:\/\/test.isladelajuventud-cuba.com\/wp-content\/uploads\/2017\/02\/WhatsApp-Image-2021-02-06-at-16.28.21.jpeg\" data-caption-title=\"PARQUE JOS\u00c9 LACRET MORLOT\" data-attachment-id=\"35712\" data-type=\"image\" class=\"fg-thumb\"><span class=\"fg-image-wrap\"><img src=\"https:\/\/test.isladelajuventud-cuba.com\/wp-content\/uploads\/cache\/2017\/02\/WhatsApp-Image-2021-02-06-at-16_28_21\/3328152909.jpeg\" width=\"150\" height=\"100\" class=\"skip-lazy fg-image\" decoding=\"async\" loading=\"lazy\"><\/span><span class=\"fg-image-overlay\"><\/span><\/a><figcaption class=\"fg-caption\"><div class=\"fg-caption-inner\"><div class=\"fg-caption-title\">PARQUE JOS\u00c9 LACRET MORLOT<\/div><\/div><\/figcaption><\/figure><div class=\"fg-loader\"><\/div><\/div><div class=\"fg-item fg-type-image fg-loading\"><figure class=\"fg-item-inner\"><a href=\"https:\/\/test.isladelajuventud-cuba.com\/wp-content\/uploads\/2017\/02\/guerrillero1.jpg\" data-caption-title=\"PARQUE JOS\u00c9 LACRET MORLOT\" data-attachment-id=\"18021\" data-type=\"image\" class=\"fg-thumb\"><span class=\"fg-image-wrap\"><img src=\"https:\/\/test.isladelajuventud-cuba.com\/wp-content\/uploads\/cache\/2017\/02\/guerrillero1\/1474544941.jpg\" width=\"150\" height=\"100\" class=\"skip-lazy fg-image\" decoding=\"async\" loading=\"lazy\"><\/span><span class=\"fg-image-overlay\"><\/span><\/a><figcaption class=\"fg-caption\"><div class=\"fg-caption-inner\"><div class=\"fg-caption-title\">PARQUE JOS\u00c9 LACRET MORLOT<\/div><\/div><\/figcaption><\/figure><div class=\"fg-loader\"><\/div><\/div><div class=\"fg-item fg-type-image fg-loading\"><figure class=\"fg-item-inner\"><a href=\"https:\/\/test.isladelajuventud-cuba.com\/wp-content\/uploads\/2017\/02\/guerrillero2.jpg\" data-caption-title=\"PARQUE JOS\u00c9 LACRET MORLOT\" data-attachment-id=\"18022\" data-type=\"image\" class=\"fg-thumb\"><span class=\"fg-image-wrap\"><img src=\"https:\/\/test.isladelajuventud-cuba.com\/wp-content\/uploads\/cache\/2017\/02\/guerrillero2\/3374227496.jpg\" width=\"150\" height=\"100\" class=\"skip-lazy fg-image\" decoding=\"async\" loading=\"lazy\"><\/span><span class=\"fg-image-overlay\"><\/span><\/a><figcaption class=\"fg-caption\"><div class=\"fg-caption-inner\"><div class=\"fg-caption-title\">PARQUE JOS\u00c9 LACRET MORLOT<\/div><\/div><\/figcaption><\/figure><div class=\"fg-loader\"><\/div><\/div><div class=\"fg-item fg-type-image fg-loading\"><figure class=\"fg-item-inner\"><a href=\"https:\/\/test.isladelajuventud-cuba.com\/wp-content\/uploads\/2017\/02\/guerrillero3.jpg\" data-caption-title=\"PARQUE JOS\u00c9 LACRET MORLOT\" data-attachment-id=\"18023\" data-type=\"image\" class=\"fg-thumb\"><span class=\"fg-image-wrap\"><img src=\"https:\/\/test.isladelajuventud-cuba.com\/wp-content\/uploads\/cache\/2017\/02\/guerrillero3\/3166012203.jpg\" width=\"150\" height=\"100\" class=\"skip-lazy fg-image\" decoding=\"async\" loading=\"lazy\"><\/span><span class=\"fg-image-overlay\"><\/span><\/a><figcaption class=\"fg-caption\"><div class=\"fg-caption-inner\"><div class=\"fg-caption-title\">PARQUE JOS\u00c9 LACRET MORLOT<\/div><\/div><\/figcaption><\/figure><div class=\"fg-loader\"><\/div><\/div><div class=\"fg-item fg-type-image fg-loading\"><figure class=\"fg-item-inner\"><a href=\"https:\/\/test.isladelajuventud-cuba.com\/wp-content\/uploads\/2017\/02\/guerrillero4.jpg\" data-caption-title=\"PARQUE JOS\u00c9 LACRET MORLOT\" data-attachment-id=\"18024\" data-type=\"image\" class=\"fg-thumb\"><span class=\"fg-image-wrap\"><img src=\"https:\/\/test.isladelajuventud-cuba.com\/wp-content\/uploads\/cache\/2017\/02\/guerrillero4\/798321763.jpg\" width=\"150\" height=\"100\" class=\"skip-lazy fg-image\" decoding=\"async\" loading=\"lazy\"><\/span><span class=\"fg-image-overlay\"><\/span><\/a><figcaption class=\"fg-caption\"><div class=\"fg-caption-inner\"><div class=\"fg-caption-title\">PARQUE JOS\u00c9 LACRET MORLOT<\/div><\/div><\/figcaption><\/figure><div class=\"fg-loader\"><\/div><\/div><div class=\"fg-item fg-type-image fg-loading\"><figure class=\"fg-item-inner\"><a href=\"https:\/\/test.isladelajuventud-cuba.com\/wp-content\/uploads\/2017\/02\/WhatsApp-Image-2021-02-06-at-16.35.001.jpeg\" data-caption-title=\"PARQUE JOS\u00c9 LACRET MORLOT\" data-attachment-id=\"35724\" data-type=\"image\" class=\"fg-thumb\"><span class=\"fg-image-wrap\"><img src=\"https:\/\/test.isladelajuventud-cuba.com\/wp-content\/uploads\/cache\/2017\/02\/WhatsApp-Image-2021-02-06-at-16_35_001\/4158762226.jpeg\" width=\"150\" height=\"100\" class=\"skip-lazy fg-image\" decoding=\"async\" loading=\"lazy\"><\/span><span class=\"fg-image-overlay\"><\/span><\/a><figcaption class=\"fg-caption\"><div class=\"fg-caption-inner\"><div class=\"fg-caption-title\">PARQUE JOS\u00c9 LACRET MORLOT<\/div><\/div><\/figcaption><\/figure><div class=\"fg-loader\"><\/div><\/div><\/div>\n<!-- FooGallery Debug Info : Start\r\n\r\nID => 18041\r\nTemplate => default\r\nDatasource => media_library\r\n\r\nFooGallery Settings\r\n===================\r\ndefault_alignment => fg-center\r\ndefault_border_size => fg-border-thin\r\ndefault_caption_desc_source => none\r\ndefault_drop_shadow => fg-shadow-small\r\ndefault_hover_effect_icon => fg-hover-zoom\r\ndefault_hover_effect_transition => fg-hover-fade\r\ndefault_hover_effect_type => normal\r\ndefault_lightbox => foobox\r\ndefault_loaded_effect => fg-loaded-fade-in\r\ndefault_loading_icon => fg-loading-default\r\ndefault_spacing => fg-gutter-10\r\ndefault_theme => fg-light\r\ndefault_thumbnail_dimensions => \r\n   width => 150\r\n   height => 100\r\ndefault_thumbnail_link => image\r\nfoogallery_items_view => manage\r\n\r\nAttachment Info\r\n===============\r\n35712 => \r\n   url => https:\/\/test.isladelajuventud-cuba.com\/wp-content\/uploads\/2017\/02\/WhatsApp-Image-2021-02-06-at-16.28.21.jpeg\r\n   type => image\r\n   width => 150\r\n   height => 100\r\n18021 => \r\n   url => https:\/\/test.isladelajuventud-cuba.com\/wp-content\/uploads\/2017\/02\/guerrillero1.jpg\r\n   type => image\r\n   width => 150\r\n   height => 100\r\n18022 => \r\n   url => https:\/\/test.isladelajuventud-cuba.com\/wp-content\/uploads\/2017\/02\/guerrillero2.jpg\r\n   type => image\r\n   width => 150\r\n   height => 100\r\n18023 => \r\n   url => https:\/\/test.isladelajuventud-cuba.com\/wp-content\/uploads\/2017\/02\/guerrillero3.jpg\r\n   type => image\r\n   width => 150\r\n   height => 100\r\n18024 => \r\n   url => https:\/\/test.isladelajuventud-cuba.com\/wp-content\/uploads\/2017\/02\/guerrillero4.jpg\r\n   type => image\r\n   width => 150\r\n   height => 100\r\n35724 => \r\n   url => https:\/\/test.isladelajuventud-cuba.com\/wp-content\/uploads\/2017\/02\/WhatsApp-Image-2021-02-06-at-16.35.001.jpeg\r\n   type => image\r\n   width => 150\r\n   height => 100\r\n\r\nFooGallery Debug Info : End --><!-- FooGallery Debug Info : Start\r\n\r\nID => 18041\r\nTemplate => default\r\nDatasource => media_library\r\n\r\nFooGallery Settings\r\n===================\r\ndefault_alignment => fg-center\r\ndefault_border_size => fg-border-thin\r\ndefault_caption_desc_source => none\r\ndefault_drop_shadow => fg-shadow-small\r\ndefault_hover_effect_icon => fg-hover-zoom\r\ndefault_hover_effect_transition => fg-hover-fade\r\ndefault_hover_effect_type => normal\r\ndefault_lightbox => foobox\r\ndefault_loaded_effect => fg-loaded-fade-in\r\ndefault_loading_icon => fg-loading-default\r\ndefault_spacing => fg-gutter-10\r\ndefault_theme => fg-light\r\ndefault_thumbnail_dimensions => \r\n   width => 150\r\n   height => 100\r\ndefault_thumbnail_link => image\r\nfoogallery_items_view => manage\r\n\r\nAttachment Info\r\n===============\r\n\r\nFooGallery Debug Info : End -->\n<p>[\/vc_column_text][\/vc_column][\/vc_row][vc_row css_animation=\u00bb\u00bb row_type=\u00bbrow\u00bb use_row_as_full_screen_section=\u00bbno\u00bb type=\u00bbgrid\u00bb angled_section=\u00bbno\u00bb text_align=\u00bbcenter\u00bb background_image_as_pattern=\u00bbwithout_pattern\u00bb][vc_column][vc_empty_space height=\u00bb50px\u00bb][\/vc_column][\/vc_row][vc_row css_animation=\u00bb\u00bb row_type=\u00bbrow\u00bb use_row_as_full_screen_section=\u00bbno\u00bb type=\u00bbgrid\u00bb angled_section=\u00bbno\u00bb text_align=\u00bbcenter\u00bb background_image_as_pattern=\u00bbwithout_pattern\u00bb][vc_column]<div class=\"custom_font_holder \" style=\"font-family: Lato; font-style: normal; font-weight: 400; color: #000000; text-decoration: none; text-align: left; --qode-cf-font-size: 14px; --qode-cf-line-height: 18px; --qode-cf-font-size-1440: 14px; --qode-cf-line-height-1440: 18px; --qode-cf-font-size-1366: 14px; --qode-cf-line-height-1366: 18px; --qode-cf-font-size-1280: 14px; --qode-cf-line-height-1280: 18px; --qode-cf-font-size-1024: 14px; --qode-cf-line-height-1024: 18px; --qode-cf-font-size-768: 14px; --qode-cf-line-height-768: 18px; --qode-cf-font-size-680: 14px; --qode-cf-line-height-680: 18px; --qode-cf-font-size-480: 14px; --qode-cf-line-height-480: 18px;\">\n<p style=\"text-align: center;\"><strong>PARQUE JOS\u00c9 DE LA LUZ HERN\u00c1NDEZ<\/strong><\/p>\n<p>&nbsp;<\/p>\n<p>Surge su ubicaci\u00f3n en el a\u00f1o 1860 en el centro de la ciudad de Santa Fe; por la promoci\u00f3n del Dr. Jos\u00e9 de la Luz y Hern\u00e1ndez sobre los valores de las aguas mineros medicinales del lugar.<\/p>\n<p>&nbsp;<\/p>\n<p>Alrededor de la plaza, comenzaron a edificarse los establecimientos m\u00e1s importantes: la primera biblioteca p\u00fablica de la Isla, la escuela primaria y centros comerciales que los turistas disfrutaban en sus paseos, a la vez que eran atendidos en los balnearios de los manantiales de esas aguas medicinales famosas.<\/p>\n<p>&nbsp;<\/p>\n<p>En el a\u00f1o 1908, visita Santa Fe la escritora estadounidense Irene Aloja Wright, elogiando y valorando la plaza y sus hermosos laureles a las autoridades del lugar, cuesti\u00f3n que estimul\u00f3 a los vecinos a conservar la plaza con mayores atenciones.<\/p>\n<p>&nbsp;<\/p>\n<p>M\u00e1s tarde, en 1940, se construy\u00f3 una glorieta similar a la de Nueva Gerona, pero sin techo, las aceras, bancos y plantas ornamentales en homenaje al referido doctor.<\/p>\n<p>&nbsp;<\/p>\n<p>En 1957, el sacerdote Guillermo Sardi\u00f1as Men\u00e9ndez, antes de subir a la Sierra Maestra a luchar contra el Gobierno de Fulgencio Batista, inaugur\u00f3 una nueva iglesia cat\u00f3lica pr\u00f3xima al lugar.<\/p>\n<p>&nbsp;<\/p>\n<p>Hoy este parque, conserva todos sus elementos originales: glorieta, aceras, \u00e1rboles, adem\u00e1s del busto a Las Madres que est\u00e1 bien representado por un escultor del terru\u00f1o y que hasta 1967, se encontraba en la plaza de Nueva Gerona.<\/div>[vc_empty_space height=\u00bb30px\u00bb][vc_column_text]<\/p>\n<style type=\"text\/css\">\n#foogallery-gallery-18040 .fg-image { width: 150px; }\n#foogallery-gallery-18040 { --fg-gutter: 10px; }<\/style>\n\t\t\t<style type=\"text\/css\">\n#foogallery-gallery-18040_1 .fg-image { width: 150px; }\n#foogallery-gallery-18040_1 { --fg-gutter: 10px; }<\/style>\n\t\t\t<div class=\"foogallery foogallery-container foogallery-default foogallery-lightbox-foobox fg-center fg-default fg-ready fg-light fg-border-thin fg-shadow-small fg-loading-default fg-loaded-fade-in fg-hover-fade fg-hover-zoom fg-debug\" id=\"foogallery-gallery-18040_1\" data-foogallery=\"{&quot;item&quot;:{&quot;showCaptionTitle&quot;:true,&quot;showCaptionDescription&quot;:false},&quot;lazy&quot;:true,&quot;src&quot;:&quot;src&quot;,&quot;srcset&quot;:&quot;srcset&quot;}\" style=\"--fg-title-line-clamp: 0; --fg-description-line-clamp: 0;\" >\n\t<div class=\"fg-item fg-type-image fg-loading\"><figure class=\"fg-item-inner\"><a href=\"https:\/\/test.isladelajuventud-cuba.com\/wp-content\/uploads\/2017\/02\/WhatsApp-Image-2021-02-06-at-16.31.17.jpeg\" data-caption-title=\"PARQUE JOS\u00c9 DE LA LUZ HERN\u00c1NDEZ\" data-attachment-id=\"35722\" data-type=\"image\" class=\"fg-thumb\"><span class=\"fg-image-wrap\"><img src=\"https:\/\/test.isladelajuventud-cuba.com\/wp-content\/uploads\/cache\/2017\/02\/WhatsApp-Image-2021-02-06-at-16_31_17\/3745726899.jpeg\" width=\"150\" height=\"100\" class=\"skip-lazy fg-image\" decoding=\"async\" loading=\"lazy\"><\/span><span class=\"fg-image-overlay\"><\/span><\/a><figcaption class=\"fg-caption\"><div class=\"fg-caption-inner\"><div class=\"fg-caption-title\">PARQUE JOS\u00c9 DE LA LUZ HERN\u00c1NDEZ<\/div><\/div><\/figcaption><\/figure><div class=\"fg-loader\"><\/div><\/div><div class=\"fg-item fg-type-image fg-loading\"><figure class=\"fg-item-inner\"><a href=\"https:\/\/test.isladelajuventud-cuba.com\/wp-content\/uploads\/2017\/02\/WhatsApp-Image-2021-02-06-at-16.27.52.jpeg\" data-caption-title=\"PARQUE JOS\u00c9 DE LA LUZ HERN\u00c1NDEZ\" data-attachment-id=\"35714\" data-type=\"image\" class=\"fg-thumb\"><span class=\"fg-image-wrap\"><img src=\"https:\/\/test.isladelajuventud-cuba.com\/wp-content\/uploads\/cache\/2017\/02\/WhatsApp-Image-2021-02-06-at-16_27_52\/583409360.jpeg\" width=\"150\" height=\"100\" class=\"skip-lazy fg-image\" decoding=\"async\" loading=\"lazy\"><\/span><span class=\"fg-image-overlay\"><\/span><\/a><figcaption class=\"fg-caption\"><div class=\"fg-caption-inner\"><div class=\"fg-caption-title\">PARQUE JOS\u00c9 DE LA LUZ HERN\u00c1NDEZ<\/div><\/div><\/figcaption><\/figure><div class=\"fg-loader\"><\/div><\/div><div class=\"fg-item fg-type-image fg-loading\"><figure class=\"fg-item-inner\"><a href=\"https:\/\/test.isladelajuventud-cuba.com\/wp-content\/uploads\/2017\/02\/luz1.jpg\" data-caption-title=\"PARQUE JOS\u00c9 DE LA LUZ HERN\u00c1NDEZ\" data-attachment-id=\"18030\" data-type=\"image\" class=\"fg-thumb\"><span class=\"fg-image-wrap\"><img src=\"https:\/\/test.isladelajuventud-cuba.com\/wp-content\/uploads\/cache\/2017\/02\/luz1\/164381644.jpg\" width=\"150\" height=\"100\" class=\"skip-lazy fg-image\" decoding=\"async\" loading=\"lazy\"><\/span><span class=\"fg-image-overlay\"><\/span><\/a><figcaption class=\"fg-caption\"><div class=\"fg-caption-inner\"><div class=\"fg-caption-title\">PARQUE JOS\u00c9 DE LA LUZ HERN\u00c1NDEZ<\/div><\/div><\/figcaption><\/figure><div class=\"fg-loader\"><\/div><\/div><div class=\"fg-item fg-type-image fg-loading\"><figure class=\"fg-item-inner\"><a href=\"https:\/\/test.isladelajuventud-cuba.com\/wp-content\/uploads\/2017\/02\/luz4.jpg\" data-caption-title=\"PARQUE JOS\u00c9 DE LA LUZ HERN\u00c1NDEZ\" data-attachment-id=\"18033\" data-type=\"image\" class=\"fg-thumb\"><span class=\"fg-image-wrap\"><img src=\"https:\/\/test.isladelajuventud-cuba.com\/wp-content\/uploads\/cache\/2017\/02\/luz4\/1809293703.jpg\" width=\"150\" height=\"100\" class=\"skip-lazy fg-image\" decoding=\"async\" loading=\"lazy\"><\/span><span class=\"fg-image-overlay\"><\/span><\/a><figcaption class=\"fg-caption\"><div class=\"fg-caption-inner\"><div class=\"fg-caption-title\">PARQUE JOS\u00c9 DE LA LUZ HERN\u00c1NDEZ<\/div><\/div><\/figcaption><\/figure><div class=\"fg-loader\"><\/div><\/div><div class=\"fg-item fg-type-image fg-loading\"><figure class=\"fg-item-inner\"><a href=\"https:\/\/test.isladelajuventud-cuba.com\/wp-content\/uploads\/2017\/02\/WhatsApp-Image-2021-02-06-at-16.27.541.jpeg\" data-caption-title=\"PARQUE JOS\u00c9 DE LA LUZ HERN\u00c1NDEZ\" data-attachment-id=\"35715\" data-type=\"image\" class=\"fg-thumb\"><span class=\"fg-image-wrap\"><img src=\"https:\/\/test.isladelajuventud-cuba.com\/wp-content\/uploads\/cache\/2017\/02\/WhatsApp-Image-2021-02-06-at-16_27_541\/1240199799.jpeg\" width=\"150\" height=\"100\" class=\"skip-lazy fg-image\" decoding=\"async\" loading=\"lazy\"><\/span><span class=\"fg-image-overlay\"><\/span><\/a><figcaption class=\"fg-caption\"><div class=\"fg-caption-inner\"><div class=\"fg-caption-title\">PARQUE JOS\u00c9 DE LA LUZ HERN\u00c1NDEZ<\/div><\/div><\/figcaption><\/figure><div class=\"fg-loader\"><\/div><\/div><div class=\"fg-item fg-type-image fg-loading\"><figure class=\"fg-item-inner\"><a href=\"https:\/\/test.isladelajuventud-cuba.com\/wp-content\/uploads\/2017\/02\/WhatsApp-Image-2021-02-06-at-16.27.542.jpeg\" data-caption-title=\"PARQUE JOS\u00c9 DE LA LUZ HERN\u00c1NDEZ\" data-attachment-id=\"35716\" data-type=\"image\" class=\"fg-thumb\"><span class=\"fg-image-wrap\"><img src=\"https:\/\/test.isladelajuventud-cuba.com\/wp-content\/uploads\/cache\/2017\/02\/WhatsApp-Image-2021-02-06-at-16_27_542\/2612429130.jpeg\" width=\"150\" height=\"100\" class=\"skip-lazy fg-image\" decoding=\"async\" loading=\"lazy\"><\/span><span class=\"fg-image-overlay\"><\/span><\/a><figcaption class=\"fg-caption\"><div class=\"fg-caption-inner\"><div class=\"fg-caption-title\">PARQUE JOS\u00c9 DE LA LUZ HERN\u00c1NDEZ<\/div><\/div><\/figcaption><\/figure><div class=\"fg-loader\"><\/div><\/div><div class=\"fg-item fg-type-image fg-loading\"><figure class=\"fg-item-inner\"><a href=\"https:\/\/test.isladelajuventud-cuba.com\/wp-content\/uploads\/2017\/02\/WhatsApp-Image-2021-02-06-at-16.27.54.jpeg\" data-caption-title=\"PARQUE JOS\u00c9 DE LA LUZ HERN\u00c1NDEZ\" data-attachment-id=\"35717\" data-type=\"image\" class=\"fg-thumb\"><span class=\"fg-image-wrap\"><img src=\"https:\/\/test.isladelajuventud-cuba.com\/wp-content\/uploads\/cache\/2017\/02\/WhatsApp-Image-2021-02-06-at-16_27_54\/2409996447.jpeg\" width=\"150\" height=\"100\" class=\"skip-lazy fg-image\" decoding=\"async\" loading=\"lazy\"><\/span><span class=\"fg-image-overlay\"><\/span><\/a><figcaption class=\"fg-caption\"><div class=\"fg-caption-inner\"><div class=\"fg-caption-title\">PARQUE JOS\u00c9 DE LA LUZ HERN\u00c1NDEZ<\/div><\/div><\/figcaption><\/figure><div class=\"fg-loader\"><\/div><\/div><div class=\"fg-item fg-type-image fg-loading\"><figure class=\"fg-item-inner\"><a href=\"https:\/\/test.isladelajuventud-cuba.com\/wp-content\/uploads\/2017\/02\/WhatsApp-Image-2021-02-06-at-16.27.551.jpeg\" data-caption-title=\"PARQUE JOS\u00c9 DE LA LUZ HERN\u00c1NDEZ\" data-attachment-id=\"35718\" data-type=\"image\" class=\"fg-thumb\"><span class=\"fg-image-wrap\"><img src=\"https:\/\/test.isladelajuventud-cuba.com\/wp-content\/uploads\/cache\/2017\/02\/WhatsApp-Image-2021-02-06-at-16_27_551\/1343591100.jpeg\" width=\"150\" height=\"100\" class=\"skip-lazy fg-image\" decoding=\"async\" loading=\"lazy\"><\/span><span class=\"fg-image-overlay\"><\/span><\/a><figcaption class=\"fg-caption\"><div class=\"fg-caption-inner\"><div class=\"fg-caption-title\">PARQUE JOS\u00c9 DE LA LUZ HERN\u00c1NDEZ<\/div><\/div><\/figcaption><\/figure><div class=\"fg-loader\"><\/div><\/div><div class=\"fg-item fg-type-image fg-loading\"><figure class=\"fg-item-inner\"><a href=\"https:\/\/test.isladelajuventud-cuba.com\/wp-content\/uploads\/2017\/02\/WhatsApp-Image-2021-02-06-at-16.27.552.jpeg\" data-caption-title=\"PARQUE JOS\u00c9 DE LA LUZ HERN\u00c1NDEZ\" data-attachment-id=\"35719\" data-type=\"image\" class=\"fg-thumb\"><span class=\"fg-image-wrap\"><img src=\"https:\/\/test.isladelajuventud-cuba.com\/wp-content\/uploads\/cache\/2017\/02\/WhatsApp-Image-2021-02-06-at-16_27_552\/2248644334.jpeg\" width=\"150\" height=\"100\" class=\"skip-lazy fg-image\" decoding=\"async\" loading=\"lazy\"><\/span><span class=\"fg-image-overlay\"><\/span><\/a><figcaption class=\"fg-caption\"><div class=\"fg-caption-inner\"><div class=\"fg-caption-title\">PARQUE JOS\u00c9 DE LA LUZ HERN\u00c1NDEZ<\/div><\/div><\/figcaption><\/figure><div class=\"fg-loader\"><\/div><\/div><div class=\"fg-item fg-type-image fg-loading\"><figure class=\"fg-item-inner\"><a href=\"https:\/\/test.isladelajuventud-cuba.com\/wp-content\/uploads\/2017\/02\/WhatsApp-Image-2021-02-06-at-16.27.55.jpeg\" data-caption-title=\"PARQUE JOS\u00c9 DE LA LUZ HERN\u00c1NDEZ\" data-attachment-id=\"35720\" data-type=\"image\" class=\"fg-thumb\"><span class=\"fg-image-wrap\"><img src=\"https:\/\/test.isladelajuventud-cuba.com\/wp-content\/uploads\/cache\/2017\/02\/WhatsApp-Image-2021-02-06-at-16_27_55\/1587859372.jpeg\" width=\"150\" height=\"100\" class=\"skip-lazy fg-image\" decoding=\"async\" loading=\"lazy\"><\/span><span class=\"fg-image-overlay\"><\/span><\/a><figcaption class=\"fg-caption\"><div class=\"fg-caption-inner\"><div class=\"fg-caption-title\">PARQUE JOS\u00c9 DE LA LUZ HERN\u00c1NDEZ<\/div><\/div><\/figcaption><\/figure><div class=\"fg-loader\"><\/div><\/div><div class=\"fg-item fg-type-image fg-loading\"><figure class=\"fg-item-inner\"><a href=\"https:\/\/test.isladelajuventud-cuba.com\/wp-content\/uploads\/2017\/02\/WhatsApp-Image-2021-02-06-at-16.27.56.jpeg\" data-caption-title=\"PARQUE JOS\u00c9 DE LA LUZ HERN\u00c1NDEZ\" data-attachment-id=\"35721\" data-type=\"image\" class=\"fg-thumb\"><span class=\"fg-image-wrap\"><img src=\"https:\/\/test.isladelajuventud-cuba.com\/wp-content\/uploads\/cache\/2017\/02\/WhatsApp-Image-2021-02-06-at-16_27_56\/755060266.jpeg\" width=\"150\" height=\"100\" class=\"skip-lazy fg-image\" decoding=\"async\" loading=\"lazy\"><\/span><span class=\"fg-image-overlay\"><\/span><\/a><figcaption class=\"fg-caption\"><div class=\"fg-caption-inner\"><div class=\"fg-caption-title\">PARQUE JOS\u00c9 DE LA LUZ HERN\u00c1NDEZ<\/div><\/div><\/figcaption><\/figure><div class=\"fg-loader\"><\/div><\/div><\/div>\n<!-- FooGallery Debug Info : Start\r\n\r\nID => 18040\r\nTemplate => default\r\nDatasource => media_library\r\n\r\nFooGallery Settings\r\n===================\r\ndefault_alignment => fg-center\r\ndefault_border_size => fg-border-thin\r\ndefault_caption_desc_source => none\r\ndefault_drop_shadow => fg-shadow-small\r\ndefault_hover_effect_icon => fg-hover-zoom\r\ndefault_hover_effect_transition => fg-hover-fade\r\ndefault_hover_effect_type => normal\r\ndefault_lightbox => foobox\r\ndefault_loaded_effect => fg-loaded-fade-in\r\ndefault_loading_icon => fg-loading-default\r\ndefault_spacing => fg-gutter-10\r\ndefault_theme => fg-light\r\ndefault_thumbnail_dimensions => \r\n   width => 150\r\n   height => 100\r\ndefault_thumbnail_link => image\r\nfoogallery_items_view => manage\r\n\r\nAttachment Info\r\n===============\r\n35722 => \r\n   url => https:\/\/test.isladelajuventud-cuba.com\/wp-content\/uploads\/2017\/02\/WhatsApp-Image-2021-02-06-at-16.31.17.jpeg\r\n   type => image\r\n   width => 150\r\n   height => 100\r\n35714 => \r\n   url => https:\/\/test.isladelajuventud-cuba.com\/wp-content\/uploads\/2017\/02\/WhatsApp-Image-2021-02-06-at-16.27.52.jpeg\r\n   type => image\r\n   width => 150\r\n   height => 100\r\n18030 => \r\n   url => https:\/\/test.isladelajuventud-cuba.com\/wp-content\/uploads\/2017\/02\/luz1.jpg\r\n   type => image\r\n   width => 150\r\n   height => 100\r\n18033 => \r\n   url => https:\/\/test.isladelajuventud-cuba.com\/wp-content\/uploads\/2017\/02\/luz4.jpg\r\n   type => image\r\n   width => 150\r\n   height => 100\r\n35715 => \r\n   url => https:\/\/test.isladelajuventud-cuba.com\/wp-content\/uploads\/2017\/02\/WhatsApp-Image-2021-02-06-at-16.27.541.jpeg\r\n   type => image\r\n   width => 150\r\n   height => 100\r\n35716 => \r\n   url => https:\/\/test.isladelajuventud-cuba.com\/wp-content\/uploads\/2017\/02\/WhatsApp-Image-2021-02-06-at-16.27.542.jpeg\r\n   type => image\r\n   width => 150\r\n   height => 100\r\n35717 => \r\n   url => https:\/\/test.isladelajuventud-cuba.com\/wp-content\/uploads\/2017\/02\/WhatsApp-Image-2021-02-06-at-16.27.54.jpeg\r\n   type => image\r\n   width => 150\r\n   height => 100\r\n35718 => \r\n   url => https:\/\/test.isladelajuventud-cuba.com\/wp-content\/uploads\/2017\/02\/WhatsApp-Image-2021-02-06-at-16.27.551.jpeg\r\n   type => image\r\n   width => 150\r\n   height => 100\r\n35719 => \r\n   url => https:\/\/test.isladelajuventud-cuba.com\/wp-content\/uploads\/2017\/02\/WhatsApp-Image-2021-02-06-at-16.27.552.jpeg\r\n   type => image\r\n   width => 150\r\n   height => 100\r\n35720 => \r\n   url => https:\/\/test.isladelajuventud-cuba.com\/wp-content\/uploads\/2017\/02\/WhatsApp-Image-2021-02-06-at-16.27.55.jpeg\r\n   type => image\r\n   width => 150\r\n   height => 100\r\n35721 => \r\n   url => https:\/\/test.isladelajuventud-cuba.com\/wp-content\/uploads\/2017\/02\/WhatsApp-Image-2021-02-06-at-16.27.56.jpeg\r\n   type => image\r\n   width => 150\r\n   height => 100\r\n\r\nFooGallery Debug Info : End --><!-- FooGallery Debug Info : Start\r\n\r\nID => 18040\r\nTemplate => default\r\nDatasource => media_library\r\n\r\nFooGallery Settings\r\n===================\r\ndefault_alignment => fg-center\r\ndefault_border_size => fg-border-thin\r\ndefault_caption_desc_source => none\r\ndefault_drop_shadow => fg-shadow-small\r\ndefault_hover_effect_icon => fg-hover-zoom\r\ndefault_hover_effect_transition => fg-hover-fade\r\ndefault_hover_effect_type => normal\r\ndefault_lightbox => foobox\r\ndefault_loaded_effect => fg-loaded-fade-in\r\ndefault_loading_icon => fg-loading-default\r\ndefault_spacing => fg-gutter-10\r\ndefault_theme => fg-light\r\ndefault_thumbnail_dimensions => \r\n   width => 150\r\n   height => 100\r\ndefault_thumbnail_link => image\r\nfoogallery_items_view => manage\r\n\r\nAttachment Info\r\n===============\r\n\r\nFooGallery Debug Info : End -->\n<p>[\/vc_column_text][\/vc_column][\/vc_row][vc_row css_animation=\u00bb\u00bb row_type=\u00bbrow\u00bb use_row_as_full_screen_section=\u00bbno\u00bb type=\u00bbgrid\u00bb angled_section=\u00bbno\u00bb text_align=\u00bbcenter\u00bb background_image_as_pattern=\u00bbwithout_pattern\u00bb][vc_column][vc_empty_space height=\u00bb50px\u00bb][\/vc_column][\/vc_row][vc_row css_animation=\u00bb\u00bb row_type=\u00bbrow\u00bb use_row_as_full_screen_section=\u00bbno\u00bb type=\u00bbgrid\u00bb angled_section=\u00bbno\u00bb text_align=\u00bbcenter\u00bb background_image_as_pattern=\u00bbwithout_pattern\u00bb][vc_column]<div class=\"custom_font_holder \" style=\"font-family: Lato; font-style: normal; font-weight: 400; color: #000000; text-decoration: none; text-align: left; --qode-cf-font-size: 14px; --qode-cf-line-height: 18px; --qode-cf-font-size-1440: 14px; --qode-cf-line-height-1440: 18px; --qode-cf-font-size-1366: 14px; --qode-cf-line-height-1366: 18px; --qode-cf-font-size-1280: 14px; --qode-cf-line-height-1280: 18px; --qode-cf-font-size-1024: 14px; --qode-cf-line-height-1024: 18px; --qode-cf-font-size-768: 14px; --qode-cf-line-height-768: 18px; --qode-cf-font-size-680: 14px; --qode-cf-line-height-680: 18px; --qode-cf-font-size-480: 14px; --qode-cf-line-height-480: 18px;\">\n<p style=\"text-align: center;\"><strong>PARQUE LAS COTORRAS<\/strong><\/p>\n<p>&nbsp;<\/p>\n<p>Antes de construirse, era una plazoleta o solar similar a un c\u00edrculo de cemento. Situado en una esquina de la ciudad de aquellos tiempos; hoy se encuentra en el centro de las edificaciones del viejo hospital, el hotel La Cubana, la cafeter\u00eda La Cocinita y la Direcci\u00f3n de la Agricultura.<\/p>\n<p>&nbsp;<\/p>\n<p>Era utilizado por los sindicatos para concentrar a los trabajadores, desde donde sal\u00edan partir en manifestaciones, exigiendo mejoras obreras hacia la calle Mart\u00ed hasta pasar frente al Ayuntamiento de Nueva Gerona.<\/p>\n<p>&nbsp;<\/p>\n<p>Desde aqu\u00ed, salieron en 1959, los primeros desfiles militares y de igual forma lo segu\u00edan haciendo los sindicatos hasta la tribuna montada en la Escuela Vocacional de Artes en el parque Lacret.<\/p>\n<p>&nbsp;<\/p>\n<p>El d\u00eda de su inauguraci\u00f3n se desvel\u00f3 un busto de Camilo Cienfuegos y se bautiz\u00f3 el parque con dicho nombre. Todos los 28 de octubre, los estudiantes y trabajadores se concentraban, iban con sus flores a o\u00edr las palabras de alg\u00fan orador, que hablaba sobre la vida del legendario comandante; para luego caminar hasta el r\u00edo Las Casas, donde arrojaban las flores.<\/p>\n<p>&nbsp;<\/p>\n<p>Con el tiempo, el gesto se convirti\u00f3 en costumbre y el busto quedaba lleno de flores; pero alguien se le ocurri\u00f3 colocar una jaula con cotorras y el busto desapareci\u00f3. Los nuevos pobladores comenzaron a llamarlo \u201cParque de las Cotorras\u201d.<\/p>\n<p>&nbsp;<\/p>\n<p>En 1975, se trat\u00f3 de rescatar el antiguo nombre y se coloc\u00f3 nuevamente otro busto de Camilo, pero dur\u00f3 poco tiempo, pues volvieron a quitarlo. En la actualidad, queda la gran jaula de las cotorras, a veces con ellas y otras no, porque desaparecen y nadie sabe por qu\u00e9. Pero el nombre dado por el pueblo perpet\u00faa y se le sigue llamando as\u00ed, a pesar de la incomprensi\u00f3n de algunos.<\/p>\n<p>&nbsp;<\/p>\n<p>Este parque de Las Cotorras es el de mayor cantidad de bancos de asientos con relaci\u00f3n a su superficie de Cuba y el de mayor concurrencia de p\u00fablico debido a las instalaciones que la rodean. No solo es conocida su referencia por los isle\u00f1os, si no tambi\u00e9n, en el resto del pa\u00eds y por todos los turistas visitantes a la Isla.<\/div>[vc_empty_space height=\u00bb30px\u00bb][vc_column_text]<\/p>\n<style type=\"text\/css\">\n#foogallery-gallery-18039 .fg-image { width: 150px; }\n#foogallery-gallery-18039 { --fg-gutter: 10px; }<\/style>\n\t\t\t<style type=\"text\/css\">\n#foogallery-gallery-18039_1 .fg-image { width: 150px; }\n#foogallery-gallery-18039_1 { --fg-gutter: 10px; }<\/style>\n\t\t\t<div class=\"foogallery foogallery-container foogallery-default foogallery-lightbox-foobox fg-center fg-default fg-ready fg-light fg-border-thin fg-shadow-small fg-loading-default fg-loaded-fade-in fg-hover-fade fg-hover-zoom fg-debug\" id=\"foogallery-gallery-18039_1\" data-foogallery=\"{&quot;item&quot;:{&quot;showCaptionTitle&quot;:true,&quot;showCaptionDescription&quot;:false},&quot;lazy&quot;:true,&quot;src&quot;:&quot;src&quot;,&quot;srcset&quot;:&quot;srcset&quot;}\" style=\"--fg-title-line-clamp: 0; --fg-description-line-clamp: 0;\" >\n\t<div class=\"fg-item fg-type-image fg-loading\"><figure class=\"fg-item-inner\"><a href=\"https:\/\/test.isladelajuventud-cuba.com\/wp-content\/uploads\/2017\/02\/cotorras1.jpg\" data-caption-title=\"PARQUE LAS COTORRAS\" data-attachment-id=\"18012\" data-type=\"image\" class=\"fg-thumb\"><span class=\"fg-image-wrap\"><img src=\"https:\/\/test.isladelajuventud-cuba.com\/wp-content\/uploads\/cache\/2017\/02\/cotorras1\/1165872704.jpg\" width=\"150\" height=\"100\" class=\"skip-lazy fg-image\" decoding=\"async\" loading=\"lazy\"><\/span><span class=\"fg-image-overlay\"><\/span><\/a><figcaption class=\"fg-caption\"><div class=\"fg-caption-inner\"><div class=\"fg-caption-title\">PARQUE LAS COTORRAS<\/div><\/div><\/figcaption><\/figure><div class=\"fg-loader\"><\/div><\/div><div class=\"fg-item fg-type-image fg-loading\"><figure class=\"fg-item-inner\"><a href=\"https:\/\/test.isladelajuventud-cuba.com\/wp-content\/uploads\/2017\/02\/cotorras2.jpg\" data-caption-title=\"PARQUE LAS COTORRAS\" data-attachment-id=\"18013\" data-type=\"image\" class=\"fg-thumb\"><span class=\"fg-image-wrap\"><img src=\"https:\/\/test.isladelajuventud-cuba.com\/wp-content\/uploads\/cache\/2017\/02\/cotorras2\/2053359192.jpg\" width=\"150\" height=\"100\" class=\"skip-lazy fg-image\" decoding=\"async\" loading=\"lazy\"><\/span><span class=\"fg-image-overlay\"><\/span><\/a><figcaption class=\"fg-caption\"><div class=\"fg-caption-inner\"><div class=\"fg-caption-title\">PARQUE LAS COTORRAS<\/div><\/div><\/figcaption><\/figure><div class=\"fg-loader\"><\/div><\/div><div class=\"fg-item fg-type-image fg-loading\"><figure class=\"fg-item-inner\"><a href=\"https:\/\/test.isladelajuventud-cuba.com\/wp-content\/uploads\/2017\/02\/cotorras3.jpg\" data-caption-title=\"PARQUE LAS COTORRAS\" data-attachment-id=\"18014\" data-type=\"image\" class=\"fg-thumb\"><span class=\"fg-image-wrap\"><img src=\"https:\/\/test.isladelajuventud-cuba.com\/wp-content\/uploads\/cache\/2017\/02\/cotorras3\/350021029.jpg\" width=\"150\" height=\"100\" class=\"skip-lazy fg-image\" decoding=\"async\" loading=\"lazy\"><\/span><span class=\"fg-image-overlay\"><\/span><\/a><figcaption class=\"fg-caption\"><div class=\"fg-caption-inner\"><div class=\"fg-caption-title\">PARQUE LAS COTORRAS<\/div><\/div><\/figcaption><\/figure><div class=\"fg-loader\"><\/div><\/div><div class=\"fg-item fg-type-image fg-loading\"><figure class=\"fg-item-inner\"><a href=\"https:\/\/test.isladelajuventud-cuba.com\/wp-content\/uploads\/2017\/02\/cotorras4.jpg\" data-caption-title=\"PARQUE LAS COTORRAS\" data-attachment-id=\"18015\" data-type=\"image\" class=\"fg-thumb\"><span class=\"fg-image-wrap\"><img src=\"https:\/\/test.isladelajuventud-cuba.com\/wp-content\/uploads\/cache\/2017\/02\/cotorras4\/2944983879.jpg\" width=\"150\" height=\"100\" class=\"skip-lazy fg-image\" decoding=\"async\" loading=\"lazy\"><\/span><span class=\"fg-image-overlay\"><\/span><\/a><figcaption class=\"fg-caption\"><div class=\"fg-caption-inner\"><div class=\"fg-caption-title\">PARQUE LAS COTORRAS<\/div><\/div><\/figcaption><\/figure><div class=\"fg-loader\"><\/div><\/div><div class=\"fg-item fg-type-image fg-loading\"><figure class=\"fg-item-inner\"><a href=\"https:\/\/test.isladelajuventud-cuba.com\/wp-content\/uploads\/2017\/02\/cotorras5.jpg\" data-caption-title=\"PARQUE LAS COTORRAS\" data-attachment-id=\"18016\" data-type=\"image\" class=\"fg-thumb\"><span class=\"fg-image-wrap\"><img src=\"https:\/\/test.isladelajuventud-cuba.com\/wp-content\/uploads\/cache\/2017\/02\/cotorras5\/1793127829.jpg\" width=\"150\" height=\"100\" class=\"skip-lazy fg-image\" decoding=\"async\" loading=\"lazy\"><\/span><span class=\"fg-image-overlay\"><\/span><\/a><figcaption class=\"fg-caption\"><div class=\"fg-caption-inner\"><div class=\"fg-caption-title\">PARQUE LAS COTORRAS<\/div><\/div><\/figcaption><\/figure><div class=\"fg-loader\"><\/div><\/div><div class=\"fg-item fg-type-image fg-loading\"><figure class=\"fg-item-inner\"><a href=\"https:\/\/test.isladelajuventud-cuba.com\/wp-content\/uploads\/2017\/02\/cotorras6.jpg\" data-caption-title=\"PARQUE LAS COTORRAS\" data-attachment-id=\"18017\" data-type=\"image\" class=\"fg-thumb\"><span class=\"fg-image-wrap\"><img src=\"https:\/\/test.isladelajuventud-cuba.com\/wp-content\/uploads\/cache\/2017\/02\/cotorras6\/1442774413.jpg\" width=\"150\" height=\"100\" class=\"skip-lazy fg-image\" decoding=\"async\" loading=\"lazy\"><\/span><span class=\"fg-image-overlay\"><\/span><\/a><figcaption class=\"fg-caption\"><div class=\"fg-caption-inner\"><div class=\"fg-caption-title\">PARQUE LAS COTORRAS<\/div><\/div><\/figcaption><\/figure><div class=\"fg-loader\"><\/div><\/div><div class=\"fg-item fg-type-image fg-loading\"><figure class=\"fg-item-inner\"><a href=\"https:\/\/test.isladelajuventud-cuba.com\/wp-content\/uploads\/2017\/02\/cotorras7.jpg\" data-caption-title=\"PARQUE LAS COTORRAS\" data-attachment-id=\"18018\" data-type=\"image\" class=\"fg-thumb\"><span class=\"fg-image-wrap\"><img src=\"https:\/\/test.isladelajuventud-cuba.com\/wp-content\/uploads\/cache\/2017\/02\/cotorras7\/3080630895.jpg\" width=\"150\" height=\"100\" class=\"skip-lazy fg-image\" decoding=\"async\" loading=\"lazy\"><\/span><span class=\"fg-image-overlay\"><\/span><\/a><figcaption class=\"fg-caption\"><div class=\"fg-caption-inner\"><div class=\"fg-caption-title\">PARQUE LAS COTORRAS<\/div><\/div><\/figcaption><\/figure><div class=\"fg-loader\"><\/div><\/div><div class=\"fg-item fg-type-image fg-loading\"><figure class=\"fg-item-inner\"><a href=\"https:\/\/test.isladelajuventud-cuba.com\/wp-content\/uploads\/2017\/02\/cotorras8.jpg\" data-caption-title=\"PARQUE LAS COTORRAS\" data-attachment-id=\"18019\" data-type=\"image\" class=\"fg-thumb\"><span class=\"fg-image-wrap\"><img src=\"https:\/\/test.isladelajuventud-cuba.com\/wp-content\/uploads\/cache\/2017\/02\/cotorras8\/3744444216.jpg\" width=\"150\" height=\"100\" class=\"skip-lazy fg-image\" decoding=\"async\" loading=\"lazy\"><\/span><span class=\"fg-image-overlay\"><\/span><\/a><figcaption class=\"fg-caption\"><div class=\"fg-caption-inner\"><div class=\"fg-caption-title\">PARQUE LAS COTORRAS<\/div><\/div><\/figcaption><\/figure><div class=\"fg-loader\"><\/div><\/div><\/div>\n<!-- FooGallery Debug Info : Start\r\n\r\nID => 18039\r\nTemplate => default\r\nDatasource => media_library\r\n\r\nFooGallery Settings\r\n===================\r\ndefault_alignment => fg-center\r\ndefault_border_size => fg-border-thin\r\ndefault_caption_desc_source => none\r\ndefault_drop_shadow => fg-shadow-small\r\ndefault_hover_effect_icon => fg-hover-zoom\r\ndefault_hover_effect_transition => fg-hover-fade\r\ndefault_hover_effect_type => normal\r\ndefault_lightbox => foobox\r\ndefault_loaded_effect => fg-loaded-fade-in\r\ndefault_loading_icon => fg-loading-default\r\ndefault_spacing => fg-gutter-10\r\ndefault_theme => fg-light\r\ndefault_thumbnail_dimensions => \r\n   width => 150\r\n   height => 100\r\ndefault_thumbnail_link => image\r\nfoogallery_items_view => manage\r\n\r\nAttachment Info\r\n===============\r\n18012 => \r\n   url => https:\/\/test.isladelajuventud-cuba.com\/wp-content\/uploads\/2017\/02\/cotorras1.jpg\r\n   type => image\r\n   width => 150\r\n   height => 100\r\n18013 => \r\n   url => https:\/\/test.isladelajuventud-cuba.com\/wp-content\/uploads\/2017\/02\/cotorras2.jpg\r\n   type => image\r\n   width => 150\r\n   height => 100\r\n18014 => \r\n   url => https:\/\/test.isladelajuventud-cuba.com\/wp-content\/uploads\/2017\/02\/cotorras3.jpg\r\n   type => image\r\n   width => 150\r\n   height => 100\r\n18015 => \r\n   url => https:\/\/test.isladelajuventud-cuba.com\/wp-content\/uploads\/2017\/02\/cotorras4.jpg\r\n   type => image\r\n   width => 150\r\n   height => 100\r\n18016 => \r\n   url => https:\/\/test.isladelajuventud-cuba.com\/wp-content\/uploads\/2017\/02\/cotorras5.jpg\r\n   type => image\r\n   width => 150\r\n   height => 100\r\n18017 => \r\n   url => https:\/\/test.isladelajuventud-cuba.com\/wp-content\/uploads\/2017\/02\/cotorras6.jpg\r\n   type => image\r\n   width => 150\r\n   height => 100\r\n18018 => \r\n   url => https:\/\/test.isladelajuventud-cuba.com\/wp-content\/uploads\/2017\/02\/cotorras7.jpg\r\n   type => image\r\n   width => 150\r\n   height => 100\r\n18019 => \r\n   url => https:\/\/test.isladelajuventud-cuba.com\/wp-content\/uploads\/2017\/02\/cotorras8.jpg\r\n   type => image\r\n   width => 150\r\n   height => 100\r\n\r\nFooGallery Debug Info : End --><!-- FooGallery Debug Info : Start\r\n\r\nID => 18039\r\nTemplate => default\r\nDatasource => media_library\r\n\r\nFooGallery Settings\r\n===================\r\ndefault_alignment => fg-center\r\ndefault_border_size => fg-border-thin\r\ndefault_caption_desc_source => none\r\ndefault_drop_shadow => fg-shadow-small\r\ndefault_hover_effect_icon => fg-hover-zoom\r\ndefault_hover_effect_transition => fg-hover-fade\r\ndefault_hover_effect_type => normal\r\ndefault_lightbox => foobox\r\ndefault_loaded_effect => fg-loaded-fade-in\r\ndefault_loading_icon => fg-loading-default\r\ndefault_spacing => fg-gutter-10\r\ndefault_theme => fg-light\r\ndefault_thumbnail_dimensions => \r\n   width => 150\r\n   height => 100\r\ndefault_thumbnail_link => image\r\nfoogallery_items_view => manage\r\n\r\nAttachment Info\r\n===============\r\n\r\nFooGallery Debug Info : End -->\n<p>[\/vc_column_text][\/vc_column][\/vc_row][vc_row css_animation=\u00bb\u00bb row_type=\u00bbrow\u00bb use_row_as_full_screen_section=\u00bbno\u00bb type=\u00bbgrid\u00bb angled_section=\u00bbno\u00bb text_align=\u00bbcenter\u00bb background_image_as_pattern=\u00bbwithout_pattern\u00bb][vc_column][vc_empty_space height=\u00bb50px\u00bb][\/vc_column][\/vc_row][vc_row css_animation=\u00bb\u00bb row_type=\u00bbrow\u00bb use_row_as_full_screen_section=\u00bbno\u00bb type=\u00bbgrid\u00bb angled_section=\u00bbno\u00bb text_align=\u00bbcenter\u00bb background_image_as_pattern=\u00bbwithout_pattern\u00bb][vc_column]<div class=\"custom_font_holder \" style=\"font-family: Lato; font-style: normal; font-weight: 400; color: #000000; text-decoration: none; text-align: left; --qode-cf-font-size: 14px; --qode-cf-line-height: 18px; --qode-cf-font-size-1440: 14px; --qode-cf-line-height-1440: 18px; --qode-cf-font-size-1366: 14px; --qode-cf-line-height-1366: 18px; --qode-cf-font-size-1280: 14px; --qode-cf-line-height-1280: 18px; --qode-cf-font-size-1024: 14px; --qode-cf-line-height-1024: 18px; --qode-cf-font-size-768: 14px; --qode-cf-line-height-768: 18px; --qode-cf-font-size-680: 14px; --qode-cf-line-height-680: 18px; --qode-cf-font-size-480: 14px; --qode-cf-line-height-480: 18px;\">\n<p style=\"text-align: center;\"><strong>PARQUE CAMILO CIENFUEGOS<\/strong><\/p>\n<p>&nbsp;<\/p>\n<p>Este parque est\u00e1 situado en la calle 41, entre 18 y 39A de Nueva Gerona, frente al nuevo hospital general docente H\u00e9roes del Baire. Se colocaron pisos de losas, bancos con respaldares, espacios para jardines y sembraron \u00e1rboles, haciendo del lugar un sitio agradable. Marca el inicio del reparto Abel Santamar\u00eda.<\/p>\n<p>&nbsp;<\/p>\n<p>El parque a trav\u00e9s del tiempo, ha tenido varios nombres relacionados con hechos del momento vivido.<\/p>\n<p>&nbsp;<\/p>\n<p>En los primeros a\u00f1os de 1970, se le llam\u00f3 Parque de los B\u00falgaros, debido a la construcci\u00f3n de un edificio en la calle 39A, frente al hospital. Este edificio fue asignado para los t\u00e9cnicos y asesores b\u00falgaros que colaboraron en los proyectos de los embalses para el territorio. Por el hecho de encontrarse lindando a dichas viviendas y por las reuniones y esparcimiento que hac\u00edan dichas familias en el citado parque.<\/p>\n<p>&nbsp;<\/p>\n<p>M\u00e1s tarde, cuando comenz\u00f3 el per\u00edodo especial y en ocasi\u00f3n de recibir una donaci\u00f3n de \u00f3mnibus por italianos, se decide ponerle oficialmente Parque de la Amistad, en acto p\u00fablico realizado en junio de 1994, coloc\u00e1ndose una tarja conmemorativa. Hoy desaparecida.<\/p>\n<p>&nbsp;<\/p>\n<p>Como costumbre en los mediod\u00edas, los estudiantes de medicina que realizaban sus estudios y pr\u00e1cticas en el mencionado hospital, se reun\u00edan a reposar el almuerzo, descansar y conversar sus temas. Este hecho normal, motiv\u00f3 que muchos comenzaron a llamarlo Parque de los Estudiantes.<\/p>\n<p>&nbsp;<\/p>\n<p>M\u00e1s reciente, al h\u00e1bito de llamar al viejo parque Camilo Cienfuegos por el nombre de Parque de las Cotorras, se decidi\u00f3 poner una escultura del comandante y recordarlo en este otro parque.<\/div>[vc_empty_space height=\u00bb30px\u00bb][vc_column_text]<\/p>\n<style type=\"text\/css\">\n#foogallery-gallery-18038 .fg-image { width: 150px; }\n#foogallery-gallery-18038 { --fg-gutter: 10px; }<\/style>\n\t\t\t<style type=\"text\/css\">\n#foogallery-gallery-18038_1 .fg-image { width: 150px; }\n#foogallery-gallery-18038_1 { --fg-gutter: 10px; }<\/style>\n\t\t\t<div class=\"foogallery foogallery-container foogallery-default foogallery-lightbox-foogallery fg-center fg-default fg-ready fg-light fg-border-thin fg-shadow-small fg-loading-default fg-loaded-fade-in fg-hover-fade fg-hover-zoom fg-debug\" id=\"foogallery-gallery-18038_1\" data-foogallery=\"{&quot;item&quot;:{&quot;showCaptionTitle&quot;:true,&quot;showCaptionDescription&quot;:false},&quot;lazy&quot;:true,&quot;src&quot;:&quot;src&quot;,&quot;srcset&quot;:&quot;srcset&quot;}\" data-foogallery-lightbox=\"{&quot;thumbs&quot;:&quot;bottom&quot;,&quot;thumbsCaptions&quot;:false,&quot;thumbsBestFit&quot;:false,&quot;thumbsSmall&quot;:false,&quot;thumbsCaptionsAlign&quot;:&quot;default&quot;,&quot;info&quot;:&quot;bottom&quot;,&quot;infoVisible&quot;:true,&quot;infoOverlay&quot;:true,&quot;infoAlign&quot;:&quot;default&quot;,&quot;transition&quot;:&quot;fade&quot;,&quot;hoverButtons&quot;:false,&quot;fitMedia&quot;:false,&quot;noScrollbars&quot;:true,&quot;preserveButtonSpace&quot;:true,&quot;video&quot;:{&quot;autoPlay&quot;:true}}\" style=\"--fg-title-line-clamp: 0; --fg-description-line-clamp: 0;\" >\n\t<div class=\"fg-item fg-type-image fg-loading\"><figure class=\"fg-item-inner\"><a href=\"https:\/\/test.isladelajuventud-cuba.com\/wp-content\/uploads\/2017\/02\/cienfuegos1.jpg\" data-caption-title=\"PARQUE CAMILO CIENFUEGOS\" data-attachment-id=\"18009\" data-type=\"image\" class=\"fg-thumb\"><span class=\"fg-image-wrap\"><img src=\"https:\/\/test.isladelajuventud-cuba.com\/wp-content\/uploads\/cache\/2017\/02\/cienfuegos1\/471218025.jpg\" width=\"150\" height=\"100\" class=\"skip-lazy fg-image\" decoding=\"async\" loading=\"lazy\"><\/span><span class=\"fg-image-overlay\"><\/span><\/a><figcaption class=\"fg-caption\"><div class=\"fg-caption-inner\"><div class=\"fg-caption-title\">PARQUE CAMILO CIENFUEGOS<\/div><\/div><\/figcaption><\/figure><div class=\"fg-loader\"><\/div><\/div><div class=\"fg-item fg-type-image fg-loading\"><figure class=\"fg-item-inner\"><a href=\"https:\/\/test.isladelajuventud-cuba.com\/wp-content\/uploads\/2017\/02\/cienfuegos2.jpg\" data-caption-title=\"PARQUE CAMILO CIENFUEGOS\" data-attachment-id=\"18010\" data-type=\"image\" class=\"fg-thumb\"><span class=\"fg-image-wrap\"><img src=\"https:\/\/test.isladelajuventud-cuba.com\/wp-content\/uploads\/cache\/2017\/02\/cienfuegos2\/3308333139.jpg\" width=\"150\" height=\"100\" class=\"skip-lazy fg-image\" decoding=\"async\" loading=\"lazy\"><\/span><span class=\"fg-image-overlay\"><\/span><\/a><figcaption class=\"fg-caption\"><div class=\"fg-caption-inner\"><div class=\"fg-caption-title\">PARQUE CAMILO CIENFUEGOS<\/div><\/div><\/figcaption><\/figure><div class=\"fg-loader\"><\/div><\/div><div class=\"fg-item fg-type-image fg-loading\"><figure class=\"fg-item-inner\"><a href=\"https:\/\/test.isladelajuventud-cuba.com\/wp-content\/uploads\/2017\/02\/cienfuegos3.jpg\" data-caption-title=\"PARQUE CAMILO CIENFUEGOS\" data-attachment-id=\"18011\" data-type=\"image\" class=\"fg-thumb\"><span class=\"fg-image-wrap\"><img src=\"https:\/\/test.isladelajuventud-cuba.com\/wp-content\/uploads\/cache\/2017\/02\/cienfuegos3\/1852619963.jpg\" width=\"150\" height=\"100\" class=\"skip-lazy fg-image\" decoding=\"async\" loading=\"lazy\"><\/span><span class=\"fg-image-overlay\"><\/span><\/a><figcaption class=\"fg-caption\"><div class=\"fg-caption-inner\"><div class=\"fg-caption-title\">PARQUE CAMILO CIENFUEGOS<\/div><\/div><\/figcaption><\/figure><div class=\"fg-loader\"><\/div><\/div><\/div>\n<!-- FooGallery Debug Info : Start\r\n\r\nID => 18038\r\nTemplate => default\r\nDatasource => media_library\r\n\r\nFooGallery Settings\r\n===================\r\ndefault_alignment => fg-center\r\ndefault_border_size => fg-border-thin\r\ndefault_caption_desc_source => none\r\ndefault_drop_shadow => fg-shadow-small\r\ndefault_hover_effect_icon => fg-hover-zoom\r\ndefault_hover_effect_transition => fg-hover-fade\r\ndefault_hover_effect_type => normal\r\ndefault_lightbox => foogallery\r\ndefault_loaded_effect => fg-loaded-fade-in\r\ndefault_loading_icon => fg-loading-default\r\ndefault_spacing => fg-gutter-10\r\ndefault_theme => fg-light\r\ndefault_thumbnail_dimensions => \r\n   width => 150\r\n   height => 100\r\ndefault_thumbnail_link => image\r\nfoogallery_items_view => manage\r\n\r\nAttachment Info\r\n===============\r\n18009 => \r\n   url => https:\/\/test.isladelajuventud-cuba.com\/wp-content\/uploads\/2017\/02\/cienfuegos1.jpg\r\n   type => image\r\n   width => 150\r\n   height => 100\r\n18010 => \r\n   url => https:\/\/test.isladelajuventud-cuba.com\/wp-content\/uploads\/2017\/02\/cienfuegos2.jpg\r\n   type => image\r\n   width => 150\r\n   height => 100\r\n18011 => \r\n   url => https:\/\/test.isladelajuventud-cuba.com\/wp-content\/uploads\/2017\/02\/cienfuegos3.jpg\r\n   type => image\r\n   width => 150\r\n   height => 100\r\n\r\nFooGallery Debug Info : End --><!-- FooGallery Debug Info : Start\r\n\r\nID => 18038\r\nTemplate => default\r\nDatasource => media_library\r\n\r\nFooGallery Settings\r\n===================\r\ndefault_alignment => fg-center\r\ndefault_border_size => fg-border-thin\r\ndefault_caption_desc_source => none\r\ndefault_drop_shadow => fg-shadow-small\r\ndefault_hover_effect_icon => fg-hover-zoom\r\ndefault_hover_effect_transition => fg-hover-fade\r\ndefault_hover_effect_type => normal\r\ndefault_lightbox => foogallery\r\ndefault_loaded_effect => fg-loaded-fade-in\r\ndefault_loading_icon => fg-loading-default\r\ndefault_spacing => fg-gutter-10\r\ndefault_theme => fg-light\r\ndefault_thumbnail_dimensions => \r\n   width => 150\r\n   height => 100\r\ndefault_thumbnail_link => image\r\nfoogallery_items_view => manage\r\n\r\nAttachment Info\r\n===============\r\n\r\nFooGallery Debug Info : End -->\n<p>[\/vc_column_text][\/vc_column][\/vc_row][vc_row css_animation=\u00bb\u00bb row_type=\u00bbrow\u00bb use_row_as_full_screen_section=\u00bbno\u00bb type=\u00bbgrid\u00bb angled_section=\u00bbno\u00bb text_align=\u00bbcenter\u00bb background_image_as_pattern=\u00bbwithout_pattern\u00bb][vc_column][vc_empty_space height=\u00bb50px\u00bb][\/vc_column][\/vc_row][vc_row css_animation=\u00bb\u00bb row_type=\u00bbrow\u00bb use_row_as_full_screen_section=\u00bbno\u00bb type=\u00bbgrid\u00bb angled_section=\u00bbno\u00bb text_align=\u00bbcenter\u00bb background_image_as_pattern=\u00bbwithout_pattern\u00bb][vc_column]<div class=\"custom_font_holder \" style=\"font-family: Lato; font-style: normal; font-weight: 400; color: #000000; text-decoration: none; text-align: left; --qode-cf-font-size: 14px; --qode-cf-line-height: 18px; --qode-cf-font-size-1440: 14px; --qode-cf-line-height-1440: 18px; --qode-cf-font-size-1366: 14px; --qode-cf-line-height-1366: 18px; --qode-cf-font-size-1280: 14px; --qode-cf-line-height-1280: 18px; --qode-cf-font-size-1024: 14px; --qode-cf-line-height-1024: 18px; --qode-cf-font-size-768: 14px; --qode-cf-line-height-768: 18px; --qode-cf-font-size-680: 14px; --qode-cf-line-height-680: 18px; --qode-cf-font-size-480: 14px; --qode-cf-line-height-480: 18px;\">\n<p style=\"text-align: center;\"><strong>PARQUE DE LOS HEX\u00c1GONOS<\/strong><\/p>\n<p>&nbsp;<\/p>\n<p>Ubicado en la esquina de la calle Mart\u00ed y 28 de Nueva Gerona; lugar donde radic\u00f3 el hotel San Jos\u00e9 construido en 1913. Dicho hotel fue derribado en 1968 por el estado de deterioro tan avanzado que presentaba.<\/p>\n<p>&nbsp;<\/p>\n<p>En el espacio dejado, se cre\u00f3 las condiciones para aprovechar el \u00e1rea y siempre conservando los hermosos y agradables \u00e1rboles que adornaban el lugar, instalando grandes piezas hexagonales de hormig\u00f3n como piso en distintos niveles de altura, espacios de \u00e1reas verdes con jardiner\u00eda y bancos de asientos en lugares donde proyectaban sombras los \u00e1rboles.<\/p>\n<p>&nbsp;<\/p>\n<p>Hoy d\u00eda, despu\u00e9s de una nueva reparaci\u00f3n y mayor acondicionamiento; se redimension\u00f3 e instalaron nuevos bancos de m\u00e1rmoles y algunas piezas esculturales. Se retiraron las losas hexagonales del suelo y colocaron losas de m\u00e1rmol, granito y arcilla; pero qued\u00f3 el nombre.<\/p>\n<p>&nbsp;<\/p>\n<p>Hoy d\u00eda, es el lugar preferido por la juventud en sus fiestas bailables nocturnas los fines de semana y festivos; durante el d\u00eda se utiliza como mercadillo, donde los artesanos nativos y forasteros exponen sus mercanc\u00edas.<\/p>\n<p>&nbsp;<\/p>\n<p>Tambi\u00e9n es muy usado por la ciudadan\u00eda al contemplar atractivos rincones y espacios que lo rodean y el constante pasar de personas.<\/div>[vc_empty_space height=\u00bb30px\u00bb][vc_column_text]<\/p>\n<style type=\"text\/css\">\n#foogallery-gallery-18047 .fg-image { width: 150px; }\n#foogallery-gallery-18047 { --fg-gutter: 10px; }<\/style>\n\t\t\t<style type=\"text\/css\">\n#foogallery-gallery-18047_1 .fg-image { width: 150px; }\n#foogallery-gallery-18047_1 { --fg-gutter: 10px; }<\/style>\n\t\t\t<div class=\"foogallery foogallery-container foogallery-default foogallery-lightbox-foobox-free fg-center fg-default fg-ready fg-light fg-border-thin fg-shadow-small fg-loading-default fg-loaded-fade-in fg-hover-fade fg-hover-zoom fg-debug\" id=\"foogallery-gallery-18047_1\" data-foogallery=\"{&quot;item&quot;:{&quot;showCaptionTitle&quot;:true,&quot;showCaptionDescription&quot;:false},&quot;lazy&quot;:true,&quot;src&quot;:&quot;src&quot;,&quot;srcset&quot;:&quot;srcset&quot;}\" style=\"--fg-title-line-clamp: 0; --fg-description-line-clamp: 0;\" >\n\t<div class=\"fg-item fg-type-image fg-loading\"><figure class=\"fg-item-inner\"><a href=\"https:\/\/test.isladelajuventud-cuba.com\/wp-content\/uploads\/2017\/02\/hexagonos0.jpg\" data-caption-title=\"hexagonos0\" data-attachment-id=\"18025\" data-type=\"image\" class=\"fg-thumb\"><span class=\"fg-image-wrap\"><img src=\"https:\/\/test.isladelajuventud-cuba.com\/wp-content\/uploads\/cache\/2017\/02\/hexagonos0\/4134040789.jpg\" width=\"150\" height=\"100\" class=\"skip-lazy fg-image\" decoding=\"async\" loading=\"lazy\"><\/span><span class=\"fg-image-overlay\"><\/span><\/a><figcaption class=\"fg-caption\"><div class=\"fg-caption-inner\"><div class=\"fg-caption-title\">hexagonos0<\/div><\/div><\/figcaption><\/figure><div class=\"fg-loader\"><\/div><\/div><div class=\"fg-item fg-type-image fg-loading\"><figure class=\"fg-item-inner\"><a href=\"https:\/\/test.isladelajuventud-cuba.com\/wp-content\/uploads\/2017\/02\/hexagonos1.jpg\" data-caption-title=\"hexagonos1\" data-attachment-id=\"18026\" data-type=\"image\" class=\"fg-thumb\"><span class=\"fg-image-wrap\"><img src=\"https:\/\/test.isladelajuventud-cuba.com\/wp-content\/uploads\/cache\/2017\/02\/hexagonos1\/1168227302.jpg\" width=\"150\" height=\"100\" class=\"skip-lazy fg-image\" decoding=\"async\" loading=\"lazy\"><\/span><span class=\"fg-image-overlay\"><\/span><\/a><figcaption class=\"fg-caption\"><div class=\"fg-caption-inner\"><div class=\"fg-caption-title\">hexagonos1<\/div><\/div><\/figcaption><\/figure><div class=\"fg-loader\"><\/div><\/div><div class=\"fg-item fg-type-image fg-loading\"><figure class=\"fg-item-inner\"><a href=\"https:\/\/test.isladelajuventud-cuba.com\/wp-content\/uploads\/2017\/02\/hexagonos2.jpg\" data-caption-title=\"hexagonos2\" data-attachment-id=\"18027\" data-type=\"image\" class=\"fg-thumb\"><span class=\"fg-image-wrap\"><img src=\"https:\/\/test.isladelajuventud-cuba.com\/wp-content\/uploads\/cache\/2017\/02\/hexagonos2\/3790603934.jpg\" width=\"150\" height=\"100\" class=\"skip-lazy fg-image\" decoding=\"async\" loading=\"lazy\"><\/span><span class=\"fg-image-overlay\"><\/span><\/a><figcaption class=\"fg-caption\"><div class=\"fg-caption-inner\"><div class=\"fg-caption-title\">hexagonos2<\/div><\/div><\/figcaption><\/figure><div class=\"fg-loader\"><\/div><\/div><div class=\"fg-item fg-type-image fg-loading\"><figure class=\"fg-item-inner\"><a href=\"https:\/\/test.isladelajuventud-cuba.com\/wp-content\/uploads\/2017\/02\/hexagonos3.jpg\" data-caption-title=\"hexagonos3\" data-attachment-id=\"18028\" data-type=\"image\" class=\"fg-thumb\"><span class=\"fg-image-wrap\"><img src=\"https:\/\/test.isladelajuventud-cuba.com\/wp-content\/uploads\/cache\/2017\/02\/hexagonos3\/1959260504.jpg\" width=\"150\" height=\"100\" class=\"skip-lazy fg-image\" decoding=\"async\" loading=\"lazy\"><\/span><span class=\"fg-image-overlay\"><\/span><\/a><figcaption class=\"fg-caption\"><div class=\"fg-caption-inner\"><div class=\"fg-caption-title\">hexagonos3<\/div><\/div><\/figcaption><\/figure><div class=\"fg-loader\"><\/div><\/div><div class=\"fg-item fg-type-image fg-loading\"><figure class=\"fg-item-inner\"><a href=\"https:\/\/test.isladelajuventud-cuba.com\/wp-content\/uploads\/2017\/02\/hexagonos4.jpg\" data-caption-title=\"hexagonos4\" data-attachment-id=\"18029\" data-type=\"image\" class=\"fg-thumb\"><span class=\"fg-image-wrap\"><img src=\"https:\/\/test.isladelajuventud-cuba.com\/wp-content\/uploads\/cache\/2017\/02\/hexagonos4\/1423721178.jpg\" width=\"150\" height=\"100\" class=\"skip-lazy fg-image\" decoding=\"async\" loading=\"lazy\"><\/span><span class=\"fg-image-overlay\"><\/span><\/a><figcaption class=\"fg-caption\"><div class=\"fg-caption-inner\"><div class=\"fg-caption-title\">hexagonos4<\/div><\/div><\/figcaption><\/figure><div class=\"fg-loader\"><\/div><\/div><\/div>\n<!-- FooGallery Debug Info : Start\r\n\r\nID => 18047\r\nTemplate => default\r\nDatasource => media_library\r\n\r\nFooGallery Settings\r\n===================\r\ndefault_alignment => fg-center\r\ndefault_border-style => border-style-square-white\r\ndefault_border_size => fg-border-thin\r\ndefault_caption-content => title\r\ndefault_caption-hover-effect => hover-caption-simple\r\ndefault_caption_desc_source => none\r\ndefault_drop_shadow => fg-shadow-small\r\ndefault_hover-effect => hover-effect-zoom\r\ndefault_hover_effect_icon => fg-hover-zoom\r\ndefault_hover_effect_preset => fg-custom\r\ndefault_hover_effect_transition => fg-hover-fade\r\ndefault_hover_effect_type => normal\r\ndefault_lightbox => foobox-free\r\ndefault_loading_animation => yes\r\ndefault_loading_icon => fg-loading-default\r\ndefault_spacing => fg-gutter-10\r\ndefault_theme => fg-light\r\ndefault_thumbnail_dimensions => \r\n   width => 150\r\n   height => 100\r\n   crop => 1\r\ndefault_thumbnail_link => image\r\nimage-viewer_alignment => fg-center\r\nimage-viewer_caption-content => title\r\nimage-viewer_caption_desc_source => none\r\nimage-viewer_hover-effect => hover-effect-zoom\r\nimage-viewer_hover_effect_icon => fg-hover-zoom\r\nimage-viewer_hover_effect_preset => fg-custom\r\nimage-viewer_hover_effect_transition => fg-hover-fade\r\nimage-viewer_lightbox => foobox-free\r\nimage-viewer_text-next => Next\r\nimage-viewer_text-of => of\r\nimage-viewer_text-prev => Prev\r\nimage-viewer_theme => fg-light\r\nimage-viewer_theme_custom_bgcolor => #FFFFFF\r\nimage-viewer_theme_custom_bordercolor => #e6e6e6\r\nimage-viewer_theme_custom_hovercolor => #F2F2F2\r\nimage-viewer_theme_custom_textcolor => #1b1b1b\r\nimage-viewer_thumbnail_link => image\r\nimage-viewer_thumbnail_size => \r\n   width => 640\r\n   height => 360\r\n   crop => 1\r\njustified_caption_source => title\r\njustified_lightbox => foobox-free\r\njustified_margins => 1\r\njustified_max_row_height => 200%\r\njustified_row_height => 150\r\njustified_thumb_height => 250\r\njustified_thumbnail_link => image\r\nmasonry_center_align => default\r\nmasonry_gutter_width => 10\r\nmasonry_hover_effect_scale => fg-hover-scale\r\nmasonry_hover_zoom => default\r\nmasonry_layout => fixed\r\nmasonry_lightbox => foobox-free\r\nmasonry_thumbnail_link => image\r\nmasonry_thumbnail_width => 150\r\nsimple_portfolio_caption_bg_color => #fff\r\nsimple_portfolio_caption_text_color => #333\r\nsimple_portfolio_gutter => 40\r\nsimple_portfolio_lightbox => foobox-free\r\nsimple_portfolio_thumbnail_dimensions => \r\n   width => 250\r\n   height => 200\r\n   crop => 1\r\nsimple_portfolio_thumbnail_link => image\r\nthumbnail_caption_bgcolor => rgba(0, 0, 0, 0.8)\r\nthumbnail_caption_color => rgb(255, 255, 255)\r\nthumbnail_caption_style => caption-simple\r\nthumbnail_hover_effect_caption_visibility => fg-caption-always\r\nthumbnail_hover_effect_preset => fg-custom\r\nthumbnail_lightbox => foobox-free\r\nthumbnail_position => fg-center\r\nthumbnail_thumbnail_dimensions => \r\n   width => 250\r\n   height => 200\r\n   crop => 1\r\n\r\nAttachment Info\r\n===============\r\n18025 => \r\n   url => https:\/\/test.isladelajuventud-cuba.com\/wp-content\/uploads\/2017\/02\/hexagonos0.jpg\r\n   type => image\r\n   width => 150\r\n   height => 100\r\n18026 => \r\n   url => https:\/\/test.isladelajuventud-cuba.com\/wp-content\/uploads\/2017\/02\/hexagonos1.jpg\r\n   type => image\r\n   width => 150\r\n   height => 100\r\n18027 => \r\n   url => https:\/\/test.isladelajuventud-cuba.com\/wp-content\/uploads\/2017\/02\/hexagonos2.jpg\r\n   type => image\r\n   width => 150\r\n   height => 100\r\n18028 => \r\n   url => https:\/\/test.isladelajuventud-cuba.com\/wp-content\/uploads\/2017\/02\/hexagonos3.jpg\r\n   type => image\r\n   width => 150\r\n   height => 100\r\n18029 => \r\n   url => https:\/\/test.isladelajuventud-cuba.com\/wp-content\/uploads\/2017\/02\/hexagonos4.jpg\r\n   type => image\r\n   width => 150\r\n   height => 100\r\n\r\nFooGallery Debug Info : End --><!-- FooGallery Debug Info : Start\r\n\r\nID => 18047\r\nTemplate => default\r\nDatasource => media_library\r\n\r\nFooGallery Settings\r\n===================\r\ndefault_alignment => fg-center\r\ndefault_border-style => border-style-square-white\r\ndefault_border_size => fg-border-thin\r\ndefault_caption-content => title\r\ndefault_caption-hover-effect => hover-caption-simple\r\ndefault_caption_desc_source => none\r\ndefault_drop_shadow => fg-shadow-small\r\ndefault_hover-effect => hover-effect-zoom\r\ndefault_hover_effect_icon => fg-hover-zoom\r\ndefault_hover_effect_preset => fg-custom\r\ndefault_hover_effect_transition => fg-hover-fade\r\ndefault_hover_effect_type => normal\r\ndefault_lightbox => foobox-free\r\ndefault_loading_animation => yes\r\ndefault_loading_icon => fg-loading-default\r\ndefault_spacing => fg-gutter-10\r\ndefault_theme => fg-light\r\ndefault_thumbnail_dimensions => \r\n   width => 150\r\n   height => 100\r\n   crop => 1\r\ndefault_thumbnail_link => image\r\nimage-viewer_alignment => fg-center\r\nimage-viewer_caption-content => title\r\nimage-viewer_caption_desc_source => none\r\nimage-viewer_hover-effect => hover-effect-zoom\r\nimage-viewer_hover_effect_icon => fg-hover-zoom\r\nimage-viewer_hover_effect_preset => fg-custom\r\nimage-viewer_hover_effect_transition => fg-hover-fade\r\nimage-viewer_lightbox => foobox-free\r\nimage-viewer_text-next => Next\r\nimage-viewer_text-of => of\r\nimage-viewer_text-prev => Prev\r\nimage-viewer_theme => fg-light\r\nimage-viewer_theme_custom_bgcolor => #FFFFFF\r\nimage-viewer_theme_custom_bordercolor => #e6e6e6\r\nimage-viewer_theme_custom_hovercolor => #F2F2F2\r\nimage-viewer_theme_custom_textcolor => #1b1b1b\r\nimage-viewer_thumbnail_link => image\r\nimage-viewer_thumbnail_size => \r\n   width => 640\r\n   height => 360\r\n   crop => 1\r\njustified_caption_source => title\r\njustified_lightbox => foobox-free\r\njustified_margins => 1\r\njustified_max_row_height => 200%\r\njustified_row_height => 150\r\njustified_thumb_height => 250\r\njustified_thumbnail_link => image\r\nmasonry_center_align => default\r\nmasonry_gutter_width => 10\r\nmasonry_hover_effect_scale => fg-hover-scale\r\nmasonry_hover_zoom => default\r\nmasonry_layout => fixed\r\nmasonry_lightbox => foobox-free\r\nmasonry_thumbnail_link => image\r\nmasonry_thumbnail_width => 150\r\nsimple_portfolio_caption_bg_color => #fff\r\nsimple_portfolio_caption_text_color => #333\r\nsimple_portfolio_gutter => 40\r\nsimple_portfolio_lightbox => foobox-free\r\nsimple_portfolio_thumbnail_dimensions => \r\n   width => 250\r\n   height => 200\r\n   crop => 1\r\nsimple_portfolio_thumbnail_link => image\r\nthumbnail_caption_bgcolor => rgba(0, 0, 0, 0.8)\r\nthumbnail_caption_color => rgb(255, 255, 255)\r\nthumbnail_caption_style => caption-simple\r\nthumbnail_hover_effect_caption_visibility => fg-caption-always\r\nthumbnail_hover_effect_preset => fg-custom\r\nthumbnail_lightbox => foobox-free\r\nthumbnail_position => fg-center\r\nthumbnail_thumbnail_dimensions => \r\n   width => 250\r\n   height => 200\r\n   crop => 1\r\n\r\nAttachment Info\r\n===============\r\n\r\nFooGallery Debug Info : End -->\n<p>[\/vc_column_text][\/vc_column][\/vc_row][vc_row css_animation=\u00bb\u00bb row_type=\u00bbrow\u00bb use_row_as_full_screen_section=\u00bbno\u00bb type=\u00bbgrid\u00bb angled_section=\u00bbno\u00bb text_align=\u00bbcenter\u00bb background_image_as_pattern=\u00bbwithout_pattern\u00bb][vc_column][vc_empty_space height=\u00bb50px\u00bb][\/vc_column][\/vc_row][vc_row css_animation=\u00bb\u00bb row_type=\u00bbrow\u00bb use_row_as_full_screen_section=\u00bbno\u00bb type=\u00bbgrid\u00bb angled_section=\u00bbno\u00bb text_align=\u00bbcenter\u00bb background_image_as_pattern=\u00bbwithout_pattern\u00bb][vc_column]<div class=\"custom_font_holder \" style=\"font-family: Lato; font-style: normal; font-weight: 400; color: #000000; text-decoration: none; text-align: left; --qode-cf-font-size: 14px; --qode-cf-line-height: 18px; --qode-cf-font-size-1440: 14px; --qode-cf-line-height-1440: 18px; --qode-cf-font-size-1366: 14px; --qode-cf-line-height-1366: 18px; --qode-cf-font-size-1280: 14px; --qode-cf-line-height-1280: 18px; --qode-cf-font-size-1024: 14px; --qode-cf-line-height-1024: 18px; --qode-cf-font-size-768: 14px; --qode-cf-line-height-768: 18px; --qode-cf-font-size-680: 14px; --qode-cf-line-height-680: 18px; --qode-cf-font-size-480: 14px; --qode-cf-line-height-480: 18px;\">\n<p style=\"text-align: center;\"><strong>PARQUE\u00a015 DE MAYO<\/strong><\/p>\n<p>&nbsp;<\/p>\n<p>Ubicado en la esquina de calle Mart\u00ed y 20 de Nueva Gerona. Centro de la ciudad comercial y donde radic\u00f3 el hotel Isla de Pinos, desaparecido en 1967 por su mal estado de conservaci\u00f3n.<\/p>\n<p>&nbsp;<\/p>\n<p>Su nombre se debe al hecho ocurrido el 15 de mayo de 1955, en recordaci\u00f3n a la excarcelaci\u00f3n y estancia en dicho hotel, de los moncadistas del Presidio Modelo.<\/p>\n<p>&nbsp;<\/p>\n<p>Sin lugar a dudas, es uno de los m\u00e1s bellos parques de la Isla. Ofrece todas las condiciones para aquellos que deseen tomar aire fresco y conversar con toda tranquilidad y privacidad. Su nombre es ignorado por la mayor\u00eda de la ciudadan\u00eda y ha sido sustituido popularmente con el nombre de \u201cParque de los Tarros\u201d, debido a las citas amorosas de parejas furtivas.<\/p>\n<p>&nbsp;<\/p>\n<p>Ocasionalmente se puede disfrutar de actividades culturales y se utiliza como espacio para la instalaci\u00f3n de mercadillos y puestos de ventas de productos gastron\u00f3micos.<\/div>[vc_empty_space height=\u00bb30px\u00bb][vc_column_text]<\/p>\n<style type=\"text\/css\">\n#foogallery-gallery-18037 .fg-image { width: 150px; }\n#foogallery-gallery-18037 { --fg-gutter: 10px; }<\/style>\n\t\t\t<style type=\"text\/css\">\n#foogallery-gallery-18037_1 .fg-image { width: 150px; }\n#foogallery-gallery-18037_1 { --fg-gutter: 10px; }<\/style>\n\t\t\t<div class=\"foogallery foogallery-container foogallery-default foogallery-lightbox-foobox-free fg-center fg-default fg-ready fg-light fg-border-thin fg-shadow-small fg-loading-default fg-loaded-fade-in fg-hover-fade fg-hover-zoom fg-debug\" id=\"foogallery-gallery-18037_1\" data-foogallery=\"{&quot;item&quot;:{&quot;showCaptionTitle&quot;:true,&quot;showCaptionDescription&quot;:false},&quot;lazy&quot;:true,&quot;src&quot;:&quot;src&quot;,&quot;srcset&quot;:&quot;srcset&quot;}\" style=\"--fg-title-line-clamp: 0; --fg-description-line-clamp: 0;\" >\n\t<div class=\"fg-item fg-type-image fg-loading\"><figure class=\"fg-item-inner\"><a href=\"https:\/\/test.isladelajuventud-cuba.com\/wp-content\/uploads\/2017\/02\/15mayo1.jpg\" data-caption-title=\"15mayo1\" data-attachment-id=\"18006\" data-type=\"image\" class=\"fg-thumb\"><span class=\"fg-image-wrap\"><img src=\"https:\/\/test.isladelajuventud-cuba.com\/wp-content\/uploads\/cache\/2017\/02\/15mayo1\/649980390.jpg\" width=\"150\" height=\"100\" class=\"skip-lazy fg-image\" decoding=\"async\" loading=\"lazy\"><\/span><span class=\"fg-image-overlay\"><\/span><\/a><figcaption class=\"fg-caption\"><div class=\"fg-caption-inner\"><div class=\"fg-caption-title\">15mayo1<\/div><\/div><\/figcaption><\/figure><div class=\"fg-loader\"><\/div><\/div><div class=\"fg-item fg-type-image fg-loading\"><figure class=\"fg-item-inner\"><a href=\"https:\/\/test.isladelajuventud-cuba.com\/wp-content\/uploads\/2017\/02\/15mayo2.jpg\" data-caption-title=\"15mayo2\" data-attachment-id=\"18007\" data-type=\"image\" class=\"fg-thumb\"><span class=\"fg-image-wrap\"><img src=\"https:\/\/test.isladelajuventud-cuba.com\/wp-content\/uploads\/cache\/2017\/02\/15mayo2\/4049494916.jpg\" width=\"150\" height=\"100\" class=\"skip-lazy fg-image\" decoding=\"async\" loading=\"lazy\"><\/span><span class=\"fg-image-overlay\"><\/span><\/a><figcaption class=\"fg-caption\"><div class=\"fg-caption-inner\"><div class=\"fg-caption-title\">15mayo2<\/div><\/div><\/figcaption><\/figure><div class=\"fg-loader\"><\/div><\/div><div class=\"fg-item fg-type-image fg-loading\"><figure class=\"fg-item-inner\"><a href=\"https:\/\/test.isladelajuventud-cuba.com\/wp-content\/uploads\/2017\/02\/15mayo3.jpg\" data-caption-title=\"15mayo3\" data-attachment-id=\"18008\" data-type=\"image\" class=\"fg-thumb\"><span class=\"fg-image-wrap\"><img src=\"https:\/\/test.isladelajuventud-cuba.com\/wp-content\/uploads\/cache\/2017\/02\/15mayo3\/3463815959.jpg\" width=\"150\" height=\"100\" class=\"skip-lazy fg-image\" decoding=\"async\" loading=\"lazy\"><\/span><span class=\"fg-image-overlay\"><\/span><\/a><figcaption class=\"fg-caption\"><div class=\"fg-caption-inner\"><div class=\"fg-caption-title\">15mayo3<\/div><\/div><\/figcaption><\/figure><div class=\"fg-loader\"><\/div><\/div><\/div>\n<!-- FooGallery Debug Info : Start\r\n\r\nID => 18037\r\nTemplate => default\r\nDatasource => media_library\r\n\r\nFooGallery Settings\r\n===================\r\ndefault_alignment => fg-center\r\ndefault_border-style => border-style-square-white\r\ndefault_border_size => fg-border-thin\r\ndefault_caption-content => title\r\ndefault_caption-hover-effect => hover-caption-simple\r\ndefault_caption_desc_source => none\r\ndefault_drop_shadow => fg-shadow-small\r\ndefault_hover-effect => hover-effect-zoom\r\ndefault_hover_effect_icon => fg-hover-zoom\r\ndefault_hover_effect_preset => fg-custom\r\ndefault_hover_effect_transition => fg-hover-fade\r\ndefault_hover_effect_type => normal\r\ndefault_lightbox => foobox-free\r\ndefault_loading_animation => yes\r\ndefault_loading_icon => fg-loading-default\r\ndefault_spacing => fg-gutter-10\r\ndefault_theme => fg-light\r\ndefault_thumbnail_dimensions => \r\n   width => 150\r\n   height => 100\r\n   crop => 1\r\ndefault_thumbnail_link => image\r\nimage-viewer_alignment => fg-center\r\nimage-viewer_caption-content => title\r\nimage-viewer_caption_desc_source => none\r\nimage-viewer_hover-effect => hover-effect-zoom\r\nimage-viewer_hover_effect_icon => fg-hover-zoom\r\nimage-viewer_hover_effect_preset => fg-custom\r\nimage-viewer_hover_effect_transition => fg-hover-fade\r\nimage-viewer_lightbox => foobox-free\r\nimage-viewer_text-next => Next\r\nimage-viewer_text-of => of\r\nimage-viewer_text-prev => Prev\r\nimage-viewer_theme => fg-light\r\nimage-viewer_theme_custom_bgcolor => #FFFFFF\r\nimage-viewer_theme_custom_bordercolor => #e6e6e6\r\nimage-viewer_theme_custom_hovercolor => #F2F2F2\r\nimage-viewer_theme_custom_textcolor => #1b1b1b\r\nimage-viewer_thumbnail_link => image\r\nimage-viewer_thumbnail_size => \r\n   width => 640\r\n   height => 360\r\n   crop => 1\r\njustified_caption_source => title\r\njustified_lightbox => foobox-free\r\njustified_margins => 1\r\njustified_max_row_height => 200%\r\njustified_row_height => 150\r\njustified_thumb_height => 250\r\njustified_thumbnail_link => image\r\nmasonry_center_align => default\r\nmasonry_gutter_width => 10\r\nmasonry_hover_effect_scale => fg-hover-scale\r\nmasonry_hover_zoom => default\r\nmasonry_layout => fixed\r\nmasonry_lightbox => foobox-free\r\nmasonry_thumbnail_link => image\r\nmasonry_thumbnail_width => 150\r\nsimple_portfolio_caption_bg_color => #fff\r\nsimple_portfolio_caption_text_color => #333\r\nsimple_portfolio_gutter => 40\r\nsimple_portfolio_lightbox => foobox-free\r\nsimple_portfolio_thumbnail_dimensions => \r\n   width => 250\r\n   height => 200\r\n   crop => 1\r\nsimple_portfolio_thumbnail_link => image\r\nthumbnail_caption_bgcolor => rgba(0, 0, 0, 0.8)\r\nthumbnail_caption_color => rgb(255, 255, 255)\r\nthumbnail_caption_style => caption-simple\r\nthumbnail_hover_effect_caption_visibility => fg-caption-always\r\nthumbnail_hover_effect_preset => fg-custom\r\nthumbnail_lightbox => foobox-free\r\nthumbnail_position => fg-center\r\nthumbnail_thumbnail_dimensions => \r\n   width => 250\r\n   height => 200\r\n   crop => 1\r\n\r\nAttachment Info\r\n===============\r\n18006 => \r\n   url => https:\/\/test.isladelajuventud-cuba.com\/wp-content\/uploads\/2017\/02\/15mayo1.jpg\r\n   type => image\r\n   width => 150\r\n   height => 100\r\n18007 => \r\n   url => https:\/\/test.isladelajuventud-cuba.com\/wp-content\/uploads\/2017\/02\/15mayo2.jpg\r\n   type => image\r\n   width => 150\r\n   height => 100\r\n18008 => \r\n   url => https:\/\/test.isladelajuventud-cuba.com\/wp-content\/uploads\/2017\/02\/15mayo3.jpg\r\n   type => image\r\n   width => 150\r\n   height => 100\r\n\r\nFooGallery Debug Info : End --><!-- FooGallery Debug Info : Start\r\n\r\nID => 18037\r\nTemplate => default\r\nDatasource => media_library\r\n\r\nFooGallery Settings\r\n===================\r\ndefault_alignment => fg-center\r\ndefault_border-style => border-style-square-white\r\ndefault_border_size => fg-border-thin\r\ndefault_caption-content => title\r\ndefault_caption-hover-effect => hover-caption-simple\r\ndefault_caption_desc_source => none\r\ndefault_drop_shadow => fg-shadow-small\r\ndefault_hover-effect => hover-effect-zoom\r\ndefault_hover_effect_icon => fg-hover-zoom\r\ndefault_hover_effect_preset => fg-custom\r\ndefault_hover_effect_transition => fg-hover-fade\r\ndefault_hover_effect_type => normal\r\ndefault_lightbox => foobox-free\r\ndefault_loading_animation => yes\r\ndefault_loading_icon => fg-loading-default\r\ndefault_spacing => fg-gutter-10\r\ndefault_theme => fg-light\r\ndefault_thumbnail_dimensions => \r\n   width => 150\r\n   height => 100\r\n   crop => 1\r\ndefault_thumbnail_link => image\r\nimage-viewer_alignment => fg-center\r\nimage-viewer_caption-content => title\r\nimage-viewer_caption_desc_source => none\r\nimage-viewer_hover-effect => hover-effect-zoom\r\nimage-viewer_hover_effect_icon => fg-hover-zoom\r\nimage-viewer_hover_effect_preset => fg-custom\r\nimage-viewer_hover_effect_transition => fg-hover-fade\r\nimage-viewer_lightbox => foobox-free\r\nimage-viewer_text-next => Next\r\nimage-viewer_text-of => of\r\nimage-viewer_text-prev => Prev\r\nimage-viewer_theme => fg-light\r\nimage-viewer_theme_custom_bgcolor => #FFFFFF\r\nimage-viewer_theme_custom_bordercolor => #e6e6e6\r\nimage-viewer_theme_custom_hovercolor => #F2F2F2\r\nimage-viewer_theme_custom_textcolor => #1b1b1b\r\nimage-viewer_thumbnail_link => image\r\nimage-viewer_thumbnail_size => \r\n   width => 640\r\n   height => 360\r\n   crop => 1\r\njustified_caption_source => title\r\njustified_lightbox => foobox-free\r\njustified_margins => 1\r\njustified_max_row_height => 200%\r\njustified_row_height => 150\r\njustified_thumb_height => 250\r\njustified_thumbnail_link => image\r\nmasonry_center_align => default\r\nmasonry_gutter_width => 10\r\nmasonry_hover_effect_scale => fg-hover-scale\r\nmasonry_hover_zoom => default\r\nmasonry_layout => fixed\r\nmasonry_lightbox => foobox-free\r\nmasonry_thumbnail_link => image\r\nmasonry_thumbnail_width => 150\r\nsimple_portfolio_caption_bg_color => #fff\r\nsimple_portfolio_caption_text_color => #333\r\nsimple_portfolio_gutter => 40\r\nsimple_portfolio_lightbox => foobox-free\r\nsimple_portfolio_thumbnail_dimensions => \r\n   width => 250\r\n   height => 200\r\n   crop => 1\r\nsimple_portfolio_thumbnail_link => image\r\nthumbnail_caption_bgcolor => rgba(0, 0, 0, 0.8)\r\nthumbnail_caption_color => rgb(255, 255, 255)\r\nthumbnail_caption_style => caption-simple\r\nthumbnail_hover_effect_caption_visibility => fg-caption-always\r\nthumbnail_hover_effect_preset => fg-custom\r\nthumbnail_lightbox => foobox-free\r\nthumbnail_position => fg-center\r\nthumbnail_thumbnail_dimensions => \r\n   width => 250\r\n   height => 200\r\n   crop => 1\r\n\r\nAttachment Info\r\n===============\r\n\r\nFooGallery Debug Info : End -->\n<p>[\/vc_column_text][\/vc_column][\/vc_row][vc_row css_animation=\u00bb\u00bb row_type=\u00bbrow\u00bb use_row_as_full_screen_section=\u00bbno\u00bb type=\u00bbgrid\u00bb angled_section=\u00bbno\u00bb text_align=\u00bbcenter\u00bb background_image_as_pattern=\u00bbwithout_pattern\u00bb][vc_column][vc_empty_space height=\u00bb50px\u00bb][\/vc_column][\/vc_row][vc_row css_animation=\u00bb\u00bb row_type=\u00bbrow\u00bb use_row_as_full_screen_section=\u00bbno\u00bb type=\u00bbgrid\u00bb angled_section=\u00bbno\u00bb text_align=\u00bbcenter\u00bb background_image_as_pattern=\u00bbwithout_pattern\u00bb][vc_column]<div class=\"custom_font_holder \" style=\"font-family: Lato; font-style: normal; font-weight: 400; color: #000000; text-decoration: none; text-align: left; --qode-cf-font-size: 14px; --qode-cf-line-height: 18px; --qode-cf-font-size-1440: 14px; --qode-cf-line-height-1440: 18px; --qode-cf-font-size-1366: 14px; --qode-cf-line-height-1366: 18px; --qode-cf-font-size-1280: 14px; --qode-cf-line-height-1280: 18px; --qode-cf-font-size-1024: 14px; --qode-cf-line-height-1024: 18px; --qode-cf-font-size-768: 14px; --qode-cf-line-height-768: 18px; --qode-cf-font-size-680: 14px; --qode-cf-line-height-680: 18px; --qode-cf-font-size-480: 14px; --qode-cf-line-height-480: 18px;\">\n<p style=\"text-align: center;\"><strong>PARQUE JOS\u00c9 ANTONIO ECHEVARR\u00cdA<\/strong><\/p>\n<p>&nbsp;<\/p>\n<p>En la esquina de las calles 37 y 28 de Nueva Gerona, lateral del cine Caribe, se construy\u00f3 un peque\u00f1o parque, con algunos bancos de asientos, \u00e1rboles, jardines y un busto de m\u00e1rmol de Jos\u00e9 Antonio Echevarr\u00eda, l\u00edder estudiantil universitario y asesinado durante el gobierno de Fulgencio Batista, sobre un gran bloque, tambi\u00e9n de m\u00e1rmol. Hoy d\u00eda el busto no existe, por que en la actualidad se encuentra en un peque\u00f1o parque del poblado de Cocodrilo, al sur de la isla.<\/p>\n<p>&nbsp;<\/p>\n<p>Pocos conocen el nombre de este parque que se conserva bien. Se debe destacar, que en este lugar radicaba la vivienda transitoria donde resid\u00eda Evangelina Cossio y Cisnero; joven patriota que luch\u00f3 por la independencia de Cuba.<\/div>[vc_empty_space height=\u00bb30px\u00bb][vc_column_text]<\/p>\n<style type=\"text\/css\">\n#foogallery-gallery-18036 .fg-image { width: 150px; }\n#foogallery-gallery-18036 { --fg-gutter: 10px; }<\/style>\n\t\t\t<style type=\"text\/css\">\n#foogallery-gallery-18036_1 .fg-image { width: 150px; }\n#foogallery-gallery-18036_1 { --fg-gutter: 10px; }<\/style>\n\t\t\t<div class=\"foogallery foogallery-container foogallery-default foogallery-lightbox-foobox fg-center fg-default fg-ready fg-light fg-border-thin fg-shadow-small fg-loading-default fg-loaded-fade-in fg-hover-fade fg-hover-zoom fg-debug\" id=\"foogallery-gallery-18036_1\" data-foogallery=\"{&quot;item&quot;:{&quot;showCaptionTitle&quot;:true,&quot;showCaptionDescription&quot;:false},&quot;lazy&quot;:true,&quot;src&quot;:&quot;src&quot;,&quot;srcset&quot;:&quot;srcset&quot;}\" style=\"--fg-title-line-clamp: 0; --fg-description-line-clamp: 0;\" >\n\t<div class=\"fg-item fg-type-image fg-loading\"><figure class=\"fg-item-inner\"><a href=\"https:\/\/test.isladelajuventud-cuba.com\/wp-content\/uploads\/2017\/02\/WhatsApp-Image-2021-02-06-at-16.09.34.jpeg\" data-caption-title=\"Parque Jos\u00e9 Antonio Echevarr\u00eda\" data-attachment-id=\"35710\" data-type=\"image\" class=\"fg-thumb\"><span class=\"fg-image-wrap\"><img src=\"https:\/\/test.isladelajuventud-cuba.com\/wp-content\/uploads\/cache\/2017\/02\/WhatsApp-Image-2021-02-06-at-16_09_34\/873264732.jpeg\" width=\"150\" height=\"100\" class=\"skip-lazy fg-image\" decoding=\"async\" loading=\"lazy\"><\/span><span class=\"fg-image-overlay\"><\/span><\/a><figcaption class=\"fg-caption\"><div class=\"fg-caption-inner\"><div class=\"fg-caption-title\">Parque Jos\u00e9 Antonio Echevarr\u00eda<\/div><\/div><\/figcaption><\/figure><div class=\"fg-loader\"><\/div><\/div><div class=\"fg-item fg-type-image fg-loading\"><figure class=\"fg-item-inner\"><a href=\"https:\/\/test.isladelajuventud-cuba.com\/wp-content\/uploads\/2017\/02\/WhatsApp-Image-2021-02-06-at-16.09.331.jpeg\" data-caption-title=\"Parque Jos\u00e9 Antonio Echevarr\u00eda\" data-attachment-id=\"35707\" data-type=\"image\" class=\"fg-thumb\"><span class=\"fg-image-wrap\"><img src=\"https:\/\/test.isladelajuventud-cuba.com\/wp-content\/uploads\/cache\/2017\/02\/WhatsApp-Image-2021-02-06-at-16_09_331\/543464644.jpeg\" width=\"150\" height=\"100\" class=\"skip-lazy fg-image\" decoding=\"async\" loading=\"lazy\"><\/span><span class=\"fg-image-overlay\"><\/span><\/a><figcaption class=\"fg-caption\"><div class=\"fg-caption-inner\"><div class=\"fg-caption-title\">Parque Jos\u00e9 Antonio Echevarr\u00eda<\/div><\/div><\/figcaption><\/figure><div class=\"fg-loader\"><\/div><\/div><div class=\"fg-item fg-type-image fg-loading\"><figure class=\"fg-item-inner\"><a href=\"https:\/\/test.isladelajuventud-cuba.com\/wp-content\/uploads\/2017\/02\/WhatsApp-Image-2021-02-06-at-16.09.33.jpeg\" data-caption-title=\"Parque Jos\u00e9 Antonio Echevarr\u00eda\" data-attachment-id=\"35708\" data-type=\"image\" class=\"fg-thumb\"><span class=\"fg-image-wrap\"><img src=\"https:\/\/test.isladelajuventud-cuba.com\/wp-content\/uploads\/cache\/2017\/02\/WhatsApp-Image-2021-02-06-at-16_09_33\/2200191961.jpeg\" width=\"150\" height=\"100\" class=\"skip-lazy fg-image\" decoding=\"async\" loading=\"lazy\"><\/span><span class=\"fg-image-overlay\"><\/span><\/a><figcaption class=\"fg-caption\"><div class=\"fg-caption-inner\"><div class=\"fg-caption-title\">Parque Jos\u00e9 Antonio Echevarr\u00eda<\/div><\/div><\/figcaption><\/figure><div class=\"fg-loader\"><\/div><\/div><div class=\"fg-item fg-type-image fg-loading\"><figure class=\"fg-item-inner\"><a href=\"https:\/\/test.isladelajuventud-cuba.com\/wp-content\/uploads\/2017\/02\/WhatsApp-Image-2021-02-06-at-16.09.341.jpeg\" data-caption-title=\"Parque Jos\u00e9 Antonio Echevarr\u00eda\" data-attachment-id=\"35709\" data-type=\"image\" class=\"fg-thumb\"><span class=\"fg-image-wrap\"><img src=\"https:\/\/test.isladelajuventud-cuba.com\/wp-content\/uploads\/cache\/2017\/02\/WhatsApp-Image-2021-02-06-at-16_09_341\/3746874288.jpeg\" width=\"150\" height=\"100\" class=\"skip-lazy fg-image\" decoding=\"async\" loading=\"lazy\"><\/span><span class=\"fg-image-overlay\"><\/span><\/a><figcaption class=\"fg-caption\"><div class=\"fg-caption-inner\"><div class=\"fg-caption-title\">Parque Jos\u00e9 Antonio Echevarr\u00eda<\/div><\/div><\/figcaption><\/figure><div class=\"fg-loader\"><\/div><\/div><div class=\"fg-item fg-type-image fg-loading\"><figure class=\"fg-item-inner\"><a href=\"https:\/\/test.isladelajuventud-cuba.com\/wp-content\/uploads\/2017\/02\/echevarria.jpg\" data-caption-title=\"Parque Jos\u00e9 Antonio Echevarr\u00eda\" data-attachment-id=\"18020\" data-type=\"image\" class=\"fg-thumb\"><span class=\"fg-image-wrap\"><img src=\"https:\/\/test.isladelajuventud-cuba.com\/wp-content\/uploads\/cache\/2017\/02\/echevarria\/4102190598.jpg\" width=\"150\" height=\"100\" class=\"skip-lazy fg-image\" decoding=\"async\" loading=\"lazy\"><\/span><span class=\"fg-image-overlay\"><\/span><\/a><figcaption class=\"fg-caption\"><div class=\"fg-caption-inner\"><div class=\"fg-caption-title\">Parque Jos\u00e9 Antonio Echevarr\u00eda<\/div><\/div><\/figcaption><\/figure><div class=\"fg-loader\"><\/div><\/div><\/div>\n<!-- FooGallery Debug Info : Start\r\n\r\nID => 18036\r\nTemplate => default\r\nDatasource => media_library\r\n\r\nFooGallery Settings\r\n===================\r\ndefault_alignment => fg-center\r\ndefault_border_size => fg-border-thin\r\ndefault_caption_desc_source => none\r\ndefault_drop_shadow => fg-shadow-small\r\ndefault_hover_effect_icon => fg-hover-zoom\r\ndefault_hover_effect_transition => fg-hover-fade\r\ndefault_hover_effect_type => normal\r\ndefault_lightbox => foobox\r\ndefault_loaded_effect => fg-loaded-fade-in\r\ndefault_loading_icon => fg-loading-default\r\ndefault_spacing => fg-gutter-10\r\ndefault_theme => fg-light\r\ndefault_thumbnail_dimensions => \r\n   width => 150\r\n   height => 100\r\ndefault_thumbnail_link => image\r\nfoogallery_items_view => manage\r\n\r\nAttachment Info\r\n===============\r\n35710 => \r\n   url => https:\/\/test.isladelajuventud-cuba.com\/wp-content\/uploads\/2017\/02\/WhatsApp-Image-2021-02-06-at-16.09.34.jpeg\r\n   type => image\r\n   width => 150\r\n   height => 100\r\n35707 => \r\n   url => https:\/\/test.isladelajuventud-cuba.com\/wp-content\/uploads\/2017\/02\/WhatsApp-Image-2021-02-06-at-16.09.331.jpeg\r\n   type => image\r\n   width => 150\r\n   height => 100\r\n35708 => \r\n   url => https:\/\/test.isladelajuventud-cuba.com\/wp-content\/uploads\/2017\/02\/WhatsApp-Image-2021-02-06-at-16.09.33.jpeg\r\n   type => image\r\n   width => 150\r\n   height => 100\r\n35709 => \r\n   url => https:\/\/test.isladelajuventud-cuba.com\/wp-content\/uploads\/2017\/02\/WhatsApp-Image-2021-02-06-at-16.09.341.jpeg\r\n   type => image\r\n   width => 150\r\n   height => 100\r\n18020 => \r\n   url => https:\/\/test.isladelajuventud-cuba.com\/wp-content\/uploads\/2017\/02\/echevarria.jpg\r\n   type => image\r\n   width => 150\r\n   height => 100\r\n\r\nFooGallery Debug Info : End --><!-- FooGallery Debug Info : Start\r\n\r\nID => 18036\r\nTemplate => default\r\nDatasource => media_library\r\n\r\nFooGallery Settings\r\n===================\r\ndefault_alignment => fg-center\r\ndefault_border_size => fg-border-thin\r\ndefault_caption_desc_source => none\r\ndefault_drop_shadow => fg-shadow-small\r\ndefault_hover_effect_icon => fg-hover-zoom\r\ndefault_hover_effect_transition => fg-hover-fade\r\ndefault_hover_effect_type => normal\r\ndefault_lightbox => foobox\r\ndefault_loaded_effect => fg-loaded-fade-in\r\ndefault_loading_icon => fg-loading-default\r\ndefault_spacing => fg-gutter-10\r\ndefault_theme => fg-light\r\ndefault_thumbnail_dimensions => \r\n   width => 150\r\n   height => 100\r\ndefault_thumbnail_link => image\r\nfoogallery_items_view => manage\r\n\r\nAttachment Info\r\n===============\r\n\r\nFooGallery Debug Info : End -->\n<p>[\/vc_column_text][\/vc_column][\/vc_row][vc_row css_animation=\u00bb\u00bb row_type=\u00bbrow\u00bb use_row_as_full_screen_section=\u00bbno\u00bb type=\u00bbgrid\u00bb angled_section=\u00bbno\u00bb text_align=\u00bbcenter\u00bb background_image_as_pattern=\u00bbwithout_pattern\u00bb][vc_column][vc_empty_space height=\u00bb50px\u00bb][\/vc_column][\/vc_row][vc_row css_animation=\u00bb\u00bb row_type=\u00bbrow\u00bb use_row_as_full_screen_section=\u00bbno\u00bb type=\u00bbgrid\u00bb angled_section=\u00bbno\u00bb text_align=\u00bbcenter\u00bb background_image_as_pattern=\u00bbwithout_pattern\u00bb][vc_column]<div class=\"custom_font_holder \" style=\"font-family: Lato; font-style: normal; font-weight: 400; color: #000000; text-decoration: none; text-align: left; --qode-cf-font-size: 14px; --qode-cf-line-height: 18px; --qode-cf-font-size-1440: 14px; --qode-cf-line-height-1440: 18px; --qode-cf-font-size-1366: 14px; --qode-cf-line-height-1366: 18px; --qode-cf-font-size-1280: 14px; --qode-cf-line-height-1280: 18px; --qode-cf-font-size-1024: 14px; --qode-cf-line-height-1024: 18px; --qode-cf-font-size-768: 14px; --qode-cf-line-height-768: 18px; --qode-cf-font-size-680: 14px; --qode-cf-line-height-680: 18px; --qode-cf-font-size-480: 14px; --qode-cf-line-height-480: 18px;\">\n<p style=\"text-align: center;\"><strong>OTROS PARQUES<\/strong><\/p>\n<p>&nbsp;<\/p>\n<p>En la ciudad de Nueva Gerona existen otros peque\u00f1os parques: el ubicado en calle 41, entre 30 y 32; el bello parquecito del Poder Popular en calle Mart\u00ed, entre 26 y 28, frente al restaurante El Chino, con preciosos murales de cer\u00e1mica, elaborados por artistas del Municipio; el de Mundo Verde, tambi\u00e9n en calle Mart\u00ed, entre 22 y 24, frente a la Casa del Agua.<\/p>\n<p>&nbsp;<\/p>\n<p>Poblados como Argelia, Santa B\u00e1rbara, La Reforma, La Victoria y otros, cuentan con peque\u00f1os parques que los vecinos del lugar se re\u00fanen y algunos sirven hasta de paraderos de autobuses.<\/div>[vc_empty_space height=\u00bb30px\u00bb][vc_column_text]<\/p>\n<style type=\"text\/css\">\n#foogallery-gallery-18004 .fg-image { width: 150px; }\n#foogallery-gallery-18004 { --fg-gutter: 10px; }<\/style>\n\t\t\t<style type=\"text\/css\">\n#foogallery-gallery-18004_1 .fg-image { width: 150px; }\n#foogallery-gallery-18004_1 { --fg-gutter: 10px; }<\/style>\n\t\t\t<div class=\"foogallery foogallery-container foogallery-default foogallery-lightbox-foogallery fg-center fg-default fg-ready fg-light fg-border-thin fg-shadow-small fg-loading-default fg-loaded-fade-in fg-hover-fade fg-hover-zoom fg-debug\" id=\"foogallery-gallery-18004_1\" data-foogallery=\"{&quot;item&quot;:{&quot;showCaptionTitle&quot;:true,&quot;showCaptionDescription&quot;:false},&quot;lazy&quot;:true,&quot;src&quot;:&quot;src&quot;,&quot;srcset&quot;:&quot;srcset&quot;}\" data-foogallery-lightbox=\"{&quot;thumbs&quot;:&quot;bottom&quot;,&quot;thumbsCaptions&quot;:false,&quot;thumbsBestFit&quot;:false,&quot;thumbsSmall&quot;:false,&quot;thumbsCaptionsAlign&quot;:&quot;default&quot;,&quot;info&quot;:&quot;bottom&quot;,&quot;infoVisible&quot;:true,&quot;infoOverlay&quot;:true,&quot;infoAlign&quot;:&quot;default&quot;,&quot;transition&quot;:&quot;fade&quot;,&quot;hoverButtons&quot;:false,&quot;fitMedia&quot;:false,&quot;noScrollbars&quot;:true,&quot;preserveButtonSpace&quot;:true,&quot;video&quot;:{&quot;autoPlay&quot;:true}}\" style=\"--fg-title-line-clamp: 0; --fg-description-line-clamp: 0;\" >\n\t<div class=\"fg-item fg-type-image fg-loading\"><figure class=\"fg-item-inner\"><a href=\"https:\/\/test.isladelajuventud-cuba.com\/wp-content\/uploads\/2017\/02\/otros1.jpg\" data-caption-title=\"Parques pineros.\" data-attachment-id=\"18034\" data-type=\"image\" class=\"fg-thumb\"><span class=\"fg-image-wrap\"><img src=\"https:\/\/test.isladelajuventud-cuba.com\/wp-content\/uploads\/cache\/2017\/02\/otros1\/4123079159.jpg\" width=\"150\" height=\"97\" class=\"skip-lazy fg-image\" decoding=\"async\" loading=\"lazy\"><\/span><span class=\"fg-image-overlay\"><\/span><\/a><figcaption class=\"fg-caption\"><div class=\"fg-caption-inner\"><div class=\"fg-caption-title\">Parques pineros.<\/div><\/div><\/figcaption><\/figure><div class=\"fg-loader\"><\/div><\/div><div class=\"fg-item fg-type-image fg-loading\"><figure class=\"fg-item-inner\"><a href=\"https:\/\/test.isladelajuventud-cuba.com\/wp-content\/uploads\/2017\/02\/314617244_649317556852148_3607788350933625820_n.jpg\" data-caption-title=\"Parques pineros.\" data-attachment-id=\"37246\" data-type=\"image\" class=\"fg-thumb\"><span class=\"fg-image-wrap\"><img src=\"https:\/\/test.isladelajuventud-cuba.com\/wp-content\/uploads\/cache\/2017\/02\/314617244_649317556852148_3607788350933625820_n\/1192796457.jpg\" width=\"150\" height=\"97\" class=\"skip-lazy fg-image\" decoding=\"async\" loading=\"lazy\"><\/span><span class=\"fg-image-overlay\"><\/span><\/a><figcaption class=\"fg-caption\"><div class=\"fg-caption-inner\"><div class=\"fg-caption-title\">Parques pineros.<\/div><\/div><\/figcaption><\/figure><div class=\"fg-loader\"><\/div><\/div><div class=\"fg-item fg-type-image fg-loading\"><figure class=\"fg-item-inner\"><a href=\"https:\/\/test.isladelajuventud-cuba.com\/wp-content\/uploads\/2017\/02\/otros2.jpg\" data-caption-title=\"Parques pineros.\" data-attachment-id=\"18035\" data-type=\"image\" class=\"fg-thumb\"><span class=\"fg-image-wrap\"><img src=\"https:\/\/test.isladelajuventud-cuba.com\/wp-content\/uploads\/cache\/2017\/02\/otros2\/2768150632.jpg\" width=\"150\" height=\"97\" class=\"skip-lazy fg-image\" decoding=\"async\" loading=\"lazy\"><\/span><span class=\"fg-image-overlay\"><\/span><\/a><figcaption class=\"fg-caption\"><div class=\"fg-caption-inner\"><div class=\"fg-caption-title\">Parques pineros.<\/div><\/div><\/figcaption><\/figure><div class=\"fg-loader\"><\/div><\/div><div class=\"fg-item fg-type-image fg-loading\"><figure class=\"fg-item-inner\"><a href=\"https:\/\/test.isladelajuventud-cuba.com\/wp-content\/uploads\/2017\/02\/otros3.jpg\" data-caption-title=\"Parques pineros.\" data-attachment-id=\"18005\" data-type=\"image\" class=\"fg-thumb\"><span class=\"fg-image-wrap\"><img src=\"https:\/\/test.isladelajuventud-cuba.com\/wp-content\/uploads\/cache\/2017\/02\/otros3\/2212574837.jpg\" width=\"150\" height=\"97\" class=\"skip-lazy fg-image\" decoding=\"async\" loading=\"lazy\"><\/span><span class=\"fg-image-overlay\"><\/span><\/a><figcaption class=\"fg-caption\"><div class=\"fg-caption-inner\"><div class=\"fg-caption-title\">Parques pineros.<\/div><\/div><\/figcaption><\/figure><div class=\"fg-loader\"><\/div><\/div><\/div>\n<!-- FooGallery Debug Info : Start\r\n\r\nID => 18004\r\nTemplate => default\r\nDatasource => media_library\r\n\r\nFooGallery Settings\r\n===================\r\ndefault_alignment => fg-center\r\ndefault_border_size => fg-border-thin\r\ndefault_caption_desc_source => none\r\ndefault_drop_shadow => fg-shadow-small\r\ndefault_hover_effect_icon => fg-hover-zoom\r\ndefault_hover_effect_transition => fg-hover-fade\r\ndefault_hover_effect_type => normal\r\ndefault_lightbox => foogallery\r\ndefault_loaded_effect => fg-loaded-fade-in\r\ndefault_loading_icon => fg-loading-default\r\ndefault_spacing => fg-gutter-10\r\ndefault_theme => fg-light\r\ndefault_thumbnail_dimensions => \r\n   width => 150\r\n   height => 97\r\ndefault_thumbnail_link => image\r\nfoogallery_items_view => manage\r\n\r\nAttachment Info\r\n===============\r\n18034 => \r\n   url => https:\/\/test.isladelajuventud-cuba.com\/wp-content\/uploads\/2017\/02\/otros1.jpg\r\n   type => image\r\n   width => 150\r\n   height => 97\r\n37246 => \r\n   url => https:\/\/test.isladelajuventud-cuba.com\/wp-content\/uploads\/2017\/02\/314617244_649317556852148_3607788350933625820_n.jpg\r\n   type => image\r\n   width => 150\r\n   height => 97\r\n18035 => \r\n   url => https:\/\/test.isladelajuventud-cuba.com\/wp-content\/uploads\/2017\/02\/otros2.jpg\r\n   type => image\r\n   width => 150\r\n   height => 97\r\n18005 => \r\n   url => https:\/\/test.isladelajuventud-cuba.com\/wp-content\/uploads\/2017\/02\/otros3.jpg\r\n   type => image\r\n   width => 150\r\n   height => 97\r\n\r\nFooGallery Debug Info : End --><!-- FooGallery Debug Info : Start\r\n\r\nID => 18004\r\nTemplate => default\r\nDatasource => media_library\r\n\r\nFooGallery Settings\r\n===================\r\ndefault_alignment => fg-center\r\ndefault_border_size => fg-border-thin\r\ndefault_caption_desc_source => none\r\ndefault_drop_shadow => fg-shadow-small\r\ndefault_hover_effect_icon => fg-hover-zoom\r\ndefault_hover_effect_transition => fg-hover-fade\r\ndefault_hover_effect_type => normal\r\ndefault_lightbox => foogallery\r\ndefault_loaded_effect => fg-loaded-fade-in\r\ndefault_loading_icon => fg-loading-default\r\ndefault_spacing => fg-gutter-10\r\ndefault_theme => fg-light\r\ndefault_thumbnail_dimensions => \r\n   width => 150\r\n   height => 97\r\ndefault_thumbnail_link => image\r\nfoogallery_items_view => manage\r\n\r\nAttachment Info\r\n===============\r\n\r\nFooGallery Debug Info : End -->\n<p>[\/vc_column_text][\/vc_column][\/vc_row][vc_row css_animation=\u00bb\u00bb row_type=\u00bbrow\u00bb use_row_as_full_screen_section=\u00bbno\u00bb type=\u00bbfull_width\u00bb angled_section=\u00bbno\u00bb text_align=\u00bbcenter\u00bb background_image_as_pattern=\u00bbwithout_pattern\u00bb][vc_column][vc_empty_space height=\u00bb50px\u00bb][\/vc_column][\/vc_row][vc_row css_animation=\u00bb\u00bb row_type=\u00bbrow\u00bb use_row_as_full_screen_section=\u00bbno\u00bb type=\u00bbgrid\u00bb angled_section=\u00bbno\u00bb text_align=\u00bbcenter\u00bb background_image_as_pattern=\u00bbwithout_pattern\u00bb][vc_column width=\u00bb1\/3&#8243;][vc_single_image image=\u00bb23838&#8243; img_size=\u00bb200&#215;150&#8243; alignment=\u00bbcenter\u00bb onclick=\u00bbcustom_link\u00bb qode_css_animation=\u00bb\u00bb link=\u00bbhttps:\/\/test.isladelajuventud-cuba.com\/parques-2\/\u00bb][vc_empty_space height=\u00bb20px\u00bb]<div class=\"custom_font_holder \" style=\"font-family: LATO; font-style: normal; font-weight: 400; color: #000000; text-decoration: none; text-align: center; --qode-cf-font-size: 18px; --qode-cf-line-height: 24px; --qode-cf-font-size-1440: 18px; --qode-cf-line-height-1440: 24px; --qode-cf-font-size-1366: 18px; --qode-cf-line-height-1366: 24px; --qode-cf-font-size-1280: 18px; --qode-cf-line-height-1280: 24px; --qode-cf-font-size-1024: 18px; --qode-cf-line-height-1024: 24px; --qode-cf-font-size-768: 18px; --qode-cf-line-height-768: 24px; --qode-cf-font-size-680: 18px; --qode-cf-line-height-680: 24px; --qode-cf-font-size-480: 18px; --qode-cf-line-height-480: 24px;\">\n<p><a href=\"https:\/\/test.isladelajuventud-cuba.com\/parques-2\/\">PARQUES<\/a><\/p>\n<\/div>[\/vc_column][vc_column width=\u00bb1\/3&#8243;][vc_single_image image=\u00bb23840&#8243; img_size=\u00bb200X150&#8243; alignment=\u00bbcenter\u00bb onclick=\u00bbcustom_link\u00bb qode_css_animation=\u00bb\u00bb link=\u00bbhttps:\/\/test.isladelajuventud-cuba.com\/parques-ocio\u00bb][vc_empty_space height=\u00bb20px\u00bb]<div class=\"custom_font_holder \" style=\"font-family: Lato; font-style: normal; font-weight: 400; color: #000000; text-decoration: none; text-align: center; --qode-cf-font-size: 18px; --qode-cf-line-height: 24px; --qode-cf-font-size-1440: 18px; --qode-cf-line-height-1440: 24px; --qode-cf-font-size-1366: 18px; --qode-cf-line-height-1366: 24px; --qode-cf-font-size-1280: 18px; --qode-cf-line-height-1280: 24px; --qode-cf-font-size-1024: 18px; --qode-cf-line-height-1024: 24px; --qode-cf-font-size-768: 18px; --qode-cf-line-height-768: 24px; --qode-cf-font-size-680: 18px; --qode-cf-line-height-680: 24px; --qode-cf-font-size-480: 18px; --qode-cf-line-height-480: 24px;\">\n<p style=\"text-align: center;\"><a href=\"https:\/\/test.isladelajuventud-cuba.com\/parques-ocio\/\">PARQUES DE OCIO<\/a><\/p>\n<\/div>[\/vc_column][vc_column width=\u00bb1\/3&#8243;][vc_single_image image=\u00bb23841&#8243; img_size=\u00bb200&#215;150&#8243; alignment=\u00bbcenter\u00bb onclick=\u00bbcustom_link\u00bb qode_css_animation=\u00bb\u00bb link=\u00bbhttps:\/\/test.isladelajuventud-cuba.com\/zoologico\/\u00bb][vc_empty_space height=\u00bb20px\u00bb]<div class=\"custom_font_holder \" style=\"font-family: Lato; font-style: normal; font-weight: 400; color: #000000; text-decoration: none; text-align: center; --qode-cf-font-size: 18px; --qode-cf-line-height: 24px; --qode-cf-font-size-1440: 18px; --qode-cf-line-height-1440: 24px; --qode-cf-font-size-1366: 18px; --qode-cf-line-height-1366: 24px; --qode-cf-font-size-1280: 18px; --qode-cf-line-height-1280: 24px; --qode-cf-font-size-1024: 18px; --qode-cf-line-height-1024: 24px; --qode-cf-font-size-768: 18px; --qode-cf-line-height-768: 24px; --qode-cf-font-size-680: 18px; --qode-cf-line-height-680: 24px; --qode-cf-font-size-480: 18px; --qode-cf-line-height-480: 24px;\">\n<p><a href=\"https:\/\/test.isladelajuventud-cuba.com\/zoologico\/\">ZOOL\u00d3GICO<\/a><\/p>\n<\/div>[\/vc_column][\/vc_row][vc_row css_animation=\u00bb\u00bb row_type=\u00bbrow\u00bb use_row_as_full_screen_section=\u00bbno\u00bb type=\u00bbfull_width\u00bb angled_section=\u00bbno\u00bb text_align=\u00bbcenter\u00bb background_image_as_pattern=\u00bbwithout_pattern\u00bb][vc_column][vc_empty_space height=\u00bb50px\u00bb][\/vc_column][\/vc_row]<\/p>\n<\/div>","protected":false},"excerpt":{"rendered":"<p>[vc_row css_animation=\u00bb\u00bb row_type=\u00bbrow\u00bb use_row_as_full_screen_section=\u00bbno\u00bb type=\u00bbfull_width\u00bb angled_section=\u00bbno\u00bb text_align=\u00bbcenter\u00bb background_image_as_pattern=\u00bbwithout_pattern\u00bb][vc_column][vc_column_text] [\/vc_column_text][\/vc_column][\/vc_row][vc_row css_animation=\u00bb\u00bb row_type=\u00bbrow\u00bb use_row_as_full_screen_section=\u00bbno\u00bb type=\u00bbgrid\u00bb angled_section=\u00bbno\u00bb text_align=\u00bbcenter\u00bb background_image_as_pattern=\u00bbwithout_pattern\u00bb][vc_column][vc_empty_space height=\u00bb50px\u00bb][\/vc_column][\/vc_row][vc_row css_animation=\u00bb\u00bb row_type=\u00bbrow\u00bb use_row_as_full_screen_section=\u00bbno\u00bb type=\u00bbgrid\u00bb angled_section=\u00bbno\u00bb text_align=\u00bbcenter\u00bb background_image_as_pattern=\u00bbwithout_pattern\u00bb][vc_column][vc_separator type=\u00bbnormal\u00bb color=\u00bb#000000&#8243;][\/vc_column][\/vc_row][vc_row css_animation=\u00bb\u00bb row_type=\u00bbrow\u00bb use_row_as_full_screen_section=\u00bbno\u00bb type=\u00bbgrid\u00bb angled_section=\u00bbno\u00bb text_align=\u00bbcenter\u00bb background_image_as_pattern=\u00bbwithout_pattern\u00bb][vc_column][vc_empty_space height=\u00bb50px\u00bb][\/vc_column][\/vc_row][vc_row css_animation=\u00bb\u00bb row_type=\u00bbrow\u00bb use_row_as_full_screen_section=\u00bbno\u00bb type=\u00bbgrid\u00bb angled_section=\u00bbno\u00bb text_align=\u00bbcenter\u00bb background_image_as_pattern=\u00bbwithout_pattern\u00bb][vc_column][vc_empty_space height=\u00bb50px\u00bb][\/vc_column][\/vc_row][vc_row css_animation=\u00bb\u00bb row_type=\u00bbrow\u00bb use_row_as_full_screen_section=\u00bbno\u00bb&#8230;<\/p>\n","protected":false},"author":1,"featured_media":0,"parent":0,"menu_order":0,"comment_status":"closed","ping_status":"closed","template":"full_width.php","meta":{"_joinchat":[],"footnotes":""},"class_list":["post-20227","page","type-page","status-publish","hentry"],"_links":{"self":[{"href":"https:\/\/test.isladelajuventud-cuba.com\/index.php?rest_route=\/wp\/v2\/pages\/20227","targetHints":{"allow":["GET"]}}],"collection":[{"href":"https:\/\/test.isladelajuventud-cuba.com\/index.php?rest_route=\/wp\/v2\/pages"}],"about":[{"href":"https:\/\/test.isladelajuventud-cuba.com\/index.php?rest_route=\/wp\/v2\/types\/page"}],"author":[{"embeddable":true,"href":"https:\/\/test.isladelajuventud-cuba.com\/index.php?rest_route=\/wp\/v2\/users\/1"}],"replies":[{"embeddable":true,"href":"https:\/\/test.isladelajuventud-cuba.com\/index.php?rest_route=%2Fwp%2Fv2%2Fcomments&post=20227"}],"version-history":[{"count":0,"href":"https:\/\/test.isladelajuventud-cuba.com\/index.php?rest_route=\/wp\/v2\/pages\/20227\/revisions"}],"wp:attachment":[{"href":"https:\/\/test.isladelajuventud-cuba.com\/index.php?rest_route=%2Fwp%2Fv2%2Fmedia&parent=20227"}],"curies":[{"name":"wp","href":"https:\/\/api.w.org\/{rel}","templated":true}]}}