{"id":33783,"date":"2014-04-15T12:33:38","date_gmt":"2014-04-15T12:33:38","guid":{"rendered":"https:\/\/test.isladelajuventud-cuba.com\/?page_id=33783"},"modified":"2020-08-18T14:37:30","modified_gmt":"2020-08-18T14:37:30","slug":"history","status":"publish","type":"page","link":"https:\/\/test.isladelajuventud-cuba.com\/?page_id=33783&lang=en","title":{"rendered":"History"},"content":{"rendered":"<div class=\"wpb-content-wrapper\" id=\"wpb-content-root\"><p>[vc_row css_animation=\u00bb\u00bb row_type=\u00bbrow\u00bb use_row_as_full_screen_section=\u00bbno\u00bb type=\u00bbfull_width\u00bb angled_section=\u00bbno\u00bb text_align=\u00bbcenter\u00bb background_image_as_pattern=\u00bbwithout_pattern\u00bb][vc_column][vc_column_text]<\/p>\n<p style=\"text-align: center;\"><div class=\"wp1s-slider-wrapper wp1s-slider-wrapper-33890 \">  \r\n    <div class=\"wp1s-main-wrapper\">\r\n      \r\n\r\n    <div class=\"wp1s-slider-container wp1s-pager-type-1 wp1s-arrow-type-1 wp1s-pagination\">\r\n    <ul class=\"wp1s-bxslider\" data-id=\"33890\" data-auto='true' data-speed='1000' data-pause='5000' data-transition='horizontal' data-controls='true' data-responsive='true' data-pager='disable' >\r\n            <li>\r\n            <img decoding=\"async\" src=\"https:\/\/test.isladelajuventud-cuba.com\/wp-content\/uploads\/2020\/01\/slide1.jpg\" \/>\r\n            <div class=\"wp1s-caption-wrapper wp1s-caption-type-1 wp1s-caption-middlecenter\">\r\n            <h1 class=\"wp1s-caption-title\"><\/h1>\r\n            <h2 class=\"wp1s-caption-content\"><\/h2>\r\n                        <\/div>\r\n        <\/li>\r\n            <li>\r\n            <img decoding=\"async\" src=\"https:\/\/test.isladelajuventud-cuba.com\/wp-content\/uploads\/2020\/01\/slide2.jpg\" \/>\r\n            <div class=\"wp1s-caption-wrapper wp1s-caption-type-1 wp1s-caption-middlecenter\">\r\n            <h1 class=\"wp1s-caption-title\"><\/h1>\r\n            <h2 class=\"wp1s-caption-content\">Cayo Largo del Sur. Un Para\u00edso del Caribe.<\/h2>\r\n                        <a href=\"https:\/\/test.isladelajuventud-cuba.com\/alojamiento-hoteles\/\" class=\"wps1-readmore-button\">Reserve con un click.<\/a>\r\n                        <\/div>\r\n        <\/li>\r\n            <li>\r\n            <img decoding=\"async\" src=\"https:\/\/test.isladelajuventud-cuba.com\/wp-content\/uploads\/2019\/10\/test1.jpg\" \/>\r\n            <div class=\"wp1s-caption-wrapper wp1s-caption-type-1 wp1s-caption-middlecenter\">\r\n            <h1 class=\"wp1s-caption-title\"><\/h1>\r\n            <h2 class=\"wp1s-caption-content\"><\/h2>\r\n                        <\/div>\r\n        <\/li>\r\n            <li>\r\n            <img decoding=\"async\" src=\"https:\/\/test.isladelajuventud-cuba.com\/wp-content\/uploads\/2020\/01\/slide4.jpg\" \/>\r\n            <div class=\"wp1s-caption-wrapper wp1s-caption-type-1 wp1s-caption-middlecenter\">\r\n            <h1 class=\"wp1s-caption-title\"><\/h1>\r\n            <h2 class=\"wp1s-caption-content\">Puestas de sol \u00fanicas...<\/h2>\r\n                        <\/div>\r\n        <\/li>\r\n            <li>\r\n            <img decoding=\"async\" src=\"https:\/\/test.isladelajuventud-cuba.com\/wp-content\/uploads\/2020\/01\/slide3.jpg\" \/>\r\n            <div class=\"wp1s-caption-wrapper wp1s-caption-type-1 wp1s-caption-middlecenter\">\r\n            <h1 class=\"wp1s-caption-title\"><\/h1>\r\n            <h2 class=\"wp1s-caption-content\">Un mundo bajo el mar.<\/h2>\r\n                        <a href=\"https:\/\/test.isladelajuventud-cuba.com\/centros-de-buceo\/\" class=\"wps1-readmore-button\">Reserve  tus inmersiones con un click.<\/a>\r\n                        <\/div>\r\n        <\/li>\r\n            <li>\r\n            <img decoding=\"async\" src=\"https:\/\/test.isladelajuventud-cuba.com\/wp-content\/uploads\/2020\/01\/slide5.jpg\" \/>\r\n            <div class=\"wp1s-caption-wrapper wp1s-caption-type-1 wp1s-caption-middlecenter\">\r\n            <h1 class=\"wp1s-caption-title\"><\/h1>\r\n            <h2 class=\"wp1s-caption-content\">Descubra algunas de las mejores playas del mundo.<\/h2>\r\n                        <a href=\"https:\/\/test.isladelajuventud-cuba.com\/playas-2\/\" class=\"wps1-readmore-button\">Ver m\u00e1s playas<\/a>\r\n                        <\/div>\r\n        <\/li>\r\n            <li>\r\n            <img decoding=\"async\" src=\"https:\/\/test.isladelajuventud-cuba.com\/wp-content\/uploads\/2020\/01\/slide6-1.jpg\" \/>\r\n            <div class=\"wp1s-caption-wrapper wp1s-caption-type-1 wp1s-caption-middlecenter\">\r\n            <h1 class=\"wp1s-caption-title\"><\/h1>\r\n            <h2 class=\"wp1s-caption-content\">Descubre su naturaleza en estado puro...<\/h2>\r\n                        <\/div>\r\n        <\/li>\r\n            <li>\r\n            <img decoding=\"async\" src=\"https:\/\/test.isladelajuventud-cuba.com\/wp-content\/uploads\/2020\/01\/slide7.jpg\" \/>\r\n            <div class=\"wp1s-caption-wrapper wp1s-caption-type-1 wp1s-caption-middlecenter\">\r\n            <h1 class=\"wp1s-caption-title\"><\/h1>\r\n            <h2 class=\"wp1s-caption-content\">MUSEOS<\/h2>\r\n                        <a href=\"https:\/\/test.isladelajuventud-cuba.com\/museos\/\" class=\"wps1-readmore-button\">Ver m\u00e1s Museos<\/a>\r\n                        <\/div>\r\n        <\/li>\r\n            <li>\r\n            <img decoding=\"async\" src=\"https:\/\/test.isladelajuventud-cuba.com\/wp-content\/uploads\/2020\/01\/slide8.jpg\" \/>\r\n            <div class=\"wp1s-caption-wrapper wp1s-caption-type-1 wp1s-caption-middlecenter\">\r\n            <h1 class=\"wp1s-caption-title\"><\/h1>\r\n            <h2 class=\"wp1s-caption-content\">LUGARES DE INTER\u00c9S<\/h2>\r\n                        <a href=\"https:\/\/test.isladelajuventud-cuba.com\/lugares-de-interes-2\/\" class=\"wps1-readmore-button\">Ver m\u00e1s Lugares de Inter\u00e9s<\/a>\r\n                        <\/div>\r\n        <\/li>\r\n            <li>\r\n            <img decoding=\"async\" src=\"https:\/\/test.isladelajuventud-cuba.com\/wp-content\/uploads\/2020\/01\/slide9-1.jpg\" \/>\r\n            <div class=\"wp1s-caption-wrapper wp1s-caption-type-1 wp1s-caption-middlecenter\">\r\n            <h1 class=\"wp1s-caption-title\"><\/h1>\r\n            <h2 class=\"wp1s-caption-content\">Hoteles, casas de alquiler, camping. <\/h2>\r\n                        <a href=\"https:\/\/test.isladelajuventud-cuba.com\/alojamiento\/\" class=\"wps1-readmore-button\">Reserva su alojamiento con un click.<\/a>\r\n                        <\/div>\r\n        <\/li>\r\n            <li>\r\n            <img decoding=\"async\" src=\"https:\/\/test.isladelajuventud-cuba.com\/wp-content\/uploads\/2020\/01\/slide10.jpg\" \/>\r\n            <div class=\"wp1s-caption-wrapper wp1s-caption-type-1 wp1s-caption-middlecenter\">\r\n            <h1 class=\"wp1s-caption-title\"><\/h1>\r\n            <h2 class=\"wp1s-caption-content\">Nueva Gerona fundada en 1830, una ciudad que  le sorprender\u00e1...<\/h2>\r\n                        <a href=\"https:\/\/test.isladelajuventud-cuba.com\/nucleos-urbanos-nueva-gerona\/\" class=\"wps1-readmore-button\">Conozca Nueva Gerona con un click<\/a>\r\n                        <\/div>\r\n        <\/li>\r\n            <li>\r\n            <img decoding=\"async\" src=\"https:\/\/test.isladelajuventud-cuba.com\/wp-content\/uploads\/2020\/02\/monumentos.jpg\" \/>\r\n            <div class=\"wp1s-caption-wrapper wp1s-caption-type-1 wp1s-caption-middlecenter\">\r\n            <h1 class=\"wp1s-caption-title\"><\/h1>\r\n            <h2 class=\"wp1s-caption-content\">MONUMENTOS<\/h2>\r\n                        <a href=\"https:\/\/test.isladelajuventud-cuba.com\/monumentos\/\" class=\"wps1-readmore-button\">Ver m\u00e1s Monumentos<\/a>\r\n                        <\/div>\r\n        <\/li>\r\n        <\/ul>\r\n    <\/div>\r\n<\/div>\r\n      <\/div>\r\n   <style>\r\n\r\n.wp1s-slider-wrapper-33890 {\r\n    \r\n     width:100%%;   \r\n}\r\n\r\n.wp1s-slider-wrapper-33890 .wp1s-caption-wrapper.wp1s-caption-type-1 .wp1s-caption-title{\r\n\r\n    font-size:20px;\r\n   \r\n}\r\n\r\n.wp1s-slider-wrapper-33890 .wp1s-caption-wrapper.wp1s-caption-type-1 .wp1s-caption-content{\r\n   \r\n    font-size: 40px;\r\n    \r\n}\r\n.wp1s-slider-wrapper-33890 .wp1s-caption-wrapper.wp1s-caption-type-2 .wp1s-caption-title {\r\n    font-size:20px;\r\n    background-color:rgba(125,165,82,0.8);\r\n   \r\n}\r\n.wp1s-slider-wrapper-33890 .wp1s-caption-wrapper.wp1s-caption-type-2 .wp1s-caption-content {\r\n    font-size:40px;\r\n\r\n}\r\n.wp1s-slider-wrapper-33890 .wp1s-caption-wrapper.wp1s-caption-type-3 .wp1s-caption-title {\r\n    font-size:20px;\r\n    border-bottom:7px solid #2ed1ff;\r\n}\r\n.wp1s-slider-wrapper-33890 .wp1s-caption-wrapper.wp1s-caption-type-3 .wp1s-caption-content {\r\n    font-size:40px;\r\n   \r\n}\r\n.wp1s-slider-wrapper-33890 .wp1s-caption-wrapper.wp1s-caption-type-4  {\r\n   \r\n    background-color:rgba(124,118,118,0.6);\r\n\r\n}\r\n.wp1s-slider-wrapper-33890 .wp1s-caption-wrapper.wp1s-caption-type-4 .wp1s-caption-title {\r\n    font-size:20px;\r\n\r\n}\r\n.wp1s-slider-wrapper-33890 .wp1s-caption-wrapper.wp1s-caption-type-4 .wp1s-caption-content {\r\n    font-size:40px;\r\n}\r\n.wp1s-slider-wrapper-33890 .wp1s-caption-wrapper .wp1s-caption-title {\r\n    color:#ffffff;\r\n}\r\n.wp1s-slider-wrapper-33890 .wp1s-caption-wrapper .wp1s-caption-content {\r\n    color:#59d600;\r\n}\r\n.wp1s-slider-wrapper-33890 .wp1s-main-wrapper .wp1s-pager-type-1 .bx-wrapper .bx-pager.bx-default-pager a {\r\n    background-color:#ffffff;\r\n}\r\n.wp1s-slider-wrapper-33890 .wp1s-main-wrapper .wp1s-pager-type-1 .bx-wrapper .bx-pager.bx-default-pager a:hover, \r\n.wp1s-slider-wrapper-33890 .wp1s-main-wrapper .wp1s-pager-type-1 .bx-wrapper .bx-pager.bx-default-pager a.active {\r\n    background-color:#3bb1f4;\r\n}\r\n.wp1s-slider-wrapper-33890 .wp1s-main-wrapper .wp1s-pager-type-2 .bx-wrapper .bx-pager.bx-default-pager a {\r\n    background-color:#635e5e;\r\n    border:3px solid #979191;\r\n}\r\n.wp1s-slider-wrapper-33890 .wp1s-main-wrapper .wp1s-pager-type-2 .bx-wrapper .bx-pager.bx-default-pager a:hover, \r\n.wp1s-slider-wrapper-33890 .wp1s-main-wrapper .wp1s-pager-type-2 .bx-wrapper .bx-pager.bx-default-pager a.active {\r\n    background-color:#ffffff;\r\n}\r\n.wp1s-slider-wrapper-33890 .wp1s-main-wrapper .wp1s-pager-type-3 .bx-wrapper .bx-pager.bx-default-pager a {\r\n    border:1px solid #ffffff;\r\n   \r\n}\r\n.wp1s-slider-wrapper-33890 .wp1s-main-wrapper .wp1s-pager-type-3 .bx-wrapper .bx-pager.bx-default-pager a:hover, \r\n.wp1s-slider-wrapper-33890 .wp1s-main-wrapper .wp1s-pager-type-3 .bx-wrapper .bx-pager.bx-default-pager a.active {\r\n    border-color:#ff9600;\r\n}\r\n.wp1s-slider-wrapper-33890 .wp1s-main-wrapper .wp1s-pager-type-4 .bx-wrapper .bx-pager.bx-default-pager a {\r\n    background-color:#7a7a7a;\r\n    \r\n}\r\n.wp1s-slider-wrapper-33890 .wp1s-main-wrapper .wp1s-pager-type-4 .bx-wrapper .bx-pager.bx-default-pager a:hover, \r\n.wp1s-slider-wrapper-33890 .wp1s-main-wrapper .wp1s-pager-type-4 .bx-wrapper .bx-pager.bx-default-pager a.active {\r\n    background-color:#ffffff;\r\n}\r\n.wp1s-slider-wrapper-33890 .wp1s-caption-wrapper.wp1s-caption-type-1 .wps1-readmore-button {\r\n    background-color: #1e75f6;\r\n    box-shadow: 0 2px 0 #1758c6;\r\n    -webkit-box-shadow: 0 2px 0 #1758c6;\r\n    -moz-box-shadow: 0 2px 0 #1758c6;\r\n}\r\n.wp1s-slider-wrapper-33890 .wp1s-caption-wrapper.wp1s-caption-type-1 .wps1-readmore-button:hover {\r\n    background-color:#11499e;\r\n}\r\n@media (max-width:1200px) {\r\n.wp1s-slider-wrapper-33890 .wp1s-slider-wrapper {\r\nwidth:100%;\r\n}\r\n}\r\n.wp1s-widget-wrap .wp1s-caption-wrapper {\r\n\r\ndisplay: none;\r\n}\r\n\r\n.wp1s-widget-wrap .wp1s-thumbnail-wrapper {\r\ndisplay: none;\r\n}\r\n\r\n<\/style><\/p>\n<p>[\/vc_column_text][\/vc_column][\/vc_row][vc_row css_animation=\u00bb\u00bb row_type=\u00bbrow\u00bb use_row_as_full_screen_section=\u00bbno\u00bb type=\u00bbgrid\u00bb angled_section=\u00bbno\u00bb text_align=\u00bbcenter\u00bb background_image_as_pattern=\u00bbwithout_pattern\u00bb][vc_column][vc_empty_space height=\u00bb50px\u00bb][\/vc_column][\/vc_row][vc_row css_animation=\u00bb\u00bb row_type=\u00bbrow\u00bb use_row_as_full_screen_section=\u00bbno\u00bb type=\u00bbgrid\u00bb angled_section=\u00bbno\u00bb text_align=\u00bbcenter\u00bb background_image_as_pattern=\u00bbwithout_pattern\u00bb][vc_column][vc_column_text]<\/p>\n<h2>HISTORY<\/h2>\n<p>[\/vc_column_text][\/vc_column][\/vc_row][vc_row css_animation=\u00bb\u00bb row_type=\u00bbrow\u00bb use_row_as_full_screen_section=\u00bbno\u00bb type=\u00bbgrid\u00bb angled_section=\u00bbno\u00bb text_align=\u00bbcenter\u00bb background_image_as_pattern=\u00bbwithout_pattern\u00bb][vc_column][vc_empty_space height=\u00bb50px\u00bb][\/vc_column][\/vc_row][vc_row css_animation=\u00bb\u00bb row_type=\u00bbrow\u00bb use_row_as_full_screen_section=\u00bbno\u00bb type=\u00bbgrid\u00bb angled_section=\u00bbno\u00bb text_align=\u00bbcenter\u00bb background_image_as_pattern=\u00bbwithout_pattern\u00bb][vc_column]<div class=\"custom_font_holder \" style=\"font-family: Open Sans; font-style: normal; font-weight: 400; color: #000000; text-decoration: none; text-align: center; --qode-cf-font-size: 20px; --qode-cf-line-height: 26px; --qode-cf-font-size-1440: 20px; --qode-cf-line-height-1440: 26px; --qode-cf-font-size-1366: 20px; --qode-cf-line-height-1366: 26px; --qode-cf-font-size-1280: 20px; --qode-cf-line-height-1280: 26px; --qode-cf-font-size-1024: 20px; --qode-cf-line-height-1024: 26px; --qode-cf-font-size-768: 20px; --qode-cf-line-height-768: 26px; --qode-cf-font-size-680: 20px; --qode-cf-line-height-680: 26px; --qode-cf-font-size-480: 20px; --qode-cf-line-height-480: 26px;\">La Isla es llamada por muchos: la tierra de los mil nombres, en alusi\u00f3n a las denominaciones recibidas desde su hallazgo.<\/p>\n<\/div>[\/vc_column][\/vc_row][vc_row css_animation=\u00bb\u00bb row_type=\u00bbrow\u00bb use_row_as_full_screen_section=\u00bbno\u00bb type=\u00bbgrid\u00bb angled_section=\u00bbno\u00bb text_align=\u00bbcenter\u00bb background_image_as_pattern=\u00bbwithout_pattern\u00bb][vc_column][vc_empty_space height=\u00bb50px\u00bb][\/vc_column][\/vc_row][vc_row css_animation=\u00bb\u00bb row_type=\u00bbrow\u00bb use_row_as_full_screen_section=\u00bbno\u00bb type=\u00bbgrid\u00bb angled_section=\u00bbno\u00bb text_align=\u00bbcenter\u00bb background_image_as_pattern=\u00bbwithout_pattern\u00bb][vc_column]<div class=\"custom_font_holder \" style=\"font-family: Open Sans; font-style: normal; font-weight: 400; color: #000000; text-decoration: none; text-align: left; --qode-cf-font-size: 14px; --qode-cf-line-height: 18px; --qode-cf-font-size-1440: 14px; --qode-cf-line-height-1440: 18px; --qode-cf-font-size-1366: 14px; --qode-cf-line-height-1366: 18px; --qode-cf-font-size-1280: 14px; --qode-cf-line-height-1280: 18px; --qode-cf-font-size-1024: 14px; --qode-cf-line-height-1024: 18px; --qode-cf-font-size-768: 14px; --qode-cf-line-height-768: 18px; --qode-cf-font-size-680: 14px; --qode-cf-line-height-680: 18px; --qode-cf-font-size-480: 14px; --qode-cf-line-height-480: 18px;\">\n<p style=\"text-align: center;\"><img loading=\"lazy\" decoding=\"async\" class=\"alignnone size-full wp-image-17964\" src=\"https:\/\/test.isladelajuventud-cuba.com\/wp-content\/uploads\/2017\/02\/historia.png\" alt=\"historia\" width=\"384\" height=\"250\" srcset=\"https:\/\/test.isladelajuventud-cuba.com\/wp-content\/uploads\/2017\/02\/historia.png 384w, https:\/\/test.isladelajuventud-cuba.com\/wp-content\/uploads\/2017\/02\/historia-300x195.png 300w\" sizes=\"auto, (max-width: 384px) 100vw, 384px\" \/><\/p>\n<p>&nbsp;<\/p>\n<p><img loading=\"lazy\" decoding=\"async\" class=\"alignleft size-full wp-image-17965\" style=\"margin-right: 10px;\" src=\"https:\/\/test.isladelajuventud-cuba.com\/wp-content\/uploads\/2017\/02\/1.jpg\" alt=\"1\" width=\"150\" height=\"160\" \/>Tenemos noticias de esta isla a partir de la llegada del Almirante Crist\u00f3bal Col\u00f3n.<\/p>\n<p>&nbsp;<\/p>\n<p>Fue precisamente en su segundo viaje cuando descubri\u00f3 este territorio.<\/p>\n<p>&nbsp;<\/p>\n<p>Despu\u00e9s de abandonar el reconocimiento de la costa sur de Cuba, creyendo hasta \u00faltima hora que Cuba era el principio y fin del continente asi\u00e1tico.<\/p>\n<p>&nbsp;<\/p>\n<p>Vir\u00f3 al sur-este el 13 de junio de 1494, llegando poco despu\u00e9s a vista de una gran isla con encumbradas monta\u00f1as, que se elevaban majestuosamente en medio de aquellos laberintos de bancos y cayos. A esta isla le dio el nombre de San Juan Evangelista.<\/p>\n<p>&nbsp;<\/p>\n<p><img loading=\"lazy\" decoding=\"async\" class=\"size-full wp-image-17966 aligncenter\" src=\"https:\/\/test.isladelajuventud-cuba.com\/wp-content\/uploads\/2017\/02\/2.jpg\" alt=\"2\" width=\"450\" height=\"322\" srcset=\"https:\/\/test.isladelajuventud-cuba.com\/wp-content\/uploads\/2017\/02\/2.jpg 450w, https:\/\/test.isladelajuventud-cuba.com\/wp-content\/uploads\/2017\/02\/2-300x215.jpg 300w\" sizes=\"auto, (max-width: 450px) 100vw, 450px\" \/><\/p>\n<p>&nbsp;<\/p>\n<p>Ancl\u00f3 en ella para proveerse de le\u00f1a y agua. Luego vir\u00f3 al sur, a lo largo de la costa oeste, esperando al doblar su extremo, encontrar la orientaci\u00f3n del camino para la Espa\u00f1ola y previendo explorar Jamaica.<\/p>\n<p>&nbsp;<\/p>\n<p>En su navegaci\u00f3n arrib\u00f3 a una especie de canal que se abr\u00eda entre la Evangelista y alguna isla opuesta; pero, despu\u00e9s de penetrar en la profunda bah\u00eda de la Sig\u00fcanea, que penetra muy al interior de la isla, se vio encerrado, rodeado de tierra y sin provisiones y con la tripulaci\u00f3n malhumorada.<\/p>\n<p>&nbsp;<\/p>\n<p>Con lisonjeras esperanzas y determinaci\u00f3n a su gente, le orden\u00f3 bajar a tierra y reparar sus maltrechas naves, mientras se abastec\u00edan de alimentos, le\u00f1a y agua; para salir de aquel confuso mar, siguiendo la misma derrota con que hab\u00eda entrado a ellas. Dej\u00f3 las aguas de Sig\u00fcanea, d\u00e1ndose a la vela el 25 de junio, atraves\u00f3 los grupos de islas de aquel trecho de mar blanco, a veces verde-azules, y a veces negra; que tanto hab\u00eda acobardado a su gente.<\/p>\n<p>&nbsp;<\/p>\n<p>Se afirma que fue el lugar donde m\u00e1s tiempo permaneci\u00f3 durante sus viajes al nuevo continente. Algunos historiadores cubanos, supuestamente, ubican el lugar con una placa, recordando el hecho, muy pr\u00f3ximo al Centro de Buceo del hotel El Colony.<\/p>\n<p>&nbsp;<\/p>\n<p>Para los abor\u00edgenes la llamaron: Sig\u00fcanea, Ahao, Camaraco, Guanaja. Col\u00f3n en ning\u00fan momento hace menci\u00f3n en su libro de navegaci\u00f3n, de la presencia de sus habitantes. Todo parece deducirse, que \u00e9stos huyeron al contemplar la presencia de las naves y sus tripulantes.<\/p>\n<p>&nbsp;<\/p>\n<p><img loading=\"lazy\" decoding=\"async\" class=\"aligncenter size-full wp-image-17967\" src=\"https:\/\/test.isladelajuventud-cuba.com\/wp-content\/uploads\/2017\/02\/3.jpg\" alt=\"3\" width=\"256\" height=\"212\" \/><\/p>\n<p>&nbsp;<\/p>\n<p>Las investigaciones realizadas, constata la presencia de cultura siboney, en sus dos aspectos:<\/p>\n<p>&nbsp;<\/p>\n<p>En la zona norte habitaba el Cayo Redondo (cultura de piedra), porque sus herramientas y utensilios los elaboraban con piedra y eran un poco menos atrasado que los Guayabo Blanco (cultura del caracol), sus instrumentos eran hechos con el Strombus Gijas, caracol que abundaba en la zona sur. Todos eran recolectores, pescadores y cazadores.<\/p>\n<p>&nbsp;<\/p>\n<p><img loading=\"lazy\" decoding=\"async\" class=\"size-full wp-image-17968 aligncenter\" src=\"https:\/\/test.isladelajuventud-cuba.com\/wp-content\/uploads\/2017\/02\/4.jpg\" alt=\"4\" width=\"189\" height=\"287\" \/><\/p>\n<p>&nbsp;<\/p>\n<p>Estos abor\u00edgenes aparecen completamente desnudos, pero conoc\u00edan el fuego y usaban distintos instrumentos y utensilios para garantizar su supervivencia. Estos restos aparecen en los sitios donde permanec\u00edan, aunque fuera temporalmente, hasta que se agotaban los recursos a consumir. Habitaban muy pr\u00f3ximo a la costa<\/p>\n<p>&nbsp;<\/p>\n<p>Las localizaciones principales en la zona sur se hayan en Punta del Este, Playa Blanca, Playa Larga, El Guanal, Carapachibey, Caleta Grande y Punta Franc\u00e9s. En la zona norte de la isla aparecen restos en la cueva de El Indio en Sierra de Casas, Sierra San Juan, La Isabel, Guayabo, Cayama, Nueva Gerona, La Esperanza y Los Indios.<\/p>\n<p>&nbsp;<\/p>\n<p>El siboney pinero ten\u00eda la posibilidad de sobrevivir en esta hermosa isla de 2.204 kil\u00f3metros cuadrados. Indudablemente se ratifica cient\u00edficamente que la isla estaba poblada cuando Col\u00f3n lleg\u00f3.<\/p>\n<p>&nbsp;<\/p>\n<p><img loading=\"lazy\" decoding=\"async\" class=\"size-full wp-image-17969 alignleft\" style=\"margin-right: 10px;\" src=\"https:\/\/test.isladelajuventud-cuba.com\/wp-content\/uploads\/2017\/02\/5.jpg\" alt=\"\" width=\"234\" height=\"164\" \/>Desde el siglo XVI hasta el XVIII se le llam\u00f3: Evangelista, Santiago, Santa Mar\u00eda, Isla de los Piratas, Isla del Tesoro (sirvi\u00f3 de refugio de corsario y piratas, y como eran su costumbre enterraban sus tesoros en las cuevas, playas y montes aleda\u00f1os a las costas. La Isla est\u00e1 plagada de enterramientos y leyendas, ya que muchas veces por azar se han hallado valiosos objetos y monedas de la \u00e9poca. Tambi\u00e9n ha sido de referencia por escritores y novelistas), Isla de las Cotorras (por la cantidad y variedad de ellas). La primera presencia de piratas es de Jean Francois La Roque en 1543.<\/p>\n<p>&nbsp;<\/p>\n<p>Desde entonces este lugar comenz\u00f3 a utilizarse para abastecerse de alimentos, agua, madera y reparar sus naves; as\u00ed como apostadero para atacar las naves que ven\u00edan cargadas de riquezas del continente americano con destino a Espa\u00f1a.<\/p>\n<p>&nbsp;<\/p>\n<p>La isla permaneci\u00f3 olvidada de Espa\u00f1a y de los gobernadores de Cuba; y no es hasta en 1565 que el corsario John Hawkins la convirti\u00f3 como refugio. Otro famoso pirata, el ingl\u00e9s Francis Drake la visit\u00f3 varias veces en la \u00e9poca de sus rapacidades, siendo un gran conocedor de la Isla. La \u00faltima vez fue en 1586.<\/p>\n<p>&nbsp;<\/p>\n<p><img loading=\"lazy\" decoding=\"async\" class=\"size-full wp-image-17971 alignnone\" src=\"https:\/\/test.isladelajuventud-cuba.com\/wp-content\/uploads\/2017\/02\/7.jpg\" alt=\"7\" width=\"135\" height=\"207\" \/><img loading=\"lazy\" decoding=\"async\" class=\"size-full wp-image-17972 alignnone\" src=\"https:\/\/test.isladelajuventud-cuba.com\/wp-content\/uploads\/2017\/02\/8.jpg\" alt=\"8\" width=\"120\" height=\"178\" \/><img loading=\"lazy\" decoding=\"async\" class=\"size-full wp-image-17973 alignnone\" src=\"https:\/\/test.isladelajuventud-cuba.com\/wp-content\/uploads\/2017\/02\/9.jpg\" alt=\"9\" width=\"120\" height=\"179\" \/><\/p>\n<p>&nbsp;<\/p>\n<p>En el a\u00f1o 1596, se efectu\u00f3 la primera batalla naval del continente americano en La Sig\u00fcanea. All\u00ed la flota espa\u00f1ola al mando de Bernardino Delgadillo y Avellaneda sorprendi\u00f3 a la flota inglesa al mando del Almirante Thomas Baskerville, que hab\u00eda tomado el mando a la muerte de Drake en Portobelo, que trataba de recuperarse y preparaba sus nav\u00edos para regresar a Inglaterra con los botines capturados. All\u00ed fue derrotado, y algunas naves inglesas muy maltrechas pudieron escapar.<\/p>\n<p>&nbsp;<\/p>\n<p>A finales de ese siglo, el corsario holand\u00e9s Van Caerden y el pirata ingl\u00e9s John Oxman qui\u00e9n la utiliz\u00f3 como cuartel. Los siglos XVII y XVIII fueron testigos de otros piratas que visitaron la Isla, como el corsario Van Vyn Enrique luego de apoderarse de una flota espa\u00f1ola. En 1628, el pirata Pieter Pieterzon Hayn, Pata de Palo, la utiliz\u00f3 como refugio. Un a\u00f1o despu\u00e9s, el holand\u00e9s Cornelius Cornelizoon Hol, ultim\u00f3 los detalles en la Isla para atacar a La Habana, para despu\u00e9s en 1638, repite la operaci\u00f3n para atacar la flota procedente de centro y Sudam\u00e9rica.<\/p>\n<p>&nbsp;<\/p>\n<p>Tal situaci\u00f3n hace cada vez m\u00e1s dif\u00edcil la vida de los colonos all\u00ed asentados. En 1627 fue mercedada al capit\u00e1n Hernando de Pedroso, pasando a sus sucesores, quienes muchos de ellos nunca la conocieron personalmente, ni cuidaron, ni mereciera atenci\u00f3n oficial alguna, ni preocupara por su poblaci\u00f3n.<\/p>\n<p>&nbsp;<\/p>\n<p>Francis El Olon\u00e9s en 1660 mantuvo su guarida por un buen tiempo. Tampoco Diego Zayas Baz\u00e1n y Rojas, due\u00f1o por entonces de Isla de Pinos, pudo influir en las autoridades para la colonizaci\u00f3n de la Isla para garantizar la integridad de sus bienes y de la poblaci\u00f3n contra los ataques de los bandidos del mar, que sigui\u00f3 siendo su guarida.<\/p>\n<p>&nbsp;<\/p>\n<p>A partir de 1668 aumenta la presencia de estos lobos de mar, como: Henry Morgan que repar\u00f3 sus naves antes de atacar La Habana; Bartolom\u00e9 El Portugu\u00e9s se refugi\u00f3 por esos a\u00f1os en los a\u00f1os 1677; y 1678 estableci\u00f3 su cuartel general el pirata franc\u00e9s Pierre Franquesnay. Los ingleses Bartolom\u00e9 Sharper en 1680 y en 1686 William Dampier que se convirti\u00f3 en escritor al narrar sus aventuras.<\/p>\n<p>&nbsp;<\/p>\n<p>A partir del siglo XVIII; Inglaterra, Francia y Holanda, que hab\u00edan promovido y practicado la pirater\u00eda, ahora la ilegalizan, pues necesitaban comerciar para dar salidas a sus mercanc\u00edas; es cuando Espa\u00f1a se convierte en armadora de corso con espa\u00f1oles y cubanos que merodeaban por las Antillas. En este siglo se tuvieron noticias de piratas que estuvieron en la Isla, como el ingl\u00e9s Charles Gran en 1702; el espa\u00f1ol Bartolom\u00e9 Valad\u00f3n en 1718 y en 1719 Jhon Rackman, conocido por Calico Jack.<\/p>\n<p>&nbsp;<\/p>\n<p>Anteriormente, en 1765, el conde de Ricla se propuso colonizarla, pero su proyecto fracas\u00f3 al tener que marchar a Espa\u00f1a. Su propietario en ese tiempo, Domingo Duarte, hizo alg\u00fan esfuerzo en tratar de que se reconociese, pero a nadie interesaba.<\/p>\n<p>&nbsp;<\/p>\n<p>En 1787, el capit\u00e1n de fragata Julian Terry y Lacy present\u00f3 al conde de Santa Clara, Capit\u00e1n General de Cuba, una voluminosa memoria de sus estudios y trabajos que le fueron encomendados a fin de organizar la colonizaci\u00f3n. Para estas fechas la isla contaba con 300 habitantes, pero otra vez, se olvidaron de ella.<\/p>\n<p>&nbsp;<\/p>\n<p>Hasta que en 1822, un pirata llamado Pepe el Mallorqu\u00edn con un peque\u00f1o grupo de forajidos, se hizo el due\u00f1o de la isla. Fueron los ingleses que presionaron a Espa\u00f1a para que tomara medidas para evitar actos de pirater\u00edas en estas aguas que a ellos perjudicaban y hac\u00edan peligrar la traves\u00eda de sus naves; para que transfirieran o abandonaran la posesi\u00f3n de la isla, si no Gran Breta\u00f1a la ocupar\u00eda. Con el visto bueno de las autoridades espa\u00f1ola, los ingleses emplearon un a\u00f1o en acabar con el Mallorqu\u00edn y su gente.<\/p>\n<p>&nbsp;<\/p>\n<p><img loading=\"lazy\" decoding=\"async\" class=\"size-full wp-image-17974 alignleft\" style=\"margin-right: 10px;\" src=\"https:\/\/test.isladelajuventud-cuba.com\/wp-content\/uploads\/2017\/02\/10.jpg\" alt=\"\" width=\"120\" height=\"184\" \/>De este suceso, hizo que el capit\u00e1n general Francisco Dionisio Vives colonizara la isla y fundara la ciudad de Nueva Gerona en 1830, en recuerdo de la defensa de la ciudad catalana que hab\u00eda hecho el general Vives en la guerra de Independencia espa\u00f1ola. La isla se le denomin\u00f3 Colonia Reina Amalia, en recuerdo a la tercera esposa de Fernando VII.<\/p>\n<p>&nbsp;<\/p>\n<p>No obstante, se form\u00f3 en 1787 un peque\u00f1o poblado llamado Santa Fe, antes que Nueva Gerona, a pesar de la negativa de las autoridades coloniales a la fundaci\u00f3n de un pueblo a orillas del R\u00edo J\u00edcaro, constantemente asediada por corsarios y piratas.<\/p>\n<p>&nbsp;<\/p>\n<p>A partir de la colonizaci\u00f3n de la Isla, enviaron ex soldados en 1831. Estos eran milicianos morenos que radicaban en San Agust\u00edn de la Florida que simultaneaban su profesi\u00f3n con el trabajo agr\u00edcola, de tierras entregadas en el \u00e1rea de Los Colonos.<\/p>\n<p>&nbsp;<\/p>\n<p>En 1847 se construy\u00f3 la iglesia Nuestra Se\u00f1ora de los Dolores, dos escuelas primarias, una galera para presidiario, un hospital civil y el ayuntamiento. La migraci\u00f3n al nuevo poblado transcurri\u00f3 a cuentagotas. La historia recoge que una tropa de 14 soldados fue destacada como guarnici\u00f3n fija y un grupo 12 de presidiaros en 1826. En 1850 se construy\u00f3 el cuartel, que seis a\u00f1os despu\u00e9s quedaba convertido en hospital militar.<\/p>\n<p>&nbsp;<\/p>\n<p>Bajo el predominio de Espa\u00f1a, se le comienza a llamar a la reci\u00e9n estrenada colonia, La Isla de Los Deportados, porque precisamente a ella eran deportados todos los que se opon\u00edan a la metr\u00f3poli por sus ideas independentistas desde 1868. A finales del siglo XIX se le conoce como Isla de Pinos (por la abundancia de bosques de pinos).<\/p>\n<p>&nbsp;<\/p>\n<p>El resultado del censo de la Isla en 1899 fue de 3.200 habitantes, pero el mayor n\u00famero de pobladores radicaba en Santa Fe. Despu\u00e9s de la independencia de Cuba, la jurisdicci\u00f3n de la Isla se mantuvo sujeto a las negociaciones con los Estados Unidos, que reclam\u00f3 la Isla para formar parte de este pa\u00eds.<\/p>\n<p>&nbsp;<\/p>\n<p><img loading=\"lazy\" decoding=\"async\" class=\"size-full wp-image-17975 alignleft\" style=\"margin-right: 10px;\" src=\"https:\/\/test.isladelajuventud-cuba.com\/wp-content\/uploads\/2017\/02\/11.jpg\" alt=\"\" width=\"120\" height=\"208\" \/>El presidente norteamericano William McKinley expresaba que fue cedida por Espa\u00f1a mediante el Tratado de Paris, integr\u00e1ndose a su territorio, pero bajo la jurisdicci\u00f3n administrativa de Cuba. Cuando a\u00fan no se hab\u00eda aprobado la Enmienda Platt, se establecieron las primeras compa\u00f1\u00edas especuladoras de tierras, que iniciaron un proceso de concentraci\u00f3n de la tierra, para luego venderlas por parcelas<\/p>\n<p>&nbsp;<\/p>\n<p>Ante tal situaci\u00f3n, en 1903, cerca de 500 familias norteamericanas se establecieron, permitiendo el surgimiento de nuevos poblados con arquitectura diferente y una infraestructura m\u00e1s moderna y completa, como: Columbia, McKinley, Santa B\u00e1rbara de Las Nuevas, Los Indios, San Pedro, Bibijag\u00fca., Los Alm\u00e1cigos, San Francisco de las Piedras. Hacia 1913 resid\u00edan m\u00e1s de 1.600 estadounidenses. Casi igual poblaci\u00f3n a la pinera.<\/p>\n<p>&nbsp;<\/p>\n<p>En Nueva Gerona y Santa Fe fueron lugares de residencia de muchos de ellos, como en muchas fincas y haciendas que construyeron, elaborando la tierra, experimentando un incremento en la actividad productiva a partir del cultivo del c\u00edtrico, la sandia , mel\u00f3n, pepino y otros frutos menores; la ganader\u00eda; la pesca; la explotaci\u00f3n de minas de oro, tungsteno, cobre y m\u00e1rmol, como la explotaci\u00f3n de la industria maderera.<\/p>\n<p>&nbsp;<\/p>\n<p>Con el crecimiento de la colonia, creci\u00f3 la navegaci\u00f3n de cabotaje y hubo hasta seis puertos mar\u00edtimos y fluviales. Aument\u00f3 las l\u00edneas navieras, se incrementaron los servicios en bodegas, tiendas mixtas, fondas, caf\u00e9 cantinas, hoteles, balnearios. Se construyeron puentes, carreteras, v\u00edas f\u00e9rreas, aeropuerto, aduana, instituciones culturales y clubes, escuelas, iglesias, \u00f3rganos de prensa, cementerio, etc.<\/p>\n<p>&nbsp;<\/p>\n<p>Sin embargo, despu\u00e9s del Tratado Hay-Quesada en 1925, se reconoci\u00f3 la soberan\u00eda de Cuba sobre Isla de Pinos, la mayor\u00eda de las familias estadounidenses regresaron a su pa\u00eds vendiendo sus tierras y algunas de ellas quedaron, mezcl\u00e1ndose con la poblaci\u00f3n pinera.<\/p>\n<p>&nbsp;<\/p>\n<p>En el a\u00f1o 1931 se inaugur\u00f3 una gigantesca c\u00e1rcel circular, llamada el Presidio Modelo con una capacidad para albergar a m\u00e1s de 6.000 reclusos. R\u00e9plica de la c\u00e1rcel de Joliet en Illinois, Estados Unidos. De aqu\u00ed surge el nombre de Isla de los Presos.<\/p>\n<p>&nbsp;<\/p>\n<p><img loading=\"lazy\" decoding=\"async\" class=\"size-full wp-image-17976 alignleft\" style=\"margin-right: 10px;\" src=\"https:\/\/test.isladelajuventud-cuba.com\/wp-content\/uploads\/2017\/02\/12.jpg\" alt=\"\" width=\"120\" height=\"207\" \/>Cada director que tuvo el presidio a lo largo de su vida, dej\u00f3 un rastro de exterminadores de hombres, corrupci\u00f3n, podredumbres y violencia. Hasta 1935 hay registrado oficialmente 532 muertos. Pablo de la Torriente Brau, preso all\u00ed, relata la historia de los asesinatos, atropellos, los abusos y el sufrimiento de los reclusos y llam\u00f3 a su libro: \u201cPresidio Modelo\u201d. Otro nombre que se le llam\u00f3, fue el de La Isla de los 500 asesinatos.<\/p>\n<p>&nbsp;<\/p>\n<p>Durante el desarrollo de la Segunda Guerra Mundial, sirvi\u00f3 de campo de concentraci\u00f3n para extranjeros: japoneses, alemanes \u00e9 italianos.<\/p>\n<p>&nbsp;<\/p>\n<p><img loading=\"lazy\" decoding=\"async\" class=\"size-full wp-image-17977 alignleft\" style=\"margin-right: 10px;\" src=\"https:\/\/test.isladelajuventud-cuba.com\/wp-content\/uploads\/2017\/02\/13.jpg\" alt=\"\" width=\"120\" height=\"191\" \/>Desde su inauguraci\u00f3n al cierre de la prisi\u00f3n, se convirti\u00f3 en un centro de tortura, muerte y horror en todas las etapas. Sirvi\u00f3 para albergar presos pol\u00edticos que siempre tuvieron la posibilidad de no vivir un nuevo amanecer. Ese presidio hosped\u00f3 a futuros presidentes, como: Ram\u00f3n Grau San Martin, Fidel Castro y Ra\u00fal Castro, ministros y destacadas personalidades de la pol\u00edtica opuestas a los gobiernos de turnos. A partir de 1959 se le llam\u00f3 La Siberia de Cuba por los presos existentes a partir de esta fecha. El presidio fue cerrado en 1967 y en 1973 fue declarado Monumento Nacional.<\/p>\n<p>&nbsp;<\/p>\n<p>De todas partes del pa\u00eds, llegaron j\u00f3venes para cambiar radicalmente la fisonom\u00eda de Isla de Pinos y sentar las bases econ\u00f3micas y sociales que le permitieron llamarla oficialmente en 1978 la Isla de la Juventud, dada la mayoritaria presencia de j\u00f3venes en su poblaci\u00f3n. Tambi\u00e9n cont\u00f3 con la presencia de miles de j\u00f3venes de varias partes del mundo, como del resto de las provincias de Cuba, que estudiaban en las numerosas escuelas distribuidas por todo el territorio.<\/p>\n<p>&nbsp;<\/p>\n<p>A finales del siglo XX, cuenta con una poblaci\u00f3n de 87.000 habitantes, que la siguen llamando as\u00ed, pero tambi\u00e9n la denominan como Isla Joven, Isla de las Toronjas, La Isla de los Mil Nombres, o simplemente La Isla.<\/p>\n<p>&nbsp;<\/p>\n<p>Muchos nombres para una Isla, pero todos asociados y en correspondencia con hechos o situaciones relevantes a lo largo de su joven y larga historia. Joven , poco sabemos de sus cinco siglos de existencia, cuatro de ellos, con un menoscabo de su reconocimiento y olvidada de la civilizaci\u00f3n. Larga porque se suscitaron hechos relevantes cargados de leyendas o cuentos transmitidos de boca a boca entre las sucesivas generaciones de sus habitantes; pero que a\u00fan queda mucha historia por desvelar y mucha Isla por Descubrir.<\/p>\n<p>&nbsp;<\/p>\n<p>Una Isla que no quiso ser inglesa, espa\u00f1ola, ni norteamericana.<\/div>[\/vc_column][\/vc_row][vc_row css_animation=\u00bb\u00bb row_type=\u00bbrow\u00bb use_row_as_full_screen_section=\u00bbno\u00bb type=\u00bbgrid\u00bb angled_section=\u00bbno\u00bb text_align=\u00bbcenter\u00bb background_image_as_pattern=\u00bbwithout_pattern\u00bb][vc_column][vc_empty_space height=\u00bb50px\u00bb][\/vc_column][\/vc_row]<\/p>\n<\/div>","protected":false},"excerpt":{"rendered":"<p>[vc_row css_animation=\u00bb\u00bb row_type=\u00bbrow\u00bb use_row_as_full_screen_section=\u00bbno\u00bb type=\u00bbfull_width\u00bb angled_section=\u00bbno\u00bb text_align=\u00bbcenter\u00bb background_image_as_pattern=\u00bbwithout_pattern\u00bb][vc_column][vc_column_text] [\/vc_column_text][\/vc_column][\/vc_row][vc_row css_animation=\u00bb\u00bb row_type=\u00bbrow\u00bb use_row_as_full_screen_section=\u00bbno\u00bb type=\u00bbgrid\u00bb angled_section=\u00bbno\u00bb text_align=\u00bbcenter\u00bb background_image_as_pattern=\u00bbwithout_pattern\u00bb][vc_column][vc_empty_space height=\u00bb50px\u00bb][\/vc_column][\/vc_row][vc_row css_animation=\u00bb\u00bb row_type=\u00bbrow\u00bb use_row_as_full_screen_section=\u00bbno\u00bb type=\u00bbgrid\u00bb angled_section=\u00bbno\u00bb text_align=\u00bbcenter\u00bb background_image_as_pattern=\u00bbwithout_pattern\u00bb][vc_column][vc_column_text] HISTORY [\/vc_column_text][\/vc_column][\/vc_row][vc_row css_animation=\u00bb\u00bb row_type=\u00bbrow\u00bb use_row_as_full_screen_section=\u00bbno\u00bb type=\u00bbgrid\u00bb angled_section=\u00bbno\u00bb text_align=\u00bbcenter\u00bb background_image_as_pattern=\u00bbwithout_pattern\u00bb][vc_column][vc_empty_space height=\u00bb50px\u00bb][\/vc_column][\/vc_row][vc_row css_animation=\u00bb\u00bb row_type=\u00bbrow\u00bb use_row_as_full_screen_section=\u00bbno\u00bb type=\u00bbgrid\u00bb angled_section=\u00bbno\u00bb text_align=\u00bbcenter\u00bb background_image_as_pattern=\u00bbwithout_pattern\u00bb][vc_column][\/vc_column][\/vc_row][vc_row css_animation=\u00bb\u00bb row_type=\u00bbrow\u00bb use_row_as_full_screen_section=\u00bbno\u00bb type=\u00bbgrid\u00bb&#8230;<\/p>\n","protected":false},"author":1,"featured_media":0,"parent":0,"menu_order":0,"comment_status":"open","ping_status":"closed","template":"full_width.php","meta":{"_joinchat":[],"footnotes":""},"class_list":["post-33783","page","type-page","status-publish","hentry"],"_links":{"self":[{"href":"https:\/\/test.isladelajuventud-cuba.com\/index.php?rest_route=\/wp\/v2\/pages\/33783","targetHints":{"allow":["GET"]}}],"collection":[{"href":"https:\/\/test.isladelajuventud-cuba.com\/index.php?rest_route=\/wp\/v2\/pages"}],"about":[{"href":"https:\/\/test.isladelajuventud-cuba.com\/index.php?rest_route=\/wp\/v2\/types\/page"}],"author":[{"embeddable":true,"href":"https:\/\/test.isladelajuventud-cuba.com\/index.php?rest_route=\/wp\/v2\/users\/1"}],"replies":[{"embeddable":true,"href":"https:\/\/test.isladelajuventud-cuba.com\/index.php?rest_route=%2Fwp%2Fv2%2Fcomments&post=33783"}],"version-history":[{"count":0,"href":"https:\/\/test.isladelajuventud-cuba.com\/index.php?rest_route=\/wp\/v2\/pages\/33783\/revisions"}],"wp:attachment":[{"href":"https:\/\/test.isladelajuventud-cuba.com\/index.php?rest_route=%2Fwp%2Fv2%2Fmedia&parent=33783"}],"curies":[{"name":"wp","href":"https:\/\/api.w.org\/{rel}","templated":true}]}}