{"id":33826,"date":"2014-04-15T12:33:38","date_gmt":"2014-04-15T12:33:38","guid":{"rendered":"https:\/\/test.isladelajuventud-cuba.com\/?page_id=33826"},"modified":"2020-08-19T11:30:38","modified_gmt":"2020-08-19T11:30:38","slug":"religion-eng","status":"publish","type":"page","link":"https:\/\/test.isladelajuventud-cuba.com\/?page_id=33826&lang=en","title":{"rendered":"Religion"},"content":{"rendered":"<div class=\"wpb-content-wrapper\" id=\"wpb-content-root\"><p>[vc_row css_animation=\u00bb\u00bb row_type=\u00bbrow\u00bb use_row_as_full_screen_section=\u00bbno\u00bb type=\u00bbfull_width\u00bb angled_section=\u00bbno\u00bb text_align=\u00bbcenter\u00bb background_image_as_pattern=\u00bbwithout_pattern\u00bb][vc_column][vc_column_text]<\/p>\n<p style=\"text-align: center;\"><div class=\"wp1s-slider-wrapper wp1s-slider-wrapper-69527 \">  \r\n    <div class=\"wp1s-main-wrapper\">\r\n      \r\n\r\n    <div class=\"wp1s-slider-container wp1s-pager-type-1 wp1s-arrow-type-1 wp1s-pagination\">\r\n    <ul class=\"wp1s-bxslider\" data-id=\"69527\" data-auto='true' data-speed='1000' data-pause='5000' data-transition='horizontal' data-controls='true' data-responsive='true' data-pager='disable' >\r\n            <li>\r\n            <img decoding=\"async\" src=\"https:\/\/test.isladelajuventud-cuba.com\/wp-content\/uploads\/2020\/01\/slide1.jpg\" \/>\r\n            <div class=\"wp1s-caption-wrapper wp1s-caption-type-1 wp1s-caption-middlecenter\">\r\n            <h1 class=\"wp1s-caption-title\"><\/h1>\r\n            <h2 class=\"wp1s-caption-content\"><\/h2>\r\n                        <\/div>\r\n        <\/li>\r\n            <li>\r\n            <img decoding=\"async\" src=\"https:\/\/test.isladelajuventud-cuba.com\/wp-content\/uploads\/2020\/01\/slide2.jpg\" \/>\r\n            <div class=\"wp1s-caption-wrapper wp1s-caption-type-1 wp1s-caption-middlecenter\">\r\n            <h1 class=\"wp1s-caption-title\"><\/h1>\r\n            <h2 class=\"wp1s-caption-content\">Cayo Largo del Sur. Un Para\u00edso del Caribe.<\/h2>\r\n                        <a href=\"https:\/\/test.isladelajuventud-cuba.com\/alojamiento-hoteles\/\" class=\"wps1-readmore-button\">Reserve con un click.<\/a>\r\n                        <\/div>\r\n        <\/li>\r\n            <li>\r\n            <img decoding=\"async\" src=\"https:\/\/test.isladelajuventud-cuba.com\/wp-content\/uploads\/2019\/10\/test1.jpg\" \/>\r\n            <div class=\"wp1s-caption-wrapper wp1s-caption-type-1 wp1s-caption-middlecenter\">\r\n            <h1 class=\"wp1s-caption-title\"><\/h1>\r\n            <h2 class=\"wp1s-caption-content\"><\/h2>\r\n                        <\/div>\r\n        <\/li>\r\n            <li>\r\n            <img decoding=\"async\" src=\"https:\/\/test.isladelajuventud-cuba.com\/wp-content\/uploads\/2020\/01\/slide4.jpg\" \/>\r\n            <div class=\"wp1s-caption-wrapper wp1s-caption-type-1 wp1s-caption-middlecenter\">\r\n            <h1 class=\"wp1s-caption-title\"><\/h1>\r\n            <h2 class=\"wp1s-caption-content\">Puestas de sol \u00fanicas...<\/h2>\r\n                        <\/div>\r\n        <\/li>\r\n            <li>\r\n            <img decoding=\"async\" src=\"https:\/\/test.isladelajuventud-cuba.com\/wp-content\/uploads\/2020\/01\/slide3.jpg\" \/>\r\n            <div class=\"wp1s-caption-wrapper wp1s-caption-type-1 wp1s-caption-middlecenter\">\r\n            <h1 class=\"wp1s-caption-title\"><\/h1>\r\n            <h2 class=\"wp1s-caption-content\">Un mundo bajo el mar.<\/h2>\r\n                        <a href=\"https:\/\/test.isladelajuventud-cuba.com\/centros-de-buceo\/\" class=\"wps1-readmore-button\">Reserve  tus inmersiones con un click.<\/a>\r\n                        <\/div>\r\n        <\/li>\r\n            <li>\r\n            <img decoding=\"async\" src=\"https:\/\/test.isladelajuventud-cuba.com\/wp-content\/uploads\/2020\/01\/slide5.jpg\" \/>\r\n            <div class=\"wp1s-caption-wrapper wp1s-caption-type-1 wp1s-caption-middlecenter\">\r\n            <h1 class=\"wp1s-caption-title\"><\/h1>\r\n            <h2 class=\"wp1s-caption-content\">Descubra algunas de las mejores playas del mundo.<\/h2>\r\n                        <a href=\"https:\/\/test.isladelajuventud-cuba.com\/playas-2\/\" class=\"wps1-readmore-button\">Ver m\u00e1s playas<\/a>\r\n                        <\/div>\r\n        <\/li>\r\n            <li>\r\n            <img decoding=\"async\" src=\"https:\/\/test.isladelajuventud-cuba.com\/wp-content\/uploads\/2020\/01\/slide6-1.jpg\" \/>\r\n            <div class=\"wp1s-caption-wrapper wp1s-caption-type-1 wp1s-caption-middlecenter\">\r\n            <h1 class=\"wp1s-caption-title\"><\/h1>\r\n            <h2 class=\"wp1s-caption-content\">Descubre su naturaleza en estado puro...<\/h2>\r\n                        <\/div>\r\n        <\/li>\r\n            <li>\r\n            <img decoding=\"async\" src=\"https:\/\/test.isladelajuventud-cuba.com\/wp-content\/uploads\/2020\/01\/slide7.jpg\" \/>\r\n            <div class=\"wp1s-caption-wrapper wp1s-caption-type-1 wp1s-caption-middlecenter\">\r\n            <h1 class=\"wp1s-caption-title\"><\/h1>\r\n            <h2 class=\"wp1s-caption-content\">MUSEOS<\/h2>\r\n                        <a href=\"https:\/\/test.isladelajuventud-cuba.com\/museos\/\" class=\"wps1-readmore-button\">Ver m\u00e1s Museos<\/a>\r\n                        <\/div>\r\n        <\/li>\r\n            <li>\r\n            <img decoding=\"async\" src=\"https:\/\/test.isladelajuventud-cuba.com\/wp-content\/uploads\/2020\/01\/slide8.jpg\" \/>\r\n            <div class=\"wp1s-caption-wrapper wp1s-caption-type-1 wp1s-caption-middlecenter\">\r\n            <h1 class=\"wp1s-caption-title\"><\/h1>\r\n            <h2 class=\"wp1s-caption-content\">LUGARES DE INTER\u00c9S<\/h2>\r\n                        <a href=\"https:\/\/test.isladelajuventud-cuba.com\/lugares-de-interes-2\/\" class=\"wps1-readmore-button\">Ver m\u00e1s Lugares de Inter\u00e9s<\/a>\r\n                        <\/div>\r\n        <\/li>\r\n            <li>\r\n            <img decoding=\"async\" src=\"https:\/\/test.isladelajuventud-cuba.com\/wp-content\/uploads\/2020\/01\/slide9-1.jpg\" \/>\r\n            <div class=\"wp1s-caption-wrapper wp1s-caption-type-1 wp1s-caption-middlecenter\">\r\n            <h1 class=\"wp1s-caption-title\"><\/h1>\r\n            <h2 class=\"wp1s-caption-content\">Hoteles, casas de alquiler, camping. <\/h2>\r\n                        <a href=\"https:\/\/test.isladelajuventud-cuba.com\/alojamiento\/\" class=\"wps1-readmore-button\">Reserva su alojamiento con un click.<\/a>\r\n                        <\/div>\r\n        <\/li>\r\n            <li>\r\n            <img decoding=\"async\" src=\"https:\/\/test.isladelajuventud-cuba.com\/wp-content\/uploads\/2020\/01\/slide10.jpg\" \/>\r\n            <div class=\"wp1s-caption-wrapper wp1s-caption-type-1 wp1s-caption-middlecenter\">\r\n            <h1 class=\"wp1s-caption-title\"><\/h1>\r\n            <h2 class=\"wp1s-caption-content\">Nueva Gerona fundada en 1830, una ciudad que  le sorprender\u00e1...<\/h2>\r\n                        <a href=\"https:\/\/test.isladelajuventud-cuba.com\/nucleos-urbanos-nueva-gerona\/\" class=\"wps1-readmore-button\">Conozca Nueva Gerona con un click<\/a>\r\n                        <\/div>\r\n        <\/li>\r\n            <li>\r\n            <img decoding=\"async\" src=\"https:\/\/test.isladelajuventud-cuba.com\/wp-content\/uploads\/2020\/02\/monumentos.jpg\" \/>\r\n            <div class=\"wp1s-caption-wrapper wp1s-caption-type-1 wp1s-caption-middlecenter\">\r\n            <h1 class=\"wp1s-caption-title\"><\/h1>\r\n            <h2 class=\"wp1s-caption-content\">MONUMENTOS<\/h2>\r\n                        <a href=\"https:\/\/test.isladelajuventud-cuba.com\/monumentos\/\" class=\"wps1-readmore-button\">Ver m\u00e1s Monumentos<\/a>\r\n                        <\/div>\r\n        <\/li>\r\n        <\/ul>\r\n    <\/div>\r\n<\/div>\r\n      <\/div>\r\n   <style>\r\n\r\n.wp1s-slider-wrapper-69527 {\r\n    \r\n     width:100%%;   \r\n}\r\n\r\n.wp1s-slider-wrapper-69527 .wp1s-caption-wrapper.wp1s-caption-type-1 .wp1s-caption-title{\r\n\r\n    font-size:20px;\r\n   \r\n}\r\n\r\n.wp1s-slider-wrapper-69527 .wp1s-caption-wrapper.wp1s-caption-type-1 .wp1s-caption-content{\r\n   \r\n    font-size: 40px;\r\n    \r\n}\r\n.wp1s-slider-wrapper-69527 .wp1s-caption-wrapper.wp1s-caption-type-2 .wp1s-caption-title {\r\n    font-size:20px;\r\n    background-color:rgba(125,165,82,0.8);\r\n   \r\n}\r\n.wp1s-slider-wrapper-69527 .wp1s-caption-wrapper.wp1s-caption-type-2 .wp1s-caption-content {\r\n    font-size:40px;\r\n\r\n}\r\n.wp1s-slider-wrapper-69527 .wp1s-caption-wrapper.wp1s-caption-type-3 .wp1s-caption-title {\r\n    font-size:20px;\r\n    border-bottom:7px solid #2ed1ff;\r\n}\r\n.wp1s-slider-wrapper-69527 .wp1s-caption-wrapper.wp1s-caption-type-3 .wp1s-caption-content {\r\n    font-size:40px;\r\n   \r\n}\r\n.wp1s-slider-wrapper-69527 .wp1s-caption-wrapper.wp1s-caption-type-4  {\r\n   \r\n    background-color:rgba(124,118,118,0.6);\r\n\r\n}\r\n.wp1s-slider-wrapper-69527 .wp1s-caption-wrapper.wp1s-caption-type-4 .wp1s-caption-title {\r\n    font-size:20px;\r\n\r\n}\r\n.wp1s-slider-wrapper-69527 .wp1s-caption-wrapper.wp1s-caption-type-4 .wp1s-caption-content {\r\n    font-size:40px;\r\n}\r\n.wp1s-slider-wrapper-69527 .wp1s-caption-wrapper .wp1s-caption-title {\r\n    color:#ffffff;\r\n}\r\n.wp1s-slider-wrapper-69527 .wp1s-caption-wrapper .wp1s-caption-content {\r\n    color:#59d600;\r\n}\r\n.wp1s-slider-wrapper-69527 .wp1s-main-wrapper .wp1s-pager-type-1 .bx-wrapper .bx-pager.bx-default-pager a {\r\n    background-color:#ffffff;\r\n}\r\n.wp1s-slider-wrapper-69527 .wp1s-main-wrapper .wp1s-pager-type-1 .bx-wrapper .bx-pager.bx-default-pager a:hover, \r\n.wp1s-slider-wrapper-69527 .wp1s-main-wrapper .wp1s-pager-type-1 .bx-wrapper .bx-pager.bx-default-pager a.active {\r\n    background-color:#3bb1f4;\r\n}\r\n.wp1s-slider-wrapper-69527 .wp1s-main-wrapper .wp1s-pager-type-2 .bx-wrapper .bx-pager.bx-default-pager a {\r\n    background-color:#635e5e;\r\n    border:3px solid #979191;\r\n}\r\n.wp1s-slider-wrapper-69527 .wp1s-main-wrapper .wp1s-pager-type-2 .bx-wrapper .bx-pager.bx-default-pager a:hover, \r\n.wp1s-slider-wrapper-69527 .wp1s-main-wrapper .wp1s-pager-type-2 .bx-wrapper .bx-pager.bx-default-pager a.active {\r\n    background-color:#ffffff;\r\n}\r\n.wp1s-slider-wrapper-69527 .wp1s-main-wrapper .wp1s-pager-type-3 .bx-wrapper .bx-pager.bx-default-pager a {\r\n    border:1px solid #ffffff;\r\n   \r\n}\r\n.wp1s-slider-wrapper-69527 .wp1s-main-wrapper .wp1s-pager-type-3 .bx-wrapper .bx-pager.bx-default-pager a:hover, \r\n.wp1s-slider-wrapper-69527 .wp1s-main-wrapper .wp1s-pager-type-3 .bx-wrapper .bx-pager.bx-default-pager a.active {\r\n    border-color:#ff9600;\r\n}\r\n.wp1s-slider-wrapper-69527 .wp1s-main-wrapper .wp1s-pager-type-4 .bx-wrapper .bx-pager.bx-default-pager a {\r\n    background-color:#7a7a7a;\r\n    \r\n}\r\n.wp1s-slider-wrapper-69527 .wp1s-main-wrapper .wp1s-pager-type-4 .bx-wrapper .bx-pager.bx-default-pager a:hover, \r\n.wp1s-slider-wrapper-69527 .wp1s-main-wrapper .wp1s-pager-type-4 .bx-wrapper .bx-pager.bx-default-pager a.active {\r\n    background-color:#ffffff;\r\n}\r\n.wp1s-slider-wrapper-69527 .wp1s-caption-wrapper.wp1s-caption-type-1 .wps1-readmore-button {\r\n    background-color: #1e75f6;\r\n    box-shadow: 0 2px 0 #1758c6;\r\n    -webkit-box-shadow: 0 2px 0 #1758c6;\r\n    -moz-box-shadow: 0 2px 0 #1758c6;\r\n}\r\n.wp1s-slider-wrapper-69527 .wp1s-caption-wrapper.wp1s-caption-type-1 .wps1-readmore-button:hover {\r\n    background-color:#11499e;\r\n}\r\n@media (max-width:1200px) {\r\n.wp1s-slider-wrapper-69527 .wp1s-slider-wrapper {\r\nwidth:100%;\r\n}\r\n}\r\n.wp1s-widget-wrap .wp1s-caption-wrapper {\r\n\r\ndisplay: none;\r\n}\r\n\r\n.wp1s-widget-wrap .wp1s-thumbnail-wrapper {\r\ndisplay: none;\r\n}\r\n\r\n<\/style><\/p>\n<p>[\/vc_column_text][\/vc_column][\/vc_row][vc_row css_animation=\u00bb\u00bb row_type=\u00bbrow\u00bb use_row_as_full_screen_section=\u00bbno\u00bb type=\u00bbgrid\u00bb angled_section=\u00bbno\u00bb text_align=\u00bbcenter\u00bb background_image_as_pattern=\u00bbwithout_pattern\u00bb][vc_column][vc_empty_space height=\u00bb50px\u00bb][\/vc_column][\/vc_row][vc_row css_animation=\u00bb\u00bb row_type=\u00bbrow\u00bb use_row_as_full_screen_section=\u00bbno\u00bb type=\u00bbgrid\u00bb angled_section=\u00bbno\u00bb text_align=\u00bbcenter\u00bb background_image_as_pattern=\u00bbwithout_pattern\u00bb][vc_column]<div class=\"custom_font_holder \" style=\"font-family: Open Sans; font-style: normal; font-weight: 400; color: #000000; text-decoration: none; text-align: left; --qode-cf-font-size: 30px; --qode-cf-line-height: 36px; --qode-cf-font-size-1440: 30px; --qode-cf-line-height-1440: 36px; --qode-cf-font-size-1366: 30px; --qode-cf-line-height-1366: 36px; --qode-cf-font-size-1280: 30px; --qode-cf-line-height-1280: 36px; --qode-cf-font-size-1024: 30px; --qode-cf-line-height-1024: 36px; --qode-cf-font-size-768: 30px; --qode-cf-line-height-768: 36px; --qode-cf-font-size-680: 30px; --qode-cf-line-height-680: 36px; --qode-cf-font-size-480: 30px; --qode-cf-line-height-480: 36px;\">\n<p>Religi\u00f3n<\/p>\n<\/div>[\/vc_column][\/vc_row][vc_row css_animation=\u00bb\u00bb row_type=\u00bbrow\u00bb use_row_as_full_screen_section=\u00bbno\u00bb type=\u00bbgrid\u00bb angled_section=\u00bbno\u00bb text_align=\u00bbcenter\u00bb background_image_as_pattern=\u00bbwithout_pattern\u00bb][vc_column][vc_empty_space height=\u00bb50px\u00bb][\/vc_column][\/vc_row][vc_row css_animation=\u00bb\u00bb row_type=\u00bbrow\u00bb use_row_as_full_screen_section=\u00bbno\u00bb type=\u00bbgrid\u00bb angled_section=\u00bbno\u00bb text_align=\u00bbcenter\u00bb background_image_as_pattern=\u00bbwithout_pattern\u00bb css=\u00bb.vc_custom_1486569008549{margin-top: 130px !important;}\u00bb][vc_column]<div class=\"custom_font_holder \" style=\"font-family: Open Sans; font-style: normal; font-weight: 400; color: #000000; text-decoration: none; text-align: left; --qode-cf-font-size: 14px; --qode-cf-line-height: 18px; --qode-cf-font-size-1440: 14px; --qode-cf-line-height-1440: 18px; --qode-cf-font-size-1366: 14px; --qode-cf-line-height-1366: 18px; --qode-cf-font-size-1280: 14px; --qode-cf-line-height-1280: 18px; --qode-cf-font-size-1024: 14px; --qode-cf-line-height-1024: 18px; --qode-cf-font-size-768: 14px; --qode-cf-line-height-768: 18px; --qode-cf-font-size-680: 14px; --qode-cf-line-height-680: 18px; --qode-cf-font-size-480: 14px; --qode-cf-line-height-480: 18px;\">A consecuencia de la colonizaci\u00f3n espa\u00f1ola y de la trata esclavista prolongada por varios siglos, se introdujeron en Cuba diversas manifestaciones religiosas, de acuerdo con los diferentes pueblos que llegaron desde \u00c1frica.<\/p>\n<p>&nbsp;<\/p>\n<p>Desde entonces, lo hispano y lo africano constituyen los dos troncos etnoculturales principales de la nacionalidad cubana, en la que tambi\u00e9n coinciden otras culturas (caribe\u00f1a, norteamericana, china y del resto de Europa), con un complejo de transculturaci\u00f3n y mestizaje.<\/p>\n<p>&nbsp;<\/p>\n<p><strong>Catolicismo<\/strong><\/p>\n<p>&nbsp;<\/p>\n<p>La colonizaci\u00f3n espa\u00f1ola en Cuba, introdujo la religi\u00f3n cat\u00f3lica en la Isla decret\u00e1ndola como la religi\u00f3n oficial. La misma ha conservado esta posici\u00f3n hasta nuestros d\u00edas.<\/p>\n<p>&nbsp;<\/p>\n<p>La Iglesia Cat\u00f3lica posee m\u00e1s de 600 templos funcionando, entre las que sobresalen la Catedral de la Habana, la Catedral de Santiago de Cuba y la Bas\u00edlica de la Caridad del Cobre en Santiago de Cuba.<\/p>\n<p>&nbsp;<\/p>\n<p>De los templos habaneros resaltan: Nuestra Se\u00f1ora de la Merced, Santo \u00c1ngel Custodio, Sagrado Coraz\u00f3n de Jes\u00fas, Nuestra Se\u00f1ora del Carmen, La Virgen de Regla, San L\u00e1zaro, Esp\u00edritu Santo. Iglesias de gran belleza son las Mercedes, en Camag\u00fcey y la de San Pedro, en Matanzas.<\/p>\n<p>&nbsp;<\/p>\n<p>La Iglesia se compone de once di\u00f3cesis, tres de ellas con rango de arquidi\u00f3cesis, que son:<\/p>\n<p>&nbsp;<\/p>\n<p>Arquidi\u00f3cesis<\/p>\n<p>&nbsp;<\/p>\n<p>La Habana, enero 6 de 1925. Di\u00f3cesis desde 1787.<\/p>\n<p>&nbsp;<\/p>\n<p>Camag\u00fcey, diciembre 5 de 1998. Di\u00f3cesis desde 1912.<\/p>\n<p>&nbsp;<\/p>\n<p>Santiago de Cuba, noviembre 24 de 1803. Di\u00f3cesis desde 1522.(Primada de Cuba).<\/p>\n<p>&nbsp;<\/p>\n<p>Di\u00f3cesis<\/p>\n<p>&nbsp;<\/p>\n<p>Pinar del R\u00edo, febrero 20 de 1903.<\/p>\n<p>&nbsp;<\/p>\n<p>Matanzas, diciembre 10 de 1912.<\/p>\n<p>&nbsp;<\/p>\n<p>Cienfuegos, febrero 10 de 1903.<\/p>\n<p>&nbsp;<\/p>\n<p>Santa Clara, abril 1 de 1995.<\/p>\n<p>&nbsp;<\/p>\n<p>Ciego de \u00c1vila, febrero 2 de 1996.<\/p>\n<p>&nbsp;<\/p>\n<p>Holgu\u00edn, mayo 27 de 1979.<\/p>\n<p>&nbsp;<\/p>\n<p>Bayamo-Manzanillo, marzo 10 de 1996<\/p>\n<p>&nbsp;<\/p>\n<p>Guant\u00e1namo-Baracoa, enero 24 de 1998.<\/p>\n<p>&nbsp;<\/p>\n<p>La figura de mayor jerarqu\u00eda es el Arzobispo de La Habana, Jaime Ortega Alamino, creado Cardenal en 1994. Con anterioridad Cubo tuvo otro cardenal, Manuel Arteaga Betancourt (1879-1963).<\/p>\n<p>&nbsp;<\/p>\n<p>Son el total 17 obispos, 16 de ellos son de nacionalidad cubana y 1 de nacionalidad espa\u00f1ola. El personal eclesi\u00e1stico est\u00e1 integrado por m\u00e1s de mil personas consagradas, de ellos 400 son sacerdotes.<\/p>\n<p>&nbsp;<\/p>\n<p>Entre las \u00f3rdenes y las congregaciones con el mayor n\u00famero de religiosos est\u00e1n los jesuitas, salesianos, franciscanos, pa\u00fales y de religiosas; las Hermanitas de los Ancianos Desamparados, Carmelitas Descalzas, Dominicas, Hijas de la Caridad, Oblatas Misioneras de Mar\u00eda Inmaculada, Siervas de Mar\u00eda y Misioneras de la Caridad (Madre Teresa de Calcuta).<\/p>\n<p>&nbsp;<\/p>\n<p>Cientos de j\u00f3venes cubanos completan sus estudios en los seminarios San Carlos y San Ambrosio (La Habana) y San Basilio Magno (Santiago de Cuba).<\/p>\n<p>&nbsp;<\/p>\n<p>La iglesia cat\u00f3lica cuenta adem\u00e1s con noviciados para la formaci\u00f3n de su clero regular masculino y femenino. La educaci\u00f3n religiosa tiene lugar mediante la catequesis, y en ocasi\u00f3n de la preparaci\u00f3n para el bautismo, la comuni\u00f3n, la confirmaci\u00f3n o el casamiento.<\/p>\n<p>&nbsp;<\/p>\n<p>La Iglesia Cat\u00f3lica estima que un 70 por ciento de la poblaci\u00f3n cubana es cat\u00f3lica; edita y distribuye en el pa\u00eds alrededor de 50 publicaciones de diferente formato.<\/p>\n<p>&nbsp;<\/p>\n<p><img loading=\"lazy\" decoding=\"async\" class=\"alignleft wp-image-20401 size-medium\" src=\"https:\/\/test.isladelajuventud-cuba.com\/wp-content\/uploads\/2014\/04\/catolicab-300x225.jpg\" alt=\"catolicab\" width=\"300\" height=\"225\" srcset=\"https:\/\/test.isladelajuventud-cuba.com\/wp-content\/uploads\/2014\/04\/catolicab-300x225.jpg 300w, https:\/\/test.isladelajuventud-cuba.com\/wp-content\/uploads\/2014\/04\/catolicab-768x576.jpg 768w, https:\/\/test.isladelajuventud-cuba.com\/wp-content\/uploads\/2014\/04\/catolicab-480x360.jpg 480w, https:\/\/test.isladelajuventud-cuba.com\/wp-content\/uploads\/2014\/04\/catolicab.jpg 800w\" sizes=\"auto, (max-width: 300px) 100vw, 300px\" \/><strong>Nuestra Sr\u00aa de los Dolores<\/strong><\/p>\n<p>&nbsp;<\/p>\n<p><strong>Direcci\u00f3n: Calle 28 entre 37 y Boulevard Jos\u00e9 Mart\u00ed (39). Nueva Gerona. CP: 25100<\/strong><\/p>\n<p>&nbsp;<\/p>\n<p><strong>Tel\u00e9fono:<\/strong><\/p>\n<p>&nbsp;<\/p>\n<p><strong>Email:<\/strong><\/p>\n<p>&nbsp;<\/p>\n<p>&#8212;&#8212;&#8212;&#8212;&#8212;&#8212;&#8212;&#8212;&#8212;&#8212;&#8212;&#8212;&#8212;&#8212;&#8212;&#8212;&#8212;&#8212;&#8212;&#8212;&#8212;&#8212;&#8212;&#8212;-<\/p>\n<p>&nbsp;<\/p>\n<p><strong>Regla de Ocha o Santer\u00eda<\/strong><\/p>\n<p>&nbsp;<\/p>\n<p>Derivada de la cultura yoruba, procedente de lo que es hoy Nigeria; popularmente conocida como santer\u00eda, que tiene como centro de culto a un conjunto de orishas (deidades) con diferentes mitos y atributos. Entre los m\u00e1s importantes est\u00e1n: Olof\u00edn, Olorun y Oloddumare. La forma m\u00e1s sintetizada y compleja de esta expresi\u00f3n est\u00e1 en el culto a If\u00e1, cuyo atributo principal es la adivinaci\u00f3n, sostenido por las m\u00e1ximas autoridades sacerdotales, los Babalaos.<\/p>\n<p>&nbsp;<\/p>\n<p>Los santos cat\u00f3licos que tomaron para identificarlos con los orishas es la Virgen Mar\u00eda; as\u00ed Santa B\u00e1rbara, la identifica con el dios Shang\u00f3, Virgen de la Caridad (Osh\u00fan), Virgen de Regla (Yemay\u00e1), Virgen de las Mercedes (Obatal\u00e1), Santa Teresa (Oya), San Crist\u00f3bal (Agay\u00fa), San L\u00e1zaro Babal\u00fa Ay\u00e9), San Antonio de Odua (Elegu\u00e1), San Pedro (Og\u00fan Arere), San Fracisco (Orula), San Norberto (Oshosi).<\/p>\n<p>&nbsp;<\/p>\n<p>En estos \u00faltimos a\u00f1os se ha creado la Asociaci\u00f3n Cultural Yoruba, legalmente reconocida como instituci\u00f3n religiosa y que est\u00e1 organizando sus estructuras provinciales. Existen casas templos en todo el pa\u00eds, que son utilizadas por los practicantes en sus actividades lit\u00fargicas.<\/p>\n<p>&nbsp;<\/p>\n<p>En Cuba se celebr\u00f3 el Congreso Mundial Yoruba \u201cOrisha 2003\u201d, con la participaci\u00f3n de representantes de todo el orbe.<\/p>\n<p>&nbsp;<\/p>\n<p>&#8212;&#8212;&#8212;&#8212;&#8212;&#8212;&#8212;&#8212;&#8212;&#8212;&#8212;&#8212;&#8212;&#8212;&#8212;&#8212;&#8212;&#8212;&#8212;&#8212;&#8212;&#8212;&#8212;&#8212;-<\/p>\n<p>&nbsp;<\/p>\n<p><strong>Regla de Palo Monte o Conga<\/strong><\/p>\n<p>&nbsp;<\/p>\n<p>Proveniente de los pueblos del Congo, en Cuba se practica la llamada Regla Conga, Palo Monte o Palo Mayombe; conjunto de formas religiosas que se centran en el culto a las fuerzas naturales.<\/p>\n<p>&nbsp;<\/p>\n<p>&#8212;&#8212;&#8212;&#8212;&#8212;&#8212;&#8212;&#8212;&#8212;&#8212;&#8212;&#8212;&#8212;&#8212;&#8212;&#8212;&#8212;&#8212;&#8212;&#8212;&#8212;&#8212;&#8212;&#8212;<\/p>\n<p>&nbsp;<\/p>\n<p><strong>Abaku\u00e1 o \u00d1a\u00f1iguismo<\/strong><\/p>\n<p>&nbsp;<\/p>\n<p>Otra expresi\u00f3n de origen africano, localizada en la zona occidental del pa\u00eds. Es la agrupaci\u00f3n secreta masculina Abaku\u00e1. En sus sociedades se han creado estructuras que abarcan varios grupos locales.<\/p>\n<p>&nbsp;<\/p>\n<p>&#8212;&#8212;&#8212;&#8212;&#8212;&#8212;&#8212;&#8212;&#8212;&#8212;&#8212;&#8212;&#8212;&#8212;&#8212;&#8212;&#8212;&#8212;&#8212;&#8212;&#8212;&#8212;&#8212;&#8212;<\/p>\n<p>&nbsp;<\/p>\n<p><strong>Espiritismo<\/strong><\/p>\n<p>&nbsp;<\/p>\n<p>Surgido en Estados Unidos y Europa como versi\u00f3n religiosa del pragmatismo norteamericano y del empirismo filos\u00f3fico. Lleg\u00f3 a Cuba durante la d\u00e9cada de 1850, y comenz\u00f3 a diversificarse en varias vertientes, mezclada con elementos de las religiones de origen africano y del cristianismo, y con una referencia a lo cotidiano.<\/p>\n<p>&nbsp;<\/p>\n<p>La creaci\u00f3n de centros y sociedades, la publicaci\u00f3n de revistas y otros textos favorecieron la difusi\u00f3n de la expresi\u00f3n religiosa, que en unos pocos a\u00f1os, capt\u00f3 a buen n\u00famero de adeptos de los diversos sectores sociales, tanto en zonas urbanas como rurales.<\/p>\n<p>&nbsp;<\/p>\n<p>A los rituales tradicionales, estos creyentes incorporaron elementos del cristianismo y de las expresiones religiosas africanas. Actualmente se agrupan en 450 sociedades reconocidas.<\/p>\n<p>&nbsp;<\/p>\n<p>&#8212;&#8212;&#8212;&#8212;&#8212;&#8212;&#8212;&#8212;&#8212;&#8212;&#8212;&#8212;&#8212;&#8212;&#8212;&#8212;&#8212;&#8212;&#8212;&#8212;&#8212;&#8212;&#8212;&#8212;-<\/p>\n<p>&nbsp;<\/p>\n<p><strong>Protestantes<\/strong><\/p>\n<p>&nbsp;<\/p>\n<p>Se introdujo en Cuba con relativo retardo, obstaculizado por disposiciones coloniales que proteg\u00edan la iglesia cat\u00f3lica.<\/p>\n<p>&nbsp;<\/p>\n<p>Luego de la intervenci\u00f3n norteamericana en la guerra contra Espa\u00f1a, comenz\u00f3 el asentamiento masivo de las Iglesias Protestantes, en que el elemento religioso apareci\u00f3 articulado a un esquema sutil de penetraci\u00f3n cultural.<\/p>\n<p>&nbsp;<\/p>\n<p>La primera Convenci\u00f3n de Iglesias Evang\u00e9licas en 1902, cont\u00f3 con la presencia de un grupo de iglesias: Presbiteriana, Episcopal o Anglicana, Metodista, Cu\u00e1queros, Disc\u00edpulos, Bautista, etc.<\/p>\n<p>&nbsp;<\/p>\n<p>Hubo otras incorporaciones en esos primeros 50 a\u00f1os del siglo XX, con apoyo de misioneros estadounidenses, entre ellas los Adventistas del S\u00e9ptimo D\u00eda, Ej\u00e9rcito de Salvaci\u00f3n, la Iglesia Luterana, Bando Evang\u00e9lico Gede\u00f3n, la Convenci\u00f3n Evang\u00e9lica Pinos Nuevos. Las dos \u00faltimas citadas nacieron en Cuba. A partir de 1930 comenz\u00f3 a llegar el pentecostalismo, que est\u00e1 representado por 25 iglesias.<\/p>\n<p>&nbsp;<\/p>\n<p>Actualmente se congregan en m\u00e1s de 900 templos y en 1640 casas culto legalmente autorizados, donde se brindan servicios religiosos. Hay 52 Asociaciones de denominaciones protestantes y evang\u00e9licas. Trabajan m\u00e1s de 1500 pastores y ministros. Existen 10 seminarios de formaci\u00f3n y entre ellos se distingue el Seminario Evang\u00e9lico Interdenominacional de Teolog\u00eda de Matanzas.<\/p>\n<p>&nbsp;<\/p>\n<p><strong><img loading=\"lazy\" decoding=\"async\" class=\"wp-image-20400 size-medium alignleft\" src=\"https:\/\/test.isladelajuventud-cuba.com\/wp-content\/uploads\/2014\/04\/metodistab-300x169.jpg\" alt=\"\" width=\"300\" height=\"169\" srcset=\"https:\/\/test.isladelajuventud-cuba.com\/wp-content\/uploads\/2014\/04\/metodistab-300x169.jpg 300w, https:\/\/test.isladelajuventud-cuba.com\/wp-content\/uploads\/2014\/04\/metodistab-768x432.jpg 768w, https:\/\/test.isladelajuventud-cuba.com\/wp-content\/uploads\/2014\/04\/metodistab-420x236.jpg 420w, https:\/\/test.isladelajuventud-cuba.com\/wp-content\/uploads\/2014\/04\/metodistab-840x470.jpg 840w, https:\/\/test.isladelajuventud-cuba.com\/wp-content\/uploads\/2014\/04\/metodistab.jpg 900w\" sizes=\"auto, (max-width: 300px) 100vw, 300px\" \/>Iglesia Metodista en\u00a0la Isla de la Juventud<\/strong><\/p>\n<p>&nbsp;<\/p>\n<p><strong>Direcci\u00f3n: Calle 22 entre Boulevard Jos\u00e9 Mart\u00ed (39) y 41. Nueva Gerona. CP:25100<\/strong><\/p>\n<p>&nbsp;<\/p>\n<p><strong>Tel\u00e9fono:<\/strong><\/p>\n<p>&nbsp;<\/p>\n<p><strong>Email:<\/strong><\/p>\n<p>&nbsp;<\/p>\n<p>&#8212;&#8212;&#8212;&#8212;&#8212;&#8212;&#8212;&#8212;&#8212;&#8212;&#8212;&#8212;&#8212;&#8212;&#8212;&#8212;&#8212;&#8212;&#8212;&#8212;&#8212;&#8212;&#8212;&#8212;-<\/p>\n<p>&nbsp;<\/p>\n<p><strong>Iglesia Ortodoxa Griega<\/strong><\/p>\n<p>&nbsp;<\/p>\n<p>Antes de la Revoluci\u00f3n, existi\u00f3 en Cuba una Comunidad Ortodoxa Griega, la que en 1978 se autodisolvi\u00f3. En octubre de 2001 se aprob\u00f3 la construcci\u00f3n de un templo, y en enero de 2004 el nuevo templo fue consagrado por el Patriarca Ecum\u00e9nico y Arzobispo de Constantinopla. Se ha fortalecido la comunidad de creyentes y ha experimentado un ligero crecimiento.<\/p>\n<p>&nbsp;<\/p>\n<p>Actualmente se trabaja en la creaci\u00f3n de las condiciones para la instalaci\u00f3n de la Escuela Teol\u00f3gica Ortodoxa para la formaci\u00f3n de su personal en Am\u00e9rica Latina.<\/p>\n<p>&nbsp;<\/p>\n<p>&#8212;&#8212;&#8212;&#8212;&#8212;&#8212;&#8212;&#8212;&#8212;&#8212;&#8212;&#8212;&#8212;&#8212;&#8212;&#8212;&#8212;&#8212;&#8212;&#8212;&#8212;&#8212;&#8212;&#8212;-<\/p>\n<p>&nbsp;<\/p>\n<p><strong>Iglesia Ortodoxa Rusa<\/strong><\/p>\n<p>&nbsp;<\/p>\n<p>En 1971 el Arzobispo de Jarro y Exarca de la Iglesia Ortodoxa Rusa del patriarcado de Mosc\u00fa, presidi\u00f3 la ceremonia de colocaci\u00f3n de la primera piedra de un templo ortodoxo ruso en La Habana y en octubre de 2008 consagr\u00f3 la catedral de la iglesia dedicada a Nuestra Se\u00f1ora de Kaz\u00e1n.<\/p>\n<p>&nbsp;<\/p>\n<p>&#8212;&#8212;&#8212;&#8212;&#8212;&#8212;&#8212;&#8212;&#8212;&#8212;&#8212;&#8212;&#8212;&#8212;&#8212;&#8212;&#8212;&#8212;&#8212;&#8212;&#8212;&#8212;&#8212;&#8212;-<\/p>\n<p>&nbsp;<\/p>\n<p><strong>Masoner\u00eda<\/strong><\/p>\n<p>&nbsp;<\/p>\n<p>Existen 1106 logias pertenecientes a distintas \u00f3rdenes por todo el territorio nacional, entre las cuales se destacan las mas\u00f3nicas (423), Odd-fellows Independientes (211), Odd-fellows Unidos (143), Caballero de la Luz (269), Teos\u00f3ficas (10) y Rosacruces (4). La mayor cantidad de los 26.000 integrantes se encuentran la capital.<\/p>\n<p>&nbsp;<\/p>\n<p>Todas poseen relaciones de intercambio con sus similares en el exterior. Son due\u00f1as de sus inmuebles, al igual que las dem\u00e1s instituciones religiosas. Administra un hogar de ancianos.<\/p>\n<p>&nbsp;<\/p>\n<p>La Gran Logia Mas\u00f3nica de Cuba es miembro de la Confederaci\u00f3n Mas\u00f3nica Iberoamericana.<\/p>\n<p>&nbsp;<\/p>\n<p>Insignes patriotas de la independencia pertenecieron a estas asociaciones fraternales, como el H\u00e9roe Nacional Jos\u00e9 Mart\u00ed P\u00e9rez , Carlos Manuel de C\u00e9spedes, conocido como el Padre de la Patria y muchos otros.<\/p>\n<p>&nbsp;<\/p>\n<p><strong><img loading=\"lazy\" decoding=\"async\" class=\"wp-image-20402 size-medium alignleft\" src=\"https:\/\/test.isladelajuventud-cuba.com\/wp-content\/uploads\/2014\/04\/masoneriab-300x169.jpg\" alt=\"\" width=\"300\" height=\"169\" srcset=\"https:\/\/test.isladelajuventud-cuba.com\/wp-content\/uploads\/2014\/04\/masoneriab-300x169.jpg 300w, https:\/\/test.isladelajuventud-cuba.com\/wp-content\/uploads\/2014\/04\/masoneriab-768x432.jpg 768w, https:\/\/test.isladelajuventud-cuba.com\/wp-content\/uploads\/2014\/04\/masoneriab-420x236.jpg 420w, https:\/\/test.isladelajuventud-cuba.com\/wp-content\/uploads\/2014\/04\/masoneriab-840x470.jpg 840w, https:\/\/test.isladelajuventud-cuba.com\/wp-content\/uploads\/2014\/04\/masoneriab.jpg 900w\" sizes=\"auto, (max-width: 300px) 100vw, 300px\" \/>La Evangelista<\/strong><\/p>\n<p>&nbsp;<\/p>\n<p><strong>Direcci\u00f3n: Calle 24 entre 35 y 37. Nueva Gerona. CP:25100<\/strong><\/p>\n<p>&nbsp;<\/p>\n<p><strong>Tel\u00e9fono:<\/strong><\/p>\n<p>&nbsp;<\/p>\n<p><strong>Email:<\/strong><\/p>\n<p>&nbsp;<\/p>\n<p>&#8212;&#8212;&#8212;&#8212;&#8212;&#8212;&#8212;&#8212;&#8212;&#8212;&#8212;&#8212;&#8212;&#8212;&#8212;&#8212;&#8212;&#8212;&#8212;&#8212;&#8212;&#8212;&#8212;&#8212;-<\/p>\n<p>&nbsp;<\/p>\n<p><strong>Juda\u00edsmo<\/strong><\/p>\n<p>&nbsp;<\/p>\n<p>Durante la conquista y la colonizaci\u00f3n, las embarcaciones de Espa\u00f1a tra\u00edan entre sus tripulantes a los denominados \u201cmarranos\u201d, que eran los jud\u00edos conversos, pero que prosegu\u00edan las pr\u00e1cticas de sus rituales con la mayor discreci\u00f3n.<\/p>\n<p>&nbsp;<\/p>\n<p>Grupos de jud\u00edos arribaron a Cuba cuando la Inquisici\u00f3n espa\u00f1ola, y otros llegaron tras su expulsi\u00f3n del norte de Brasil por los portugueses.<\/p>\n<p>&nbsp;<\/p>\n<p>No es hasta 1902, fecha que enmarca la fundaci\u00f3n de la comunidad jud\u00eda en Cuba; a\u00f1os despu\u00e9s adquirieron el cementerio de Guanabacoa, convertido en cementerio jud\u00edo.<\/p>\n<p>&nbsp;<\/p>\n<p>En 1918 fundaron la congregaci\u00f3n Young Men\u2019s Hebrew Association para la uni\u00f3n de las comunidades jud\u00edas del pa\u00eds. A mediado del siglo XX hab\u00eda en Cuba unas 40 agrupaciones.<\/p>\n<p>&nbsp;<\/p>\n<p>Actualmente hay unas 500 familias jud\u00edas, un 80% en La Habana.<\/p>\n<p>&nbsp;<\/p>\n<p>La vida religiosa es desarrollada en cinco sinagogas. La m\u00e1s importante es la Comunidad Hebrea de Cuba, ubicada en la barriada habanera del Vedado. Existe una Junta Coordinadora de las Sociedades Hebreas, que agrupa a los presidentes y secretarios generales de las principales asociaciones.<\/p>\n<p>&nbsp;<\/p>\n<p>La comunidad recibe frecuentes visitas de grupos y delegaciones del exterior y viajan al exterior a actividades organizadas por sus hom\u00f3logos.<\/p>\n<p>&nbsp;<\/p>\n<p>&#8212;&#8212;&#8212;&#8212;&#8212;&#8212;&#8212;&#8212;&#8212;&#8212;&#8212;&#8212;&#8212;&#8212;&#8212;&#8212;&#8212;&#8212;&#8212;&#8212;&#8212;&#8212;&#8212;&#8212;-<\/p>\n<p>&nbsp;<\/p>\n<p><strong>Islamismo<\/strong><\/p>\n<p>&nbsp;<\/p>\n<p>En febrero de 2007 fue reconocida la Liga Isl\u00e1mica de Cuba, con 200 miembros y que agrupa a los creyentes de la rama chi\u00edta y sunnita del Islam.<\/p>\n<p>&nbsp;<\/p>\n<p>Adem\u00e1s, hay asociaciones de budistas, confucionismo, yoga, baha\u00eds y Testigos de Jehov\u00e1 legalmente reconocidas.<\/p>\n<p>&nbsp;<\/p>\n<p>&#8212;&#8212;&#8212;&#8212;&#8212;&#8212;&#8212;&#8212;&#8212;&#8212;&#8212;&#8212;&#8212;&#8212;&#8212;&#8212;&#8212;&#8212;&#8212;&#8212;&#8212;&#8212;&#8212;&#8212;-<\/p>\n<p>&nbsp;<\/p>\n<p><strong>Testigos de Jehov\u00e1<\/strong><\/p>\n<p>&nbsp;<\/p>\n<p>La obra de los Testigos de Jehov\u00e1 tuvo su inicio en Cuba a principios del siglo XX (1910).<\/p>\n<p>&nbsp;<\/p>\n<p>Actualmente en Cuba hay m\u00e1s de 94.000 Testigos de Jehov\u00e1 distribuidos en 1.289 congregaciones.<\/p>\n<p>&nbsp;<\/p>\n<p>Sus lugares de reuni\u00f3n se llaman \u201cSalones del Reino\u201d.<\/p>\n<p>&nbsp;<\/p>\n<p>La celebraci\u00f3n m\u00e1s importante del a\u00f1o para los testigoses \u201cLa conmemoraci\u00f3n de la muerte de Cristo,\u201d tambi\u00e9n llamada \u201cLa cena del Se\u00f1or. El a\u00f1o 2011 asistieron en Cuba a este acontecimiento 236.584 personas.<\/p>\n<p>&nbsp;<\/p>\n<p>Los Testigos de Jehov\u00e1 son conocidos por su obra de predicaci\u00f3n p\u00fablica y de casa en casa en la que todos participan.<\/p>\n<p>&nbsp;<\/p>\n<p>El a\u00f1o 2011 dedicaron 18.721.994 horas a esta obra y condujeron 169.282 Estudios b\u00edblicos con personas interesadas.<\/p>\n<p>&nbsp;<\/p>\n<p>&#8212;&#8212;&#8212;&#8212;&#8212;&#8212;&#8212;&#8212;&#8212;&#8212;&#8212;&#8212;&#8212;&#8212;&#8212;&#8212;&#8212;&#8212;&#8212;&#8212;&#8212;&#8212;&#8212;&#8212;-<\/p>\n<p>&nbsp;<\/p>\n<p>Cuba es un estado laico; se da un ejemplo de sincretismo religioso que va desde el cristianismo hasta las tradiciones afrocubanas, pasando por filosof\u00edas orientales. Por eso, en los cultos que ofici\u00f3 Juan Pablo II en su visita a la Isla en enero de 1998, hubo de seguro una amalgama de cat\u00f3licos y de practicantes de ritos afrocubanos. La mayor\u00eda de los cubanos, creyentes, militantes, funcionarios, intelectuales, coinciden en que la visita del Papa dej\u00f3 un saldo beneficioso para Cuba.<\/p>\n<p>&nbsp;<\/p>\n<p>Uno de los m\u00e1s cl\u00e1sicos ejemplos del sincretismo religioso cubano est\u00e1 justamente en la Virgen de la Caridad del Cobre. Para unos es la Santa Mar\u00eda Madre de Dios; para otros es la orisha Och\u00fan, diosa del amor, y para la gran mayor\u00eda es la Virgen de la Caridad, la Mambisa o Cachita, la Patrona de Cuba.<\/p>\n<p>&nbsp;<\/p>\n<p>Despu\u00e9s de 1959, Cuba restringi\u00f3 la libertad religiosa. Muchos creyentes decidieron ocultar su fe por temor de ser discriminados por el Estado. Muchos ciudadanos no practicaban sus actividades religiosas por temor de ser se\u00f1alados; los padres no bautizaban a sus hijos por temor a represalias. Exist\u00eda una ofensiva ideol\u00f3gica sobre la sociedad. Prueba de esto, es que en 1971 la Arquidi\u00f3cesis de La Habana inform\u00f3 7.000 bautismos; en 1989, esta cifra aument\u00f3 a 27.609 y en 1991 a 33.569.<\/p>\n<p>&nbsp;<\/p>\n<p>En 1985, el Consejo de Estado public\u00f3 un libro muy vendido llamado Fidel y la religi\u00f3n, que fue la trascripci\u00f3n resumida de 23 horas de entrevistas entre Fidel Castro y un fraile de la Teolog\u00eda de la Liberaci\u00f3n, llamado Frei Betto.<\/p>\n<p>&nbsp;<\/p>\n<p>A partir de de 1985 fue creada la Oficina de Atenci\u00f3n para los Asuntos Religiosos, adscrita al Comit\u00e9 Central del partido Comunista de Cuba. La Oficina se encarga de velar por la aplicaci\u00f3n y divulgaci\u00f3n de la pol\u00edtica oficial respecto a los asuntos religiosos, y adem\u00e1s atiende necesidades y demandas de las organizaciones religiosas.<\/p>\n<p>&nbsp;<\/p>\n<p>En el 4\u00ba Congreso del PCC, celebrado en 1991 se acord\u00f3 en admitir en el partido, militantes de diferentes creencias religiosas. Adem\u00e1s, el Estado adopt\u00f3 una posici\u00f3n m\u00e1s conciliadora hacia la religi\u00f3n y disminuy\u00f3 su promoci\u00f3n del ateismo. En julio de 1992, la Constituci\u00f3n fue enmendada y se a\u00f1adi\u00f3 el art\u00edculo 42, que proh\u00edbe la discriminaci\u00f3n sobre la base de creencias religiosas.<\/p>\n<p>&nbsp;<\/p>\n<p>Sin embargo, despu\u00e9s de los a\u00f1os 1990, despu\u00e9s de tres d\u00e9cadas de ateismo de Estado, la sociedad cubana se hab\u00eda vuelto casi totalmente secularizada. Hoy las restricciones han sido aliviadas y se muestran conglomeraciones de personas en templos y en querer participar en las diferentes actividades religiosas. La libertad religiosa hace que los sentimientos religiosos de toda la ciudadan\u00eda resurja con m\u00e1s fuerzas y expandan lo que hab\u00edan ocultado y reprimido por tanto tiempo.<\/p>\n<p>&nbsp;<\/p>\n<p>Muestra m\u00e1s contundente es la peregrinaci\u00f3n de la Patrona de Cuba en el 2011 por toda Cuba, donde miles y miles de personas de diversas generaciones, de razas y pluralidad de credos participaron y acompa\u00f1aron en sus procesiones y recorridos a la Mambisa por todos los rincones del pa\u00eds para venerarla.<\/p>\n<p>&nbsp;<\/p>\n<p>Muchas de las instituciones religiosas poseen centros para la formaci\u00f3n de su personal consagrado, desarrollan tambi\u00e9n actividades de car\u00e1cter social en hospitales y asilos de ancianos. Efect\u00faan m\u00faltiples actividades de car\u00e1cter religioso o cultural, algunas de ellas fuera de sus locales de culto, como procesiones, peregrinaciones, ceremonias, rituales, conciertos, toques de tambor, talleres, seminarios, congresos y otras.<\/p>\n<p>&nbsp;<\/p>\n<p>De forma diversa, desarrollan actividades recreativas, de captaci\u00f3n y de educaci\u00f3n religiosa, como catecismo, escuelas dominicales o sabatinas, cursos y debates colectivos de textos religiosos.<\/p>\n<p>&nbsp;<\/p>\n<p>En los \u00faltimos a\u00f1os, Cuba ha recibido visitas de l\u00edderes mundiales y dirigentes de diversas organizaciones religiosas. En enero de 1998, el Papa Juan Pablo II realiz\u00f3 una hist\u00f3rica visita, invitado por el Jefe de estado y la iglesia local. Se espera para finales de Marzo de 2012 la visita del Papa Benedicto XVI ; el Oni de Il\u00e9 If\u00e9, l\u00edder espiritual de los Yorubas; el Gran Rabino de Israel, Meyer Lau; Emilio Castro, Honrad Raiser y Samuel Kobia, todos Secretarios Generales del Consejo Mundial de Iglesias; l\u00edderes principales del Consejo Latinoamericano de Iglesias; del Consejo Episcopal Latinoamericano y de la Conferencia de Iglesias del Caribe.<\/p>\n<p>&nbsp;<\/p>\n<p>Tambi\u00e9n Secretarios Generales y Presidentes del Consejo Nacional de iglesias de Cristo de Estados Unidos; cardenales y otros prelados del Vaticano; dirigentes mundiales de iglesias protestantes y evang\u00e9licas de las diferentes iglesias: metodistas, bautistas, adventistas, presbiterianos, de la Asamblea de Dios, Iglesia de Cristo, as\u00ed como los Testigos de Jehov\u00e1, reconocidas figuras de medios religiosos, sacerdotes, pastores, rabinos, l\u00edderes yorubas, as\u00ed como acad\u00e9micos y otros estudiosos de la tem\u00e1tica religiosa de diferentes pa\u00edses que participan en congresos y otros eventos cient\u00edficos donde se aborda la religi\u00f3n.<\/p>\n<p>&nbsp;<\/p>\n<p>La Isla no escapa a todas est\u00e1s influencias religiosas que se da en todo el pa\u00eds, pero destaca la existencia de las principales manifestaciones religiosas, como la Cat\u00f3lica, Pentecostal, Testigos de Jehov\u00e1 e Iglesia de Dios.<\/p>\n<p>&nbsp;<\/p>\n<\/div>[\/vc_column][\/vc_row][vc_row css_animation=\u00bb\u00bb row_type=\u00bbrow\u00bb use_row_as_full_screen_section=\u00bbno\u00bb type=\u00bbgrid\u00bb angled_section=\u00bbno\u00bb text_align=\u00bbcenter\u00bb background_image_as_pattern=\u00bbwithout_pattern\u00bb][vc_column][vc_empty_space height=\u00bb50px\u00bb][\/vc_column][\/vc_row]<\/p>\n<\/div>","protected":false},"excerpt":{"rendered":"<p>[vc_row css_animation=\u00bb\u00bb row_type=\u00bbrow\u00bb use_row_as_full_screen_section=\u00bbno\u00bb type=\u00bbfull_width\u00bb angled_section=\u00bbno\u00bb text_align=\u00bbcenter\u00bb background_image_as_pattern=\u00bbwithout_pattern\u00bb][vc_column][vc_column_text] [\/vc_column_text][\/vc_column][\/vc_row][vc_row css_animation=\u00bb\u00bb row_type=\u00bbrow\u00bb use_row_as_full_screen_section=\u00bbno\u00bb type=\u00bbgrid\u00bb angled_section=\u00bbno\u00bb text_align=\u00bbcenter\u00bb background_image_as_pattern=\u00bbwithout_pattern\u00bb][vc_column][vc_empty_space height=\u00bb50px\u00bb][\/vc_column][\/vc_row][vc_row css_animation=\u00bb\u00bb row_type=\u00bbrow\u00bb use_row_as_full_screen_section=\u00bbno\u00bb type=\u00bbgrid\u00bb angled_section=\u00bbno\u00bb text_align=\u00bbcenter\u00bb background_image_as_pattern=\u00bbwithout_pattern\u00bb][vc_column][\/vc_column][\/vc_row][vc_row css_animation=\u00bb\u00bb row_type=\u00bbrow\u00bb use_row_as_full_screen_section=\u00bbno\u00bb type=\u00bbgrid\u00bb angled_section=\u00bbno\u00bb text_align=\u00bbcenter\u00bb background_image_as_pattern=\u00bbwithout_pattern\u00bb][vc_column][vc_empty_space height=\u00bb50px\u00bb][\/vc_column][\/vc_row][vc_row css_animation=\u00bb\u00bb row_type=\u00bbrow\u00bb use_row_as_full_screen_section=\u00bbno\u00bb type=\u00bbgrid\u00bb angled_section=\u00bbno\u00bb text_align=\u00bbcenter\u00bb background_image_as_pattern=\u00bbwithout_pattern\u00bb css=\u00bb.vc_custom_1486569008549{margin-top: 130px !important;}\u00bb][vc_column][\/vc_column][\/vc_row][vc_row css_animation=\u00bb\u00bb row_type=\u00bbrow\u00bb use_row_as_full_screen_section=\u00bbno\u00bb&#8230;<\/p>\n","protected":false},"author":1,"featured_media":0,"parent":0,"menu_order":0,"comment_status":"open","ping_status":"closed","template":"full_width.php","meta":{"_joinchat":[],"footnotes":""},"class_list":["post-33826","page","type-page","status-publish","hentry"],"_links":{"self":[{"href":"https:\/\/test.isladelajuventud-cuba.com\/index.php?rest_route=\/wp\/v2\/pages\/33826","targetHints":{"allow":["GET"]}}],"collection":[{"href":"https:\/\/test.isladelajuventud-cuba.com\/index.php?rest_route=\/wp\/v2\/pages"}],"about":[{"href":"https:\/\/test.isladelajuventud-cuba.com\/index.php?rest_route=\/wp\/v2\/types\/page"}],"author":[{"embeddable":true,"href":"https:\/\/test.isladelajuventud-cuba.com\/index.php?rest_route=\/wp\/v2\/users\/1"}],"replies":[{"embeddable":true,"href":"https:\/\/test.isladelajuventud-cuba.com\/index.php?rest_route=%2Fwp%2Fv2%2Fcomments&post=33826"}],"version-history":[{"count":0,"href":"https:\/\/test.isladelajuventud-cuba.com\/index.php?rest_route=\/wp\/v2\/pages\/33826\/revisions"}],"wp:attachment":[{"href":"https:\/\/test.isladelajuventud-cuba.com\/index.php?rest_route=%2Fwp%2Fv2%2Fmedia&parent=33826"}],"curies":[{"name":"wp","href":"https:\/\/api.w.org\/{rel}","templated":true}]}}