{"id":33849,"date":"2014-04-15T12:33:38","date_gmt":"2014-04-15T12:33:38","guid":{"rendered":"https:\/\/test.isladelajuventud-cuba.com\/?page_id=33849"},"modified":"2020-08-19T10:45:10","modified_gmt":"2020-08-19T10:45:10","slug":"photographic-memories","status":"publish","type":"page","link":"https:\/\/test.isladelajuventud-cuba.com\/?page_id=33849&lang=en","title":{"rendered":"Photographic Memories"},"content":{"rendered":"<div class=\"wpb-content-wrapper\" id=\"wpb-content-root\"><p>[vc_row css_animation=\u00bb\u00bb row_type=\u00bbrow\u00bb use_row_as_full_screen_section=\u00bbno\u00bb type=\u00bbfull_width\u00bb angled_section=\u00bbno\u00bb text_align=\u00bbcenter\u00bb background_image_as_pattern=\u00bbwithout_pattern\u00bb][vc_column][vc_column_text]<\/p>\n<p style=\"text-align: center;\"><div class=\"wp1s-slider-wrapper wp1s-slider-wrapper-94109 \">  \r\n    <div class=\"wp1s-main-wrapper\">\r\n      \r\n\r\n    <div class=\"wp1s-slider-container wp1s-pager-type-1 wp1s-arrow-type-1 wp1s-pagination\">\r\n    <ul class=\"wp1s-bxslider\" data-id=\"94109\" data-auto='true' data-speed='1000' data-pause='5000' data-transition='horizontal' data-controls='true' data-responsive='true' data-pager='disable' >\r\n            <li>\r\n            <img decoding=\"async\" src=\"https:\/\/test.isladelajuventud-cuba.com\/wp-content\/uploads\/2020\/01\/slide1.jpg\" \/>\r\n            <div class=\"wp1s-caption-wrapper wp1s-caption-type-1 wp1s-caption-middlecenter\">\r\n            <h1 class=\"wp1s-caption-title\"><\/h1>\r\n            <h2 class=\"wp1s-caption-content\"><\/h2>\r\n                        <\/div>\r\n        <\/li>\r\n            <li>\r\n            <img decoding=\"async\" src=\"https:\/\/test.isladelajuventud-cuba.com\/wp-content\/uploads\/2020\/01\/slide2.jpg\" \/>\r\n            <div class=\"wp1s-caption-wrapper wp1s-caption-type-1 wp1s-caption-middlecenter\">\r\n            <h1 class=\"wp1s-caption-title\"><\/h1>\r\n            <h2 class=\"wp1s-caption-content\">Cayo Largo del Sur. Un Para\u00edso del Caribe.<\/h2>\r\n                        <a href=\"https:\/\/test.isladelajuventud-cuba.com\/alojamiento-hoteles\/\" class=\"wps1-readmore-button\">Reserve con un click.<\/a>\r\n                        <\/div>\r\n        <\/li>\r\n            <li>\r\n            <img decoding=\"async\" src=\"https:\/\/test.isladelajuventud-cuba.com\/wp-content\/uploads\/2019\/10\/test1.jpg\" \/>\r\n            <div class=\"wp1s-caption-wrapper wp1s-caption-type-1 wp1s-caption-middlecenter\">\r\n            <h1 class=\"wp1s-caption-title\"><\/h1>\r\n            <h2 class=\"wp1s-caption-content\"><\/h2>\r\n                        <\/div>\r\n        <\/li>\r\n            <li>\r\n            <img decoding=\"async\" src=\"https:\/\/test.isladelajuventud-cuba.com\/wp-content\/uploads\/2020\/01\/slide4.jpg\" \/>\r\n            <div class=\"wp1s-caption-wrapper wp1s-caption-type-1 wp1s-caption-middlecenter\">\r\n            <h1 class=\"wp1s-caption-title\"><\/h1>\r\n            <h2 class=\"wp1s-caption-content\">Puestas de sol \u00fanicas...<\/h2>\r\n                        <\/div>\r\n        <\/li>\r\n            <li>\r\n            <img decoding=\"async\" src=\"https:\/\/test.isladelajuventud-cuba.com\/wp-content\/uploads\/2020\/01\/slide3.jpg\" \/>\r\n            <div class=\"wp1s-caption-wrapper wp1s-caption-type-1 wp1s-caption-middlecenter\">\r\n            <h1 class=\"wp1s-caption-title\"><\/h1>\r\n            <h2 class=\"wp1s-caption-content\">Un mundo bajo el mar.<\/h2>\r\n                        <a href=\"https:\/\/test.isladelajuventud-cuba.com\/centros-de-buceo\/\" class=\"wps1-readmore-button\">Reserve  tus inmersiones con un click.<\/a>\r\n                        <\/div>\r\n        <\/li>\r\n            <li>\r\n            <img decoding=\"async\" src=\"https:\/\/test.isladelajuventud-cuba.com\/wp-content\/uploads\/2020\/01\/slide5.jpg\" \/>\r\n            <div class=\"wp1s-caption-wrapper wp1s-caption-type-1 wp1s-caption-middlecenter\">\r\n            <h1 class=\"wp1s-caption-title\"><\/h1>\r\n            <h2 class=\"wp1s-caption-content\">Descubra algunas de las mejores playas del mundo.<\/h2>\r\n                        <a href=\"https:\/\/test.isladelajuventud-cuba.com\/playas-2\/\" class=\"wps1-readmore-button\">Ver m\u00e1s playas<\/a>\r\n                        <\/div>\r\n        <\/li>\r\n            <li>\r\n            <img decoding=\"async\" src=\"https:\/\/test.isladelajuventud-cuba.com\/wp-content\/uploads\/2020\/01\/slide6-1.jpg\" \/>\r\n            <div class=\"wp1s-caption-wrapper wp1s-caption-type-1 wp1s-caption-middlecenter\">\r\n            <h1 class=\"wp1s-caption-title\"><\/h1>\r\n            <h2 class=\"wp1s-caption-content\">Descubre su naturaleza en estado puro...<\/h2>\r\n                        <\/div>\r\n        <\/li>\r\n            <li>\r\n            <img decoding=\"async\" src=\"https:\/\/test.isladelajuventud-cuba.com\/wp-content\/uploads\/2020\/01\/slide7.jpg\" \/>\r\n            <div class=\"wp1s-caption-wrapper wp1s-caption-type-1 wp1s-caption-middlecenter\">\r\n            <h1 class=\"wp1s-caption-title\"><\/h1>\r\n            <h2 class=\"wp1s-caption-content\">MUSEOS<\/h2>\r\n                        <a href=\"https:\/\/test.isladelajuventud-cuba.com\/museos\/\" class=\"wps1-readmore-button\">Ver m\u00e1s Museos<\/a>\r\n                        <\/div>\r\n        <\/li>\r\n            <li>\r\n            <img decoding=\"async\" src=\"https:\/\/test.isladelajuventud-cuba.com\/wp-content\/uploads\/2020\/01\/slide8.jpg\" \/>\r\n            <div class=\"wp1s-caption-wrapper wp1s-caption-type-1 wp1s-caption-middlecenter\">\r\n            <h1 class=\"wp1s-caption-title\"><\/h1>\r\n            <h2 class=\"wp1s-caption-content\">LUGARES DE INTER\u00c9S<\/h2>\r\n                        <a href=\"https:\/\/test.isladelajuventud-cuba.com\/lugares-de-interes-2\/\" class=\"wps1-readmore-button\">Ver m\u00e1s Lugares de Inter\u00e9s<\/a>\r\n                        <\/div>\r\n        <\/li>\r\n            <li>\r\n            <img decoding=\"async\" src=\"https:\/\/test.isladelajuventud-cuba.com\/wp-content\/uploads\/2020\/01\/slide9-1.jpg\" \/>\r\n            <div class=\"wp1s-caption-wrapper wp1s-caption-type-1 wp1s-caption-middlecenter\">\r\n            <h1 class=\"wp1s-caption-title\"><\/h1>\r\n            <h2 class=\"wp1s-caption-content\">Hoteles, casas de alquiler, camping. <\/h2>\r\n                        <a href=\"https:\/\/test.isladelajuventud-cuba.com\/alojamiento\/\" class=\"wps1-readmore-button\">Reserva su alojamiento con un click.<\/a>\r\n                        <\/div>\r\n        <\/li>\r\n            <li>\r\n            <img decoding=\"async\" src=\"https:\/\/test.isladelajuventud-cuba.com\/wp-content\/uploads\/2020\/01\/slide10.jpg\" \/>\r\n            <div class=\"wp1s-caption-wrapper wp1s-caption-type-1 wp1s-caption-middlecenter\">\r\n            <h1 class=\"wp1s-caption-title\"><\/h1>\r\n            <h2 class=\"wp1s-caption-content\">Nueva Gerona fundada en 1830, una ciudad que  le sorprender\u00e1...<\/h2>\r\n                        <a href=\"https:\/\/test.isladelajuventud-cuba.com\/nucleos-urbanos-nueva-gerona\/\" class=\"wps1-readmore-button\">Conozca Nueva Gerona con un click<\/a>\r\n                        <\/div>\r\n        <\/li>\r\n            <li>\r\n            <img decoding=\"async\" src=\"https:\/\/test.isladelajuventud-cuba.com\/wp-content\/uploads\/2020\/02\/monumentos.jpg\" \/>\r\n            <div class=\"wp1s-caption-wrapper wp1s-caption-type-1 wp1s-caption-middlecenter\">\r\n            <h1 class=\"wp1s-caption-title\"><\/h1>\r\n            <h2 class=\"wp1s-caption-content\">MONUMENTOS<\/h2>\r\n                        <a href=\"https:\/\/test.isladelajuventud-cuba.com\/monumentos\/\" class=\"wps1-readmore-button\">Ver m\u00e1s Monumentos<\/a>\r\n                        <\/div>\r\n        <\/li>\r\n        <\/ul>\r\n    <\/div>\r\n<\/div>\r\n      <\/div>\r\n   <style>\r\n\r\n.wp1s-slider-wrapper-94109 {\r\n    \r\n     width:100%%;   \r\n}\r\n\r\n.wp1s-slider-wrapper-94109 .wp1s-caption-wrapper.wp1s-caption-type-1 .wp1s-caption-title{\r\n\r\n    font-size:20px;\r\n   \r\n}\r\n\r\n.wp1s-slider-wrapper-94109 .wp1s-caption-wrapper.wp1s-caption-type-1 .wp1s-caption-content{\r\n   \r\n    font-size: 40px;\r\n    \r\n}\r\n.wp1s-slider-wrapper-94109 .wp1s-caption-wrapper.wp1s-caption-type-2 .wp1s-caption-title {\r\n    font-size:20px;\r\n    background-color:rgba(125,165,82,0.8);\r\n   \r\n}\r\n.wp1s-slider-wrapper-94109 .wp1s-caption-wrapper.wp1s-caption-type-2 .wp1s-caption-content {\r\n    font-size:40px;\r\n\r\n}\r\n.wp1s-slider-wrapper-94109 .wp1s-caption-wrapper.wp1s-caption-type-3 .wp1s-caption-title {\r\n    font-size:20px;\r\n    border-bottom:7px solid #2ed1ff;\r\n}\r\n.wp1s-slider-wrapper-94109 .wp1s-caption-wrapper.wp1s-caption-type-3 .wp1s-caption-content {\r\n    font-size:40px;\r\n   \r\n}\r\n.wp1s-slider-wrapper-94109 .wp1s-caption-wrapper.wp1s-caption-type-4  {\r\n   \r\n    background-color:rgba(124,118,118,0.6);\r\n\r\n}\r\n.wp1s-slider-wrapper-94109 .wp1s-caption-wrapper.wp1s-caption-type-4 .wp1s-caption-title {\r\n    font-size:20px;\r\n\r\n}\r\n.wp1s-slider-wrapper-94109 .wp1s-caption-wrapper.wp1s-caption-type-4 .wp1s-caption-content {\r\n    font-size:40px;\r\n}\r\n.wp1s-slider-wrapper-94109 .wp1s-caption-wrapper .wp1s-caption-title {\r\n    color:#ffffff;\r\n}\r\n.wp1s-slider-wrapper-94109 .wp1s-caption-wrapper .wp1s-caption-content {\r\n    color:#59d600;\r\n}\r\n.wp1s-slider-wrapper-94109 .wp1s-main-wrapper .wp1s-pager-type-1 .bx-wrapper .bx-pager.bx-default-pager a {\r\n    background-color:#ffffff;\r\n}\r\n.wp1s-slider-wrapper-94109 .wp1s-main-wrapper .wp1s-pager-type-1 .bx-wrapper .bx-pager.bx-default-pager a:hover, \r\n.wp1s-slider-wrapper-94109 .wp1s-main-wrapper .wp1s-pager-type-1 .bx-wrapper .bx-pager.bx-default-pager a.active {\r\n    background-color:#3bb1f4;\r\n}\r\n.wp1s-slider-wrapper-94109 .wp1s-main-wrapper .wp1s-pager-type-2 .bx-wrapper .bx-pager.bx-default-pager a {\r\n    background-color:#635e5e;\r\n    border:3px solid #979191;\r\n}\r\n.wp1s-slider-wrapper-94109 .wp1s-main-wrapper .wp1s-pager-type-2 .bx-wrapper .bx-pager.bx-default-pager a:hover, \r\n.wp1s-slider-wrapper-94109 .wp1s-main-wrapper .wp1s-pager-type-2 .bx-wrapper .bx-pager.bx-default-pager a.active {\r\n    background-color:#ffffff;\r\n}\r\n.wp1s-slider-wrapper-94109 .wp1s-main-wrapper .wp1s-pager-type-3 .bx-wrapper .bx-pager.bx-default-pager a {\r\n    border:1px solid #ffffff;\r\n   \r\n}\r\n.wp1s-slider-wrapper-94109 .wp1s-main-wrapper .wp1s-pager-type-3 .bx-wrapper .bx-pager.bx-default-pager a:hover, \r\n.wp1s-slider-wrapper-94109 .wp1s-main-wrapper .wp1s-pager-type-3 .bx-wrapper .bx-pager.bx-default-pager a.active {\r\n    border-color:#ff9600;\r\n}\r\n.wp1s-slider-wrapper-94109 .wp1s-main-wrapper .wp1s-pager-type-4 .bx-wrapper .bx-pager.bx-default-pager a {\r\n    background-color:#7a7a7a;\r\n    \r\n}\r\n.wp1s-slider-wrapper-94109 .wp1s-main-wrapper .wp1s-pager-type-4 .bx-wrapper .bx-pager.bx-default-pager a:hover, \r\n.wp1s-slider-wrapper-94109 .wp1s-main-wrapper .wp1s-pager-type-4 .bx-wrapper .bx-pager.bx-default-pager a.active {\r\n    background-color:#ffffff;\r\n}\r\n.wp1s-slider-wrapper-94109 .wp1s-caption-wrapper.wp1s-caption-type-1 .wps1-readmore-button {\r\n    background-color: #1e75f6;\r\n    box-shadow: 0 2px 0 #1758c6;\r\n    -webkit-box-shadow: 0 2px 0 #1758c6;\r\n    -moz-box-shadow: 0 2px 0 #1758c6;\r\n}\r\n.wp1s-slider-wrapper-94109 .wp1s-caption-wrapper.wp1s-caption-type-1 .wps1-readmore-button:hover {\r\n    background-color:#11499e;\r\n}\r\n@media (max-width:1200px) {\r\n.wp1s-slider-wrapper-94109 .wp1s-slider-wrapper {\r\nwidth:100%;\r\n}\r\n}\r\n.wp1s-widget-wrap .wp1s-caption-wrapper {\r\n\r\ndisplay: none;\r\n}\r\n\r\n.wp1s-widget-wrap .wp1s-thumbnail-wrapper {\r\ndisplay: none;\r\n}\r\n\r\n<\/style><\/p>\n<p>[\/vc_column_text][\/vc_column][\/vc_row][vc_row css_animation=\u00bb\u00bb row_type=\u00bbrow\u00bb use_row_as_full_screen_section=\u00bbno\u00bb type=\u00bbgrid\u00bb angled_section=\u00bbno\u00bb text_align=\u00bbcenter\u00bb background_image_as_pattern=\u00bbwithout_pattern\u00bb][vc_column][vc_empty_space height=\u00bb50px\u00bb][\/vc_column][\/vc_row][vc_row css_animation=\u00bb\u00bb row_type=\u00bbrow\u00bb use_row_as_full_screen_section=\u00bbno\u00bb type=\u00bbgrid\u00bb angled_section=\u00bbno\u00bb text_align=\u00bbcenter\u00bb background_image_as_pattern=\u00bbwithout_pattern\u00bb][vc_column]<div class=\"custom_font_holder \" style=\"font-family: Open Sans; font-style: normal; font-weight: 400; color: #000000; text-decoration: none; text-align: left; --qode-cf-font-size: 30px; --qode-cf-line-height: 36px; --qode-cf-font-size-1440: 30px; --qode-cf-line-height-1440: 36px; --qode-cf-font-size-1366: 30px; --qode-cf-line-height-1366: 36px; --qode-cf-font-size-1280: 30px; --qode-cf-line-height-1280: 36px; --qode-cf-font-size-1024: 30px; --qode-cf-line-height-1024: 36px; --qode-cf-font-size-768: 30px; --qode-cf-line-height-768: 36px; --qode-cf-font-size-680: 30px; --qode-cf-line-height-680: 36px; --qode-cf-font-size-480: 30px; --qode-cf-line-height-480: 36px;\">\n<p>Memorias Fotogr\u00e1ficas<\/p>\n<\/div>[\/vc_column][\/vc_row][vc_row css_animation=\u00bb\u00bb row_type=\u00bbrow\u00bb use_row_as_full_screen_section=\u00bbno\u00bb type=\u00bbgrid\u00bb angled_section=\u00bbno\u00bb text_align=\u00bbcenter\u00bb background_image_as_pattern=\u00bbwithout_pattern\u00bb][vc_column][vc_empty_space height=\u00bb50px\u00bb][\/vc_column][\/vc_row][vc_row css_animation=\u00bb\u00bb row_type=\u00bbrow\u00bb use_row_as_full_screen_section=\u00bbno\u00bb type=\u00bbgrid\u00bb angled_section=\u00bbno\u00bb text_align=\u00bbcenter\u00bb background_image_as_pattern=\u00bbwithout_pattern\u00bb css=\u00bb.vc_custom_1486569008549{margin-top: 130px !important;}\u00bb][vc_column]<div class=\"custom_font_holder \" style=\"font-family: Open Sans; font-style: normal; font-weight: 400; color: #000000; text-decoration: none; text-align: center; --qode-cf-font-size: 18px; --qode-cf-line-height: 22px; --qode-cf-font-size-1440: 18px; --qode-cf-line-height-1440: 22px; --qode-cf-font-size-1366: 18px; --qode-cf-line-height-1366: 22px; --qode-cf-font-size-1280: 18px; --qode-cf-line-height-1280: 22px; --qode-cf-font-size-1024: 18px; --qode-cf-line-height-1024: 22px; --qode-cf-font-size-768: 18px; --qode-cf-line-height-768: 22px; --qode-cf-font-size-680: 18px; --qode-cf-line-height-680: 22px; --qode-cf-font-size-480: 18px; --qode-cf-line-height-480: 22px;\">ISLA DE PINOS O ISLA DE LA JUVENTUD<\/p>\n<p>&nbsp;<\/p>\n<p>Las Memorias Fotogr\u00e1ficas de esta web pretende difundir el patrimonio hist\u00f3rico durante el pasado siglo XIX y XX en todas sus facetas;<\/p>\n<p>&nbsp;<\/p>\n<p>arquitectura, arte, literatura, testimonios, objetos, personajes, lugares, transportes, etc.<\/p>\n<p>&nbsp;<\/p>\n<p>Con el paso del tiempo desaparecen miles de fotograf\u00edas y recuerdos.<br \/>\nAqu\u00ed tratamos de luchar contra el olvido de todo lo vivido en esta peque\u00f1a Isla.<\/p>\n<p>&nbsp;<\/p>\n<p>Todas las im\u00e1genes que nos env\u00eden no solo queremos exhibirlas en nuestra web sino salvarlas de su desaparici\u00f3n.<\/p>\n<p>&nbsp;<\/p>\n<p>Gracias al Sr Oliver Carralero tenemos gran parte de esta galer\u00eda fotogr\u00e1fica.<\/p>\n<p>&nbsp;<\/p>\n<p>Muchas gracias a todos y deseamos que las disfruten.<\/div>[\/vc_column][\/vc_row][vc_row css_animation=\u00bb\u00bb row_type=\u00bbrow\u00bb use_row_as_full_screen_section=\u00bbno\u00bb type=\u00bbgrid\u00bb angled_section=\u00bbno\u00bb text_align=\u00bbcenter\u00bb background_image_as_pattern=\u00bbwithout_pattern\u00bb][vc_column][vc_empty_space height=\u00bb50px\u00bb][\/vc_column][\/vc_row][vc_row css_animation=\u00bb\u00bb row_type=\u00bbrow\u00bb use_row_as_full_screen_section=\u00bbno\u00bb type=\u00bbgrid\u00bb angled_section=\u00bbno\u00bb text_align=\u00bbcenter\u00bb background_image_as_pattern=\u00bbwithout_pattern\u00bb][vc_column][vc_tabs style=\u00bbhorizontal\u00bb][vc_tab title=\u00bbPoblaciones\u00bb tab_id=\u00bb1501687417010-1-6&#8243;][vc_column_text]<\/p>\n<h3 style=\"text-align: center;\">Nueva Gerona<\/h3>\n<p>[\/vc_column_text][vc_empty_space height=\u00bb20px\u00bb][vc_column_text]<\/p>\n<style type=\"text\/css\">\n#foogallery-gallery-24797 .fg-image { width: 150px; }\n#foogallery-gallery-24797 { --fg-gutter: 20px; }<\/style>\n\t\t\t<style type=\"text\/css\">\n#foogallery-gallery-24797 .fg-image { width: 150px; }\n#foogallery-gallery-24797 { --fg-gutter: 20px; }<\/style>\n\t\t\t<div class=\"foogallery foogallery-container foogallery-default foogallery-lightbox-foobox fg-center fg-default fg-ready fg-light fg-border-thin fg-shadow-small fg-loading-default fg-loaded-fade-in fg-caption-hover fg-hover-fade fg-debug\" id=\"foogallery-gallery-24797\" data-foogallery=\"{&quot;item&quot;:{&quot;showCaptionTitle&quot;:true,&quot;showCaptionDescription&quot;:false},&quot;lazy&quot;:true,&quot;src&quot;:&quot;src&quot;,&quot;srcset&quot;:&quot;srcset&quot;}\" data-fg-common-fields=\"1\" style=\"--fg-title-line-clamp: 0; --fg-description-line-clamp: 0;\" >\n\t<div class=\"fg-item fg-type-image fg-loading\"><figure class=\"fg-item-inner\"><a href=\"https:\/\/test.isladelajuventud-cuba.com\/wp-content\/uploads\/2017\/08\/Al-fondo-se-observa-el-Monumento-a-Cosme-de-la-Torriente.-En-el-a\u00a6o-1967_.jpg\" data-caption-title=\"Al fondo se observa el Monumento a Cosme de la Torriente. A\u00f1o 1967.\" data-attachment-id=\"25522\" data-type=\"image\" class=\"fg-thumb\"><span class=\"fg-image-wrap\"><img src=\"https:\/\/test.isladelajuventud-cuba.com\/wp-content\/uploads\/cache\/2017\/08\/Al-fondo-se-observa-el-Monumento-a-Cosme-de-la-Torriente_-En-el-a\u00a6o-1967_\/3682807434.jpg\" width=\"150\" height=\"113\" class=\"skip-lazy fg-image\" decoding=\"async\" loading=\"lazy\"><\/span><span class=\"fg-image-overlay\"><\/span><\/a><figcaption class=\"fg-caption\"><div class=\"fg-caption-inner\"><div class=\"fg-caption-title\">Al fondo se observa el Monumento a Cosme de la Torriente. A\u00f1o 1967.<\/div><\/div><\/figcaption><\/figure><div class=\"fg-loader\"><\/div><\/div><div class=\"fg-item fg-type-image fg-loading\"><figure class=\"fg-item-inner\"><a href=\"https:\/\/test.isladelajuventud-cuba.com\/wp-content\/uploads\/2014\/04\/80954597_3198243956893149_4137210832230547456_n.jpg\" data-caption-title=\"Al inicio Paseo Mart\u00ed, despu\u00e9s calle 39, hoy Boulevard Jos\u00e9 Mart\u00ed.\" data-attachment-id=\"31283\" data-type=\"image\" class=\"fg-thumb\"><span class=\"fg-image-wrap\"><img src=\"https:\/\/test.isladelajuventud-cuba.com\/wp-content\/uploads\/cache\/2014\/04\/80954597_3198243956893149_4137210832230547456_n\/3884980935.jpg\" width=\"150\" height=\"113\" class=\"skip-lazy fg-image\" decoding=\"async\" loading=\"lazy\"><\/span><span class=\"fg-image-overlay\"><\/span><\/a><figcaption class=\"fg-caption\"><div class=\"fg-caption-inner\"><div class=\"fg-caption-title\">Al inicio Paseo Mart\u00ed, despu\u00e9s calle 39, hoy Boulevard Jos\u00e9 Mart\u00ed.<\/div><\/div><\/figcaption><\/figure><div class=\"fg-loader\"><\/div><\/div><div class=\"fg-item fg-type-image fg-loading\"><figure class=\"fg-item-inner\"><a href=\"https:\/\/test.isladelajuventud-cuba.com\/wp-content\/uploads\/2014\/04\/81109574_3198244003559811_5864902194876121088_n.jpg\" data-caption-title=\"Al inicio Paseo Mart\u00ed, despu\u00e9s calle 39, hoy Boulevard Jos\u00e9 Mart\u00ed.\" data-attachment-id=\"31284\" data-type=\"image\" class=\"fg-thumb\"><span class=\"fg-image-wrap\"><img src=\"https:\/\/test.isladelajuventud-cuba.com\/wp-content\/uploads\/cache\/2014\/04\/81109574_3198244003559811_5864902194876121088_n\/726508128.jpg\" width=\"150\" height=\"113\" class=\"skip-lazy fg-image\" decoding=\"async\" loading=\"lazy\"><\/span><span class=\"fg-image-overlay\"><\/span><\/a><figcaption class=\"fg-caption\"><div class=\"fg-caption-inner\"><div class=\"fg-caption-title\">Al inicio Paseo Mart\u00ed, despu\u00e9s calle 39, hoy Boulevard Jos\u00e9 Mart\u00ed.<\/div><\/div><\/figcaption><\/figure><div class=\"fg-loader\"><\/div><\/div><div class=\"fg-item fg-type-image fg-loading\"><figure class=\"fg-item-inner\"><a href=\"https:\/\/test.isladelajuventud-cuba.com\/wp-content\/uploads\/2017\/08\/Al-inicio-Paseo-Mart\u00a1-despu\u00aes-calle-39-hoy-Boulevard-Jos\u00ae-Mart\u00a1-1.jpg\" data-caption-title=\"Al inicio Paseo Mart\u00ed, despu\u00e9s calle 39, hoy Boulevard Jos\u00e9 Mart\u00ed.\" data-attachment-id=\"25427\" data-type=\"image\" class=\"fg-thumb\"><span class=\"fg-image-wrap\"><img src=\"https:\/\/test.isladelajuventud-cuba.com\/wp-content\/uploads\/cache\/2017\/08\/Al-inicio-Paseo-Mart\u00a1-despu\u00aes-calle-39-hoy-Boulevard-Jos\u00ae-Mart\u00a1-1\/669158428.jpg\" width=\"150\" height=\"113\" class=\"skip-lazy fg-image\" decoding=\"async\" loading=\"lazy\"><\/span><span class=\"fg-image-overlay\"><\/span><\/a><figcaption class=\"fg-caption\"><div class=\"fg-caption-inner\"><div class=\"fg-caption-title\">Al inicio Paseo Mart\u00ed, despu\u00e9s calle 39, hoy Boulevard Jos\u00e9 Mart\u00ed.<\/div><\/div><\/figcaption><\/figure><div class=\"fg-loader\"><\/div><\/div><div class=\"fg-item fg-type-image fg-loading\"><figure class=\"fg-item-inner\"><a href=\"https:\/\/test.isladelajuventud-cuba.com\/wp-content\/uploads\/2017\/08\/Al-inicio-Paseo-Mart\u00a1-despu\u00aes-calle-39-hoy-Boulevard-Jos\u00ae-Mart\u00a1-2.jpg\" data-caption-title=\"Al inicio Paseo Mart\u00ed, despu\u00e9s calle 39, hoy Boulevard Jos\u00e9 Mart\u00ed.\" data-attachment-id=\"25428\" data-type=\"image\" class=\"fg-thumb\"><span class=\"fg-image-wrap\"><img src=\"https:\/\/test.isladelajuventud-cuba.com\/wp-content\/uploads\/cache\/2017\/08\/Al-inicio-Paseo-Mart\u00a1-despu\u00aes-calle-39-hoy-Boulevard-Jos\u00ae-Mart\u00a1-2\/919570816.jpg\" width=\"150\" height=\"113\" class=\"skip-lazy fg-image\" decoding=\"async\" loading=\"lazy\"><\/span><span class=\"fg-image-overlay\"><\/span><\/a><figcaption class=\"fg-caption\"><div class=\"fg-caption-inner\"><div class=\"fg-caption-title\">Al inicio Paseo Mart\u00ed, despu\u00e9s calle 39, hoy Boulevard Jos\u00e9 Mart\u00ed.<\/div><\/div><\/figcaption><\/figure><div class=\"fg-loader\"><\/div><\/div><div class=\"fg-item fg-type-image fg-loading\"><figure class=\"fg-item-inner\"><a href=\"https:\/\/test.isladelajuventud-cuba.com\/wp-content\/uploads\/2017\/08\/Al-inicio-Paseo-Mart\u00a1-despu\u00aes-calle-39-hoy-Boulevard-Jos\u00ae-Mart\u00a1-3.jpg\" data-caption-title=\"Al inicio Paseo Mart\u00ed, despu\u00e9s calle 39, hoy Boulevard Jos\u00e9 Mart\u00ed.\" data-attachment-id=\"25429\" data-type=\"image\" class=\"fg-thumb\"><span class=\"fg-image-wrap\"><img src=\"https:\/\/test.isladelajuventud-cuba.com\/wp-content\/uploads\/cache\/2017\/08\/Al-inicio-Paseo-Mart\u00a1-despu\u00aes-calle-39-hoy-Boulevard-Jos\u00ae-Mart\u00a1-3\/2834357609.jpg\" width=\"150\" height=\"113\" class=\"skip-lazy fg-image\" decoding=\"async\" loading=\"lazy\"><\/span><span class=\"fg-image-overlay\"><\/span><\/a><figcaption class=\"fg-caption\"><div class=\"fg-caption-inner\"><div class=\"fg-caption-title\">Al inicio Paseo Mart\u00ed, despu\u00e9s calle 39, hoy Boulevard Jos\u00e9 Mart\u00ed.<\/div><\/div><\/figcaption><\/figure><div class=\"fg-loader\"><\/div><\/div><div class=\"fg-item fg-type-image fg-loading\"><figure class=\"fg-item-inner\"><a href=\"https:\/\/test.isladelajuventud-cuba.com\/wp-content\/uploads\/2017\/08\/Al-inicio-Paseo-Mart\u00a1-despu\u00aes-calle-39-hoy-Boulevard-Jos\u00ae-Mart\u00a1-4.jpg\" data-caption-title=\"Al inicio Paseo Mart\u00ed, despu\u00e9s calle 39, hoy Boulevard Jos\u00e9 Mart\u00ed.\" data-attachment-id=\"25430\" data-type=\"image\" class=\"fg-thumb\"><span class=\"fg-image-wrap\"><img src=\"https:\/\/test.isladelajuventud-cuba.com\/wp-content\/uploads\/cache\/2017\/08\/Al-inicio-Paseo-Mart\u00a1-despu\u00aes-calle-39-hoy-Boulevard-Jos\u00ae-Mart\u00a1-4\/3349829815.jpg\" width=\"150\" height=\"113\" class=\"skip-lazy fg-image\" decoding=\"async\" loading=\"lazy\"><\/span><span class=\"fg-image-overlay\"><\/span><\/a><figcaption class=\"fg-caption\"><div class=\"fg-caption-inner\"><div class=\"fg-caption-title\">Al inicio Paseo Mart\u00ed, despu\u00e9s calle 39, hoy Boulevard Jos\u00e9 Mart\u00ed.<\/div><\/div><\/figcaption><\/figure><div class=\"fg-loader\"><\/div><\/div><div class=\"fg-item fg-type-image fg-loading\"><figure class=\"fg-item-inner\"><a href=\"https:\/\/test.isladelajuventud-cuba.com\/wp-content\/uploads\/2017\/08\/Al-inicio-Paseo-Mart\u00a1-despu\u00aes-calle-39-hoy-Boulevard-Jos\u00ae-Mart\u00a1-5.jpg\" data-caption-title=\"Al inicio Paseo Mart\u00ed, despu\u00e9s calle 39, hoy Boulevard Jos\u00e9 Mart\u00ed.\" data-attachment-id=\"25431\" data-type=\"image\" class=\"fg-thumb\"><span class=\"fg-image-wrap\"><img src=\"https:\/\/test.isladelajuventud-cuba.com\/wp-content\/uploads\/cache\/2017\/08\/Al-inicio-Paseo-Mart\u00a1-despu\u00aes-calle-39-hoy-Boulevard-Jos\u00ae-Mart\u00a1-5\/1502940254.jpg\" width=\"150\" height=\"113\" class=\"skip-lazy fg-image\" decoding=\"async\" loading=\"lazy\"><\/span><span class=\"fg-image-overlay\"><\/span><\/a><figcaption class=\"fg-caption\"><div class=\"fg-caption-inner\"><div class=\"fg-caption-title\">Al inicio Paseo Mart\u00ed, despu\u00e9s calle 39, hoy Boulevard Jos\u00e9 Mart\u00ed.<\/div><\/div><\/figcaption><\/figure><div class=\"fg-loader\"><\/div><\/div><div class=\"fg-item fg-type-image fg-loading\"><figure class=\"fg-item-inner\"><a href=\"https:\/\/test.isladelajuventud-cuba.com\/wp-content\/uploads\/2017\/08\/Al-inicio-Paseo-Mart\u00a1-despu\u00aes-calle-39-hoy-Boulevard-Jos\u00ae-Mart\u00a1-6.jpg\" data-caption-title=\"Al inicio Paseo Mart\u00ed, despu\u00e9s calle 39, hoy Boulevard Jos\u00e9 Mart\u00ed.\" data-attachment-id=\"25432\" data-type=\"image\" class=\"fg-thumb\"><span class=\"fg-image-wrap\"><img src=\"https:\/\/test.isladelajuventud-cuba.com\/wp-content\/uploads\/cache\/2017\/08\/Al-inicio-Paseo-Mart\u00a1-despu\u00aes-calle-39-hoy-Boulevard-Jos\u00ae-Mart\u00a1-6\/547747620.jpg\" width=\"150\" height=\"113\" class=\"skip-lazy fg-image\" decoding=\"async\" loading=\"lazy\"><\/span><span class=\"fg-image-overlay\"><\/span><\/a><figcaption class=\"fg-caption\"><div class=\"fg-caption-inner\"><div class=\"fg-caption-title\">Al inicio Paseo Mart\u00ed, despu\u00e9s calle 39, hoy Boulevard Jos\u00e9 Mart\u00ed.<\/div><\/div><\/figcaption><\/figure><div class=\"fg-loader\"><\/div><\/div><div class=\"fg-item fg-type-image fg-loading\"><figure class=\"fg-item-inner\"><a href=\"https:\/\/test.isladelajuventud-cuba.com\/wp-content\/uploads\/2017\/08\/Al-inicio-Paseo-Mart\u00a1-despu\u00aes-calle-39-hoy-Boulevard-Jos\u00ae-Mart\u00a1-7.jpg\" data-caption-title=\"Al inicio Paseo Mart\u00ed, despu\u00e9s calle 39, hoy Boulevard Jos\u00e9 Mart\u00ed.\" data-attachment-id=\"25433\" data-type=\"image\" class=\"fg-thumb\"><span class=\"fg-image-wrap\"><img src=\"https:\/\/test.isladelajuventud-cuba.com\/wp-content\/uploads\/cache\/2017\/08\/Al-inicio-Paseo-Mart\u00a1-despu\u00aes-calle-39-hoy-Boulevard-Jos\u00ae-Mart\u00a1-7\/3197805517.jpg\" width=\"150\" height=\"113\" class=\"skip-lazy fg-image\" decoding=\"async\" loading=\"lazy\"><\/span><span class=\"fg-image-overlay\"><\/span><\/a><figcaption class=\"fg-caption\"><div class=\"fg-caption-inner\"><div class=\"fg-caption-title\">Al inicio Paseo Mart\u00ed, despu\u00e9s calle 39, hoy Boulevard Jos\u00e9 Mart\u00ed.<\/div><\/div><\/figcaption><\/figure><div class=\"fg-loader\"><\/div><\/div><div class=\"fg-item fg-type-image fg-loading\"><figure class=\"fg-item-inner\"><a href=\"https:\/\/test.isladelajuventud-cuba.com\/wp-content\/uploads\/2017\/08\/Al-inicio-Paseo-Mart\u00a1-despu\u00aes-calle-39-hoy-Boulevard-Jos\u00ae-Mart\u00a1-8.jpg\" data-caption-title=\"Al inicio Paseo Mart\u00ed, despu\u00e9s calle 39, hoy Boulevard Jos\u00e9 Mart\u00ed.\" data-attachment-id=\"25434\" data-type=\"image\" class=\"fg-thumb\"><span class=\"fg-image-wrap\"><img src=\"https:\/\/test.isladelajuventud-cuba.com\/wp-content\/uploads\/cache\/2017\/08\/Al-inicio-Paseo-Mart\u00a1-despu\u00aes-calle-39-hoy-Boulevard-Jos\u00ae-Mart\u00a1-8\/18946661.jpg\" width=\"150\" height=\"113\" class=\"skip-lazy fg-image\" decoding=\"async\" loading=\"lazy\"><\/span><span class=\"fg-image-overlay\"><\/span><\/a><figcaption class=\"fg-caption\"><div class=\"fg-caption-inner\"><div class=\"fg-caption-title\">Al inicio Paseo Mart\u00ed, despu\u00e9s calle 39, hoy Boulevard Jos\u00e9 Mart\u00ed.<\/div><\/div><\/figcaption><\/figure><div class=\"fg-loader\"><\/div><\/div><div class=\"fg-item fg-type-image fg-loading\"><figure class=\"fg-item-inner\"><a href=\"https:\/\/test.isladelajuventud-cuba.com\/wp-content\/uploads\/2017\/08\/Al-inicio-Paseo-Mart\u00a1-despu\u00aes-calle-39-hoy-Boulevard-Jos\u00ae-Mart\u00a1-9.jpg\" data-caption-title=\"Al inicio Paseo Mart\u00ed, despu\u00e9s calle 39, hoy Boulevard Jos\u00e9 Mart\u00ed.\" data-attachment-id=\"25435\" data-type=\"image\" class=\"fg-thumb\"><span class=\"fg-image-wrap\"><img src=\"https:\/\/test.isladelajuventud-cuba.com\/wp-content\/uploads\/cache\/2017\/08\/Al-inicio-Paseo-Mart\u00a1-despu\u00aes-calle-39-hoy-Boulevard-Jos\u00ae-Mart\u00a1-9\/2669563532.jpg\" width=\"150\" height=\"113\" class=\"skip-lazy fg-image\" decoding=\"async\" loading=\"lazy\"><\/span><span class=\"fg-image-overlay\"><\/span><\/a><figcaption class=\"fg-caption\"><div class=\"fg-caption-inner\"><div class=\"fg-caption-title\">Al inicio Paseo Mart\u00ed, despu\u00e9s calle 39, hoy Boulevard Jos\u00e9 Mart\u00ed.<\/div><\/div><\/figcaption><\/figure><div class=\"fg-loader\"><\/div><\/div><div class=\"fg-item fg-type-image fg-loading\"><figure class=\"fg-item-inner\"><a href=\"https:\/\/test.isladelajuventud-cuba.com\/wp-content\/uploads\/2017\/08\/Al-inicio-Paseo-Mart\u00a1-despu\u00aes-calle-39-hoy-Boulevard-Jos\u00ae-Mart\u00a1-en-1960-.jpg\" data-caption-title=\"Al inicio Paseo Mart\u00ed, despu\u00e9s calle 39, hoy Boulevard Jos\u00e9 Mart\u00ed.\" data-attachment-id=\"25436\" data-type=\"image\" class=\"fg-thumb\"><span class=\"fg-image-wrap\"><img src=\"https:\/\/test.isladelajuventud-cuba.com\/wp-content\/uploads\/cache\/2017\/08\/Al-inicio-Paseo-Mart\u00a1-despu\u00aes-calle-39-hoy-Boulevard-Jos\u00ae-Mart\u00a1-en-1960-\/3950087423.jpg\" width=\"150\" height=\"113\" class=\"skip-lazy fg-image\" decoding=\"async\" loading=\"lazy\"><\/span><span class=\"fg-image-overlay\"><\/span><\/a><figcaption class=\"fg-caption\"><div class=\"fg-caption-inner\"><div class=\"fg-caption-title\">Al inicio Paseo Mart\u00ed, despu\u00e9s calle 39, hoy Boulevard Jos\u00e9 Mart\u00ed.<\/div><\/div><\/figcaption><\/figure><div class=\"fg-loader\"><\/div><\/div><div class=\"fg-item fg-type-image fg-loading\"><figure class=\"fg-item-inner\"><a href=\"https:\/\/test.isladelajuventud-cuba.com\/wp-content\/uploads\/2014\/04\/80802418_3198243900226488_7461503871383240704_n.jpg\" data-caption-title=\"Al inicio Paseo Mart\u00ed, despu\u00e9s calle 39, hoy Boulevard Jos\u00e9 Mart\u00ed. Noviembre de 1958.\" data-attachment-id=\"31230\" data-type=\"image\" class=\"fg-thumb\"><span class=\"fg-image-wrap\"><img src=\"https:\/\/test.isladelajuventud-cuba.com\/wp-content\/uploads\/cache\/2014\/04\/80802418_3198243900226488_7461503871383240704_n\/2054050483.jpg\" width=\"150\" height=\"113\" class=\"skip-lazy fg-image\" decoding=\"async\" loading=\"lazy\"><\/span><span class=\"fg-image-overlay\"><\/span><\/a><figcaption class=\"fg-caption\"><div class=\"fg-caption-inner\"><div class=\"fg-caption-title\">Al inicio Paseo Mart\u00ed, despu\u00e9s calle 39, hoy Boulevard Jos\u00e9 Mart\u00ed. Noviembre de 1958.<\/div><\/div><\/figcaption><\/figure><div class=\"fg-loader\"><\/div><\/div><div class=\"fg-item fg-type-image fg-loading\"><figure class=\"fg-item-inner\"><a href=\"https:\/\/test.isladelajuventud-cuba.com\/wp-content\/uploads\/2017\/08\/Alrededor-del-a\u00a6o-1825-1.jpg\" data-caption-title=\"Alrededor del a\u00f1o 1825.\" data-attachment-id=\"24798\" data-type=\"image\" class=\"fg-thumb\"><span class=\"fg-image-wrap\"><img src=\"https:\/\/test.isladelajuventud-cuba.com\/wp-content\/uploads\/cache\/2017\/08\/Alrededor-del-a\u00a6o-1825-1\/3417842956.jpg\" width=\"150\" height=\"113\" class=\"skip-lazy fg-image\" decoding=\"async\" loading=\"lazy\"><\/span><span class=\"fg-image-overlay\"><\/span><\/a><figcaption class=\"fg-caption\"><div class=\"fg-caption-inner\"><div class=\"fg-caption-title\">Alrededor del a\u00f1o 1825.<\/div><\/div><\/figcaption><\/figure><div class=\"fg-loader\"><\/div><\/div><div class=\"fg-item fg-type-image fg-loading\"><figure class=\"fg-item-inner\"><a href=\"https:\/\/test.isladelajuventud-cuba.com\/wp-content\/uploads\/2017\/08\/Alrededor-del-a\u00a6o-1825.jpg\" data-caption-title=\"Alrededor del a\u00f1o 1825.\" data-attachment-id=\"24799\" data-type=\"image\" class=\"fg-thumb\"><span class=\"fg-image-wrap\"><img src=\"https:\/\/test.isladelajuventud-cuba.com\/wp-content\/uploads\/cache\/2017\/08\/Alrededor-del-a\u00a6o-1825\/2503232577.jpg\" width=\"150\" height=\"113\" class=\"skip-lazy fg-image\" decoding=\"async\" loading=\"lazy\"><\/span><span class=\"fg-image-overlay\"><\/span><\/a><figcaption class=\"fg-caption\"><div class=\"fg-caption-inner\"><div class=\"fg-caption-title\">Alrededor del a\u00f1o 1825.<\/div><\/div><\/figcaption><\/figure><div class=\"fg-loader\"><\/div><\/div><div class=\"fg-item fg-type-image fg-loading\"><figure class=\"fg-item-inner\"><a href=\"https:\/\/test.isladelajuventud-cuba.com\/wp-content\/uploads\/2017\/08\/Antes-calle-39-decada-de-los-1990.Ahora-Boulevard-Jos\u00ae-Mart\u00a1.jpg\" data-caption-title=\"Antes calle 39, d\u00e9cada de los 1990. Ahora Boulevard Jos\u00e9 Mart\u00ed.\" data-attachment-id=\"25523\" data-type=\"image\" class=\"fg-thumb\"><span class=\"fg-image-wrap\"><img src=\"https:\/\/test.isladelajuventud-cuba.com\/wp-content\/uploads\/cache\/2017\/08\/Antes-calle-39-decada-de-los-1990_Ahora-Boulevard-Jos\u00ae-Mart\u00a1\/933191598.jpg\" width=\"150\" height=\"113\" class=\"skip-lazy fg-image\" decoding=\"async\" loading=\"lazy\"><\/span><span class=\"fg-image-overlay\"><\/span><\/a><figcaption class=\"fg-caption\"><div class=\"fg-caption-inner\"><div class=\"fg-caption-title\">Antes calle 39, d\u00e9cada de los 1990. Ahora Boulevard Jos\u00e9 Mart\u00ed.<\/div><\/div><\/figcaption><\/figure><div class=\"fg-loader\"><\/div><\/div><div class=\"fg-item fg-type-image fg-loading\"><figure class=\"fg-item-inner\"><a href=\"https:\/\/test.isladelajuventud-cuba.com\/wp-content\/uploads\/2017\/08\/Antes-calle-Benito-Ortiz.Hoy-calle-24.jpg\" data-caption-title=\"Antes calle Benito Ortiz. Hoy calle 24\" data-caption-desc=\"Antes calle Benito Ortiz. Hoy calle 24\" data-attachment-id=\"24908\" data-type=\"image\" class=\"fg-thumb\"><span class=\"fg-image-wrap\"><img src=\"https:\/\/test.isladelajuventud-cuba.com\/wp-content\/uploads\/cache\/2017\/08\/Antes-calle-Benito-Ortiz_Hoy-calle-24\/2617823577.jpg\" alt=\"Antes calle Benito Ortiz. Hoy calle 24\" title=\"Antes calle Benito Ortiz. Hoy calle 24\" width=\"150\" height=\"113\" class=\"skip-lazy fg-image\" decoding=\"async\" loading=\"lazy\"><\/span><span class=\"fg-image-overlay\"><\/span><\/a><figcaption class=\"fg-caption\"><div class=\"fg-caption-inner\"><div class=\"fg-caption-title\">Antes calle Benito Ortiz. Hoy calle 24<\/div><\/div><\/figcaption><\/figure><div class=\"fg-loader\"><\/div><\/div><div class=\"fg-item fg-type-image fg-loading\"><figure class=\"fg-item-inner\"><a href=\"https:\/\/test.isladelajuventud-cuba.com\/wp-content\/uploads\/2017\/08\/Antigua-calle-Benito-Ortiz-hoy-calle-24.jpg\" data-caption-title=\"Antigua calle Benito Ortiz; hoy calle 24\" data-caption-desc=\"Antigua calle Benito Ortiz; hoy calle 24\" data-attachment-id=\"24800\" data-type=\"image\" class=\"fg-thumb\"><span class=\"fg-image-wrap\"><img src=\"https:\/\/test.isladelajuventud-cuba.com\/wp-content\/uploads\/cache\/2017\/08\/Antigua-calle-Benito-Ortiz-hoy-calle-24\/1251340561.jpg\" alt=\"Antigua calle Benito Ortiz; hoy calle 24\" title=\"Antigua calle Benito Ortiz; hoy calle 24\" width=\"150\" height=\"113\" class=\"skip-lazy fg-image\" decoding=\"async\" loading=\"lazy\"><\/span><span class=\"fg-image-overlay\"><\/span><\/a><figcaption class=\"fg-caption\"><div class=\"fg-caption-inner\"><div class=\"fg-caption-title\">Antigua calle Benito Ortiz; hoy calle 24<\/div><\/div><\/figcaption><\/figure><div class=\"fg-loader\"><\/div><\/div><div class=\"fg-item fg-type-image fg-loading\"><figure class=\"fg-item-inner\"><a href=\"https:\/\/test.isladelajuventud-cuba.com\/wp-content\/uploads\/2017\/08\/Antigua-calle-Benito-Ortiz-hoy-calle-24.Principio-del-siglo-pasado.jpg\" data-caption-title=\"Antigua calle Benito Ortiz; hoy calle 24.Principio del siglo pasado\" data-caption-desc=\"Antigua calle Benito Ortiz; hoy calle 24.Principio del siglo pasado\" data-attachment-id=\"24801\" data-type=\"image\" class=\"fg-thumb\"><span class=\"fg-image-wrap\"><img src=\"https:\/\/test.isladelajuventud-cuba.com\/wp-content\/uploads\/cache\/2017\/08\/Antigua-calle-Benito-Ortiz-hoy-calle-24_Principio-del-siglo-pasado\/3964087576.jpg\" alt=\"Antigua calle Benito Ortiz; hoy calle 24.Principio del siglo pasado\" title=\"Antigua calle Benito Ortiz; hoy calle 24.Principio del siglo pasado\" width=\"150\" height=\"113\" class=\"skip-lazy fg-image\" decoding=\"async\" loading=\"lazy\"><\/span><span class=\"fg-image-overlay\"><\/span><\/a><figcaption class=\"fg-caption\"><div class=\"fg-caption-inner\"><div class=\"fg-caption-title\">Antigua calle Benito Ortiz; hoy calle 24.Principio del siglo pasado<\/div><\/div><\/figcaption><\/figure><div class=\"fg-loader\"><\/div><\/div><div class=\"fg-item fg-type-image fg-loading\"><figure class=\"fg-item-inner\"><a href=\"https:\/\/test.isladelajuventud-cuba.com\/wp-content\/uploads\/2017\/08\/Antigua-calle-Pinillos.-Alrededor-del-a\u00a6o-1920.jpg\" data-caption-title=\"Antigua calle Pinillos. Alrededor del a\u00f1o 1920\" data-caption-desc=\"Antigua calle Pinillos. Alrededor del a\u00f1o 1920\" data-attachment-id=\"24802\" data-type=\"image\" class=\"fg-thumb\"><span class=\"fg-image-wrap\"><img src=\"https:\/\/test.isladelajuventud-cuba.com\/wp-content\/uploads\/cache\/2017\/08\/Antigua-calle-Pinillos_-Alrededor-del-a\u00a6o-1920\/3921454563.jpg\" alt=\"Antigua calle Pinillos. Alrededor del a\u00f1o 1920\" title=\"Antigua calle Pinillos. Alrededor del a\u00f1o 1920\" width=\"150\" height=\"113\" class=\"skip-lazy fg-image\" decoding=\"async\" loading=\"lazy\"><\/span><span class=\"fg-image-overlay\"><\/span><\/a><figcaption class=\"fg-caption\"><div class=\"fg-caption-inner\"><div class=\"fg-caption-title\">Antigua calle Pinillos. Alrededor del a\u00f1o 1920<\/div><\/div><\/figcaption><\/figure><div class=\"fg-loader\"><\/div><\/div><div class=\"fg-item fg-type-image fg-loading\"><figure class=\"fg-item-inner\"><a href=\"https:\/\/test.isladelajuventud-cuba.com\/wp-content\/uploads\/2017\/08\/Antiguo-teatro-Rialto.-Despu\u00aes-cambiado-el-nombre-a-teatro-Victoria-decada-de-1990.jpg\" data-caption-title=\"Antiguo teatro Rialto. Despu+\u00aes cambiado el nombre a teatro Victoria, decada de 1990\" data-attachment-id=\"27225\" data-type=\"image\" class=\"fg-thumb\"><span class=\"fg-image-wrap\"><img src=\"https:\/\/test.isladelajuventud-cuba.com\/wp-content\/uploads\/cache\/2017\/08\/Antiguo-teatro-Rialto_-Despu\u00aes-cambiado-el-nombre-a-teatro-Victoria-decada-de-1990\/1939509500.jpg\" width=\"150\" height=\"113\" class=\"skip-lazy fg-image\" decoding=\"async\" loading=\"lazy\"><\/span><span class=\"fg-image-overlay\"><\/span><\/a><figcaption class=\"fg-caption\"><div class=\"fg-caption-inner\"><div class=\"fg-caption-title\">Antiguo teatro Rialto. Despu+\u00aes cambiado el nombre a teatro Victoria, decada de 1990<\/div><\/div><\/figcaption><\/figure><div class=\"fg-loader\"><\/div><\/div><div class=\"fg-item fg-type-image fg-loading\"><figure class=\"fg-item-inner\"><a href=\"https:\/\/test.isladelajuventud-cuba.com\/wp-content\/uploads\/2017\/08\/Archivo-Historico-Municipal..jpg\" data-caption-title=\"Archivo Hist\u00f3rico Municipal.\" data-attachment-id=\"36276\" data-type=\"image\" class=\"fg-thumb\"><span class=\"fg-image-wrap\"><img src=\"https:\/\/test.isladelajuventud-cuba.com\/wp-content\/uploads\/cache\/2017\/08\/Archivo-Historico-Municipal_\/4057412675.jpg\" width=\"150\" height=\"113\" class=\"skip-lazy fg-image\" decoding=\"async\" loading=\"lazy\"><\/span><span class=\"fg-image-overlay\"><\/span><\/a><figcaption class=\"fg-caption\"><div class=\"fg-caption-inner\"><div class=\"fg-caption-title\">Archivo Hist\u00f3rico Municipal.<\/div><\/div><\/figcaption><\/figure><div class=\"fg-loader\"><\/div><\/div><div class=\"fg-item fg-type-image fg-loading\"><figure class=\"fg-item-inner\"><a href=\"https:\/\/test.isladelajuventud-cuba.com\/wp-content\/uploads\/2017\/08\/Ayuntamiento-de-Nueva-Gerona.jpg\" data-caption-title=\"Ayuntamiento de Nueva Gerona\" data-caption-desc=\"Ayuntamiento de Nueva Gerona\" data-attachment-id=\"24910\" data-type=\"image\" class=\"fg-thumb\"><span class=\"fg-image-wrap\"><img src=\"https:\/\/test.isladelajuventud-cuba.com\/wp-content\/uploads\/cache\/2017\/08\/Ayuntamiento-de-Nueva-Gerona\/1060427766.jpg\" alt=\"Ayuntamiento de Nueva Gerona\" title=\"Ayuntamiento de Nueva Gerona\" width=\"150\" height=\"113\" class=\"skip-lazy fg-image\" decoding=\"async\" loading=\"lazy\"><\/span><span class=\"fg-image-overlay\"><\/span><\/a><figcaption class=\"fg-caption\"><div class=\"fg-caption-inner\"><div class=\"fg-caption-title\">Ayuntamiento de Nueva Gerona<\/div><\/div><\/figcaption><\/figure><div class=\"fg-loader\"><\/div><\/div><div class=\"fg-item fg-type-image fg-loading\"><figure class=\"fg-item-inner\"><a href=\"https:\/\/test.isladelajuventud-cuba.com\/wp-content\/uploads\/2017\/08\/Ayuntamiento-de-Nueva-Gerona-1.jpg\" data-caption-title=\"Ayuntamiento de Nueva Gerona 1\" data-caption-desc=\"Ayuntamiento de Nueva Gerona\" data-attachment-id=\"24909\" data-type=\"image\" class=\"fg-thumb\"><span class=\"fg-image-wrap\"><img src=\"https:\/\/test.isladelajuventud-cuba.com\/wp-content\/uploads\/cache\/2017\/08\/Ayuntamiento-de-Nueva-Gerona-1\/3847704922.jpg\" alt=\"Ayuntamiento de Nueva Gerona\" title=\"Ayuntamiento de Nueva Gerona\" width=\"150\" height=\"113\" class=\"skip-lazy fg-image\" decoding=\"async\" loading=\"lazy\"><\/span><span class=\"fg-image-overlay\"><\/span><\/a><figcaption class=\"fg-caption\"><div class=\"fg-caption-inner\"><div class=\"fg-caption-title\">Ayuntamiento de Nueva Gerona 1<\/div><\/div><\/figcaption><\/figure><div class=\"fg-loader\"><\/div><\/div><div class=\"fg-item fg-type-image fg-loading\"><figure class=\"fg-item-inner\"><a href=\"https:\/\/test.isladelajuventud-cuba.com\/wp-content\/uploads\/2017\/08\/Bodega.jpg\" data-caption-title=\"Bodega\" data-attachment-id=\"39201\" data-type=\"image\" class=\"fg-thumb\"><span class=\"fg-image-wrap\"><img src=\"https:\/\/test.isladelajuventud-cuba.com\/wp-content\/uploads\/cache\/2017\/08\/Bodega\/1537439394.jpg\" width=\"150\" height=\"113\" class=\"skip-lazy fg-image\" decoding=\"async\" loading=\"lazy\"><\/span><span class=\"fg-image-overlay\"><\/span><\/a><figcaption class=\"fg-caption\"><div class=\"fg-caption-inner\"><div class=\"fg-caption-title\">Bodega<\/div><\/div><\/figcaption><\/figure><div class=\"fg-loader\"><\/div><\/div><div class=\"fg-item fg-type-image fg-loading\"><figure class=\"fg-item-inner\"><a href=\"https:\/\/test.isladelajuventud-cuba.com\/wp-content\/uploads\/2017\/08\/bodega-la-paloma.jpg\" data-caption-title=\"bodega-la-paloma\" data-attachment-id=\"27220\" data-type=\"image\" class=\"fg-thumb\"><span class=\"fg-image-wrap\"><img src=\"https:\/\/test.isladelajuventud-cuba.com\/wp-content\/uploads\/cache\/2017\/08\/bodega-la-paloma\/1981916738.jpg\" width=\"150\" height=\"113\" class=\"skip-lazy fg-image\" decoding=\"async\" loading=\"lazy\"><\/span><span class=\"fg-image-overlay\"><\/span><\/a><figcaption class=\"fg-caption\"><div class=\"fg-caption-inner\"><div class=\"fg-caption-title\">bodega-la-paloma<\/div><\/div><\/figcaption><\/figure><div class=\"fg-loader\"><\/div><\/div><div class=\"fg-item fg-type-image fg-loading\"><figure class=\"fg-item-inner\"><a href=\"https:\/\/test.isladelajuventud-cuba.com\/wp-content\/uploads\/2017\/08\/Bodega-La-Paloma-1.jpg\" data-caption-title=\"Bodega La Paloma\" data-attachment-id=\"39199\" data-type=\"image\" class=\"fg-thumb\"><span class=\"fg-image-wrap\"><img src=\"https:\/\/test.isladelajuventud-cuba.com\/wp-content\/uploads\/cache\/2017\/08\/Bodega-La-Paloma-1\/180083121.jpg\" width=\"150\" height=\"113\" class=\"skip-lazy fg-image\" decoding=\"async\" loading=\"lazy\"><\/span><span class=\"fg-image-overlay\"><\/span><\/a><figcaption class=\"fg-caption\"><div class=\"fg-caption-inner\"><div class=\"fg-caption-title\">Bodega La Paloma<\/div><\/div><\/figcaption><\/figure><div class=\"fg-loader\"><\/div><\/div><div class=\"fg-item fg-type-image fg-loading\"><figure class=\"fg-item-inner\"><a href=\"https:\/\/test.isladelajuventud-cuba.com\/wp-content\/uploads\/2017\/08\/Bohio-al-lado-del-Palmar.jpg\" data-caption-title=\"Bohio al lado del Palmar\" data-caption-desc=\"Bohio al lado del Palmar\" data-attachment-id=\"25524\" data-type=\"image\" class=\"fg-thumb\"><span class=\"fg-image-wrap\"><img src=\"https:\/\/test.isladelajuventud-cuba.com\/wp-content\/uploads\/cache\/2017\/08\/Bohio-al-lado-del-Palmar\/739193340.jpg\" alt=\"Bohio al lado del Palmar\" title=\"Bohio al lado del Palmar\" width=\"150\" height=\"113\" class=\"skip-lazy fg-image\" decoding=\"async\" loading=\"lazy\"><\/span><span class=\"fg-image-overlay\"><\/span><\/a><figcaption class=\"fg-caption\"><div class=\"fg-caption-inner\"><div class=\"fg-caption-title\">Bohio al lado del Palmar<\/div><\/div><\/figcaption><\/figure><div class=\"fg-loader\"><\/div><\/div><div class=\"fg-item fg-type-image fg-loading\"><figure class=\"fg-item-inner\"><a href=\"https:\/\/test.isladelajuventud-cuba.com\/wp-content\/uploads\/2017\/08\/cafeteria-texan.jpg\" data-caption-title=\"cafeteria-texan\" data-attachment-id=\"27219\" data-type=\"image\" class=\"fg-thumb\"><span class=\"fg-image-wrap\"><img src=\"https:\/\/test.isladelajuventud-cuba.com\/wp-content\/uploads\/cache\/2017\/08\/cafeteria-texan\/2525729207.jpg\" width=\"150\" height=\"113\" class=\"skip-lazy fg-image\" decoding=\"async\" loading=\"lazy\"><\/span><span class=\"fg-image-overlay\"><\/span><\/a><figcaption class=\"fg-caption\"><div class=\"fg-caption-inner\"><div class=\"fg-caption-title\">cafeteria-texan<\/div><\/div><\/figcaption><\/figure><div class=\"fg-loader\"><\/div><\/div><div class=\"fg-item fg-type-image fg-loading\"><figure class=\"fg-item-inner\"><a href=\"https:\/\/test.isladelajuventud-cuba.com\/wp-content\/uploads\/2017\/08\/cafeteria-virginia.jpg\" data-caption-title=\"cafeteria-virginia\" data-attachment-id=\"27222\" data-type=\"image\" class=\"fg-thumb\"><span class=\"fg-image-wrap\"><img src=\"https:\/\/test.isladelajuventud-cuba.com\/wp-content\/uploads\/cache\/2017\/08\/cafeteria-virginia\/221753740.jpg\" width=\"150\" height=\"113\" class=\"skip-lazy fg-image\" decoding=\"async\" loading=\"lazy\"><\/span><span class=\"fg-image-overlay\"><\/span><\/a><figcaption class=\"fg-caption\"><div class=\"fg-caption-inner\"><div class=\"fg-caption-title\">cafeteria-virginia<\/div><\/div><\/figcaption><\/figure><div class=\"fg-loader\"><\/div><\/div><div class=\"fg-item fg-type-image fg-loading\"><figure class=\"fg-item-inner\"><a href=\"https:\/\/test.isladelajuventud-cuba.com\/wp-content\/uploads\/2017\/08\/Cafeteria-La-Primavera.-Inicio-de-1990.jpg\" data-caption-title=\"Cafeteria La Primavera. Inicio de 1990\" data-caption-desc=\"Cafeteria La Primavera. Inicio de 1990\" data-attachment-id=\"24821\" data-type=\"image\" class=\"fg-thumb\"><span class=\"fg-image-wrap\"><img src=\"https:\/\/test.isladelajuventud-cuba.com\/wp-content\/uploads\/cache\/2017\/08\/Cafeteria-La-Primavera_-Inicio-de-1990\/3022580275.jpg\" alt=\"Cafeteria La Primavera. Inicio de 1990\" title=\"Cafeteria La Primavera. Inicio de 1990\" width=\"150\" height=\"113\" class=\"skip-lazy fg-image\" decoding=\"async\" loading=\"lazy\"><\/span><span class=\"fg-image-overlay\"><\/span><\/a><figcaption class=\"fg-caption\"><div class=\"fg-caption-inner\"><div class=\"fg-caption-title\">Cafeteria La Primavera. Inicio de 1990<\/div><\/div><\/figcaption><\/figure><div class=\"fg-loader\"><\/div><\/div><div class=\"fg-item fg-type-image fg-loading\"><figure class=\"fg-item-inner\"><a href=\"https:\/\/test.isladelajuventud-cuba.com\/wp-content\/uploads\/2017\/08\/Calle-28-en-los-anos-1960.jpeg\" data-caption-title=\"Calle 28 en los a\u00f1os 1960.\" data-attachment-id=\"39124\" data-type=\"image\" class=\"fg-thumb\"><span class=\"fg-image-wrap\"><img src=\"https:\/\/test.isladelajuventud-cuba.com\/wp-content\/uploads\/cache\/2017\/08\/Calle-28-en-los-anos-1960\/680984825.jpeg\" width=\"150\" height=\"113\" class=\"skip-lazy fg-image\" decoding=\"async\" loading=\"lazy\"><\/span><span class=\"fg-image-overlay\"><\/span><\/a><figcaption class=\"fg-caption\"><div class=\"fg-caption-inner\"><div class=\"fg-caption-title\">Calle 28 en los a\u00f1os 1960.<\/div><\/div><\/figcaption><\/figure><div class=\"fg-loader\"><\/div><\/div><div class=\"fg-item fg-type-image fg-loading\"><figure class=\"fg-item-inner\"><a href=\"https:\/\/test.isladelajuventud-cuba.com\/wp-content\/uploads\/2017\/08\/Calle-28-en-los-anos-1960-1.jpeg\" data-caption-title=\"Calle 28 en los a\u00f1os 1960.\" data-attachment-id=\"39125\" data-type=\"image\" class=\"fg-thumb\"><span class=\"fg-image-wrap\"><img src=\"https:\/\/test.isladelajuventud-cuba.com\/wp-content\/uploads\/cache\/2017\/08\/Calle-28-en-los-anos-1960-1\/901868775.jpeg\" width=\"150\" height=\"113\" class=\"skip-lazy fg-image\" decoding=\"async\" loading=\"lazy\"><\/span><span class=\"fg-image-overlay\"><\/span><\/a><figcaption class=\"fg-caption\"><div class=\"fg-caption-inner\"><div class=\"fg-caption-title\">Calle 28 en los a\u00f1os 1960.<\/div><\/div><\/figcaption><\/figure><div class=\"fg-loader\"><\/div><\/div><div class=\"fg-item fg-type-image fg-loading\"><figure class=\"fg-item-inner\"><a href=\"https:\/\/test.isladelajuventud-cuba.com\/wp-content\/uploads\/2017\/08\/Calle-Jose-Marti-en-1958.jpg\" data-caption-title=\"Calle Jose Marti en 1958\" data-attachment-id=\"27231\" data-type=\"image\" class=\"fg-thumb\"><span class=\"fg-image-wrap\"><img src=\"https:\/\/test.isladelajuventud-cuba.com\/wp-content\/uploads\/cache\/2017\/08\/Calle-Jose-Marti-en-1958\/434585703.jpg\" width=\"150\" height=\"113\" class=\"skip-lazy fg-image\" decoding=\"async\" loading=\"lazy\"><\/span><span class=\"fg-image-overlay\"><\/span><\/a><figcaption class=\"fg-caption\"><div class=\"fg-caption-inner\"><div class=\"fg-caption-title\">Calle Jose Marti en 1958<\/div><\/div><\/figcaption><\/figure><div class=\"fg-loader\"><\/div><\/div><div class=\"fg-item fg-type-image fg-loading\"><figure class=\"fg-item-inner\"><a href=\"https:\/\/test.isladelajuventud-cuba.com\/wp-content\/uploads\/2017\/08\/Calle-Vives.-Hoy-calle-37.jpg\" data-caption-title=\"Calle Vives. Hoy calle 37\" data-caption-desc=\"Calle Vives. Hoy calle 37\" data-attachment-id=\"24803\" data-type=\"image\" class=\"fg-thumb\"><span class=\"fg-image-wrap\"><img src=\"https:\/\/test.isladelajuventud-cuba.com\/wp-content\/uploads\/cache\/2017\/08\/Calle-Vives_-Hoy-calle-37\/3725613576.jpg\" alt=\"Calle Vives. Hoy calle 37\" title=\"Calle Vives. Hoy calle 37\" width=\"150\" height=\"113\" class=\"skip-lazy fg-image\" decoding=\"async\" loading=\"lazy\"><\/span><span class=\"fg-image-overlay\"><\/span><\/a><figcaption class=\"fg-caption\"><div class=\"fg-caption-inner\"><div class=\"fg-caption-title\">Calle Vives. Hoy calle 37<\/div><\/div><\/figcaption><\/figure><div class=\"fg-loader\"><\/div><\/div><div class=\"fg-item fg-type-image fg-loading\"><figure class=\"fg-item-inner\"><a href=\"https:\/\/test.isladelajuventud-cuba.com\/wp-content\/uploads\/2017\/08\/Calle-Vives-y-San-Clemente.Luego-Carlos-Manuel-C\u00aespedes-y-Bruno-Hdez.Hoy-en-d\u00a1a-37-y-26.jpg\" data-caption-title=\"Calle Vives y San Clemente. Luego Carlos Manuel  C\u00e9spedes y Bruno Hdez. Hoy en d\u00eda 37 y 26\" data-caption-desc=\"Calle Vives y San Clemente. Luego Carlos Manuel  C\u00e9spedes y Bruno Hdez. Hoy en d\u00eda 37 y 26\" data-attachment-id=\"24822\" data-type=\"image\" class=\"fg-thumb\"><span class=\"fg-image-wrap\"><img src=\"https:\/\/test.isladelajuventud-cuba.com\/wp-content\/uploads\/cache\/2017\/08\/Calle-Vives-y-San-Clemente_Luego-Carlos-Manuel-C\u00aespedes-y-Bruno-Hdez_Hoy-en-d\u00a1a-37-y-26\/4124792456.jpg\" alt=\"Calle Vives y San Clemente. Luego Carlos Manuel C\u00e9spedes y Bruno Hdez. Hoy en d\u00eda 37 y 26\" title=\"Calle Vives y San Clemente. Luego Carlos Manuel  C\u00e9spedes y Bruno Hdez. Hoy en d\u00eda 37 y 26\" width=\"150\" height=\"113\" class=\"skip-lazy fg-image\" decoding=\"async\" loading=\"lazy\"><\/span><span class=\"fg-image-overlay\"><\/span><\/a><figcaption class=\"fg-caption\"><div class=\"fg-caption-inner\"><div class=\"fg-caption-title\">Calle Vives y San Clemente. Luego Carlos Manuel  C\u00e9spedes y Bruno Hdez. Hoy en d\u00eda 37 y 26<\/div><\/div><\/figcaption><\/figure><div class=\"fg-loader\"><\/div><\/div><div class=\"fg-item fg-type-image fg-loading\"><figure class=\"fg-item-inner\"><a href=\"https:\/\/test.isladelajuventud-cuba.com\/wp-content\/uploads\/2017\/08\/Camara-del-Comercio.A\u00a6o-1938.jpg\" data-caption-title=\"Camara del Comercio. A\u00f1o 1938\" data-caption-desc=\"Camara del Comercio. A\u00f1o 1938\" data-attachment-id=\"24804\" data-type=\"image\" class=\"fg-thumb\"><span class=\"fg-image-wrap\"><img src=\"https:\/\/test.isladelajuventud-cuba.com\/wp-content\/uploads\/cache\/2017\/08\/Camara-del-Comercio_A\u00a6o-1938\/3107978099.jpg\" alt=\"Camara del Comercio. A\u00f1o 1938\" title=\"Camara del Comercio. A\u00f1o 1938\" width=\"150\" height=\"113\" class=\"skip-lazy fg-image\" decoding=\"async\" loading=\"lazy\"><\/span><span class=\"fg-image-overlay\"><\/span><\/a><figcaption class=\"fg-caption\"><div class=\"fg-caption-inner\"><div class=\"fg-caption-title\">Camara del Comercio. A\u00f1o 1938<\/div><\/div><\/figcaption><\/figure><div class=\"fg-loader\"><\/div><\/div><div class=\"fg-item fg-type-image fg-loading\"><figure class=\"fg-item-inner\"><a href=\"https:\/\/test.isladelajuventud-cuba.com\/wp-content\/uploads\/2017\/08\/Casa-donde-vivio-Evangelina-Cossio-a-finales-del-siglo-pasado.jpg\" data-caption-title=\"Casa donde vivio Evangelina Cossio a finales del siglo pasado\" data-caption-desc=\"Casa donde vivio Evangelina Cossio a finales del siglo pasado\" data-attachment-id=\"25525\" data-type=\"image\" class=\"fg-thumb\"><span class=\"fg-image-wrap\"><img src=\"https:\/\/test.isladelajuventud-cuba.com\/wp-content\/uploads\/cache\/2017\/08\/Casa-donde-vivio-Evangelina-Cossio-a-finales-del-siglo-pasado\/3324778531.jpg\" alt=\"Casa donde vivio Evangelina Cossio a finales del siglo pasado\" title=\"Casa donde vivio Evangelina Cossio a finales del siglo pasado\" width=\"150\" height=\"113\" class=\"skip-lazy fg-image\" decoding=\"async\" loading=\"lazy\"><\/span><span class=\"fg-image-overlay\"><\/span><\/a><figcaption class=\"fg-caption\"><div class=\"fg-caption-inner\"><div class=\"fg-caption-title\">Casa donde vivio Evangelina Cossio a finales del siglo pasado<\/div><\/div><\/figcaption><\/figure><div class=\"fg-loader\"><\/div><\/div><div class=\"fg-item fg-type-image fg-loading\"><figure class=\"fg-item-inner\"><a href=\"https:\/\/test.isladelajuventud-cuba.com\/wp-content\/uploads\/2017\/08\/118695213_155835982823726_174709107455293715_n.jpg\" data-caption-title=\"Casas coloniales de la Antigua Reina Amalia. Foto Archivo Hist\u00f3rico Municipal.\" data-attachment-id=\"36265\" data-type=\"image\" class=\"fg-thumb\"><span class=\"fg-image-wrap\"><img src=\"https:\/\/test.isladelajuventud-cuba.com\/wp-content\/uploads\/cache\/2017\/08\/118695213_155835982823726_174709107455293715_n\/2079479192.jpg\" width=\"150\" height=\"113\" class=\"skip-lazy fg-image\" decoding=\"async\" loading=\"lazy\"><\/span><span class=\"fg-image-overlay\"><\/span><\/a><figcaption class=\"fg-caption\"><div class=\"fg-caption-inner\"><div class=\"fg-caption-title\">Casas coloniales de la Antigua Reina Amalia. Foto Archivo Hist\u00f3rico Municipal.<\/div><\/div><\/figcaption><\/figure><div class=\"fg-loader\"><\/div><\/div><div class=\"fg-item fg-type-image fg-loading\"><figure class=\"fg-item-inner\"><a href=\"https:\/\/test.isladelajuventud-cuba.com\/wp-content\/uploads\/2017\/08\/Caseta-El-Palmar.-A\u00a6o-1930.jpg\" data-caption-title=\"Caseta El Palmar. A\u00f1o 1930\" data-caption-desc=\"Caseta El Palmar. A\u00f1o 1930\" data-attachment-id=\"24805\" data-type=\"image\" class=\"fg-thumb\"><span class=\"fg-image-wrap\"><img src=\"https:\/\/test.isladelajuventud-cuba.com\/wp-content\/uploads\/cache\/2017\/08\/Caseta-El-Palmar_-A\u00a6o-1930\/3614905404.jpg\" alt=\"Caseta El Palmar. A\u00f1o 1930\" title=\"Caseta El Palmar. A\u00f1o 1930\" width=\"150\" height=\"113\" class=\"skip-lazy fg-image\" decoding=\"async\" loading=\"lazy\"><\/span><span class=\"fg-image-overlay\"><\/span><\/a><figcaption class=\"fg-caption\"><div class=\"fg-caption-inner\"><div class=\"fg-caption-title\">Caseta El Palmar. A\u00f1o 1930<\/div><\/div><\/figcaption><\/figure><div class=\"fg-loader\"><\/div><\/div><div class=\"fg-item fg-type-image fg-loading\"><figure class=\"fg-item-inner\"><a href=\"https:\/\/test.isladelajuventud-cuba.com\/wp-content\/uploads\/2017\/08\/WhatsApp-Image-2021-03-26-at-16.57.12.jpeg\" data-caption-title=\"Centralita de la Planta Electrica de Nueva Gerona en 1977.\" data-attachment-id=\"35876\" data-type=\"image\" class=\"fg-thumb\"><span class=\"fg-image-wrap\"><img src=\"https:\/\/test.isladelajuventud-cuba.com\/wp-content\/uploads\/cache\/2017\/08\/WhatsApp-Image-2021-03-26-at-16_57_12\/1787889802.jpeg\" width=\"150\" height=\"113\" class=\"skip-lazy fg-image\" decoding=\"async\" loading=\"lazy\"><\/span><span class=\"fg-image-overlay\"><\/span><\/a><figcaption class=\"fg-caption\"><div class=\"fg-caption-inner\"><div class=\"fg-caption-title\">Centralita de la Planta Electrica de Nueva Gerona en 1977.<\/div><\/div><\/figcaption><\/figure><div class=\"fg-loader\"><\/div><\/div><div class=\"fg-item fg-type-image fg-loading\"><figure class=\"fg-item-inner\"><a href=\"https:\/\/test.isladelajuventud-cuba.com\/wp-content\/uploads\/2017\/08\/Centro-Telef\u00a6nico-a\u00a6o-1939.jpg\" data-caption-title=\"Centro Telef\u00f3nico, a\u00f1o 1939\" data-caption-desc=\"Centro Telef\u00f3nico, a\u00f1o 1939\" data-attachment-id=\"24823\" data-type=\"image\" class=\"fg-thumb\"><span class=\"fg-image-wrap\"><img src=\"https:\/\/test.isladelajuventud-cuba.com\/wp-content\/uploads\/cache\/2017\/08\/Centro-Telef\u00a6nico-a\u00a6o-1939\/1062174475.jpg\" alt=\"Centro Telef\u00f3nico, a\u00f1o 1939\" title=\"Centro Telef\u00f3nico, a\u00f1o 1939\" width=\"150\" height=\"113\" class=\"skip-lazy fg-image\" decoding=\"async\" loading=\"lazy\"><\/span><span class=\"fg-image-overlay\"><\/span><\/a><figcaption class=\"fg-caption\"><div class=\"fg-caption-inner\"><div class=\"fg-caption-title\">Centro Telef\u00f3nico, a\u00f1o 1939<\/div><\/div><\/figcaption><\/figure><div class=\"fg-loader\"><\/div><\/div><div class=\"fg-item fg-type-image fg-loading\"><figure class=\"fg-item-inner\"><a href=\"https:\/\/test.isladelajuventud-cuba.com\/wp-content\/uploads\/2017\/08\/Chevy-Nova-del-a\u00f1o-1972.-Foto-tomada-entre-los-a\u00f1os-1973-a-1977.-Foto-Archivo-HIstorico-Municipal..jpg\" data-caption-title=\"Chevy Nova del a\u00f1o 1972. Foto tomada entre los a\u00f1os 1973 a 1977. Foto Archivo Hist\u00f3rico Municipal.\" data-attachment-id=\"36289\" data-type=\"image\" class=\"fg-thumb\"><span class=\"fg-image-wrap\"><img src=\"https:\/\/test.isladelajuventud-cuba.com\/wp-content\/uploads\/cache\/2017\/08\/Chevy-Nova-del-a\u00f1o-1972_-Foto-tomada-entre-los-a\u00f1os-1973-a-1977_-Foto-Archivo-HIstorico-Municipal_\/1351681126.jpg\" width=\"150\" height=\"113\" class=\"skip-lazy fg-image\" decoding=\"async\" loading=\"lazy\"><\/span><span class=\"fg-image-overlay\"><\/span><\/a><figcaption class=\"fg-caption\"><div class=\"fg-caption-inner\"><div class=\"fg-caption-title\">Chevy Nova del a\u00f1o 1972. Foto tomada entre los a\u00f1os 1973 a 1977. Foto Archivo Hist\u00f3rico Municipal.<\/div><\/div><\/figcaption><\/figure><div class=\"fg-loader\"><\/div><\/div><div class=\"fg-item fg-type-image fg-loading\"><figure class=\"fg-item-inner\"><a href=\"https:\/\/test.isladelajuventud-cuba.com\/wp-content\/uploads\/2017\/08\/236581477_369974574743198_7209282145982362538_n.jpg\" data-caption-title=\"Construcci\u00f3n de la Empresa de Comunicaci\u00f3n. Foto del Archivo Hist\u00f3rico Municipal.\" data-attachment-id=\"36255\" data-type=\"image\" class=\"fg-thumb\"><span class=\"fg-image-wrap\"><img src=\"https:\/\/test.isladelajuventud-cuba.com\/wp-content\/uploads\/cache\/2017\/08\/236581477_369974574743198_7209282145982362538_n\/1378091059.jpg\" width=\"150\" height=\"113\" class=\"skip-lazy fg-image\" decoding=\"async\" loading=\"lazy\"><\/span><span class=\"fg-image-overlay\"><\/span><\/a><figcaption class=\"fg-caption\"><div class=\"fg-caption-inner\"><div class=\"fg-caption-title\">Construcci\u00f3n de la Empresa de Comunicaci\u00f3n. Foto del Archivo Hist\u00f3rico Municipal.<\/div><\/div><\/figcaption><\/figure><div class=\"fg-loader\"><\/div><\/div><div class=\"fg-item fg-type-image fg-loading\"><figure class=\"fg-item-inner\"><a href=\"https:\/\/test.isladelajuventud-cuba.com\/wp-content\/uploads\/2017\/08\/236714934_369974338076555_3117885257542661421_n-scaled.jpg\" data-caption-title=\"Construcci\u00f3n de la Empresa de Comunicaci\u00f3n. Foto del Archivo Hist\u00f3rico Municipal.\" data-attachment-id=\"36256\" data-type=\"image\" class=\"fg-thumb\"><span class=\"fg-image-wrap\"><img src=\"https:\/\/test.isladelajuventud-cuba.com\/wp-content\/uploads\/cache\/2017\/08\/236714934_369974338076555_3117885257542661421_n-scaled\/4020339924.jpg\" width=\"150\" height=\"113\" class=\"skip-lazy fg-image\" decoding=\"async\" loading=\"lazy\"><\/span><span class=\"fg-image-overlay\"><\/span><\/a><figcaption class=\"fg-caption\"><div class=\"fg-caption-inner\"><div class=\"fg-caption-title\">Construcci\u00f3n de la Empresa de Comunicaci\u00f3n. Foto del Archivo Hist\u00f3rico Municipal.<\/div><\/div><\/figcaption><\/figure><div class=\"fg-loader\"><\/div><\/div><div class=\"fg-item fg-type-image fg-loading\"><figure class=\"fg-item-inner\"><a href=\"https:\/\/test.isladelajuventud-cuba.com\/wp-content\/uploads\/2017\/08\/236790463_369974294743226_3845294182626301734_n-scaled.jpg\" data-caption-title=\"Construcci\u00f3n de la Empresa de Comunicaci\u00f3n. Foto del Archivo Hist\u00f3rico Municipal.\" data-attachment-id=\"36258\" data-type=\"image\" class=\"fg-thumb\"><span class=\"fg-image-wrap\"><img src=\"https:\/\/test.isladelajuventud-cuba.com\/wp-content\/uploads\/cache\/2017\/08\/236790463_369974294743226_3845294182626301734_n-scaled\/4277447105.jpg\" width=\"150\" height=\"113\" class=\"skip-lazy fg-image\" decoding=\"async\" loading=\"lazy\"><\/span><span class=\"fg-image-overlay\"><\/span><\/a><figcaption class=\"fg-caption\"><div class=\"fg-caption-inner\"><div class=\"fg-caption-title\">Construcci\u00f3n de la Empresa de Comunicaci\u00f3n. Foto del Archivo Hist\u00f3rico Municipal.<\/div><\/div><\/figcaption><\/figure><div class=\"fg-loader\"><\/div><\/div><div class=\"fg-item fg-type-image fg-loading\"><figure class=\"fg-item-inner\"><a href=\"https:\/\/test.isladelajuventud-cuba.com\/wp-content\/uploads\/2017\/08\/247603321_421911822882806_2274576505496637297_n.jpg\" data-caption-title=\"Construcci\u00f3n del Gimnasio Arturo Lince Gonz\u00e1lez.\" data-attachment-id=\"36238\" data-type=\"image\" class=\"fg-thumb\"><span class=\"fg-image-wrap\"><img src=\"https:\/\/test.isladelajuventud-cuba.com\/wp-content\/uploads\/cache\/2017\/08\/247603321_421911822882806_2274576505496637297_n\/561669486.jpg\" width=\"150\" height=\"113\" class=\"skip-lazy fg-image\" decoding=\"async\" loading=\"lazy\"><\/span><span class=\"fg-image-overlay\"><\/span><\/a><figcaption class=\"fg-caption\"><div class=\"fg-caption-inner\"><div class=\"fg-caption-title\">Construcci\u00f3n del Gimnasio Arturo Lince Gonz\u00e1lez.<\/div><\/div><\/figcaption><\/figure><div class=\"fg-loader\"><\/div><\/div><div class=\"fg-item fg-type-image fg-loading\"><figure class=\"fg-item-inner\"><a href=\"https:\/\/test.isladelajuventud-cuba.com\/wp-content\/uploads\/2017\/08\/Costruccion-del-Hospital-Herores-del-Baire.-Foto-Archivo-Historico-Municipal..jpg\" data-caption-title=\"Construcci\u00f3n del Hospital H\u00e9roes del Baire. Foto Archivo Hist\u00f3rico Municipal.\" data-attachment-id=\"36290\" data-type=\"image\" class=\"fg-thumb\"><span class=\"fg-image-wrap\"><img src=\"https:\/\/test.isladelajuventud-cuba.com\/wp-content\/uploads\/cache\/2017\/08\/Costruccion-del-Hospital-Herores-del-Baire_-Foto-Archivo-Historico-Municipal_\/2445836072.jpg\" width=\"150\" height=\"113\" class=\"skip-lazy fg-image\" decoding=\"async\" loading=\"lazy\"><\/span><span class=\"fg-image-overlay\"><\/span><\/a><figcaption class=\"fg-caption\"><div class=\"fg-caption-inner\"><div class=\"fg-caption-title\">Construcci\u00f3n del Hospital H\u00e9roes del Baire. Foto Archivo Hist\u00f3rico Municipal.<\/div><\/div><\/figcaption><\/figure><div class=\"fg-loader\"><\/div><\/div><div class=\"fg-item fg-type-image fg-loading\"><figure class=\"fg-item-inner\"><a href=\"https:\/\/test.isladelajuventud-cuba.com\/wp-content\/uploads\/2017\/08\/120120646_165210448552946_5979823602155380872_n.jpg\" data-caption-title=\"Construcci\u00f3n del puente de hierro del rio Las Casas. Foto archivo Hist\u00f3rico Municipal.\" data-attachment-id=\"36264\" data-type=\"image\" class=\"fg-thumb\"><span class=\"fg-image-wrap\"><img src=\"https:\/\/test.isladelajuventud-cuba.com\/wp-content\/uploads\/cache\/2017\/08\/120120646_165210448552946_5979823602155380872_n\/3211009041.jpg\" width=\"150\" height=\"113\" class=\"skip-lazy fg-image\" decoding=\"async\" loading=\"lazy\"><\/span><span class=\"fg-image-overlay\"><\/span><\/a><figcaption class=\"fg-caption\"><div class=\"fg-caption-inner\"><div class=\"fg-caption-title\">Construcci\u00f3n del puente de hierro del rio Las Casas. Foto archivo Hist\u00f3rico Municipal.<\/div><\/div><\/figcaption><\/figure><div class=\"fg-loader\"><\/div><\/div><div class=\"fg-item fg-type-image fg-loading\"><figure class=\"fg-item-inner\"><a href=\"https:\/\/test.isladelajuventud-cuba.com\/wp-content\/uploads\/2017\/08\/Cremer\u00a1a-Bolonia-a\u00a6o-1990.jpg\" data-caption-title=\"Cremer\u00eda Bolonia, a\u00f1o 1990\" data-caption-desc=\"Cremer\u00eda Bolonia, a\u00f1o 1990\" data-attachment-id=\"24824\" data-type=\"image\" class=\"fg-thumb\"><span class=\"fg-image-wrap\"><img src=\"https:\/\/test.isladelajuventud-cuba.com\/wp-content\/uploads\/cache\/2017\/08\/Cremer\u00a1a-Bolonia-a\u00a6o-1990\/2098003769.jpg\" alt=\"Cremer\u00eda Bolonia, a\u00f1o 1990\" title=\"Cremer\u00eda Bolonia, a\u00f1o 1990\" width=\"150\" height=\"113\" class=\"skip-lazy fg-image\" decoding=\"async\" loading=\"lazy\"><\/span><span class=\"fg-image-overlay\"><\/span><\/a><figcaption class=\"fg-caption\"><div class=\"fg-caption-inner\"><div class=\"fg-caption-title\">Cremer\u00eda Bolonia, a\u00f1o 1990<\/div><\/div><\/figcaption><\/figure><div class=\"fg-loader\"><\/div><\/div><div class=\"fg-item fg-type-image fg-loading\"><figure class=\"fg-item-inner\"><a href=\"https:\/\/test.isladelajuventud-cuba.com\/wp-content\/uploads\/2017\/08\/Cuando-existia-el-Servi-24-horas.jpg\" data-caption-title=\"Cuando existia el Servi 24 horas\" data-caption-desc=\"Cuando existia el Servi 24 horas\" data-attachment-id=\"24911\" data-type=\"image\" class=\"fg-thumb\"><span class=\"fg-image-wrap\"><img src=\"https:\/\/test.isladelajuventud-cuba.com\/wp-content\/uploads\/cache\/2017\/08\/Cuando-existia-el-Servi-24-horas\/3968830167.jpg\" alt=\"Cuando existia el Servi 24 horas\" title=\"Cuando existia el Servi 24 horas\" width=\"150\" height=\"113\" class=\"skip-lazy fg-image\" decoding=\"async\" loading=\"lazy\"><\/span><span class=\"fg-image-overlay\"><\/span><\/a><figcaption class=\"fg-caption\"><div class=\"fg-caption-inner\"><div class=\"fg-caption-title\">Cuando existia el Servi 24 horas<\/div><\/div><\/figcaption><\/figure><div class=\"fg-loader\"><\/div><\/div><div class=\"fg-item fg-type-image fg-loading\"><figure class=\"fg-item-inner\"><a href=\"https:\/\/test.isladelajuventud-cuba.com\/wp-content\/uploads\/2017\/08\/Cuartel-en-Nueva-Gerona.jpg\" data-caption-title=\"Cuartel en Nueva Gerona\" data-caption-desc=\"Cuartel en Nueva Gerona\" data-attachment-id=\"24825\" data-type=\"image\" class=\"fg-thumb\"><span class=\"fg-image-wrap\"><img src=\"https:\/\/test.isladelajuventud-cuba.com\/wp-content\/uploads\/cache\/2017\/08\/Cuartel-en-Nueva-Gerona\/1764631411.jpg\" alt=\"Cuartel en Nueva Gerona\" title=\"Cuartel en Nueva Gerona\" width=\"150\" height=\"113\" class=\"skip-lazy fg-image\" decoding=\"async\" loading=\"lazy\"><\/span><span class=\"fg-image-overlay\"><\/span><\/a><figcaption class=\"fg-caption\"><div class=\"fg-caption-inner\"><div class=\"fg-caption-title\">Cuartel en Nueva Gerona<\/div><\/div><\/figcaption><\/figure><div class=\"fg-loader\"><\/div><\/div><div class=\"fg-item fg-type-image fg-loading\"><figure class=\"fg-item-inner\"><a href=\"https:\/\/test.isladelajuventud-cuba.com\/wp-content\/uploads\/2017\/08\/118679440_155835846157073_6249386300391432961_n.jpg\" data-caption-title=\"Cuartel espa\u00f1ol de la antigua colonia Reina Amalia que despu\u00e9s fue convertido en hospital y lamentablemente demolido en 1946.\" data-attachment-id=\"34666\" data-type=\"image\" class=\"fg-thumb\"><span class=\"fg-image-wrap\"><img src=\"https:\/\/test.isladelajuventud-cuba.com\/wp-content\/uploads\/cache\/2017\/08\/118679440_155835846157073_6249386300391432961_n\/1197453981.jpg\" title=\"Cuartel espa\u00f1ol de la antigua colonia Reina Amalia que despu\u00e9s fue convertido en hospital y lamentablemente demolido en 1946.\" width=\"150\" height=\"113\" class=\"skip-lazy fg-image\" decoding=\"async\" loading=\"lazy\"><\/span><span class=\"fg-image-overlay\"><\/span><\/a><figcaption class=\"fg-caption\"><div class=\"fg-caption-inner\"><div class=\"fg-caption-title\">Cuartel espa\u00f1ol de la antigua colonia Reina Amalia que despu\u00e9s fue convertido en hospital y lamentablemente demolido en 1946.<\/div><\/div><\/figcaption><\/figure><div class=\"fg-loader\"><\/div><\/div><div class=\"fg-item fg-type-image fg-loading\"><figure class=\"fg-item-inner\"><a href=\"https:\/\/test.isladelajuventud-cuba.com\/wp-content\/uploads\/2017\/08\/Desfile-infantil-frente-al-teatro-Rialto-en-1950.jpg\" data-caption-title=\"Desfile infantil frente al teatro Rialto en 1950\" data-caption-desc=\"Desfile infantil frente al teatro Rialto en 1950\" data-attachment-id=\"25438\" data-type=\"image\" class=\"fg-thumb\"><span class=\"fg-image-wrap\"><img src=\"https:\/\/test.isladelajuventud-cuba.com\/wp-content\/uploads\/cache\/2017\/08\/Desfile-infantil-frente-al-teatro-Rialto-en-1950\/2143275578.jpg\" alt=\"Desfile infantil frente al teatro Rialto en 1950\" title=\"Desfile infantil frente al teatro Rialto en 1950\" width=\"150\" height=\"113\" class=\"skip-lazy fg-image\" decoding=\"async\" loading=\"lazy\"><\/span><span class=\"fg-image-overlay\"><\/span><\/a><figcaption class=\"fg-caption\"><div class=\"fg-caption-inner\"><div class=\"fg-caption-title\">Desfile infantil frente al teatro Rialto en 1950<\/div><\/div><\/figcaption><\/figure><div class=\"fg-loader\"><\/div><\/div><div class=\"fg-item fg-type-image fg-loading\"><figure class=\"fg-item-inner\"><a href=\"https:\/\/test.isladelajuventud-cuba.com\/wp-content\/uploads\/2017\/08\/Desfile-por-la-calle-Jos\u00ae-Mart\u00a1.jpg\" data-caption-title=\"Desfile por la calle Jos\u00e9 Mart\u00ed\" data-caption-desc=\"Desfile por la calle Jos\u00e9 Mart\u00ed\" data-attachment-id=\"25439\" data-type=\"image\" class=\"fg-thumb\"><span class=\"fg-image-wrap\"><img src=\"https:\/\/test.isladelajuventud-cuba.com\/wp-content\/uploads\/cache\/2017\/08\/Desfile-por-la-calle-Jos\u00ae-Mart\u00a1\/3814988451.jpg\" alt=\"Desfile por la calle Jos\u00e9 Mart\u00ed\" title=\"Desfile por la calle Jos\u00e9 Mart\u00ed\" width=\"150\" height=\"113\" class=\"skip-lazy fg-image\" decoding=\"async\" loading=\"lazy\"><\/span><span class=\"fg-image-overlay\"><\/span><\/a><figcaption class=\"fg-caption\"><div class=\"fg-caption-inner\"><div class=\"fg-caption-title\">Desfile por la calle Jos\u00e9 Mart\u00ed<\/div><\/div><\/figcaption><\/figure><div class=\"fg-loader\"><\/div><\/div><div class=\"fg-item fg-type-image fg-loading\"><figure class=\"fg-item-inner\"><a href=\"https:\/\/test.isladelajuventud-cuba.com\/wp-content\/uploads\/2017\/08\/El-antiguo-Hotel-Bursaide-luego-llamado-Isla-de-Pinos.jpg\" data-caption-title=\"El antiguo Hotel Bursaide, luego llamado Isla de Pinos\" data-attachment-id=\"27230\" data-type=\"image\" class=\"fg-thumb\"><span class=\"fg-image-wrap\"><img src=\"https:\/\/test.isladelajuventud-cuba.com\/wp-content\/uploads\/cache\/2017\/08\/El-antiguo-Hotel-Bursaide-luego-llamado-Isla-de-Pinos\/1430762033.jpg\" width=\"150\" height=\"113\" class=\"skip-lazy fg-image\" decoding=\"async\" loading=\"lazy\"><\/span><span class=\"fg-image-overlay\"><\/span><\/a><figcaption class=\"fg-caption\"><div class=\"fg-caption-inner\"><div class=\"fg-caption-title\">El antiguo Hotel Bursaide, luego llamado Isla de Pinos<\/div><\/div><\/figcaption><\/figure><div class=\"fg-loader\"><\/div><\/div><div class=\"fg-item fg-type-image fg-loading\"><figure class=\"fg-item-inner\"><a href=\"https:\/\/test.isladelajuventud-cuba.com\/wp-content\/uploads\/2017\/08\/El-Malec\u00a6n-de-Eugenio-en-honor-al-famoso-personaje-pinero.jpg\" data-caption-title=\"El Malec\u00f3n de Eugenio, en honor al famoso personaje pinero\" data-caption-desc=\"El Malec\u00f3n de Eugenio, en honor al famoso personaje pinero\" data-attachment-id=\"25526\" data-type=\"image\" class=\"fg-thumb\"><span class=\"fg-image-wrap\"><img src=\"https:\/\/test.isladelajuventud-cuba.com\/wp-content\/uploads\/cache\/2017\/08\/El-Malec\u00a6n-de-Eugenio-en-honor-al-famoso-personaje-pinero\/4042935234.jpg\" alt=\"El Malec\u00f3n de Eugenio, en honor al famoso personaje pinero\" title=\"El Malec\u00f3n de Eugenio, en honor al famoso personaje pinero\" width=\"150\" height=\"113\" class=\"skip-lazy fg-image\" decoding=\"async\" loading=\"lazy\"><\/span><span class=\"fg-image-overlay\"><\/span><\/a><figcaption class=\"fg-caption\"><div class=\"fg-caption-inner\"><div class=\"fg-caption-title\">El Malec\u00f3n de Eugenio, en honor al famoso personaje pinero<\/div><\/div><\/figcaption><\/figure><div class=\"fg-loader\"><\/div><\/div><div class=\"fg-item fg-type-image fg-loading\"><figure class=\"fg-item-inner\"><a href=\"https:\/\/test.isladelajuventud-cuba.com\/wp-content\/uploads\/2017\/08\/236725203_369974511409871_7846922968486164710_n-scaled.jpg\" data-caption-title=\"Empresa de Comunicaci\u00f3n. Foto del Archivo Hist\u00f3rico Municipal.\" data-attachment-id=\"36257\" data-type=\"image\" class=\"fg-thumb\"><span class=\"fg-image-wrap\"><img src=\"https:\/\/test.isladelajuventud-cuba.com\/wp-content\/uploads\/cache\/2017\/08\/236725203_369974511409871_7846922968486164710_n-scaled\/909780795.jpg\" width=\"150\" height=\"113\" class=\"skip-lazy fg-image\" decoding=\"async\" loading=\"lazy\"><\/span><span class=\"fg-image-overlay\"><\/span><\/a><figcaption class=\"fg-caption\"><div class=\"fg-caption-inner\"><div class=\"fg-caption-title\">Empresa de Comunicaci\u00f3n. Foto del Archivo Hist\u00f3rico Municipal.<\/div><\/div><\/figcaption><\/figure><div class=\"fg-loader\"><\/div><\/div><div class=\"fg-item fg-type-image fg-loading\"><figure class=\"fg-item-inner\"><a href=\"https:\/\/test.isladelajuventud-cuba.com\/wp-content\/uploads\/2017\/08\/236207621_369974614743194_5245679025642206277_n.jpg\" data-caption-title=\"Empresa de telefonica 13 de Marzo. Foto del Archivo Hist\u00f3rico Municipal.\" data-attachment-id=\"36254\" data-type=\"image\" class=\"fg-thumb\"><span class=\"fg-image-wrap\"><img src=\"https:\/\/test.isladelajuventud-cuba.com\/wp-content\/uploads\/cache\/2017\/08\/236207621_369974614743194_5245679025642206277_n\/4099579402.jpg\" width=\"150\" height=\"113\" class=\"skip-lazy fg-image\" decoding=\"async\" loading=\"lazy\"><\/span><span class=\"fg-image-overlay\"><\/span><\/a><figcaption class=\"fg-caption\"><div class=\"fg-caption-inner\"><div class=\"fg-caption-title\">Empresa de telefonica 13 de Marzo. Foto del Archivo Hist\u00f3rico Municipal.<\/div><\/div><\/figcaption><\/figure><div class=\"fg-loader\"><\/div><\/div><div class=\"fg-item fg-type-image fg-loading\"><figure class=\"fg-item-inner\"><a href=\"https:\/\/test.isladelajuventud-cuba.com\/wp-content\/uploads\/2017\/08\/Entrada-al-Rancho-del-Tesoro-en-1950.jpg\" data-caption-title=\"Entrada al Rancho del Tesoro en 1950\" data-caption-desc=\"Entrada al Rancho del Tesoro en 1950\" data-attachment-id=\"25527\" data-type=\"image\" class=\"fg-thumb\"><span class=\"fg-image-wrap\"><img src=\"https:\/\/test.isladelajuventud-cuba.com\/wp-content\/uploads\/cache\/2017\/08\/Entrada-al-Rancho-del-Tesoro-en-1950\/1549036719.jpg\" alt=\"Entrada al Rancho del Tesoro en 1950\" title=\"Entrada al Rancho del Tesoro en 1950\" width=\"150\" height=\"113\" class=\"skip-lazy fg-image\" decoding=\"async\" loading=\"lazy\"><\/span><span class=\"fg-image-overlay\"><\/span><\/a><figcaption class=\"fg-caption\"><div class=\"fg-caption-inner\"><div class=\"fg-caption-title\">Entrada al Rancho del Tesoro en 1950<\/div><\/div><\/figcaption><\/figure><div class=\"fg-loader\"><\/div><\/div><div class=\"fg-item fg-type-image fg-loading\"><figure class=\"fg-item-inner\"><a href=\"https:\/\/test.isladelajuventud-cuba.com\/wp-content\/uploads\/2017\/08\/escuela-cossio.jpg\" data-caption-title=\"escuela-cossio\" data-attachment-id=\"27224\" data-type=\"image\" class=\"fg-thumb\"><span class=\"fg-image-wrap\"><img src=\"https:\/\/test.isladelajuventud-cuba.com\/wp-content\/uploads\/cache\/2017\/08\/escuela-cossio\/49808981.jpg\" width=\"150\" height=\"113\" class=\"skip-lazy fg-image\" decoding=\"async\" loading=\"lazy\"><\/span><span class=\"fg-image-overlay\"><\/span><\/a><figcaption class=\"fg-caption\"><div class=\"fg-caption-inner\"><div class=\"fg-caption-title\">escuela-cossio<\/div><\/div><\/figcaption><\/figure><div class=\"fg-loader\"><\/div><\/div><div class=\"fg-item fg-type-image fg-loading\"><figure class=\"fg-item-inner\"><a href=\"https:\/\/test.isladelajuventud-cuba.com\/wp-content\/uploads\/2017\/08\/Esquina-39-y-20.-La-Casa-de-la-Amistad.-Principios-de-1990.jpg\" data-caption-title=\"Esquina 39 y 20. La Casa de la Amistad. Principios de 1990\" data-caption-desc=\"Esquina 39 y 20. La Casa de la Amistad. Principios de 1990\" data-attachment-id=\"25528\" data-type=\"image\" class=\"fg-thumb\"><span class=\"fg-image-wrap\"><img src=\"https:\/\/test.isladelajuventud-cuba.com\/wp-content\/uploads\/cache\/2017\/08\/Esquina-39-y-20_-La-Casa-de-la-Amistad_-Principios-de-1990\/1992241481.jpg\" alt=\"Esquina 39 y 20. La Casa de la Amistad. Principios de 1990\" title=\"Esquina 39 y 20. La Casa de la Amistad. Principios de 1990\" width=\"150\" height=\"113\" class=\"skip-lazy fg-image\" decoding=\"async\" loading=\"lazy\"><\/span><span class=\"fg-image-overlay\"><\/span><\/a><figcaption class=\"fg-caption\"><div class=\"fg-caption-inner\"><div class=\"fg-caption-title\">Esquina 39 y 20. La Casa de la Amistad. Principios de 1990<\/div><\/div><\/figcaption><\/figure><div class=\"fg-loader\"><\/div><\/div><div class=\"fg-item fg-type-image fg-loading\"><figure class=\"fg-item-inner\"><a href=\"https:\/\/test.isladelajuventud-cuba.com\/wp-content\/uploads\/2017\/08\/Esquina-Magnesia.jpg\" data-caption-title=\"Esquina Magnesia\" data-caption-desc=\"Esquina Magnesia\" data-attachment-id=\"24826\" data-type=\"image\" class=\"fg-thumb\"><span class=\"fg-image-wrap\"><img src=\"https:\/\/test.isladelajuventud-cuba.com\/wp-content\/uploads\/cache\/2017\/08\/Esquina-Magnesia\/1943624471.jpg\" alt=\"Esquina Magnesia\" title=\"Esquina Magnesia\" width=\"150\" height=\"113\" class=\"skip-lazy fg-image\" decoding=\"async\" loading=\"lazy\"><\/span><span class=\"fg-image-overlay\"><\/span><\/a><figcaption class=\"fg-caption\"><div class=\"fg-caption-inner\"><div class=\"fg-caption-title\">Esquina Magnesia<\/div><\/div><\/figcaption><\/figure><div class=\"fg-loader\"><\/div><\/div><div class=\"fg-item fg-type-image fg-loading\"><figure class=\"fg-item-inner\"><a href=\"https:\/\/test.isladelajuventud-cuba.com\/wp-content\/uploads\/2017\/08\/Estadio-de-Beisbol-Cristobal-Labra..jpg\" data-caption-title=\"Estadio de Beisbol Cristobal Labra.\" data-attachment-id=\"36244\" data-type=\"image\" class=\"fg-thumb\"><span class=\"fg-image-wrap\"><img src=\"https:\/\/test.isladelajuventud-cuba.com\/wp-content\/uploads\/cache\/2017\/08\/Estadio-de-Beisbol-Cristobal-Labra_\/2764663477.jpg\" width=\"150\" height=\"113\" class=\"skip-lazy fg-image\" decoding=\"async\" loading=\"lazy\"><\/span><span class=\"fg-image-overlay\"><\/span><\/a><figcaption class=\"fg-caption\"><div class=\"fg-caption-inner\"><div class=\"fg-caption-title\">Estadio de Beisbol Cristobal Labra.<\/div><\/div><\/figcaption><\/figure><div class=\"fg-loader\"><\/div><\/div><div class=\"fg-item fg-type-image fg-loading\"><figure class=\"fg-item-inner\"><a href=\"https:\/\/test.isladelajuventud-cuba.com\/wp-content\/uploads\/2017\/08\/Ferreteria-Kamaraco-de-Cajigas-en-la-esquina-de-Vargas-y-Marti-hoy-restaurante-El-Corderito_.jpg\" data-caption-title=\"Ferreteria Kamaraco de Cajigas, en la esquina de Vargas y Marti, hoy restaurante El  Corderito_\" data-caption-desc=\"Ferreteria Kamaraco de Cajigas, en la esquina de Vargas y Marti, hoy restaurante El  Corderito_\" data-attachment-id=\"25530\" data-type=\"image\" class=\"fg-thumb\"><span class=\"fg-image-wrap\"><img src=\"https:\/\/test.isladelajuventud-cuba.com\/wp-content\/uploads\/cache\/2017\/08\/Ferreteria-Kamaraco-de-Cajigas-en-la-esquina-de-Vargas-y-Marti-hoy-restaurante-El-Corderito_\/2870150956.jpg\" alt=\"Ferreteria Kamaraco de Cajigas, en la esquina de Vargas y Marti, hoy restaurante El Corderito_\" title=\"Ferreteria Kamaraco de Cajigas, en la esquina de Vargas y Marti, hoy restaurante El  Corderito_\" width=\"150\" height=\"113\" class=\"skip-lazy fg-image\" decoding=\"async\" loading=\"lazy\"><\/span><span class=\"fg-image-overlay\"><\/span><\/a><figcaption class=\"fg-caption\"><div class=\"fg-caption-inner\"><div class=\"fg-caption-title\">Ferreteria Kamaraco de Cajigas, en la esquina de Vargas y Marti, hoy restaurante El  Corderito_<\/div><\/div><\/figcaption><\/figure><div class=\"fg-loader\"><\/div><\/div><div class=\"fg-item fg-type-image fg-loading\"><figure class=\"fg-item-inner\"><a href=\"https:\/\/test.isladelajuventud-cuba.com\/wp-content\/uploads\/2017\/08\/Ferreter\u00a1a-La-Isla.jpg\" data-caption-title=\"Ferreter\u00eda La Isla\" data-caption-desc=\"Ferreter\u00eda La Isla\" data-attachment-id=\"25529\" data-type=\"image\" class=\"fg-thumb\"><span class=\"fg-image-wrap\"><img src=\"https:\/\/test.isladelajuventud-cuba.com\/wp-content\/uploads\/cache\/2017\/08\/Ferreter\u00a1a-La-Isla\/3040273679.jpg\" alt=\"Ferreter\u00eda La Isla\" title=\"Ferreter\u00eda La Isla\" width=\"150\" height=\"113\" class=\"skip-lazy fg-image\" decoding=\"async\" loading=\"lazy\"><\/span><span class=\"fg-image-overlay\"><\/span><\/a><figcaption class=\"fg-caption\"><div class=\"fg-caption-inner\"><div class=\"fg-caption-title\">Ferreter\u00eda La Isla<\/div><\/div><\/figcaption><\/figure><div class=\"fg-loader\"><\/div><\/div><div class=\"fg-item fg-type-image fg-loading\"><figure class=\"fg-item-inner\"><a href=\"https:\/\/test.isladelajuventud-cuba.com\/wp-content\/uploads\/2014\/04\/Finales-1958.jpg\" data-caption-title=\"Finales de 1958.\" data-attachment-id=\"31238\" data-type=\"image\" class=\"fg-thumb\"><span class=\"fg-image-wrap\"><img src=\"https:\/\/test.isladelajuventud-cuba.com\/wp-content\/uploads\/cache\/2014\/04\/Finales-1958\/2911117653.jpg\" alt=\"Finales de 1958.\" title=\"Finales de 1958.\" width=\"150\" height=\"113\" class=\"skip-lazy fg-image\" decoding=\"async\" loading=\"lazy\"><\/span><span class=\"fg-image-overlay\"><\/span><\/a><figcaption class=\"fg-caption\"><div class=\"fg-caption-inner\"><div class=\"fg-caption-title\">Finales de 1958.<\/div><\/div><\/figcaption><\/figure><div class=\"fg-loader\"><\/div><\/div><div class=\"fg-item fg-type-image fg-loading\"><figure class=\"fg-item-inner\"><a href=\"https:\/\/test.isladelajuventud-cuba.com\/wp-content\/uploads\/2017\/08\/Foto-del-album-de-Guille-Maquintoche.-Se-observan-los-letreros-del-Bar-Virginia-Coca-Cola-el-Hotel-Isla-de-Pinos-El-Baturro-y-el-MireMar.jpeg\" data-caption-title=\"Foto del album de Guille Maquintoche. Se observan los letreros del Bar Virginia, Coca Cola, el Hotel Isla de Pinos, El Baturro y el MireMar.\" data-attachment-id=\"39202\" data-type=\"image\" class=\"fg-thumb\"><span class=\"fg-image-wrap\"><img src=\"https:\/\/test.isladelajuventud-cuba.com\/wp-content\/uploads\/cache\/2017\/08\/Foto-del-album-de-Guille-Maquintoche_-Se-observan-los-letreros-del-Bar-Virginia-Coca-Cola-el-Hotel-Isla-de-Pinos-El-Baturro-y-el-MireMar\/1917980057.jpeg\" width=\"150\" height=\"113\" class=\"skip-lazy fg-image\" decoding=\"async\" loading=\"lazy\"><\/span><span class=\"fg-image-overlay\"><\/span><\/a><figcaption class=\"fg-caption\"><div class=\"fg-caption-inner\"><div class=\"fg-caption-title\">Foto del album de Guille Maquintoche. Se observan los letreros del Bar Virginia, Coca Cola, el Hotel Isla de Pinos, El Baturro y el MireMar.<\/div><\/div><\/figcaption><\/figure><div class=\"fg-loader\"><\/div><\/div><div class=\"fg-item fg-type-image fg-loading\"><figure class=\"fg-item-inner\"><a href=\"https:\/\/test.isladelajuventud-cuba.com\/wp-content\/uploads\/2017\/08\/248272860_421911859549469_3307965599632288914_n.jpg\" data-caption-title=\"Gimnasio Arturo Lince Gonz\u00e1lez.\" data-attachment-id=\"36239\" data-type=\"image\" class=\"fg-thumb\"><span class=\"fg-image-wrap\"><img src=\"https:\/\/test.isladelajuventud-cuba.com\/wp-content\/uploads\/cache\/2017\/08\/248272860_421911859549469_3307965599632288914_n\/3239672045.jpg\" width=\"150\" height=\"113\" class=\"skip-lazy fg-image\" decoding=\"async\" loading=\"lazy\"><\/span><span class=\"fg-image-overlay\"><\/span><\/a><figcaption class=\"fg-caption\"><div class=\"fg-caption-inner\"><div class=\"fg-caption-title\">Gimnasio Arturo Lince Gonz\u00e1lez.<\/div><\/div><\/figcaption><\/figure><div class=\"fg-loader\"><\/div><\/div><div class=\"fg-item fg-type-image fg-loading\"><figure class=\"fg-item-inner\"><a href=\"https:\/\/test.isladelajuventud-cuba.com\/wp-content\/uploads\/2017\/08\/Hospital.jpg\" data-caption-title=\"Hospital\" data-caption-desc=\"Hospital\" data-attachment-id=\"24922\" data-type=\"image\" class=\"fg-thumb\"><span class=\"fg-image-wrap\"><img src=\"https:\/\/test.isladelajuventud-cuba.com\/wp-content\/uploads\/cache\/2017\/08\/Hospital\/1706851975.jpg\" alt=\"Hospital\" title=\"Hospital\" width=\"150\" height=\"113\" class=\"skip-lazy fg-image\" decoding=\"async\" loading=\"lazy\"><\/span><span class=\"fg-image-overlay\"><\/span><\/a><figcaption class=\"fg-caption\"><div class=\"fg-caption-inner\"><div class=\"fg-caption-title\">Hospital<\/div><\/div><\/figcaption><\/figure><div class=\"fg-loader\"><\/div><\/div><div class=\"fg-item fg-type-image fg-loading\"><figure class=\"fg-item-inner\"><a href=\"https:\/\/test.isladelajuventud-cuba.com\/wp-content\/uploads\/2017\/08\/Hospital-Viejo-de-Nueva-Gerona-en-la-decada-1950.-Foto-Archivo-Historico-Municipal..jpg\" data-caption-title=\"Hospital Viejo de Nueva Gerona en la decada 1950. Foto Archivo Historico Municipal.\" data-attachment-id=\"36291\" data-type=\"image\" class=\"fg-thumb\"><span class=\"fg-image-wrap\"><img src=\"https:\/\/test.isladelajuventud-cuba.com\/wp-content\/uploads\/cache\/2017\/08\/Hospital-Viejo-de-Nueva-Gerona-en-la-decada-1950_-Foto-Archivo-Historico-Municipal_\/2620680128.jpg\" width=\"150\" height=\"113\" class=\"skip-lazy fg-image\" decoding=\"async\" loading=\"lazy\"><\/span><span class=\"fg-image-overlay\"><\/span><\/a><figcaption class=\"fg-caption\"><div class=\"fg-caption-inner\"><div class=\"fg-caption-title\">Hospital Viejo de Nueva Gerona en la decada 1950. Foto Archivo Historico Municipal.<\/div><\/div><\/figcaption><\/figure><div class=\"fg-loader\"><\/div><\/div><div class=\"fg-item fg-type-image fg-loading\"><figure class=\"fg-item-inner\"><a href=\"https:\/\/test.isladelajuventud-cuba.com\/wp-content\/uploads\/2017\/08\/Hotel-Isla-de-Pinos-1.jpg\" data-caption-title=\"Hotel Isla de Pinos\" data-caption-desc=\"Hotel Isla de Pinos\" data-attachment-id=\"24923\" data-type=\"image\" class=\"fg-thumb\"><span class=\"fg-image-wrap\"><img src=\"https:\/\/test.isladelajuventud-cuba.com\/wp-content\/uploads\/cache\/2017\/08\/Hotel-Isla-de-Pinos-1\/1008151480.jpg\" alt=\"Hotel Isla de Pinos\" title=\"Hotel Isla de Pinos\" width=\"150\" height=\"113\" class=\"skip-lazy fg-image\" decoding=\"async\" loading=\"lazy\"><\/span><span class=\"fg-image-overlay\"><\/span><\/a><figcaption class=\"fg-caption\"><div class=\"fg-caption-inner\"><div class=\"fg-caption-title\">Hotel Isla de Pinos<\/div><\/div><\/figcaption><\/figure><div class=\"fg-loader\"><\/div><\/div><div class=\"fg-item fg-type-image fg-loading\"><figure class=\"fg-item-inner\"><a href=\"https:\/\/test.isladelajuventud-cuba.com\/wp-content\/uploads\/2017\/08\/Hotel-Isla-de-Pinos.jpg\" data-caption-title=\"Hotel Isla de Pinos. Foto Archivo Hist\u00f3rico Municipal.\" data-attachment-id=\"24924\" data-type=\"image\" class=\"fg-thumb\"><span class=\"fg-image-wrap\"><img src=\"https:\/\/test.isladelajuventud-cuba.com\/wp-content\/uploads\/cache\/2017\/08\/Hotel-Isla-de-Pinos\/3834454052.jpg\" width=\"150\" height=\"113\" class=\"skip-lazy fg-image\" decoding=\"async\" loading=\"lazy\"><\/span><span class=\"fg-image-overlay\"><\/span><\/a><figcaption class=\"fg-caption\"><div class=\"fg-caption-inner\"><div class=\"fg-caption-title\">Hotel Isla de Pinos. Foto Archivo Hist\u00f3rico Municipal.<\/div><\/div><\/figcaption><\/figure><div class=\"fg-loader\"><\/div><\/div><div class=\"fg-item fg-type-image fg-loading\"><figure class=\"fg-item-inner\"><a href=\"https:\/\/test.isladelajuventud-cuba.com\/wp-content\/uploads\/2017\/08\/Hotel-La-Cubana.-A\u00a6o-1960.jpg\" data-caption-title=\"Hotel La Cubana. A\u00f1o 1960\" data-caption-desc=\"Hotel La Cubana. A\u00f1o 1960\" data-attachment-id=\"24912\" data-type=\"image\" class=\"fg-thumb\"><span class=\"fg-image-wrap\"><img src=\"https:\/\/test.isladelajuventud-cuba.com\/wp-content\/uploads\/cache\/2017\/08\/Hotel-La-Cubana_-A\u00a6o-1960\/2489246286.jpg\" alt=\"Hotel La Cubana. A\u00f1o 1960\" title=\"Hotel La Cubana. A\u00f1o 1960\" width=\"150\" height=\"113\" class=\"skip-lazy fg-image\" decoding=\"async\" loading=\"lazy\"><\/span><span class=\"fg-image-overlay\"><\/span><\/a><figcaption class=\"fg-caption\"><div class=\"fg-caption-inner\"><div class=\"fg-caption-title\">Hotel La Cubana. A\u00f1o 1960<\/div><\/div><\/figcaption><\/figure><div class=\"fg-loader\"><\/div><\/div><div class=\"fg-item fg-type-image fg-loading\"><figure class=\"fg-item-inner\"><a href=\"https:\/\/test.isladelajuventud-cuba.com\/wp-content\/uploads\/2017\/08\/Hotel-San-Jos\u00e9.-Foto-Archivo-Historico-Municipal..jpg\" data-caption-title=\"Hotel San Jos\u00e9. Foto Archivo Hist\u00f3rico Municipal.\" data-attachment-id=\"36273\" data-type=\"image\" class=\"fg-thumb\"><span class=\"fg-image-wrap\"><img src=\"https:\/\/test.isladelajuventud-cuba.com\/wp-content\/uploads\/cache\/2017\/08\/Hotel-San-Jos\u00e9_-Foto-Archivo-Historico-Municipal_\/3467466864.jpg\" width=\"150\" height=\"113\" class=\"skip-lazy fg-image\" decoding=\"async\" loading=\"lazy\"><\/span><span class=\"fg-image-overlay\"><\/span><\/a><figcaption class=\"fg-caption\"><div class=\"fg-caption-inner\"><div class=\"fg-caption-title\">Hotel San Jos\u00e9. Foto Archivo Hist\u00f3rico Municipal.<\/div><\/div><\/figcaption><\/figure><div class=\"fg-loader\"><\/div><\/div><div class=\"fg-item fg-type-image fg-loading\"><figure class=\"fg-item-inner\"><a href=\"https:\/\/test.isladelajuventud-cuba.com\/wp-content\/uploads\/2017\/08\/Iglesia-Nuestra-Sra-de-los-Dolores-1.jpg\" data-caption-title=\"Iglesia Nuestra Sra de los Dolores\" data-caption-desc=\"Iglesia Nuestra Sra de los Dolores\" data-attachment-id=\"24925\" data-type=\"image\" class=\"fg-thumb\"><span class=\"fg-image-wrap\"><img src=\"https:\/\/test.isladelajuventud-cuba.com\/wp-content\/uploads\/cache\/2017\/08\/Iglesia-Nuestra-Sra-de-los-Dolores-1\/3224547959.jpg\" alt=\"Iglesia Nuestra Sra de los Dolores\" title=\"Iglesia Nuestra Sra de los Dolores\" width=\"150\" height=\"113\" class=\"skip-lazy fg-image\" decoding=\"async\" loading=\"lazy\"><\/span><span class=\"fg-image-overlay\"><\/span><\/a><figcaption class=\"fg-caption\"><div class=\"fg-caption-inner\"><div class=\"fg-caption-title\">Iglesia Nuestra Sra de los Dolores<\/div><\/div><\/figcaption><\/figure><div class=\"fg-loader\"><\/div><\/div><div class=\"fg-item fg-type-image fg-loading\"><figure class=\"fg-item-inner\"><a href=\"https:\/\/test.isladelajuventud-cuba.com\/wp-content\/uploads\/2017\/08\/Iglesia-Nuestra-Sra-de-los-Dolores.a\u00a6o-1928.jpg\" data-caption-title=\"Iglesia Nuestra Sra de los Dolores. A\u00f1o 1928\" data-caption-desc=\"Iglesia Nuestra Sra de los Dolores. A\u00f1o 1928\" data-attachment-id=\"24926\" data-type=\"image\" class=\"fg-thumb\"><span class=\"fg-image-wrap\"><img src=\"https:\/\/test.isladelajuventud-cuba.com\/wp-content\/uploads\/cache\/2017\/08\/Iglesia-Nuestra-Sra-de-los-Dolores_a\u00a6o-1928\/2802036671.jpg\" alt=\"Iglesia Nuestra Sra de los Dolores. A\u00f1o 1928\" title=\"Iglesia Nuestra Sra de los Dolores. A\u00f1o 1928\" width=\"150\" height=\"113\" class=\"skip-lazy fg-image\" decoding=\"async\" loading=\"lazy\"><\/span><span class=\"fg-image-overlay\"><\/span><\/a><figcaption class=\"fg-caption\"><div class=\"fg-caption-inner\"><div class=\"fg-caption-title\">Iglesia Nuestra Sra de los Dolores. A\u00f1o 1928<\/div><\/div><\/figcaption><\/figure><div class=\"fg-loader\"><\/div><\/div><div class=\"fg-item fg-type-image fg-loading\"><figure class=\"fg-item-inner\"><a href=\"https:\/\/test.isladelajuventud-cuba.com\/wp-content\/uploads\/2017\/08\/247859971_419147446492577_6719896083925992563_n.jpg\" data-caption-title=\"Im\u00e1genes del Estadio de Beisbol Crist\u00f3bal Labra en construcci\u00f3n en octubre de 1972.\" data-attachment-id=\"36243\" data-type=\"image\" class=\"fg-thumb\"><span class=\"fg-image-wrap\"><img src=\"https:\/\/test.isladelajuventud-cuba.com\/wp-content\/uploads\/cache\/2017\/08\/247859971_419147446492577_6719896083925992563_n\/629195900.jpg\" width=\"150\" height=\"113\" class=\"skip-lazy fg-image\" decoding=\"async\" loading=\"lazy\"><\/span><span class=\"fg-image-overlay\"><\/span><\/a><figcaption class=\"fg-caption\"><div class=\"fg-caption-inner\"><div class=\"fg-caption-title\">Im\u00e1genes del Estadio de Beisbol Crist\u00f3bal Labra en construcci\u00f3n en octubre de 1972.<\/div><\/div><\/figcaption><\/figure><div class=\"fg-loader\"><\/div><\/div><div class=\"fg-item fg-type-image fg-loading\"><figure class=\"fg-item-inner\"><a href=\"https:\/\/test.isladelajuventud-cuba.com\/wp-content\/uploads\/2017\/08\/Im\u00e1genes-del-Estadio-de-Beisbol-Cristobal-Labra-en-construcci\u00f3n-en-octubre-de-1972..jpg\" data-caption-title=\"Im\u00e1genes del Estadio de Beisbol Crist\u00f3bal Labra en construcci\u00f3n en octubre de 1972.\" data-attachment-id=\"36245\" data-type=\"image\" class=\"fg-thumb\"><span class=\"fg-image-wrap\"><img src=\"https:\/\/test.isladelajuventud-cuba.com\/wp-content\/uploads\/cache\/2017\/08\/Im\u00e1genes-del-Estadio-de-Beisbol-Cristobal-Labra-en-construcci\u00f3n-en-octubre-de-1972_\/420275339.jpg\" width=\"150\" height=\"113\" class=\"skip-lazy fg-image\" decoding=\"async\" loading=\"lazy\"><\/span><span class=\"fg-image-overlay\"><\/span><\/a><figcaption class=\"fg-caption\"><div class=\"fg-caption-inner\"><div class=\"fg-caption-title\">Im\u00e1genes del Estadio de Beisbol Crist\u00f3bal Labra en construcci\u00f3n en octubre de 1972.<\/div><\/div><\/figcaption><\/figure><div class=\"fg-loader\"><\/div><\/div><div class=\"fg-item fg-type-image fg-loading\"><figure class=\"fg-item-inner\"><a href=\"https:\/\/test.isladelajuventud-cuba.com\/wp-content\/uploads\/2017\/08\/Inauguraci\u00a6n-del-Puente-Bascular-de-Nueva-Gerona-en-el-a\u00a6o-1956.jpg\" data-caption-title=\"Inauguraci\u00f3n  del Puente Bascular de Nueva Gerona en el a\u00f1o 1956\" data-caption-desc=\"Inauguraci\u00f3n  del Puente Bascular de Nueva Gerona en el a\u00f1o 1956\" data-attachment-id=\"25531\" data-type=\"image\" class=\"fg-thumb\"><span class=\"fg-image-wrap\"><img src=\"https:\/\/test.isladelajuventud-cuba.com\/wp-content\/uploads\/cache\/2017\/08\/Inauguraci\u00a6n-del-Puente-Bascular-de-Nueva-Gerona-en-el-a\u00a6o-1956\/3456038545.jpg\" alt=\"Inauguraci\u00f3n del Puente Bascular de Nueva Gerona en el a\u00f1o 1956\" title=\"Inauguraci\u00f3n  del Puente Bascular de Nueva Gerona en el a\u00f1o 1956\" width=\"150\" height=\"113\" class=\"skip-lazy fg-image\" decoding=\"async\" loading=\"lazy\"><\/span><span class=\"fg-image-overlay\"><\/span><\/a><figcaption class=\"fg-caption\"><div class=\"fg-caption-inner\"><div class=\"fg-caption-title\">Inauguraci\u00f3n  del Puente Bascular de Nueva Gerona en el a\u00f1o 1956<\/div><\/div><\/figcaption><\/figure><div class=\"fg-loader\"><\/div><\/div><div class=\"fg-item fg-type-image fg-loading\"><figure class=\"fg-item-inner\"><a href=\"https:\/\/test.isladelajuventud-cuba.com\/wp-content\/uploads\/2017\/08\/Incendio-calle-22-entre-39-y-41-en-noviembre-de-1980.jpg\" data-caption-title=\"Incendio calle 22 entre 39 y 41 en noviembre de 1980\" data-caption-desc=\"Incendio calle 22 entre 39 y 41 en noviembre de 1980\" data-attachment-id=\"25532\" data-type=\"image\" class=\"fg-thumb\"><span class=\"fg-image-wrap\"><img src=\"https:\/\/test.isladelajuventud-cuba.com\/wp-content\/uploads\/cache\/2017\/08\/Incendio-calle-22-entre-39-y-41-en-noviembre-de-1980\/149420915.jpg\" alt=\"Incendio calle 22 entre 39 y 41 en noviembre de 1980\" title=\"Incendio calle 22 entre 39 y 41 en noviembre de 1980\" width=\"150\" height=\"113\" class=\"skip-lazy fg-image\" decoding=\"async\" loading=\"lazy\"><\/span><span class=\"fg-image-overlay\"><\/span><\/a><figcaption class=\"fg-caption\"><div class=\"fg-caption-inner\"><div class=\"fg-caption-title\">Incendio calle 22 entre 39 y 41 en noviembre de 1980<\/div><\/div><\/figcaption><\/figure><div class=\"fg-loader\"><\/div><\/div><div class=\"fg-item fg-type-image fg-loading\"><figure class=\"fg-item-inner\"><a href=\"https:\/\/test.isladelajuventud-cuba.com\/wp-content\/uploads\/2017\/08\/La-Bodega-El-Morito.-En-la-foto-Jose-Corey-el-Morito-al-lado-de-el-Amable-Rodriguez.-La-foto-fue-tomada-el-24-de-Diciembre-de-1955-a-las-8.00-PM-Dia-de-Noche-Buena.jpg\" data-caption-title=\"La Bodega El Morito. En la foto Jose Corey, El Morito, al lado de \u00e9l; Amable Rodr\u00edguez. La foto fu\u00e9 tomada el 24 de Diciembre de 1955 a las 8.00 PM Dia de Noche Buena.\" data-attachment-id=\"39198\" data-type=\"image\" class=\"fg-thumb\"><span class=\"fg-image-wrap\"><img src=\"https:\/\/test.isladelajuventud-cuba.com\/wp-content\/uploads\/cache\/2017\/08\/La-Bodega-El-Morito_-En-la-foto-Jose-Corey-el-Morito-al-lado-de-el-Amable-Rodriguez_-La-foto-fue-tomada-el-24-de-Diciembre-de-1955-a-las-8_00-PM-Dia-de-Noche-Buena\/231250293.jpg\" width=\"150\" height=\"113\" class=\"skip-lazy fg-image\" decoding=\"async\" loading=\"lazy\"><\/span><span class=\"fg-image-overlay\"><\/span><\/a><figcaption class=\"fg-caption\"><div class=\"fg-caption-inner\"><div class=\"fg-caption-title\">La Bodega El Morito. En la foto Jose Corey, El Morito, al lado de \u00e9l; Amable Rodr\u00edguez. La foto fu\u00e9 tomada el 24 de Diciembre de 1955 a las 8.00 PM Dia de Noche Buena.<\/div><\/div><\/figcaption><\/figure><div class=\"fg-loader\"><\/div><\/div><div class=\"fg-item fg-type-image fg-loading\"><figure class=\"fg-item-inner\"><a href=\"https:\/\/test.isladelajuventud-cuba.com\/wp-content\/uploads\/2017\/08\/la-cupula.jpg\" data-caption-title=\"La C\u00fapula y el reloj que don\u00f3 de su salario Don Benito Ortiz en su funci\u00f3n de alcalde.\" data-caption-desc=\"La C\u00fapula y el reloj que don\u00f3 de su salario Don Benito Ortiz en su funci\u00f3n de alcalde.\" data-attachment-id=\"25492\" data-type=\"image\" class=\"fg-thumb\"><span class=\"fg-image-wrap\"><img src=\"https:\/\/test.isladelajuventud-cuba.com\/wp-content\/uploads\/cache\/2017\/08\/la-cupula\/1855849800.jpg\" alt=\"La C\u00fapula y el reloj que don\u00f3 de su salario Don Benito Ortiz en su funci\u00f3n de alcalde.\" title=\"La C\u00fapula y el reloj que don\u00f3 de su salario Don Benito Ortiz en su funci\u00f3n de alcalde.\" width=\"150\" height=\"113\" class=\"skip-lazy fg-image\" decoding=\"async\" loading=\"lazy\"><\/span><span class=\"fg-image-overlay\"><\/span><\/a><figcaption class=\"fg-caption\"><div class=\"fg-caption-inner\"><div class=\"fg-caption-title\">La C\u00fapula y el reloj que don\u00f3 de su salario Don Benito Ortiz en su funci\u00f3n de alcalde.<\/div><\/div><\/figcaption><\/figure><div class=\"fg-loader\"><\/div><\/div><div class=\"fg-item fg-type-image fg-loading\"><figure class=\"fg-item-inner\"><a href=\"https:\/\/test.isladelajuventud-cuba.com\/wp-content\/uploads\/2017\/08\/La-esquina-del-ayuntamiento-En-ese-momento-esquina-de-Isabel-II-y-Pinillos.Hoy-calle-39-y-30_.jpg\" data-caption-title=\"La esquina del ayuntamiento (En ese momento esquina de Isabel II y Pinillos).Hoy calle  39 y 30_\" data-caption-desc=\"La esquina del ayuntamiento (En ese momento esquina de Isabel II y Pinillos).Hoy calle  39 y 30_\" data-attachment-id=\"24913\" data-type=\"image\" class=\"fg-thumb\"><span class=\"fg-image-wrap\"><img src=\"https:\/\/test.isladelajuventud-cuba.com\/wp-content\/uploads\/cache\/2017\/08\/La-esquina-del-ayuntamiento-En-ese-momento-esquina-de-Isabel-II-y-Pinillos_Hoy-calle-39-y-30_\/1489591662.jpg\" alt=\"La esquina del ayuntamiento (En ese momento esquina de Isabel II y Pinillos).Hoy calle 39 y 30_\" title=\"La esquina del ayuntamiento (En ese momento esquina de Isabel II y Pinillos).Hoy calle  39 y 30_\" width=\"150\" height=\"113\" class=\"skip-lazy fg-image\" decoding=\"async\" loading=\"lazy\"><\/span><span class=\"fg-image-overlay\"><\/span><\/a><figcaption class=\"fg-caption\"><div class=\"fg-caption-inner\"><div class=\"fg-caption-title\">La esquina del ayuntamiento (En ese momento esquina de Isabel II y Pinillos).Hoy calle  39 y 30_<\/div><\/div><\/figcaption><\/figure><div class=\"fg-loader\"><\/div><\/div><div class=\"fg-item fg-type-image fg-loading\"><figure class=\"fg-item-inner\"><a href=\"https:\/\/test.isladelajuventud-cuba.com\/wp-content\/uploads\/2017\/08\/La-famosa-Favorita.-Antes-calle-Maceo-y-Bruno-Hdez.-Hoy-esquina-35-y-26.jpg\" data-caption-title=\"La famosa Favorita. Antes calle Maceo y Bruno Hdez. Hoy esquina 35 y 26\" data-caption-desc=\"La famosa Favorita. Antes calle Maceo y Bruno Hdez. Hoy esquina 35 y 26\" data-attachment-id=\"24827\" data-type=\"image\" class=\"fg-thumb\"><span class=\"fg-image-wrap\"><img src=\"https:\/\/test.isladelajuventud-cuba.com\/wp-content\/uploads\/cache\/2017\/08\/La-famosa-Favorita_-Antes-calle-Maceo-y-Bruno-Hdez_-Hoy-esquina-35-y-26\/2317136868.jpg\" alt=\"La famosa Favorita. Antes calle Maceo y Bruno Hdez. Hoy esquina 35 y 26\" title=\"La famosa Favorita. Antes calle Maceo y Bruno Hdez. Hoy esquina 35 y 26\" width=\"150\" height=\"113\" class=\"skip-lazy fg-image\" decoding=\"async\" loading=\"lazy\"><\/span><span class=\"fg-image-overlay\"><\/span><\/a><figcaption class=\"fg-caption\"><div class=\"fg-caption-inner\"><div class=\"fg-caption-title\">La famosa Favorita. Antes calle Maceo y Bruno Hdez. Hoy esquina 35 y 26<\/div><\/div><\/figcaption><\/figure><div class=\"fg-loader\"><\/div><\/div><div class=\"fg-item fg-type-image fg-loading\"><figure class=\"fg-item-inner\"><a href=\"https:\/\/test.isladelajuventud-cuba.com\/wp-content\/uploads\/2017\/08\/la-tarja-colocado.jpg\" data-caption-title=\"La Tarja colocado en honor a los pilotos norteamericanos muertos en el accidente a\u00e9reo que se encontraba en la esquina superior izquierda de la foto.\" data-caption-desc=\"La Tarja colocado en honor a los pilotos norteamericanos muertos en el accidente a\u00e9reo que se encontraba en la esquina superior izquierda de la foto.\" data-attachment-id=\"25493\" data-type=\"image\" class=\"fg-thumb\"><span class=\"fg-image-wrap\"><img src=\"https:\/\/test.isladelajuventud-cuba.com\/wp-content\/uploads\/cache\/2017\/08\/la-tarja-colocado\/4056420821.jpg\" alt=\"La Tarja colocado en honor a los pilotos norteamericanos muertos en el accidente a\u00e9reo que se encontraba en la esquina superior izquierda de la foto.\" title=\"La Tarja colocado en honor a los pilotos norteamericanos muertos en el accidente a\u00e9reo que se encontraba en la esquina superior izquierda de la foto.\" width=\"150\" height=\"113\" class=\"skip-lazy fg-image\" decoding=\"async\" loading=\"lazy\"><\/span><span class=\"fg-image-overlay\"><\/span><\/a><figcaption class=\"fg-caption\"><div class=\"fg-caption-inner\"><div class=\"fg-caption-title\">La Tarja colocado en honor a los pilotos norteamericanos muertos en el accidente a\u00e9reo que se encontraba en la esquina superior izquierda de la foto.<\/div><\/div><\/figcaption><\/figure><div class=\"fg-loader\"><\/div><\/div><div class=\"fg-item fg-type-image fg-loading\"><figure class=\"fg-item-inner\"><a href=\"https:\/\/test.isladelajuventud-cuba.com\/wp-content\/uploads\/2017\/08\/la-tienda-de-manuel.jpg\" data-caption-title=\"La tienda de Manuel Lam, Vice Tesorero de la C\u00e1mara de Comercio en la Isla de Pinos. En la esquina de Benito Ortiz y Mart\u00ed .Hoy en d\u00eda es el restaurante,  El Cochinito.\" data-caption-desc=\"La tienda de Manuel Lam, Vice Tesorero de la C\u00e1mara de Comercio en la Isla de Pinos. En la esquina de Benito Ortiz y Mart\u00ed .Hoy en d\u00eda es el restaurante,  El Cochinito.\" data-attachment-id=\"25494\" data-type=\"image\" class=\"fg-thumb\"><span class=\"fg-image-wrap\"><img src=\"https:\/\/test.isladelajuventud-cuba.com\/wp-content\/uploads\/cache\/2017\/08\/la-tienda-de-manuel\/3751823965.jpg\" title=\"La tienda de Manuel Lam, Vice Tesorero de la C\u00e1mara de Comercio en la Isla de Pinos. En la esquina de Benito Ortiz y Mart\u00ed .Hoy en d\u00eda es el restaurante,  El Cochinito.\" width=\"150\" height=\"113\" class=\"skip-lazy fg-image\" decoding=\"async\" loading=\"lazy\"><\/span><span class=\"fg-image-overlay\"><\/span><\/a><figcaption class=\"fg-caption\"><div class=\"fg-caption-inner\"><div class=\"fg-caption-title\">La tienda de Manuel Lam, Vice Tesorero de la C\u00e1mara de Comercio en la Isla de Pinos. En la esquina de Benito Ortiz y Mart\u00ed .Hoy en d\u00eda es el restaurante,  El Cochinito.<\/div><\/div><\/figcaption><\/figure><div class=\"fg-loader\"><\/div><\/div><div class=\"fg-item fg-type-image fg-loading\"><figure class=\"fg-item-inner\"><a href=\"https:\/\/test.isladelajuventud-cuba.com\/wp-content\/uploads\/2017\/08\/Logia-Masonica-La-Evangelista-de-Nueva-Gerona.jpg\" data-caption-title=\"Logia Masonica La Evangelista de Nueva Gerona\" data-attachment-id=\"27229\" data-type=\"image\" class=\"fg-thumb\"><span class=\"fg-image-wrap\"><img src=\"https:\/\/test.isladelajuventud-cuba.com\/wp-content\/uploads\/cache\/2017\/08\/Logia-Masonica-La-Evangelista-de-Nueva-Gerona\/3169863852.jpg\" width=\"150\" height=\"113\" class=\"skip-lazy fg-image\" decoding=\"async\" loading=\"lazy\"><\/span><span class=\"fg-image-overlay\"><\/span><\/a><figcaption class=\"fg-caption\"><div class=\"fg-caption-inner\"><div class=\"fg-caption-title\">Logia Masonica La Evangelista de Nueva Gerona<\/div><\/div><\/figcaption><\/figure><div class=\"fg-loader\"><\/div><\/div><div class=\"fg-item fg-type-image fg-loading\"><figure class=\"fg-item-inner\"><a href=\"https:\/\/test.isladelajuventud-cuba.com\/wp-content\/uploads\/2017\/08\/Mercado-de-Micro-a-finales-de-los-80.-Llego-el-refresco-Son_.jpg\" data-caption-title=\"Mercado de Micro a finales de los 80. Llego el refresco Son\" data-caption-desc=\"Mercado de Micro a finales de los 80. Llego el refresco Son\" data-attachment-id=\"25533\" data-type=\"image\" class=\"fg-thumb\"><span class=\"fg-image-wrap\"><img src=\"https:\/\/test.isladelajuventud-cuba.com\/wp-content\/uploads\/cache\/2017\/08\/Mercado-de-Micro-a-finales-de-los-80_-Llego-el-refresco-Son_\/731618902.jpg\" alt=\"Mercado de Micro a finales de los 80. Llego el refresco Son\" title=\"Mercado de Micro a finales de los 80. Llego el refresco Son\" width=\"150\" height=\"113\" class=\"skip-lazy fg-image\" decoding=\"async\" loading=\"lazy\"><\/span><span class=\"fg-image-overlay\"><\/span><\/a><figcaption class=\"fg-caption\"><div class=\"fg-caption-inner\"><div class=\"fg-caption-title\">Mercado de Micro a finales de los 80. Llego el refresco Son<\/div><\/div><\/figcaption><\/figure><div class=\"fg-loader\"><\/div><\/div><div class=\"fg-item fg-type-image fg-loading\"><figure class=\"fg-item-inner\"><a href=\"https:\/\/test.isladelajuventud-cuba.com\/wp-content\/uploads\/2017\/08\/Monumento-a-Cosme-de-la-Torriente-en-1967.jpg\" data-caption-title=\"Monumento a Cosme de la Torriente en 1967\" data-caption-desc=\"Monumento a Cosme de la Torriente en 1967\" data-attachment-id=\"25534\" data-type=\"image\" class=\"fg-thumb\"><span class=\"fg-image-wrap\"><img src=\"https:\/\/test.isladelajuventud-cuba.com\/wp-content\/uploads\/cache\/2017\/08\/Monumento-a-Cosme-de-la-Torriente-en-1967\/580904812.jpg\" alt=\"Monumento a Cosme de la Torriente en 1967\" title=\"Monumento a Cosme de la Torriente en 1967\" width=\"150\" height=\"113\" class=\"skip-lazy fg-image\" decoding=\"async\" loading=\"lazy\"><\/span><span class=\"fg-image-overlay\"><\/span><\/a><figcaption class=\"fg-caption\"><div class=\"fg-caption-inner\"><div class=\"fg-caption-title\">Monumento a Cosme de la Torriente en 1967<\/div><\/div><\/figcaption><\/figure><div class=\"fg-loader\"><\/div><\/div><div class=\"fg-item fg-type-image fg-loading\"><figure class=\"fg-item-inner\"><a href=\"https:\/\/test.isladelajuventud-cuba.com\/wp-content\/uploads\/2017\/08\/Monumento-a-Jos\u00ae-Mart\u00a1.jpg\" data-caption-title=\"Monumento a Jos\u00e9 Mart\u00ed\" data-caption-desc=\"Monumento a Jos\u00e9 Mart\u00ed\" data-attachment-id=\"25521\" data-type=\"image\" class=\"fg-thumb\"><span class=\"fg-image-wrap\"><img src=\"https:\/\/test.isladelajuventud-cuba.com\/wp-content\/uploads\/cache\/2017\/08\/Monumento-a-Jos\u00ae-Mart\u00a1\/1586082829.jpg\" alt=\"Monumento a Jos\u00e9 Mart\u00ed\" title=\"Monumento a Jos\u00e9 Mart\u00ed\" width=\"150\" height=\"113\" class=\"skip-lazy fg-image\" decoding=\"async\" loading=\"lazy\"><\/span><span class=\"fg-image-overlay\"><\/span><\/a><figcaption class=\"fg-caption\"><div class=\"fg-caption-inner\"><div class=\"fg-caption-title\">Monumento a Jos\u00e9 Mart\u00ed<\/div><\/div><\/figcaption><\/figure><div class=\"fg-loader\"><\/div><\/div><div class=\"fg-item fg-type-image fg-loading\"><figure class=\"fg-item-inner\"><a href=\"https:\/\/test.isladelajuventud-cuba.com\/wp-content\/uploads\/2017\/08\/monumento-de-las-madres.jpg\" data-caption-title=\"Monumento a las Madres de iniciativa de la logia de los Masones que ya hab\u00eda cerrada por uno de los Gobernadores de turno; Sr Williams G\u00e1lvez. Al extremo izquierdo al fondo de este monumento se observa el Monumento de Cosme de la Torriente.\" data-caption-desc=\"Monumento a las Madres de iniciativa de la logia de los Masones que ya hab\u00eda cerrada por uno de los Gobernadores de turno; Sr Williams G\u00e1lvez. Al extremo izquierdo al fondo de este monumento se observa el Monumento de Cosme de la Torriente.\" data-attachment-id=\"25495\" data-type=\"image\" class=\"fg-thumb\"><span class=\"fg-image-wrap\"><img src=\"https:\/\/test.isladelajuventud-cuba.com\/wp-content\/uploads\/cache\/2017\/08\/monumento-de-las-madres\/1750261459.jpg\" alt=\"Monumento a las Madres de iniciativa de la logia de los Masones que ya hab\u00eda cerrada por uno de los Gobernadores de turno; Sr Williams G\u00e1lvez. Al extremo izquierdo al fondo de este monumento se observa el Monumento de Cosme de la Torriente.\" title=\"Monumento a las Madres de iniciativa de la logia de los Masones que ya hab\u00eda cerrada por uno de los Gobernadores de turno; Sr Williams G\u00e1lvez. Al extremo izquierdo al fondo de este monumento se observa el Monumento de Cosme de la Torriente.\" width=\"150\" height=\"113\" class=\"skip-lazy fg-image\" decoding=\"async\" loading=\"lazy\"><\/span><span class=\"fg-image-overlay\"><\/span><\/a><figcaption class=\"fg-caption\"><div class=\"fg-caption-inner\"><div class=\"fg-caption-title\">Monumento a las Madres de iniciativa de la logia de los Masones que ya hab\u00eda cerrada por uno de los Gobernadores de turno; Sr Williams G\u00e1lvez. Al extremo izquierdo al fondo de este monumento se observa el Monumento de Cosme de la Torriente.<\/div><\/div><\/figcaption><\/figure><div class=\"fg-loader\"><\/div><\/div><div class=\"fg-item fg-type-image fg-loading\"><figure class=\"fg-item-inner\"><a href=\"https:\/\/test.isladelajuventud-cuba.com\/wp-content\/uploads\/2017\/08\/Muelle-de-Nueva-Gerona-en-1912.-Foto-Archivo-Historico-Municipal.jpg\" data-caption-title=\"Muelle de Nueva Gerona en 1912. Foto Archivo Hist\u00f3rico Municipal.\" data-attachment-id=\"36284\" data-type=\"image\" class=\"fg-thumb\"><span class=\"fg-image-wrap\"><img src=\"https:\/\/test.isladelajuventud-cuba.com\/wp-content\/uploads\/cache\/2017\/08\/Muelle-de-Nueva-Gerona-en-1912_-Foto-Archivo-Historico-Municipal\/602588898.jpg\" width=\"150\" height=\"113\" class=\"skip-lazy fg-image\" decoding=\"async\" loading=\"lazy\"><\/span><span class=\"fg-image-overlay\"><\/span><\/a><figcaption class=\"fg-caption\"><div class=\"fg-caption-inner\"><div class=\"fg-caption-title\">Muelle de Nueva Gerona en 1912. Foto Archivo Hist\u00f3rico Municipal.<\/div><\/div><\/figcaption><\/figure><div class=\"fg-loader\"><\/div><\/div><div class=\"fg-item fg-type-image fg-loading\"><figure class=\"fg-item-inner\"><a href=\"https:\/\/test.isladelajuventud-cuba.com\/wp-content\/uploads\/2017\/08\/Nueva-Gerona-1.jpg\" data-caption-title=\"Nueva Gerona\" data-caption-desc=\"Nueva Gerona\" data-attachment-id=\"24914\" data-type=\"image\" class=\"fg-thumb\"><span class=\"fg-image-wrap\"><img src=\"https:\/\/test.isladelajuventud-cuba.com\/wp-content\/uploads\/cache\/2017\/08\/Nueva-Gerona-1\/1791912466.jpg\" alt=\"Nueva Gerona\" title=\"Nueva Gerona\" width=\"150\" height=\"113\" class=\"skip-lazy fg-image\" decoding=\"async\" loading=\"lazy\"><\/span><span class=\"fg-image-overlay\"><\/span><\/a><figcaption class=\"fg-caption\"><div class=\"fg-caption-inner\"><div class=\"fg-caption-title\">Nueva Gerona<\/div><\/div><\/figcaption><\/figure><div class=\"fg-loader\"><\/div><\/div><div class=\"fg-item fg-type-image fg-loading\"><figure class=\"fg-item-inner\"><a href=\"https:\/\/test.isladelajuventud-cuba.com\/wp-content\/uploads\/2017\/08\/Nueva-Gerona.jpg\" data-caption-title=\"Nueva Gerona\" data-caption-desc=\"Nueva Gerona\" data-attachment-id=\"24916\" data-type=\"image\" class=\"fg-thumb\"><span class=\"fg-image-wrap\"><img src=\"https:\/\/test.isladelajuventud-cuba.com\/wp-content\/uploads\/cache\/2017\/08\/Nueva-Gerona\/2084147237.jpg\" alt=\"Nueva Gerona\" title=\"Nueva Gerona\" width=\"150\" height=\"113\" class=\"skip-lazy fg-image\" decoding=\"async\" loading=\"lazy\"><\/span><span class=\"fg-image-overlay\"><\/span><\/a><figcaption class=\"fg-caption\"><div class=\"fg-caption-inner\"><div class=\"fg-caption-title\">Nueva Gerona<\/div><\/div><\/figcaption><\/figure><div class=\"fg-loader\"><\/div><\/div><div class=\"fg-item fg-type-image fg-loading\"><figure class=\"fg-item-inner\"><a href=\"https:\/\/test.isladelajuventud-cuba.com\/wp-content\/uploads\/2014\/04\/Nueva-Gerona.jpg\" data-caption-title=\"Nueva Gerona\" data-attachment-id=\"30716\" data-type=\"image\" class=\"fg-thumb\"><span class=\"fg-image-wrap\"><img src=\"https:\/\/test.isladelajuventud-cuba.com\/wp-content\/uploads\/cache\/2014\/04\/Nueva-Gerona\/853286886.jpg\" width=\"150\" height=\"113\" class=\"skip-lazy fg-image\" decoding=\"async\" loading=\"lazy\"><\/span><span class=\"fg-image-overlay\"><\/span><\/a><figcaption class=\"fg-caption\"><div class=\"fg-caption-inner\"><div class=\"fg-caption-title\">Nueva Gerona<\/div><\/div><\/figcaption><\/figure><div class=\"fg-loader\"><\/div><\/div><div class=\"fg-item fg-type-image fg-loading\"><figure class=\"fg-item-inner\"><a href=\"https:\/\/test.isladelajuventud-cuba.com\/wp-content\/uploads\/2017\/08\/Nueva-Gerona-1912.-Foto-Archivo-Hist\u00f3rico-Municipal.png\" data-caption-title=\"Nueva Gerona 1912. Foto Archivo Hist\u00f3rico Municipal\" data-attachment-id=\"36286\" data-type=\"image\" class=\"fg-thumb\"><span class=\"fg-image-wrap\"><img src=\"https:\/\/test.isladelajuventud-cuba.com\/wp-content\/uploads\/cache\/2017\/08\/Nueva-Gerona-1912_-Foto-Archivo-Hist\u00f3rico-Municipal\/2041985072.png\" width=\"150\" height=\"113\" class=\"skip-lazy fg-image\" decoding=\"async\" loading=\"lazy\"><\/span><span class=\"fg-image-overlay\"><\/span><\/a><figcaption class=\"fg-caption\"><div class=\"fg-caption-inner\"><div class=\"fg-caption-title\">Nueva Gerona 1912. Foto Archivo Hist\u00f3rico Municipal<\/div><\/div><\/figcaption><\/figure><div class=\"fg-loader\"><\/div><\/div><div class=\"fg-item fg-type-image fg-loading\"><figure class=\"fg-item-inner\"><a href=\"https:\/\/test.isladelajuventud-cuba.com\/wp-content\/uploads\/2017\/08\/Nueva-Gerona-1912.-Foto-Archivo-Hist\u00f3rico-Municipal.-1.jpg\" data-caption-title=\"Nueva Gerona 1912. Foto Archivo Hist\u00f3rico Municipal.\" data-attachment-id=\"36285\" data-type=\"image\" class=\"fg-thumb\"><span class=\"fg-image-wrap\"><img src=\"https:\/\/test.isladelajuventud-cuba.com\/wp-content\/uploads\/cache\/2017\/08\/Nueva-Gerona-1912_-Foto-Archivo-Hist\u00f3rico-Municipal_-1\/3689572682.jpg\" width=\"150\" height=\"113\" class=\"skip-lazy fg-image\" decoding=\"async\" loading=\"lazy\"><\/span><span class=\"fg-image-overlay\"><\/span><\/a><figcaption class=\"fg-caption\"><div class=\"fg-caption-inner\"><div class=\"fg-caption-title\">Nueva Gerona 1912. Foto Archivo Hist\u00f3rico Municipal.<\/div><\/div><\/figcaption><\/figure><div class=\"fg-loader\"><\/div><\/div><div class=\"fg-item fg-type-image fg-loading\"><figure class=\"fg-item-inner\"><a href=\"https:\/\/test.isladelajuventud-cuba.com\/wp-content\/uploads\/2017\/08\/Nueva-Gerona-a\u00a6o-1899.jpg\" data-caption-title=\"Nueva Gerona a\u00f1o 1899\" data-caption-desc=\"Nueva Gerona a\u00f1o 1899\" data-attachment-id=\"24828\" data-type=\"image\" class=\"fg-thumb\"><span class=\"fg-image-wrap\"><img src=\"https:\/\/test.isladelajuventud-cuba.com\/wp-content\/uploads\/cache\/2017\/08\/Nueva-Gerona-a\u00a6o-1899\/921307695.jpg\" alt=\"Nueva Gerona a\u00f1o 1899\" title=\"Nueva Gerona a\u00f1o 1899\" width=\"150\" height=\"113\" class=\"skip-lazy fg-image\" decoding=\"async\" loading=\"lazy\"><\/span><span class=\"fg-image-overlay\"><\/span><\/a><figcaption class=\"fg-caption\"><div class=\"fg-caption-inner\"><div class=\"fg-caption-title\">Nueva Gerona a\u00f1o 1899<\/div><\/div><\/figcaption><\/figure><div class=\"fg-loader\"><\/div><\/div><div class=\"fg-item fg-type-image fg-loading\"><figure class=\"fg-item-inner\"><a href=\"https:\/\/test.isladelajuventud-cuba.com\/wp-content\/uploads\/2017\/08\/obras-que-han-perdurado.jpg\" data-caption-title=\"Obras que han perdurado en la Isla construidas o terminadas durante el Gobierno de Gerardo Machado. La Escuela Luis de la Masa Arredondo, hoy Escuela de Arte. En la foto se observa  la escuela con el primer techo que tuvo derribado por el cicl\u00f3n de 1944\" data-caption-desc=\"Obras que han perdurado en la Isla construidas o terminadas durante el Gobierno de Gerardo Machado. La Escuela Luis de la Masa Arredondo, hoy Escuela de Arte. En la foto se observa  la escuela con el primer techo que tuvo derribado por el cicl\u00f3n de 1944\" data-attachment-id=\"25496\" data-type=\"image\" class=\"fg-thumb\"><span class=\"fg-image-wrap\"><img src=\"https:\/\/test.isladelajuventud-cuba.com\/wp-content\/uploads\/cache\/2017\/08\/obras-que-han-perdurado\/1107711804.jpg\" alt=\"Obras que han perdurado en la Isla construidas o terminadas durante el Gobierno de Gerardo Machado. La Escuela Luis de la Masa Arredondo, hoy Escuela de Arte. En la foto se observa la escuela con el primer techo que tuvo derribado por el cicl\u00f3n de 1944\" title=\"Obras que han perdurado en la Isla construidas o terminadas durante el Gobierno de Gerardo Machado. La Escuela Luis de la Masa Arredondo, hoy Escuela de Arte. En la foto se observa  la escuela con el primer techo que tuvo derribado por el cicl\u00f3n de 1944\" width=\"150\" height=\"113\" class=\"skip-lazy fg-image\" decoding=\"async\" loading=\"lazy\"><\/span><span class=\"fg-image-overlay\"><\/span><\/a><figcaption class=\"fg-caption\"><div class=\"fg-caption-inner\"><div class=\"fg-caption-title\">Obras que han perdurado en la Isla construidas o terminadas durante el Gobierno de Gerardo Machado. La Escuela Luis de la Masa Arredondo, hoy Escuela de Arte. En la foto se observa  la escuela con el primer techo que tuvo derribado por el cicl\u00f3n de 1944<\/div><\/div><\/figcaption><\/figure><div class=\"fg-loader\"><\/div><\/div><div class=\"fg-item fg-type-image fg-loading\"><figure class=\"fg-item-inner\"><a href=\"https:\/\/test.isladelajuventud-cuba.com\/wp-content\/uploads\/2017\/08\/ocurrian-ya-los-ultimos.jpg\" data-caption-title=\"Ocurr\u00edan ya los \u00faltimos meses del a\u00f1o 1967 cuando aparecen buld\u00f3cer y camiones en el Parque Lacret y comienza un duro golpe a los recuerdos, a los sentimientos de m\u00e1s de 10 000 habitantes de esta peque\u00f1a Isla, la orden  de desaparecer dicho parque. En ese momento el que m\u00e1s mandaba en La Isla era un militar: Carlos Mir Marrero.\" data-caption-desc=\"Ocurr\u00edan ya los \u00faltimos meses del a\u00f1o 1967 cuando aparecen buld\u00f3cer y camiones en el Parque Lacret y comienza un duro golpe a los recuerdos, a los sentimientos de m\u00e1s de 10 000 habitantes de esta peque\u00f1a Isla, la orden  de desaparecer dicho parque. En ese momento el que m\u00e1s mandaba en La Isla era un militar: Carlos Mir Marrero.\" data-attachment-id=\"25497\" data-type=\"image\" class=\"fg-thumb\"><span class=\"fg-image-wrap\"><img src=\"https:\/\/test.isladelajuventud-cuba.com\/wp-content\/uploads\/cache\/2017\/08\/ocurrian-ya-los-ultimos\/812812006.jpg\" alt=\"Ocurr\u00edan ya los \u00faltimos meses del a\u00f1o 1967 cuando aparecen buld\u00f3cer y camiones en el Parque Lacret y comienza un duro golpe a los recuerdos, a los sentimientos de m\u00e1s de 10 000 habitantes de esta peque\u00f1a Isla, la orden de desaparecer dicho parque. En ese momento el que m\u00e1s mandaba en La Isla era un militar: Carlos Mir Marrero.\" title=\"Ocurr\u00edan ya los \u00faltimos meses del a\u00f1o 1967 cuando aparecen buld\u00f3cer y camiones en el Parque Lacret y comienza un duro golpe a los recuerdos, a los sentimientos de m\u00e1s de 10 000 habitantes de esta peque\u00f1a Isla, la orden  de desaparecer dicho parque. En ese momento el que m\u00e1s mandaba en La Isla era un militar: Carlos Mir Marrero.\" width=\"150\" height=\"113\" class=\"skip-lazy fg-image\" decoding=\"async\" loading=\"lazy\"><\/span><span class=\"fg-image-overlay\"><\/span><\/a><figcaption class=\"fg-caption\"><div class=\"fg-caption-inner\"><div class=\"fg-caption-title\">Ocurr\u00edan ya los \u00faltimos meses del a\u00f1o 1967 cuando aparecen buld\u00f3cer y camiones en el Parque Lacret y comienza un duro golpe a los recuerdos, a los sentimientos de m\u00e1s de 10 000 habitantes de esta peque\u00f1a Isla, la orden  de desaparecer dicho parque. En ese momento el que m\u00e1s mandaba en La Isla era un militar: Carlos Mir Marrero.<\/div><\/div><\/figcaption><\/figure><div class=\"fg-loader\"><\/div><\/div><div class=\"fg-item fg-type-image fg-loading\"><figure class=\"fg-item-inner\"><a href=\"https:\/\/test.isladelajuventud-cuba.com\/wp-content\/uploads\/2017\/08\/Oficina-La-Expresso-Aereo-Norteamericano-S.-A.-cerca-de-lo-que-fue-Foto-Gerona.jpg\" data-caption-title=\"Oficina, La Expresso Aereo Norteamericano S. A. cerca de lo que fue Foto Gerona\" data-attachment-id=\"27227\" data-type=\"image\" class=\"fg-thumb\"><span class=\"fg-image-wrap\"><img src=\"https:\/\/test.isladelajuventud-cuba.com\/wp-content\/uploads\/cache\/2017\/08\/Oficina-La-Expresso-Aereo-Norteamericano-S_-A_-cerca-de-lo-que-fue-Foto-Gerona\/104274850.jpg\" width=\"150\" height=\"113\" class=\"skip-lazy fg-image\" decoding=\"async\" loading=\"lazy\"><\/span><span class=\"fg-image-overlay\"><\/span><\/a><figcaption class=\"fg-caption\"><div class=\"fg-caption-inner\"><div class=\"fg-caption-title\">Oficina, La Expresso Aereo Norteamericano S. A. cerca de lo que fue Foto Gerona<\/div><\/div><\/figcaption><\/figure><div class=\"fg-loader\"><\/div><\/div><div class=\"fg-item fg-type-image fg-loading\"><figure class=\"fg-item-inner\"><a href=\"https:\/\/test.isladelajuventud-cuba.com\/wp-content\/uploads\/2017\/08\/Oficina-de-Cubana-de-Aviaci\u00a6n-en-la-decada-de-1960.jpg\" data-caption-title=\"Oficina de Cubana de Aviaci+\u00a6n en la decada de 1960\" data-attachment-id=\"27228\" data-type=\"image\" class=\"fg-thumb\"><span class=\"fg-image-wrap\"><img src=\"https:\/\/test.isladelajuventud-cuba.com\/wp-content\/uploads\/cache\/2017\/08\/Oficina-de-Cubana-de-Aviaci\u00a6n-en-la-decada-de-1960\/1962127404.jpg\" width=\"150\" height=\"113\" class=\"skip-lazy fg-image\" decoding=\"async\" loading=\"lazy\"><\/span><span class=\"fg-image-overlay\"><\/span><\/a><figcaption class=\"fg-caption\"><div class=\"fg-caption-inner\"><div class=\"fg-caption-title\">Oficina de Cubana de Aviaci+\u00a6n en la decada de 1960<\/div><\/div><\/figcaption><\/figure><div class=\"fg-loader\"><\/div><\/div><div class=\"fg-item fg-type-image fg-loading\"><figure class=\"fg-item-inner\"><a href=\"https:\/\/test.isladelajuventud-cuba.com\/wp-content\/uploads\/2017\/08\/parada-infantil.jpg\" data-caption-title=\"parada-infantil\" data-attachment-id=\"27221\" data-type=\"image\" class=\"fg-thumb\"><span class=\"fg-image-wrap\"><img src=\"https:\/\/test.isladelajuventud-cuba.com\/wp-content\/uploads\/cache\/2017\/08\/parada-infantil\/2188854927.jpg\" width=\"150\" height=\"113\" class=\"skip-lazy fg-image\" decoding=\"async\" loading=\"lazy\"><\/span><span class=\"fg-image-overlay\"><\/span><\/a><figcaption class=\"fg-caption\"><div class=\"fg-caption-inner\"><div class=\"fg-caption-title\">parada-infantil<\/div><\/div><\/figcaption><\/figure><div class=\"fg-loader\"><\/div><\/div><div class=\"fg-item fg-type-image fg-loading\"><figure class=\"fg-item-inner\"><a href=\"https:\/\/test.isladelajuventud-cuba.com\/wp-content\/uploads\/2017\/08\/parque-lacret.jpg\" data-caption-title=\"parque-lacret\" data-attachment-id=\"27223\" data-type=\"image\" class=\"fg-thumb\"><span class=\"fg-image-wrap\"><img src=\"https:\/\/test.isladelajuventud-cuba.com\/wp-content\/uploads\/cache\/2017\/08\/parque-lacret\/2569346475.jpg\" width=\"150\" height=\"113\" class=\"skip-lazy fg-image\" decoding=\"async\" loading=\"lazy\"><\/span><span class=\"fg-image-overlay\"><\/span><\/a><figcaption class=\"fg-caption\"><div class=\"fg-caption-inner\"><div class=\"fg-caption-title\">parque-lacret<\/div><\/div><\/figcaption><\/figure><div class=\"fg-loader\"><\/div><\/div><div class=\"fg-item fg-type-image fg-loading\"><figure class=\"fg-item-inner\"><a href=\"https:\/\/test.isladelajuventud-cuba.com\/wp-content\/uploads\/2017\/08\/Parque-Lacret-1.jpg\" data-caption-title=\"Parque Lacret\" data-caption-desc=\"Parque Lacret\" data-attachment-id=\"24929\" data-type=\"image\" class=\"fg-thumb\"><span class=\"fg-image-wrap\"><img src=\"https:\/\/test.isladelajuventud-cuba.com\/wp-content\/uploads\/cache\/2017\/08\/Parque-Lacret-1\/3708455631.jpg\" alt=\"Parque Lacret\" title=\"Parque Lacret\" width=\"150\" height=\"113\" class=\"skip-lazy fg-image\" decoding=\"async\" loading=\"lazy\"><\/span><span class=\"fg-image-overlay\"><\/span><\/a><figcaption class=\"fg-caption\"><div class=\"fg-caption-inner\"><div class=\"fg-caption-title\">Parque Lacret<\/div><\/div><\/figcaption><\/figure><div class=\"fg-loader\"><\/div><\/div><div class=\"fg-item fg-type-image fg-loading\"><figure class=\"fg-item-inner\"><a href=\"https:\/\/test.isladelajuventud-cuba.com\/wp-content\/uploads\/2017\/08\/Parque-Lacret-2.jpg\" data-caption-title=\"Parque Lacret\" data-caption-desc=\"Parque Lacret\" data-attachment-id=\"24930\" data-type=\"image\" class=\"fg-thumb\"><span class=\"fg-image-wrap\"><img src=\"https:\/\/test.isladelajuventud-cuba.com\/wp-content\/uploads\/cache\/2017\/08\/Parque-Lacret-2\/2302507841.jpg\" alt=\"Parque Lacret\" title=\"Parque Lacret\" width=\"150\" height=\"113\" class=\"skip-lazy fg-image\" decoding=\"async\" loading=\"lazy\"><\/span><span class=\"fg-image-overlay\"><\/span><\/a><figcaption class=\"fg-caption\"><div class=\"fg-caption-inner\"><div class=\"fg-caption-title\">Parque Lacret<\/div><\/div><\/figcaption><\/figure><div class=\"fg-loader\"><\/div><\/div><div class=\"fg-item fg-type-image fg-loading\"><figure class=\"fg-item-inner\"><a href=\"https:\/\/test.isladelajuventud-cuba.com\/wp-content\/uploads\/2017\/08\/Parque-Lacret-.jpg\" data-caption-title=\"Parque Lacret\" data-caption-desc=\"Parque Lacret\" data-attachment-id=\"24934\" data-type=\"image\" class=\"fg-thumb\"><span class=\"fg-image-wrap\"><img src=\"https:\/\/test.isladelajuventud-cuba.com\/wp-content\/uploads\/cache\/2017\/08\/Parque-Lacret-\/3074727181.jpg\" alt=\"Parque Lacret\" title=\"Parque Lacret\" width=\"150\" height=\"113\" class=\"skip-lazy fg-image\" decoding=\"async\" loading=\"lazy\"><\/span><span class=\"fg-image-overlay\"><\/span><\/a><figcaption class=\"fg-caption\"><div class=\"fg-caption-inner\"><div class=\"fg-caption-title\">Parque Lacret<\/div><\/div><\/figcaption><\/figure><div class=\"fg-loader\"><\/div><\/div><div class=\"fg-item fg-type-image fg-loading\"><figure class=\"fg-item-inner\"><a href=\"https:\/\/test.isladelajuventud-cuba.com\/wp-content\/uploads\/2017\/08\/Parque-Lacret-.A\u00a6o-1990.jpg\" data-caption-title=\"Parque Lacret . A\u00f1o 1990\" data-caption-desc=\"Parque Lacret . A\u00f1o 1990\" data-attachment-id=\"24933\" data-type=\"image\" class=\"fg-thumb\"><span class=\"fg-image-wrap\"><img src=\"https:\/\/test.isladelajuventud-cuba.com\/wp-content\/uploads\/cache\/2017\/08\/Parque-Lacret-_A\u00a6o-1990\/1250151163.jpg\" alt=\"Parque Lacret . A\u00f1o 1990\" title=\"Parque Lacret . A\u00f1o 1990\" width=\"150\" height=\"113\" class=\"skip-lazy fg-image\" decoding=\"async\" loading=\"lazy\"><\/span><span class=\"fg-image-overlay\"><\/span><\/a><figcaption class=\"fg-caption\"><div class=\"fg-caption-inner\"><div class=\"fg-caption-title\">Parque Lacret . A\u00f1o 1990<\/div><\/div><\/figcaption><\/figure><div class=\"fg-loader\"><\/div><\/div><div class=\"fg-item fg-type-image fg-loading\"><figure class=\"fg-item-inner\"><a href=\"https:\/\/test.isladelajuventud-cuba.com\/wp-content\/uploads\/2017\/08\/Parque-Lacret.-Foto-Archivo-Hisotrico-Municipal..jpg\" data-caption-title=\"Parque Lacret. Foto Archivo Hist\u00f3rico Municipal.\" data-attachment-id=\"36287\" data-type=\"image\" class=\"fg-thumb\"><span class=\"fg-image-wrap\"><img src=\"https:\/\/test.isladelajuventud-cuba.com\/wp-content\/uploads\/cache\/2017\/08\/Parque-Lacret_-Foto-Archivo-Hisotrico-Municipal_\/4215931123.jpg\" width=\"150\" height=\"113\" class=\"skip-lazy fg-image\" decoding=\"async\" loading=\"lazy\"><\/span><span class=\"fg-image-overlay\"><\/span><\/a><figcaption class=\"fg-caption\"><div class=\"fg-caption-inner\"><div class=\"fg-caption-title\">Parque Lacret. Foto Archivo Hist\u00f3rico Municipal.<\/div><\/div><\/figcaption><\/figure><div class=\"fg-loader\"><\/div><\/div><div class=\"fg-item fg-type-image fg-loading\"><figure class=\"fg-item-inner\"><a href=\"https:\/\/test.isladelajuventud-cuba.com\/wp-content\/uploads\/2017\/08\/Piscina-Olimpica-en-el-reparto-Micro-70.A\u00a6o-1982.jpg\" data-caption-title=\"Piscina Olimpica en el reparto Micro 70.A+\u00a6o 1982\" data-attachment-id=\"27226\" data-type=\"image\" class=\"fg-thumb\"><span class=\"fg-image-wrap\"><img src=\"https:\/\/test.isladelajuventud-cuba.com\/wp-content\/uploads\/cache\/2017\/08\/Piscina-Olimpica-en-el-reparto-Micro-70_A\u00a6o-1982\/3854347145.jpg\" width=\"150\" height=\"113\" class=\"skip-lazy fg-image\" decoding=\"async\" loading=\"lazy\"><\/span><span class=\"fg-image-overlay\"><\/span><\/a><figcaption class=\"fg-caption\"><div class=\"fg-caption-inner\"><div class=\"fg-caption-title\">Piscina Olimpica en el reparto Micro 70.A+\u00a6o 1982<\/div><\/div><\/figcaption><\/figure><div class=\"fg-loader\"><\/div><\/div><div class=\"fg-item fg-type-image fg-loading\"><figure class=\"fg-item-inner\"><a href=\"https:\/\/test.isladelajuventud-cuba.com\/wp-content\/uploads\/2017\/08\/Piscina-olimpica-inaugurada-en-la-d\u00e9cada-de-los-80-con-capacidad-de-250-ba\u00f1istas-una-superficie-de-50-x-50-y-una-profundidad-de-4-mts..jpg\" data-caption-title=\"Piscina ol\u00edmpica inaugurada en la d\u00e9cada de los 80, con capacidad de 250 ba\u00f1istas, una superficie de 50 x 50 mtrs  y una profundidad de 4 mts.\" data-attachment-id=\"36241\" data-type=\"image\" class=\"fg-thumb\"><span class=\"fg-image-wrap\"><img src=\"https:\/\/test.isladelajuventud-cuba.com\/wp-content\/uploads\/cache\/2017\/08\/Piscina-olimpica-inaugurada-en-la-d\u00e9cada-de-los-80-con-capacidad-de-250-ba\u00f1istas-una-superficie-de-50-x-50-y-una-profundidad-de-4-mts_\/1830023446.jpg\" width=\"150\" height=\"113\" class=\"skip-lazy fg-image\" decoding=\"async\" loading=\"lazy\"><\/span><span class=\"fg-image-overlay\"><\/span><\/a><figcaption class=\"fg-caption\"><div class=\"fg-caption-inner\"><div class=\"fg-caption-title\">Piscina ol\u00edmpica inaugurada en la d\u00e9cada de los 80, con capacidad de 250 ba\u00f1istas, una superficie de 50 x 50 mtrs  y una profundidad de 4 mts.<\/div><\/div><\/figcaption><\/figure><div class=\"fg-loader\"><\/div><\/div><div class=\"fg-item fg-type-image fg-loading\"><figure class=\"fg-item-inner\"><a href=\"https:\/\/test.isladelajuventud-cuba.com\/wp-content\/uploads\/2017\/08\/242261108_421163772957611_5175648128164483738_n.jpg\" data-caption-title=\"Piscina ol\u00edmpica inaugurada en la d\u00e9cada de los 80, con capacidad de 250 ba\u00f1istas, una superficie de 50 x 50 mtrs y una profundidad de 4 mts.\" data-attachment-id=\"36242\" data-type=\"image\" class=\"fg-thumb\"><span class=\"fg-image-wrap\"><img src=\"https:\/\/test.isladelajuventud-cuba.com\/wp-content\/uploads\/cache\/2017\/08\/242261108_421163772957611_5175648128164483738_n\/2807282412.jpg\" width=\"150\" height=\"113\" class=\"skip-lazy fg-image\" decoding=\"async\" loading=\"lazy\"><\/span><span class=\"fg-image-overlay\"><\/span><\/a><figcaption class=\"fg-caption\"><div class=\"fg-caption-inner\"><div class=\"fg-caption-title\">Piscina ol\u00edmpica inaugurada en la d\u00e9cada de los 80, con capacidad de 250 ba\u00f1istas, una superficie de 50 x 50 mtrs y una profundidad de 4 mts.<\/div><\/div><\/figcaption><\/figure><div class=\"fg-loader\"><\/div><\/div><div class=\"fg-item fg-type-image fg-loading\"><figure class=\"fg-item-inner\"><a href=\"https:\/\/test.isladelajuventud-cuba.com\/wp-content\/uploads\/2017\/08\/WhatsApp-Image-2021-03-26-at-16.57.20.jpeg\" data-caption-title=\"Planta Electrica de Nueva Gerona en 1977.\" data-attachment-id=\"35875\" data-type=\"image\" class=\"fg-thumb\"><span class=\"fg-image-wrap\"><img src=\"https:\/\/test.isladelajuventud-cuba.com\/wp-content\/uploads\/cache\/2017\/08\/WhatsApp-Image-2021-03-26-at-16_57_20\/1898536138.jpeg\" width=\"150\" height=\"113\" class=\"skip-lazy fg-image\" decoding=\"async\" loading=\"lazy\"><\/span><span class=\"fg-image-overlay\"><\/span><\/a><figcaption class=\"fg-caption\"><div class=\"fg-caption-inner\"><div class=\"fg-caption-title\">Planta Electrica de Nueva Gerona en 1977.<\/div><\/div><\/figcaption><\/figure><div class=\"fg-loader\"><\/div><\/div><div class=\"fg-item fg-type-image fg-loading\"><figure class=\"fg-item-inner\"><a href=\"https:\/\/test.isladelajuventud-cuba.com\/wp-content\/uploads\/2017\/08\/Planta-El\u00aectrica-a\u00a6o-1950.jpg\" data-caption-title=\"Planta El\u00e9ctrica, a\u00f1o 1950\" data-caption-desc=\"Planta El\u00e9ctrica, a\u00f1o 1950\" data-attachment-id=\"24829\" data-type=\"image\" class=\"fg-thumb\"><span class=\"fg-image-wrap\"><img src=\"https:\/\/test.isladelajuventud-cuba.com\/wp-content\/uploads\/cache\/2017\/08\/Planta-El\u00aectrica-a\u00a6o-1950\/3951137310.jpg\" alt=\"Planta El\u00e9ctrica, a\u00f1o 1950\" title=\"Planta El\u00e9ctrica, a\u00f1o 1950\" width=\"150\" height=\"113\" class=\"skip-lazy fg-image\" decoding=\"async\" loading=\"lazy\"><\/span><span class=\"fg-image-overlay\"><\/span><\/a><figcaption class=\"fg-caption\"><div class=\"fg-caption-inner\"><div class=\"fg-caption-title\">Planta El\u00e9ctrica, a\u00f1o 1950<\/div><\/div><\/figcaption><\/figure><div class=\"fg-loader\"><\/div><\/div><div class=\"fg-item fg-type-image fg-loading\"><figure class=\"fg-item-inner\"><a href=\"https:\/\/test.isladelajuventud-cuba.com\/wp-content\/uploads\/2017\/08\/Principios-de-los-a\u00a6os-50.El-Garage-de-los-Sundstroms.Esquina-llamada-Marti-y-Zayaz-Bazan.jpg\" data-caption-title=\"Principios de los a\u00f1os 50. El Garage de los Sundstroms. Esquina  llamada Marti y Zayaz Bazan\" data-caption-desc=\"Principios de los a\u00f1os 50. El Garage de los Sundstroms. Esquina  llamada Marti y Zayaz Bazan\" data-attachment-id=\"24917\" data-type=\"image\" class=\"fg-thumb\"><span class=\"fg-image-wrap\"><img src=\"https:\/\/test.isladelajuventud-cuba.com\/wp-content\/uploads\/cache\/2017\/08\/Principios-de-los-a\u00a6os-50_El-Garage-de-los-Sundstroms_Esquina-llamada-Marti-y-Zayaz-Bazan\/3180707795.jpg\" alt=\"Principios de los a\u00f1os 50. El Garage de los Sundstroms. Esquina llamada Marti y Zayaz Bazan\" title=\"Principios de los a\u00f1os 50. El Garage de los Sundstroms. Esquina  llamada Marti y Zayaz Bazan\" width=\"150\" height=\"113\" class=\"skip-lazy fg-image\" decoding=\"async\" loading=\"lazy\"><\/span><span class=\"fg-image-overlay\"><\/span><\/a><figcaption class=\"fg-caption\"><div class=\"fg-caption-inner\"><div class=\"fg-caption-title\">Principios de los a\u00f1os 50. El Garage de los Sundstroms. Esquina  llamada Marti y Zayaz Bazan<\/div><\/div><\/figcaption><\/figure><div class=\"fg-loader\"><\/div><\/div><div class=\"fg-item fg-type-image fg-loading\"><figure class=\"fg-item-inner\"><a href=\"https:\/\/test.isladelajuventud-cuba.com\/wp-content\/uploads\/2017\/08\/Residencia-del-Alcalde-Don-Fernando-en-Nueva-Gerona.jpg\" data-caption-title=\"Residencia del Alcalde Don Fernando, en Nueva Gerona\" data-caption-desc=\"Residencia del Alcalde Don Fernando, en Nueva Gerona\" data-attachment-id=\"24830\" data-type=\"image\" class=\"fg-thumb\"><span class=\"fg-image-wrap\"><img src=\"https:\/\/test.isladelajuventud-cuba.com\/wp-content\/uploads\/cache\/2017\/08\/Residencia-del-Alcalde-Don-Fernando-en-Nueva-Gerona\/3256992582.jpg\" alt=\"Residencia del Alcalde Don Fernando, en Nueva Gerona\" title=\"Residencia del Alcalde Don Fernando, en Nueva Gerona\" width=\"150\" height=\"113\" class=\"skip-lazy fg-image\" decoding=\"async\" loading=\"lazy\"><\/span><span class=\"fg-image-overlay\"><\/span><\/a><figcaption class=\"fg-caption\"><div class=\"fg-caption-inner\"><div class=\"fg-caption-title\">Residencia del Alcalde Don Fernando, en Nueva Gerona<\/div><\/div><\/figcaption><\/figure><div class=\"fg-loader\"><\/div><\/div><div class=\"fg-item fg-type-image fg-loading\"><figure class=\"fg-item-inner\"><a href=\"https:\/\/test.isladelajuventud-cuba.com\/wp-content\/uploads\/2017\/08\/Sociedad-Cultural-Pinera.-Antes-calle-Benito-Ortiz-y-Carlos-M.-Cespedes.-Hoy-calle-37-esquina-24.jpg\" data-caption-title=\"Sociedad Cultural Pinera. Antes calle Benito Ortiz y Carlos M. Cespedes. Hoy calle 37 esquina 24\" data-caption-desc=\"Sociedad Cultural Pinera. Antes calle Benito Ortiz y Carlos M. Cespedes. Hoy calle 37 esquina 24\" data-attachment-id=\"24831\" data-type=\"image\" class=\"fg-thumb\"><span class=\"fg-image-wrap\"><img src=\"https:\/\/test.isladelajuventud-cuba.com\/wp-content\/uploads\/cache\/2017\/08\/Sociedad-Cultural-Pinera_-Antes-calle-Benito-Ortiz-y-Carlos-M_-Cespedes_-Hoy-calle-37-esquina-24\/1355661379.jpg\" alt=\"Sociedad Cultural Pinera. Antes calle Benito Ortiz y Carlos M. Cespedes. Hoy calle 37 esquina 24\" title=\"Sociedad Cultural Pinera. Antes calle Benito Ortiz y Carlos M. Cespedes. Hoy calle 37 esquina 24\" width=\"150\" height=\"113\" class=\"skip-lazy fg-image\" decoding=\"async\" loading=\"lazy\"><\/span><span class=\"fg-image-overlay\"><\/span><\/a><figcaption class=\"fg-caption\"><div class=\"fg-caption-inner\"><div class=\"fg-caption-title\">Sociedad Cultural Pinera. Antes calle Benito Ortiz y Carlos M. Cespedes. Hoy calle 37 esquina 24<\/div><\/div><\/figcaption><\/figure><div class=\"fg-loader\"><\/div><\/div><div class=\"fg-item fg-type-image fg-loading\"><figure class=\"fg-item-inner\"><a href=\"https:\/\/test.isladelajuventud-cuba.com\/wp-content\/uploads\/2017\/08\/Stadium-en-Nueva-Gerona.jpg\" data-caption-title=\"Stadium en Nueva Gerona\" data-caption-desc=\"Stadium en Nueva Gerona\" data-attachment-id=\"24832\" data-type=\"image\" class=\"fg-thumb\"><span class=\"fg-image-wrap\"><img src=\"https:\/\/test.isladelajuventud-cuba.com\/wp-content\/uploads\/cache\/2017\/08\/Stadium-en-Nueva-Gerona\/587787356.jpg\" alt=\"Stadium en Nueva Gerona\" title=\"Stadium en Nueva Gerona\" width=\"150\" height=\"113\" class=\"skip-lazy fg-image\" decoding=\"async\" loading=\"lazy\"><\/span><span class=\"fg-image-overlay\"><\/span><\/a><figcaption class=\"fg-caption\"><div class=\"fg-caption-inner\"><div class=\"fg-caption-title\">Stadium en Nueva Gerona<\/div><\/div><\/figcaption><\/figure><div class=\"fg-loader\"><\/div><\/div><div class=\"fg-item fg-type-image fg-loading\"><figure class=\"fg-item-inner\"><a href=\"https:\/\/test.isladelajuventud-cuba.com\/wp-content\/uploads\/2017\/08\/tienda-de-cepero.jpg\" data-caption-title=\"Tienda de Cepero Presidente de la C\u00e1mara de Comercio en la esquina de Benito Ortiz y Mart\u00ed, hoy Farmacia de Nueva Gerona.\" data-caption-desc=\"Tienda de Cepero Presidente de la C\u00e1mara de Comercio en la esquina de Benito Ortiz y Mart\u00ed, hoy Farmacia de Nueva Gerona.\" data-attachment-id=\"25498\" data-type=\"image\" class=\"fg-thumb\"><span class=\"fg-image-wrap\"><img src=\"https:\/\/test.isladelajuventud-cuba.com\/wp-content\/uploads\/cache\/2017\/08\/tienda-de-cepero\/1435495202.jpg\" alt=\"Tienda de Cepero Presidente de la C\u00e1mara de Comercio en la esquina de Benito Ortiz y Mart\u00ed, hoy Farmacia de Nueva Gerona.\" title=\"Tienda de Cepero Presidente de la C\u00e1mara de Comercio en la esquina de Benito Ortiz y Mart\u00ed, hoy Farmacia de Nueva Gerona.\" width=\"150\" height=\"113\" class=\"skip-lazy fg-image\" decoding=\"async\" loading=\"lazy\"><\/span><span class=\"fg-image-overlay\"><\/span><\/a><figcaption class=\"fg-caption\"><div class=\"fg-caption-inner\"><div class=\"fg-caption-title\">Tienda de Cepero Presidente de la C\u00e1mara de Comercio en la esquina de Benito Ortiz y Mart\u00ed, hoy Farmacia de Nueva Gerona.<\/div><\/div><\/figcaption><\/figure><div class=\"fg-loader\"><\/div><\/div><div class=\"fg-item fg-type-image fg-loading\"><figure class=\"fg-item-inner\"><a href=\"https:\/\/test.isladelajuventud-cuba.com\/wp-content\/uploads\/2017\/08\/Tienda-La-Amista-en-1990.-Tambien-fue-llamada-anteriormente-La-Violeta.jpg\" data-caption-title=\"Tienda La Amista en 1990. Tambien fue llamada  anteriormente La Violeta\" data-caption-desc=\"Tienda La Amista en 1990. Tambien fue llamada  anteriormente La Violeta\" data-attachment-id=\"24918\" data-type=\"image\" class=\"fg-thumb\"><span class=\"fg-image-wrap\"><img src=\"https:\/\/test.isladelajuventud-cuba.com\/wp-content\/uploads\/cache\/2017\/08\/Tienda-La-Amista-en-1990_-Tambien-fue-llamada-anteriormente-La-Violeta\/2555203964.jpg\" alt=\"Tienda La Amista en 1990. Tambien fue llamada anteriormente La Violeta\" title=\"Tienda La Amista en 1990. Tambien fue llamada  anteriormente La Violeta\" width=\"150\" height=\"113\" class=\"skip-lazy fg-image\" decoding=\"async\" loading=\"lazy\"><\/span><span class=\"fg-image-overlay\"><\/span><\/a><figcaption class=\"fg-caption\"><div class=\"fg-caption-inner\"><div class=\"fg-caption-title\">Tienda La Amista en 1990. Tambien fue llamada  anteriormente La Violeta<\/div><\/div><\/figcaption><\/figure><div class=\"fg-loader\"><\/div><\/div><div class=\"fg-item fg-type-image fg-loading\"><figure class=\"fg-item-inner\"><a href=\"https:\/\/test.isladelajuventud-cuba.com\/wp-content\/uploads\/2017\/08\/Vista-aerea-de-Nueva-Gerona.jpg\" data-caption-title=\"Vista aerea de Nueva Gerona\" data-caption-desc=\"Vista aerea de Nueva Gerona\" data-attachment-id=\"24919\" data-type=\"image\" class=\"fg-thumb\"><span class=\"fg-image-wrap\"><img src=\"https:\/\/test.isladelajuventud-cuba.com\/wp-content\/uploads\/cache\/2017\/08\/Vista-aerea-de-Nueva-Gerona\/2571672185.jpg\" alt=\"Vista aerea de Nueva Gerona\" title=\"Vista aerea de Nueva Gerona\" width=\"150\" height=\"113\" class=\"skip-lazy fg-image\" decoding=\"async\" loading=\"lazy\"><\/span><span class=\"fg-image-overlay\"><\/span><\/a><figcaption class=\"fg-caption\"><div class=\"fg-caption-inner\"><div class=\"fg-caption-title\">Vista aerea de Nueva Gerona<\/div><\/div><\/figcaption><\/figure><div class=\"fg-loader\"><\/div><\/div><\/div>\n<!-- FooGallery Debug Info : Start\r\n\r\nID => 24797\r\nTemplate => default\r\nDatasource => media_library\r\n\r\nFooGallery Settings\r\n===================\r\ndefault_alignment => fg-center\r\ndefault_border_size => fg-border-thin\r\ndefault_caption_desc_source => none\r\ndefault_drop_shadow => fg-shadow-small\r\ndefault_hover_effect_caption_visibility => fg-caption-hover\r\ndefault_hover_effect_transition => fg-hover-fade\r\ndefault_hover_effect_type => normal\r\ndefault_lightbox => foobox\r\ndefault_loaded_effect => fg-loaded-fade-in\r\ndefault_loading_icon => fg-loading-default\r\ndefault_spacing => 20\r\ndefault_theme => fg-light\r\ndefault_thumbnail_dimensions => \r\n   width => 150\r\n   height => 113\r\ndefault_thumbnail_link => image\r\nfoogallery_items_view => manage\r\n\r\nAttachment Info\r\n===============\r\n25522 => \r\n   url => https:\/\/test.isladelajuventud-cuba.com\/wp-content\/uploads\/2017\/08\/Al-fondo-se-observa-el-Monumento-a-Cosme-de-la-Torriente.-En-el-a\u00a6o-1967_.jpg\r\n   type => image\r\n   width => 150\r\n   height => 113\r\n31283 => \r\n   url => https:\/\/test.isladelajuventud-cuba.com\/wp-content\/uploads\/2014\/04\/80954597_3198243956893149_4137210832230547456_n.jpg\r\n   type => image\r\n   width => 150\r\n   height => 113\r\n31284 => \r\n   url => https:\/\/test.isladelajuventud-cuba.com\/wp-content\/uploads\/2014\/04\/81109574_3198244003559811_5864902194876121088_n.jpg\r\n   type => image\r\n   width => 150\r\n   height => 113\r\n25427 => \r\n   url => https:\/\/test.isladelajuventud-cuba.com\/wp-content\/uploads\/2017\/08\/Al-inicio-Paseo-Mart\u00a1-despu\u00aes-calle-39-hoy-Boulevard-Jos\u00ae-Mart\u00a1-1.jpg\r\n   type => image\r\n   width => 150\r\n   height => 113\r\n25428 => \r\n   url => https:\/\/test.isladelajuventud-cuba.com\/wp-content\/uploads\/2017\/08\/Al-inicio-Paseo-Mart\u00a1-despu\u00aes-calle-39-hoy-Boulevard-Jos\u00ae-Mart\u00a1-2.jpg\r\n   type => image\r\n   width => 150\r\n   height => 113\r\n25429 => \r\n   url => https:\/\/test.isladelajuventud-cuba.com\/wp-content\/uploads\/2017\/08\/Al-inicio-Paseo-Mart\u00a1-despu\u00aes-calle-39-hoy-Boulevard-Jos\u00ae-Mart\u00a1-3.jpg\r\n   type => image\r\n   width => 150\r\n   height => 113\r\n25430 => \r\n   url => https:\/\/test.isladelajuventud-cuba.com\/wp-content\/uploads\/2017\/08\/Al-inicio-Paseo-Mart\u00a1-despu\u00aes-calle-39-hoy-Boulevard-Jos\u00ae-Mart\u00a1-4.jpg\r\n   type => image\r\n   width => 150\r\n   height => 113\r\n25431 => \r\n   url => https:\/\/test.isladelajuventud-cuba.com\/wp-content\/uploads\/2017\/08\/Al-inicio-Paseo-Mart\u00a1-despu\u00aes-calle-39-hoy-Boulevard-Jos\u00ae-Mart\u00a1-5.jpg\r\n   type => image\r\n   width => 150\r\n   height => 113\r\n25432 => \r\n   url => https:\/\/test.isladelajuventud-cuba.com\/wp-content\/uploads\/2017\/08\/Al-inicio-Paseo-Mart\u00a1-despu\u00aes-calle-39-hoy-Boulevard-Jos\u00ae-Mart\u00a1-6.jpg\r\n   type => image\r\n   width => 150\r\n   height => 113\r\n25433 => \r\n   url => https:\/\/test.isladelajuventud-cuba.com\/wp-content\/uploads\/2017\/08\/Al-inicio-Paseo-Mart\u00a1-despu\u00aes-calle-39-hoy-Boulevard-Jos\u00ae-Mart\u00a1-7.jpg\r\n   type => image\r\n   width => 150\r\n   height => 113\r\n25434 => \r\n   url => https:\/\/test.isladelajuventud-cuba.com\/wp-content\/uploads\/2017\/08\/Al-inicio-Paseo-Mart\u00a1-despu\u00aes-calle-39-hoy-Boulevard-Jos\u00ae-Mart\u00a1-8.jpg\r\n   type => image\r\n   width => 150\r\n   height => 113\r\n25435 => \r\n   url => https:\/\/test.isladelajuventud-cuba.com\/wp-content\/uploads\/2017\/08\/Al-inicio-Paseo-Mart\u00a1-despu\u00aes-calle-39-hoy-Boulevard-Jos\u00ae-Mart\u00a1-9.jpg\r\n   type => image\r\n   width => 150\r\n   height => 113\r\n25436 => \r\n   url => https:\/\/test.isladelajuventud-cuba.com\/wp-content\/uploads\/2017\/08\/Al-inicio-Paseo-Mart\u00a1-despu\u00aes-calle-39-hoy-Boulevard-Jos\u00ae-Mart\u00a1-en-1960-.jpg\r\n   type => image\r\n   width => 150\r\n   height => 113\r\n31230 => \r\n   url => https:\/\/test.isladelajuventud-cuba.com\/wp-content\/uploads\/2014\/04\/80802418_3198243900226488_7461503871383240704_n.jpg\r\n   type => image\r\n   width => 150\r\n   height => 113\r\n24798 => \r\n   url => https:\/\/test.isladelajuventud-cuba.com\/wp-content\/uploads\/2017\/08\/Alrededor-del-a\u00a6o-1825-1.jpg\r\n   type => image\r\n   width => 150\r\n   height => 113\r\n24799 => \r\n   url => https:\/\/test.isladelajuventud-cuba.com\/wp-content\/uploads\/2017\/08\/Alrededor-del-a\u00a6o-1825.jpg\r\n   type => image\r\n   width => 150\r\n   height => 113\r\n25523 => \r\n   url => https:\/\/test.isladelajuventud-cuba.com\/wp-content\/uploads\/2017\/08\/Antes-calle-39-decada-de-los-1990.Ahora-Boulevard-Jos\u00ae-Mart\u00a1.jpg\r\n   type => image\r\n   width => 150\r\n   height => 113\r\n24908 => \r\n   url => https:\/\/test.isladelajuventud-cuba.com\/wp-content\/uploads\/2017\/08\/Antes-calle-Benito-Ortiz.Hoy-calle-24.jpg\r\n   type => image\r\n   width => 150\r\n   height => 113\r\n24800 => \r\n   url => https:\/\/test.isladelajuventud-cuba.com\/wp-content\/uploads\/2017\/08\/Antigua-calle-Benito-Ortiz-hoy-calle-24.jpg\r\n   type => image\r\n   width => 150\r\n   height => 113\r\n24801 => \r\n   url => https:\/\/test.isladelajuventud-cuba.com\/wp-content\/uploads\/2017\/08\/Antigua-calle-Benito-Ortiz-hoy-calle-24.Principio-del-siglo-pasado.jpg\r\n   type => image\r\n   width => 150\r\n   height => 113\r\n24802 => \r\n   url => https:\/\/test.isladelajuventud-cuba.com\/wp-content\/uploads\/2017\/08\/Antigua-calle-Pinillos.-Alrededor-del-a\u00a6o-1920.jpg\r\n   type => image\r\n   width => 150\r\n   height => 113\r\n27225 => \r\n   url => https:\/\/test.isladelajuventud-cuba.com\/wp-content\/uploads\/2017\/08\/Antiguo-teatro-Rialto.-Despu\u00aes-cambiado-el-nombre-a-teatro-Victoria-decada-de-1990.jpg\r\n   type => image\r\n   width => 150\r\n   height => 113\r\n36276 => \r\n   url => https:\/\/test.isladelajuventud-cuba.com\/wp-content\/uploads\/2017\/08\/Archivo-Historico-Municipal..jpg\r\n   type => image\r\n   width => 150\r\n   height => 113\r\n24910 => \r\n   url => https:\/\/test.isladelajuventud-cuba.com\/wp-content\/uploads\/2017\/08\/Ayuntamiento-de-Nueva-Gerona.jpg\r\n   type => image\r\n   width => 150\r\n   height => 113\r\n24909 => \r\n   url => https:\/\/test.isladelajuventud-cuba.com\/wp-content\/uploads\/2017\/08\/Ayuntamiento-de-Nueva-Gerona-1.jpg\r\n   type => image\r\n   width => 150\r\n   height => 113\r\n39201 => \r\n   url => https:\/\/test.isladelajuventud-cuba.com\/wp-content\/uploads\/2017\/08\/Bodega.jpg\r\n   type => image\r\n   width => 150\r\n   height => 113\r\n27220 => \r\n   url => https:\/\/test.isladelajuventud-cuba.com\/wp-content\/uploads\/2017\/08\/bodega-la-paloma.jpg\r\n   type => image\r\n   width => 150\r\n   height => 113\r\n39199 => \r\n   url => https:\/\/test.isladelajuventud-cuba.com\/wp-content\/uploads\/2017\/08\/Bodega-La-Paloma-1.jpg\r\n   type => image\r\n   width => 150\r\n   height => 113\r\n25524 => \r\n   url => https:\/\/test.isladelajuventud-cuba.com\/wp-content\/uploads\/2017\/08\/Bohio-al-lado-del-Palmar.jpg\r\n   type => image\r\n   width => 150\r\n   height => 113\r\n27219 => \r\n   url => https:\/\/test.isladelajuventud-cuba.com\/wp-content\/uploads\/2017\/08\/cafeteria-texan.jpg\r\n   type => image\r\n   width => 150\r\n   height => 113\r\n27222 => \r\n   url => https:\/\/test.isladelajuventud-cuba.com\/wp-content\/uploads\/2017\/08\/cafeteria-virginia.jpg\r\n   type => image\r\n   width => 150\r\n   height => 113\r\n24821 => \r\n   url => https:\/\/test.isladelajuventud-cuba.com\/wp-content\/uploads\/2017\/08\/Cafeteria-La-Primavera.-Inicio-de-1990.jpg\r\n   type => image\r\n   width => 150\r\n   height => 113\r\n39124 => \r\n   url => https:\/\/test.isladelajuventud-cuba.com\/wp-content\/uploads\/2017\/08\/Calle-28-en-los-anos-1960.jpeg\r\n   type => image\r\n   width => 150\r\n   height => 113\r\n39125 => \r\n   url => https:\/\/test.isladelajuventud-cuba.com\/wp-content\/uploads\/2017\/08\/Calle-28-en-los-anos-1960-1.jpeg\r\n   type => image\r\n   width => 150\r\n   height => 113\r\n27231 => \r\n   url => https:\/\/test.isladelajuventud-cuba.com\/wp-content\/uploads\/2017\/08\/Calle-Jose-Marti-en-1958.jpg\r\n   type => image\r\n   width => 150\r\n   height => 113\r\n24803 => \r\n   url => https:\/\/test.isladelajuventud-cuba.com\/wp-content\/uploads\/2017\/08\/Calle-Vives.-Hoy-calle-37.jpg\r\n   type => image\r\n   width => 150\r\n   height => 113\r\n24822 => \r\n   url => https:\/\/test.isladelajuventud-cuba.com\/wp-content\/uploads\/2017\/08\/Calle-Vives-y-San-Clemente.Luego-Carlos-Manuel-C\u00aespedes-y-Bruno-Hdez.Hoy-en-d\u00a1a-37-y-26.jpg\r\n   type => image\r\n   width => 150\r\n   height => 113\r\n24804 => \r\n   url => https:\/\/test.isladelajuventud-cuba.com\/wp-content\/uploads\/2017\/08\/Camara-del-Comercio.A\u00a6o-1938.jpg\r\n   type => image\r\n   width => 150\r\n   height => 113\r\n25525 => \r\n   url => https:\/\/test.isladelajuventud-cuba.com\/wp-content\/uploads\/2017\/08\/Casa-donde-vivio-Evangelina-Cossio-a-finales-del-siglo-pasado.jpg\r\n   type => image\r\n   width => 150\r\n   height => 113\r\n36265 => \r\n   url => https:\/\/test.isladelajuventud-cuba.com\/wp-content\/uploads\/2017\/08\/118695213_155835982823726_174709107455293715_n.jpg\r\n   type => image\r\n   width => 150\r\n   height => 113\r\n24805 => \r\n   url => https:\/\/test.isladelajuventud-cuba.com\/wp-content\/uploads\/2017\/08\/Caseta-El-Palmar.-A\u00a6o-1930.jpg\r\n   type => image\r\n   width => 150\r\n   height => 113\r\n35876 => \r\n   url => https:\/\/test.isladelajuventud-cuba.com\/wp-content\/uploads\/2017\/08\/WhatsApp-Image-2021-03-26-at-16.57.12.jpeg\r\n   type => image\r\n   width => 150\r\n   height => 113\r\n24823 => \r\n   url => https:\/\/test.isladelajuventud-cuba.com\/wp-content\/uploads\/2017\/08\/Centro-Telef\u00a6nico-a\u00a6o-1939.jpg\r\n   type => image\r\n   width => 150\r\n   height => 113\r\n36289 => \r\n   url => https:\/\/test.isladelajuventud-cuba.com\/wp-content\/uploads\/2017\/08\/Chevy-Nova-del-a\u00f1o-1972.-Foto-tomada-entre-los-a\u00f1os-1973-a-1977.-Foto-Archivo-HIstorico-Municipal..jpg\r\n   type => image\r\n   width => 150\r\n   height => 113\r\n36255 => \r\n   url => https:\/\/test.isladelajuventud-cuba.com\/wp-content\/uploads\/2017\/08\/236581477_369974574743198_7209282145982362538_n.jpg\r\n   type => image\r\n   width => 150\r\n   height => 113\r\n36256 => \r\n   url => https:\/\/test.isladelajuventud-cuba.com\/wp-content\/uploads\/2017\/08\/236714934_369974338076555_3117885257542661421_n-scaled.jpg\r\n   type => image\r\n   width => 150\r\n   height => 113\r\n36258 => \r\n   url => https:\/\/test.isladelajuventud-cuba.com\/wp-content\/uploads\/2017\/08\/236790463_369974294743226_3845294182626301734_n-scaled.jpg\r\n   type => image\r\n   width => 150\r\n   height => 113\r\n36238 => \r\n   url => https:\/\/test.isladelajuventud-cuba.com\/wp-content\/uploads\/2017\/08\/247603321_421911822882806_2274576505496637297_n.jpg\r\n   type => image\r\n   width => 150\r\n   height => 113\r\n36290 => \r\n   url => https:\/\/test.isladelajuventud-cuba.com\/wp-content\/uploads\/2017\/08\/Costruccion-del-Hospital-Herores-del-Baire.-Foto-Archivo-Historico-Municipal..jpg\r\n   type => image\r\n   width => 150\r\n   height => 113\r\n36264 => \r\n   url => https:\/\/test.isladelajuventud-cuba.com\/wp-content\/uploads\/2017\/08\/120120646_165210448552946_5979823602155380872_n.jpg\r\n   type => image\r\n   width => 150\r\n   height => 113\r\n24824 => \r\n   url => https:\/\/test.isladelajuventud-cuba.com\/wp-content\/uploads\/2017\/08\/Cremer\u00a1a-Bolonia-a\u00a6o-1990.jpg\r\n   type => image\r\n   width => 150\r\n   height => 113\r\n24911 => \r\n   url => https:\/\/test.isladelajuventud-cuba.com\/wp-content\/uploads\/2017\/08\/Cuando-existia-el-Servi-24-horas.jpg\r\n   type => image\r\n   width => 150\r\n   height => 113\r\n24825 => \r\n   url => https:\/\/test.isladelajuventud-cuba.com\/wp-content\/uploads\/2017\/08\/Cuartel-en-Nueva-Gerona.jpg\r\n   type => image\r\n   width => 150\r\n   height => 113\r\n34666 => \r\n   url => https:\/\/test.isladelajuventud-cuba.com\/wp-content\/uploads\/2017\/08\/118679440_155835846157073_6249386300391432961_n.jpg\r\n   type => image\r\n   width => 150\r\n   height => 113\r\n25438 => \r\n   url => https:\/\/test.isladelajuventud-cuba.com\/wp-content\/uploads\/2017\/08\/Desfile-infantil-frente-al-teatro-Rialto-en-1950.jpg\r\n   type => image\r\n   width => 150\r\n   height => 113\r\n25439 => \r\n   url => https:\/\/test.isladelajuventud-cuba.com\/wp-content\/uploads\/2017\/08\/Desfile-por-la-calle-Jos\u00ae-Mart\u00a1.jpg\r\n   type => image\r\n   width => 150\r\n   height => 113\r\n27230 => \r\n   url => https:\/\/test.isladelajuventud-cuba.com\/wp-content\/uploads\/2017\/08\/El-antiguo-Hotel-Bursaide-luego-llamado-Isla-de-Pinos.jpg\r\n   type => image\r\n   width => 150\r\n   height => 113\r\n25526 => \r\n   url => https:\/\/test.isladelajuventud-cuba.com\/wp-content\/uploads\/2017\/08\/El-Malec\u00a6n-de-Eugenio-en-honor-al-famoso-personaje-pinero.jpg\r\n   type => image\r\n   width => 150\r\n   height => 113\r\n36257 => \r\n   url => https:\/\/test.isladelajuventud-cuba.com\/wp-content\/uploads\/2017\/08\/236725203_369974511409871_7846922968486164710_n-scaled.jpg\r\n   type => image\r\n   width => 150\r\n   height => 113\r\n36254 => \r\n   url => https:\/\/test.isladelajuventud-cuba.com\/wp-content\/uploads\/2017\/08\/236207621_369974614743194_5245679025642206277_n.jpg\r\n   type => image\r\n   width => 150\r\n   height => 113\r\n25527 => \r\n   url => https:\/\/test.isladelajuventud-cuba.com\/wp-content\/uploads\/2017\/08\/Entrada-al-Rancho-del-Tesoro-en-1950.jpg\r\n   type => image\r\n   width => 150\r\n   height => 113\r\n27224 => \r\n   url => https:\/\/test.isladelajuventud-cuba.com\/wp-content\/uploads\/2017\/08\/escuela-cossio.jpg\r\n   type => image\r\n   width => 150\r\n   height => 113\r\n25528 => \r\n   url => https:\/\/test.isladelajuventud-cuba.com\/wp-content\/uploads\/2017\/08\/Esquina-39-y-20.-La-Casa-de-la-Amistad.-Principios-de-1990.jpg\r\n   type => image\r\n   width => 150\r\n   height => 113\r\n24826 => \r\n   url => https:\/\/test.isladelajuventud-cuba.com\/wp-content\/uploads\/2017\/08\/Esquina-Magnesia.jpg\r\n   type => image\r\n   width => 150\r\n   height => 113\r\n36244 => \r\n   url => https:\/\/test.isladelajuventud-cuba.com\/wp-content\/uploads\/2017\/08\/Estadio-de-Beisbol-Cristobal-Labra..jpg\r\n   type => image\r\n   width => 150\r\n   height => 113\r\n25530 => \r\n   url => https:\/\/test.isladelajuventud-cuba.com\/wp-content\/uploads\/2017\/08\/Ferreteria-Kamaraco-de-Cajigas-en-la-esquina-de-Vargas-y-Marti-hoy-restaurante-El-Corderito_.jpg\r\n   type => image\r\n   width => 150\r\n   height => 113\r\n25529 => \r\n   url => https:\/\/test.isladelajuventud-cuba.com\/wp-content\/uploads\/2017\/08\/Ferreter\u00a1a-La-Isla.jpg\r\n   type => image\r\n   width => 150\r\n   height => 113\r\n31238 => \r\n   url => https:\/\/test.isladelajuventud-cuba.com\/wp-content\/uploads\/2014\/04\/Finales-1958.jpg\r\n   type => image\r\n   width => 150\r\n   height => 113\r\n39202 => \r\n   url => https:\/\/test.isladelajuventud-cuba.com\/wp-content\/uploads\/2017\/08\/Foto-del-album-de-Guille-Maquintoche.-Se-observan-los-letreros-del-Bar-Virginia-Coca-Cola-el-Hotel-Isla-de-Pinos-El-Baturro-y-el-MireMar.jpeg\r\n   type => image\r\n   width => 150\r\n   height => 113\r\n36239 => \r\n   url => https:\/\/test.isladelajuventud-cuba.com\/wp-content\/uploads\/2017\/08\/248272860_421911859549469_3307965599632288914_n.jpg\r\n   type => image\r\n   width => 150\r\n   height => 113\r\n24922 => \r\n   url => https:\/\/test.isladelajuventud-cuba.com\/wp-content\/uploads\/2017\/08\/Hospital.jpg\r\n   type => image\r\n   width => 150\r\n   height => 113\r\n36291 => \r\n   url => https:\/\/test.isladelajuventud-cuba.com\/wp-content\/uploads\/2017\/08\/Hospital-Viejo-de-Nueva-Gerona-en-la-decada-1950.-Foto-Archivo-Historico-Municipal..jpg\r\n   type => image\r\n   width => 150\r\n   height => 113\r\n24923 => \r\n   url => https:\/\/test.isladelajuventud-cuba.com\/wp-content\/uploads\/2017\/08\/Hotel-Isla-de-Pinos-1.jpg\r\n   type => image\r\n   width => 150\r\n   height => 113\r\n24924 => \r\n   url => https:\/\/test.isladelajuventud-cuba.com\/wp-content\/uploads\/2017\/08\/Hotel-Isla-de-Pinos.jpg\r\n   type => image\r\n   width => 150\r\n   height => 113\r\n24912 => \r\n   url => https:\/\/test.isladelajuventud-cuba.com\/wp-content\/uploads\/2017\/08\/Hotel-La-Cubana.-A\u00a6o-1960.jpg\r\n   type => image\r\n   width => 150\r\n   height => 113\r\n36273 => \r\n   url => https:\/\/test.isladelajuventud-cuba.com\/wp-content\/uploads\/2017\/08\/Hotel-San-Jos\u00e9.-Foto-Archivo-Historico-Municipal..jpg\r\n   type => image\r\n   width => 150\r\n   height => 113\r\n24925 => \r\n   url => https:\/\/test.isladelajuventud-cuba.com\/wp-content\/uploads\/2017\/08\/Iglesia-Nuestra-Sra-de-los-Dolores-1.jpg\r\n   type => image\r\n   width => 150\r\n   height => 113\r\n24926 => \r\n   url => https:\/\/test.isladelajuventud-cuba.com\/wp-content\/uploads\/2017\/08\/Iglesia-Nuestra-Sra-de-los-Dolores.a\u00a6o-1928.jpg\r\n   type => image\r\n   width => 150\r\n   height => 113\r\n36243 => \r\n   url => https:\/\/test.isladelajuventud-cuba.com\/wp-content\/uploads\/2017\/08\/247859971_419147446492577_6719896083925992563_n.jpg\r\n   type => image\r\n   width => 150\r\n   height => 113\r\n36245 => \r\n   url => https:\/\/test.isladelajuventud-cuba.com\/wp-content\/uploads\/2017\/08\/Im\u00e1genes-del-Estadio-de-Beisbol-Cristobal-Labra-en-construcci\u00f3n-en-octubre-de-1972..jpg\r\n   type => image\r\n   width => 150\r\n   height => 113\r\n25531 => \r\n   url => https:\/\/test.isladelajuventud-cuba.com\/wp-content\/uploads\/2017\/08\/Inauguraci\u00a6n-del-Puente-Bascular-de-Nueva-Gerona-en-el-a\u00a6o-1956.jpg\r\n   type => image\r\n   width => 150\r\n   height => 113\r\n25532 => \r\n   url => https:\/\/test.isladelajuventud-cuba.com\/wp-content\/uploads\/2017\/08\/Incendio-calle-22-entre-39-y-41-en-noviembre-de-1980.jpg\r\n   type => image\r\n   width => 150\r\n   height => 113\r\n39198 => \r\n   url => https:\/\/test.isladelajuventud-cuba.com\/wp-content\/uploads\/2017\/08\/La-Bodega-El-Morito.-En-la-foto-Jose-Corey-el-Morito-al-lado-de-el-Amable-Rodriguez.-La-foto-fue-tomada-el-24-de-Diciembre-de-1955-a-las-8.00-PM-Dia-de-Noche-Buena.jpg\r\n   type => image\r\n   width => 150\r\n   height => 113\r\n25492 => \r\n   url => https:\/\/test.isladelajuventud-cuba.com\/wp-content\/uploads\/2017\/08\/la-cupula.jpg\r\n   type => image\r\n   width => 150\r\n   height => 113\r\n24913 => \r\n   url => https:\/\/test.isladelajuventud-cuba.com\/wp-content\/uploads\/2017\/08\/La-esquina-del-ayuntamiento-En-ese-momento-esquina-de-Isabel-II-y-Pinillos.Hoy-calle-39-y-30_.jpg\r\n   type => image\r\n   width => 150\r\n   height => 113\r\n24827 => \r\n   url => https:\/\/test.isladelajuventud-cuba.com\/wp-content\/uploads\/2017\/08\/La-famosa-Favorita.-Antes-calle-Maceo-y-Bruno-Hdez.-Hoy-esquina-35-y-26.jpg\r\n   type => image\r\n   width => 150\r\n   height => 113\r\n25493 => \r\n   url => https:\/\/test.isladelajuventud-cuba.com\/wp-content\/uploads\/2017\/08\/la-tarja-colocado.jpg\r\n   type => image\r\n   width => 150\r\n   height => 113\r\n25494 => \r\n   url => https:\/\/test.isladelajuventud-cuba.com\/wp-content\/uploads\/2017\/08\/la-tienda-de-manuel.jpg\r\n   type => image\r\n   width => 150\r\n   height => 113\r\n27229 => \r\n   url => https:\/\/test.isladelajuventud-cuba.com\/wp-content\/uploads\/2017\/08\/Logia-Masonica-La-Evangelista-de-Nueva-Gerona.jpg\r\n   type => image\r\n   width => 150\r\n   height => 113\r\n25533 => \r\n   url => https:\/\/test.isladelajuventud-cuba.com\/wp-content\/uploads\/2017\/08\/Mercado-de-Micro-a-finales-de-los-80.-Llego-el-refresco-Son_.jpg\r\n   type => image\r\n   width => 150\r\n   height => 113\r\n25534 => \r\n   url => https:\/\/test.isladelajuventud-cuba.com\/wp-content\/uploads\/2017\/08\/Monumento-a-Cosme-de-la-Torriente-en-1967.jpg\r\n   type => image\r\n   width => 150\r\n   height => 113\r\n25521 => \r\n   url => https:\/\/test.isladelajuventud-cuba.com\/wp-content\/uploads\/2017\/08\/Monumento-a-Jos\u00ae-Mart\u00a1.jpg\r\n   type => image\r\n   width => 150\r\n   height => 113\r\n25495 => \r\n   url => https:\/\/test.isladelajuventud-cuba.com\/wp-content\/uploads\/2017\/08\/monumento-de-las-madres.jpg\r\n   type => image\r\n   width => 150\r\n   height => 113\r\n36284 => \r\n   url => https:\/\/test.isladelajuventud-cuba.com\/wp-content\/uploads\/2017\/08\/Muelle-de-Nueva-Gerona-en-1912.-Foto-Archivo-Historico-Municipal.jpg\r\n   type => image\r\n   width => 150\r\n   height => 113\r\n24914 => \r\n   url => https:\/\/test.isladelajuventud-cuba.com\/wp-content\/uploads\/2017\/08\/Nueva-Gerona-1.jpg\r\n   type => image\r\n   width => 150\r\n   height => 113\r\n24916 => \r\n   url => https:\/\/test.isladelajuventud-cuba.com\/wp-content\/uploads\/2017\/08\/Nueva-Gerona.jpg\r\n   type => image\r\n   width => 150\r\n   height => 113\r\n30716 => \r\n   url => https:\/\/test.isladelajuventud-cuba.com\/wp-content\/uploads\/2014\/04\/Nueva-Gerona.jpg\r\n   type => image\r\n   width => 150\r\n   height => 113\r\n36286 => \r\n   url => https:\/\/test.isladelajuventud-cuba.com\/wp-content\/uploads\/2017\/08\/Nueva-Gerona-1912.-Foto-Archivo-Hist\u00f3rico-Municipal.png\r\n   type => image\r\n   width => 150\r\n   height => 113\r\n36285 => \r\n   url => https:\/\/test.isladelajuventud-cuba.com\/wp-content\/uploads\/2017\/08\/Nueva-Gerona-1912.-Foto-Archivo-Hist\u00f3rico-Municipal.-1.jpg\r\n   type => image\r\n   width => 150\r\n   height => 113\r\n24828 => \r\n   url => https:\/\/test.isladelajuventud-cuba.com\/wp-content\/uploads\/2017\/08\/Nueva-Gerona-a\u00a6o-1899.jpg\r\n   type => image\r\n   width => 150\r\n   height => 113\r\n25496 => \r\n   url => https:\/\/test.isladelajuventud-cuba.com\/wp-content\/uploads\/2017\/08\/obras-que-han-perdurado.jpg\r\n   type => image\r\n   width => 150\r\n   height => 113\r\n25497 => \r\n   url => https:\/\/test.isladelajuventud-cuba.com\/wp-content\/uploads\/2017\/08\/ocurrian-ya-los-ultimos.jpg\r\n   type => image\r\n   width => 150\r\n   height => 113\r\n27227 => \r\n   url => https:\/\/test.isladelajuventud-cuba.com\/wp-content\/uploads\/2017\/08\/Oficina-La-Expresso-Aereo-Norteamericano-S.-A.-cerca-de-lo-que-fue-Foto-Gerona.jpg\r\n   type => image\r\n   width => 150\r\n   height => 113\r\n27228 => \r\n   url => https:\/\/test.isladelajuventud-cuba.com\/wp-content\/uploads\/2017\/08\/Oficina-de-Cubana-de-Aviaci\u00a6n-en-la-decada-de-1960.jpg\r\n   type => image\r\n   width => 150\r\n   height => 113\r\n27221 => \r\n   url => https:\/\/test.isladelajuventud-cuba.com\/wp-content\/uploads\/2017\/08\/parada-infantil.jpg\r\n   type => image\r\n   width => 150\r\n   height => 113\r\n27223 => \r\n   url => https:\/\/test.isladelajuventud-cuba.com\/wp-content\/uploads\/2017\/08\/parque-lacret.jpg\r\n   type => image\r\n   width => 150\r\n   height => 113\r\n24929 => \r\n   url => https:\/\/test.isladelajuventud-cuba.com\/wp-content\/uploads\/2017\/08\/Parque-Lacret-1.jpg\r\n   type => image\r\n   width => 150\r\n   height => 113\r\n24930 => \r\n   url => https:\/\/test.isladelajuventud-cuba.com\/wp-content\/uploads\/2017\/08\/Parque-Lacret-2.jpg\r\n   type => image\r\n   width => 150\r\n   height => 113\r\n24934 => \r\n   url => https:\/\/test.isladelajuventud-cuba.com\/wp-content\/uploads\/2017\/08\/Parque-Lacret-.jpg\r\n   type => image\r\n   width => 150\r\n   height => 113\r\n24933 => \r\n   url => https:\/\/test.isladelajuventud-cuba.com\/wp-content\/uploads\/2017\/08\/Parque-Lacret-.A\u00a6o-1990.jpg\r\n   type => image\r\n   width => 150\r\n   height => 113\r\n36287 => \r\n   url => https:\/\/test.isladelajuventud-cuba.com\/wp-content\/uploads\/2017\/08\/Parque-Lacret.-Foto-Archivo-Hisotrico-Municipal..jpg\r\n   type => image\r\n   width => 150\r\n   height => 113\r\n27226 => \r\n   url => https:\/\/test.isladelajuventud-cuba.com\/wp-content\/uploads\/2017\/08\/Piscina-Olimpica-en-el-reparto-Micro-70.A\u00a6o-1982.jpg\r\n   type => image\r\n   width => 150\r\n   height => 113\r\n36241 => \r\n   url => https:\/\/test.isladelajuventud-cuba.com\/wp-content\/uploads\/2017\/08\/Piscina-olimpica-inaugurada-en-la-d\u00e9cada-de-los-80-con-capacidad-de-250-ba\u00f1istas-una-superficie-de-50-x-50-y-una-profundidad-de-4-mts..jpg\r\n   type => image\r\n   width => 150\r\n   height => 113\r\n36242 => \r\n   url => https:\/\/test.isladelajuventud-cuba.com\/wp-content\/uploads\/2017\/08\/242261108_421163772957611_5175648128164483738_n.jpg\r\n   type => image\r\n   width => 150\r\n   height => 113\r\n35875 => \r\n   url => https:\/\/test.isladelajuventud-cuba.com\/wp-content\/uploads\/2017\/08\/WhatsApp-Image-2021-03-26-at-16.57.20.jpeg\r\n   type => image\r\n   width => 150\r\n   height => 113\r\n24829 => \r\n   url => https:\/\/test.isladelajuventud-cuba.com\/wp-content\/uploads\/2017\/08\/Planta-El\u00aectrica-a\u00a6o-1950.jpg\r\n   type => image\r\n   width => 150\r\n   height => 113\r\n24917 => \r\n   url => https:\/\/test.isladelajuventud-cuba.com\/wp-content\/uploads\/2017\/08\/Principios-de-los-a\u00a6os-50.El-Garage-de-los-Sundstroms.Esquina-llamada-Marti-y-Zayaz-Bazan.jpg\r\n   type => image\r\n   width => 150\r\n   height => 113\r\n24830 => \r\n   url => https:\/\/test.isladelajuventud-cuba.com\/wp-content\/uploads\/2017\/08\/Residencia-del-Alcalde-Don-Fernando-en-Nueva-Gerona.jpg\r\n   type => image\r\n   width => 150\r\n   height => 113\r\n24831 => \r\n   url => https:\/\/test.isladelajuventud-cuba.com\/wp-content\/uploads\/2017\/08\/Sociedad-Cultural-Pinera.-Antes-calle-Benito-Ortiz-y-Carlos-M.-Cespedes.-Hoy-calle-37-esquina-24.jpg\r\n   type => image\r\n   width => 150\r\n   height => 113\r\n24832 => \r\n   url => https:\/\/test.isladelajuventud-cuba.com\/wp-content\/uploads\/2017\/08\/Stadium-en-Nueva-Gerona.jpg\r\n   type => image\r\n   width => 150\r\n   height => 113\r\n25498 => \r\n   url => https:\/\/test.isladelajuventud-cuba.com\/wp-content\/uploads\/2017\/08\/tienda-de-cepero.jpg\r\n   type => image\r\n   width => 150\r\n   height => 113\r\n24918 => \r\n   url => https:\/\/test.isladelajuventud-cuba.com\/wp-content\/uploads\/2017\/08\/Tienda-La-Amista-en-1990.-Tambien-fue-llamada-anteriormente-La-Violeta.jpg\r\n   type => image\r\n   width => 150\r\n   height => 113\r\n24919 => \r\n   url => https:\/\/test.isladelajuventud-cuba.com\/wp-content\/uploads\/2017\/08\/Vista-aerea-de-Nueva-Gerona.jpg\r\n   type => image\r\n   width => 150\r\n   height => 113\r\n\r\nFooGallery Debug Info : End --><!-- FooGallery Debug Info : Start\r\n\r\nID => 24797\r\nTemplate => default\r\nDatasource => media_library\r\n\r\nFooGallery Settings\r\n===================\r\ndefault_alignment => fg-center\r\ndefault_border_size => fg-border-thin\r\ndefault_caption_desc_source => none\r\ndefault_drop_shadow => fg-shadow-small\r\ndefault_hover_effect_caption_visibility => fg-caption-hover\r\ndefault_hover_effect_transition => fg-hover-fade\r\ndefault_hover_effect_type => normal\r\ndefault_lightbox => foobox\r\ndefault_loaded_effect => fg-loaded-fade-in\r\ndefault_loading_icon => fg-loading-default\r\ndefault_spacing => 20\r\ndefault_theme => fg-light\r\ndefault_thumbnail_dimensions => \r\n   width => 150\r\n   height => 113\r\ndefault_thumbnail_link => image\r\nfoogallery_items_view => manage\r\n\r\nAttachment Info\r\n===============\r\n\r\nFooGallery Debug Info : End -->\n<p>[\/vc_column_text][vc_empty_space height=\u00bb25px\u00bb][vc_column_text]<\/p>\n<h3 style=\"text-align: center;\">Santa Fe<\/h3>\n<p>[\/vc_column_text][vc_empty_space height=\u00bb20px\u00bb][vc_column_text]<\/p>\n<style type=\"text\/css\">\n#foogallery-gallery-25417 .fg-image { width: 150px; }\n#foogallery-gallery-25417 { --fg-gutter: 10px; }<\/style>\n\t\t\t<style type=\"text\/css\">\n#foogallery-gallery-25417 .fg-image { width: 150px; }\n#foogallery-gallery-25417 { --fg-gutter: 10px; }<\/style>\n\t\t\t<div class=\"foogallery foogallery-container foogallery-default foogallery-lightbox-foobox fg-center fg-default fg-ready fg-light fg-border-thin fg-shadow-small fg-loading-default fg-loaded-fade-in fg-hover-fade fg-hover-zoom fg-debug\" id=\"foogallery-gallery-25417\" data-foogallery=\"{&quot;item&quot;:{&quot;showCaptionTitle&quot;:true,&quot;showCaptionDescription&quot;:false},&quot;lazy&quot;:true,&quot;src&quot;:&quot;src&quot;,&quot;srcset&quot;:&quot;srcset&quot;}\" data-fg-common-fields=\"1\" style=\"--fg-title-line-clamp: 0; --fg-description-line-clamp: 0;\" >\n\t<div class=\"fg-item fg-type-image fg-loading\"><figure class=\"fg-item-inner\"><a href=\"https:\/\/test.isladelajuventud-cuba.com\/wp-content\/uploads\/2017\/08\/gran-panel.jpg\" data-caption-title=\"A\u00f1o 1975 solo hab\u00eda cuatro o cinco edificios Gran Panel. Hab\u00eda que llegar por un camino de tierra.\" data-caption-desc=\"A\u00f1o 1975 solo hab\u00eda cuatro o cinco edificios Gran Panel. Hab\u00eda que llegar por un camino de tierra.\" data-attachment-id=\"26423\" data-type=\"image\" class=\"fg-thumb\"><span class=\"fg-image-wrap\"><img src=\"https:\/\/test.isladelajuventud-cuba.com\/wp-content\/uploads\/cache\/2017\/08\/gran-panel\/88010426.jpg\" alt=\"A\u00f1o 1975 solo hab\u00eda cuatro o cinco edificios Gran Panel. Hab\u00eda que llegar por un camino de tierra.\" title=\"A\u00f1o 1975 solo hab\u00eda cuatro o cinco edificios Gran Panel. Hab\u00eda que llegar por un camino de tierra.\" width=\"150\" height=\"113\" class=\"skip-lazy fg-image\" decoding=\"async\" loading=\"lazy\"><\/span><span class=\"fg-image-overlay\"><\/span><\/a><figcaption class=\"fg-caption\"><div class=\"fg-caption-inner\"><div class=\"fg-caption-title\">A\u00f1o 1975 solo hab\u00eda cuatro o cinco edificios Gran Panel. Hab\u00eda que llegar por un camino de tierra.<\/div><\/div><\/figcaption><\/figure><div class=\"fg-loader\"><\/div><\/div><div class=\"fg-item fg-type-image fg-loading\"><figure class=\"fg-item-inner\"><a href=\"https:\/\/test.isladelajuventud-cuba.com\/wp-content\/uploads\/2017\/08\/Bar-Kero-en-una-vieja-postal-de-1950.jpg\" data-caption-title=\"Bar  Kero en una vieja postal de 1950\" data-caption-desc=\"Bar  Kero en una vieja postal de 1950\" data-attachment-id=\"26419\" data-type=\"image\" class=\"fg-thumb\"><span class=\"fg-image-wrap\"><img src=\"https:\/\/test.isladelajuventud-cuba.com\/wp-content\/uploads\/cache\/2017\/08\/Bar-Kero-en-una-vieja-postal-de-1950\/398253386.jpg\" alt=\"Bar Kero en una vieja postal de 1950\" title=\"Bar  Kero en una vieja postal de 1950\" width=\"150\" height=\"113\" class=\"skip-lazy fg-image\" decoding=\"async\" loading=\"lazy\"><\/span><span class=\"fg-image-overlay\"><\/span><\/a><figcaption class=\"fg-caption\"><div class=\"fg-caption-inner\"><div class=\"fg-caption-title\">Bar  Kero en una vieja postal de 1950<\/div><\/div><\/figcaption><\/figure><div class=\"fg-loader\"><\/div><\/div><div class=\"fg-item fg-type-image fg-loading\"><figure class=\"fg-item-inner\"><a href=\"https:\/\/test.isladelajuventud-cuba.com\/wp-content\/uploads\/2017\/08\/Carpinteria-cerca-de-Santa-Fe.jpg\" data-caption-title=\"Carpinteria cerca de Santa Fe\" data-caption-desc=\"Carpinteria cerca de Santa Fe\" data-attachment-id=\"25418\" data-type=\"image\" class=\"fg-thumb\"><span class=\"fg-image-wrap\"><img src=\"https:\/\/test.isladelajuventud-cuba.com\/wp-content\/uploads\/cache\/2017\/08\/Carpinteria-cerca-de-Santa-Fe\/1168508579.jpg\" alt=\"Carpinteria cerca de Santa Fe\" title=\"Carpinteria cerca de Santa Fe\" width=\"150\" height=\"113\" class=\"skip-lazy fg-image\" decoding=\"async\" loading=\"lazy\"><\/span><span class=\"fg-image-overlay\"><\/span><\/a><figcaption class=\"fg-caption\"><div class=\"fg-caption-inner\"><div class=\"fg-caption-title\">Carpinteria cerca de Santa Fe<\/div><\/div><\/figcaption><\/figure><div class=\"fg-loader\"><\/div><\/div><div class=\"fg-item fg-type-image fg-loading\"><figure class=\"fg-item-inner\"><a href=\"https:\/\/test.isladelajuventud-cuba.com\/wp-content\/uploads\/2017\/08\/Club-en-Santa-Fe-el-6-de-mayo-de-1932.jpg\" data-caption-title=\"Club en Santa Fe el 6 de mayo de 1932\" data-caption-desc=\"Club en Santa Fe el 6 de mayo de 1932\" data-attachment-id=\"26418\" data-type=\"image\" class=\"fg-thumb\"><span class=\"fg-image-wrap\"><img src=\"https:\/\/test.isladelajuventud-cuba.com\/wp-content\/uploads\/cache\/2017\/08\/Club-en-Santa-Fe-el-6-de-mayo-de-1932\/1938030768.jpg\" alt=\"Club en Santa Fe el 6 de mayo de 1932\" title=\"Club en Santa Fe el 6 de mayo de 1932\" width=\"150\" height=\"113\" class=\"skip-lazy fg-image\" decoding=\"async\" loading=\"lazy\"><\/span><span class=\"fg-image-overlay\"><\/span><\/a><figcaption class=\"fg-caption\"><div class=\"fg-caption-inner\"><div class=\"fg-caption-title\">Club en Santa Fe el 6 de mayo de 1932<\/div><\/div><\/figcaption><\/figure><div class=\"fg-loader\"><\/div><\/div><div class=\"fg-item fg-type-image fg-loading\"><figure class=\"fg-item-inner\"><a href=\"https:\/\/test.isladelajuventud-cuba.com\/wp-content\/uploads\/2017\/08\/Sin-t\u00edtulo.jpg\" data-caption-title=\"Construcci\u00f3n del Club Biblioteca en Santa F\u00e9 entre los a\u00f1os  1949 y 1951. Foto Sr Wiliams Serrano.\" data-attachment-id=\"36262\" data-type=\"image\" class=\"fg-thumb\"><span class=\"fg-image-wrap\"><img src=\"https:\/\/test.isladelajuventud-cuba.com\/wp-content\/uploads\/cache\/2017\/08\/Sin-t\u00edtulo\/2085773487.jpg\" width=\"150\" height=\"113\" class=\"skip-lazy fg-image\" decoding=\"async\" loading=\"lazy\"><\/span><span class=\"fg-image-overlay\"><\/span><\/a><figcaption class=\"fg-caption\"><div class=\"fg-caption-inner\"><div class=\"fg-caption-title\">Construcci\u00f3n del Club Biblioteca en Santa F\u00e9 entre los a\u00f1os  1949 y 1951. Foto Sr Wiliams Serrano.<\/div><\/div><\/figcaption><\/figure><div class=\"fg-loader\"><\/div><\/div><div class=\"fg-item fg-type-image fg-loading\"><figure class=\"fg-item-inner\"><a href=\"https:\/\/test.isladelajuventud-cuba.com\/wp-content\/uploads\/2017\/08\/El-secretario-de-Estado-de-EUA-dirigiendos\u00ae-a-los-pobladores-de-Santa-Fe-el-11-febrero-1913.jpg\" data-caption-title=\"El secretario de Estado de EUA, dirigiendos\u00e9 a los pobladores de Santa Fe el 11 febrero 1913\" data-caption-desc=\"El secretario de Estado de EUA, dirigiendos\u00e9 a los pobladores de Santa Fe el 11 febrero 1913\" data-attachment-id=\"25419\" data-type=\"image\" class=\"fg-thumb\"><span class=\"fg-image-wrap\"><img src=\"https:\/\/test.isladelajuventud-cuba.com\/wp-content\/uploads\/cache\/2017\/08\/El-secretario-de-Estado-de-EUA-dirigiendos\u00ae-a-los-pobladores-de-Santa-Fe-el-11-febrero-1913\/1105647090.jpg\" alt=\"El secretario de Estado de EUA, dirigiendos\u00e9 a los pobladores de Santa Fe el 11 febrero 1913\" title=\"El secretario de Estado de EUA, dirigiendos\u00e9 a los pobladores de Santa Fe el 11 febrero 1913\" width=\"150\" height=\"113\" class=\"skip-lazy fg-image\" decoding=\"async\" loading=\"lazy\"><\/span><span class=\"fg-image-overlay\"><\/span><\/a><figcaption class=\"fg-caption\"><div class=\"fg-caption-inner\"><div class=\"fg-caption-title\">El secretario de Estado de EUA, dirigiendos\u00e9 a los pobladores de Santa Fe el 11 febrero 1913<\/div><\/div><\/figcaption><\/figure><div class=\"fg-loader\"><\/div><\/div><div class=\"fg-item fg-type-image fg-loading\"><figure class=\"fg-item-inner\"><a href=\"https:\/\/test.isladelajuventud-cuba.com\/wp-content\/uploads\/2017\/08\/Escuela-primaria-urbana-de-Santa-Fe.jpg\" data-caption-title=\"Escuela primaria urbana de Santa Fe\" data-caption-desc=\"Escuela primaria urbana de Santa Fe\" data-attachment-id=\"26417\" data-type=\"image\" class=\"fg-thumb\"><span class=\"fg-image-wrap\"><img src=\"https:\/\/test.isladelajuventud-cuba.com\/wp-content\/uploads\/cache\/2017\/08\/Escuela-primaria-urbana-de-Santa-Fe\/2412764881.jpg\" alt=\"Escuela primaria urbana de Santa Fe\" title=\"Escuela primaria urbana de Santa Fe\" width=\"150\" height=\"113\" class=\"skip-lazy fg-image\" decoding=\"async\" loading=\"lazy\"><\/span><span class=\"fg-image-overlay\"><\/span><\/a><figcaption class=\"fg-caption\"><div class=\"fg-caption-inner\"><div class=\"fg-caption-title\">Escuela primaria urbana de Santa Fe<\/div><\/div><\/figcaption><\/figure><div class=\"fg-loader\"><\/div><\/div><div class=\"fg-item fg-type-image fg-loading\"><figure class=\"fg-item-inner\"><a href=\"https:\/\/test.isladelajuventud-cuba.com\/wp-content\/uploads\/2017\/08\/120220676_165216175219040_5634206935433700845_n.jpg\" data-caption-title=\"Este edificio ubicado en calle 9, cerca del parque de Sata F\u00e9, fue construido en 1953 e inaugurado unos a\u00f1os m\u00e1s tardes como Iglesia Cat\u00f3lica Santa Marta y en 1980 comenz\u00f3 a funcionar como casa de cultura. Foto del Archivo Hist\u00f3rico Municipal.\" data-attachment-id=\"36261\" data-type=\"image\" class=\"fg-thumb\"><span class=\"fg-image-wrap\"><img src=\"https:\/\/test.isladelajuventud-cuba.com\/wp-content\/uploads\/cache\/2017\/08\/120220676_165216175219040_5634206935433700845_n\/3428311369.jpg\" width=\"150\" height=\"113\" class=\"skip-lazy fg-image\" decoding=\"async\" loading=\"lazy\"><\/span><span class=\"fg-image-overlay\"><\/span><\/a><figcaption class=\"fg-caption\"><div class=\"fg-caption-inner\"><div class=\"fg-caption-title\">Este edificio ubicado en calle 9, cerca del parque de Sata F\u00e9, fue construido en 1953 e inaugurado unos a\u00f1os m\u00e1s tardes como Iglesia Cat\u00f3lica Santa Marta y en 1980 comenz\u00f3 a funcionar como casa de cultura. Foto del Archivo Hist\u00f3rico Municipal.<\/div><\/div><\/figcaption><\/figure><div class=\"fg-loader\"><\/div><\/div><div class=\"fg-item fg-type-image fg-loading\"><figure class=\"fg-item-inner\"><a href=\"https:\/\/test.isladelajuventud-cuba.com\/wp-content\/uploads\/2017\/08\/Gran-panel-4-Santa-Fe-1975.jpeg\" data-caption-title=\"Gran panel 4 Santa F\u00e9, 1975.\" data-attachment-id=\"39203\" data-type=\"image\" class=\"fg-thumb\"><span class=\"fg-image-wrap\"><img src=\"https:\/\/test.isladelajuventud-cuba.com\/wp-content\/uploads\/cache\/2017\/08\/Gran-panel-4-Santa-Fe-1975\/3078517249.jpeg\" width=\"150\" height=\"113\" class=\"skip-lazy fg-image\" decoding=\"async\" loading=\"lazy\"><\/span><span class=\"fg-image-overlay\"><\/span><\/a><figcaption class=\"fg-caption\"><div class=\"fg-caption-inner\"><div class=\"fg-caption-title\">Gran panel 4 Santa F\u00e9, 1975.<\/div><\/div><\/figcaption><\/figure><div class=\"fg-loader\"><\/div><\/div><div class=\"fg-item fg-type-image fg-loading\"><figure class=\"fg-item-inner\"><a href=\"https:\/\/test.isladelajuventud-cuba.com\/wp-content\/uploads\/2017\/08\/Hotel-Santa-Fe-en-el-a\u00a6o-1898.jpg\" data-caption-title=\"Hotel Santa Fe en el a\u00f1o 1898\" data-caption-desc=\"Hotel Santa Fe en el a\u00f1o 1898\" data-attachment-id=\"25420\" data-type=\"image\" class=\"fg-thumb\"><span class=\"fg-image-wrap\"><img src=\"https:\/\/test.isladelajuventud-cuba.com\/wp-content\/uploads\/cache\/2017\/08\/Hotel-Santa-Fe-en-el-a\u00a6o-1898\/4180903223.jpg\" alt=\"Hotel Santa Fe en el a\u00f1o 1898\" title=\"Hotel Santa Fe en el a\u00f1o 1898\" width=\"150\" height=\"113\" class=\"skip-lazy fg-image\" decoding=\"async\" loading=\"lazy\"><\/span><span class=\"fg-image-overlay\"><\/span><\/a><figcaption class=\"fg-caption\"><div class=\"fg-caption-inner\"><div class=\"fg-caption-title\">Hotel Santa Fe en el a\u00f1o 1898<\/div><\/div><\/figcaption><\/figure><div class=\"fg-loader\"><\/div><\/div><div class=\"fg-item fg-type-image fg-loading\"><figure class=\"fg-item-inner\"><a href=\"https:\/\/test.isladelajuventud-cuba.com\/wp-content\/uploads\/2017\/08\/Hotel-Santa-Rita.jpg\" data-caption-title=\"Hotel Santa Rita\" data-caption-desc=\"Hotel Santa Rita\" data-attachment-id=\"26475\" data-type=\"image\" class=\"fg-thumb\"><span class=\"fg-image-wrap\"><img src=\"https:\/\/test.isladelajuventud-cuba.com\/wp-content\/uploads\/cache\/2017\/08\/Hotel-Santa-Rita\/4165175975.jpg\" alt=\"Hotel Santa Rita\" title=\"Hotel Santa Rita\" width=\"150\" height=\"113\" class=\"skip-lazy fg-image\" decoding=\"async\" loading=\"lazy\"><\/span><span class=\"fg-image-overlay\"><\/span><\/a><figcaption class=\"fg-caption\"><div class=\"fg-caption-inner\"><div class=\"fg-caption-title\">Hotel Santa Rita<\/div><\/div><\/figcaption><\/figure><div class=\"fg-loader\"><\/div><\/div><div class=\"fg-item fg-type-image fg-loading\"><figure class=\"fg-item-inner\"><a href=\"https:\/\/test.isladelajuventud-cuba.com\/wp-content\/uploads\/2017\/08\/Hotel-Santa-Rita.-Foto-Archivo-Historico-Municipal..jpg\" data-caption-title=\"Hotel Santa Rita. Foto Archivo Hist\u00f3rico Municipal.\" data-attachment-id=\"36274\" data-type=\"image\" class=\"fg-thumb\"><span class=\"fg-image-wrap\"><img src=\"https:\/\/test.isladelajuventud-cuba.com\/wp-content\/uploads\/cache\/2017\/08\/Hotel-Santa-Rita_-Foto-Archivo-Historico-Municipal_\/2481058372.jpg\" width=\"150\" height=\"113\" class=\"skip-lazy fg-image\" decoding=\"async\" loading=\"lazy\"><\/span><span class=\"fg-image-overlay\"><\/span><\/a><figcaption class=\"fg-caption\"><div class=\"fg-caption-inner\"><div class=\"fg-caption-title\">Hotel Santa Rita. Foto Archivo Hist\u00f3rico Municipal.<\/div><\/div><\/figcaption><\/figure><div class=\"fg-loader\"><\/div><\/div><div class=\"fg-item fg-type-image fg-loading\"><figure class=\"fg-item-inner\"><a href=\"https:\/\/test.isladelajuventud-cuba.com\/wp-content\/uploads\/2017\/08\/Hotel-Santa-Rita-en-Santa-Fe.jpg\" data-caption-title=\"Hotel Santa Rita en Santa Fe\" data-caption-desc=\"Hotel Santa Rita en Santa Fe\" data-attachment-id=\"25421\" data-type=\"image\" class=\"fg-thumb\"><span class=\"fg-image-wrap\"><img src=\"https:\/\/test.isladelajuventud-cuba.com\/wp-content\/uploads\/cache\/2017\/08\/Hotel-Santa-Rita-en-Santa-Fe\/4039746320.jpg\" alt=\"Hotel Santa Rita en Santa Fe\" title=\"Hotel Santa Rita en Santa Fe\" width=\"150\" height=\"113\" class=\"skip-lazy fg-image\" decoding=\"async\" loading=\"lazy\"><\/span><span class=\"fg-image-overlay\"><\/span><\/a><figcaption class=\"fg-caption\"><div class=\"fg-caption-inner\"><div class=\"fg-caption-title\">Hotel Santa Rita en Santa Fe<\/div><\/div><\/figcaption><\/figure><div class=\"fg-loader\"><\/div><\/div><div class=\"fg-item fg-type-image fg-loading\"><figure class=\"fg-item-inner\"><a href=\"https:\/\/test.isladelajuventud-cuba.com\/wp-content\/uploads\/2017\/08\/Iglesia-al-lado-izquierdo-en-1908-Santa-Fe.jpg\" data-caption-title=\"Iglesia al lado izquierdo en 1908, Santa Fe\" data-caption-desc=\"Iglesia al lado izquierdo en 1908, Santa Fe\" data-attachment-id=\"25422\" data-type=\"image\" class=\"fg-thumb\"><span class=\"fg-image-wrap\"><img src=\"https:\/\/test.isladelajuventud-cuba.com\/wp-content\/uploads\/cache\/2017\/08\/Iglesia-al-lado-izquierdo-en-1908-Santa-Fe\/164114126.jpg\" alt=\"Iglesia al lado izquierdo en 1908, Santa Fe\" title=\"Iglesia al lado izquierdo en 1908, Santa Fe\" width=\"150\" height=\"113\" class=\"skip-lazy fg-image\" decoding=\"async\" loading=\"lazy\"><\/span><span class=\"fg-image-overlay\"><\/span><\/a><figcaption class=\"fg-caption\"><div class=\"fg-caption-inner\"><div class=\"fg-caption-title\">Iglesia al lado izquierdo en 1908, Santa Fe<\/div><\/div><\/figcaption><\/figure><div class=\"fg-loader\"><\/div><\/div><div class=\"fg-item fg-type-image fg-loading\"><figure class=\"fg-item-inner\"><a href=\"https:\/\/test.isladelajuventud-cuba.com\/wp-content\/uploads\/2014\/04\/Manantiales-de-agua-La-Cotorra.jpg\" data-caption-title=\"Manantiales Agua La Cotorra,en Santa Fe.\" data-attachment-id=\"31243\" data-type=\"image\" class=\"fg-thumb\"><span class=\"fg-image-wrap\"><img src=\"https:\/\/test.isladelajuventud-cuba.com\/wp-content\/uploads\/cache\/2014\/04\/Manantiales-de-agua-La-Cotorra\/896570911.jpg\" alt=\"Manantiales Agua La Cotorra,en Santa Fe.\" title=\"Manantiales Agua La Cotorra,en Santa Fe.\" width=\"150\" height=\"113\" class=\"skip-lazy fg-image\" decoding=\"async\" loading=\"lazy\"><\/span><span class=\"fg-image-overlay\"><\/span><\/a><figcaption class=\"fg-caption\"><div class=\"fg-caption-inner\"><div class=\"fg-caption-title\">Manantiales Agua La Cotorra,en Santa Fe.<\/div><\/div><\/figcaption><\/figure><div class=\"fg-loader\"><\/div><\/div><div class=\"fg-item fg-type-image fg-loading\"><figure class=\"fg-item-inner\"><a href=\"https:\/\/test.isladelajuventud-cuba.com\/wp-content\/uploads\/2017\/08\/Manatiales-de-Santa-Rita-en-19182c-Santa-Fe.jpg\" data-caption-title=\"Manatiales de Santa Rita en 1918 - Santa Fe\" data-caption-desc=\"Manatiales de Santa Rita en 1918 - Santa Fe\" data-attachment-id=\"26415\" data-type=\"image\" class=\"fg-thumb\"><span class=\"fg-image-wrap\"><img src=\"https:\/\/test.isladelajuventud-cuba.com\/wp-content\/uploads\/cache\/2017\/08\/Manatiales-de-Santa-Rita-en-19182c-Santa-Fe\/1901965618.jpg\" alt=\"Manatiales de Santa Rita en 1918 - Santa Fe\" title=\"Manatiales de Santa Rita en 1918 - Santa Fe\" width=\"150\" height=\"113\" class=\"skip-lazy fg-image\" decoding=\"async\" loading=\"lazy\"><\/span><span class=\"fg-image-overlay\"><\/span><\/a><figcaption class=\"fg-caption\"><div class=\"fg-caption-inner\"><div class=\"fg-caption-title\">Manatiales de Santa Rita en 1918 - Santa Fe<\/div><\/div><\/figcaption><\/figure><div class=\"fg-loader\"><\/div><\/div><div class=\"fg-item fg-type-image fg-loading\"><figure class=\"fg-item-inner\"><a href=\"https:\/\/test.isladelajuventud-cuba.com\/wp-content\/uploads\/2017\/08\/Motel-Santa-F\u00e9.-Foto-Archivo-Historico-Municipal..jpg\" data-caption-title=\"Motel Santa Fe. Foto Archivo Hist\u00f3rico Municipal.\" data-attachment-id=\"36275\" data-type=\"image\" class=\"fg-thumb\"><span class=\"fg-image-wrap\"><img src=\"https:\/\/test.isladelajuventud-cuba.com\/wp-content\/uploads\/cache\/2017\/08\/Motel-Santa-F\u00e9_-Foto-Archivo-Historico-Municipal_\/422764935.jpg\" width=\"150\" height=\"113\" class=\"skip-lazy fg-image\" decoding=\"async\" loading=\"lazy\"><\/span><span class=\"fg-image-overlay\"><\/span><\/a><figcaption class=\"fg-caption\"><div class=\"fg-caption-inner\"><div class=\"fg-caption-title\">Motel Santa Fe. Foto Archivo Hist\u00f3rico Municipal.<\/div><\/div><\/figcaption><\/figure><div class=\"fg-loader\"><\/div><\/div><div class=\"fg-item fg-type-image fg-loading\"><figure class=\"fg-item-inner\"><a href=\"https:\/\/test.isladelajuventud-cuba.com\/wp-content\/uploads\/2017\/08\/Parque-Jos\u00ae-de-la-Luz-Hern\u00edndez-en-Santa-Fe.jpg\" data-caption-title=\"Parque Jos\u00e9 de la Luz Hern\u00e1ndez, en Santa Fe\" data-caption-desc=\"Parque Jos\u00e9 de la Luz Hern\u00e1ndez, en Santa Fe\" data-attachment-id=\"25423\" data-type=\"image\" class=\"fg-thumb\"><span class=\"fg-image-wrap\"><img src=\"https:\/\/test.isladelajuventud-cuba.com\/wp-content\/uploads\/cache\/2017\/08\/Parque-Jos\u00ae-de-la-Luz-Hern\u00edndez-en-Santa-Fe\/3118271151.jpg\" alt=\"Parque Jos\u00e9 de la Luz Hern\u00e1ndez, en Santa Fe\" title=\"Parque Jos\u00e9 de la Luz Hern\u00e1ndez, en Santa Fe\" width=\"150\" height=\"113\" class=\"skip-lazy fg-image\" decoding=\"async\" loading=\"lazy\"><\/span><span class=\"fg-image-overlay\"><\/span><\/a><figcaption class=\"fg-caption\"><div class=\"fg-caption-inner\"><div class=\"fg-caption-title\">Parque Jos\u00e9 de la Luz Hern\u00e1ndez, en Santa Fe<\/div><\/div><\/figcaption><\/figure><div class=\"fg-loader\"><\/div><\/div><div class=\"fg-item fg-type-image fg-loading\"><figure class=\"fg-item-inner\"><a href=\"https:\/\/test.isladelajuventud-cuba.com\/wp-content\/uploads\/2017\/08\/Paseo-por-el-r\u00a1o-Santa-Rita-en-Santa-Fe.jpg\" data-caption-title=\"Paseo por el r\u00edo Santa Rita en Santa Fe\" data-caption-desc=\"Paseo por el r\u00edo Santa Rita en Santa Fe\" data-attachment-id=\"25424\" data-type=\"image\" class=\"fg-thumb\"><span class=\"fg-image-wrap\"><img src=\"https:\/\/test.isladelajuventud-cuba.com\/wp-content\/uploads\/cache\/2017\/08\/Paseo-por-el-r\u00a1o-Santa-Rita-en-Santa-Fe\/2291836374.jpg\" alt=\"Paseo por el r\u00edo Santa Rita en Santa Fe\" title=\"Paseo por el r\u00edo Santa Rita en Santa Fe\" width=\"150\" height=\"113\" class=\"skip-lazy fg-image\" decoding=\"async\" loading=\"lazy\"><\/span><span class=\"fg-image-overlay\"><\/span><\/a><figcaption class=\"fg-caption\"><div class=\"fg-caption-inner\"><div class=\"fg-caption-title\">Paseo por el r\u00edo Santa Rita en Santa Fe<\/div><\/div><\/figcaption><\/figure><div class=\"fg-loader\"><\/div><\/div><div class=\"fg-item fg-type-image fg-loading\"><figure class=\"fg-item-inner\"><a href=\"https:\/\/test.isladelajuventud-cuba.com\/wp-content\/uploads\/2017\/08\/Piscina-de-Santa-Rita-1978-en-Sata-Fe.jpeg\" data-caption-title=\"Piscina de Santa Rita 1978 en Sata F\u00e9.\" data-attachment-id=\"39205\" data-type=\"image\" class=\"fg-thumb\"><span class=\"fg-image-wrap\"><img src=\"https:\/\/test.isladelajuventud-cuba.com\/wp-content\/uploads\/cache\/2017\/08\/Piscina-de-Santa-Rita-1978-en-Sata-Fe\/2297971805.jpeg\" width=\"150\" height=\"113\" class=\"skip-lazy fg-image\" decoding=\"async\" loading=\"lazy\"><\/span><span class=\"fg-image-overlay\"><\/span><\/a><figcaption class=\"fg-caption\"><div class=\"fg-caption-inner\"><div class=\"fg-caption-title\">Piscina de Santa Rita 1978 en Sata F\u00e9.<\/div><\/div><\/figcaption><\/figure><div class=\"fg-loader\"><\/div><\/div><div class=\"fg-item fg-type-image fg-loading\"><figure class=\"fg-item-inner\"><a href=\"https:\/\/test.isladelajuventud-cuba.com\/wp-content\/uploads\/2017\/08\/Playa-del-Guayabo-en-1971-Santa-Fe.jpeg\" data-caption-title=\"Playa del Guayabo en 1971, Santa F\u00e9.\" data-attachment-id=\"39204\" data-type=\"image\" class=\"fg-thumb\"><span class=\"fg-image-wrap\"><img src=\"https:\/\/test.isladelajuventud-cuba.com\/wp-content\/uploads\/cache\/2017\/08\/Playa-del-Guayabo-en-1971-Santa-Fe\/2620020030.jpeg\" width=\"150\" height=\"113\" class=\"skip-lazy fg-image\" decoding=\"async\" loading=\"lazy\"><\/span><span class=\"fg-image-overlay\"><\/span><\/a><figcaption class=\"fg-caption\"><div class=\"fg-caption-inner\"><div class=\"fg-caption-title\">Playa del Guayabo en 1971, Santa F\u00e9.<\/div><\/div><\/figcaption><\/figure><div class=\"fg-loader\"><\/div><\/div><div class=\"fg-item fg-type-image fg-loading\"><figure class=\"fg-item-inner\"><a href=\"https:\/\/test.isladelajuventud-cuba.com\/wp-content\/uploads\/2017\/08\/120091538_165611611846163_3136454915447145475_n.jpg\" data-caption-title=\"Poblado de Santa F\u00e9.\" data-attachment-id=\"36263\" data-type=\"image\" class=\"fg-thumb\"><span class=\"fg-image-wrap\"><img src=\"https:\/\/test.isladelajuventud-cuba.com\/wp-content\/uploads\/cache\/2017\/08\/120091538_165611611846163_3136454915447145475_n\/623808347.jpg\" width=\"150\" height=\"113\" class=\"skip-lazy fg-image\" decoding=\"async\" loading=\"lazy\"><\/span><span class=\"fg-image-overlay\"><\/span><\/a><figcaption class=\"fg-caption\"><div class=\"fg-caption-inner\"><div class=\"fg-caption-title\">Poblado de Santa F\u00e9.<\/div><\/div><\/figcaption><\/figure><div class=\"fg-loader\"><\/div><\/div><div class=\"fg-item fg-type-image fg-loading\"><figure class=\"fg-item-inner\"><a href=\"https:\/\/test.isladelajuventud-cuba.com\/wp-content\/uploads\/2017\/08\/Postal-de-Santa-Fe-coloreada.jpg\" data-caption-title=\"Postal de Santa Fe coloreada\" data-caption-desc=\"Postal de Santa Fe coloreada\" data-attachment-id=\"26414\" data-type=\"image\" class=\"fg-thumb\"><span class=\"fg-image-wrap\"><img src=\"https:\/\/test.isladelajuventud-cuba.com\/wp-content\/uploads\/cache\/2017\/08\/Postal-de-Santa-Fe-coloreada\/1366894742.jpg\" alt=\"Postal de Santa Fe coloreada\" title=\"Postal de Santa Fe coloreada\" width=\"150\" height=\"113\" class=\"skip-lazy fg-image\" decoding=\"async\" loading=\"lazy\"><\/span><span class=\"fg-image-overlay\"><\/span><\/a><figcaption class=\"fg-caption\"><div class=\"fg-caption-inner\"><div class=\"fg-caption-title\">Postal de Santa Fe coloreada<\/div><\/div><\/figcaption><\/figure><div class=\"fg-loader\"><\/div><\/div><div class=\"fg-item fg-type-image fg-loading\"><figure class=\"fg-item-inner\"><a href=\"https:\/\/test.isladelajuventud-cuba.com\/wp-content\/uploads\/2017\/08\/propaganda.jpg\" data-caption-desc=\"Propaganda de los Hermanos Ordo\u00f1ez. Cascada Arriba, Finca Cajigas, Hotel Balneario; Santa Rita.\" data-caption-title=\"Propaganda de los Hermanos Ordo\u00f1ez. Cascada Arriba, Finca Cajigas, Hotel Balneario; Santa Rita.\" data-attachment-id=\"26420\" data-type=\"image\" class=\"fg-thumb\"><span class=\"fg-image-wrap\"><img src=\"https:\/\/test.isladelajuventud-cuba.com\/wp-content\/uploads\/cache\/2017\/08\/propaganda\/3725432841.jpg\" alt=\"Propaganda de los Hermanos Ordo\u00f1ez. Cascada Arriba, Finca Cajigas, Hotel Balneario; Santa Rita.\" width=\"150\" height=\"113\" class=\"skip-lazy fg-image\" decoding=\"async\" loading=\"lazy\"><\/span><span class=\"fg-image-overlay\"><\/span><\/a><figcaption class=\"fg-caption\"><div class=\"fg-caption-inner\"><div class=\"fg-caption-title\">Propaganda de los Hermanos Ordo\u00f1ez. Cascada Arriba, Finca Cajigas, Hotel Balneario; Santa Rita.<\/div><\/div><\/figcaption><\/figure><div class=\"fg-loader\"><\/div><\/div><div class=\"fg-item fg-type-image fg-loading\"><figure class=\"fg-item-inner\"><a href=\"https:\/\/test.isladelajuventud-cuba.com\/wp-content\/uploads\/2017\/08\/villa-aurora.jpg\" data-caption-title=\"Residencia de americanos en Santa Fe. Villa Aurora ;  Mr. Wall se encontraba a la salida de Santa Fe por la carretera vieja a la derecha. En los a\u00f1os 1970 hab\u00eda una finca de c\u00edtricos que se llamaba;  La Aurora.\" data-caption-desc=\"Residencia de americanos en Santa Fe. Villa Aurora ;  Mr. Wall se encontraba a la salida de Santa Fe por la carretera vieja a la derecha. En los a\u00f1os 1970 hab\u00eda una finca de c\u00edtricos que se llamaba;  La Aurora.\" data-attachment-id=\"26421\" data-type=\"image\" class=\"fg-thumb\"><span class=\"fg-image-wrap\"><img src=\"https:\/\/test.isladelajuventud-cuba.com\/wp-content\/uploads\/cache\/2017\/08\/villa-aurora\/1808834254.jpg\" alt=\"Residencia de americanos en Santa Fe. Villa Aurora ; Mr. Wall se encontraba a la salida de Santa Fe por la carretera vieja a la derecha. En los a\u00f1os 1970 hab\u00eda una finca de c\u00edtricos que se llamaba; La Aurora.\" title=\"Residencia de americanos en Santa Fe. Villa Aurora ;  Mr. Wall se encontraba a la salida de Santa Fe por la carretera vieja a la derecha. En los a\u00f1os 1970 hab\u00eda una finca de c\u00edtricos que se llamaba;  La Aurora.\" width=\"150\" height=\"113\" class=\"skip-lazy fg-image\" decoding=\"async\" loading=\"lazy\"><\/span><span class=\"fg-image-overlay\"><\/span><\/a><figcaption class=\"fg-caption\"><div class=\"fg-caption-inner\"><div class=\"fg-caption-title\">Residencia de americanos en Santa Fe. Villa Aurora ;  Mr. Wall se encontraba a la salida de Santa Fe por la carretera vieja a la derecha. En los a\u00f1os 1970 hab\u00eda una finca de c\u00edtricos que se llamaba;  La Aurora.<\/div><\/div><\/figcaption><\/figure><div class=\"fg-loader\"><\/div><\/div><div class=\"fg-item fg-type-image fg-loading\"><figure class=\"fg-item-inner\"><a href=\"https:\/\/test.isladelajuventud-cuba.com\/wp-content\/uploads\/2017\/08\/Residencia-de-Mr.-William-Pack-en-La-Ceiba-Santa-Fe.-Fue-visitada-dos-veces-por-un-presidente-de-la-Republica-de-Cuba.jpg\" data-caption-title=\"Residencia de Mr. William Pack en La Ceiba, Santa Fe. Fue visitada dos veces por un presidente de la Republica de Cuba.\" data-attachment-id=\"39200\" data-type=\"image\" class=\"fg-thumb\"><span class=\"fg-image-wrap\"><img src=\"https:\/\/test.isladelajuventud-cuba.com\/wp-content\/uploads\/cache\/2017\/08\/Residencia-de-Mr_-William-Pack-en-La-Ceiba-Santa-Fe_-Fue-visitada-dos-veces-por-un-presidente-de-la-Republica-de-Cuba\/2410649117.jpg\" width=\"150\" height=\"113\" class=\"skip-lazy fg-image\" decoding=\"async\" loading=\"lazy\"><\/span><span class=\"fg-image-overlay\"><\/span><\/a><figcaption class=\"fg-caption\"><div class=\"fg-caption-inner\"><div class=\"fg-caption-title\">Residencia de Mr. William Pack en La Ceiba, Santa Fe. Fue visitada dos veces por un presidente de la Republica de Cuba.<\/div><\/div><\/figcaption><\/figure><div class=\"fg-loader\"><\/div><\/div><div class=\"fg-item fg-type-image fg-loading\"><figure class=\"fg-item-inner\"><a href=\"https:\/\/test.isladelajuventud-cuba.com\/wp-content\/uploads\/2017\/08\/restaurante-el-ranchon.jpg\" data-caption-title=\"Restaurante El Ranch\u00f3n en  1960. La enorme tinaja que se ve en su entrada es lo que qued\u00f3 del Hotel Santa Rita.\" data-caption-desc=\"Restaurante El Ranch\u00f3n en  1960. La enorme tinaja que se ve en su entrada es lo que qued\u00f3 del Hotel Santa Rita.\" data-attachment-id=\"26422\" data-type=\"image\" class=\"fg-thumb\"><span class=\"fg-image-wrap\"><img src=\"https:\/\/test.isladelajuventud-cuba.com\/wp-content\/uploads\/cache\/2017\/08\/restaurante-el-ranchon\/881406154.jpg\" alt=\"Restaurante El Ranch\u00f3n en 1960. La enorme tinaja que se ve en su entrada es lo que qued\u00f3 del Hotel Santa Rita.\" title=\"Restaurante El Ranch\u00f3n en  1960. La enorme tinaja que se ve en su entrada es lo que qued\u00f3 del Hotel Santa Rita.\" width=\"150\" height=\"113\" class=\"skip-lazy fg-image\" decoding=\"async\" loading=\"lazy\"><\/span><span class=\"fg-image-overlay\"><\/span><\/a><figcaption class=\"fg-caption\"><div class=\"fg-caption-inner\"><div class=\"fg-caption-title\">Restaurante El Ranch\u00f3n en  1960. La enorme tinaja que se ve en su entrada es lo que qued\u00f3 del Hotel Santa Rita.<\/div><\/div><\/figcaption><\/figure><div class=\"fg-loader\"><\/div><\/div><div class=\"fg-item fg-type-image fg-loading\"><figure class=\"fg-item-inner\"><a href=\"https:\/\/test.isladelajuventud-cuba.com\/wp-content\/uploads\/2017\/08\/Santa-Fe.jpg\" data-caption-title=\"Santa Fe\" data-caption-desc=\"Santa Fe\" data-attachment-id=\"25425\" data-type=\"image\" class=\"fg-thumb\"><span class=\"fg-image-wrap\"><img src=\"https:\/\/test.isladelajuventud-cuba.com\/wp-content\/uploads\/cache\/2017\/08\/Santa-Fe\/1174854591.jpg\" alt=\"Santa Fe\" title=\"Santa Fe\" width=\"150\" height=\"113\" class=\"skip-lazy fg-image\" decoding=\"async\" loading=\"lazy\"><\/span><span class=\"fg-image-overlay\"><\/span><\/a><figcaption class=\"fg-caption\"><div class=\"fg-caption-inner\"><div class=\"fg-caption-title\">Santa Fe<\/div><\/div><\/figcaption><\/figure><div class=\"fg-loader\"><\/div><\/div><div class=\"fg-item fg-type-image fg-loading\"><figure class=\"fg-item-inner\"><a href=\"https:\/\/test.isladelajuventud-cuba.com\/wp-content\/uploads\/2014\/04\/Santa-Fe-1.jpg\" data-caption-title=\"Tres j\u00f3venes despu\u00e9s de haber salido de la misa en la Iglesia Cat\u00f3lica en Santa Fe; toman Coca Cola en el portal de la bodega de Nicol\u00e1s Blanco. A\u00f1o 1940.\" data-attachment-id=\"31242\" data-type=\"image\" class=\"fg-thumb\"><span class=\"fg-image-wrap\"><img src=\"https:\/\/test.isladelajuventud-cuba.com\/wp-content\/uploads\/cache\/2014\/04\/Santa-Fe-1\/995990856.jpg\" width=\"150\" height=\"113\" class=\"skip-lazy fg-image\" decoding=\"async\" loading=\"lazy\"><\/span><span class=\"fg-image-overlay\"><\/span><\/a><figcaption class=\"fg-caption\"><div class=\"fg-caption-inner\"><div class=\"fg-caption-title\">Tres j\u00f3venes despu\u00e9s de haber salido de la misa en la Iglesia Cat\u00f3lica en Santa Fe; toman Coca Cola en el portal de la bodega de Nicol\u00e1s Blanco. A\u00f1o 1940.<\/div><\/div><\/figcaption><\/figure><div class=\"fg-loader\"><\/div><\/div><\/div>\n<!-- FooGallery Debug Info : Start\r\n\r\nID => 25417\r\nTemplate => default\r\nDatasource => media_library\r\n\r\nFooGallery Settings\r\n===================\r\ndefault_alignment => fg-center\r\ndefault_border_size => fg-border-thin\r\ndefault_caption_desc_source => none\r\ndefault_drop_shadow => fg-shadow-small\r\ndefault_hover_effect_icon => fg-hover-zoom\r\ndefault_hover_effect_transition => fg-hover-fade\r\ndefault_hover_effect_type => normal\r\ndefault_lightbox => foobox\r\ndefault_loaded_effect => fg-loaded-fade-in\r\ndefault_loading_icon => fg-loading-default\r\ndefault_spacing => 10\r\ndefault_theme => fg-light\r\ndefault_thumbnail_dimensions => \r\n   width => 150\r\n   height => 113\r\ndefault_thumbnail_link => image\r\nfoogallery_items_view => manage\r\n\r\nAttachment Info\r\n===============\r\n26423 => \r\n   url => https:\/\/test.isladelajuventud-cuba.com\/wp-content\/uploads\/2017\/08\/gran-panel.jpg\r\n   type => image\r\n   width => 150\r\n   height => 113\r\n26419 => \r\n   url => https:\/\/test.isladelajuventud-cuba.com\/wp-content\/uploads\/2017\/08\/Bar-Kero-en-una-vieja-postal-de-1950.jpg\r\n   type => image\r\n   width => 150\r\n   height => 113\r\n25418 => \r\n   url => https:\/\/test.isladelajuventud-cuba.com\/wp-content\/uploads\/2017\/08\/Carpinteria-cerca-de-Santa-Fe.jpg\r\n   type => image\r\n   width => 150\r\n   height => 113\r\n26418 => \r\n   url => https:\/\/test.isladelajuventud-cuba.com\/wp-content\/uploads\/2017\/08\/Club-en-Santa-Fe-el-6-de-mayo-de-1932.jpg\r\n   type => image\r\n   width => 150\r\n   height => 113\r\n36262 => \r\n   url => https:\/\/test.isladelajuventud-cuba.com\/wp-content\/uploads\/2017\/08\/Sin-t\u00edtulo.jpg\r\n   type => image\r\n   width => 150\r\n   height => 113\r\n25419 => \r\n   url => https:\/\/test.isladelajuventud-cuba.com\/wp-content\/uploads\/2017\/08\/El-secretario-de-Estado-de-EUA-dirigiendos\u00ae-a-los-pobladores-de-Santa-Fe-el-11-febrero-1913.jpg\r\n   type => image\r\n   width => 150\r\n   height => 113\r\n26417 => \r\n   url => https:\/\/test.isladelajuventud-cuba.com\/wp-content\/uploads\/2017\/08\/Escuela-primaria-urbana-de-Santa-Fe.jpg\r\n   type => image\r\n   width => 150\r\n   height => 113\r\n36261 => \r\n   url => https:\/\/test.isladelajuventud-cuba.com\/wp-content\/uploads\/2017\/08\/120220676_165216175219040_5634206935433700845_n.jpg\r\n   type => image\r\n   width => 150\r\n   height => 113\r\n39203 => \r\n   url => https:\/\/test.isladelajuventud-cuba.com\/wp-content\/uploads\/2017\/08\/Gran-panel-4-Santa-Fe-1975.jpeg\r\n   type => image\r\n   width => 150\r\n   height => 113\r\n25420 => \r\n   url => https:\/\/test.isladelajuventud-cuba.com\/wp-content\/uploads\/2017\/08\/Hotel-Santa-Fe-en-el-a\u00a6o-1898.jpg\r\n   type => image\r\n   width => 150\r\n   height => 113\r\n26475 => \r\n   url => https:\/\/test.isladelajuventud-cuba.com\/wp-content\/uploads\/2017\/08\/Hotel-Santa-Rita.jpg\r\n   type => image\r\n   width => 150\r\n   height => 113\r\n36274 => \r\n   url => https:\/\/test.isladelajuventud-cuba.com\/wp-content\/uploads\/2017\/08\/Hotel-Santa-Rita.-Foto-Archivo-Historico-Municipal..jpg\r\n   type => image\r\n   width => 150\r\n   height => 113\r\n25421 => \r\n   url => https:\/\/test.isladelajuventud-cuba.com\/wp-content\/uploads\/2017\/08\/Hotel-Santa-Rita-en-Santa-Fe.jpg\r\n   type => image\r\n   width => 150\r\n   height => 113\r\n25422 => \r\n   url => https:\/\/test.isladelajuventud-cuba.com\/wp-content\/uploads\/2017\/08\/Iglesia-al-lado-izquierdo-en-1908-Santa-Fe.jpg\r\n   type => image\r\n   width => 150\r\n   height => 113\r\n31243 => \r\n   url => https:\/\/test.isladelajuventud-cuba.com\/wp-content\/uploads\/2014\/04\/Manantiales-de-agua-La-Cotorra.jpg\r\n   type => image\r\n   width => 150\r\n   height => 113\r\n26415 => \r\n   url => https:\/\/test.isladelajuventud-cuba.com\/wp-content\/uploads\/2017\/08\/Manatiales-de-Santa-Rita-en-19182c-Santa-Fe.jpg\r\n   type => image\r\n   width => 150\r\n   height => 113\r\n36275 => \r\n   url => https:\/\/test.isladelajuventud-cuba.com\/wp-content\/uploads\/2017\/08\/Motel-Santa-F\u00e9.-Foto-Archivo-Historico-Municipal..jpg\r\n   type => image\r\n   width => 150\r\n   height => 113\r\n25423 => \r\n   url => https:\/\/test.isladelajuventud-cuba.com\/wp-content\/uploads\/2017\/08\/Parque-Jos\u00ae-de-la-Luz-Hern\u00edndez-en-Santa-Fe.jpg\r\n   type => image\r\n   width => 150\r\n   height => 113\r\n25424 => \r\n   url => https:\/\/test.isladelajuventud-cuba.com\/wp-content\/uploads\/2017\/08\/Paseo-por-el-r\u00a1o-Santa-Rita-en-Santa-Fe.jpg\r\n   type => image\r\n   width => 150\r\n   height => 113\r\n39205 => \r\n   url => https:\/\/test.isladelajuventud-cuba.com\/wp-content\/uploads\/2017\/08\/Piscina-de-Santa-Rita-1978-en-Sata-Fe.jpeg\r\n   type => image\r\n   width => 150\r\n   height => 113\r\n39204 => \r\n   url => https:\/\/test.isladelajuventud-cuba.com\/wp-content\/uploads\/2017\/08\/Playa-del-Guayabo-en-1971-Santa-Fe.jpeg\r\n   type => image\r\n   width => 150\r\n   height => 113\r\n36263 => \r\n   url => https:\/\/test.isladelajuventud-cuba.com\/wp-content\/uploads\/2017\/08\/120091538_165611611846163_3136454915447145475_n.jpg\r\n   type => image\r\n   width => 150\r\n   height => 113\r\n26414 => \r\n   url => https:\/\/test.isladelajuventud-cuba.com\/wp-content\/uploads\/2017\/08\/Postal-de-Santa-Fe-coloreada.jpg\r\n   type => image\r\n   width => 150\r\n   height => 113\r\n26420 => \r\n   url => https:\/\/test.isladelajuventud-cuba.com\/wp-content\/uploads\/2017\/08\/propaganda.jpg\r\n   type => image\r\n   width => 150\r\n   height => 113\r\n26421 => \r\n   url => https:\/\/test.isladelajuventud-cuba.com\/wp-content\/uploads\/2017\/08\/villa-aurora.jpg\r\n   type => image\r\n   width => 150\r\n   height => 113\r\n39200 => \r\n   url => https:\/\/test.isladelajuventud-cuba.com\/wp-content\/uploads\/2017\/08\/Residencia-de-Mr.-William-Pack-en-La-Ceiba-Santa-Fe.-Fue-visitada-dos-veces-por-un-presidente-de-la-Republica-de-Cuba.jpg\r\n   type => image\r\n   width => 150\r\n   height => 113\r\n26422 => \r\n   url => https:\/\/test.isladelajuventud-cuba.com\/wp-content\/uploads\/2017\/08\/restaurante-el-ranchon.jpg\r\n   type => image\r\n   width => 150\r\n   height => 113\r\n25425 => \r\n   url => https:\/\/test.isladelajuventud-cuba.com\/wp-content\/uploads\/2017\/08\/Santa-Fe.jpg\r\n   type => image\r\n   width => 150\r\n   height => 113\r\n31242 => \r\n   url => https:\/\/test.isladelajuventud-cuba.com\/wp-content\/uploads\/2014\/04\/Santa-Fe-1.jpg\r\n   type => image\r\n   width => 150\r\n   height => 113\r\n\r\nFooGallery Debug Info : End --><!-- FooGallery Debug Info : Start\r\n\r\nID => 25417\r\nTemplate => default\r\nDatasource => media_library\r\n\r\nFooGallery Settings\r\n===================\r\ndefault_alignment => fg-center\r\ndefault_border_size => fg-border-thin\r\ndefault_caption_desc_source => none\r\ndefault_drop_shadow => fg-shadow-small\r\ndefault_hover_effect_icon => fg-hover-zoom\r\ndefault_hover_effect_transition => fg-hover-fade\r\ndefault_hover_effect_type => normal\r\ndefault_lightbox => foobox\r\ndefault_loaded_effect => fg-loaded-fade-in\r\ndefault_loading_icon => fg-loading-default\r\ndefault_spacing => 10\r\ndefault_theme => fg-light\r\ndefault_thumbnail_dimensions => \r\n   width => 150\r\n   height => 113\r\ndefault_thumbnail_link => image\r\nfoogallery_items_view => manage\r\n\r\nAttachment Info\r\n===============\r\n\r\nFooGallery Debug Info : End -->\n<p>[\/vc_column_text][vc_empty_space height=\u00bb25px\u00bb][vc_column_text]<\/p>\n<h3 style=\"text-align: center;\"><strong>Santa B\u00e1rbara<\/strong><\/h3>\n<p>[\/vc_column_text][vc_empty_space height=\u00bb20px\u00bb][vc_column_text]<\/p>\n<style type=\"text\/css\">\n#foogallery-gallery-25386 .fg-image { width: 150px; }\n#foogallery-gallery-25386 { --fg-gutter: 10px; }<\/style>\n\t\t\t<style type=\"text\/css\">\n#foogallery-gallery-25386_1 .fg-image { width: 150px; }\n#foogallery-gallery-25386_1 { --fg-gutter: 10px; }<\/style>\n\t\t\t<div class=\"foogallery foogallery-container foogallery-default foogallery-lightbox-foobox fg-center fg-default fg-ready fg-light fg-border-thin fg-shadow-small fg-loading-default fg-loaded-fade-in fg-hover-fade fg-hover-zoom fg-debug\" id=\"foogallery-gallery-25386_1\" data-foogallery=\"{&quot;item&quot;:{&quot;showCaptionTitle&quot;:true,&quot;showCaptionDescription&quot;:false},&quot;lazy&quot;:true,&quot;src&quot;:&quot;src&quot;,&quot;srcset&quot;:&quot;srcset&quot;}\" style=\"--fg-title-line-clamp: 0; --fg-description-line-clamp: 0;\" >\n\t<div class=\"fg-item fg-type-image fg-loading\"><figure class=\"fg-item-inner\"><a href=\"https:\/\/test.isladelajuventud-cuba.com\/wp-content\/uploads\/2017\/08\/Bungalow-cerca-de-Santa-Barbara.jpg\" data-caption-title=\"Bungalow , cerca de Santa Barbara\" data-caption-desc=\"Bungalow , cerca de Santa Barbara\" data-attachment-id=\"25387\" data-type=\"image\" class=\"fg-thumb\"><span class=\"fg-image-wrap\"><img src=\"https:\/\/test.isladelajuventud-cuba.com\/wp-content\/uploads\/cache\/2017\/08\/Bungalow-cerca-de-Santa-Barbara\/1776136914.jpg\" alt=\"Bungalow , cerca de Santa Barbara\" title=\"Bungalow , cerca de Santa Barbara\" width=\"150\" height=\"113\" class=\"skip-lazy fg-image\" decoding=\"async\" loading=\"lazy\"><\/span><span class=\"fg-image-overlay\"><\/span><\/a><figcaption class=\"fg-caption\"><div class=\"fg-caption-inner\"><div class=\"fg-caption-title\">Bungalow , cerca de Santa Barbara<\/div><\/div><\/figcaption><\/figure><div class=\"fg-loader\"><\/div><\/div><div class=\"fg-item fg-type-image fg-loading\"><figure class=\"fg-item-inner\"><a href=\"https:\/\/test.isladelajuventud-cuba.com\/wp-content\/uploads\/2017\/08\/Construcci\u00a6n-de-la-Carretera-de-Santa-Barbara-a-Siguanea.jpg\" data-caption-title=\"Construcci\u00f3n de la Carretera de Santa Barbara a Siguanea\" data-attachment-id=\"27232\" data-type=\"image\" class=\"fg-thumb\"><span class=\"fg-image-wrap\"><img src=\"https:\/\/test.isladelajuventud-cuba.com\/wp-content\/uploads\/cache\/2017\/08\/Construcci\u00a6n-de-la-Carretera-de-Santa-Barbara-a-Siguanea\/1335815253.jpg\" width=\"150\" height=\"113\" class=\"skip-lazy fg-image\" decoding=\"async\" loading=\"lazy\"><\/span><span class=\"fg-image-overlay\"><\/span><\/a><figcaption class=\"fg-caption\"><div class=\"fg-caption-inner\"><div class=\"fg-caption-title\">Construcci\u00f3n de la Carretera de Santa Barbara a Siguanea<\/div><\/div><\/figcaption><\/figure><div class=\"fg-loader\"><\/div><\/div><div class=\"fg-item fg-type-image fg-loading\"><figure class=\"fg-item-inner\"><a href=\"https:\/\/test.isladelajuventud-cuba.com\/wp-content\/uploads\/2017\/08\/Manantiales-La-Magnesia.jpg\" data-caption-title=\"Manantiales La Magnesia\" data-caption-desc=\"Manantiales La Magnesia\" data-attachment-id=\"25390\" data-type=\"image\" class=\"fg-thumb\"><span class=\"fg-image-wrap\"><img src=\"https:\/\/test.isladelajuventud-cuba.com\/wp-content\/uploads\/cache\/2017\/08\/Manantiales-La-Magnesia\/2434657548.jpg\" alt=\"Manantiales La Magnesia\" title=\"Manantiales La Magnesia\" width=\"150\" height=\"113\" class=\"skip-lazy fg-image\" decoding=\"async\" loading=\"lazy\"><\/span><span class=\"fg-image-overlay\"><\/span><\/a><figcaption class=\"fg-caption\"><div class=\"fg-caption-inner\"><div class=\"fg-caption-title\">Manantiales La Magnesia<\/div><\/div><\/figcaption><\/figure><div class=\"fg-loader\"><\/div><\/div><div class=\"fg-item fg-type-image fg-loading\"><figure class=\"fg-item-inner\"><a href=\"https:\/\/test.isladelajuventud-cuba.com\/wp-content\/uploads\/2017\/08\/Quizas-la-primera-Academia-Militar-que-existio\u0301.La-Mc-Mahon-en-1918-en-Santa-Barbara-para-jovenes-norteamericanos.jpg\" data-caption-title=\"Quiz\u00e1s la primera Academia Militar que existio\u0301. La Mc Mahon en 1918 en Santa Barbara para j\u00f3venes norteamericanos\" data-caption-desc=\"Quiz\u00e1s la primera Academia Militar que existio\u0301. La Mc Mahon en 1918 en Santa Barbara para j\u00f3venes norteamericanos\" data-attachment-id=\"25391\" data-type=\"image\" class=\"fg-thumb\"><span class=\"fg-image-wrap\"><img src=\"https:\/\/test.isladelajuventud-cuba.com\/wp-content\/uploads\/cache\/2017\/08\/Quizas-la-primera-Academia-Militar-que-existio\u0301_La-Mc-Mahon-en-1918-en-Santa-Barbara-para-jovenes-norteamericanos\/1571307523.jpg\" alt=\"Quiz\u00e1s la primera Academia Militar que existio\u0301. La Mc Mahon en 1918 en Santa Barbara para j\u00f3venes norteamericanos\" title=\"Quiz\u00e1s la primera Academia Militar que existio\u0301. La Mc Mahon en 1918 en Santa Barbara para j\u00f3venes norteamericanos\" width=\"150\" height=\"113\" class=\"skip-lazy fg-image\" decoding=\"async\" loading=\"lazy\"><\/span><span class=\"fg-image-overlay\"><\/span><\/a><figcaption class=\"fg-caption\"><div class=\"fg-caption-inner\"><div class=\"fg-caption-title\">Quiz\u00e1s la primera Academia Militar que existio\u0301. La Mc Mahon en 1918 en Santa Barbara para j\u00f3venes norteamericanos<\/div><\/div><\/figcaption><\/figure><div class=\"fg-loader\"><\/div><\/div><div class=\"fg-item fg-type-image fg-loading\"><figure class=\"fg-item-inner\"><a href=\"https:\/\/test.isladelajuventud-cuba.com\/wp-content\/uploads\/2017\/08\/Santa-Barbara-1.jpg\" data-caption-title=\"Santa Barbara\" data-caption-desc=\"Santa Barbara\" data-attachment-id=\"25392\" data-type=\"image\" class=\"fg-thumb\"><span class=\"fg-image-wrap\"><img src=\"https:\/\/test.isladelajuventud-cuba.com\/wp-content\/uploads\/cache\/2017\/08\/Santa-Barbara-1\/2767292480.jpg\" alt=\"Santa Barbara\" title=\"Santa Barbara\" width=\"150\" height=\"113\" class=\"skip-lazy fg-image\" decoding=\"async\" loading=\"lazy\"><\/span><span class=\"fg-image-overlay\"><\/span><\/a><figcaption class=\"fg-caption\"><div class=\"fg-caption-inner\"><div class=\"fg-caption-title\">Santa Barbara<\/div><\/div><\/figcaption><\/figure><div class=\"fg-loader\"><\/div><\/div><div class=\"fg-item fg-type-image fg-loading\"><figure class=\"fg-item-inner\"><a href=\"https:\/\/test.isladelajuventud-cuba.com\/wp-content\/uploads\/2017\/08\/Santa-Barbara-2.jpg\" data-caption-title=\"Santa Barbara\" data-caption-desc=\"Santa Barbara\" data-attachment-id=\"25393\" data-type=\"image\" class=\"fg-thumb\"><span class=\"fg-image-wrap\"><img src=\"https:\/\/test.isladelajuventud-cuba.com\/wp-content\/uploads\/cache\/2017\/08\/Santa-Barbara-2\/370926414.jpg\" alt=\"Santa Barbara\" title=\"Santa Barbara\" width=\"150\" height=\"113\" class=\"skip-lazy fg-image\" decoding=\"async\" loading=\"lazy\"><\/span><span class=\"fg-image-overlay\"><\/span><\/a><figcaption class=\"fg-caption\"><div class=\"fg-caption-inner\"><div class=\"fg-caption-title\">Santa Barbara<\/div><\/div><\/figcaption><\/figure><div class=\"fg-loader\"><\/div><\/div><div class=\"fg-item fg-type-image fg-loading\"><figure class=\"fg-item-inner\"><a href=\"https:\/\/test.isladelajuventud-cuba.com\/wp-content\/uploads\/2017\/08\/Santa-Barbara.jpg\" data-caption-title=\"Santa Barbara\" data-caption-desc=\"Santa Barbara\" data-attachment-id=\"25395\" data-type=\"image\" class=\"fg-thumb\"><span class=\"fg-image-wrap\"><img src=\"https:\/\/test.isladelajuventud-cuba.com\/wp-content\/uploads\/cache\/2017\/08\/Santa-Barbara\/1012090791.jpg\" alt=\"Santa Barbara\" title=\"Santa Barbara\" width=\"150\" height=\"113\" class=\"skip-lazy fg-image\" decoding=\"async\" loading=\"lazy\"><\/span><span class=\"fg-image-overlay\"><\/span><\/a><figcaption class=\"fg-caption\"><div class=\"fg-caption-inner\"><div class=\"fg-caption-title\">Santa Barbara<\/div><\/div><\/figcaption><\/figure><div class=\"fg-loader\"><\/div><\/div><div class=\"fg-item fg-type-image fg-loading\"><figure class=\"fg-item-inner\"><a href=\"https:\/\/test.isladelajuventud-cuba.com\/wp-content\/uploads\/2017\/08\/Santa-Barbara-3.jpg\" data-caption-title=\"Santa Barbara\" data-attachment-id=\"27234\" data-type=\"image\" class=\"fg-thumb\"><span class=\"fg-image-wrap\"><img src=\"https:\/\/test.isladelajuventud-cuba.com\/wp-content\/uploads\/cache\/2017\/08\/Santa-Barbara-3\/1342091164.jpg\" width=\"150\" height=\"113\" class=\"skip-lazy fg-image\" decoding=\"async\" loading=\"lazy\"><\/span><span class=\"fg-image-overlay\"><\/span><\/a><figcaption class=\"fg-caption\"><div class=\"fg-caption-inner\"><div class=\"fg-caption-title\">Santa Barbara<\/div><\/div><\/figcaption><\/figure><div class=\"fg-loader\"><\/div><\/div><div class=\"fg-item fg-type-image fg-loading\"><figure class=\"fg-item-inner\"><a href=\"https:\/\/test.isladelajuventud-cuba.com\/wp-content\/uploads\/2017\/08\/Santa-Barbara.-Empleadas-de-la-tienda-El-Tesoro.-An\u0303o-1980_.jpg\" data-caption-title=\"Santa Barbara. Empleadas de la tienda El Tesoro. An\u0303o 1980_\" data-caption-desc=\"Santa Barbara. Empleadas de la tienda El Tesoro. An\u0303o 1980\" data-attachment-id=\"25394\" data-type=\"image\" class=\"fg-thumb\"><span class=\"fg-image-wrap\"><img src=\"https:\/\/test.isladelajuventud-cuba.com\/wp-content\/uploads\/cache\/2017\/08\/Santa-Barbara_-Empleadas-de-la-tienda-El-Tesoro_-An\u0303o-1980_\/4241260543.jpg\" alt=\"Santa Barbara. Empleadas de la tienda El Tesoro. An\u0303o 1980\" title=\"Santa Barbara. Empleadas de la tienda El Tesoro. An\u0303o 1980\" width=\"150\" height=\"113\" class=\"skip-lazy fg-image\" decoding=\"async\" loading=\"lazy\"><\/span><span class=\"fg-image-overlay\"><\/span><\/a><figcaption class=\"fg-caption\"><div class=\"fg-caption-inner\"><div class=\"fg-caption-title\">Santa Barbara. Empleadas de la tienda El Tesoro. An\u0303o 1980_<\/div><\/div><\/figcaption><\/figure><div class=\"fg-loader\"><\/div><\/div><\/div>\n<!-- FooGallery Debug Info : Start\r\n\r\nID => 25386\r\nTemplate => default\r\nDatasource => media_library\r\n\r\nFooGallery Settings\r\n===================\r\ndefault_alignment => fg-center\r\ndefault_border_size => fg-border-thin\r\ndefault_caption_desc_source => none\r\ndefault_drop_shadow => fg-shadow-small\r\ndefault_hover_effect_icon => fg-hover-zoom\r\ndefault_hover_effect_transition => fg-hover-fade\r\ndefault_hover_effect_type => normal\r\ndefault_lightbox => foobox\r\ndefault_loaded_effect => fg-loaded-fade-in\r\ndefault_loading_icon => fg-loading-default\r\ndefault_spacing => fg-gutter-10\r\ndefault_theme => fg-light\r\ndefault_thumbnail_dimensions => \r\n   width => 150\r\n   height => 113\r\ndefault_thumbnail_link => image\r\nfoogallery_items_view => manage\r\n\r\nAttachment Info\r\n===============\r\n25387 => \r\n   url => https:\/\/test.isladelajuventud-cuba.com\/wp-content\/uploads\/2017\/08\/Bungalow-cerca-de-Santa-Barbara.jpg\r\n   type => image\r\n   width => 150\r\n   height => 113\r\n27232 => \r\n   url => https:\/\/test.isladelajuventud-cuba.com\/wp-content\/uploads\/2017\/08\/Construcci\u00a6n-de-la-Carretera-de-Santa-Barbara-a-Siguanea.jpg\r\n   type => image\r\n   width => 150\r\n   height => 113\r\n25390 => \r\n   url => https:\/\/test.isladelajuventud-cuba.com\/wp-content\/uploads\/2017\/08\/Manantiales-La-Magnesia.jpg\r\n   type => image\r\n   width => 150\r\n   height => 113\r\n25391 => \r\n   url => https:\/\/test.isladelajuventud-cuba.com\/wp-content\/uploads\/2017\/08\/Quizas-la-primera-Academia-Militar-que-existio\u0301.La-Mc-Mahon-en-1918-en-Santa-Barbara-para-jovenes-norteamericanos.jpg\r\n   type => image\r\n   width => 150\r\n   height => 113\r\n25392 => \r\n   url => https:\/\/test.isladelajuventud-cuba.com\/wp-content\/uploads\/2017\/08\/Santa-Barbara-1.jpg\r\n   type => image\r\n   width => 150\r\n   height => 113\r\n25393 => \r\n   url => https:\/\/test.isladelajuventud-cuba.com\/wp-content\/uploads\/2017\/08\/Santa-Barbara-2.jpg\r\n   type => image\r\n   width => 150\r\n   height => 113\r\n25395 => \r\n   url => https:\/\/test.isladelajuventud-cuba.com\/wp-content\/uploads\/2017\/08\/Santa-Barbara.jpg\r\n   type => image\r\n   width => 150\r\n   height => 113\r\n27234 => \r\n   url => https:\/\/test.isladelajuventud-cuba.com\/wp-content\/uploads\/2017\/08\/Santa-Barbara-3.jpg\r\n   type => image\r\n   width => 150\r\n   height => 113\r\n25394 => \r\n   url => https:\/\/test.isladelajuventud-cuba.com\/wp-content\/uploads\/2017\/08\/Santa-Barbara.-Empleadas-de-la-tienda-El-Tesoro.-An\u0303o-1980_.jpg\r\n   type => image\r\n   width => 150\r\n   height => 113\r\n\r\nFooGallery Debug Info : End --><!-- FooGallery Debug Info : Start\r\n\r\nID => 25386\r\nTemplate => default\r\nDatasource => media_library\r\n\r\nFooGallery Settings\r\n===================\r\ndefault_alignment => fg-center\r\ndefault_border_size => fg-border-thin\r\ndefault_caption_desc_source => none\r\ndefault_drop_shadow => fg-shadow-small\r\ndefault_hover_effect_icon => fg-hover-zoom\r\ndefault_hover_effect_transition => fg-hover-fade\r\ndefault_hover_effect_type => normal\r\ndefault_lightbox => foobox\r\ndefault_loaded_effect => fg-loaded-fade-in\r\ndefault_loading_icon => fg-loading-default\r\ndefault_spacing => fg-gutter-10\r\ndefault_theme => fg-light\r\ndefault_thumbnail_dimensions => \r\n   width => 150\r\n   height => 113\r\ndefault_thumbnail_link => image\r\nfoogallery_items_view => manage\r\n\r\nAttachment Info\r\n===============\r\n\r\nFooGallery Debug Info : End -->\n<p style=\"text-align: left;\">[\/vc_column_text][vc_empty_space height=\u00bb25px\u00bb][vc_column_text]<\/p>\n<h3 style=\"text-align: center;\"><strong>J\u00facaro<\/strong><\/h3>\n<p style=\"text-align: left;\">[\/vc_column_text][vc_empty_space height=\u00bb20px\u00bb][vc_column_text]<\/p>\n<style type=\"text\/css\">\n#foogallery-gallery-31226 .fg-image { width: 150px; }\n#foogallery-gallery-31226 { --fg-gutter: 10px; }<\/style>\n\t\t\t<style type=\"text\/css\">\n#foogallery-gallery-31226_1 .fg-image { width: 150px; }\n#foogallery-gallery-31226_1 { --fg-gutter: 10px; }<\/style>\n\t\t\t<div class=\"foogallery foogallery-container foogallery-default foogallery-lightbox-foobox fg-center fg-default fg-ready fg-light fg-border-thin fg-shadow-outline fg-loading-default fg-loaded-fade-in fg-caption-hover fg-hover-fade fg-hover-zoom fg-debug\" id=\"foogallery-gallery-31226_1\" data-foogallery=\"{&quot;item&quot;:{&quot;showCaptionTitle&quot;:true,&quot;showCaptionDescription&quot;:true},&quot;lazy&quot;:true,&quot;src&quot;:&quot;src&quot;,&quot;srcset&quot;:&quot;srcset&quot;}\" style=\"--fg-title-line-clamp: 0; --fg-description-line-clamp: 0;\" >\n\t<div class=\"fg-item fg-type-image fg-loading\"><figure class=\"fg-item-inner\"><a href=\"https:\/\/test.isladelajuventud-cuba.com\/wp-content\/uploads\/2020\/01\/Muelle-de-Jucaro-1908.jpg\" data-caption-title=\"Muelle de J\u00facaro en 1908.\" data-caption-desc=\"Muelle de J\u00facaro en 1908.\" data-attachment-id=\"31227\" data-type=\"image\" class=\"fg-thumb\"><span class=\"fg-image-wrap\"><img src=\"https:\/\/test.isladelajuventud-cuba.com\/wp-content\/uploads\/2020\/01\/Muelle-de-Jucaro-1908-150x150.jpg\" alt=\"Muelle de J\u00facaro en 1908.\" title=\"Muelle de J\u00facaro en 1908.\" width=\"150\" height=\"150\" class=\"skip-lazy fg-image\" decoding=\"async\" loading=\"lazy\"><\/span><span class=\"fg-image-overlay\"><\/span><\/a><figcaption class=\"fg-caption\"><div class=\"fg-caption-inner\"><div class=\"fg-caption-title\">Muelle de J\u00facaro en 1908.<\/div><div class=\"fg-caption-desc\">Muelle de J\u00facaro en 1908.<\/div><\/div><\/figcaption><\/figure><div class=\"fg-loader\"><\/div><\/div><\/div>\n<!-- FooGallery Debug Info : Start\r\n\r\nID => 31226\r\nTemplate => default\r\nDatasource => media_library\r\n\r\nFooGallery Settings\r\n===================\r\ndefault_alignment => fg-center\r\ndefault_border_size => fg-border-thin\r\ndefault_drop_shadow => fg-shadow-outline\r\ndefault_hover_effect_caption_visibility => fg-caption-hover\r\ndefault_hover_effect_icon => fg-hover-zoom\r\ndefault_hover_effect_transition => fg-hover-fade\r\ndefault_hover_effect_type => normal\r\ndefault_lightbox => foobox\r\ndefault_loaded_effect => fg-loaded-fade-in\r\ndefault_loading_icon => fg-loading-default\r\ndefault_spacing => fg-gutter-10\r\ndefault_theme => fg-light\r\ndefault_thumbnail_dimensions => \r\n   width => 150\r\n   height => 150\r\ndefault_thumbnail_link => image\r\nfoogallery_items_view => manage\r\n\r\nAttachment Info\r\n===============\r\n31227 => \r\n   url => https:\/\/test.isladelajuventud-cuba.com\/wp-content\/uploads\/2020\/01\/Muelle-de-Jucaro-1908.jpg\r\n   type => image\r\n   width => 150\r\n   height => 150\r\n\r\nFooGallery Debug Info : End --><!-- FooGallery Debug Info : Start\r\n\r\nID => 31226\r\nTemplate => default\r\nDatasource => media_library\r\n\r\nFooGallery Settings\r\n===================\r\ndefault_alignment => fg-center\r\ndefault_border_size => fg-border-thin\r\ndefault_drop_shadow => fg-shadow-outline\r\ndefault_hover_effect_caption_visibility => fg-caption-hover\r\ndefault_hover_effect_icon => fg-hover-zoom\r\ndefault_hover_effect_transition => fg-hover-fade\r\ndefault_hover_effect_type => normal\r\ndefault_lightbox => foobox\r\ndefault_loaded_effect => fg-loaded-fade-in\r\ndefault_loading_icon => fg-loading-default\r\ndefault_spacing => fg-gutter-10\r\ndefault_theme => fg-light\r\ndefault_thumbnail_dimensions => \r\n   width => 150\r\n   height => 150\r\ndefault_thumbnail_link => image\r\nfoogallery_items_view => manage\r\n\r\nAttachment Info\r\n===============\r\n\r\nFooGallery Debug Info : End -->\n<p>[\/vc_column_text][vc_empty_space height=\u00bb25px\u00bb][vc_column_text]<\/p>\n<p>[\/vc_column_text][\/vc_tab][vc_tab title=\u00bbPersonajes\u00bb tab_id=\u00bb1498771645-2-51&#8243;][vc_empty_space height=\u00bb20px\u00bb][vc_column_text]<\/p>\n<style type=\"text\/css\">\n#foogallery-gallery-27824 .fg-image { width: 150px; }\n#foogallery-gallery-27824 { --fg-gutter: 10px; }<\/style>\n\t\t\t<style type=\"text\/css\">\n#foogallery-gallery-27824_1 .fg-image { width: 150px; }\n#foogallery-gallery-27824_1 { --fg-gutter: 10px; }<\/style>\n\t\t\t<div class=\"foogallery foogallery-container foogallery-default foogallery-lightbox-foobox fg-center fg-default fg-ready fg-light fg-border-thin fg-shadow-small fg-loading-default fg-loaded-fade-in fg-hover-fade fg-hover-zoom fg-debug\" id=\"foogallery-gallery-27824_1\" data-foogallery=\"{&quot;item&quot;:{&quot;showCaptionTitle&quot;:true,&quot;showCaptionDescription&quot;:false},&quot;lazy&quot;:true,&quot;src&quot;:&quot;src&quot;,&quot;srcset&quot;:&quot;srcset&quot;}\" style=\"--fg-title-line-clamp: 0; --fg-description-line-clamp: 0;\" >\n\t<div class=\"fg-item fg-type-image fg-loading\"><figure class=\"fg-item-inner\"><a href=\"https:\/\/test.isladelajuventud-cuba.com\/wp-content\/uploads\/2017\/08\/1985-y-1987-Ni\u00a6os-que-practicaban-nataci\u00a6n-en-la-Piscina-en-el-Rpto-Micro-2.jpg\" data-caption-title=\"1985 y 1987 Ni\u00f1os que practicaban nataci\u00f3n en la Piscina en el Rpto Micro 2\" data-caption-desc=\"1985 y 1987 Ni\u00f1os que practicaban nataci\u00f3n en la Piscina en el Rpto Micro 2\" data-attachment-id=\"25500\" data-type=\"image\" class=\"fg-thumb\"><span class=\"fg-image-wrap\"><img src=\"https:\/\/test.isladelajuventud-cuba.com\/wp-content\/uploads\/cache\/2017\/08\/1985-y-1987-Ni\u00a6os-que-practicaban-nataci\u00a6n-en-la-Piscina-en-el-Rpto-Micro-2\/1713695545.jpg\" alt=\"1985 y 1987 Ni\u00f1os que practicaban nataci\u00f3n en la Piscina en el Rpto Micro 2\" title=\"1985 y 1987 Ni\u00f1os que practicaban nataci\u00f3n en la Piscina en el Rpto Micro 2\" width=\"150\" height=\"113\" class=\"skip-lazy fg-image\" decoding=\"async\" loading=\"lazy\"><\/span><span class=\"fg-image-overlay\"><\/span><\/a><figcaption class=\"fg-caption\"><div class=\"fg-caption-inner\"><div class=\"fg-caption-title\">1985 y 1987 Ni\u00f1os que practicaban nataci\u00f3n en la Piscina en el Rpto Micro 2<\/div><\/div><\/figcaption><\/figure><div class=\"fg-loader\"><\/div><\/div><div class=\"fg-item fg-type-image fg-loading\"><figure class=\"fg-item-inner\"><a href=\"https:\/\/test.isladelajuventud-cuba.com\/wp-content\/uploads\/2018\/09\/Actuacio\u0301n-de-un-coro-femenino-en-la-Sociedad-Popular-Pinera-hoy-casa-de-la-cultura-de-Nueva-Gerona.jpg\" data-caption-title=\"Actuacio\u0301n de un coro femenino en la Sociedad Popular Pinera, hoy casa de la cultura de Nueva Gerona\" data-caption-desc=\"Actuacio\u0301n de un coro femenino en la Sociedad Popular Pinera, hoy casa de la cultura de Nueva Gerona\" data-attachment-id=\"27825\" data-type=\"image\" class=\"fg-thumb\"><span class=\"fg-image-wrap\"><img src=\"https:\/\/test.isladelajuventud-cuba.com\/wp-content\/uploads\/cache\/2018\/09\/Actuacio\u0301n-de-un-coro-femenino-en-la-Sociedad-Popular-Pinera-hoy-casa-de-la-cultura-de-Nueva-Gerona\/3888704611.jpg\" alt=\"Actuacio\u0301n de un coro femenino en la Sociedad Popular Pinera, hoy casa de la cultura de Nueva Gerona\" title=\"Actuacio\u0301n de un coro femenino en la Sociedad Popular Pinera, hoy casa de la cultura de Nueva Gerona\" width=\"150\" height=\"113\" class=\"skip-lazy fg-image\" decoding=\"async\" loading=\"lazy\"><\/span><span class=\"fg-image-overlay\"><\/span><\/a><figcaption class=\"fg-caption\"><div class=\"fg-caption-inner\"><div class=\"fg-caption-title\">Actuacio\u0301n de un coro femenino en la Sociedad Popular Pinera, hoy casa de la cultura de Nueva Gerona<\/div><\/div><\/figcaption><\/figure><div class=\"fg-loader\"><\/div><\/div><div class=\"fg-item fg-type-image fg-loading\"><figure class=\"fg-item-inner\"><a href=\"https:\/\/test.isladelajuventud-cuba.com\/wp-content\/uploads\/2017\/08\/Actuaci\u00a6n-en-el-Teatro-Rialto.jpg\" data-caption-title=\"Actuaci\u00f3n en el Teatro Rialto\" data-caption-desc=\"Actuaci\u00f3n en el Teatro Rialto\" data-attachment-id=\"25502\" data-type=\"image\" class=\"fg-thumb\"><span class=\"fg-image-wrap\"><img src=\"https:\/\/test.isladelajuventud-cuba.com\/wp-content\/uploads\/cache\/2017\/08\/Actuaci\u00a6n-en-el-Teatro-Rialto\/2251653646.jpg\" alt=\"Actuaci\u00f3n en el Teatro Rialto\" title=\"Actuaci\u00f3n en el Teatro Rialto\" width=\"150\" height=\"113\" class=\"skip-lazy fg-image\" decoding=\"async\" loading=\"lazy\"><\/span><span class=\"fg-image-overlay\"><\/span><\/a><figcaption class=\"fg-caption\"><div class=\"fg-caption-inner\"><div class=\"fg-caption-title\">Actuaci\u00f3n en el Teatro Rialto<\/div><\/div><\/figcaption><\/figure><div class=\"fg-loader\"><\/div><\/div><div class=\"fg-item fg-type-image fg-loading\"><figure class=\"fg-item-inner\"><a href=\"https:\/\/test.isladelajuventud-cuba.com\/wp-content\/uploads\/2018\/09\/Adelayda-Soto.jpg\" data-caption-title=\"Adelayda Soto\" data-attachment-id=\"31241\" data-type=\"image\" class=\"fg-thumb\"><span class=\"fg-image-wrap\"><img src=\"https:\/\/test.isladelajuventud-cuba.com\/wp-content\/uploads\/cache\/2018\/09\/Adelayda-Soto\/2827692446.jpg\" alt=\"Adelayda Soto\" title=\"Adelayda Soto\" width=\"150\" height=\"113\" class=\"skip-lazy fg-image\" decoding=\"async\" loading=\"lazy\"><\/span><span class=\"fg-image-overlay\"><\/span><\/a><figcaption class=\"fg-caption\"><div class=\"fg-caption-inner\"><div class=\"fg-caption-title\">Adelayda Soto<\/div><\/div><\/figcaption><\/figure><div class=\"fg-loader\"><\/div><\/div><div class=\"fg-item fg-type-image fg-loading\"><figure class=\"fg-item-inner\"><a href=\"https:\/\/test.isladelajuventud-cuba.com\/wp-content\/uploads\/2018\/09\/Albun-de-Gustavito.jpg\" data-caption-title=\"Albun de Gustavito\" data-attachment-id=\"30715\" data-type=\"image\" class=\"fg-thumb\"><span class=\"fg-image-wrap\"><img src=\"https:\/\/test.isladelajuventud-cuba.com\/wp-content\/uploads\/cache\/2018\/09\/Albun-de-Gustavito\/1418335512.jpg\" title=\"De izquierda a derecha, esposa de Renato Cepero, Rene \u201cBabita\u201dy su esposa, Gustavito y Yola, Yolanda Rives. Foto en la Sociedad Popular Pinera.\" width=\"150\" height=\"113\" class=\"skip-lazy fg-image\" decoding=\"async\" loading=\"lazy\"><\/span><span class=\"fg-image-overlay\"><\/span><\/a><figcaption class=\"fg-caption\"><div class=\"fg-caption-inner\"><div class=\"fg-caption-title\">Albun de Gustavito<\/div><\/div><\/figcaption><\/figure><div class=\"fg-loader\"><\/div><\/div><div class=\"fg-item fg-type-image fg-loading\"><figure class=\"fg-item-inner\"><a href=\"https:\/\/test.isladelajuventud-cuba.com\/wp-content\/uploads\/2018\/09\/Alegre-batutera-de-la-Academia-San-Jose-Escuela-de-las-Monjas-Arelys-Ferna\u0301ndez.jpg\" data-caption-title=\"Alegre batutera de la Academia San Jose (Escuela de las Monjas); Arelys Ferna\u0301ndez\" data-caption-desc=\"Alegre batutera de la Academia San Jose (Escuela de las Monjas); Arelys Ferna\u0301ndez\" data-attachment-id=\"27826\" data-type=\"image\" class=\"fg-thumb\"><span class=\"fg-image-wrap\"><img src=\"https:\/\/test.isladelajuventud-cuba.com\/wp-content\/uploads\/cache\/2018\/09\/Alegre-batutera-de-la-Academia-San-Jose-Escuela-de-las-Monjas-Arelys-Ferna\u0301ndez\/3840071199.jpg\" alt=\"Alegre batutera de la Academia San Jose (Escuela de las Monjas); Arelys Ferna\u0301ndez\" title=\"Alegre batutera de la Academia San Jose (Escuela de las Monjas); Arelys Ferna\u0301ndez\" width=\"150\" height=\"113\" class=\"skip-lazy fg-image\" decoding=\"async\" loading=\"lazy\"><\/span><span class=\"fg-image-overlay\"><\/span><\/a><figcaption class=\"fg-caption\"><div class=\"fg-caption-inner\"><div class=\"fg-caption-title\">Alegre batutera de la Academia San Jose (Escuela de las Monjas); Arelys Ferna\u0301ndez<\/div><\/div><\/figcaption><\/figure><div class=\"fg-loader\"><\/div><\/div><div class=\"fg-item fg-type-image fg-loading\"><figure class=\"fg-item-inner\"><a href=\"https:\/\/test.isladelajuventud-cuba.com\/wp-content\/uploads\/2014\/04\/Alumnos-de-la-escuala-Los-Colonos-1940.jpg\" data-caption-title=\"Alumnos de la escuala, Los Colonos, 1940\" data-attachment-id=\"31285\" data-type=\"image\" class=\"fg-thumb\"><span class=\"fg-image-wrap\"><img src=\"https:\/\/test.isladelajuventud-cuba.com\/wp-content\/uploads\/cache\/2014\/04\/Alumnos-de-la-escuala-Los-Colonos-1940\/2614738576.jpg\" alt=\"Alumnos de la escuela, Los Colonos, 1940.\" title=\"Alumnos de la escuela, Los Colonos, 1940.\" width=\"150\" height=\"113\" class=\"skip-lazy fg-image\" decoding=\"async\" loading=\"lazy\"><\/span><span class=\"fg-image-overlay\"><\/span><\/a><figcaption class=\"fg-caption\"><div class=\"fg-caption-inner\"><div class=\"fg-caption-title\">Alumnos de la escuala, Los Colonos, 1940<\/div><\/div><\/figcaption><\/figure><div class=\"fg-loader\"><\/div><\/div><div class=\"fg-item fg-type-image fg-loading\"><figure class=\"fg-item-inner\"><a href=\"https:\/\/test.isladelajuventud-cuba.com\/wp-content\/uploads\/2018\/09\/Antiguo-horno-de-barro.jpg\" data-caption-title=\"Antiguo horno de barro\" data-caption-desc=\"Antiguo horno de barro\" data-attachment-id=\"27827\" data-type=\"image\" class=\"fg-thumb\"><span class=\"fg-image-wrap\"><img src=\"https:\/\/test.isladelajuventud-cuba.com\/wp-content\/uploads\/cache\/2018\/09\/Antiguo-horno-de-barro\/3295551187.jpg\" alt=\"Antiguo horno de barro\" title=\"Antiguo horno de barro\" width=\"150\" height=\"113\" class=\"skip-lazy fg-image\" decoding=\"async\" loading=\"lazy\"><\/span><span class=\"fg-image-overlay\"><\/span><\/a><figcaption class=\"fg-caption\"><div class=\"fg-caption-inner\"><div class=\"fg-caption-title\">Antiguo horno de barro<\/div><\/div><\/figcaption><\/figure><div class=\"fg-loader\"><\/div><\/div><div class=\"fg-item fg-type-image fg-loading\"><figure class=\"fg-item-inner\"><a href=\"https:\/\/test.isladelajuventud-cuba.com\/wp-content\/uploads\/2018\/09\/Artistas-de-la-Pla\u0301stica-y-de-la-Cera\u0301mica-muy-conicidos-en-La-isla-entre-ellos-Villafan\u0303a.jpg\" data-caption-title=\"Artistas de la Pla\u0301stica y de la Cera\u0301mica muy conicidos en La isla entre ellos Villafan\u0303a\" data-caption-desc=\"Artistas de la Pla\u0301stica y de la Cera\u0301mica muy conicidos en La isla entre ellos Villafan\u0303a\" data-attachment-id=\"27828\" data-type=\"image\" class=\"fg-thumb\"><span class=\"fg-image-wrap\"><img src=\"https:\/\/test.isladelajuventud-cuba.com\/wp-content\/uploads\/cache\/2018\/09\/Artistas-de-la-Pla\u0301stica-y-de-la-Cera\u0301mica-muy-conicidos-en-La-isla-entre-ellos-Villafan\u0303a\/2442395418.jpg\" alt=\"Artistas de la Pla\u0301stica y de la Cera\u0301mica muy conicidos en La isla entre ellos Villafan\u0303a\" title=\"Artistas de la Pla\u0301stica y de la Cera\u0301mica muy conicidos en La isla entre ellos Villafan\u0303a\" width=\"150\" height=\"113\" class=\"skip-lazy fg-image\" decoding=\"async\" loading=\"lazy\"><\/span><span class=\"fg-image-overlay\"><\/span><\/a><figcaption class=\"fg-caption\"><div class=\"fg-caption-inner\"><div class=\"fg-caption-title\">Artistas de la Pla\u0301stica y de la Cera\u0301mica muy conicidos en La isla entre ellos Villafan\u0303a<\/div><\/div><\/figcaption><\/figure><div class=\"fg-loader\"><\/div><\/div><div class=\"fg-item fg-type-image fg-loading\"><figure class=\"fg-item-inner\"><a href=\"https:\/\/test.isladelajuventud-cuba.com\/wp-content\/uploads\/2017\/08\/A\u00e6O-1923.jpg\" data-caption-title=\"A\u00f1o 1923\" data-caption-desc=\"A\u00f1o 1923\" data-attachment-id=\"25501\" data-type=\"image\" class=\"fg-thumb\"><span class=\"fg-image-wrap\"><img src=\"https:\/\/test.isladelajuventud-cuba.com\/wp-content\/uploads\/cache\/2017\/08\/A\u00e6O-1923\/255408412.jpg\" alt=\"A\u00f1o 1923\" title=\"A\u00f1o 1923\" width=\"150\" height=\"113\" class=\"skip-lazy fg-image\" decoding=\"async\" loading=\"lazy\"><\/span><span class=\"fg-image-overlay\"><\/span><\/a><figcaption class=\"fg-caption\"><div class=\"fg-caption-inner\"><div class=\"fg-caption-title\">A\u00f1o 1923<\/div><\/div><\/figcaption><\/figure><div class=\"fg-loader\"><\/div><\/div><div class=\"fg-item fg-type-image fg-loading\"><figure class=\"fg-item-inner\"><a href=\"https:\/\/test.isladelajuventud-cuba.com\/wp-content\/uploads\/2018\/09\/Cecilio-Soto.jpg\" data-caption-title=\"Cecilio Soto\" data-caption-desc=\"Cecilio Soto\" data-attachment-id=\"27829\" data-type=\"image\" class=\"fg-thumb\"><span class=\"fg-image-wrap\"><img src=\"https:\/\/test.isladelajuventud-cuba.com\/wp-content\/uploads\/cache\/2018\/09\/Cecilio-Soto\/3897160509.jpg\" alt=\"Cecilio Soto\" title=\"Cecilio Soto\" width=\"150\" height=\"113\" class=\"skip-lazy fg-image\" decoding=\"async\" loading=\"lazy\"><\/span><span class=\"fg-image-overlay\"><\/span><\/a><figcaption class=\"fg-caption\"><div class=\"fg-caption-inner\"><div class=\"fg-caption-title\">Cecilio Soto<\/div><\/div><\/figcaption><\/figure><div class=\"fg-loader\"><\/div><\/div><div class=\"fg-item fg-type-image fg-loading\"><figure class=\"fg-item-inner\"><a href=\"https:\/\/test.isladelajuventud-cuba.com\/wp-content\/uploads\/2017\/08\/Cementerio-en-Santa-Barbara.Tumba-del-Sr-Stephent-Grant-1971.jpg\" data-caption-title=\"Cementerio en Santa Barbara. Tumba del Sr Stephent Grant 1971\" data-caption-desc=\"Cementerio en Santa Barbara. Tumba del Sr Stephent Grant 1971\" data-attachment-id=\"25536\" data-type=\"image\" class=\"fg-thumb\"><span class=\"fg-image-wrap\"><img src=\"https:\/\/test.isladelajuventud-cuba.com\/wp-content\/uploads\/cache\/2017\/08\/Cementerio-en-Santa-Barbara_Tumba-del-Sr-Stephent-Grant-1971\/4024789950.jpg\" alt=\"Cementerio en Santa Barbara. Tumba del Sr Stephent Grant 1971\" title=\"Cementerio en Santa Barbara. Tumba del Sr Stephent Grant 1971\" width=\"150\" height=\"113\" class=\"skip-lazy fg-image\" decoding=\"async\" loading=\"lazy\"><\/span><span class=\"fg-image-overlay\"><\/span><\/a><figcaption class=\"fg-caption\"><div class=\"fg-caption-inner\"><div class=\"fg-caption-title\">Cementerio en Santa Barbara. Tumba del Sr Stephent Grant 1971<\/div><\/div><\/figcaption><\/figure><div class=\"fg-loader\"><\/div><\/div><div class=\"fg-item fg-type-image fg-loading\"><figure class=\"fg-item-inner\"><a href=\"https:\/\/test.isladelajuventud-cuba.com\/wp-content\/uploads\/2017\/08\/Combatientes-pineros-que-fallecieron-en-otras-tierras.jpg\" data-caption-title=\"Combatientes pineros que fallecieron en otras tierras\" data-caption-desc=\"Combatientes pineros que fallecieron en otras tierras\" data-attachment-id=\"25537\" data-type=\"image\" class=\"fg-thumb\"><span class=\"fg-image-wrap\"><img src=\"https:\/\/test.isladelajuventud-cuba.com\/wp-content\/uploads\/cache\/2017\/08\/Combatientes-pineros-que-fallecieron-en-otras-tierras\/1582957520.jpg\" alt=\"Combatientes pineros que fallecieron en otras tierras\" title=\"Combatientes pineros que fallecieron en otras tierras\" width=\"150\" height=\"113\" class=\"skip-lazy fg-image\" decoding=\"async\" loading=\"lazy\"><\/span><span class=\"fg-image-overlay\"><\/span><\/a><figcaption class=\"fg-caption\"><div class=\"fg-caption-inner\"><div class=\"fg-caption-title\">Combatientes pineros que fallecieron en otras tierras<\/div><\/div><\/figcaption><\/figure><div class=\"fg-loader\"><\/div><\/div><div class=\"fg-item fg-type-image fg-loading\"><figure class=\"fg-item-inner\"><a href=\"https:\/\/test.isladelajuventud-cuba.com\/wp-content\/uploads\/2017\/08\/fin-de-anyo.jpg\" data-caption-title=\"Despedida de a\u00f1o, 31 de Diciembre de 1954, en la foto Ofelia Ferreiro Hermana de Juan A. Ferreiro de Santa Fe, la Sra.  rubia en el centro son su esposo Americano es Hermana de Julio Lopez quien aparece a la izquierda de este y la dama de la izquierda es Ofelia y enfrente de ella el hermano de Julio\" data-caption-desc=\"Despedida de a\u00f1o, 31 de Diciembre de 1954, en la foto Ofelia Ferreiro Hermana de Juan A. Ferreiro de Santa Fe, la Sra.  rubia en el centro son su esposo Americano es Hermana de Julio Lopez quien aparece a la izquierda de este y la dama de la izquierda es Ofelia y enfrente de ella el hermano de Julio\" data-attachment-id=\"26467\" data-type=\"image\" class=\"fg-thumb\"><span class=\"fg-image-wrap\"><img src=\"https:\/\/test.isladelajuventud-cuba.com\/wp-content\/uploads\/cache\/2017\/08\/fin-de-anyo\/357894167.jpg\" alt=\"Despedida de a\u00f1o, 31 de Diciembre de 1954, en la foto Ofelia Ferreiro Hermana de Juan A. Ferreiro de Santa Fe, la Sra. rubia en el centro son su esposo Americano es Hermana de Julio Lopez quien aparece a la izquierda de este y la dama de la izquierda es Ofelia y enfrente de ella el hermano de Julio\" title=\"Despedida de a\u00f1o, 31 de Diciembre de 1954, en la foto Ofelia Ferreiro Hermana de Juan A. Ferreiro de Santa Fe, la Sra.  rubia en el centro son su esposo Americano es Hermana de Julio Lopez quien aparece a la izquierda de este y la dama de la izquierda es Ofelia y enfrente de ella el hermano de Julio\" width=\"150\" height=\"113\" class=\"skip-lazy fg-image\" decoding=\"async\" loading=\"lazy\"><\/span><span class=\"fg-image-overlay\"><\/span><\/a><figcaption class=\"fg-caption\"><div class=\"fg-caption-inner\"><div class=\"fg-caption-title\">Despedida de a\u00f1o, 31 de Diciembre de 1954, en la foto Ofelia Ferreiro Hermana de Juan A. Ferreiro de Santa Fe, la Sra.  rubia en el centro son su esposo Americano es Hermana de Julio Lopez quien aparece a la izquierda de este y la dama de la izquierda es Ofelia y enfrente de ella el hermano de Julio<\/div><\/div><\/figcaption><\/figure><div class=\"fg-loader\"><\/div><\/div><div class=\"fg-item fg-type-image fg-loading\"><figure class=\"fg-item-inner\"><a href=\"https:\/\/test.isladelajuventud-cuba.com\/wp-content\/uploads\/2017\/08\/Directores-y-maestros-de-colegios-en-la-Isla-de-Pinos.jpg\" data-caption-title=\"Directores y maestros de colegios en la Isla de Pinos\" data-caption-desc=\"Directores y maestros de colegios en la Isla de Pinos\" data-attachment-id=\"25503\" data-type=\"image\" class=\"fg-thumb\"><span class=\"fg-image-wrap\"><img src=\"https:\/\/test.isladelajuventud-cuba.com\/wp-content\/uploads\/cache\/2017\/08\/Directores-y-maestros-de-colegios-en-la-Isla-de-Pinos\/1121971770.jpg\" alt=\"Directores y maestros de colegios en la Isla de Pinos\" title=\"Directores y maestros de colegios en la Isla de Pinos\" width=\"150\" height=\"113\" class=\"skip-lazy fg-image\" decoding=\"async\" loading=\"lazy\"><\/span><span class=\"fg-image-overlay\"><\/span><\/a><figcaption class=\"fg-caption\"><div class=\"fg-caption-inner\"><div class=\"fg-caption-title\">Directores y maestros de colegios en la Isla de Pinos<\/div><\/div><\/figcaption><\/figure><div class=\"fg-loader\"><\/div><\/div><div class=\"fg-item fg-type-image fg-loading\"><figure class=\"fg-item-inner\"><a href=\"https:\/\/test.isladelajuventud-cuba.com\/wp-content\/uploads\/2017\/08\/Doctor-Quintana.jpg\" data-caption-title=\"Doctor Quintana\" data-caption-desc=\"Doctor Quintana\" data-attachment-id=\"25538\" data-type=\"image\" class=\"fg-thumb\"><span class=\"fg-image-wrap\"><img src=\"https:\/\/test.isladelajuventud-cuba.com\/wp-content\/uploads\/cache\/2017\/08\/Doctor-Quintana\/1957159504.jpg\" alt=\"Doctor Quintana\" title=\"Doctor Quintana\" width=\"150\" height=\"113\" class=\"skip-lazy fg-image\" decoding=\"async\" loading=\"lazy\"><\/span><span class=\"fg-image-overlay\"><\/span><\/a><figcaption class=\"fg-caption\"><div class=\"fg-caption-inner\"><div class=\"fg-caption-title\">Doctor Quintana<\/div><\/div><\/figcaption><\/figure><div class=\"fg-loader\"><\/div><\/div><div class=\"fg-item fg-type-image fg-loading\"><figure class=\"fg-item-inner\"><a href=\"https:\/\/test.isladelajuventud-cuba.com\/wp-content\/uploads\/2017\/08\/alcalde-pedrito.jpg\" data-caption-title=\"El alcalde Pedrito haciendo uso de la palabra en la Sociedad Nuevo Progreso (Actual biblioteca de Nueva Gerona), se ve tambi\u00e9n la esposa del alcalde y al comandante Capote as\u00ed como directivos de dicha Sociedad.\" data-caption-desc=\"El alcalde Pedrito haciendo uso de la palabra en la Sociedad Nuevo Progreso (Actual biblioteca de Nueva Gerona), se ve tambi\u00e9n la esposa del alcalde y al comandante Capote as\u00ed como directivos de dicha Sociedad.\" data-attachment-id=\"26470\" data-type=\"image\" class=\"fg-thumb\"><span class=\"fg-image-wrap\"><img src=\"https:\/\/test.isladelajuventud-cuba.com\/wp-content\/uploads\/cache\/2017\/08\/alcalde-pedrito\/602160410.jpg\" alt=\"El alcalde Pedrito haciendo uso de la palabra en la Sociedad Nuevo Progreso (Actual biblioteca de Nueva Gerona), se ve tambi\u00e9n la esposa del alcalde y al comandante Capote as\u00ed como directivos de dicha Sociedad.\" title=\"El alcalde Pedrito haciendo uso de la palabra en la Sociedad Nuevo Progreso (Actual biblioteca de Nueva Gerona), se ve tambi\u00e9n la esposa del alcalde y al comandante Capote as\u00ed como directivos de dicha Sociedad.\" width=\"150\" height=\"113\" class=\"skip-lazy fg-image\" decoding=\"async\" loading=\"lazy\"><\/span><span class=\"fg-image-overlay\"><\/span><\/a><figcaption class=\"fg-caption\"><div class=\"fg-caption-inner\"><div class=\"fg-caption-title\">El alcalde Pedrito haciendo uso de la palabra en la Sociedad Nuevo Progreso (Actual biblioteca de Nueva Gerona), se ve tambi\u00e9n la esposa del alcalde y al comandante Capote as\u00ed como directivos de dicha Sociedad.<\/div><\/div><\/figcaption><\/figure><div class=\"fg-loader\"><\/div><\/div><div class=\"fg-item fg-type-image fg-loading\"><figure class=\"fg-item-inner\"><a href=\"https:\/\/test.isladelajuventud-cuba.com\/wp-content\/uploads\/2018\/09\/67602038_2863523557031859_110264454872039424_n.jpg\" data-caption-title=\"El Ministerio de Comunicaciones le rindi\u00f3 homenaje a Don Cosme de la Torriente con el sello que que coloca a la venta a dos a\u00f1os de su fallecimiento en 1958.\" data-caption-desc=\"El Ministerio de Comunicaciones le rindi\u00f3 homenaje a Don Cosme de la Torriente con el sello que que coloca a la venta a dos a\u00f1os de su fallecimiento en 1958.\" data-attachment-id=\"30251\" data-type=\"image\" class=\"fg-thumb\"><span class=\"fg-image-wrap\"><img src=\"https:\/\/test.isladelajuventud-cuba.com\/wp-content\/uploads\/cache\/2018\/09\/67602038_2863523557031859_110264454872039424_n\/1771534309.jpg\" alt=\"El Ministerio de Comunicaciones le rindi\u00f3 homenaje a Don Cosme de la Torriente con el sello que que coloca a la venta a dos a\u00f1os de su fallecimiento en 1958.\" title=\"El Ministerio de Comunicaciones le rindi\u00f3 homenaje a Don Cosme de la Torriente con el sello que que coloca a la venta a dos a\u00f1os de su fallecimiento en 1958.\" width=\"150\" height=\"113\" class=\"skip-lazy fg-image\" decoding=\"async\" loading=\"lazy\"><\/span><span class=\"fg-image-overlay\"><\/span><\/a><figcaption class=\"fg-caption\"><div class=\"fg-caption-inner\"><div class=\"fg-caption-title\">El Ministerio de Comunicaciones le rindi\u00f3 homenaje a Don Cosme de la Torriente con el sello que que coloca a la venta a dos a\u00f1os de su fallecimiento en 1958.<\/div><\/div><\/figcaption><\/figure><div class=\"fg-loader\"><\/div><\/div><div class=\"fg-item fg-type-image fg-loading\"><figure class=\"fg-item-inner\"><a href=\"https:\/\/test.isladelajuventud-cuba.com\/wp-content\/uploads\/2018\/09\/El-Sr-del-pullover-amarillo-es-Albertic-buzo-del-hotel-El-Colony.jpg\" data-caption-title=\"El Sr del pullover amarillo es  Albertic; buzo del  hotel El Colony\" data-caption-desc=\"El Sr del pullover amarillo es  Albertic; buzo del  hotel El Colony\" data-attachment-id=\"27830\" data-type=\"image\" class=\"fg-thumb\"><span class=\"fg-image-wrap\"><img src=\"https:\/\/test.isladelajuventud-cuba.com\/wp-content\/uploads\/cache\/2018\/09\/El-Sr-del-pullover-amarillo-es-Albertic-buzo-del-hotel-El-Colony\/407453079.jpg\" alt=\"El Sr del pullover amarillo es Albertic; buzo del hotel El Colony\" title=\"El Sr del pullover amarillo es  Albertic; buzo del  hotel El Colony\" width=\"150\" height=\"113\" class=\"skip-lazy fg-image\" decoding=\"async\" loading=\"lazy\"><\/span><span class=\"fg-image-overlay\"><\/span><\/a><figcaption class=\"fg-caption\"><div class=\"fg-caption-inner\"><div class=\"fg-caption-title\">El Sr del pullover amarillo es  Albertic; buzo del  hotel El Colony<\/div><\/div><\/figcaption><\/figure><div class=\"fg-loader\"><\/div><\/div><div class=\"fg-item fg-type-image fg-loading\"><figure class=\"fg-item-inner\"><a href=\"https:\/\/test.isladelajuventud-cuba.com\/wp-content\/uploads\/2017\/08\/javier-sotomayor.jpg\" data-caption-title=\"En el Hotel Sol Club Cayo Largo, el campe\u00f3n absoluto de salto alto Javier Sotomayor hacienda una premiaci\u00f3n en Cayo Largo del Sur.\" data-caption-desc=\"En el Hotel Sol Club Cayo Largo, el campe\u00f3n absoluto de salto alto Javier Sotomayor hacienda una premiaci\u00f3n en Cayo Largo del Sur.\" data-attachment-id=\"26466\" data-type=\"image\" class=\"fg-thumb\"><span class=\"fg-image-wrap\"><img src=\"https:\/\/test.isladelajuventud-cuba.com\/wp-content\/uploads\/cache\/2017\/08\/javier-sotomayor\/3531904907.jpg\" alt=\"En el Hotel Sol Club Cayo Largo, el campe\u00f3n absoluto de salto alto Javier Sotomayor hacienda una premiaci\u00f3n en Cayo Largo del Sur.\" title=\"En el Hotel Sol Club Cayo Largo, el campe\u00f3n absoluto de salto alto Javier Sotomayor hacienda una premiaci\u00f3n en Cayo Largo del Sur.\" width=\"150\" height=\"113\" class=\"skip-lazy fg-image\" decoding=\"async\" loading=\"lazy\"><\/span><span class=\"fg-image-overlay\"><\/span><\/a><figcaption class=\"fg-caption\"><div class=\"fg-caption-inner\"><div class=\"fg-caption-title\">En el Hotel Sol Club Cayo Largo, el campe\u00f3n absoluto de salto alto Javier Sotomayor hacienda una premiaci\u00f3n en Cayo Largo del Sur.<\/div><\/div><\/figcaption><\/figure><div class=\"fg-loader\"><\/div><\/div><div class=\"fg-item fg-type-image fg-loading\"><figure class=\"fg-item-inner\"><a href=\"https:\/\/test.isladelajuventud-cuba.com\/wp-content\/uploads\/2017\/08\/En-la-foto-aparecen-Fernando-Bayo-Elida-Soto-y-el-maestro-de-Santa-Fe.jpg\" data-caption-title=\"En la foto aparecen Fernando Bayo, Elida Soto y el maestro de Santa Fe\" data-caption-desc=\"En la foto aparecen Fernando Bayo, Elida Soto y el maestro de Santa Fe\" data-attachment-id=\"25539\" data-type=\"image\" class=\"fg-thumb\"><span class=\"fg-image-wrap\"><img src=\"https:\/\/test.isladelajuventud-cuba.com\/wp-content\/uploads\/cache\/2017\/08\/En-la-foto-aparecen-Fernando-Bayo-Elida-Soto-y-el-maestro-de-Santa-Fe\/3757529444.jpg\" alt=\"En la foto aparecen Fernando Bayo, Elida Soto y el maestro de Santa Fe\" title=\"En la foto aparecen Fernando Bayo, Elida Soto y el maestro de Santa Fe\" width=\"150\" height=\"113\" class=\"skip-lazy fg-image\" decoding=\"async\" loading=\"lazy\"><\/span><span class=\"fg-image-overlay\"><\/span><\/a><figcaption class=\"fg-caption\"><div class=\"fg-caption-inner\"><div class=\"fg-caption-title\">En la foto aparecen Fernando Bayo, Elida Soto y el maestro de Santa Fe<\/div><\/div><\/figcaption><\/figure><div class=\"fg-loader\"><\/div><\/div><div class=\"fg-item fg-type-image fg-loading\"><figure class=\"fg-item-inner\"><a href=\"https:\/\/test.isladelajuventud-cuba.com\/wp-content\/uploads\/2017\/08\/gerardo-machado1.jpg\" data-caption-title=\"En la foto Machado con parte de su familia y gabinete en las aguas del Rio las Casas en Nueva Gerona.\" data-caption-desc=\"En la foto Machado con parte de su familia y gabinete en las aguas del Rio las Casas en Nueva Gerona.\" data-attachment-id=\"26357\" data-type=\"image\" class=\"fg-thumb\"><span class=\"fg-image-wrap\"><img src=\"https:\/\/test.isladelajuventud-cuba.com\/wp-content\/uploads\/cache\/2017\/08\/gerardo-machado1\/972104839.jpg\" alt=\"En la foto Machado con parte de su familia y gabinete en las aguas del Rio las Casas en Nueva Gerona.\" title=\"En la foto Machado con parte de su familia y gabinete en las aguas del Rio las Casas en Nueva Gerona.\" width=\"150\" height=\"113\" class=\"skip-lazy fg-image\" decoding=\"async\" loading=\"lazy\"><\/span><span class=\"fg-image-overlay\"><\/span><\/a><figcaption class=\"fg-caption\"><div class=\"fg-caption-inner\"><div class=\"fg-caption-title\">En la foto Machado con parte de su familia y gabinete en las aguas del Rio las Casas en Nueva Gerona.<\/div><\/div><\/figcaption><\/figure><div class=\"fg-loader\"><\/div><\/div><div class=\"fg-item fg-type-image fg-loading\"><figure class=\"fg-item-inner\"><a href=\"https:\/\/test.isladelajuventud-cuba.com\/wp-content\/uploads\/2017\/08\/Ernesto-Guevara-en-la-inauguracio\u0301n-planta-de-Caolin-10-mayo-1964.jpg\" data-caption-title=\"Ernesto  Guevara en la inauguracio\u0301n planta de Caolin 10 mayo 1964\" data-caption-desc=\"Ernesto  Guevara en la inauguracio\u0301n planta de Caolin 10 mayo 1964\" data-attachment-id=\"25540\" data-type=\"image\" class=\"fg-thumb\"><span class=\"fg-image-wrap\"><img src=\"https:\/\/test.isladelajuventud-cuba.com\/wp-content\/uploads\/cache\/2017\/08\/Ernesto-Guevara-en-la-inauguracio\u0301n-planta-de-Caolin-10-mayo-1964\/3707196892.jpg\" alt=\"Ernesto Guevara en la inauguracio\u0301n planta de Caolin 10 mayo 1964\" title=\"Ernesto  Guevara en la inauguracio\u0301n planta de Caolin 10 mayo 1964\" width=\"150\" height=\"113\" class=\"skip-lazy fg-image\" decoding=\"async\" loading=\"lazy\"><\/span><span class=\"fg-image-overlay\"><\/span><\/a><figcaption class=\"fg-caption\"><div class=\"fg-caption-inner\"><div class=\"fg-caption-title\">Ernesto  Guevara en la inauguracio\u0301n planta de Caolin 10 mayo 1964<\/div><\/div><\/figcaption><\/figure><div class=\"fg-loader\"><\/div><\/div><div class=\"fg-item fg-type-image fg-loading\"><figure class=\"fg-item-inner\"><a href=\"https:\/\/test.isladelajuventud-cuba.com\/wp-content\/uploads\/2018\/09\/Escuela-American-Central-School.jpg\" data-caption-title=\"Escuela American Central School\" data-caption-desc=\"Escuela American Central School\" data-attachment-id=\"27831\" data-type=\"image\" class=\"fg-thumb\"><span class=\"fg-image-wrap\"><img src=\"https:\/\/test.isladelajuventud-cuba.com\/wp-content\/uploads\/cache\/2018\/09\/Escuela-American-Central-School\/860689224.jpg\" alt=\"Escuela American Central School\" title=\"Escuela American Central School\" width=\"150\" height=\"113\" class=\"skip-lazy fg-image\" decoding=\"async\" loading=\"lazy\"><\/span><span class=\"fg-image-overlay\"><\/span><\/a><figcaption class=\"fg-caption\"><div class=\"fg-caption-inner\"><div class=\"fg-caption-title\">Escuela American Central School<\/div><\/div><\/figcaption><\/figure><div class=\"fg-loader\"><\/div><\/div><div class=\"fg-item fg-type-image fg-loading\"><figure class=\"fg-item-inner\"><a href=\"https:\/\/test.isladelajuventud-cuba.com\/wp-content\/uploads\/2018\/09\/Esta-foto-es-frente-al-Garage-Sudstromsactual-Cupet-y-es-del-albu\u0301m-de-Rene-Llorca-que-eran-los-propietarios-.jpg\" data-caption-title=\"Esta foto es frente al Garage Sudstroms(actual Cupet), y es del albu\u0301m de Rene Llorca que eran los propietarios\" data-caption-desc=\"Esta foto es frente al Garage Sudstroms(actual Cupet), y es del albu\u0301m de Rene Llorca que eran los propietarios\" data-attachment-id=\"27832\" data-type=\"image\" class=\"fg-thumb\"><span class=\"fg-image-wrap\"><img src=\"https:\/\/test.isladelajuventud-cuba.com\/wp-content\/uploads\/cache\/2018\/09\/Esta-foto-es-frente-al-Garage-Sudstromsactual-Cupet-y-es-del-albu\u0301m-de-Rene-Llorca-que-eran-los-propietarios-\/67734200.jpg\" alt=\"Esta foto es frente al Garage Sudstroms(actual Cupet), y es del albu\u0301m de Rene Llorca que eran los propietarios\" title=\"Esta foto es frente al Garage Sudstroms(actual Cupet), y es del albu\u0301m de Rene Llorca que eran los propietarios\" width=\"150\" height=\"113\" class=\"skip-lazy fg-image\" decoding=\"async\" loading=\"lazy\"><\/span><span class=\"fg-image-overlay\"><\/span><\/a><figcaption class=\"fg-caption\"><div class=\"fg-caption-inner\"><div class=\"fg-caption-title\">Esta foto es frente al Garage Sudstroms(actual Cupet), y es del albu\u0301m de Rene Llorca que eran los propietarios<\/div><\/div><\/figcaption><\/figure><div class=\"fg-loader\"><\/div><\/div><div class=\"fg-item fg-type-image fg-loading\"><figure class=\"fg-item-inner\"><a href=\"https:\/\/test.isladelajuventud-cuba.com\/wp-content\/uploads\/2018\/09\/Estudiantes-hacienda-pra\u0301cticas-en-ese-an\u0303o.-Luego-seri\u0301an-conocidas-en-la-Isla-como-Las-Picolinas.jpg\" data-caption-title=\"Esta foto es frente al Garage Sudstroms(actual Cupet), y es del albu\u0301m de Rene Llorca que eran los propietarios\" data-caption-desc=\"Esta foto es frente al Garage Sudstroms(actual Cupet), y es del albu\u0301m de Rene Llorca que eran los propietarios\" data-attachment-id=\"27833\" data-type=\"image\" class=\"fg-thumb\"><span class=\"fg-image-wrap\"><img src=\"https:\/\/test.isladelajuventud-cuba.com\/wp-content\/uploads\/cache\/2018\/09\/Estudiantes-hacienda-pra\u0301cticas-en-ese-an\u0303o_-Luego-seri\u0301an-conocidas-en-la-Isla-como-Las-Picolinas\/2093214889.jpg\" alt=\"Esta foto es frente al Garage Sudstroms(actual Cupet), y es del albu\u0301m de Rene Llorca que eran los propietarios\" title=\"Esta foto es frente al Garage Sudstroms(actual Cupet), y es del albu\u0301m de Rene Llorca que eran los propietarios\" width=\"150\" height=\"113\" class=\"skip-lazy fg-image\" decoding=\"async\" loading=\"lazy\"><\/span><span class=\"fg-image-overlay\"><\/span><\/a><figcaption class=\"fg-caption\"><div class=\"fg-caption-inner\"><div class=\"fg-caption-title\">Esta foto es frente al Garage Sudstroms(actual Cupet), y es del albu\u0301m de Rene Llorca que eran los propietarios<\/div><\/div><\/figcaption><\/figure><div class=\"fg-loader\"><\/div><\/div><div class=\"fg-item fg-type-image fg-loading\"><figure class=\"fg-item-inner\"><a href=\"https:\/\/test.isladelajuventud-cuba.com\/wp-content\/uploads\/2017\/08\/Evangelina-Cossio-con-su-esposo-Miguel-Romero-en-1972_.jpg\" data-caption-title=\"Evangelina Cossio con su esposo Miguel Romero en 1972\" data-caption-desc=\"Evangelina Cossio con su esposo Miguel Romero en 1972\" data-attachment-id=\"25541\" data-type=\"image\" class=\"fg-thumb\"><span class=\"fg-image-wrap\"><img src=\"https:\/\/test.isladelajuventud-cuba.com\/wp-content\/uploads\/cache\/2017\/08\/Evangelina-Cossio-con-su-esposo-Miguel-Romero-en-1972_\/1098793940.jpg\" alt=\"Evangelina Cossio con su esposo Miguel Romero en 1972\" title=\"Evangelina Cossio con su esposo Miguel Romero en 1972\" width=\"150\" height=\"113\" class=\"skip-lazy fg-image\" decoding=\"async\" loading=\"lazy\"><\/span><span class=\"fg-image-overlay\"><\/span><\/a><figcaption class=\"fg-caption\"><div class=\"fg-caption-inner\"><div class=\"fg-caption-title\">Evangelina Cossio con su esposo Miguel Romero en 1972<\/div><\/div><\/figcaption><\/figure><div class=\"fg-loader\"><\/div><\/div><div class=\"fg-item fg-type-image fg-loading\"><figure class=\"fg-item-inner\"><a href=\"https:\/\/test.isladelajuventud-cuba.com\/wp-content\/uploads\/2017\/08\/gerardo-machado-1.jpg\" data-caption-title=\"Ex presidente de Cuba;  Gerardo Machado, a quien lo vemos con su familia y parte del gabinete. Al  parecer es en Sata Fe, cerca del Santa Rita Spring.\" data-caption-desc=\"Ex presidente de Cuba;  Gerardo Machado, a quien lo vemos con su familia y parte del gabinete. Al  parecer es en Sata Fe, cerca del Santa Rita Spring.\" data-attachment-id=\"26464\" data-type=\"image\" class=\"fg-thumb\"><span class=\"fg-image-wrap\"><img src=\"https:\/\/test.isladelajuventud-cuba.com\/wp-content\/uploads\/cache\/2017\/08\/gerardo-machado-1\/3614186602.jpg\" alt=\"Ex presidente de Cuba; Gerardo Machado, a quien lo vemos con su familia y parte del gabinete. Al parecer es en Sata Fe, cerca del Santa Rita Spring.\" title=\"Ex presidente de Cuba;  Gerardo Machado, a quien lo vemos con su familia y parte del gabinete. Al  parecer es en Sata Fe, cerca del Santa Rita Spring.\" width=\"150\" height=\"113\" class=\"skip-lazy fg-image\" decoding=\"async\" loading=\"lazy\"><\/span><span class=\"fg-image-overlay\"><\/span><\/a><figcaption class=\"fg-caption\"><div class=\"fg-caption-inner\"><div class=\"fg-caption-title\">Ex presidente de Cuba;  Gerardo Machado, a quien lo vemos con su familia y parte del gabinete. Al  parecer es en Sata Fe, cerca del Santa Rita Spring.<\/div><\/div><\/figcaption><\/figure><div class=\"fg-loader\"><\/div><\/div><div class=\"fg-item fg-type-image fg-loading\"><figure class=\"fg-item-inner\"><a href=\"https:\/\/test.isladelajuventud-cuba.com\/wp-content\/uploads\/2018\/09\/Familia-de-vacaciones-en-el-Rancho-Rockyford.jpg\" data-caption-title=\"Familia de vacaciones en el Rancho Rockyford\" data-caption-desc=\"Familia de vacaciones en el Rancho Rockyford\" data-attachment-id=\"27834\" data-type=\"image\" class=\"fg-thumb\"><span class=\"fg-image-wrap\"><img src=\"https:\/\/test.isladelajuventud-cuba.com\/wp-content\/uploads\/cache\/2018\/09\/Familia-de-vacaciones-en-el-Rancho-Rockyford\/3837059877.jpg\" alt=\"Familia de vacaciones en el Rancho Rockyford\" title=\"Familia de vacaciones en el Rancho Rockyford\" width=\"150\" height=\"113\" class=\"skip-lazy fg-image\" decoding=\"async\" loading=\"lazy\"><\/span><span class=\"fg-image-overlay\"><\/span><\/a><figcaption class=\"fg-caption\"><div class=\"fg-caption-inner\"><div class=\"fg-caption-title\">Familia de vacaciones en el Rancho Rockyford<\/div><\/div><\/figcaption><\/figure><div class=\"fg-loader\"><\/div><\/div><div class=\"fg-item fg-type-image fg-loading\"><figure class=\"fg-item-inner\"><a href=\"https:\/\/test.isladelajuventud-cuba.com\/wp-content\/uploads\/2017\/08\/Familia-japonesa-Los-Haradas.jpg\" data-caption-title=\"Familia  japonesa Los Haradas\" data-caption-desc=\"Familia  japonesa Los Haradas\" data-attachment-id=\"25542\" data-type=\"image\" class=\"fg-thumb\"><span class=\"fg-image-wrap\"><img src=\"https:\/\/test.isladelajuventud-cuba.com\/wp-content\/uploads\/cache\/2017\/08\/Familia-japonesa-Los-Haradas\/3543788467.jpg\" alt=\"Familia japonesa Los Haradas\" title=\"Familia  japonesa Los Haradas\" width=\"150\" height=\"113\" class=\"skip-lazy fg-image\" decoding=\"async\" loading=\"lazy\"><\/span><span class=\"fg-image-overlay\"><\/span><\/a><figcaption class=\"fg-caption\"><div class=\"fg-caption-inner\"><div class=\"fg-caption-title\">Familia  japonesa Los Haradas<\/div><\/div><\/figcaption><\/figure><div class=\"fg-loader\"><\/div><\/div><div class=\"fg-item fg-type-image fg-loading\"><figure class=\"fg-item-inner\"><a href=\"https:\/\/test.isladelajuventud-cuba.com\/wp-content\/uploads\/2018\/09\/Familia-japonesa-Los-Haradas.jpg\" data-caption-title=\"Familia japonesa Los Haradas\" data-caption-desc=\"Familia japonesa Los Haradas\" data-attachment-id=\"27835\" data-type=\"image\" class=\"fg-thumb\"><span class=\"fg-image-wrap\"><img src=\"https:\/\/test.isladelajuventud-cuba.com\/wp-content\/uploads\/cache\/2018\/09\/Familia-japonesa-Los-Haradas\/2959615551.jpg\" alt=\"Familia japonesa Los Haradas\" title=\"Familia japonesa Los Haradas\" width=\"150\" height=\"113\" class=\"skip-lazy fg-image\" decoding=\"async\" loading=\"lazy\"><\/span><span class=\"fg-image-overlay\"><\/span><\/a><figcaption class=\"fg-caption\"><div class=\"fg-caption-inner\"><div class=\"fg-caption-title\">Familia japonesa Los Haradas<\/div><\/div><\/figcaption><\/figure><div class=\"fg-loader\"><\/div><\/div><div class=\"fg-item fg-type-image fg-loading\"><figure class=\"fg-item-inner\"><a href=\"https:\/\/test.isladelajuventud-cuba.com\/wp-content\/uploads\/2017\/08\/Familia-Swedlands-en-una-de-las-lomas-de-la-Isla.jpg\" data-caption-title=\"Familia Swedlands en una de las lomas de la Isla\" data-caption-desc=\"Familia Swedlands en una de las lomas de la Isla\" data-attachment-id=\"25543\" data-type=\"image\" class=\"fg-thumb\"><span class=\"fg-image-wrap\"><img src=\"https:\/\/test.isladelajuventud-cuba.com\/wp-content\/uploads\/cache\/2017\/08\/Familia-Swedlands-en-una-de-las-lomas-de-la-Isla\/4285073543.jpg\" alt=\"Familia Swedlands en una de las lomas de la Isla\" title=\"Familia Swedlands en una de las lomas de la Isla\" width=\"150\" height=\"113\" class=\"skip-lazy fg-image\" decoding=\"async\" loading=\"lazy\"><\/span><span class=\"fg-image-overlay\"><\/span><\/a><figcaption class=\"fg-caption\"><div class=\"fg-caption-inner\"><div class=\"fg-caption-title\">Familia Swedlands en una de las lomas de la Isla<\/div><\/div><\/figcaption><\/figure><div class=\"fg-loader\"><\/div><\/div><div class=\"fg-item fg-type-image fg-loading\"><figure class=\"fg-item-inner\"><a href=\"https:\/\/test.isladelajuventud-cuba.com\/wp-content\/uploads\/2018\/09\/69679884_2920434211340793_1717549454506065920_n.jpg\" data-caption-title=\"Foto tomada alrededor de los a\u00f1os 1940 son Alumnos de la American Central School en Santa Ana, Los alegres muchachos son de pie: izquierda a derecha: Tete Viamonte, Peter Smiller, Migdalia Abreu, Teresa Ordo\u00f1ez, Teresa Ullrich, Pepe Copa, Luis Fumero, Roberto Manet, Bebo Lopez, Jose (Pepe) Mu\u00f1oz, Isis Rodriguez, Sandy Schalmer, Auturo Waterton, Mercedes Viamonte y Dora Rives.Sentados Serafina Palacios, la hermana de Octavio Barcelo, Barbara Steward, Roberto Blanco, Billy Mills, Oscarito Leal, Rene Gomez, Octavio Barcelo y Nelida Rodriguez. La maestra era Miss Warehouse.\" data-caption-desc=\"Foto tomada alrededor de los a\u00f1os 1940 son Alumnos de la American Central School en Santa Ana, Los alegres muchachos son de pie: izquierda a derecha: Tete Viamonte, Peter Smiller, Migdalia Abreu, Teresa Ordo\u00f1ez, Teresa Ullrich, Pepe Copa, Luis Fumero, Roberto Manet, Bebo Lopez, Jose (Pepe) Mu\u00f1oz, Isis Rodriguez, Sandy Schalmer, Auturo Waterton, Mercedes Viamonte y Dora Rives.Sentados Serafina Palacios, la hermana de Octavio Barcelo, Barbara Steward, Roberto Blanco, Billy Mills, Oscarito Leal, Rene Gomez, Octavio Barcelo y Nelida Rodriguez. La maestra era Miss Warehouse.\" data-attachment-id=\"30249\" data-type=\"image\" class=\"fg-thumb\"><span class=\"fg-image-wrap\"><img src=\"https:\/\/test.isladelajuventud-cuba.com\/wp-content\/uploads\/cache\/2018\/09\/69679884_2920434211340793_1717549454506065920_n\/3506236041.jpg\" alt=\"Foto tomada alrededor de los a\u00f1os 1940 son Alumnos de la American Central School en Santa Ana, Los alegres muchachos son de pie: izquierda a derecha: Tete Viamonte, Peter Smiller, Migdalia Abreu, Teresa Ordo\u00f1ez, Teresa Ullrich, Pepe Copa, Luis Fumero, Roberto Manet, Bebo Lopez, Jose (Pepe) Mu\u00f1oz, Isis Rodriguez, Sandy Schalmer, Auturo Waterton, Mercedes Viamonte y Dora Rives.Sentados Serafina Palacios, la hermana de Octavio Barcelo, Barbara Steward, Roberto Blanco, Billy Mills, Oscarito Leal, Rene Gomez, Octavio Barcelo y Nelida Rodriguez. La maestra era Miss Warehouse.\" title=\"Foto tomada alrededor de los a\u00f1os 1940 son Alumnos de la American Central School en Santa Ana, Los alegres muchachos son de pie: izquierda a derecha: Tete Viamonte, Peter Smiller, Migdalia Abreu, Teresa Ordo\u00f1ez, Teresa Ullrich, Pepe Copa, Luis Fumero, Roberto Manet, Bebo Lopez, Jose (Pepe) Mu\u00f1oz, Isis Rodriguez, Sandy Schalmer, Auturo Waterton, Mercedes Viamonte y Dora Rives.Sentados Serafina Palacios, la hermana de Octavio Barcelo, Barbara Steward, Roberto Blanco, Billy Mills, Oscarito Leal, Rene Gomez, Octavio Barcelo y Nelida Rodriguez. La maestra era Miss Warehouse.\" width=\"150\" height=\"113\" class=\"skip-lazy fg-image\" decoding=\"async\" loading=\"lazy\"><\/span><span class=\"fg-image-overlay\"><\/span><\/a><figcaption class=\"fg-caption\"><div class=\"fg-caption-inner\"><div class=\"fg-caption-title\">Foto tomada alrededor de los a\u00f1os 1940 son Alumnos de la American Central School en Santa Ana, Los alegres muchachos son de pie: izquierda a derecha: Tete Viamonte, Peter Smiller, Migdalia Abreu, Teresa Ordo\u00f1ez, Teresa Ullrich, Pepe Copa, Luis Fumero, Roberto Manet, Bebo Lopez, Jose (Pepe) Mu\u00f1oz, Isis Rodriguez, Sandy Schalmer, Auturo Waterton, Mercedes Viamonte y Dora Rives.Sentados Serafina Palacios, la hermana de Octavio Barcelo, Barbara Steward, Roberto Blanco, Billy Mills, Oscarito Leal, Rene Gomez, Octavio Barcelo y Nelida Rodriguez. La maestra era Miss Warehouse.<\/div><\/div><\/figcaption><\/figure><div class=\"fg-loader\"><\/div><\/div><div class=\"fg-item fg-type-image fg-loading\"><figure class=\"fg-item-inner\"><a href=\"https:\/\/test.isladelajuventud-cuba.com\/wp-content\/uploads\/2017\/08\/Francie-Diaz-Cepro-Christina-Botana-y-Mayling-Pantoja-Lam-en-1993.jpg\" data-caption-title=\"Francie Diaz Cepro, Christina Botana y Mayling Pantoja Lam en  1993\" data-caption-desc=\"Francie Diaz Cepro, Christina Botana y Mayling Pantoja Lam en  1993\" data-attachment-id=\"25544\" data-type=\"image\" class=\"fg-thumb\"><span class=\"fg-image-wrap\"><img src=\"https:\/\/test.isladelajuventud-cuba.com\/wp-content\/uploads\/cache\/2017\/08\/Francie-Diaz-Cepro-Christina-Botana-y-Mayling-Pantoja-Lam-en-1993\/2403670642.jpg\" alt=\"Francie Diaz Cepro, Christina Botana y Mayling Pantoja Lam en 1993\" title=\"Francie Diaz Cepro, Christina Botana y Mayling Pantoja Lam en  1993\" width=\"150\" height=\"113\" class=\"skip-lazy fg-image\" decoding=\"async\" loading=\"lazy\"><\/span><span class=\"fg-image-overlay\"><\/span><\/a><figcaption class=\"fg-caption\"><div class=\"fg-caption-inner\"><div class=\"fg-caption-title\">Francie Diaz Cepro, Christina Botana y Mayling Pantoja Lam en  1993<\/div><\/div><\/figcaption><\/figure><div class=\"fg-loader\"><\/div><\/div><div class=\"fg-item fg-type-image fg-loading\"><figure class=\"fg-item-inner\"><a href=\"https:\/\/test.isladelajuventud-cuba.com\/wp-content\/uploads\/2017\/08\/Graduacio\u0301n-en-la-escuela-Americana-en-1956.jpg\" data-caption-title=\"Graduacio\u0301n en la escuela Americana en  1956\" data-caption-desc=\"Graduacio\u0301n en la escuela Americana en  1956\" data-attachment-id=\"25545\" data-type=\"image\" class=\"fg-thumb\"><span class=\"fg-image-wrap\"><img src=\"https:\/\/test.isladelajuventud-cuba.com\/wp-content\/uploads\/cache\/2017\/08\/Graduacio\u0301n-en-la-escuela-Americana-en-1956\/1678621669.jpg\" alt=\"Graduacio\u0301n en la escuela Americana en 1956\" title=\"Graduacio\u0301n en la escuela Americana en  1956\" width=\"150\" height=\"113\" class=\"skip-lazy fg-image\" decoding=\"async\" loading=\"lazy\"><\/span><span class=\"fg-image-overlay\"><\/span><\/a><figcaption class=\"fg-caption\"><div class=\"fg-caption-inner\"><div class=\"fg-caption-title\">Graduacio\u0301n en la escuela Americana en  1956<\/div><\/div><\/figcaption><\/figure><div class=\"fg-loader\"><\/div><\/div><div class=\"fg-item fg-type-image fg-loading\"><figure class=\"fg-item-inner\"><a href=\"https:\/\/test.isladelajuventud-cuba.com\/wp-content\/uploads\/2018\/09\/Graduacio\u0301n-en-la-SPP-en-el-an\u0303o-1956-Gustavo-Soto-padrino-de-Palmira-Ferna\u0301ndez.jpg\" data-caption-title=\"Graduacio\u0301n en la SPP en el an\u0303o 1956 Gustavo Soto padrino de Palmira Ferna\u0301ndez\" data-caption-desc=\"Graduacio\u0301n en la SPP en el an\u0303o 1956 Gustavo Soto padrino de Palmira Ferna\u0301ndez\" data-attachment-id=\"27836\" data-type=\"image\" class=\"fg-thumb\"><span class=\"fg-image-wrap\"><img src=\"https:\/\/test.isladelajuventud-cuba.com\/wp-content\/uploads\/cache\/2018\/09\/Graduacio\u0301n-en-la-SPP-en-el-an\u0303o-1956-Gustavo-Soto-padrino-de-Palmira-Ferna\u0301ndez\/575143493.jpg\" alt=\"Graduacio\u0301n en la SPP en el an\u0303o 1956 Gustavo Soto padrino de Palmira Ferna\u0301ndez\" title=\"Graduacio\u0301n en la SPP en el an\u0303o 1956 Gustavo Soto padrino de Palmira Ferna\u0301ndez\" width=\"150\" height=\"113\" class=\"skip-lazy fg-image\" decoding=\"async\" loading=\"lazy\"><\/span><span class=\"fg-image-overlay\"><\/span><\/a><figcaption class=\"fg-caption\"><div class=\"fg-caption-inner\"><div class=\"fg-caption-title\">Graduacio\u0301n en la SPP en el an\u0303o 1956 Gustavo Soto padrino de Palmira Ferna\u0301ndez<\/div><\/div><\/figcaption><\/figure><div class=\"fg-loader\"><\/div><\/div><div class=\"fg-item fg-type-image fg-loading\"><figure class=\"fg-item-inner\"><a href=\"https:\/\/test.isladelajuventud-cuba.com\/wp-content\/uploads\/2017\/08\/escuela-americana.jpg\" data-caption-title=\"Graduaci\u00f3n de la American Central School (Escuela Americana) en el a\u00f1o 1956.\" data-caption-desc=\"Graduaci\u00f3n de la American Central School (Escuela Americana) en el a\u00f1o 1956.\" data-attachment-id=\"26468\" data-type=\"image\" class=\"fg-thumb\"><span class=\"fg-image-wrap\"><img src=\"https:\/\/test.isladelajuventud-cuba.com\/wp-content\/uploads\/cache\/2017\/08\/escuela-americana\/2946236147.jpg\" alt=\"Graduaci\u00f3n de la American Central School (Escuela Americana) en el a\u00f1o 1956.\" title=\"Graduaci\u00f3n de la American Central School (Escuela Americana) en el a\u00f1o 1956.\" width=\"150\" height=\"113\" class=\"skip-lazy fg-image\" decoding=\"async\" loading=\"lazy\"><\/span><span class=\"fg-image-overlay\"><\/span><\/a><figcaption class=\"fg-caption\"><div class=\"fg-caption-inner\"><div class=\"fg-caption-title\">Graduaci\u00f3n de la American Central School (Escuela Americana) en el a\u00f1o 1956.<\/div><\/div><\/figcaption><\/figure><div class=\"fg-loader\"><\/div><\/div><div class=\"fg-item fg-type-image fg-loading\"><figure class=\"fg-item-inner\"><a href=\"https:\/\/test.isladelajuventud-cuba.com\/wp-content\/uploads\/2018\/09\/Grupo-de-personas-disfrutando-de-los-manantiales-de-Magnesio-en-Santa-Fe\u0301.jpg\" data-caption-title=\"Grupo de personas disfrutando de los manantiales de Magnesio en Santa Fe\u0301\" data-caption-desc=\"Grupo de personas disfrutando de los manantiales de Magnesio en Santa Fe\u0301\" data-attachment-id=\"27837\" data-type=\"image\" class=\"fg-thumb\"><span class=\"fg-image-wrap\"><img src=\"https:\/\/test.isladelajuventud-cuba.com\/wp-content\/uploads\/cache\/2018\/09\/Grupo-de-personas-disfrutando-de-los-manantiales-de-Magnesio-en-Santa-Fe\u0301\/269937418.jpg\" alt=\"Grupo de personas disfrutando de los manantiales de Magnesio en Santa Fe\u0301\" title=\"Grupo de personas disfrutando de los manantiales de Magnesio en Santa Fe\u0301\" width=\"150\" height=\"113\" class=\"skip-lazy fg-image\" decoding=\"async\" loading=\"lazy\"><\/span><span class=\"fg-image-overlay\"><\/span><\/a><figcaption class=\"fg-caption\"><div class=\"fg-caption-inner\"><div class=\"fg-caption-title\">Grupo de personas disfrutando de los manantiales de Magnesio en Santa Fe\u0301<\/div><\/div><\/figcaption><\/figure><div class=\"fg-loader\"><\/div><\/div><div class=\"fg-item fg-type-image fg-loading\"><figure class=\"fg-item-inner\"><a href=\"https:\/\/test.isladelajuventud-cuba.com\/wp-content\/uploads\/2018\/09\/Homenaje-al-Capita\u0301n-Capote-en-Marzo-de-1953-en-la-inauguracio\u0301n-de-la-nueva-S.S.P.jpg\" data-caption-title=\"Homenaje al Capita\u0301n Capote en Marzo de 1953 en la inauguracio\u0301n de la nueva S.S.P\" data-caption-desc=\"Homenaje al Capita\u0301n Capote en Marzo de 1953 en la inauguracio\u0301n de la nueva S.S.P\" data-attachment-id=\"27838\" data-type=\"image\" class=\"fg-thumb\"><span class=\"fg-image-wrap\"><img src=\"https:\/\/test.isladelajuventud-cuba.com\/wp-content\/uploads\/cache\/2018\/09\/Homenaje-al-Capita\u0301n-Capote-en-Marzo-de-1953-en-la-inauguracio\u0301n-de-la-nueva-S_S_P\/1287431156.jpg\" alt=\"Homenaje al Capita\u0301n Capote en Marzo de 1953 en la inauguracio\u0301n de la nueva S.S.P\" title=\"Homenaje al Capita\u0301n Capote en Marzo de 1953 en la inauguracio\u0301n de la nueva S.S.P\" width=\"150\" height=\"113\" class=\"skip-lazy fg-image\" decoding=\"async\" loading=\"lazy\"><\/span><span class=\"fg-image-overlay\"><\/span><\/a><figcaption class=\"fg-caption\"><div class=\"fg-caption-inner\"><div class=\"fg-caption-title\">Homenaje al Capita\u0301n Capote en Marzo de 1953 en la inauguracio\u0301n de la nueva S.S.P<\/div><\/div><\/figcaption><\/figure><div class=\"fg-loader\"><\/div><\/div><div class=\"fg-item fg-type-image fg-loading\"><figure class=\"fg-item-inner\"><a href=\"https:\/\/test.isladelajuventud-cuba.com\/wp-content\/uploads\/2017\/08\/alumnos.jpg\" data-caption-title=\"Hospital de Emergencia y Maternidad que se encontraba en la esquina de 37 y 22, hoy Carnicer\u00eda frente a la Bodega: El Mundo.Como saben ese Hospital se conoc\u00eda como el de \u201c\u2019Cachita\u201d\u201d debido a la  caridad de  la famosa comadrona que trajo muchos pineritos al mundo. En la foto de los a\u00f1os 40.s detr\u00e1s de los alumnos se observa dicha placa\" data-caption-desc=\"Hospital de Emergencia y Maternidad que se encontraba en la esquina de 37 y 22, hoy Carnicer\u00eda frente a la Bodega: El Mundo.Como saben ese Hospital se conoc\u00eda como el de \u201c\u2019Cachita\u201d\u201d debido a la  caridad de  la famosa comadrona que trajo muchos pineritos al mundo.\r\nEn la foto de los a\u00f1os 40.s detr\u00e1s de los alumnos se observa dicha placa\" data-attachment-id=\"26352\" data-type=\"image\" class=\"fg-thumb\"><span class=\"fg-image-wrap\"><img src=\"https:\/\/test.isladelajuventud-cuba.com\/wp-content\/uploads\/cache\/2017\/08\/alumnos\/3774254147.jpg\" alt=\"Hospital de Emergencia y Maternidad que se encontraba en la esquina de 37 y 22, hoy Carnicer\u00eda frente a la Bodega: El Mundo.Como saben ese Hospital se conoc\u00eda como el de \u201c\u2019Cachita\u201d\u201d debido a la caridad de la famosa comadrona que trajo muchos pineritos al mundo. En la foto de los a\u00f1os 40.s detr\u00e1s de los alumnos se observa dicha placa\" title=\"Hospital de Emergencia y Maternidad que se encontraba en la esquina de 37 y 22, hoy Carnicer\u00eda frente a la Bodega: El Mundo.Como saben ese Hospital se conoc\u00eda como el de \u201c\u2019Cachita\u201d\u201d debido a la  caridad de  la famosa comadrona que trajo muchos pineritos al mundo.\r\nEn la foto de los a\u00f1os 40.s detr\u00e1s de los alumnos se observa dicha placa\" width=\"150\" height=\"113\" class=\"skip-lazy fg-image\" decoding=\"async\" loading=\"lazy\"><\/span><span class=\"fg-image-overlay\"><\/span><\/a><figcaption class=\"fg-caption\"><div class=\"fg-caption-inner\"><div class=\"fg-caption-title\">Hospital de Emergencia y Maternidad que se encontraba en la esquina de 37 y 22, hoy Carnicer\u00eda frente a la Bodega: El Mundo.Como saben ese Hospital se conoc\u00eda como el de \u201c\u2019Cachita\u201d\u201d debido a la  caridad de  la famosa comadrona que trajo muchos pineritos al mundo. En la foto de los a\u00f1os 40.s detr\u00e1s de los alumnos se observa dicha placa<\/div><\/div><\/figcaption><\/figure><div class=\"fg-loader\"><\/div><\/div><div class=\"fg-item fg-type-image fg-loading\"><figure class=\"fg-item-inner\"><a href=\"https:\/\/test.isladelajuventud-cuba.com\/wp-content\/uploads\/2017\/08\/Ken-Corson-y-su-esposa-Sara-Corson-cuando-eran-profesores-de-la-Escuela-Americana-en-1959.1.jpg\" data-caption-title=\"Ken Corson y su esposa Sara Corson cuando eran profesores de la Escuela Americana en 1959\" data-caption-desc=\"Ken Corson y su esposa Sara Corson cuando eran profesores de la Escuela Americana en 1959\" data-attachment-id=\"25504\" data-type=\"image\" class=\"fg-thumb\"><span class=\"fg-image-wrap\"><img src=\"https:\/\/test.isladelajuventud-cuba.com\/wp-content\/uploads\/cache\/2017\/08\/Ken-Corson-y-su-esposa-Sara-Corson-cuando-eran-profesores-de-la-Escuela-Americana-en-1959_1\/324058819.jpg\" alt=\"Ken Corson y su esposa Sara Corson cuando eran profesores de la Escuela Americana en 1959\" title=\"Ken Corson y su esposa Sara Corson cuando eran profesores de la Escuela Americana en 1959\" width=\"150\" height=\"113\" class=\"skip-lazy fg-image\" decoding=\"async\" loading=\"lazy\"><\/span><span class=\"fg-image-overlay\"><\/span><\/a><figcaption class=\"fg-caption\"><div class=\"fg-caption-inner\"><div class=\"fg-caption-title\">Ken Corson y su esposa Sara Corson cuando eran profesores de la Escuela Americana en 1959<\/div><\/div><\/figcaption><\/figure><div class=\"fg-loader\"><\/div><\/div><div class=\"fg-item fg-type-image fg-loading\"><figure class=\"fg-item-inner\"><a href=\"https:\/\/test.isladelajuventud-cuba.com\/wp-content\/uploads\/2017\/08\/Ken-Corson-y-su-esposa-Sara-Corson-cuando-eran-profesores-de-la-Escuela-Americana-en-1959.jpg\" data-caption-title=\"Ken Corson y su esposa Sara Corson cuando eran profesores de la Escuela Americana en 1959\" data-caption-desc=\"Ken Corson y su esposa Sara Corson cuando eran profesores de la Escuela Americana en 1959\" data-attachment-id=\"25505\" data-type=\"image\" class=\"fg-thumb\"><span class=\"fg-image-wrap\"><img src=\"https:\/\/test.isladelajuventud-cuba.com\/wp-content\/uploads\/cache\/2017\/08\/Ken-Corson-y-su-esposa-Sara-Corson-cuando-eran-profesores-de-la-Escuela-Americana-en-1959\/2580405881.jpg\" alt=\"Ken Corson y su esposa Sara Corson cuando eran profesores de la Escuela Americana en 1959\" title=\"Ken Corson y su esposa Sara Corson cuando eran profesores de la Escuela Americana en 1959\" width=\"150\" height=\"113\" class=\"skip-lazy fg-image\" decoding=\"async\" loading=\"lazy\"><\/span><span class=\"fg-image-overlay\"><\/span><\/a><figcaption class=\"fg-caption\"><div class=\"fg-caption-inner\"><div class=\"fg-caption-title\">Ken Corson y su esposa Sara Corson cuando eran profesores de la Escuela Americana en 1959<\/div><\/div><\/figcaption><\/figure><div class=\"fg-loader\"><\/div><\/div><div class=\"fg-item fg-type-image fg-loading\"><figure class=\"fg-item-inner\"><a href=\"https:\/\/test.isladelajuventud-cuba.com\/wp-content\/uploads\/2017\/08\/escuela-masa.jpg\" data-caption-title=\"La antigua escuela  Masa Arredondo, hoy Leonardo  Luberta   Noy o Escuela de Arte. El maestro Morej\u00f3n fundador de la Luberta en 1979 acompa\u00f1ado de algunos alumnos.\" data-caption-desc=\"La antigua escuela  Masa Arredondo, hoy Leonardo  Luberta   Noy o Escuela de Arte. El maestro Morej\u00f3n fundador de la Luberta en 1979 acompa\u00f1ado de algunos alumnos.\" data-attachment-id=\"26473\" data-type=\"image\" class=\"fg-thumb\"><span class=\"fg-image-wrap\"><img src=\"https:\/\/test.isladelajuventud-cuba.com\/wp-content\/uploads\/cache\/2017\/08\/escuela-masa\/373045245.jpg\" alt=\"La antigua escuela Masa Arredondo, hoy Leonardo Luberta Noy o Escuela de Arte. El maestro Morej\u00f3n fundador de la Luberta en 1979 acompa\u00f1ado de algunos alumnos.\" title=\"La antigua escuela  Masa Arredondo, hoy Leonardo  Luberta   Noy o Escuela de Arte. El maestro Morej\u00f3n fundador de la Luberta en 1979 acompa\u00f1ado de algunos alumnos.\" width=\"150\" height=\"113\" class=\"skip-lazy fg-image\" decoding=\"async\" loading=\"lazy\"><\/span><span class=\"fg-image-overlay\"><\/span><\/a><figcaption class=\"fg-caption\"><div class=\"fg-caption-inner\"><div class=\"fg-caption-title\">La antigua escuela  Masa Arredondo, hoy Leonardo  Luberta   Noy o Escuela de Arte. El maestro Morej\u00f3n fundador de la Luberta en 1979 acompa\u00f1ado de algunos alumnos.<\/div><\/div><\/figcaption><\/figure><div class=\"fg-loader\"><\/div><\/div><div class=\"fg-item fg-type-image fg-loading\"><figure class=\"fg-item-inner\"><a href=\"https:\/\/test.isladelajuventud-cuba.com\/wp-content\/uploads\/2018\/09\/71152540_2963125643738316_2981928238072201216_n.jpg\" data-caption-title=\"Liduvino Rodr\u00edguez Pantoja y su esposa Felisa Garc\u00eda en octubre de 1941.\" data-caption-desc=\"Liduvino Rodr\u00edguez Pantoja y su esposa Felisa Garc\u00eda en octubre de 1941.\" data-attachment-id=\"30232\" data-type=\"image\" class=\"fg-thumb\"><span class=\"fg-image-wrap\"><img src=\"https:\/\/test.isladelajuventud-cuba.com\/wp-content\/uploads\/cache\/2018\/09\/71152540_2963125643738316_2981928238072201216_n\/2087175301.jpg\" alt=\"Liduvino Rodr\u00edguez Pantoja y su esposa Felisa Garc\u00eda en octubre de 1941.\" title=\"Liduvino Rodr\u00edguez Pantoja y su esposa Felisa Garc\u00eda en octubre de 1941.\" width=\"150\" height=\"113\" class=\"skip-lazy fg-image\" decoding=\"async\" loading=\"lazy\"><\/span><span class=\"fg-image-overlay\"><\/span><\/a><figcaption class=\"fg-caption\"><div class=\"fg-caption-inner\"><div class=\"fg-caption-title\">Liduvino Rodr\u00edguez Pantoja y su esposa Felisa Garc\u00eda en octubre de 1941.<\/div><\/div><\/figcaption><\/figure><div class=\"fg-loader\"><\/div><\/div><div class=\"fg-item fg-type-image fg-loading\"><figure class=\"fg-item-inner\"><a href=\"https:\/\/test.isladelajuventud-cuba.com\/wp-content\/uploads\/2017\/08\/maria-josefa-herrera.jpg\" data-caption-title=\"Maria Josefa Herrera, ella bail\u00f3 con el Presidente Machado en la colocaci\u00f3n de la primera piedra del Presidio Modelo en  1926\" data-caption-desc=\"Maria Josefa Herrera, ella bail\u00f3 con el Presidente Machado en la colocaci\u00f3n de la primera piedra del Presidio Modelo en  1926\" data-attachment-id=\"26469\" data-type=\"image\" class=\"fg-thumb\"><span class=\"fg-image-wrap\"><img src=\"https:\/\/test.isladelajuventud-cuba.com\/wp-content\/uploads\/cache\/2017\/08\/maria-josefa-herrera\/2954367060.jpg\" alt=\"Maria Josefa Herrera, ella bail\u00f3 con el Presidente Machado en la colocaci\u00f3n de la primera piedra del Presidio Modelo en 1926\" title=\"Maria Josefa Herrera, ella bail\u00f3 con el Presidente Machado en la colocaci\u00f3n de la primera piedra del Presidio Modelo en  1926\" width=\"150\" height=\"113\" class=\"skip-lazy fg-image\" decoding=\"async\" loading=\"lazy\"><\/span><span class=\"fg-image-overlay\"><\/span><\/a><figcaption class=\"fg-caption\"><div class=\"fg-caption-inner\"><div class=\"fg-caption-title\">Maria Josefa Herrera, ella bail\u00f3 con el Presidente Machado en la colocaci\u00f3n de la primera piedra del Presidio Modelo en  1926<\/div><\/div><\/figcaption><\/figure><div class=\"fg-loader\"><\/div><\/div><div class=\"fg-item fg-type-image fg-loading\"><figure class=\"fg-item-inner\"><a href=\"https:\/\/test.isladelajuventud-cuba.com\/wp-content\/uploads\/2018\/09\/Marrero-Izquierda-y-Edicto-Gilbert.-Carrera-de-25-kilometros-en-octubre-de-1969-en-la-Presa-Viet-Nam.jpg\" data-caption-title=\"Marrero( Izquierda) y Edicto Gilbert. Carrera de 25 kilometros en octubre de 1969 en la Presa Viet Nam\" data-caption-desc=\"Marrero( Izquierda) y Edicto Gilbert. Carrera de 25 kilometros en octubre de 1969 en la Presa Viet Nam\" data-attachment-id=\"27839\" data-type=\"image\" class=\"fg-thumb\"><span class=\"fg-image-wrap\"><img src=\"https:\/\/test.isladelajuventud-cuba.com\/wp-content\/uploads\/cache\/2018\/09\/Marrero-Izquierda-y-Edicto-Gilbert_-Carrera-de-25-kilometros-en-octubre-de-1969-en-la-Presa-Viet-Nam\/3991745847.jpg\" alt=\"Marrero( Izquierda) y Edicto Gilbert. Carrera de 25 kilometros en octubre de 1969 en la Presa Viet Nam\" title=\"Marrero( Izquierda) y Edicto Gilbert. Carrera de 25 kilometros en octubre de 1969 en la Presa Viet Nam\" width=\"150\" height=\"113\" class=\"skip-lazy fg-image\" decoding=\"async\" loading=\"lazy\"><\/span><span class=\"fg-image-overlay\"><\/span><\/a><figcaption class=\"fg-caption\"><div class=\"fg-caption-inner\"><div class=\"fg-caption-title\">Marrero( Izquierda) y Edicto Gilbert. Carrera de 25 kilometros en octubre de 1969 en la Presa Viet Nam<\/div><\/div><\/figcaption><\/figure><div class=\"fg-loader\"><\/div><\/div><div class=\"fg-item fg-type-image fg-loading\"><figure class=\"fg-item-inner\"><a href=\"https:\/\/test.isladelajuventud-cuba.com\/wp-content\/uploads\/2017\/08\/Meeting-a-favor-de-Chibas-en-Isla-de-Pinos-donde-se-observa-un-letrero-que-dice-Responderemos-a-Chibas_.jpg\" data-caption-title=\"Meeting a favor de Chibas en Isla de Pinos donde se observa un letrero que dice Responderemos a Chibas_\" data-caption-desc=\"Meeting a favor de Chibas en Isla de Pinos donde se observa un letrero que dice Responderemos a Chibas\" data-attachment-id=\"25506\" data-type=\"image\" class=\"fg-thumb\"><span class=\"fg-image-wrap\"><img src=\"https:\/\/test.isladelajuventud-cuba.com\/wp-content\/uploads\/cache\/2017\/08\/Meeting-a-favor-de-Chibas-en-Isla-de-Pinos-donde-se-observa-un-letrero-que-dice-Responderemos-a-Chibas_\/3759868548.jpg\" alt=\"Meeting a favor de Chibas en Isla de Pinos donde se observa un letrero que dice Responderemos a Chibas\" title=\"Meeting a favor de Chibas en Isla de Pinos donde se observa un letrero que dice Responderemos a Chibas\" width=\"150\" height=\"113\" class=\"skip-lazy fg-image\" decoding=\"async\" loading=\"lazy\"><\/span><span class=\"fg-image-overlay\"><\/span><\/a><figcaption class=\"fg-caption\"><div class=\"fg-caption-inner\"><div class=\"fg-caption-title\">Meeting a favor de Chibas en Isla de Pinos donde se observa un letrero que dice Responderemos a Chibas_<\/div><\/div><\/figcaption><\/figure><div class=\"fg-loader\"><\/div><\/div><div class=\"fg-item fg-type-image fg-loading\"><figure class=\"fg-item-inner\"><a href=\"https:\/\/test.isladelajuventud-cuba.com\/wp-content\/uploads\/2017\/08\/Mercado-de-Micro-a-finales-de-los-80.-Mami-Adita-llenando-cartuchos-de-arroz-y-tia-de-Anita.jpg\" data-caption-title=\"Mercado de Micro a finales de los 80. Mami (Adita),  llenando cartuchos de arroz y tia de Anita\" data-caption-desc=\"Mercado de Micro a finales de los 80. Mami (Adita),  llenando cartuchos de arroz y tia de Anita\" data-attachment-id=\"25507\" data-type=\"image\" class=\"fg-thumb\"><span class=\"fg-image-wrap\"><img src=\"https:\/\/test.isladelajuventud-cuba.com\/wp-content\/uploads\/cache\/2017\/08\/Mercado-de-Micro-a-finales-de-los-80_-Mami-Adita-llenando-cartuchos-de-arroz-y-tia-de-Anita\/3244181849.jpg\" alt=\"Mercado de Micro a finales de los 80. Mami (Adita), llenando cartuchos de arroz y tia de Anita\" title=\"Mercado de Micro a finales de los 80. Mami (Adita),  llenando cartuchos de arroz y tia de Anita\" width=\"150\" height=\"113\" class=\"skip-lazy fg-image\" decoding=\"async\" loading=\"lazy\"><\/span><span class=\"fg-image-overlay\"><\/span><\/a><figcaption class=\"fg-caption\"><div class=\"fg-caption-inner\"><div class=\"fg-caption-title\">Mercado de Micro a finales de los 80. Mami (Adita),  llenando cartuchos de arroz y tia de Anita<\/div><\/div><\/figcaption><\/figure><div class=\"fg-loader\"><\/div><\/div><div class=\"fg-item fg-type-image fg-loading\"><figure class=\"fg-item-inner\"><a href=\"https:\/\/test.isladelajuventud-cuba.com\/wp-content\/uploads\/2017\/08\/Mercado-de-Micro-a-finales-de-los-80.-Pedro-el-Jefe-de-almac\u00aen-mas-tarde-fue-administrador-de-la-Bodega-El-Ca\u00a6on_.jpg\" data-caption-title=\"Mercado de Micro a finales de los 80. Pedro el Jefe de almac\u00e9n mas tarde fue administrador de la Bodega El Ca\u00f1on\" data-caption-desc=\"Mercado de Micro a finales de los 80. Pedro el Jefe de almac\u00e9n mas tarde fue administrador de la Bodega El Ca\u00f1on\" data-attachment-id=\"25508\" data-type=\"image\" class=\"fg-thumb\"><span class=\"fg-image-wrap\"><img src=\"https:\/\/test.isladelajuventud-cuba.com\/wp-content\/uploads\/cache\/2017\/08\/Mercado-de-Micro-a-finales-de-los-80_-Pedro-el-Jefe-de-almac\u00aen-mas-tarde-fue-administrador-de-la-Bodega-El-Ca\u00a6on_\/1916757565.jpg\" alt=\"Mercado de Micro a finales de los 80. Pedro el Jefe de almac\u00e9n mas tarde fue administrador de la Bodega El Ca\u00f1on\" title=\"Mercado de Micro a finales de los 80. Pedro el Jefe de almac\u00e9n mas tarde fue administrador de la Bodega El Ca\u00f1on\" width=\"150\" height=\"113\" class=\"skip-lazy fg-image\" decoding=\"async\" loading=\"lazy\"><\/span><span class=\"fg-image-overlay\"><\/span><\/a><figcaption class=\"fg-caption\"><div class=\"fg-caption-inner\"><div class=\"fg-caption-title\">Mercado de Micro a finales de los 80. Pedro el Jefe de almac\u00e9n mas tarde fue administrador de la Bodega El Ca\u00f1on<\/div><\/div><\/figcaption><\/figure><div class=\"fg-loader\"><\/div><\/div><div class=\"fg-item fg-type-image fg-loading\"><figure class=\"fg-item-inner\"><a href=\"https:\/\/test.isladelajuventud-cuba.com\/wp-content\/uploads\/2017\/08\/Mercado-de-Micro-a-finales-de-los-80.Sr-Jochi-Administrador.jpg\" data-caption-title=\"Mercado de Micro a finales de los 80. Sr  Jochi,  Administrador\" data-caption-desc=\"Mercado de Micro a finales de los 80. Sr  Jochi,  Administrador\" data-attachment-id=\"25509\" data-type=\"image\" class=\"fg-thumb\"><span class=\"fg-image-wrap\"><img src=\"https:\/\/test.isladelajuventud-cuba.com\/wp-content\/uploads\/cache\/2017\/08\/Mercado-de-Micro-a-finales-de-los-80_Sr-Jochi-Administrador\/1617876625.jpg\" alt=\"Mercado de Micro a finales de los 80. Sr Jochi, Administrador\" title=\"Mercado de Micro a finales de los 80. Sr  Jochi,  Administrador\" width=\"150\" height=\"113\" class=\"skip-lazy fg-image\" decoding=\"async\" loading=\"lazy\"><\/span><span class=\"fg-image-overlay\"><\/span><\/a><figcaption class=\"fg-caption\"><div class=\"fg-caption-inner\"><div class=\"fg-caption-title\">Mercado de Micro a finales de los 80. Sr  Jochi,  Administrador<\/div><\/div><\/figcaption><\/figure><div class=\"fg-loader\"><\/div><\/div><div class=\"fg-item fg-type-image fg-loading\"><figure class=\"fg-item-inner\"><a href=\"https:\/\/test.isladelajuventud-cuba.com\/wp-content\/uploads\/2017\/08\/Mercado-de-Micro-a-finaless-de-los-80.-El-hombre-que-vendia-el-aceite.-Sr-Rogelio-pap\u00ed-de-Grisel-Bardi\u00a6as.jpg\" data-caption-title=\"Mercado de Micro a finaless de los 80. El hombre que vendia el aceite. Sr Rogelio pap\u00ed de Grisel Bardi\u00f1as\" data-caption-desc=\"Mercado de Micro a finaless de los 80. El hombre que vendia el aceite. Sr Rogelio pap\u00ed de Grisel Bardi\u00f1as\" data-attachment-id=\"25510\" data-type=\"image\" class=\"fg-thumb\"><span class=\"fg-image-wrap\"><img src=\"https:\/\/test.isladelajuventud-cuba.com\/wp-content\/uploads\/cache\/2017\/08\/Mercado-de-Micro-a-finaless-de-los-80_-El-hombre-que-vendia-el-aceite_-Sr-Rogelio-pap\u00ed-de-Grisel-Bardi\u00a6as\/1603180790.jpg\" alt=\"Mercado de Micro a finaless de los 80. El hombre que vendia el aceite. Sr Rogelio pap\u00ed de Grisel Bardi\u00f1as\" title=\"Mercado de Micro a finaless de los 80. El hombre que vendia el aceite. Sr Rogelio pap\u00ed de Grisel Bardi\u00f1as\" width=\"150\" height=\"113\" class=\"skip-lazy fg-image\" decoding=\"async\" loading=\"lazy\"><\/span><span class=\"fg-image-overlay\"><\/span><\/a><figcaption class=\"fg-caption\"><div class=\"fg-caption-inner\"><div class=\"fg-caption-title\">Mercado de Micro a finaless de los 80. El hombre que vendia el aceite. Sr Rogelio pap\u00ed de Grisel Bardi\u00f1as<\/div><\/div><\/figcaption><\/figure><div class=\"fg-loader\"><\/div><\/div><div class=\"fg-item fg-type-image fg-loading\"><figure class=\"fg-item-inner\"><a href=\"https:\/\/test.isladelajuventud-cuba.com\/wp-content\/uploads\/2017\/08\/jose-corey.jpg\" data-caption-title=\"Monumento a las Madre. Era com\u00fan tomarse fotos en este monumento, en esta se observan a Jos\u00e9 Corey y Amable Rodr\u00edguez.\" data-caption-desc=\"Monumento a las Madre. Era com\u00fan tomarse fotos en este monumento, en esta se observan a Jos\u00e9 Corey y Amable Rodr\u00edguez.\" data-attachment-id=\"26356\" data-type=\"image\" class=\"fg-thumb\"><span class=\"fg-image-wrap\"><img src=\"https:\/\/test.isladelajuventud-cuba.com\/wp-content\/uploads\/cache\/2017\/08\/jose-corey\/195342511.jpg\" alt=\"Monumento a las Madre. Era com\u00fan tomarse fotos en este monumento, en esta se observan a Jos\u00e9 Corey y Amable Rodr\u00edguez.\" title=\"Monumento a las Madre. Era com\u00fan tomarse fotos en este monumento, en esta se observan a Jos\u00e9 Corey y Amable Rodr\u00edguez.\" width=\"150\" height=\"113\" class=\"skip-lazy fg-image\" decoding=\"async\" loading=\"lazy\"><\/span><span class=\"fg-image-overlay\"><\/span><\/a><figcaption class=\"fg-caption\"><div class=\"fg-caption-inner\"><div class=\"fg-caption-title\">Monumento a las Madre. Era com\u00fan tomarse fotos en este monumento, en esta se observan a Jos\u00e9 Corey y Amable Rodr\u00edguez.<\/div><\/div><\/figcaption><\/figure><div class=\"fg-loader\"><\/div><\/div><div class=\"fg-item fg-type-image fg-loading\"><figure class=\"fg-item-inner\"><a href=\"https:\/\/test.isladelajuventud-cuba.com\/wp-content\/uploads\/2018\/09\/70247120_2939100796140801_8946475568296099840_n.jpg\" data-caption-title=\"Muchachos pertenecientes a los Boys Scouts en la Playa de Bibijagua en 1945.\" data-caption-desc=\"Muchachos pertenecientes a los Boys Scouts en la Playa de Bibijagua en 1945.\" data-attachment-id=\"30247\" data-type=\"image\" class=\"fg-thumb\"><span class=\"fg-image-wrap\"><img src=\"https:\/\/test.isladelajuventud-cuba.com\/wp-content\/uploads\/cache\/2018\/09\/70247120_2939100796140801_8946475568296099840_n\/4173980334.jpg\" alt=\"Muchachos pertenecientes a los Boys Scouts en la Playa de Bibijagua en 1945.\" title=\"Muchachos pertenecientes a los Boys Scouts en la Playa de Bibijagua en 1945.\" width=\"150\" height=\"113\" class=\"skip-lazy fg-image\" decoding=\"async\" loading=\"lazy\"><\/span><span class=\"fg-image-overlay\"><\/span><\/a><figcaption class=\"fg-caption\"><div class=\"fg-caption-inner\"><div class=\"fg-caption-title\">Muchachos pertenecientes a los Boys Scouts en la Playa de Bibijagua en 1945.<\/div><\/div><\/figcaption><\/figure><div class=\"fg-loader\"><\/div><\/div><div class=\"fg-item fg-type-image fg-loading\"><figure class=\"fg-item-inner\"><a href=\"https:\/\/test.isladelajuventud-cuba.com\/wp-content\/uploads\/2018\/09\/Mujeres-de-Isla-de-Pinos-pasando-cursos-para-luego-trabajar-en-los-talleres-de-Cera\u0301mica-en-1977.jpg\" data-caption-title=\"Mujeres de Isla de Pinos pasando cursos para luego trabajar en los talleres de Cera\u0301mica en 1977\" data-caption-desc=\"Mujeres de Isla de Pinos pasando cursos para luego trabajar en los talleres de Cera\u0301mica en 1977\" data-attachment-id=\"27840\" data-type=\"image\" class=\"fg-thumb\"><span class=\"fg-image-wrap\"><img src=\"https:\/\/test.isladelajuventud-cuba.com\/wp-content\/uploads\/cache\/2018\/09\/Mujeres-de-Isla-de-Pinos-pasando-cursos-para-luego-trabajar-en-los-talleres-de-Cera\u0301mica-en-1977\/1600352606.jpg\" alt=\"Mujeres de Isla de Pinos pasando cursos para luego trabajar en los talleres de Cera\u0301mica en 1977\" title=\"Mujeres de Isla de Pinos pasando cursos para luego trabajar en los talleres de Cera\u0301mica en 1977\" width=\"150\" height=\"113\" class=\"skip-lazy fg-image\" decoding=\"async\" loading=\"lazy\"><\/span><span class=\"fg-image-overlay\"><\/span><\/a><figcaption class=\"fg-caption\"><div class=\"fg-caption-inner\"><div class=\"fg-caption-title\">Mujeres de Isla de Pinos pasando cursos para luego trabajar en los talleres de Cera\u0301mica en 1977<\/div><\/div><\/figcaption><\/figure><div class=\"fg-loader\"><\/div><\/div><div class=\"fg-item fg-type-image fg-loading\"><figure class=\"fg-item-inner\"><a href=\"https:\/\/test.isladelajuventud-cuba.com\/wp-content\/uploads\/2017\/08\/Ni\u00a6os-en-la-escuela-Abel-Santamar\u00a1a.-A\u00a6o-1985.jpg\" data-caption-title=\"Ni\u00f1os en la escuela Abel  Santamar\u00eda. A\u00f1o  1985\" data-caption-desc=\"Ni\u00f1os en la escuela Abel  Santamar\u00eda. A\u00f1o  1985\" data-attachment-id=\"25511\" data-type=\"image\" class=\"fg-thumb\"><span class=\"fg-image-wrap\"><img src=\"https:\/\/test.isladelajuventud-cuba.com\/wp-content\/uploads\/cache\/2017\/08\/Ni\u00a6os-en-la-escuela-Abel-Santamar\u00a1a_-A\u00a6o-1985\/283121040.jpg\" alt=\"Ni\u00f1os en la escuela Abel Santamar\u00eda. A\u00f1o 1985\" title=\"Ni\u00f1os en la escuela Abel  Santamar\u00eda. A\u00f1o  1985\" width=\"150\" height=\"113\" class=\"skip-lazy fg-image\" decoding=\"async\" loading=\"lazy\"><\/span><span class=\"fg-image-overlay\"><\/span><\/a><figcaption class=\"fg-caption\"><div class=\"fg-caption-inner\"><div class=\"fg-caption-title\">Ni\u00f1os en la escuela Abel  Santamar\u00eda. A\u00f1o  1985<\/div><\/div><\/figcaption><\/figure><div class=\"fg-loader\"><\/div><\/div><div class=\"fg-item fg-type-image fg-loading\"><figure class=\"fg-item-inner\"><a href=\"https:\/\/test.isladelajuventud-cuba.com\/wp-content\/uploads\/2017\/08\/Pescadores-Pineros.jpg\" data-caption-title=\"Pescadores Pineros\" data-caption-desc=\"Pescadores Pineros\" data-attachment-id=\"25512\" data-type=\"image\" class=\"fg-thumb\"><span class=\"fg-image-wrap\"><img src=\"https:\/\/test.isladelajuventud-cuba.com\/wp-content\/uploads\/cache\/2017\/08\/Pescadores-Pineros\/1581800333.jpg\" alt=\"Pescadores Pineros\" title=\"Pescadores Pineros\" width=\"150\" height=\"113\" class=\"skip-lazy fg-image\" decoding=\"async\" loading=\"lazy\"><\/span><span class=\"fg-image-overlay\"><\/span><\/a><figcaption class=\"fg-caption\"><div class=\"fg-caption-inner\"><div class=\"fg-caption-title\">Pescadores Pineros<\/div><\/div><\/figcaption><\/figure><div class=\"fg-loader\"><\/div><\/div><div class=\"fg-item fg-type-image fg-loading\"><figure class=\"fg-item-inner\"><a href=\"https:\/\/test.isladelajuventud-cuba.com\/wp-content\/uploads\/2017\/08\/Pobladores-de-Jakson-Bill-1958.jpg\" data-caption-title=\"Pobladores de Jakson Bill 1958\" data-caption-desc=\"Pobladores de Jakson Bill 1958\" data-attachment-id=\"25513\" data-type=\"image\" class=\"fg-thumb\"><span class=\"fg-image-wrap\"><img src=\"https:\/\/test.isladelajuventud-cuba.com\/wp-content\/uploads\/cache\/2017\/08\/Pobladores-de-Jakson-Bill-1958\/1522161260.jpg\" alt=\"Pobladores de Jakson Bill 1958\" title=\"Pobladores de Jakson Bill 1958\" width=\"150\" height=\"113\" class=\"skip-lazy fg-image\" decoding=\"async\" loading=\"lazy\"><\/span><span class=\"fg-image-overlay\"><\/span><\/a><figcaption class=\"fg-caption\"><div class=\"fg-caption-inner\"><div class=\"fg-caption-title\">Pobladores de Jakson Bill 1958<\/div><\/div><\/figcaption><\/figure><div class=\"fg-loader\"><\/div><\/div><div class=\"fg-item fg-type-image fg-loading\"><figure class=\"fg-item-inner\"><a href=\"https:\/\/test.isladelajuventud-cuba.com\/wp-content\/uploads\/2018\/09\/69220752_2920449414672606_3313373089097580544_n.jpg\" data-caption-title=\"Relojer\u00eda que se encontraba en la Tienda La Francia de Moises Couri. Una de las trabajadoras Mireya Betancourt y Maria Elena Vazquez Chiong )conocida por todos como la China).\" data-caption-desc=\"Relojer\u00eda que se encontraba en la Tienda La Francia de Moises Couri. Una de las trabajadoras Mireya Betancourt y Maria Elena Vazquez Chiong )conocida por todos como la China).\" data-attachment-id=\"30248\" data-type=\"image\" class=\"fg-thumb\"><span class=\"fg-image-wrap\"><img src=\"https:\/\/test.isladelajuventud-cuba.com\/wp-content\/uploads\/cache\/2018\/09\/69220752_2920449414672606_3313373089097580544_n\/2647227894.jpg\" alt=\"Relojer\u00eda que se encontraba en la Tienda La Francia de Moises Couri. Una de las trabajadoras Mireya Betancourt y Maria Elena Vazquez Chiong )conocida por todos como la China).\" title=\"Relojer\u00eda que se encontraba en la Tienda La Francia de Moises Couri. Una de las trabajadoras Mireya Betancourt y Maria Elena Vazquez Chiong )conocida por todos como la China).\" width=\"150\" height=\"113\" class=\"skip-lazy fg-image\" decoding=\"async\" loading=\"lazy\"><\/span><span class=\"fg-image-overlay\"><\/span><\/a><figcaption class=\"fg-caption\"><div class=\"fg-caption-inner\"><div class=\"fg-caption-title\">Relojer\u00eda que se encontraba en la Tienda La Francia de Moises Couri. Una de las trabajadoras Mireya Betancourt y Maria Elena Vazquez Chiong )conocida por todos como la China).<\/div><\/div><\/figcaption><\/figure><div class=\"fg-loader\"><\/div><\/div><div class=\"fg-item fg-type-image fg-loading\"><figure class=\"fg-item-inner\"><a href=\"https:\/\/test.isladelajuventud-cuba.com\/wp-content\/uploads\/2017\/08\/Reunion-en-la-Sociedad-Popular-Pinera-preparandose-para-una-visita-del-Presidente-de-Cuba-Fulgencio-Batista.jpg\" data-caption-title=\"Reunion en la Sociedad Popular Pinera preparandose para una visita del Presidente de Cuba; Fulgencio Batista\" data-attachment-id=\"25514\" data-type=\"image\" class=\"fg-thumb\"><span class=\"fg-image-wrap\"><img src=\"https:\/\/test.isladelajuventud-cuba.com\/wp-content\/uploads\/cache\/2017\/08\/Reunion-en-la-Sociedad-Popular-Pinera-preparandose-para-una-visita-del-Presidente-de-Cuba-Fulgencio-Batista\/1466117655.jpg\" alt=\"Reunion en la Sociedad Popular Pinera preparandose para una visita del Presidente de Cuba; Fulgencio Batista\" title=\"Reunion en la Sociedad Popular Pinera preparandose para una visita del Presidente de Cuba; Fulgencio Batista\" width=\"150\" height=\"113\" class=\"skip-lazy fg-image\" decoding=\"async\" loading=\"lazy\"><\/span><span class=\"fg-image-overlay\"><\/span><\/a><figcaption class=\"fg-caption\"><div class=\"fg-caption-inner\"><div class=\"fg-caption-title\">Reunion en la Sociedad Popular Pinera preparandose para una visita del Presidente de Cuba; Fulgencio Batista<\/div><\/div><\/figcaption><\/figure><div class=\"fg-loader\"><\/div><\/div><div class=\"fg-item fg-type-image fg-loading\"><figure class=\"fg-item-inner\"><a href=\"https:\/\/test.isladelajuventud-cuba.com\/wp-content\/uploads\/2018\/09\/69877995_2939110126139868_7676645311590170624_n.jpg\" data-caption-title=\"Sr. Rolando Pantoja,  un dia de pesca.\" data-caption-desc=\"Sr. Rolando Pantoja,  un d\u00eda de pesca.\" data-attachment-id=\"30240\" data-type=\"image\" class=\"fg-thumb\"><span class=\"fg-image-wrap\"><img src=\"https:\/\/test.isladelajuventud-cuba.com\/wp-content\/uploads\/cache\/2018\/09\/69877995_2939110126139868_7676645311590170624_n\/3700675750.jpg\" alt=\"Sr. Rolando Pantoja, un dia de pesca.\" title=\"Sr. Rolando Pantoja,  un d\u00eda de pesca.\" width=\"150\" height=\"113\" class=\"skip-lazy fg-image\" decoding=\"async\" loading=\"lazy\"><\/span><span class=\"fg-image-overlay\"><\/span><\/a><figcaption class=\"fg-caption\"><div class=\"fg-caption-inner\"><div class=\"fg-caption-title\">Sr. Rolando Pantoja,  un dia de pesca.<\/div><\/div><\/figcaption><\/figure><div class=\"fg-loader\"><\/div><\/div><div class=\"fg-item fg-type-image fg-loading\"><figure class=\"fg-item-inner\"><a href=\"https:\/\/test.isladelajuventud-cuba.com\/wp-content\/uploads\/2017\/08\/Sra-Margaret-Peggy-.jpg\" data-caption-title=\"Sra Margaret, Peggy\" data-caption-desc=\"Sra Margaret, Peggy\" data-attachment-id=\"25515\" data-type=\"image\" class=\"fg-thumb\"><span class=\"fg-image-wrap\"><img src=\"https:\/\/test.isladelajuventud-cuba.com\/wp-content\/uploads\/cache\/2017\/08\/Sra-Margaret-Peggy-\/2201163621.jpg\" alt=\"Sra Margaret, Peggy\" title=\"Sra Margaret, Peggy\" width=\"150\" height=\"113\" class=\"skip-lazy fg-image\" decoding=\"async\" loading=\"lazy\"><\/span><span class=\"fg-image-overlay\"><\/span><\/a><figcaption class=\"fg-caption\"><div class=\"fg-caption-inner\"><div class=\"fg-caption-title\">Sra Margaret, Peggy<\/div><\/div><\/figcaption><\/figure><div class=\"fg-loader\"><\/div><\/div><div class=\"fg-item fg-type-image fg-loading\"><figure class=\"fg-item-inner\"><a href=\"https:\/\/test.isladelajuventud-cuba.com\/wp-content\/uploads\/2017\/08\/Sra-Margaret-Peggy.jpg\" data-caption-title=\"Sra Margaret, Peggy\" data-caption-desc=\"Sra Margaret, Peggy\" data-attachment-id=\"25516\" data-type=\"image\" class=\"fg-thumb\"><span class=\"fg-image-wrap\"><img src=\"https:\/\/test.isladelajuventud-cuba.com\/wp-content\/uploads\/cache\/2017\/08\/Sra-Margaret-Peggy\/1499134171.jpg\" alt=\"Sra Margaret, Peggy\" title=\"Sra Margaret, Peggy\" width=\"150\" height=\"113\" class=\"skip-lazy fg-image\" decoding=\"async\" loading=\"lazy\"><\/span><span class=\"fg-image-overlay\"><\/span><\/a><figcaption class=\"fg-caption\"><div class=\"fg-caption-inner\"><div class=\"fg-caption-title\">Sra Margaret, Peggy<\/div><\/div><\/figcaption><\/figure><div class=\"fg-loader\"><\/div><\/div><div class=\"fg-item fg-type-image fg-loading\"><figure class=\"fg-item-inner\"><a href=\"https:\/\/test.isladelajuventud-cuba.com\/wp-content\/uploads\/2017\/08\/Turistas-cubanos-en-la-Isla-de-Pinos-a\u00a6o-1918.jpg\" data-caption-title=\"Turistas cubanos en la Isla de Pinos, a\u00f1o 1918\" data-caption-desc=\"Turistas cubanos en la Isla de Pinos, a\u00f1o 1918\" data-attachment-id=\"25517\" data-type=\"image\" class=\"fg-thumb\"><span class=\"fg-image-wrap\"><img src=\"https:\/\/test.isladelajuventud-cuba.com\/wp-content\/uploads\/cache\/2017\/08\/Turistas-cubanos-en-la-Isla-de-Pinos-a\u00a6o-1918\/3417711939.jpg\" alt=\"Turistas cubanos en la Isla de Pinos, a\u00f1o 1918\" title=\"Turistas cubanos en la Isla de Pinos, a\u00f1o 1918\" width=\"150\" height=\"113\" class=\"skip-lazy fg-image\" decoding=\"async\" loading=\"lazy\"><\/span><span class=\"fg-image-overlay\"><\/span><\/a><figcaption class=\"fg-caption\"><div class=\"fg-caption-inner\"><div class=\"fg-caption-title\">Turistas cubanos en la Isla de Pinos, a\u00f1o 1918<\/div><\/div><\/figcaption><\/figure><div class=\"fg-loader\"><\/div><\/div><div class=\"fg-item fg-type-image fg-loading\"><figure class=\"fg-item-inner\"><a href=\"https:\/\/test.isladelajuventud-cuba.com\/wp-content\/uploads\/2017\/08\/Tusristas-sentados-en-el-trampolin-de-la-piscina-Hotel-Santa-Rita-Santa-Fe.jpg\" data-caption-title=\"Turistas sentados en el trampolin de la piscina Hotel Santa Rita, Santa Fe\" data-caption-desc=\"Turistas sentados en el trampolin de la piscina Hotel Santa Rita, Santa Fe\" data-attachment-id=\"25518\" data-type=\"image\" class=\"fg-thumb\"><span class=\"fg-image-wrap\"><img src=\"https:\/\/test.isladelajuventud-cuba.com\/wp-content\/uploads\/cache\/2017\/08\/Tusristas-sentados-en-el-trampolin-de-la-piscina-Hotel-Santa-Rita-Santa-Fe\/1809235107.jpg\" alt=\"Turistas sentados en el trampolin de la piscina Hotel Santa Rita, Santa Fe\" title=\"Turistas sentados en el trampolin de la piscina Hotel Santa Rita, Santa Fe\" width=\"150\" height=\"113\" class=\"skip-lazy fg-image\" decoding=\"async\" loading=\"lazy\"><\/span><span class=\"fg-image-overlay\"><\/span><\/a><figcaption class=\"fg-caption\"><div class=\"fg-caption-inner\"><div class=\"fg-caption-title\">Turistas sentados en el trampolin de la piscina Hotel Santa Rita, Santa Fe<\/div><\/div><\/figcaption><\/figure><div class=\"fg-loader\"><\/div><\/div><div class=\"fg-item fg-type-image fg-loading\"><figure class=\"fg-item-inner\"><a href=\"https:\/\/test.isladelajuventud-cuba.com\/wp-content\/uploads\/2017\/08\/Una-muchacha-de-la-Familia-Alvarez-Rivers-se-toma-una-foto-al-lado-del-Monumento-a-Jos\u00ae-Mart\u00a1.jpg\" data-caption-title=\"Una muchacha de la Familia Alvarez Rivers se toma una foto al lado del Monumento a Jos\u00e9 Mart\u00ed\" data-caption-desc=\"Una muchacha de la Familia Alvarez Rivers se toma una foto al lado del Monumento a Jos\u00e9 Mart\u00ed\" data-attachment-id=\"25519\" data-type=\"image\" class=\"fg-thumb\"><span class=\"fg-image-wrap\"><img src=\"https:\/\/test.isladelajuventud-cuba.com\/wp-content\/uploads\/cache\/2017\/08\/Una-muchacha-de-la-Familia-Alvarez-Rivers-se-toma-una-foto-al-lado-del-Monumento-a-Jos\u00ae-Mart\u00a1\/442042076.jpg\" alt=\"Una muchacha de la Familia Alvarez Rivers se toma una foto al lado del Monumento a Jos\u00e9 Mart\u00ed\" title=\"Una muchacha de la Familia Alvarez Rivers se toma una foto al lado del Monumento a Jos\u00e9 Mart\u00ed\" width=\"150\" height=\"113\" class=\"skip-lazy fg-image\" decoding=\"async\" loading=\"lazy\"><\/span><span class=\"fg-image-overlay\"><\/span><\/a><figcaption class=\"fg-caption\"><div class=\"fg-caption-inner\"><div class=\"fg-caption-title\">Una muchacha de la Familia Alvarez Rivers se toma una foto al lado del Monumento a Jos\u00e9 Mart\u00ed<\/div><\/div><\/figcaption><\/figure><div class=\"fg-loader\"><\/div><\/div><div class=\"fg-item fg-type-image fg-loading\"><figure class=\"fg-item-inner\"><a href=\"https:\/\/test.isladelajuventud-cuba.com\/wp-content\/uploads\/2018\/09\/WhatsApp-Image-2021-03-26-at-16.32.36.jpeg\" data-caption-title=\"Zenaida Oropesa Soto(centro) y su espeso Sergio Montan\u00e9.\" data-attachment-id=\"35870\" data-type=\"image\" class=\"fg-thumb\"><span class=\"fg-image-wrap\"><img src=\"https:\/\/test.isladelajuventud-cuba.com\/wp-content\/uploads\/cache\/2018\/09\/WhatsApp-Image-2021-03-26-at-16_32_36\/2466855127.jpeg\" width=\"150\" height=\"113\" class=\"skip-lazy fg-image\" decoding=\"async\" loading=\"lazy\"><\/span><span class=\"fg-image-overlay\"><\/span><\/a><figcaption class=\"fg-caption\"><div class=\"fg-caption-inner\"><div class=\"fg-caption-title\">Zenaida Oropesa Soto(centro) y su espeso Sergio Montan\u00e9.<\/div><\/div><\/figcaption><\/figure><div class=\"fg-loader\"><\/div><\/div><\/div>\n<!-- FooGallery Debug Info : Start\r\n\r\nID => 27824\r\nTemplate => default\r\nDatasource => media_library\r\n\r\nFooGallery Settings\r\n===================\r\ndefault_alignment => fg-center\r\ndefault_border_size => fg-border-thin\r\ndefault_caption_desc_source => none\r\ndefault_drop_shadow => fg-shadow-small\r\ndefault_hover_effect_icon => fg-hover-zoom\r\ndefault_hover_effect_transition => fg-hover-fade\r\ndefault_hover_effect_type => normal\r\ndefault_lightbox => foobox\r\ndefault_loaded_effect => fg-loaded-fade-in\r\ndefault_loading_icon => fg-loading-default\r\ndefault_spacing => fg-gutter-10\r\ndefault_theme => fg-light\r\ndefault_thumbnail_dimensions => \r\n   width => 150\r\n   height => 113\r\ndefault_thumbnail_link => image\r\nfoogallery_items_view => manage\r\n\r\nAttachment Info\r\n===============\r\n25500 => \r\n   url => https:\/\/test.isladelajuventud-cuba.com\/wp-content\/uploads\/2017\/08\/1985-y-1987-Ni\u00a6os-que-practicaban-nataci\u00a6n-en-la-Piscina-en-el-Rpto-Micro-2.jpg\r\n   type => image\r\n   width => 150\r\n   height => 113\r\n27825 => \r\n   url => https:\/\/test.isladelajuventud-cuba.com\/wp-content\/uploads\/2018\/09\/Actuacio\u0301n-de-un-coro-femenino-en-la-Sociedad-Popular-Pinera-hoy-casa-de-la-cultura-de-Nueva-Gerona.jpg\r\n   type => image\r\n   width => 150\r\n   height => 113\r\n25502 => \r\n   url => https:\/\/test.isladelajuventud-cuba.com\/wp-content\/uploads\/2017\/08\/Actuaci\u00a6n-en-el-Teatro-Rialto.jpg\r\n   type => image\r\n   width => 150\r\n   height => 113\r\n31241 => \r\n   url => https:\/\/test.isladelajuventud-cuba.com\/wp-content\/uploads\/2018\/09\/Adelayda-Soto.jpg\r\n   type => image\r\n   width => 150\r\n   height => 113\r\n30715 => \r\n   url => https:\/\/test.isladelajuventud-cuba.com\/wp-content\/uploads\/2018\/09\/Albun-de-Gustavito.jpg\r\n   type => image\r\n   width => 150\r\n   height => 113\r\n27826 => \r\n   url => https:\/\/test.isladelajuventud-cuba.com\/wp-content\/uploads\/2018\/09\/Alegre-batutera-de-la-Academia-San-Jose-Escuela-de-las-Monjas-Arelys-Ferna\u0301ndez.jpg\r\n   type => image\r\n   width => 150\r\n   height => 113\r\n31285 => \r\n   url => https:\/\/test.isladelajuventud-cuba.com\/wp-content\/uploads\/2014\/04\/Alumnos-de-la-escuala-Los-Colonos-1940.jpg\r\n   type => image\r\n   width => 150\r\n   height => 113\r\n27827 => \r\n   url => https:\/\/test.isladelajuventud-cuba.com\/wp-content\/uploads\/2018\/09\/Antiguo-horno-de-barro.jpg\r\n   type => image\r\n   width => 150\r\n   height => 113\r\n27828 => \r\n   url => https:\/\/test.isladelajuventud-cuba.com\/wp-content\/uploads\/2018\/09\/Artistas-de-la-Pla\u0301stica-y-de-la-Cera\u0301mica-muy-conicidos-en-La-isla-entre-ellos-Villafan\u0303a.jpg\r\n   type => image\r\n   width => 150\r\n   height => 113\r\n25501 => \r\n   url => https:\/\/test.isladelajuventud-cuba.com\/wp-content\/uploads\/2017\/08\/A\u00e6O-1923.jpg\r\n   type => image\r\n   width => 150\r\n   height => 113\r\n27829 => \r\n   url => https:\/\/test.isladelajuventud-cuba.com\/wp-content\/uploads\/2018\/09\/Cecilio-Soto.jpg\r\n   type => image\r\n   width => 150\r\n   height => 113\r\n25536 => \r\n   url => https:\/\/test.isladelajuventud-cuba.com\/wp-content\/uploads\/2017\/08\/Cementerio-en-Santa-Barbara.Tumba-del-Sr-Stephent-Grant-1971.jpg\r\n   type => image\r\n   width => 150\r\n   height => 113\r\n25537 => \r\n   url => https:\/\/test.isladelajuventud-cuba.com\/wp-content\/uploads\/2017\/08\/Combatientes-pineros-que-fallecieron-en-otras-tierras.jpg\r\n   type => image\r\n   width => 150\r\n   height => 113\r\n26467 => \r\n   url => https:\/\/test.isladelajuventud-cuba.com\/wp-content\/uploads\/2017\/08\/fin-de-anyo.jpg\r\n   type => image\r\n   width => 150\r\n   height => 113\r\n25503 => \r\n   url => https:\/\/test.isladelajuventud-cuba.com\/wp-content\/uploads\/2017\/08\/Directores-y-maestros-de-colegios-en-la-Isla-de-Pinos.jpg\r\n   type => image\r\n   width => 150\r\n   height => 113\r\n25538 => \r\n   url => https:\/\/test.isladelajuventud-cuba.com\/wp-content\/uploads\/2017\/08\/Doctor-Quintana.jpg\r\n   type => image\r\n   width => 150\r\n   height => 113\r\n26470 => \r\n   url => https:\/\/test.isladelajuventud-cuba.com\/wp-content\/uploads\/2017\/08\/alcalde-pedrito.jpg\r\n   type => image\r\n   width => 150\r\n   height => 113\r\n30251 => \r\n   url => https:\/\/test.isladelajuventud-cuba.com\/wp-content\/uploads\/2018\/09\/67602038_2863523557031859_110264454872039424_n.jpg\r\n   type => image\r\n   width => 150\r\n   height => 113\r\n27830 => \r\n   url => https:\/\/test.isladelajuventud-cuba.com\/wp-content\/uploads\/2018\/09\/El-Sr-del-pullover-amarillo-es-Albertic-buzo-del-hotel-El-Colony.jpg\r\n   type => image\r\n   width => 150\r\n   height => 113\r\n26466 => \r\n   url => https:\/\/test.isladelajuventud-cuba.com\/wp-content\/uploads\/2017\/08\/javier-sotomayor.jpg\r\n   type => image\r\n   width => 150\r\n   height => 113\r\n25539 => \r\n   url => https:\/\/test.isladelajuventud-cuba.com\/wp-content\/uploads\/2017\/08\/En-la-foto-aparecen-Fernando-Bayo-Elida-Soto-y-el-maestro-de-Santa-Fe.jpg\r\n   type => image\r\n   width => 150\r\n   height => 113\r\n26357 => \r\n   url => https:\/\/test.isladelajuventud-cuba.com\/wp-content\/uploads\/2017\/08\/gerardo-machado1.jpg\r\n   type => image\r\n   width => 150\r\n   height => 113\r\n25540 => \r\n   url => https:\/\/test.isladelajuventud-cuba.com\/wp-content\/uploads\/2017\/08\/Ernesto-Guevara-en-la-inauguracio\u0301n-planta-de-Caolin-10-mayo-1964.jpg\r\n   type => image\r\n   width => 150\r\n   height => 113\r\n27831 => \r\n   url => https:\/\/test.isladelajuventud-cuba.com\/wp-content\/uploads\/2018\/09\/Escuela-American-Central-School.jpg\r\n   type => image\r\n   width => 150\r\n   height => 113\r\n27832 => \r\n   url => https:\/\/test.isladelajuventud-cuba.com\/wp-content\/uploads\/2018\/09\/Esta-foto-es-frente-al-Garage-Sudstromsactual-Cupet-y-es-del-albu\u0301m-de-Rene-Llorca-que-eran-los-propietarios-.jpg\r\n   type => image\r\n   width => 150\r\n   height => 113\r\n27833 => \r\n   url => https:\/\/test.isladelajuventud-cuba.com\/wp-content\/uploads\/2018\/09\/Estudiantes-hacienda-pra\u0301cticas-en-ese-an\u0303o.-Luego-seri\u0301an-conocidas-en-la-Isla-como-Las-Picolinas.jpg\r\n   type => image\r\n   width => 150\r\n   height => 113\r\n25541 => \r\n   url => https:\/\/test.isladelajuventud-cuba.com\/wp-content\/uploads\/2017\/08\/Evangelina-Cossio-con-su-esposo-Miguel-Romero-en-1972_.jpg\r\n   type => image\r\n   width => 150\r\n   height => 113\r\n26464 => \r\n   url => https:\/\/test.isladelajuventud-cuba.com\/wp-content\/uploads\/2017\/08\/gerardo-machado-1.jpg\r\n   type => image\r\n   width => 150\r\n   height => 113\r\n27834 => \r\n   url => https:\/\/test.isladelajuventud-cuba.com\/wp-content\/uploads\/2018\/09\/Familia-de-vacaciones-en-el-Rancho-Rockyford.jpg\r\n   type => image\r\n   width => 150\r\n   height => 113\r\n25542 => \r\n   url => https:\/\/test.isladelajuventud-cuba.com\/wp-content\/uploads\/2017\/08\/Familia-japonesa-Los-Haradas.jpg\r\n   type => image\r\n   width => 150\r\n   height => 113\r\n27835 => \r\n   url => https:\/\/test.isladelajuventud-cuba.com\/wp-content\/uploads\/2018\/09\/Familia-japonesa-Los-Haradas.jpg\r\n   type => image\r\n   width => 150\r\n   height => 113\r\n25543 => \r\n   url => https:\/\/test.isladelajuventud-cuba.com\/wp-content\/uploads\/2017\/08\/Familia-Swedlands-en-una-de-las-lomas-de-la-Isla.jpg\r\n   type => image\r\n   width => 150\r\n   height => 113\r\n30249 => \r\n   url => https:\/\/test.isladelajuventud-cuba.com\/wp-content\/uploads\/2018\/09\/69679884_2920434211340793_1717549454506065920_n.jpg\r\n   type => image\r\n   width => 150\r\n   height => 113\r\n25544 => \r\n   url => https:\/\/test.isladelajuventud-cuba.com\/wp-content\/uploads\/2017\/08\/Francie-Diaz-Cepro-Christina-Botana-y-Mayling-Pantoja-Lam-en-1993.jpg\r\n   type => image\r\n   width => 150\r\n   height => 113\r\n25545 => \r\n   url => https:\/\/test.isladelajuventud-cuba.com\/wp-content\/uploads\/2017\/08\/Graduacio\u0301n-en-la-escuela-Americana-en-1956.jpg\r\n   type => image\r\n   width => 150\r\n   height => 113\r\n27836 => \r\n   url => https:\/\/test.isladelajuventud-cuba.com\/wp-content\/uploads\/2018\/09\/Graduacio\u0301n-en-la-SPP-en-el-an\u0303o-1956-Gustavo-Soto-padrino-de-Palmira-Ferna\u0301ndez.jpg\r\n   type => image\r\n   width => 150\r\n   height => 113\r\n26468 => \r\n   url => https:\/\/test.isladelajuventud-cuba.com\/wp-content\/uploads\/2017\/08\/escuela-americana.jpg\r\n   type => image\r\n   width => 150\r\n   height => 113\r\n27837 => \r\n   url => https:\/\/test.isladelajuventud-cuba.com\/wp-content\/uploads\/2018\/09\/Grupo-de-personas-disfrutando-de-los-manantiales-de-Magnesio-en-Santa-Fe\u0301.jpg\r\n   type => image\r\n   width => 150\r\n   height => 113\r\n27838 => \r\n   url => https:\/\/test.isladelajuventud-cuba.com\/wp-content\/uploads\/2018\/09\/Homenaje-al-Capita\u0301n-Capote-en-Marzo-de-1953-en-la-inauguracio\u0301n-de-la-nueva-S.S.P.jpg\r\n   type => image\r\n   width => 150\r\n   height => 113\r\n26352 => \r\n   url => https:\/\/test.isladelajuventud-cuba.com\/wp-content\/uploads\/2017\/08\/alumnos.jpg\r\n   type => image\r\n   width => 150\r\n   height => 113\r\n25504 => \r\n   url => https:\/\/test.isladelajuventud-cuba.com\/wp-content\/uploads\/2017\/08\/Ken-Corson-y-su-esposa-Sara-Corson-cuando-eran-profesores-de-la-Escuela-Americana-en-1959.1.jpg\r\n   type => image\r\n   width => 150\r\n   height => 113\r\n25505 => \r\n   url => https:\/\/test.isladelajuventud-cuba.com\/wp-content\/uploads\/2017\/08\/Ken-Corson-y-su-esposa-Sara-Corson-cuando-eran-profesores-de-la-Escuela-Americana-en-1959.jpg\r\n   type => image\r\n   width => 150\r\n   height => 113\r\n26473 => \r\n   url => https:\/\/test.isladelajuventud-cuba.com\/wp-content\/uploads\/2017\/08\/escuela-masa.jpg\r\n   type => image\r\n   width => 150\r\n   height => 113\r\n30232 => \r\n   url => https:\/\/test.isladelajuventud-cuba.com\/wp-content\/uploads\/2018\/09\/71152540_2963125643738316_2981928238072201216_n.jpg\r\n   type => image\r\n   width => 150\r\n   height => 113\r\n26469 => \r\n   url => https:\/\/test.isladelajuventud-cuba.com\/wp-content\/uploads\/2017\/08\/maria-josefa-herrera.jpg\r\n   type => image\r\n   width => 150\r\n   height => 113\r\n27839 => \r\n   url => https:\/\/test.isladelajuventud-cuba.com\/wp-content\/uploads\/2018\/09\/Marrero-Izquierda-y-Edicto-Gilbert.-Carrera-de-25-kilometros-en-octubre-de-1969-en-la-Presa-Viet-Nam.jpg\r\n   type => image\r\n   width => 150\r\n   height => 113\r\n25506 => \r\n   url => https:\/\/test.isladelajuventud-cuba.com\/wp-content\/uploads\/2017\/08\/Meeting-a-favor-de-Chibas-en-Isla-de-Pinos-donde-se-observa-un-letrero-que-dice-Responderemos-a-Chibas_.jpg\r\n   type => image\r\n   width => 150\r\n   height => 113\r\n25507 => \r\n   url => https:\/\/test.isladelajuventud-cuba.com\/wp-content\/uploads\/2017\/08\/Mercado-de-Micro-a-finales-de-los-80.-Mami-Adita-llenando-cartuchos-de-arroz-y-tia-de-Anita.jpg\r\n   type => image\r\n   width => 150\r\n   height => 113\r\n25508 => \r\n   url => https:\/\/test.isladelajuventud-cuba.com\/wp-content\/uploads\/2017\/08\/Mercado-de-Micro-a-finales-de-los-80.-Pedro-el-Jefe-de-almac\u00aen-mas-tarde-fue-administrador-de-la-Bodega-El-Ca\u00a6on_.jpg\r\n   type => image\r\n   width => 150\r\n   height => 113\r\n25509 => \r\n   url => https:\/\/test.isladelajuventud-cuba.com\/wp-content\/uploads\/2017\/08\/Mercado-de-Micro-a-finales-de-los-80.Sr-Jochi-Administrador.jpg\r\n   type => image\r\n   width => 150\r\n   height => 113\r\n25510 => \r\n   url => https:\/\/test.isladelajuventud-cuba.com\/wp-content\/uploads\/2017\/08\/Mercado-de-Micro-a-finaless-de-los-80.-El-hombre-que-vendia-el-aceite.-Sr-Rogelio-pap\u00ed-de-Grisel-Bardi\u00a6as.jpg\r\n   type => image\r\n   width => 150\r\n   height => 113\r\n26356 => \r\n   url => https:\/\/test.isladelajuventud-cuba.com\/wp-content\/uploads\/2017\/08\/jose-corey.jpg\r\n   type => image\r\n   width => 150\r\n   height => 113\r\n30247 => \r\n   url => https:\/\/test.isladelajuventud-cuba.com\/wp-content\/uploads\/2018\/09\/70247120_2939100796140801_8946475568296099840_n.jpg\r\n   type => image\r\n   width => 150\r\n   height => 113\r\n27840 => \r\n   url => https:\/\/test.isladelajuventud-cuba.com\/wp-content\/uploads\/2018\/09\/Mujeres-de-Isla-de-Pinos-pasando-cursos-para-luego-trabajar-en-los-talleres-de-Cera\u0301mica-en-1977.jpg\r\n   type => image\r\n   width => 150\r\n   height => 113\r\n25511 => \r\n   url => https:\/\/test.isladelajuventud-cuba.com\/wp-content\/uploads\/2017\/08\/Ni\u00a6os-en-la-escuela-Abel-Santamar\u00a1a.-A\u00a6o-1985.jpg\r\n   type => image\r\n   width => 150\r\n   height => 113\r\n25512 => \r\n   url => https:\/\/test.isladelajuventud-cuba.com\/wp-content\/uploads\/2017\/08\/Pescadores-Pineros.jpg\r\n   type => image\r\n   width => 150\r\n   height => 113\r\n25513 => \r\n   url => https:\/\/test.isladelajuventud-cuba.com\/wp-content\/uploads\/2017\/08\/Pobladores-de-Jakson-Bill-1958.jpg\r\n   type => image\r\n   width => 150\r\n   height => 113\r\n30248 => \r\n   url => https:\/\/test.isladelajuventud-cuba.com\/wp-content\/uploads\/2018\/09\/69220752_2920449414672606_3313373089097580544_n.jpg\r\n   type => image\r\n   width => 150\r\n   height => 113\r\n25514 => \r\n   url => https:\/\/test.isladelajuventud-cuba.com\/wp-content\/uploads\/2017\/08\/Reunion-en-la-Sociedad-Popular-Pinera-preparandose-para-una-visita-del-Presidente-de-Cuba-Fulgencio-Batista.jpg\r\n   type => image\r\n   width => 150\r\n   height => 113\r\n30240 => \r\n   url => https:\/\/test.isladelajuventud-cuba.com\/wp-content\/uploads\/2018\/09\/69877995_2939110126139868_7676645311590170624_n.jpg\r\n   type => image\r\n   width => 150\r\n   height => 113\r\n25515 => \r\n   url => https:\/\/test.isladelajuventud-cuba.com\/wp-content\/uploads\/2017\/08\/Sra-Margaret-Peggy-.jpg\r\n   type => image\r\n   width => 150\r\n   height => 113\r\n25516 => \r\n   url => https:\/\/test.isladelajuventud-cuba.com\/wp-content\/uploads\/2017\/08\/Sra-Margaret-Peggy.jpg\r\n   type => image\r\n   width => 150\r\n   height => 113\r\n25517 => \r\n   url => https:\/\/test.isladelajuventud-cuba.com\/wp-content\/uploads\/2017\/08\/Turistas-cubanos-en-la-Isla-de-Pinos-a\u00a6o-1918.jpg\r\n   type => image\r\n   width => 150\r\n   height => 113\r\n25518 => \r\n   url => https:\/\/test.isladelajuventud-cuba.com\/wp-content\/uploads\/2017\/08\/Tusristas-sentados-en-el-trampolin-de-la-piscina-Hotel-Santa-Rita-Santa-Fe.jpg\r\n   type => image\r\n   width => 150\r\n   height => 113\r\n25519 => \r\n   url => https:\/\/test.isladelajuventud-cuba.com\/wp-content\/uploads\/2017\/08\/Una-muchacha-de-la-Familia-Alvarez-Rivers-se-toma-una-foto-al-lado-del-Monumento-a-Jos\u00ae-Mart\u00a1.jpg\r\n   type => image\r\n   width => 150\r\n   height => 113\r\n35870 => \r\n   url => https:\/\/test.isladelajuventud-cuba.com\/wp-content\/uploads\/2018\/09\/WhatsApp-Image-2021-03-26-at-16.32.36.jpeg\r\n   type => image\r\n   width => 150\r\n   height => 113\r\n\r\nFooGallery Debug Info : End --><!-- FooGallery Debug Info : Start\r\n\r\nID => 27824\r\nTemplate => default\r\nDatasource => media_library\r\n\r\nFooGallery Settings\r\n===================\r\ndefault_alignment => fg-center\r\ndefault_border_size => fg-border-thin\r\ndefault_caption_desc_source => none\r\ndefault_drop_shadow => fg-shadow-small\r\ndefault_hover_effect_icon => fg-hover-zoom\r\ndefault_hover_effect_transition => fg-hover-fade\r\ndefault_hover_effect_type => normal\r\ndefault_lightbox => foobox\r\ndefault_loaded_effect => fg-loaded-fade-in\r\ndefault_loading_icon => fg-loading-default\r\ndefault_spacing => fg-gutter-10\r\ndefault_theme => fg-light\r\ndefault_thumbnail_dimensions => \r\n   width => 150\r\n   height => 113\r\ndefault_thumbnail_link => image\r\nfoogallery_items_view => manage\r\n\r\nAttachment Info\r\n===============\r\n\r\nFooGallery Debug Info : End -->\n<p>[\/vc_column_text][vc_empty_space height=\u00bb25px\u00bb][\/vc_tab][vc_tab title=\u00bbTransportes\u00bb tab_id=\u00bb1503857242404-2-6&#8243;][vc_empty_space height=\u00bb20px\u00bb][vc_column_text]<\/p>\n<style type=\"text\/css\">\n#foogallery-gallery-26445 .fg-image { width: 150px; }\n#foogallery-gallery-26445 { --fg-gutter: 10px; }<\/style>\n\t\t\t<style type=\"text\/css\">\n#foogallery-gallery-26445_1 .fg-image { width: 150px; }\n#foogallery-gallery-26445_1 { --fg-gutter: 10px; }<\/style>\n\t\t\t<div class=\"foogallery foogallery-container foogallery-default foogallery-lightbox-foobox fg-center fg-default fg-ready fg-light fg-border-thin fg-shadow-small fg-loading-default fg-loaded-fade-in fg-hover-fade fg-hover-zoom fg-debug\" id=\"foogallery-gallery-26445_1\" data-foogallery=\"{&quot;item&quot;:{&quot;showCaptionTitle&quot;:true,&quot;showCaptionDescription&quot;:false},&quot;lazy&quot;:true,&quot;src&quot;:&quot;src&quot;,&quot;srcset&quot;:&quot;srcset&quot;}\" style=\"--fg-title-line-clamp: 0; --fg-description-line-clamp: 0;\" >\n\t<div class=\"fg-item fg-type-image fg-loading\"><figure class=\"fg-item-inner\"><a href=\"https:\/\/test.isladelajuventud-cuba.com\/wp-content\/uploads\/2017\/09\/Barco-Sarasota.jpg\" data-caption-title=\"Barco- Sarasota\" data-caption-desc=\"Barco- Sarasota\" data-attachment-id=\"26452\" data-type=\"image\" class=\"fg-thumb\"><span class=\"fg-image-wrap\"><img src=\"https:\/\/test.isladelajuventud-cuba.com\/wp-content\/uploads\/cache\/2017\/09\/Barco-Sarasota\/1476876349.jpg\" alt=\"Barco- Sarasotaq\" title=\"Barco- Sarasota\" width=\"150\" height=\"113\" class=\"skip-lazy fg-image\" decoding=\"async\" loading=\"lazy\"><\/span><span class=\"fg-image-overlay\"><\/span><\/a><figcaption class=\"fg-caption\"><div class=\"fg-caption-inner\"><div class=\"fg-caption-title\">Barco- Sarasota<\/div><\/div><\/figcaption><\/figure><div class=\"fg-loader\"><\/div><\/div><div class=\"fg-item fg-type-image fg-loading\"><figure class=\"fg-item-inner\"><a href=\"https:\/\/test.isladelajuventud-cuba.com\/wp-content\/uploads\/2017\/09\/Barco-de-forma-cilindrica-que-aparecio-en-1937-en-el-Rio-Las-Casas-el-pueblo-bautizo-con-el-nombre-de-El-Zepelin-aunque-realmente-sul-nombre-era-El-Intrepido..jpg\" data-caption-title=\"Barco de forma cilindrica, que aparecio en 1937 en el Rio Las Casas, el pueblo bautizo con el nombre de El Zepelin, aunque realmente sul nombre era El Intrepido.\" data-attachment-id=\"36260\" data-type=\"image\" class=\"fg-thumb\"><span class=\"fg-image-wrap\"><img src=\"https:\/\/test.isladelajuventud-cuba.com\/wp-content\/uploads\/cache\/2017\/09\/Barco-de-forma-cilindrica-que-aparecio-en-1937-en-el-Rio-Las-Casas-el-pueblo-bautizo-con-el-nombre-de-El-Zepelin-aunque-realmente-sul-nombre-era-El-Intrepido_\/2025809721.jpg\" width=\"150\" height=\"113\" class=\"skip-lazy fg-image\" decoding=\"async\" loading=\"lazy\"><\/span><span class=\"fg-image-overlay\"><\/span><\/a><figcaption class=\"fg-caption\"><div class=\"fg-caption-inner\"><div class=\"fg-caption-title\">Barco de forma cilindrica, que aparecio en 1937 en el Rio Las Casas, el pueblo bautizo con el nombre de El Zepelin, aunque realmente sul nombre era El Intrepido.<\/div><\/div><\/figcaption><\/figure><div class=\"fg-loader\"><\/div><\/div><div class=\"fg-item fg-type-image fg-loading\"><figure class=\"fg-item-inner\"><a href=\"https:\/\/test.isladelajuventud-cuba.com\/wp-content\/uploads\/2017\/09\/Barco-El-Cuba.jpg\" data-caption-title=\"Barco El Cuba\" data-caption-desc=\"Barco El Cuba\" data-attachment-id=\"26451\" data-type=\"image\" class=\"fg-thumb\"><span class=\"fg-image-wrap\"><img src=\"https:\/\/test.isladelajuventud-cuba.com\/wp-content\/uploads\/cache\/2017\/09\/Barco-El-Cuba\/1402477728.jpg\" alt=\"Barco El Cuba\" title=\"Barco El Cuba\" width=\"150\" height=\"113\" class=\"skip-lazy fg-image\" decoding=\"async\" loading=\"lazy\"><\/span><span class=\"fg-image-overlay\"><\/span><\/a><figcaption class=\"fg-caption\"><div class=\"fg-caption-inner\"><div class=\"fg-caption-title\">Barco El Cuba<\/div><\/div><\/figcaption><\/figure><div class=\"fg-loader\"><\/div><\/div><div class=\"fg-item fg-type-image fg-loading\"><figure class=\"fg-item-inner\"><a href=\"https:\/\/test.isladelajuventud-cuba.com\/wp-content\/uploads\/2017\/09\/Barco-El-Nunoca.jpg\" data-caption-title=\"Barco El Nunoca en el a\u00f1o 1931. Sal\u00eda de Tampa, hacia escala en la Isla y terminaba en Gran Cayman\" data-caption-desc=\"Barco El Nunoca en el a\u00f1o 1931. Sal\u00eda de Tampa, hacia escala en la Isla y terminaba en Gran Cayman\" data-attachment-id=\"26450\" data-type=\"image\" class=\"fg-thumb\"><span class=\"fg-image-wrap\"><img src=\"https:\/\/test.isladelajuventud-cuba.com\/wp-content\/uploads\/cache\/2017\/09\/Barco-El-Nunoca\/2397010439.jpg\" alt=\"Barco El Nunoca en el a\u00f1o 1931. Sal\u00eda de Tampa, hacia escala en la Isla y terminaba en Gran Cayman\" title=\"Barco El Nunoca en el a\u00f1o 1931. Sal\u00eda de Tampa, hacia escala en la Isla y terminaba en Gran Cayman\" width=\"150\" height=\"113\" class=\"skip-lazy fg-image\" decoding=\"async\" loading=\"lazy\"><\/span><span class=\"fg-image-overlay\"><\/span><\/a><figcaption class=\"fg-caption\"><div class=\"fg-caption-inner\"><div class=\"fg-caption-title\">Barco El Nunoca en el a\u00f1o 1931. Sal\u00eda de Tampa, hacia escala en la Isla y terminaba en Gran Cayman<\/div><\/div><\/figcaption><\/figure><div class=\"fg-loader\"><\/div><\/div><div class=\"fg-item fg-type-image fg-loading\"><figure class=\"fg-item-inner\"><a href=\"https:\/\/test.isladelajuventud-cuba.com\/wp-content\/uploads\/2017\/09\/Barco-El-Veguero.jpg\" data-caption-title=\"Barco El Veguero anclado en el puerto del Jucaro en 1909\" data-caption-desc=\"Barco El Veguero anclado en el puerto del Jucaro en 1909\" data-attachment-id=\"26449\" data-type=\"image\" class=\"fg-thumb\"><span class=\"fg-image-wrap\"><img src=\"https:\/\/test.isladelajuventud-cuba.com\/wp-content\/uploads\/cache\/2017\/09\/Barco-El-Veguero\/2279884165.jpg\" alt=\"Barco El Veguero anclado en el puerto del Jucaro en 1909\" title=\"Barco El Veguero anclado en el puerto del Jucaro en 1909\" width=\"150\" height=\"113\" class=\"skip-lazy fg-image\" decoding=\"async\" loading=\"lazy\"><\/span><span class=\"fg-image-overlay\"><\/span><\/a><figcaption class=\"fg-caption\"><div class=\"fg-caption-inner\"><div class=\"fg-caption-title\">Barco El Veguero anclado en el puerto del Jucaro en 1909<\/div><\/div><\/figcaption><\/figure><div class=\"fg-loader\"><\/div><\/div><div class=\"fg-item fg-type-image fg-loading\"><figure class=\"fg-item-inner\"><a href=\"https:\/\/test.isladelajuventud-cuba.com\/wp-content\/uploads\/2017\/09\/Barco-Isla-del-Tesoro.jpg\" data-caption-title=\"Barco Isla del Tesoro en el a\u00f1o 1967\" data-caption-desc=\"Barco Isla del Tesoro en el a\u00f1o 1967\" data-attachment-id=\"26448\" data-type=\"image\" class=\"fg-thumb\"><span class=\"fg-image-wrap\"><img src=\"https:\/\/test.isladelajuventud-cuba.com\/wp-content\/uploads\/cache\/2017\/09\/Barco-Isla-del-Tesoro\/2933434165.jpg\" alt=\"Barco Isla del Tesoro en el a\u00f1o 1967\" title=\"Barco Isla del Tesoro en el a\u00f1o 1967\" width=\"150\" height=\"113\" class=\"skip-lazy fg-image\" decoding=\"async\" loading=\"lazy\"><\/span><span class=\"fg-image-overlay\"><\/span><\/a><figcaption class=\"fg-caption\"><div class=\"fg-caption-inner\"><div class=\"fg-caption-title\">Barco Isla del Tesoro en el a\u00f1o 1967<\/div><\/div><\/figcaption><\/figure><div class=\"fg-loader\"><\/div><\/div><div class=\"fg-item fg-type-image fg-loading\"><figure class=\"fg-item-inner\"><a href=\"https:\/\/test.isladelajuventud-cuba.com\/wp-content\/uploads\/2017\/09\/Barco-Williams.jpg\" data-caption-title=\"Barco Williams\" data-caption-desc=\"Barco Williams\" data-attachment-id=\"26447\" data-type=\"image\" class=\"fg-thumb\"><span class=\"fg-image-wrap\"><img src=\"https:\/\/test.isladelajuventud-cuba.com\/wp-content\/uploads\/cache\/2017\/09\/Barco-Williams\/1186807924.jpg\" alt=\"Barco Williams\" title=\"Barco Williams\" width=\"150\" height=\"113\" class=\"skip-lazy fg-image\" decoding=\"async\" loading=\"lazy\"><\/span><span class=\"fg-image-overlay\"><\/span><\/a><figcaption class=\"fg-caption\"><div class=\"fg-caption-inner\"><div class=\"fg-caption-title\">Barco Williams<\/div><\/div><\/figcaption><\/figure><div class=\"fg-loader\"><\/div><\/div><div class=\"fg-item fg-type-image fg-loading\"><figure class=\"fg-item-inner\"><a href=\"https:\/\/test.isladelajuventud-cuba.com\/wp-content\/uploads\/2014\/04\/69632949_2920416864675861_5863952358563643392_n.jpg\" data-caption-title=\"El 31 de Agosto del a\u00f1o 1904 hace ya mas de un siglo la Compa\u00f1\u00eda de Vapores de Isla de Pinos (IPSSCO), puso en explotaci\u00f3n la nave &quot; S.S, JOHN J. CAMPBELL , para trasladar a hac\u00eda el territorio pineros a los nuevos colonos norteamericanos.\" data-caption-desc=\"El 31 de Agosto del a\u00f1o 1904 hace ya mas de un siglo la Compa\u00f1\u00eda de Vapores de Isla de Pinos (IPSSCO), puso en explotaci\u00f3n la nave &quot; S.S, JOHN J. CAMPBELL , para trasladar a hac\u00eda el territorio pineros a los nuevos colonos norteamericanos.\" data-attachment-id=\"30250\" data-type=\"image\" class=\"fg-thumb\"><span class=\"fg-image-wrap\"><img src=\"https:\/\/test.isladelajuventud-cuba.com\/wp-content\/uploads\/cache\/2014\/04\/69632949_2920416864675861_5863952358563643392_n\/2288992283.jpg\" alt=\"El 31 de Agosto del a\u00f1o 1904 hace ya mas de un siglo la Compa\u00f1\u00eda de Vapores de Isla de Pinos (IPSSCO), puso en explotaci\u00f3n la nave &quot; S.S, JOHN J. CAMPBELL , para trasladar a hac\u00eda el territorio pineros a los nuevos colonos norteamericanos.\" title=\"El 31 de Agosto del a\u00f1o 1904 hace ya mas de un siglo la Compa\u00f1\u00eda de Vapores de Isla de Pinos (IPSSCO), puso en explotaci\u00f3n la nave &quot; S.S, JOHN J. CAMPBELL , para trasladar a hac\u00eda el territorio pineros a los nuevos colonos norteamericanos.\" width=\"150\" height=\"113\" class=\"skip-lazy fg-image\" decoding=\"async\" loading=\"lazy\"><\/span><span class=\"fg-image-overlay\"><\/span><\/a><figcaption class=\"fg-caption\"><div class=\"fg-caption-inner\"><div class=\"fg-caption-title\">El 31 de Agosto del a\u00f1o 1904 hace ya mas de un siglo la Compa\u00f1\u00eda de Vapores de Isla de Pinos (IPSSCO), puso en explotaci\u00f3n la nave \" S.S, JOHN J. CAMPBELL , para trasladar a hac\u00eda el territorio pineros a los nuevos colonos norteamericanos.<\/div><\/div><\/figcaption><\/figure><div class=\"fg-loader\"><\/div><\/div><div class=\"fg-item fg-type-image fg-loading\"><figure class=\"fg-item-inner\"><a href=\"https:\/\/test.isladelajuventud-cuba.com\/wp-content\/uploads\/2017\/09\/Fotograf\u00eda-del-muelle-de-Jucaro-en-1808.-Foto-Archivo-Historico-Municipal..jpg\" data-caption-title=\"Fotograf\u00eda del muelle de J\u00facaro en 1808. Foto Archivo Hist\u00f3rico Municipal.\" data-attachment-id=\"36281\" data-type=\"image\" class=\"fg-thumb\"><span class=\"fg-image-wrap\"><img src=\"https:\/\/test.isladelajuventud-cuba.com\/wp-content\/uploads\/cache\/2017\/09\/Fotograf\u00eda-del-muelle-de-Jucaro-en-1808_-Foto-Archivo-Historico-Municipal_\/649335361.jpg\" width=\"150\" height=\"113\" class=\"skip-lazy fg-image\" decoding=\"async\" loading=\"lazy\"><\/span><span class=\"fg-image-overlay\"><\/span><\/a><figcaption class=\"fg-caption\"><div class=\"fg-caption-inner\"><div class=\"fg-caption-title\">Fotograf\u00eda del muelle de J\u00facaro en 1808. Foto Archivo Hist\u00f3rico Municipal.<\/div><\/div><\/figcaption><\/figure><div class=\"fg-loader\"><\/div><\/div><div class=\"fg-item fg-type-image fg-loading\"><figure class=\"fg-item-inner\"><a href=\"https:\/\/test.isladelajuventud-cuba.com\/wp-content\/uploads\/2017\/09\/IL-14-de-Cubana-de-Aviaci\u00f3n-en-el-aeropuerto-de-Nueva-Gerona-1967.-Foto-Archivo-Historico-Municipal..jpg\" data-caption-title=\"IL-14 de Cubana de Aviaci\u00f3n en el aeropuerto de Nueva Gerona 1967. Foto Archivo Hist\u00f3rico Municipal.\" data-attachment-id=\"36282\" data-type=\"image\" class=\"fg-thumb\"><span class=\"fg-image-wrap\"><img src=\"https:\/\/test.isladelajuventud-cuba.com\/wp-content\/uploads\/cache\/2017\/09\/IL-14-de-Cubana-de-Aviaci\u00f3n-en-el-aeropuerto-de-Nueva-Gerona-1967_-Foto-Archivo-Historico-Municipal_\/3240773917.jpg\" width=\"150\" height=\"113\" class=\"skip-lazy fg-image\" decoding=\"async\" loading=\"lazy\"><\/span><span class=\"fg-image-overlay\"><\/span><\/a><figcaption class=\"fg-caption\"><div class=\"fg-caption-inner\"><div class=\"fg-caption-title\">IL-14 de Cubana de Aviaci\u00f3n en el aeropuerto de Nueva Gerona 1967. Foto Archivo Hist\u00f3rico Municipal.<\/div><\/div><\/figcaption><\/figure><div class=\"fg-loader\"><\/div><\/div><div class=\"fg-item fg-type-image fg-loading\"><figure class=\"fg-item-inner\"><a href=\"https:\/\/test.isladelajuventud-cuba.com\/wp-content\/uploads\/2017\/09\/Kometas-1982.jpg\" data-caption-title=\"Kometas 1982\" data-caption-desc=\"Kometas 1982\" data-attachment-id=\"26446\" data-type=\"image\" class=\"fg-thumb\"><span class=\"fg-image-wrap\"><img src=\"https:\/\/test.isladelajuventud-cuba.com\/wp-content\/uploads\/cache\/2017\/09\/Kometas-1982\/1924271893.jpg\" alt=\"Kometas 1982\" title=\"Kometas 1982\" width=\"150\" height=\"113\" class=\"skip-lazy fg-image\" decoding=\"async\" loading=\"lazy\"><\/span><span class=\"fg-image-overlay\"><\/span><\/a><figcaption class=\"fg-caption\"><div class=\"fg-caption-inner\"><div class=\"fg-caption-title\">Kometas 1982<\/div><\/div><\/figcaption><\/figure><div class=\"fg-loader\"><\/div><\/div><\/div>\n<!-- FooGallery Debug Info : Start\r\n\r\nID => 26445\r\nTemplate => default\r\nDatasource => media_library\r\n\r\nFooGallery Settings\r\n===================\r\ndefault_alignment => fg-center\r\ndefault_border_size => fg-border-thin\r\ndefault_caption_desc_source => none\r\ndefault_drop_shadow => fg-shadow-small\r\ndefault_hover_effect_icon => fg-hover-zoom\r\ndefault_hover_effect_transition => fg-hover-fade\r\ndefault_hover_effect_type => normal\r\ndefault_lightbox => foobox\r\ndefault_loaded_effect => fg-loaded-fade-in\r\ndefault_loading_icon => fg-loading-default\r\ndefault_spacing => fg-gutter-10\r\ndefault_theme => fg-light\r\ndefault_thumbnail_dimensions => \r\n   width => 150\r\n   height => 113\r\ndefault_thumbnail_link => image\r\nfoogallery_items_view => manage\r\n\r\nAttachment Info\r\n===============\r\n26452 => \r\n   url => https:\/\/test.isladelajuventud-cuba.com\/wp-content\/uploads\/2017\/09\/Barco-Sarasota.jpg\r\n   type => image\r\n   width => 150\r\n   height => 113\r\n36260 => \r\n   url => https:\/\/test.isladelajuventud-cuba.com\/wp-content\/uploads\/2017\/09\/Barco-de-forma-cilindrica-que-aparecio-en-1937-en-el-Rio-Las-Casas-el-pueblo-bautizo-con-el-nombre-de-El-Zepelin-aunque-realmente-sul-nombre-era-El-Intrepido..jpg\r\n   type => image\r\n   width => 150\r\n   height => 113\r\n26451 => \r\n   url => https:\/\/test.isladelajuventud-cuba.com\/wp-content\/uploads\/2017\/09\/Barco-El-Cuba.jpg\r\n   type => image\r\n   width => 150\r\n   height => 113\r\n26450 => \r\n   url => https:\/\/test.isladelajuventud-cuba.com\/wp-content\/uploads\/2017\/09\/Barco-El-Nunoca.jpg\r\n   type => image\r\n   width => 150\r\n   height => 113\r\n26449 => \r\n   url => https:\/\/test.isladelajuventud-cuba.com\/wp-content\/uploads\/2017\/09\/Barco-El-Veguero.jpg\r\n   type => image\r\n   width => 150\r\n   height => 113\r\n26448 => \r\n   url => https:\/\/test.isladelajuventud-cuba.com\/wp-content\/uploads\/2017\/09\/Barco-Isla-del-Tesoro.jpg\r\n   type => image\r\n   width => 150\r\n   height => 113\r\n26447 => \r\n   url => https:\/\/test.isladelajuventud-cuba.com\/wp-content\/uploads\/2017\/09\/Barco-Williams.jpg\r\n   type => image\r\n   width => 150\r\n   height => 113\r\n30250 => \r\n   url => https:\/\/test.isladelajuventud-cuba.com\/wp-content\/uploads\/2014\/04\/69632949_2920416864675861_5863952358563643392_n.jpg\r\n   type => image\r\n   width => 150\r\n   height => 113\r\n36281 => \r\n   url => https:\/\/test.isladelajuventud-cuba.com\/wp-content\/uploads\/2017\/09\/Fotograf\u00eda-del-muelle-de-Jucaro-en-1808.-Foto-Archivo-Historico-Municipal..jpg\r\n   type => image\r\n   width => 150\r\n   height => 113\r\n36282 => \r\n   url => https:\/\/test.isladelajuventud-cuba.com\/wp-content\/uploads\/2017\/09\/IL-14-de-Cubana-de-Aviaci\u00f3n-en-el-aeropuerto-de-Nueva-Gerona-1967.-Foto-Archivo-Historico-Municipal..jpg\r\n   type => image\r\n   width => 150\r\n   height => 113\r\n26446 => \r\n   url => https:\/\/test.isladelajuventud-cuba.com\/wp-content\/uploads\/2017\/09\/Kometas-1982.jpg\r\n   type => image\r\n   width => 150\r\n   height => 113\r\n\r\nFooGallery Debug Info : End --><!-- FooGallery Debug Info : Start\r\n\r\nID => 26445\r\nTemplate => default\r\nDatasource => media_library\r\n\r\nFooGallery Settings\r\n===================\r\ndefault_alignment => fg-center\r\ndefault_border_size => fg-border-thin\r\ndefault_caption_desc_source => none\r\ndefault_drop_shadow => fg-shadow-small\r\ndefault_hover_effect_icon => fg-hover-zoom\r\ndefault_hover_effect_transition => fg-hover-fade\r\ndefault_hover_effect_type => normal\r\ndefault_lightbox => foobox\r\ndefault_loaded_effect => fg-loaded-fade-in\r\ndefault_loading_icon => fg-loading-default\r\ndefault_spacing => fg-gutter-10\r\ndefault_theme => fg-light\r\ndefault_thumbnail_dimensions => \r\n   width => 150\r\n   height => 113\r\ndefault_thumbnail_link => image\r\nfoogallery_items_view => manage\r\n\r\nAttachment Info\r\n===============\r\n\r\nFooGallery Debug Info : End -->\n<p>[\/vc_column_text][vc_empty_space height=\u00bb25px\u00bb][\/vc_tab][vc_tab title=\u00bbUsos y Costumbres\u00bb tab_id=\u00bb1506530629460-3-4&#8243;][vc_empty_space height=\u00bb20px\u00bb][vc_column_text]<\/p>\n<style type=\"text\/css\">\n#foogallery-gallery-23760 .fg-image { width: 150px; }\n#foogallery-gallery-23760 { --fg-gutter: 20px; }<\/style>\n\t\t\t<style type=\"text\/css\">\n#foogallery-gallery-23760_1 .fg-image { width: 150px; }\n#foogallery-gallery-23760_1 { --fg-gutter: 20px; }<\/style>\n\t\t\t<div class=\"foogallery foogallery-container foogallery-default foogallery-lightbox-foobox fg-center fg-default fg-ready fg-light fg-loading-default fg-loaded-fade-in fg-caption-hover fg-hover-fade fg-debug\" id=\"foogallery-gallery-23760_1\" data-foogallery=\"{&quot;item&quot;:{&quot;showCaptionTitle&quot;:true,&quot;showCaptionDescription&quot;:false},&quot;lazy&quot;:true,&quot;src&quot;:&quot;src&quot;,&quot;srcset&quot;:&quot;srcset&quot;}\" style=\"--fg-title-line-clamp: 0; --fg-description-line-clamp: 0;\" >\n\t<div class=\"fg-item fg-type-image fg-loading\"><figure class=\"fg-item-inner\"><a href=\"https:\/\/test.isladelajuventud-cuba.com\/wp-content\/uploads\/2017\/06\/ALFILERES-DE-LOS-PA\u00e6ALES.jpg\" data-caption-title=\"Alfileres de los pa\u00f1ales\" data-caption-desc=\"Alfileres de los pa\u00f1ales\" data-attachment-id=\"23762\" data-type=\"image\" class=\"fg-thumb\"><span class=\"fg-image-wrap\"><img src=\"https:\/\/test.isladelajuventud-cuba.com\/wp-content\/uploads\/cache\/2017\/06\/ALFILERES-DE-LOS-PA\u00e6ALES\/3810544820.jpg\" alt=\"Alfileres de los pa\u00f1ales\" title=\"Alfileres de los pa\u00f1ales\" width=\"150\" height=\"113\" class=\"skip-lazy fg-image\" decoding=\"async\" loading=\"lazy\"><\/span><span class=\"fg-image-overlay\"><\/span><\/a><figcaption class=\"fg-caption\"><div class=\"fg-caption-inner\"><div class=\"fg-caption-title\">Alfileres de los pa\u00f1ales<\/div><\/div><\/figcaption><\/figure><div class=\"fg-loader\"><\/div><\/div><div class=\"fg-item fg-type-image fg-loading\"><figure class=\"fg-item-inner\"><a href=\"https:\/\/test.isladelajuventud-cuba.com\/wp-content\/uploads\/2017\/06\/ANUNCIOS-DE-CERVESAS-CUBANAS.jpg\" data-caption-title=\"Anuncios de cervezas cubanas\" data-caption-desc=\"Anuncios de cervezas cubanas\" data-attachment-id=\"23763\" data-type=\"image\" class=\"fg-thumb\"><span class=\"fg-image-wrap\"><img src=\"https:\/\/test.isladelajuventud-cuba.com\/wp-content\/uploads\/cache\/2017\/06\/ANUNCIOS-DE-CERVESAS-CUBANAS\/315881261.jpg\" alt=\"Anuncios de cervezas cubanas\" title=\"Anuncios de cervezas cubanas\" width=\"150\" height=\"113\" class=\"skip-lazy fg-image\" decoding=\"async\" loading=\"lazy\"><\/span><span class=\"fg-image-overlay\"><\/span><\/a><figcaption class=\"fg-caption\"><div class=\"fg-caption-inner\"><div class=\"fg-caption-title\">Anuncios de cervezas cubanas<\/div><\/div><\/figcaption><\/figure><div class=\"fg-loader\"><\/div><\/div><div class=\"fg-item fg-type-image fg-loading\"><figure class=\"fg-item-inner\"><a href=\"https:\/\/test.isladelajuventud-cuba.com\/wp-content\/uploads\/2017\/06\/BANDEJAS.jpg\" data-caption-title=\"Bandejas\" data-caption-desc=\"Bandejas\" data-attachment-id=\"23764\" data-type=\"image\" class=\"fg-thumb\"><span class=\"fg-image-wrap\"><img src=\"https:\/\/test.isladelajuventud-cuba.com\/wp-content\/uploads\/cache\/2017\/06\/BANDEJAS\/3220130051.jpg\" alt=\"Bandejas\" title=\"Bandejas\" width=\"150\" height=\"113\" class=\"skip-lazy fg-image\" decoding=\"async\" loading=\"lazy\"><\/span><span class=\"fg-image-overlay\"><\/span><\/a><figcaption class=\"fg-caption\"><div class=\"fg-caption-inner\"><div class=\"fg-caption-title\">Bandejas<\/div><\/div><\/figcaption><\/figure><div class=\"fg-loader\"><\/div><\/div><div class=\"fg-item fg-type-image fg-loading\"><figure class=\"fg-item-inner\"><a href=\"https:\/\/test.isladelajuventud-cuba.com\/wp-content\/uploads\/2017\/06\/CAFETEREAS.jpg\" data-caption-title=\"Cafeteras\" data-caption-desc=\"Cafeteras\" data-attachment-id=\"23765\" data-type=\"image\" class=\"fg-thumb\"><span class=\"fg-image-wrap\"><img src=\"https:\/\/test.isladelajuventud-cuba.com\/wp-content\/uploads\/cache\/2017\/06\/CAFETEREAS\/702735033.jpg\" alt=\"Cafeteras\" title=\"Cafeteras\" width=\"150\" height=\"113\" class=\"skip-lazy fg-image\" decoding=\"async\" loading=\"lazy\"><\/span><span class=\"fg-image-overlay\"><\/span><\/a><figcaption class=\"fg-caption\"><div class=\"fg-caption-inner\"><div class=\"fg-caption-title\">Cafeteras<\/div><\/div><\/figcaption><\/figure><div class=\"fg-loader\"><\/div><\/div><div class=\"fg-item fg-type-image fg-loading\"><figure class=\"fg-item-inner\"><a href=\"https:\/\/test.isladelajuventud-cuba.com\/wp-content\/uploads\/2017\/06\/CAJA-CONTADORA-DEL-MERCADO-DE-ABEL-SANTAMAR\u00ecA.jpg\" data-caption-title=\"Caja contadora del mercado de Abel Santamar\u00eda\" data-caption-desc=\"Caja contadora del mercado de Abel Santamar\u00eda\" data-attachment-id=\"23766\" data-type=\"image\" class=\"fg-thumb\"><span class=\"fg-image-wrap\"><img src=\"https:\/\/test.isladelajuventud-cuba.com\/wp-content\/uploads\/cache\/2017\/06\/CAJA-CONTADORA-DEL-MERCADO-DE-ABEL-SANTAMAR\u00ecA\/2962390485.jpg\" alt=\"Caja contadora del mercado de Abel Santamar\u00eda\" title=\"Caja contadora del mercado de Abel Santamar\u00eda\" width=\"150\" height=\"113\" class=\"skip-lazy fg-image\" decoding=\"async\" loading=\"lazy\"><\/span><span class=\"fg-image-overlay\"><\/span><\/a><figcaption class=\"fg-caption\"><div class=\"fg-caption-inner\"><div class=\"fg-caption-title\">Caja contadora del mercado de Abel Santamar\u00eda<\/div><\/div><\/figcaption><\/figure><div class=\"fg-loader\"><\/div><\/div><div class=\"fg-item fg-type-image fg-loading\"><figure class=\"fg-item-inner\"><a href=\"https:\/\/test.isladelajuventud-cuba.com\/wp-content\/uploads\/2017\/06\/CAJA-DE-CIGARROS-.jpg\" data-caption-title=\"Caja de cigarros\" data-attachment-id=\"23767\" data-type=\"image\" class=\"fg-thumb\"><span class=\"fg-image-wrap\"><img src=\"https:\/\/test.isladelajuventud-cuba.com\/wp-content\/uploads\/cache\/2017\/06\/CAJA-DE-CIGARROS-\/1742936953.jpg\" width=\"150\" height=\"113\" class=\"skip-lazy fg-image\" decoding=\"async\" loading=\"lazy\"><\/span><span class=\"fg-image-overlay\"><\/span><\/a><figcaption class=\"fg-caption\"><div class=\"fg-caption-inner\"><div class=\"fg-caption-title\">Caja de cigarros<\/div><\/div><\/figcaption><\/figure><div class=\"fg-loader\"><\/div><\/div><div class=\"fg-item fg-type-image fg-loading\"><figure class=\"fg-item-inner\"><a href=\"https:\/\/test.isladelajuventud-cuba.com\/wp-content\/uploads\/2017\/06\/CAJITAS.jpg\" data-caption-title=\"Cajitas\" data-caption-desc=\"Cajitas\" data-attachment-id=\"23768\" data-type=\"image\" class=\"fg-thumb\"><span class=\"fg-image-wrap\"><img src=\"https:\/\/test.isladelajuventud-cuba.com\/wp-content\/uploads\/cache\/2017\/06\/CAJITAS\/3118231611.jpg\" alt=\"Cajitas\" title=\"Cajitas\" width=\"150\" height=\"113\" class=\"skip-lazy fg-image\" decoding=\"async\" loading=\"lazy\"><\/span><span class=\"fg-image-overlay\"><\/span><\/a><figcaption class=\"fg-caption\"><div class=\"fg-caption-inner\"><div class=\"fg-caption-title\">Cajitas<\/div><\/div><\/figcaption><\/figure><div class=\"fg-loader\"><\/div><\/div><div class=\"fg-item fg-type-image fg-loading\"><figure class=\"fg-item-inner\"><a href=\"https:\/\/test.isladelajuventud-cuba.com\/wp-content\/uploads\/2017\/06\/CIGARROS-SUAVES.jpg\" data-caption-title=\"Cigarros suaves\" data-caption-desc=\"Cigarros suaves\" data-attachment-id=\"23769\" data-type=\"image\" class=\"fg-thumb\"><span class=\"fg-image-wrap\"><img src=\"https:\/\/test.isladelajuventud-cuba.com\/wp-content\/uploads\/cache\/2017\/06\/CIGARROS-SUAVES\/927279958.jpg\" alt=\"Cigarros suaves\" title=\"Cigarros suaves\" width=\"150\" height=\"113\" class=\"skip-lazy fg-image\" decoding=\"async\" loading=\"lazy\"><\/span><span class=\"fg-image-overlay\"><\/span><\/a><figcaption class=\"fg-caption\"><div class=\"fg-caption-inner\"><div class=\"fg-caption-title\">Cigarros suaves<\/div><\/div><\/figcaption><\/figure><div class=\"fg-loader\"><\/div><\/div><div class=\"fg-item fg-type-image fg-loading\"><figure class=\"fg-item-inner\"><a href=\"https:\/\/test.isladelajuventud-cuba.com\/wp-content\/uploads\/2017\/06\/CUCHILLAS-DE-AFEITAR-1.jpg\" data-caption-desc=\"Cuchillas de afeitar\" data-caption-title=\"Cuchillas de afeitar\" data-attachment-id=\"23770\" data-type=\"image\" class=\"fg-thumb\"><span class=\"fg-image-wrap\"><img src=\"https:\/\/test.isladelajuventud-cuba.com\/wp-content\/uploads\/cache\/2017\/06\/CUCHILLAS-DE-AFEITAR-1\/1194850672.jpg\" alt=\"Cuchillas de afeitar\" width=\"150\" height=\"113\" class=\"skip-lazy fg-image\" decoding=\"async\" loading=\"lazy\"><\/span><span class=\"fg-image-overlay\"><\/span><\/a><figcaption class=\"fg-caption\"><div class=\"fg-caption-inner\"><div class=\"fg-caption-title\">Cuchillas de afeitar<\/div><\/div><\/figcaption><\/figure><div class=\"fg-loader\"><\/div><\/div><div class=\"fg-item fg-type-image fg-loading\"><figure class=\"fg-item-inner\"><a href=\"https:\/\/test.isladelajuventud-cuba.com\/wp-content\/uploads\/2017\/06\/CUCHILLAS-DE-AFEITAR-2.jpg\" data-caption-title=\"Cuchillas de afeitar\" data-caption-desc=\"Cuchillas de afeitar\" data-attachment-id=\"23771\" data-type=\"image\" class=\"fg-thumb\"><span class=\"fg-image-wrap\"><img src=\"https:\/\/test.isladelajuventud-cuba.com\/wp-content\/uploads\/cache\/2017\/06\/CUCHILLAS-DE-AFEITAR-2\/2710774748.jpg\" alt=\"Cuchillas de afeitar\" title=\"Cuchillas de afeitar\" width=\"150\" height=\"113\" class=\"skip-lazy fg-image\" decoding=\"async\" loading=\"lazy\"><\/span><span class=\"fg-image-overlay\"><\/span><\/a><figcaption class=\"fg-caption\"><div class=\"fg-caption-inner\"><div class=\"fg-caption-title\">Cuchillas de afeitar<\/div><\/div><\/figcaption><\/figure><div class=\"fg-loader\"><\/div><\/div><div class=\"fg-item fg-type-image fg-loading\"><figure class=\"fg-item-inner\"><a href=\"https:\/\/test.isladelajuventud-cuba.com\/wp-content\/uploads\/2017\/06\/CUCHILLAS-DE-AFEITAR.jpg\" data-caption-title=\"Cuchillas de afeitar\" data-caption-desc=\"Cuchillas de afeitar\" data-attachment-id=\"23772\" data-type=\"image\" class=\"fg-thumb\"><span class=\"fg-image-wrap\"><img src=\"https:\/\/test.isladelajuventud-cuba.com\/wp-content\/uploads\/cache\/2017\/06\/CUCHILLAS-DE-AFEITAR\/447306371.jpg\" alt=\"Cuchillas de afeitar\" title=\"Cuchillas de afeitar\" width=\"150\" height=\"113\" class=\"skip-lazy fg-image\" decoding=\"async\" loading=\"lazy\"><\/span><span class=\"fg-image-overlay\"><\/span><\/a><figcaption class=\"fg-caption\"><div class=\"fg-caption-inner\"><div class=\"fg-caption-title\">Cuchillas de afeitar<\/div><\/div><\/figcaption><\/figure><div class=\"fg-loader\"><\/div><\/div><div class=\"fg-item fg-type-image fg-loading\"><figure class=\"fg-item-inner\"><a href=\"https:\/\/test.isladelajuventud-cuba.com\/wp-content\/uploads\/2017\/06\/JARRAS-DE-RON-DE-LA-ISLA.jpg\" data-caption-title=\"Jarras de ron de la isla\" data-caption-desc=\"Jarras de ron de la isla\" data-attachment-id=\"23773\" data-type=\"image\" class=\"fg-thumb\"><span class=\"fg-image-wrap\"><img src=\"https:\/\/test.isladelajuventud-cuba.com\/wp-content\/uploads\/cache\/2017\/06\/JARRAS-DE-RON-DE-LA-ISLA\/2569793619.jpg\" alt=\"Jarras de ron de la isla\" title=\"Jarras de ron de la isla\" width=\"150\" height=\"113\" class=\"skip-lazy fg-image\" decoding=\"async\" loading=\"lazy\"><\/span><span class=\"fg-image-overlay\"><\/span><\/a><figcaption class=\"fg-caption\"><div class=\"fg-caption-inner\"><div class=\"fg-caption-title\">Jarras de ron de la isla<\/div><\/div><\/figcaption><\/figure><div class=\"fg-loader\"><\/div><\/div><div class=\"fg-item fg-type-image fg-loading\"><figure class=\"fg-item-inner\"><a href=\"https:\/\/test.isladelajuventud-cuba.com\/wp-content\/uploads\/2017\/06\/JARROS-HECHOS-CON-LATAS-DE-CARNE-RUSA.jpg\" data-caption-title=\"Jarros hechos con latas de carne rusa\" data-caption-desc=\"Jarros hechos con latas de carne rusa\" data-attachment-id=\"23774\" data-type=\"image\" class=\"fg-thumb\"><span class=\"fg-image-wrap\"><img src=\"https:\/\/test.isladelajuventud-cuba.com\/wp-content\/uploads\/cache\/2017\/06\/JARROS-HECHOS-CON-LATAS-DE-CARNE-RUSA\/628446907.jpg\" alt=\"Jarros hechos con latas de carne rusa\" title=\"Jarros hechos con latas de carne rusa\" width=\"150\" height=\"113\" class=\"skip-lazy fg-image\" decoding=\"async\" loading=\"lazy\"><\/span><span class=\"fg-image-overlay\"><\/span><\/a><figcaption class=\"fg-caption\"><div class=\"fg-caption-inner\"><div class=\"fg-caption-title\">Jarros hechos con latas de carne rusa<\/div><\/div><\/figcaption><\/figure><div class=\"fg-loader\"><\/div><\/div><div class=\"fg-item fg-type-image fg-loading\"><figure class=\"fg-item-inner\"><a href=\"https:\/\/test.isladelajuventud-cuba.com\/wp-content\/uploads\/2017\/06\/JUGUETES.jpg\" data-caption-title=\"Juguetes\" data-caption-desc=\"Juguetes\" data-attachment-id=\"23775\" data-type=\"image\" class=\"fg-thumb\"><span class=\"fg-image-wrap\"><img src=\"https:\/\/test.isladelajuventud-cuba.com\/wp-content\/uploads\/cache\/2017\/06\/JUGUETES\/1353493791.jpg\" alt=\"Juguetes\" title=\"Juguetes\" width=\"150\" height=\"113\" class=\"skip-lazy fg-image\" decoding=\"async\" loading=\"lazy\"><\/span><span class=\"fg-image-overlay\"><\/span><\/a><figcaption class=\"fg-caption\"><div class=\"fg-caption-inner\"><div class=\"fg-caption-title\">Juguetes<\/div><\/div><\/figcaption><\/figure><div class=\"fg-loader\"><\/div><\/div><div class=\"fg-item fg-type-image fg-loading\"><figure class=\"fg-item-inner\"><a href=\"https:\/\/test.isladelajuventud-cuba.com\/wp-content\/uploads\/2017\/06\/LATAS-DE-PIMENTON-DULCE-Y-CANELA-MOLIDA.jpg\" data-caption-title=\"Latas de pimenton dulce y canela molida\" data-caption-desc=\"Latas de pimenton dulce y canela molida\" data-attachment-id=\"23777\" data-type=\"image\" class=\"fg-thumb\"><span class=\"fg-image-wrap\"><img src=\"https:\/\/test.isladelajuventud-cuba.com\/wp-content\/uploads\/cache\/2017\/06\/LATAS-DE-PIMENTON-DULCE-Y-CANELA-MOLIDA\/3220156234.jpg\" alt=\"Latas de pimenton dulce y canela molida\" title=\"Latas de pimenton dulce y canela molida\" width=\"150\" height=\"113\" class=\"skip-lazy fg-image\" decoding=\"async\" loading=\"lazy\"><\/span><span class=\"fg-image-overlay\"><\/span><\/a><figcaption class=\"fg-caption\"><div class=\"fg-caption-inner\"><div class=\"fg-caption-title\">Latas de pimenton dulce y canela molida<\/div><\/div><\/figcaption><\/figure><div class=\"fg-loader\"><\/div><\/div><div class=\"fg-item fg-type-image fg-loading\"><figure class=\"fg-item-inner\"><a href=\"https:\/\/test.isladelajuventud-cuba.com\/wp-content\/uploads\/2017\/06\/LILY.jpg\" data-caption-title=\"Lily\" data-caption-desc=\"Lily\" data-attachment-id=\"23778\" data-type=\"image\" class=\"fg-thumb\"><span class=\"fg-image-wrap\"><img src=\"https:\/\/test.isladelajuventud-cuba.com\/wp-content\/uploads\/cache\/2017\/06\/LILY\/2466624704.jpg\" alt=\"Lily\" title=\"Lily\" width=\"150\" height=\"113\" class=\"skip-lazy fg-image\" decoding=\"async\" loading=\"lazy\"><\/span><span class=\"fg-image-overlay\"><\/span><\/a><figcaption class=\"fg-caption\"><div class=\"fg-caption-inner\"><div class=\"fg-caption-title\">Lily<\/div><\/div><\/figcaption><\/figure><div class=\"fg-loader\"><\/div><\/div><div class=\"fg-item fg-type-image fg-loading\"><figure class=\"fg-item-inner\"><a href=\"https:\/\/test.isladelajuventud-cuba.com\/wp-content\/uploads\/2017\/06\/LLAVERO-DEL-MOTEL-RANCHO-DEL-TESORO.jpg\" data-caption-title=\"Llavero del motel Rancho del Tesoro\" data-caption-desc=\"Llavero del motel Rancho del Tesoro\" data-attachment-id=\"23779\" data-type=\"image\" class=\"fg-thumb\"><span class=\"fg-image-wrap\"><img src=\"https:\/\/test.isladelajuventud-cuba.com\/wp-content\/uploads\/cache\/2017\/06\/LLAVERO-DEL-MOTEL-RANCHO-DEL-TESORO\/1043134353.jpg\" alt=\"Llavero del motel Rancho del Tesoro\" title=\"Llavero del motel Rancho del Tesoro\" width=\"150\" height=\"113\" class=\"skip-lazy fg-image\" decoding=\"async\" loading=\"lazy\"><\/span><span class=\"fg-image-overlay\"><\/span><\/a><figcaption class=\"fg-caption\"><div class=\"fg-caption-inner\"><div class=\"fg-caption-title\">Llavero del motel Rancho del Tesoro<\/div><\/div><\/figcaption><\/figure><div class=\"fg-loader\"><\/div><\/div><div class=\"fg-item fg-type-image fg-loading\"><figure class=\"fg-item-inner\"><a href=\"https:\/\/test.isladelajuventud-cuba.com\/wp-content\/uploads\/2017\/06\/LOCIONES-BONABEL.jpg\" data-caption-title=\"Lociones Bonabel\" data-caption-desc=\"Lociones Bonabel\" data-attachment-id=\"23780\" data-type=\"image\" class=\"fg-thumb\"><span class=\"fg-image-wrap\"><img src=\"https:\/\/test.isladelajuventud-cuba.com\/wp-content\/uploads\/cache\/2017\/06\/LOCIONES-BONABEL\/3520047988.jpg\" alt=\"Lociones Bonabel\" title=\"Lociones Bonabel\" width=\"150\" height=\"113\" class=\"skip-lazy fg-image\" decoding=\"async\" loading=\"lazy\"><\/span><span class=\"fg-image-overlay\"><\/span><\/a><figcaption class=\"fg-caption\"><div class=\"fg-caption-inner\"><div class=\"fg-caption-title\">Lociones Bonabel<\/div><\/div><\/figcaption><\/figure><div class=\"fg-loader\"><\/div><\/div><div class=\"fg-item fg-type-image fg-loading\"><figure class=\"fg-item-inner\"><a href=\"https:\/\/test.isladelajuventud-cuba.com\/wp-content\/uploads\/2017\/06\/MAQUINAS-DE-COSER-SINGER.jpg\" data-caption-title=\"Maquinas de coser Singer\" data-caption-desc=\"Maquinas de coser Singer\" data-attachment-id=\"23781\" data-type=\"image\" class=\"fg-thumb\"><span class=\"fg-image-wrap\"><img src=\"https:\/\/test.isladelajuventud-cuba.com\/wp-content\/uploads\/cache\/2017\/06\/MAQUINAS-DE-COSER-SINGER\/689635835.jpg\" alt=\"Maquinas de coser Singer\" title=\"Maquinas de coser Singer\" width=\"150\" height=\"113\" class=\"skip-lazy fg-image\" decoding=\"async\" loading=\"lazy\"><\/span><span class=\"fg-image-overlay\"><\/span><\/a><figcaption class=\"fg-caption\"><div class=\"fg-caption-inner\"><div class=\"fg-caption-title\">Maquinas de coser Singer<\/div><\/div><\/figcaption><\/figure><div class=\"fg-loader\"><\/div><\/div><div class=\"fg-item fg-type-image fg-loading\"><figure class=\"fg-item-inner\"><a href=\"https:\/\/test.isladelajuventud-cuba.com\/wp-content\/uploads\/2017\/06\/MATRIOSKAS.jpg\" data-caption-title=\"Matrioskas\" data-caption-desc=\"Matrioskas\" data-attachment-id=\"23782\" data-type=\"image\" class=\"fg-thumb\"><span class=\"fg-image-wrap\"><img src=\"https:\/\/test.isladelajuventud-cuba.com\/wp-content\/uploads\/cache\/2017\/06\/MATRIOSKAS\/2533463661.jpg\" alt=\"Matrioskas\" title=\"Matrioskas\" width=\"150\" height=\"113\" class=\"skip-lazy fg-image\" decoding=\"async\" loading=\"lazy\"><\/span><span class=\"fg-image-overlay\"><\/span><\/a><figcaption class=\"fg-caption\"><div class=\"fg-caption-inner\"><div class=\"fg-caption-title\">Matrioskas<\/div><\/div><\/figcaption><\/figure><div class=\"fg-loader\"><\/div><\/div><div class=\"fg-item fg-type-image fg-loading\"><figure class=\"fg-item-inner\"><a href=\"https:\/\/test.isladelajuventud-cuba.com\/wp-content\/uploads\/2017\/06\/MAYONESA.jpg\" data-caption-title=\"Mayonesa\" data-caption-desc=\"Mayonesa\" data-attachment-id=\"23783\" data-type=\"image\" class=\"fg-thumb\"><span class=\"fg-image-wrap\"><img src=\"https:\/\/test.isladelajuventud-cuba.com\/wp-content\/uploads\/cache\/2017\/06\/MAYONESA\/3490340830.jpg\" alt=\"Mayonesa\" title=\"Mayonesa\" width=\"150\" height=\"113\" class=\"skip-lazy fg-image\" decoding=\"async\" loading=\"lazy\"><\/span><span class=\"fg-image-overlay\"><\/span><\/a><figcaption class=\"fg-caption\"><div class=\"fg-caption-inner\"><div class=\"fg-caption-title\">Mayonesa<\/div><\/div><\/figcaption><\/figure><div class=\"fg-loader\"><\/div><\/div><div class=\"fg-item fg-type-image fg-loading\"><figure class=\"fg-item-inner\"><a href=\"https:\/\/test.isladelajuventud-cuba.com\/wp-content\/uploads\/2017\/06\/MEDICINAS-MICOCILEN-CITROGAL-BICARBONATO-NOVATROPIN-MULSOGAR_.jpg\" data-caption-title=\"Medicinas Micocilen, Citrogal, bicarbonato, Novatropin, Mulsogar\" data-caption-desc=\"Medicinas Micocilen, Citrogal, bicarbonato, Novatropin, Mulsogar\" data-attachment-id=\"23784\" data-type=\"image\" class=\"fg-thumb\"><span class=\"fg-image-wrap\"><img src=\"https:\/\/test.isladelajuventud-cuba.com\/wp-content\/uploads\/cache\/2017\/06\/MEDICINAS-MICOCILEN-CITROGAL-BICARBONATO-NOVATROPIN-MULSOGAR_\/3523329611.jpg\" alt=\"Medicinas Micocilen, Citrogal, bicarbonato, Novatropin, Mulsogar\" title=\"Medicinas Micocilen, Citrogal, bicarbonato, Novatropin, Mulsogar\" width=\"150\" height=\"113\" class=\"skip-lazy fg-image\" decoding=\"async\" loading=\"lazy\"><\/span><span class=\"fg-image-overlay\"><\/span><\/a><figcaption class=\"fg-caption\"><div class=\"fg-caption-inner\"><div class=\"fg-caption-title\">Medicinas Micocilen, Citrogal, bicarbonato, Novatropin, Mulsogar<\/div><\/div><\/figcaption><\/figure><div class=\"fg-loader\"><\/div><\/div><div class=\"fg-item fg-type-image fg-loading\"><figure class=\"fg-item-inner\"><a href=\"https:\/\/test.isladelajuventud-cuba.com\/wp-content\/uploads\/2017\/06\/MONEDA-1994.jpg\" data-caption-title=\"Moneda 1994\" data-caption-desc=\"Moneda 1994\" data-attachment-id=\"23786\" data-type=\"image\" class=\"fg-thumb\"><span class=\"fg-image-wrap\"><img src=\"https:\/\/test.isladelajuventud-cuba.com\/wp-content\/uploads\/cache\/2017\/06\/MONEDA-1994\/1991139552.jpg\" alt=\"Moneda 1994\" title=\"Moneda 1994\" width=\"150\" height=\"113\" class=\"skip-lazy fg-image\" decoding=\"async\" loading=\"lazy\"><\/span><span class=\"fg-image-overlay\"><\/span><\/a><figcaption class=\"fg-caption\"><div class=\"fg-caption-inner\"><div class=\"fg-caption-title\">Moneda 1994<\/div><\/div><\/figcaption><\/figure><div class=\"fg-loader\"><\/div><\/div><div class=\"fg-item fg-type-image fg-loading\"><figure class=\"fg-item-inner\"><a href=\"https:\/\/test.isladelajuventud-cuba.com\/wp-content\/uploads\/2017\/06\/PALITOS-CHINOS.jpg\" data-caption-title=\"Palitos chinos\" data-caption-desc=\"Palitos chinos\" data-attachment-id=\"23787\" data-type=\"image\" class=\"fg-thumb\"><span class=\"fg-image-wrap\"><img src=\"https:\/\/test.isladelajuventud-cuba.com\/wp-content\/uploads\/cache\/2017\/06\/PALITOS-CHINOS\/151090596.jpg\" alt=\"Palitos chinos\" title=\"Palitos chinos\" width=\"150\" height=\"113\" class=\"skip-lazy fg-image\" decoding=\"async\" loading=\"lazy\"><\/span><span class=\"fg-image-overlay\"><\/span><\/a><figcaption class=\"fg-caption\"><div class=\"fg-caption-inner\"><div class=\"fg-caption-title\">Palitos chinos<\/div><\/div><\/figcaption><\/figure><div class=\"fg-loader\"><\/div><\/div><div class=\"fg-item fg-type-image fg-loading\"><figure class=\"fg-item-inner\"><a href=\"https:\/\/test.isladelajuventud-cuba.com\/wp-content\/uploads\/2017\/06\/PRODUCTOS-5PM.jpg\" data-caption-title=\"Productos 5pm\" data-caption-desc=\"Productos 5pm\" data-attachment-id=\"23788\" data-type=\"image\" class=\"fg-thumb\"><span class=\"fg-image-wrap\"><img src=\"https:\/\/test.isladelajuventud-cuba.com\/wp-content\/uploads\/cache\/2017\/06\/PRODUCTOS-5PM\/2223998970.jpg\" alt=\"Productos 5pm\" title=\"Productos 5pm\" width=\"150\" height=\"113\" class=\"skip-lazy fg-image\" decoding=\"async\" loading=\"lazy\"><\/span><span class=\"fg-image-overlay\"><\/span><\/a><figcaption class=\"fg-caption\"><div class=\"fg-caption-inner\"><div class=\"fg-caption-title\">Productos 5pm<\/div><\/div><\/figcaption><\/figure><div class=\"fg-loader\"><\/div><\/div><div class=\"fg-item fg-type-image fg-loading\"><figure class=\"fg-item-inner\"><a href=\"https:\/\/test.isladelajuventud-cuba.com\/wp-content\/uploads\/2017\/06\/PROYECTOR-DE-PELICULAS.jpg\" data-caption-title=\"Proyector de peliculas\" data-caption-desc=\"Proyector de peliculas\" data-attachment-id=\"23789\" data-type=\"image\" class=\"fg-thumb\"><span class=\"fg-image-wrap\"><img src=\"https:\/\/test.isladelajuventud-cuba.com\/wp-content\/uploads\/cache\/2017\/06\/PROYECTOR-DE-PELICULAS\/1928099900.jpg\" alt=\"Proyector de peliculas\" title=\"Proyector de peliculas\" width=\"150\" height=\"113\" class=\"skip-lazy fg-image\" decoding=\"async\" loading=\"lazy\"><\/span><span class=\"fg-image-overlay\"><\/span><\/a><figcaption class=\"fg-caption\"><div class=\"fg-caption-inner\"><div class=\"fg-caption-title\">Proyector de peliculas<\/div><\/div><\/figcaption><\/figure><div class=\"fg-loader\"><\/div><\/div><div class=\"fg-item fg-type-image fg-loading\"><figure class=\"fg-item-inner\"><a href=\"https:\/\/test.isladelajuventud-cuba.com\/wp-content\/uploads\/2017\/06\/RADIO-SOKOL.jpg\" data-caption-title=\"Radio Sokol\" data-caption-desc=\"Radio Sokol\" data-attachment-id=\"23790\" data-type=\"image\" class=\"fg-thumb\"><span class=\"fg-image-wrap\"><img src=\"https:\/\/test.isladelajuventud-cuba.com\/wp-content\/uploads\/cache\/2017\/06\/RADIO-SOKOL\/3636410798.jpg\" alt=\"Radio Sokol\" title=\"Radio Sokol\" width=\"150\" height=\"113\" class=\"skip-lazy fg-image\" decoding=\"async\" loading=\"lazy\"><\/span><span class=\"fg-image-overlay\"><\/span><\/a><figcaption class=\"fg-caption\"><div class=\"fg-caption-inner\"><div class=\"fg-caption-title\">Radio Sokol<\/div><\/div><\/figcaption><\/figure><div class=\"fg-loader\"><\/div><\/div><div class=\"fg-item fg-type-image fg-loading\"><figure class=\"fg-item-inner\"><a href=\"https:\/\/test.isladelajuventud-cuba.com\/wp-content\/uploads\/2017\/06\/RADIOS-NOCTURNOS.jpg\" data-caption-title=\"Radios nocturnos\" data-caption-desc=\"Radios nocturnos\" data-attachment-id=\"23791\" data-type=\"image\" class=\"fg-thumb\"><span class=\"fg-image-wrap\"><img src=\"https:\/\/test.isladelajuventud-cuba.com\/wp-content\/uploads\/cache\/2017\/06\/RADIOS-NOCTURNOS\/221698260.jpg\" alt=\"Radios nocturnos\" title=\"Radios nocturnos\" width=\"150\" height=\"113\" class=\"skip-lazy fg-image\" decoding=\"async\" loading=\"lazy\"><\/span><span class=\"fg-image-overlay\"><\/span><\/a><figcaption class=\"fg-caption\"><div class=\"fg-caption-inner\"><div class=\"fg-caption-title\">Radios nocturnos<\/div><\/div><\/figcaption><\/figure><div class=\"fg-loader\"><\/div><\/div><div class=\"fg-item fg-type-image fg-loading\"><figure class=\"fg-item-inner\"><a href=\"https:\/\/test.isladelajuventud-cuba.com\/wp-content\/uploads\/2017\/06\/RADIOS-VEF.jpg\" data-caption-title=\"Radios Vef\" data-caption-desc=\"Radios Vef\" data-attachment-id=\"23792\" data-type=\"image\" class=\"fg-thumb\"><span class=\"fg-image-wrap\"><img src=\"https:\/\/test.isladelajuventud-cuba.com\/wp-content\/uploads\/cache\/2017\/06\/RADIOS-VEF\/4069085747.jpg\" alt=\"Radios Vef\" title=\"Radios Vef\" width=\"150\" height=\"113\" class=\"skip-lazy fg-image\" decoding=\"async\" loading=\"lazy\"><\/span><span class=\"fg-image-overlay\"><\/span><\/a><figcaption class=\"fg-caption\"><div class=\"fg-caption-inner\"><div class=\"fg-caption-title\">Radios Vef<\/div><\/div><\/figcaption><\/figure><div class=\"fg-loader\"><\/div><\/div><div class=\"fg-item fg-type-image fg-loading\"><figure class=\"fg-item-inner\"><a href=\"https:\/\/test.isladelajuventud-cuba.com\/wp-content\/uploads\/2017\/06\/RELOJES-DESPERTADORES-SOVIETICOS-1.jpg\" data-caption-title=\"Relojes despertadores sovieticos\" data-caption-desc=\"Relojes despertadores sovieticos\" data-attachment-id=\"23793\" data-type=\"image\" class=\"fg-thumb\"><span class=\"fg-image-wrap\"><img src=\"https:\/\/test.isladelajuventud-cuba.com\/wp-content\/uploads\/cache\/2017\/06\/RELOJES-DESPERTADORES-SOVIETICOS-1\/1231129713.jpg\" alt=\"Relojes despertadores sovieticos\" title=\"Relojes despertadores sovieticos\" width=\"150\" height=\"113\" class=\"skip-lazy fg-image\" decoding=\"async\" loading=\"lazy\"><\/span><span class=\"fg-image-overlay\"><\/span><\/a><figcaption class=\"fg-caption\"><div class=\"fg-caption-inner\"><div class=\"fg-caption-title\">Relojes despertadores sovieticos<\/div><\/div><\/figcaption><\/figure><div class=\"fg-loader\"><\/div><\/div><div class=\"fg-item fg-type-image fg-loading\"><figure class=\"fg-item-inner\"><a href=\"https:\/\/test.isladelajuventud-cuba.com\/wp-content\/uploads\/2017\/06\/RELOJES-DESPERTADORES-SOVIETICOS.jpg\" data-caption-title=\"Relojes despertadores sovieticos\" data-caption-desc=\"Relojes despertadores sovieticos\" data-attachment-id=\"23794\" data-type=\"image\" class=\"fg-thumb\"><span class=\"fg-image-wrap\"><img src=\"https:\/\/test.isladelajuventud-cuba.com\/wp-content\/uploads\/cache\/2017\/06\/RELOJES-DESPERTADORES-SOVIETICOS\/3444669474.jpg\" alt=\"Relojes despertadores sovieticos\" title=\"Relojes despertadores sovieticos\" width=\"150\" height=\"113\" class=\"skip-lazy fg-image\" decoding=\"async\" loading=\"lazy\"><\/span><span class=\"fg-image-overlay\"><\/span><\/a><figcaption class=\"fg-caption\"><div class=\"fg-caption-inner\"><div class=\"fg-caption-title\">Relojes despertadores sovieticos<\/div><\/div><\/figcaption><\/figure><div class=\"fg-loader\"><\/div><\/div><div class=\"fg-item fg-type-image fg-loading\"><figure class=\"fg-item-inner\"><a href=\"https:\/\/test.isladelajuventud-cuba.com\/wp-content\/uploads\/2017\/06\/RELOJJES-SOVIETICOS-POLJOT.jpg\" data-caption-title=\"Relojes sovieticos Poljot\" data-caption-desc=\"Relojes sovieticos Poljot\" data-attachment-id=\"23795\" data-type=\"image\" class=\"fg-thumb\"><span class=\"fg-image-wrap\"><img src=\"https:\/\/test.isladelajuventud-cuba.com\/wp-content\/uploads\/cache\/2017\/06\/RELOJJES-SOVIETICOS-POLJOT\/3562713659.jpg\" alt=\"Relojes sovieticos Poljot\" title=\"Relojes sovieticos Poljot\" width=\"150\" height=\"113\" class=\"skip-lazy fg-image\" decoding=\"async\" loading=\"lazy\"><\/span><span class=\"fg-image-overlay\"><\/span><\/a><figcaption class=\"fg-caption\"><div class=\"fg-caption-inner\"><div class=\"fg-caption-title\">Relojes sovieticos Poljot<\/div><\/div><\/figcaption><\/figure><div class=\"fg-loader\"><\/div><\/div><div class=\"fg-item fg-type-image fg-loading\"><figure class=\"fg-item-inner\"><a href=\"https:\/\/test.isladelajuventud-cuba.com\/wp-content\/uploads\/2017\/06\/SELLO-DE-LA-ISLA-DE-PINOS-1949.jpg\" data-caption-title=\"Sello de la isla de pinos 1949\" data-caption-desc=\"Sello de la isla de pinos 1949\" data-attachment-id=\"23796\" data-type=\"image\" class=\"fg-thumb\"><span class=\"fg-image-wrap\"><img src=\"https:\/\/test.isladelajuventud-cuba.com\/wp-content\/uploads\/cache\/2017\/06\/SELLO-DE-LA-ISLA-DE-PINOS-1949\/4250786816.jpg\" alt=\"Sello de la isla de pinos 1949\" title=\"Sello de la isla de pinos 1949\" width=\"150\" height=\"113\" class=\"skip-lazy fg-image\" decoding=\"async\" loading=\"lazy\"><\/span><span class=\"fg-image-overlay\"><\/span><\/a><figcaption class=\"fg-caption\"><div class=\"fg-caption-inner\"><div class=\"fg-caption-title\">Sello de la isla de pinos 1949<\/div><\/div><\/figcaption><\/figure><div class=\"fg-loader\"><\/div><\/div><div class=\"fg-item fg-type-image fg-loading\"><figure class=\"fg-item-inner\"><a href=\"https:\/\/test.isladelajuventud-cuba.com\/wp-content\/uploads\/2017\/06\/SOCIEDAD-DE-INSTRUCCION-RECREO-Y-SPORT-1960-.jpg\" data-caption-title=\"Sociedad de instrucci\u00f3n, recreo y sport 1960\" data-caption-desc=\"Sociedad de instrucci\u00f3n, recreo y sport 1960\" data-attachment-id=\"23797\" data-type=\"image\" class=\"fg-thumb\"><span class=\"fg-image-wrap\"><img src=\"https:\/\/test.isladelajuventud-cuba.com\/wp-content\/uploads\/cache\/2017\/06\/SOCIEDAD-DE-INSTRUCCION-RECREO-Y-SPORT-1960-\/2950166198.jpg\" alt=\"Sociedad de instrucci\u00f3n, recreo y sport 1960\" title=\"Sociedad de instrucci\u00f3n, recreo y sport 1960\" width=\"150\" height=\"113\" class=\"skip-lazy fg-image\" decoding=\"async\" loading=\"lazy\"><\/span><span class=\"fg-image-overlay\"><\/span><\/a><figcaption class=\"fg-caption\"><div class=\"fg-caption-inner\"><div class=\"fg-caption-title\">Sociedad de instrucci\u00f3n, recreo y sport 1960<\/div><\/div><\/figcaption><\/figure><div class=\"fg-loader\"><\/div><\/div><div class=\"fg-item fg-type-image fg-loading\"><figure class=\"fg-item-inner\"><a href=\"https:\/\/test.isladelajuventud-cuba.com\/wp-content\/uploads\/2017\/06\/TALCO-MOTA-TU.jpg\" data-caption-title=\"Talco Mota Tu\" data-caption-desc=\"Talco Mota Tu\" data-attachment-id=\"23798\" data-type=\"image\" class=\"fg-thumb\"><span class=\"fg-image-wrap\"><img src=\"https:\/\/test.isladelajuventud-cuba.com\/wp-content\/uploads\/cache\/2017\/06\/TALCO-MOTA-TU\/1263141371.jpg\" alt=\"Talco Mota Tu\" title=\"Talco Mota Tu\" width=\"150\" height=\"113\" class=\"skip-lazy fg-image\" decoding=\"async\" loading=\"lazy\"><\/span><span class=\"fg-image-overlay\"><\/span><\/a><figcaption class=\"fg-caption\"><div class=\"fg-caption-inner\"><div class=\"fg-caption-title\">Talco Mota Tu<\/div><\/div><\/figcaption><\/figure><div class=\"fg-loader\"><\/div><\/div><div class=\"fg-item fg-type-image fg-loading\"><figure class=\"fg-item-inner\"><a href=\"https:\/\/test.isladelajuventud-cuba.com\/wp-content\/uploads\/2017\/06\/TIENDA-LA-FRANCIA.jpg\" data-caption-title=\"Tienda La Francia\" data-caption-desc=\"Tienda La Francia\" data-attachment-id=\"23799\" data-type=\"image\" class=\"fg-thumb\"><span class=\"fg-image-wrap\"><img src=\"https:\/\/test.isladelajuventud-cuba.com\/wp-content\/uploads\/cache\/2017\/06\/TIENDA-LA-FRANCIA\/1872413281.jpg\" alt=\"Tienda La Francia\" title=\"Tienda La Francia\" width=\"150\" height=\"113\" class=\"skip-lazy fg-image\" decoding=\"async\" loading=\"lazy\"><\/span><span class=\"fg-image-overlay\"><\/span><\/a><figcaption class=\"fg-caption\"><div class=\"fg-caption-inner\"><div class=\"fg-caption-title\">Tienda La Francia<\/div><\/div><\/figcaption><\/figure><div class=\"fg-loader\"><\/div><\/div><div class=\"fg-item fg-type-image fg-loading\"><figure class=\"fg-item-inner\"><a href=\"https:\/\/test.isladelajuventud-cuba.com\/wp-content\/uploads\/2017\/06\/VENTILADORES-ORBITAS.jpg\" data-caption-title=\"Ventiladores Orbitas\" data-caption-desc=\"Ventiladores Orbitas\" data-attachment-id=\"23800\" data-type=\"image\" class=\"fg-thumb\"><span class=\"fg-image-wrap\"><img src=\"https:\/\/test.isladelajuventud-cuba.com\/wp-content\/uploads\/cache\/2017\/06\/VENTILADORES-ORBITAS\/3272150417.jpg\" alt=\"Ventiladores Orbitas\" title=\"Ventiladores Orbitas\" width=\"150\" height=\"113\" class=\"skip-lazy fg-image\" decoding=\"async\" loading=\"lazy\"><\/span><span class=\"fg-image-overlay\"><\/span><\/a><figcaption class=\"fg-caption\"><div class=\"fg-caption-inner\"><div class=\"fg-caption-title\">Ventiladores Orbitas<\/div><\/div><\/figcaption><\/figure><div class=\"fg-loader\"><\/div><\/div><div class=\"fg-item fg-type-image fg-loading\"><figure class=\"fg-item-inner\"><a href=\"https:\/\/test.isladelajuventud-cuba.com\/wp-content\/uploads\/2017\/06\/YAQUIS.jpg\" data-caption-title=\"yaquis\" data-attachment-id=\"23761\" data-type=\"image\" class=\"fg-thumb\"><span class=\"fg-image-wrap\"><img src=\"https:\/\/test.isladelajuventud-cuba.com\/wp-content\/uploads\/cache\/2017\/06\/YAQUIS\/2491380809.jpg\" width=\"150\" height=\"113\" class=\"skip-lazy fg-image\" decoding=\"async\" loading=\"lazy\"><\/span><span class=\"fg-image-overlay\"><\/span><\/a><figcaption class=\"fg-caption\"><div class=\"fg-caption-inner\"><div class=\"fg-caption-title\">yaquis<\/div><\/div><\/figcaption><\/figure><div class=\"fg-loader\"><\/div><\/div><div class=\"fg-item fg-type-image fg-loading\"><figure class=\"fg-item-inner\"><a href=\"https:\/\/test.isladelajuventud-cuba.com\/wp-content\/uploads\/2014\/04\/70538336_2955596284491252_6626235016957394944_n.jpg\" data-caption-title=\"Muestras de diferentes confecciones hechas  de Cer\u00e1micas elaboradas en La isla.\" data-caption-desc=\"Muestras de diferentes confecciones hechas  de Cer\u00e1micas elaboradas en La isla.\" data-attachment-id=\"30236\" data-type=\"image\" class=\"fg-thumb\"><span class=\"fg-image-wrap\"><img src=\"https:\/\/test.isladelajuventud-cuba.com\/wp-content\/uploads\/cache\/2014\/04\/70538336_2955596284491252_6626235016957394944_n\/2690110295.jpg\" alt=\"Muestras de diferentes confecciones hechas de Cer\u00e1micas elaboradas en La isla.\" title=\"Muestras de diferentes confecciones hechas  de Cer\u00e1micas elaboradas en La isla.\" width=\"150\" height=\"113\" class=\"skip-lazy fg-image\" decoding=\"async\" loading=\"lazy\"><\/span><span class=\"fg-image-overlay\"><\/span><\/a><figcaption class=\"fg-caption\"><div class=\"fg-caption-inner\"><div class=\"fg-caption-title\">Muestras de diferentes confecciones hechas  de Cer\u00e1micas elaboradas en La isla.<\/div><\/div><\/figcaption><\/figure><div class=\"fg-loader\"><\/div><\/div><div class=\"fg-item fg-type-image fg-loading\"><figure class=\"fg-item-inner\"><a href=\"https:\/\/test.isladelajuventud-cuba.com\/wp-content\/uploads\/2014\/04\/70232106_2955596411157906_5353155733456158720_n.jpg\" data-caption-title=\"Muestras de diferentes confecciones hechas  de Cer\u00e1micas elaboradas en La isla.\" data-caption-desc=\"Muestras de diferentes confecciones hechas  de Cer\u00e1micas elaboradas en La isla.\" data-attachment-id=\"30235\" data-type=\"image\" class=\"fg-thumb\"><span class=\"fg-image-wrap\"><img src=\"https:\/\/test.isladelajuventud-cuba.com\/wp-content\/uploads\/cache\/2014\/04\/70232106_2955596411157906_5353155733456158720_n\/3925503321.jpg\" alt=\"Muestras de diferentes confecciones hechas de Cer\u00e1micas elaboradas en La isla.\" title=\"Muestras de diferentes confecciones hechas  de Cer\u00e1micas elaboradas en La isla.\" width=\"150\" height=\"113\" class=\"skip-lazy fg-image\" decoding=\"async\" loading=\"lazy\"><\/span><span class=\"fg-image-overlay\"><\/span><\/a><figcaption class=\"fg-caption\"><div class=\"fg-caption-inner\"><div class=\"fg-caption-title\">Muestras de diferentes confecciones hechas  de Cer\u00e1micas elaboradas en La isla.<\/div><\/div><\/figcaption><\/figure><div class=\"fg-loader\"><\/div><\/div><div class=\"fg-item fg-type-image fg-loading\"><figure class=\"fg-item-inner\"><a href=\"https:\/\/test.isladelajuventud-cuba.com\/wp-content\/uploads\/2014\/04\/Diario-del-Comercio.jpg\" data-caption-title=\"Diario del Comercio\" data-attachment-id=\"30665\" data-type=\"image\" class=\"fg-thumb\"><span class=\"fg-image-wrap\"><img src=\"https:\/\/test.isladelajuventud-cuba.com\/wp-content\/uploads\/cache\/2014\/04\/Diario-del-Comercio\/1703073766.jpg\" title=\"Diario del Comercio de 1956. Sus 31 p\u00e1ginas son de seda.\" width=\"150\" height=\"113\" class=\"skip-lazy fg-image\" decoding=\"async\" loading=\"lazy\"><\/span><span class=\"fg-image-overlay\"><\/span><\/a><figcaption class=\"fg-caption\"><div class=\"fg-caption-inner\"><div class=\"fg-caption-title\">Diario del Comercio<\/div><\/div><\/figcaption><\/figure><div class=\"fg-loader\"><\/div><\/div><div class=\"fg-item fg-type-image fg-loading\"><figure class=\"fg-item-inner\"><a href=\"https:\/\/test.isladelajuventud-cuba.com\/wp-content\/uploads\/2014\/04\/Agua-Mineral-Natural.jpg\" data-caption-title=\"Agua Mineral Natural de Isla de Pinos.\" data-attachment-id=\"31244\" data-type=\"image\" class=\"fg-thumb\"><span class=\"fg-image-wrap\"><img src=\"https:\/\/test.isladelajuventud-cuba.com\/wp-content\/uploads\/cache\/2014\/04\/Agua-Mineral-Natural\/3541318554.jpg\" alt=\"Agua Mineral Natural de Isla de Pinos.\" title=\"Agua Mineral Natural de Isla de Pinos.\" width=\"150\" height=\"113\" class=\"skip-lazy fg-image\" decoding=\"async\" loading=\"lazy\"><\/span><span class=\"fg-image-overlay\"><\/span><\/a><figcaption class=\"fg-caption\"><div class=\"fg-caption-inner\"><div class=\"fg-caption-title\">Agua Mineral Natural de Isla de Pinos.<\/div><\/div><\/figcaption><\/figure><div class=\"fg-loader\"><\/div><\/div><div class=\"fg-item fg-type-image fg-loading\"><figure class=\"fg-item-inner\"><a href=\"https:\/\/test.isladelajuventud-cuba.com\/wp-content\/uploads\/2017\/06\/WhatsApp-Image-2021-02-06-at-16.31.41.jpeg\" data-attachment-id=\"35751\" data-type=\"image\" class=\"fg-thumb\"><span class=\"fg-image-wrap\"><img src=\"https:\/\/test.isladelajuventud-cuba.com\/wp-content\/uploads\/cache\/2017\/06\/WhatsApp-Image-2021-02-06-at-16_31_41\/2417880209.jpeg\" width=\"150\" height=\"113\" class=\"skip-lazy fg-image\" decoding=\"async\" loading=\"lazy\"><\/span><span class=\"fg-image-overlay\"><\/span><\/a><\/figure><div class=\"fg-loader\"><\/div><\/div><div class=\"fg-item fg-type-image fg-loading\"><figure class=\"fg-item-inner\"><a href=\"https:\/\/test.isladelajuventud-cuba.com\/wp-content\/uploads\/2017\/06\/236340893_369974484743207_397497814553579716_n.jpg\" data-caption-title=\"Telefono en la empresa de comunicaciones. Foto Archivo Hist\u00f3rico Municipal.\" data-attachment-id=\"36259\" data-type=\"image\" class=\"fg-thumb\"><span class=\"fg-image-wrap\"><img src=\"https:\/\/test.isladelajuventud-cuba.com\/wp-content\/uploads\/cache\/2017\/06\/236340893_369974484743207_397497814553579716_n\/619071179.jpg\" width=\"150\" height=\"113\" class=\"skip-lazy fg-image\" decoding=\"async\" loading=\"lazy\"><\/span><span class=\"fg-image-overlay\"><\/span><\/a><figcaption class=\"fg-caption\"><div class=\"fg-caption-inner\"><div class=\"fg-caption-title\">Telefono en la empresa de comunicaciones. Foto Archivo Hist\u00f3rico Municipal.<\/div><\/div><\/figcaption><\/figure><div class=\"fg-loader\"><\/div><\/div><\/div>\n<!-- FooGallery Debug Info : Start\r\n\r\nID => 23760\r\nTemplate => default\r\nDatasource => media_library\r\n\r\nFooGallery Settings\r\n===================\r\ndefault_alignment => fg-center\r\ndefault_caption_desc_source => none\r\ndefault_hover_effect_caption_visibility => fg-caption-hover\r\ndefault_hover_effect_transition => fg-hover-fade\r\ndefault_hover_effect_type => normal\r\ndefault_lightbox => foobox\r\ndefault_loaded_effect => fg-loaded-fade-in\r\ndefault_loading_icon => fg-loading-default\r\ndefault_spacing => fg-gutter-20\r\ndefault_theme => fg-light\r\ndefault_thumbnail_dimensions => \r\n   width => 150\r\n   height => 113\r\ndefault_thumbnail_link => image\r\nfoogallery_items_view => manage\r\n\r\nAttachment Info\r\n===============\r\n23762 => \r\n   url => https:\/\/test.isladelajuventud-cuba.com\/wp-content\/uploads\/2017\/06\/ALFILERES-DE-LOS-PA\u00e6ALES.jpg\r\n   type => image\r\n   width => 150\r\n   height => 113\r\n23763 => \r\n   url => https:\/\/test.isladelajuventud-cuba.com\/wp-content\/uploads\/2017\/06\/ANUNCIOS-DE-CERVESAS-CUBANAS.jpg\r\n   type => image\r\n   width => 150\r\n   height => 113\r\n23764 => \r\n   url => https:\/\/test.isladelajuventud-cuba.com\/wp-content\/uploads\/2017\/06\/BANDEJAS.jpg\r\n   type => image\r\n   width => 150\r\n   height => 113\r\n23765 => \r\n   url => https:\/\/test.isladelajuventud-cuba.com\/wp-content\/uploads\/2017\/06\/CAFETEREAS.jpg\r\n   type => image\r\n   width => 150\r\n   height => 113\r\n23766 => \r\n   url => https:\/\/test.isladelajuventud-cuba.com\/wp-content\/uploads\/2017\/06\/CAJA-CONTADORA-DEL-MERCADO-DE-ABEL-SANTAMAR\u00ecA.jpg\r\n   type => image\r\n   width => 150\r\n   height => 113\r\n23767 => \r\n   url => https:\/\/test.isladelajuventud-cuba.com\/wp-content\/uploads\/2017\/06\/CAJA-DE-CIGARROS-.jpg\r\n   type => image\r\n   width => 150\r\n   height => 113\r\n23768 => \r\n   url => https:\/\/test.isladelajuventud-cuba.com\/wp-content\/uploads\/2017\/06\/CAJITAS.jpg\r\n   type => image\r\n   width => 150\r\n   height => 113\r\n23769 => \r\n   url => https:\/\/test.isladelajuventud-cuba.com\/wp-content\/uploads\/2017\/06\/CIGARROS-SUAVES.jpg\r\n   type => image\r\n   width => 150\r\n   height => 113\r\n23770 => \r\n   url => https:\/\/test.isladelajuventud-cuba.com\/wp-content\/uploads\/2017\/06\/CUCHILLAS-DE-AFEITAR-1.jpg\r\n   type => image\r\n   width => 150\r\n   height => 113\r\n23771 => \r\n   url => https:\/\/test.isladelajuventud-cuba.com\/wp-content\/uploads\/2017\/06\/CUCHILLAS-DE-AFEITAR-2.jpg\r\n   type => image\r\n   width => 150\r\n   height => 113\r\n23772 => \r\n   url => https:\/\/test.isladelajuventud-cuba.com\/wp-content\/uploads\/2017\/06\/CUCHILLAS-DE-AFEITAR.jpg\r\n   type => image\r\n   width => 150\r\n   height => 113\r\n23773 => \r\n   url => https:\/\/test.isladelajuventud-cuba.com\/wp-content\/uploads\/2017\/06\/JARRAS-DE-RON-DE-LA-ISLA.jpg\r\n   type => image\r\n   width => 150\r\n   height => 113\r\n23774 => \r\n   url => https:\/\/test.isladelajuventud-cuba.com\/wp-content\/uploads\/2017\/06\/JARROS-HECHOS-CON-LATAS-DE-CARNE-RUSA.jpg\r\n   type => image\r\n   width => 150\r\n   height => 113\r\n23775 => \r\n   url => https:\/\/test.isladelajuventud-cuba.com\/wp-content\/uploads\/2017\/06\/JUGUETES.jpg\r\n   type => image\r\n   width => 150\r\n   height => 113\r\n23777 => \r\n   url => https:\/\/test.isladelajuventud-cuba.com\/wp-content\/uploads\/2017\/06\/LATAS-DE-PIMENTON-DULCE-Y-CANELA-MOLIDA.jpg\r\n   type => image\r\n   width => 150\r\n   height => 113\r\n23778 => \r\n   url => https:\/\/test.isladelajuventud-cuba.com\/wp-content\/uploads\/2017\/06\/LILY.jpg\r\n   type => image\r\n   width => 150\r\n   height => 113\r\n23779 => \r\n   url => https:\/\/test.isladelajuventud-cuba.com\/wp-content\/uploads\/2017\/06\/LLAVERO-DEL-MOTEL-RANCHO-DEL-TESORO.jpg\r\n   type => image\r\n   width => 150\r\n   height => 113\r\n23780 => \r\n   url => https:\/\/test.isladelajuventud-cuba.com\/wp-content\/uploads\/2017\/06\/LOCIONES-BONABEL.jpg\r\n   type => image\r\n   width => 150\r\n   height => 113\r\n23781 => \r\n   url => https:\/\/test.isladelajuventud-cuba.com\/wp-content\/uploads\/2017\/06\/MAQUINAS-DE-COSER-SINGER.jpg\r\n   type => image\r\n   width => 150\r\n   height => 113\r\n23782 => \r\n   url => https:\/\/test.isladelajuventud-cuba.com\/wp-content\/uploads\/2017\/06\/MATRIOSKAS.jpg\r\n   type => image\r\n   width => 150\r\n   height => 113\r\n23783 => \r\n   url => https:\/\/test.isladelajuventud-cuba.com\/wp-content\/uploads\/2017\/06\/MAYONESA.jpg\r\n   type => image\r\n   width => 150\r\n   height => 113\r\n23784 => \r\n   url => https:\/\/test.isladelajuventud-cuba.com\/wp-content\/uploads\/2017\/06\/MEDICINAS-MICOCILEN-CITROGAL-BICARBONATO-NOVATROPIN-MULSOGAR_.jpg\r\n   type => image\r\n   width => 150\r\n   height => 113\r\n23786 => \r\n   url => https:\/\/test.isladelajuventud-cuba.com\/wp-content\/uploads\/2017\/06\/MONEDA-1994.jpg\r\n   type => image\r\n   width => 150\r\n   height => 113\r\n23787 => \r\n   url => https:\/\/test.isladelajuventud-cuba.com\/wp-content\/uploads\/2017\/06\/PALITOS-CHINOS.jpg\r\n   type => image\r\n   width => 150\r\n   height => 113\r\n23788 => \r\n   url => https:\/\/test.isladelajuventud-cuba.com\/wp-content\/uploads\/2017\/06\/PRODUCTOS-5PM.jpg\r\n   type => image\r\n   width => 150\r\n   height => 113\r\n23789 => \r\n   url => https:\/\/test.isladelajuventud-cuba.com\/wp-content\/uploads\/2017\/06\/PROYECTOR-DE-PELICULAS.jpg\r\n   type => image\r\n   width => 150\r\n   height => 113\r\n23790 => \r\n   url => https:\/\/test.isladelajuventud-cuba.com\/wp-content\/uploads\/2017\/06\/RADIO-SOKOL.jpg\r\n   type => image\r\n   width => 150\r\n   height => 113\r\n23791 => \r\n   url => https:\/\/test.isladelajuventud-cuba.com\/wp-content\/uploads\/2017\/06\/RADIOS-NOCTURNOS.jpg\r\n   type => image\r\n   width => 150\r\n   height => 113\r\n23792 => \r\n   url => https:\/\/test.isladelajuventud-cuba.com\/wp-content\/uploads\/2017\/06\/RADIOS-VEF.jpg\r\n   type => image\r\n   width => 150\r\n   height => 113\r\n23793 => \r\n   url => https:\/\/test.isladelajuventud-cuba.com\/wp-content\/uploads\/2017\/06\/RELOJES-DESPERTADORES-SOVIETICOS-1.jpg\r\n   type => image\r\n   width => 150\r\n   height => 113\r\n23794 => \r\n   url => https:\/\/test.isladelajuventud-cuba.com\/wp-content\/uploads\/2017\/06\/RELOJES-DESPERTADORES-SOVIETICOS.jpg\r\n   type => image\r\n   width => 150\r\n   height => 113\r\n23795 => \r\n   url => https:\/\/test.isladelajuventud-cuba.com\/wp-content\/uploads\/2017\/06\/RELOJJES-SOVIETICOS-POLJOT.jpg\r\n   type => image\r\n   width => 150\r\n   height => 113\r\n23796 => \r\n   url => https:\/\/test.isladelajuventud-cuba.com\/wp-content\/uploads\/2017\/06\/SELLO-DE-LA-ISLA-DE-PINOS-1949.jpg\r\n   type => image\r\n   width => 150\r\n   height => 113\r\n23797 => \r\n   url => https:\/\/test.isladelajuventud-cuba.com\/wp-content\/uploads\/2017\/06\/SOCIEDAD-DE-INSTRUCCION-RECREO-Y-SPORT-1960-.jpg\r\n   type => image\r\n   width => 150\r\n   height => 113\r\n23798 => \r\n   url => https:\/\/test.isladelajuventud-cuba.com\/wp-content\/uploads\/2017\/06\/TALCO-MOTA-TU.jpg\r\n   type => image\r\n   width => 150\r\n   height => 113\r\n23799 => \r\n   url => https:\/\/test.isladelajuventud-cuba.com\/wp-content\/uploads\/2017\/06\/TIENDA-LA-FRANCIA.jpg\r\n   type => image\r\n   width => 150\r\n   height => 113\r\n23800 => \r\n   url => https:\/\/test.isladelajuventud-cuba.com\/wp-content\/uploads\/2017\/06\/VENTILADORES-ORBITAS.jpg\r\n   type => image\r\n   width => 150\r\n   height => 113\r\n23761 => \r\n   url => https:\/\/test.isladelajuventud-cuba.com\/wp-content\/uploads\/2017\/06\/YAQUIS.jpg\r\n   type => image\r\n   width => 150\r\n   height => 113\r\n30236 => \r\n   url => https:\/\/test.isladelajuventud-cuba.com\/wp-content\/uploads\/2014\/04\/70538336_2955596284491252_6626235016957394944_n.jpg\r\n   type => image\r\n   width => 150\r\n   height => 113\r\n30235 => \r\n   url => https:\/\/test.isladelajuventud-cuba.com\/wp-content\/uploads\/2014\/04\/70232106_2955596411157906_5353155733456158720_n.jpg\r\n   type => image\r\n   width => 150\r\n   height => 113\r\n30665 => \r\n   url => https:\/\/test.isladelajuventud-cuba.com\/wp-content\/uploads\/2014\/04\/Diario-del-Comercio.jpg\r\n   type => image\r\n   width => 150\r\n   height => 113\r\n31244 => \r\n   url => https:\/\/test.isladelajuventud-cuba.com\/wp-content\/uploads\/2014\/04\/Agua-Mineral-Natural.jpg\r\n   type => image\r\n   width => 150\r\n   height => 113\r\n35751 => \r\n   url => https:\/\/test.isladelajuventud-cuba.com\/wp-content\/uploads\/2017\/06\/WhatsApp-Image-2021-02-06-at-16.31.41.jpeg\r\n   type => image\r\n   width => 150\r\n   height => 113\r\n36259 => \r\n   url => https:\/\/test.isladelajuventud-cuba.com\/wp-content\/uploads\/2017\/06\/236340893_369974484743207_397497814553579716_n.jpg\r\n   type => image\r\n   width => 150\r\n   height => 113\r\n\r\nFooGallery Debug Info : End --><!-- FooGallery Debug Info : Start\r\n\r\nID => 23760\r\nTemplate => default\r\nDatasource => media_library\r\n\r\nFooGallery Settings\r\n===================\r\ndefault_alignment => fg-center\r\ndefault_caption_desc_source => none\r\ndefault_hover_effect_caption_visibility => fg-caption-hover\r\ndefault_hover_effect_transition => fg-hover-fade\r\ndefault_hover_effect_type => normal\r\ndefault_lightbox => foobox\r\ndefault_loaded_effect => fg-loaded-fade-in\r\ndefault_loading_icon => fg-loading-default\r\ndefault_spacing => fg-gutter-20\r\ndefault_theme => fg-light\r\ndefault_thumbnail_dimensions => \r\n   width => 150\r\n   height => 113\r\ndefault_thumbnail_link => image\r\nfoogallery_items_view => manage\r\n\r\nAttachment Info\r\n===============\r\n\r\nFooGallery Debug Info : End -->\n<p>[\/vc_column_text][vc_empty_space height=\u00bb25px\u00bb][\/vc_tab][\/vc_tabs][\/vc_column][\/vc_row]<\/p>\n<\/div>","protected":false},"excerpt":{"rendered":"<p>[vc_row css_animation=\u00bb\u00bb row_type=\u00bbrow\u00bb use_row_as_full_screen_section=\u00bbno\u00bb type=\u00bbfull_width\u00bb angled_section=\u00bbno\u00bb text_align=\u00bbcenter\u00bb background_image_as_pattern=\u00bbwithout_pattern\u00bb][vc_column][vc_column_text] [\/vc_column_text][\/vc_column][\/vc_row][vc_row css_animation=\u00bb\u00bb row_type=\u00bbrow\u00bb use_row_as_full_screen_section=\u00bbno\u00bb type=\u00bbgrid\u00bb angled_section=\u00bbno\u00bb text_align=\u00bbcenter\u00bb background_image_as_pattern=\u00bbwithout_pattern\u00bb][vc_column][vc_empty_space height=\u00bb50px\u00bb][\/vc_column][\/vc_row][vc_row css_animation=\u00bb\u00bb row_type=\u00bbrow\u00bb use_row_as_full_screen_section=\u00bbno\u00bb type=\u00bbgrid\u00bb angled_section=\u00bbno\u00bb text_align=\u00bbcenter\u00bb background_image_as_pattern=\u00bbwithout_pattern\u00bb][vc_column][\/vc_column][\/vc_row][vc_row css_animation=\u00bb\u00bb row_type=\u00bbrow\u00bb use_row_as_full_screen_section=\u00bbno\u00bb type=\u00bbgrid\u00bb angled_section=\u00bbno\u00bb text_align=\u00bbcenter\u00bb background_image_as_pattern=\u00bbwithout_pattern\u00bb][vc_column][vc_empty_space height=\u00bb50px\u00bb][\/vc_column][\/vc_row][vc_row css_animation=\u00bb\u00bb row_type=\u00bbrow\u00bb use_row_as_full_screen_section=\u00bbno\u00bb type=\u00bbgrid\u00bb angled_section=\u00bbno\u00bb text_align=\u00bbcenter\u00bb background_image_as_pattern=\u00bbwithout_pattern\u00bb css=\u00bb.vc_custom_1486569008549{margin-top: 130px !important;}\u00bb][vc_column][\/vc_column][\/vc_row][vc_row css_animation=\u00bb\u00bb row_type=\u00bbrow\u00bb use_row_as_full_screen_section=\u00bbno\u00bb&#8230;<\/p>\n","protected":false},"author":1,"featured_media":0,"parent":0,"menu_order":0,"comment_status":"open","ping_status":"closed","template":"full_width.php","meta":{"_joinchat":[],"footnotes":""},"class_list":["post-33849","page","type-page","status-publish","hentry"],"_links":{"self":[{"href":"https:\/\/test.isladelajuventud-cuba.com\/index.php?rest_route=\/wp\/v2\/pages\/33849","targetHints":{"allow":["GET"]}}],"collection":[{"href":"https:\/\/test.isladelajuventud-cuba.com\/index.php?rest_route=\/wp\/v2\/pages"}],"about":[{"href":"https:\/\/test.isladelajuventud-cuba.com\/index.php?rest_route=\/wp\/v2\/types\/page"}],"author":[{"embeddable":true,"href":"https:\/\/test.isladelajuventud-cuba.com\/index.php?rest_route=\/wp\/v2\/users\/1"}],"replies":[{"embeddable":true,"href":"https:\/\/test.isladelajuventud-cuba.com\/index.php?rest_route=%2Fwp%2Fv2%2Fcomments&post=33849"}],"version-history":[{"count":0,"href":"https:\/\/test.isladelajuventud-cuba.com\/index.php?rest_route=\/wp\/v2\/pages\/33849\/revisions"}],"wp:attachment":[{"href":"https:\/\/test.isladelajuventud-cuba.com\/index.php?rest_route=%2Fwp%2Fv2%2Fmedia&parent=33849"}],"curies":[{"name":"wp","href":"https:\/\/api.w.org\/{rel}","templated":true}]}}