{"id":33889,"date":"2023-08-01T10:41:02","date_gmt":"2023-08-01T10:41:02","guid":{"rendered":"https:\/\/test.isladelajuventud-cuba.com\/?page_id=33889"},"modified":"2020-08-18T08:26:11","modified_gmt":"2020-08-18T08:26:11","slug":"excursions","status":"publish","type":"page","link":"https:\/\/test.isladelajuventud-cuba.com\/?page_id=33889&lang=en","title":{"rendered":"Excursions"},"content":{"rendered":"<div class=\"wpb-content-wrapper\" id=\"wpb-content-root\"><p>[vc_row css_animation=\u00bb\u00bb row_type=\u00bbrow\u00bb use_row_as_full_screen_section=\u00bbno\u00bb type=\u00bbfull_width\u00bb angled_section=\u00bbno\u00bb text_align=\u00bbcenter\u00bb background_image_as_pattern=\u00bbwithout_pattern\u00bb][vc_column][vc_column_text]<\/p>\n<p style=\"text-align: center;\"><div class=\"wp1s-slider-wrapper wp1s-slider-wrapper-91939 \">  \r\n    <div class=\"wp1s-main-wrapper\">\r\n      \r\n\r\n    <div class=\"wp1s-slider-container wp1s-pager-type-1 wp1s-arrow-type-1 wp1s-pagination\">\r\n    <ul class=\"wp1s-bxslider\" data-id=\"91939\" data-auto='true' data-speed='1000' data-pause='5000' data-transition='horizontal' data-controls='true' data-responsive='true' data-pager='disable' >\r\n            <li>\r\n            <img decoding=\"async\" src=\"https:\/\/test.isladelajuventud-cuba.com\/wp-content\/uploads\/2020\/01\/slide1.jpg\" \/>\r\n            <div class=\"wp1s-caption-wrapper wp1s-caption-type-1 wp1s-caption-middlecenter\">\r\n            <h1 class=\"wp1s-caption-title\"><\/h1>\r\n            <h2 class=\"wp1s-caption-content\"><\/h2>\r\n                        <\/div>\r\n        <\/li>\r\n            <li>\r\n            <img decoding=\"async\" src=\"https:\/\/test.isladelajuventud-cuba.com\/wp-content\/uploads\/2020\/01\/slide2.jpg\" \/>\r\n            <div class=\"wp1s-caption-wrapper wp1s-caption-type-1 wp1s-caption-middlecenter\">\r\n            <h1 class=\"wp1s-caption-title\"><\/h1>\r\n            <h2 class=\"wp1s-caption-content\">Cayo Largo del Sur. Un Para\u00edso del Caribe.<\/h2>\r\n                        <a href=\"https:\/\/test.isladelajuventud-cuba.com\/alojamiento-hoteles\/\" class=\"wps1-readmore-button\">Reserve con un click.<\/a>\r\n                        <\/div>\r\n        <\/li>\r\n            <li>\r\n            <img decoding=\"async\" src=\"https:\/\/test.isladelajuventud-cuba.com\/wp-content\/uploads\/2019\/10\/test1.jpg\" \/>\r\n            <div class=\"wp1s-caption-wrapper wp1s-caption-type-1 wp1s-caption-middlecenter\">\r\n            <h1 class=\"wp1s-caption-title\"><\/h1>\r\n            <h2 class=\"wp1s-caption-content\"><\/h2>\r\n                        <\/div>\r\n        <\/li>\r\n            <li>\r\n            <img decoding=\"async\" src=\"https:\/\/test.isladelajuventud-cuba.com\/wp-content\/uploads\/2020\/01\/slide4.jpg\" \/>\r\n            <div class=\"wp1s-caption-wrapper wp1s-caption-type-1 wp1s-caption-middlecenter\">\r\n            <h1 class=\"wp1s-caption-title\"><\/h1>\r\n            <h2 class=\"wp1s-caption-content\">Puestas de sol \u00fanicas...<\/h2>\r\n                        <\/div>\r\n        <\/li>\r\n            <li>\r\n            <img decoding=\"async\" src=\"https:\/\/test.isladelajuventud-cuba.com\/wp-content\/uploads\/2020\/01\/slide3.jpg\" \/>\r\n            <div class=\"wp1s-caption-wrapper wp1s-caption-type-1 wp1s-caption-middlecenter\">\r\n            <h1 class=\"wp1s-caption-title\"><\/h1>\r\n            <h2 class=\"wp1s-caption-content\">Un mundo bajo el mar.<\/h2>\r\n                        <a href=\"https:\/\/test.isladelajuventud-cuba.com\/centros-de-buceo\/\" class=\"wps1-readmore-button\">Reserve  tus inmersiones con un click.<\/a>\r\n                        <\/div>\r\n        <\/li>\r\n            <li>\r\n            <img decoding=\"async\" src=\"https:\/\/test.isladelajuventud-cuba.com\/wp-content\/uploads\/2020\/01\/slide5.jpg\" \/>\r\n            <div class=\"wp1s-caption-wrapper wp1s-caption-type-1 wp1s-caption-middlecenter\">\r\n            <h1 class=\"wp1s-caption-title\"><\/h1>\r\n            <h2 class=\"wp1s-caption-content\">Descubra algunas de las mejores playas del mundo.<\/h2>\r\n                        <a href=\"https:\/\/test.isladelajuventud-cuba.com\/playas-2\/\" class=\"wps1-readmore-button\">Ver m\u00e1s playas<\/a>\r\n                        <\/div>\r\n        <\/li>\r\n            <li>\r\n            <img decoding=\"async\" src=\"https:\/\/test.isladelajuventud-cuba.com\/wp-content\/uploads\/2020\/01\/slide6-1.jpg\" \/>\r\n            <div class=\"wp1s-caption-wrapper wp1s-caption-type-1 wp1s-caption-middlecenter\">\r\n            <h1 class=\"wp1s-caption-title\"><\/h1>\r\n            <h2 class=\"wp1s-caption-content\">Descubre su naturaleza en estado puro...<\/h2>\r\n                        <\/div>\r\n        <\/li>\r\n            <li>\r\n            <img decoding=\"async\" src=\"https:\/\/test.isladelajuventud-cuba.com\/wp-content\/uploads\/2020\/01\/slide7.jpg\" \/>\r\n            <div class=\"wp1s-caption-wrapper wp1s-caption-type-1 wp1s-caption-middlecenter\">\r\n            <h1 class=\"wp1s-caption-title\"><\/h1>\r\n            <h2 class=\"wp1s-caption-content\">MUSEOS<\/h2>\r\n                        <a href=\"https:\/\/test.isladelajuventud-cuba.com\/museos\/\" class=\"wps1-readmore-button\">Ver m\u00e1s Museos<\/a>\r\n                        <\/div>\r\n        <\/li>\r\n            <li>\r\n            <img decoding=\"async\" src=\"https:\/\/test.isladelajuventud-cuba.com\/wp-content\/uploads\/2020\/01\/slide8.jpg\" \/>\r\n            <div class=\"wp1s-caption-wrapper wp1s-caption-type-1 wp1s-caption-middlecenter\">\r\n            <h1 class=\"wp1s-caption-title\"><\/h1>\r\n            <h2 class=\"wp1s-caption-content\">LUGARES DE INTER\u00c9S<\/h2>\r\n                        <a href=\"https:\/\/test.isladelajuventud-cuba.com\/lugares-de-interes-2\/\" class=\"wps1-readmore-button\">Ver m\u00e1s Lugares de Inter\u00e9s<\/a>\r\n                        <\/div>\r\n        <\/li>\r\n            <li>\r\n            <img decoding=\"async\" src=\"https:\/\/test.isladelajuventud-cuba.com\/wp-content\/uploads\/2020\/01\/slide9-1.jpg\" \/>\r\n            <div class=\"wp1s-caption-wrapper wp1s-caption-type-1 wp1s-caption-middlecenter\">\r\n            <h1 class=\"wp1s-caption-title\"><\/h1>\r\n            <h2 class=\"wp1s-caption-content\">Hoteles, casas de alquiler, camping. <\/h2>\r\n                        <a href=\"https:\/\/test.isladelajuventud-cuba.com\/alojamiento\/\" class=\"wps1-readmore-button\">Reserva su alojamiento con un click.<\/a>\r\n                        <\/div>\r\n        <\/li>\r\n            <li>\r\n            <img decoding=\"async\" src=\"https:\/\/test.isladelajuventud-cuba.com\/wp-content\/uploads\/2020\/01\/slide10.jpg\" \/>\r\n            <div class=\"wp1s-caption-wrapper wp1s-caption-type-1 wp1s-caption-middlecenter\">\r\n            <h1 class=\"wp1s-caption-title\"><\/h1>\r\n            <h2 class=\"wp1s-caption-content\">Nueva Gerona fundada en 1830, una ciudad que  le sorprender\u00e1...<\/h2>\r\n                        <a href=\"https:\/\/test.isladelajuventud-cuba.com\/nucleos-urbanos-nueva-gerona\/\" class=\"wps1-readmore-button\">Conozca Nueva Gerona con un click<\/a>\r\n                        <\/div>\r\n        <\/li>\r\n            <li>\r\n            <img decoding=\"async\" src=\"https:\/\/test.isladelajuventud-cuba.com\/wp-content\/uploads\/2020\/02\/monumentos.jpg\" \/>\r\n            <div class=\"wp1s-caption-wrapper wp1s-caption-type-1 wp1s-caption-middlecenter\">\r\n            <h1 class=\"wp1s-caption-title\"><\/h1>\r\n            <h2 class=\"wp1s-caption-content\">MONUMENTOS<\/h2>\r\n                        <a href=\"https:\/\/test.isladelajuventud-cuba.com\/monumentos\/\" class=\"wps1-readmore-button\">Ver m\u00e1s Monumentos<\/a>\r\n                        <\/div>\r\n        <\/li>\r\n        <\/ul>\r\n    <\/div>\r\n<\/div>\r\n      <\/div>\r\n   <style>\r\n\r\n.wp1s-slider-wrapper-91939 {\r\n    \r\n     width:100%%;   \r\n}\r\n\r\n.wp1s-slider-wrapper-91939 .wp1s-caption-wrapper.wp1s-caption-type-1 .wp1s-caption-title{\r\n\r\n    font-size:20px;\r\n   \r\n}\r\n\r\n.wp1s-slider-wrapper-91939 .wp1s-caption-wrapper.wp1s-caption-type-1 .wp1s-caption-content{\r\n   \r\n    font-size: 40px;\r\n    \r\n}\r\n.wp1s-slider-wrapper-91939 .wp1s-caption-wrapper.wp1s-caption-type-2 .wp1s-caption-title {\r\n    font-size:20px;\r\n    background-color:rgba(125,165,82,0.8);\r\n   \r\n}\r\n.wp1s-slider-wrapper-91939 .wp1s-caption-wrapper.wp1s-caption-type-2 .wp1s-caption-content {\r\n    font-size:40px;\r\n\r\n}\r\n.wp1s-slider-wrapper-91939 .wp1s-caption-wrapper.wp1s-caption-type-3 .wp1s-caption-title {\r\n    font-size:20px;\r\n    border-bottom:7px solid #2ed1ff;\r\n}\r\n.wp1s-slider-wrapper-91939 .wp1s-caption-wrapper.wp1s-caption-type-3 .wp1s-caption-content {\r\n    font-size:40px;\r\n   \r\n}\r\n.wp1s-slider-wrapper-91939 .wp1s-caption-wrapper.wp1s-caption-type-4  {\r\n   \r\n    background-color:rgba(124,118,118,0.6);\r\n\r\n}\r\n.wp1s-slider-wrapper-91939 .wp1s-caption-wrapper.wp1s-caption-type-4 .wp1s-caption-title {\r\n    font-size:20px;\r\n\r\n}\r\n.wp1s-slider-wrapper-91939 .wp1s-caption-wrapper.wp1s-caption-type-4 .wp1s-caption-content {\r\n    font-size:40px;\r\n}\r\n.wp1s-slider-wrapper-91939 .wp1s-caption-wrapper .wp1s-caption-title {\r\n    color:#ffffff;\r\n}\r\n.wp1s-slider-wrapper-91939 .wp1s-caption-wrapper .wp1s-caption-content {\r\n    color:#59d600;\r\n}\r\n.wp1s-slider-wrapper-91939 .wp1s-main-wrapper .wp1s-pager-type-1 .bx-wrapper .bx-pager.bx-default-pager a {\r\n    background-color:#ffffff;\r\n}\r\n.wp1s-slider-wrapper-91939 .wp1s-main-wrapper .wp1s-pager-type-1 .bx-wrapper .bx-pager.bx-default-pager a:hover, \r\n.wp1s-slider-wrapper-91939 .wp1s-main-wrapper .wp1s-pager-type-1 .bx-wrapper .bx-pager.bx-default-pager a.active {\r\n    background-color:#3bb1f4;\r\n}\r\n.wp1s-slider-wrapper-91939 .wp1s-main-wrapper .wp1s-pager-type-2 .bx-wrapper .bx-pager.bx-default-pager a {\r\n    background-color:#635e5e;\r\n    border:3px solid #979191;\r\n}\r\n.wp1s-slider-wrapper-91939 .wp1s-main-wrapper .wp1s-pager-type-2 .bx-wrapper .bx-pager.bx-default-pager a:hover, \r\n.wp1s-slider-wrapper-91939 .wp1s-main-wrapper .wp1s-pager-type-2 .bx-wrapper .bx-pager.bx-default-pager a.active {\r\n    background-color:#ffffff;\r\n}\r\n.wp1s-slider-wrapper-91939 .wp1s-main-wrapper .wp1s-pager-type-3 .bx-wrapper .bx-pager.bx-default-pager a {\r\n    border:1px solid #ffffff;\r\n   \r\n}\r\n.wp1s-slider-wrapper-91939 .wp1s-main-wrapper .wp1s-pager-type-3 .bx-wrapper .bx-pager.bx-default-pager a:hover, \r\n.wp1s-slider-wrapper-91939 .wp1s-main-wrapper .wp1s-pager-type-3 .bx-wrapper .bx-pager.bx-default-pager a.active {\r\n    border-color:#ff9600;\r\n}\r\n.wp1s-slider-wrapper-91939 .wp1s-main-wrapper .wp1s-pager-type-4 .bx-wrapper .bx-pager.bx-default-pager a {\r\n    background-color:#7a7a7a;\r\n    \r\n}\r\n.wp1s-slider-wrapper-91939 .wp1s-main-wrapper .wp1s-pager-type-4 .bx-wrapper .bx-pager.bx-default-pager a:hover, \r\n.wp1s-slider-wrapper-91939 .wp1s-main-wrapper .wp1s-pager-type-4 .bx-wrapper .bx-pager.bx-default-pager a.active {\r\n    background-color:#ffffff;\r\n}\r\n.wp1s-slider-wrapper-91939 .wp1s-caption-wrapper.wp1s-caption-type-1 .wps1-readmore-button {\r\n    background-color: #1e75f6;\r\n    box-shadow: 0 2px 0 #1758c6;\r\n    -webkit-box-shadow: 0 2px 0 #1758c6;\r\n    -moz-box-shadow: 0 2px 0 #1758c6;\r\n}\r\n.wp1s-slider-wrapper-91939 .wp1s-caption-wrapper.wp1s-caption-type-1 .wps1-readmore-button:hover {\r\n    background-color:#11499e;\r\n}\r\n@media (max-width:1200px) {\r\n.wp1s-slider-wrapper-91939 .wp1s-slider-wrapper {\r\nwidth:100%;\r\n}\r\n}\r\n.wp1s-widget-wrap .wp1s-caption-wrapper {\r\n\r\ndisplay: none;\r\n}\r\n\r\n.wp1s-widget-wrap .wp1s-thumbnail-wrapper {\r\ndisplay: none;\r\n}\r\n\r\n<\/style><\/p>\n<p>[\/vc_column_text][\/vc_column][\/vc_row][vc_row css_animation=\u00bb\u00bb row_type=\u00bbrow\u00bb use_row_as_full_screen_section=\u00bbno\u00bb type=\u00bbgrid\u00bb angled_section=\u00bbno\u00bb text_align=\u00bbcenter\u00bb background_image_as_pattern=\u00bbwithout_pattern\u00bb][vc_column][vc_empty_space height=\u00bb50px\u00bb][\/vc_column][\/vc_row][vc_row css_animation=\u00bb\u00bb row_type=\u00bbrow\u00bb use_row_as_full_screen_section=\u00bbno\u00bb type=\u00bbgrid\u00bb angled_section=\u00bbno\u00bb text_align=\u00bbcenter\u00bb background_image_as_pattern=\u00bbwithout_pattern\u00bb][vc_column][vc_column_text]<\/p>\n<h2>EXCURSIONES POR CUBA<\/h2>\n<p>[\/vc_column_text][\/vc_column][\/vc_row][vc_row css_animation=\u00bb\u00bb row_type=\u00bbrow\u00bb use_row_as_full_screen_section=\u00bbno\u00bb type=\u00bbgrid\u00bb angled_section=\u00bbno\u00bb text_align=\u00bbcenter\u00bb background_image_as_pattern=\u00bbwithout_pattern\u00bb][vc_column][vc_empty_space height=\u00bb50px\u00bb][\/vc_column][\/vc_row][vc_row css_animation=\u00bb\u00bb row_type=\u00bbrow\u00bb use_row_as_full_screen_section=\u00bbno\u00bb type=\u00bbgrid\u00bb angled_section=\u00bbno\u00bb text_align=\u00bbcenter\u00bb background_image_as_pattern=\u00bbwithout_pattern\u00bb css=\u00bb.vc_custom_1486569008549{margin-top: 130px !important;}\u00bb][vc_column]<div class=\"custom_font_holder \" style=\"font-family: Lato; font-style: normal; font-weight: 400; color: #000000; text-decoration: none; text-align: left; --qode-cf-font-size: 14px; --qode-cf-line-height: 18px; --qode-cf-font-size-1440: 14px; --qode-cf-line-height-1440: 18px; --qode-cf-font-size-1366: 14px; --qode-cf-line-height-1366: 18px; --qode-cf-font-size-1280: 14px; --qode-cf-line-height-1280: 18px; --qode-cf-font-size-1024: 14px; --qode-cf-line-height-1024: 18px; --qode-cf-font-size-768: 14px; --qode-cf-line-height-768: 18px; --qode-cf-font-size-680: 14px; --qode-cf-line-height-680: 18px; --qode-cf-font-size-480: 14px; --qode-cf-line-height-480: 18px;\">En un mismo d\u00eda descubrir\u00e1s la diversidad de los parajes naturales y sus\u00a0 a\u00e9reas protegidas que existen; como tambi\u00e9n sus museos, monumentos, galer\u00edas de arte, parques, playas, fondos marinos, naturaleza y el casco hist\u00f3rico de cada ciudad cubana.<\/p>\n<p>&nbsp;<\/p>\n<p>La descripci\u00f3n de\u00a0 los lugares m\u00e1s importantes, la forma de vida del cubano, su cultura y\u00a0 sus costumbres es\u00a0 la oportunidad de encontrarse con m\u00e1s de cinco siglos de historia realizando nuestras \u00a0excursiones.<\/div>[\/vc_column][\/vc_row][vc_row css_animation=\u00bb\u00bb row_type=\u00bbrow\u00bb use_row_as_full_screen_section=\u00bbno\u00bb type=\u00bbgrid\u00bb angled_section=\u00bbno\u00bb text_align=\u00bbcenter\u00bb background_image_as_pattern=\u00bbwithout_pattern\u00bb][vc_column][vc_empty_space height=\u00bb20px\u00bb][\/vc_column][\/vc_row][vc_row css_animation=\u00bb\u00bb row_type=\u00bbrow\u00bb use_row_as_full_screen_section=\u00bbno\u00bb type=\u00bbgrid\u00bb angled_section=\u00bbno\u00bb text_align=\u00bbcenter\u00bb background_image_as_pattern=\u00bbwithout_pattern\u00bb][vc_column]<div class=\"custom_font_holder \" style=\"font-family: Open Sans; font-style: normal; font-weight: 400; color: #000000; text-decoration: none; text-align: left; --qode-cf-font-size: 30px; --qode-cf-line-height: 36px; --qode-cf-font-size-1440: 30px; --qode-cf-line-height-1440: 36px; --qode-cf-font-size-1366: 30px; --qode-cf-line-height-1366: 36px; --qode-cf-font-size-1280: 30px; --qode-cf-line-height-1280: 36px; --qode-cf-font-size-1024: 30px; --qode-cf-line-height-1024: 36px; --qode-cf-font-size-768: 30px; --qode-cf-line-height-768: 36px; --qode-cf-font-size-680: 30px; --qode-cf-line-height-680: 36px; --qode-cf-font-size-480: 30px; --qode-cf-line-height-480: 36px;\">\n<p style=\"text-align: center;\"><strong>Isla de la Juventud<\/strong><\/p>\n<\/div>[vc_separator type=\u00bbnormal\u00bb up=\u00bb15&#8243; down=\u00bb20&#8243; separator_width=\u00bb100&#8243; separator_color=\u00bb#000000&#8243;][\/vc_column][\/vc_row][vc_row css_animation=\u00bb\u00bb row_type=\u00bbrow\u00bb use_row_as_full_screen_section=\u00bbno\u00bb type=\u00bbgrid\u00bb angled_section=\u00bbno\u00bb text_align=\u00bbcenter\u00bb background_image_as_pattern=\u00bbwithout_pattern\u00bb][vc_column][vc_empty_space height=\u00bb50px\u00bb][\/vc_column][\/vc_row][vc_row css_animation=\u00bb\u00bb row_type=\u00bbrow\u00bb use_row_as_full_screen_section=\u00bbno\u00bb type=\u00bbgrid\u00bb angled_section=\u00bbno\u00bb text_align=\u00bbcenter\u00bb background_image_as_pattern=\u00bbwithout_pattern\u00bb][vc_column width=\u00bb1\/2&#8243;][vc_column_text css=\u00bb.vc_custom_1597135683198{margin-bottom: 30px !important;}\u00bb]<\/p>\n<h3 style=\"text-align: center;\">Viaje a los or\u00edgenes.<\/h3>\n<p>[\/vc_column_text][vc_column_text]<\/p>\n<p style=\"text-align: center;\"><a href=\"https:\/\/test.isladelajuventud-cuba.com\/viaje-a-los-origenes-2-2\/\"><img loading=\"lazy\" decoding=\"async\" class=\"alignnone wp-image-33562 size-full\" src=\"https:\/\/test.isladelajuventud-cuba.com\/wp-content\/uploads\/2020\/08\/1.jpg\" alt=\"\" width=\"500\" height=\"300\" srcset=\"https:\/\/test.isladelajuventud-cuba.com\/wp-content\/uploads\/2020\/08\/1.jpg 500w, https:\/\/test.isladelajuventud-cuba.com\/wp-content\/uploads\/2020\/08\/1-300x180.jpg 300w\" sizes=\"auto, (max-width: 500px) 100vw, 500px\" \/><\/a><\/p>\n<p>[\/vc_column_text][vc_column_text css=\u00bb.vc_custom_1597135507708{margin-top: 30px !important;}\u00bb]<\/p>\n<p style=\"text-align: center;\"><strong><a href=\"https:\/\/test.isladelajuventud-cuba.com\/viaje-a-los-origenes-2-2\/\">M\u00c1S INFORMACI\u00d3N<\/a><\/strong><\/p>\n<p>[\/vc_column_text][\/vc_column][vc_column width=\u00bb1\/2&#8243;][vc_column_text css=\u00bb.vc_custom_1597135718579{margin-bottom: 30px !important;}\u00bb]<\/p>\n<h3 style=\"text-align: center;\">Jackson Ville; una parada en el tiempo.<\/h3>\n<p>[\/vc_column_text][vc_column_text]<\/p>\n<p style=\"text-align: center;\"><a href=\"https:\/\/test.isladelajuventud-cuba.com\/excursion3-jackson-ville-una-parada-en-el-tiempo\/\"><img loading=\"lazy\" decoding=\"async\" class=\"aligncenter wp-image-33563 size-full\" src=\"https:\/\/test.isladelajuventud-cuba.com\/wp-content\/uploads\/2020\/08\/2.jpg\" alt=\"\" width=\"500\" height=\"300\" srcset=\"https:\/\/test.isladelajuventud-cuba.com\/wp-content\/uploads\/2020\/08\/2.jpg 500w, https:\/\/test.isladelajuventud-cuba.com\/wp-content\/uploads\/2020\/08\/2-300x180.jpg 300w\" sizes=\"auto, (max-width: 500px) 100vw, 500px\" \/><\/a><\/p>\n<p>[\/vc_column_text][vc_column_text css=\u00bb.vc_custom_1597135743711{margin-top: 30px !important;}\u00bb]<\/p>\n<p style=\"text-align: center;\"><strong><a href=\"https:\/\/test.isladelajuventud-cuba.com\/excursion3-jackson-ville-una-parada-en-el-tiempo\/\">M\u00c1S INFORMACI\u00d3N<\/a><\/strong><\/p>\n<p>[\/vc_column_text][\/vc_column][\/vc_row][vc_row css_animation=\u00bb\u00bb row_type=\u00bbrow\u00bb use_row_as_full_screen_section=\u00bbno\u00bb type=\u00bbgrid\u00bb angled_section=\u00bbno\u00bb text_align=\u00bbcenter\u00bb background_image_as_pattern=\u00bbwithout_pattern\u00bb][vc_column][vc_empty_space height=\u00bb50px\u00bb][\/vc_column][\/vc_row][vc_row css_animation=\u00bb\u00bb row_type=\u00bbrow\u00bb use_row_as_full_screen_section=\u00bbno\u00bb type=\u00bbgrid\u00bb angled_section=\u00bbno\u00bb text_align=\u00bbcenter\u00bb background_image_as_pattern=\u00bbwithout_pattern\u00bb][vc_column width=\u00bb1\/2&#8243;][vc_column_text css=\u00bb.vc_custom_1597136418875{margin-bottom: 30px !important;}\u00bb]<\/p>\n<h3 style=\"text-align: center;\">La Isla con su Boulevard, Monumentos, Museos y Naturaleza.<\/h3>\n<p>[\/vc_column_text][vc_column_text]<a href=\"https:\/\/test.isladelajuventud-cuba.com\/la-isla-con-su-boulevard-monumentos-museos-y-naturaleza\/\"><img loading=\"lazy\" decoding=\"async\" class=\"aligncenter wp-image-33564 size-full\" src=\"https:\/\/test.isladelajuventud-cuba.com\/wp-content\/uploads\/2020\/08\/3.jpg\" alt=\"\" width=\"500\" height=\"300\" srcset=\"https:\/\/test.isladelajuventud-cuba.com\/wp-content\/uploads\/2020\/08\/3.jpg 500w, https:\/\/test.isladelajuventud-cuba.com\/wp-content\/uploads\/2020\/08\/3-300x180.jpg 300w\" sizes=\"auto, (max-width: 500px) 100vw, 500px\" \/><\/a>[\/vc_column_text][vc_column_text css=\u00bb.vc_custom_1597136458251{margin-top: 30px !important;}\u00bb]<\/p>\n<p style=\"text-align: center;\"><strong><a href=\"https:\/\/test.isladelajuventud-cuba.com\/la-isla-con-su-boulevard-monumentos-museos-y-naturaleza\/\">M\u00c1S INFORMACI\u00d3N<\/a><\/strong><\/p>\n<p>[\/vc_column_text][\/vc_column][vc_column width=\u00bb1\/2&#8243;][vc_column_text css=\u00bb.vc_custom_1597136538773{margin-bottom: 30px !important;}\u00bb]<\/p>\n<h3 style=\"text-align: center;\">Hacia el techo de la Isla.<\/h3>\n<p>[\/vc_column_text][vc_column_text]<a href=\"https:\/\/test.isladelajuventud-cuba.com\/excursion10-hacia-el-techo-de-la-isla\/\"><img loading=\"lazy\" decoding=\"async\" class=\"aligncenter wp-image-33565 size-full\" src=\"https:\/\/test.isladelajuventud-cuba.com\/wp-content\/uploads\/2020\/08\/4.jpg\" alt=\"\" width=\"500\" height=\"300\" srcset=\"https:\/\/test.isladelajuventud-cuba.com\/wp-content\/uploads\/2020\/08\/4.jpg 500w, https:\/\/test.isladelajuventud-cuba.com\/wp-content\/uploads\/2020\/08\/4-300x180.jpg 300w\" sizes=\"auto, (max-width: 500px) 100vw, 500px\" \/><\/a>[\/vc_column_text][vc_column_text css=\u00bb.vc_custom_1597136577241{margin-top: 30px !important;}\u00bb]<\/p>\n<p style=\"text-align: center;\"><strong><a href=\"https:\/\/test.isladelajuventud-cuba.com\/excursion10-hacia-el-techo-de-la-isla\/\">M\u00c1S INFORMACI\u00d3N<\/a><\/strong><\/p>\n<p>[\/vc_column_text][\/vc_column][\/vc_row][vc_row css_animation=\u00bb\u00bb row_type=\u00bbrow\u00bb use_row_as_full_screen_section=\u00bbno\u00bb type=\u00bbgrid\u00bb angled_section=\u00bbno\u00bb text_align=\u00bbcenter\u00bb background_image_as_pattern=\u00bbwithout_pattern\u00bb][vc_column][vc_empty_space height=\u00bb50px\u00bb][\/vc_column][\/vc_row][vc_row css_animation=\u00bb\u00bb row_type=\u00bbrow\u00bb use_row_as_full_screen_section=\u00bbno\u00bb type=\u00bbgrid\u00bb angled_section=\u00bbno\u00bb text_align=\u00bbcenter\u00bb background_image_as_pattern=\u00bbwithout_pattern\u00bb][vc_column]<div class=\"custom_font_holder \" style=\"font-family: Open Sans; font-style: normal; font-weight: 400; color: #000000; text-decoration: none; text-align: left; --qode-cf-font-size: 30px; --qode-cf-line-height: 36px; --qode-cf-font-size-1440: 30px; --qode-cf-line-height-1440: 36px; --qode-cf-font-size-1366: 30px; --qode-cf-line-height-1366: 36px; --qode-cf-font-size-1280: 30px; --qode-cf-line-height-1280: 36px; --qode-cf-font-size-1024: 30px; --qode-cf-line-height-1024: 36px; --qode-cf-font-size-768: 30px; --qode-cf-line-height-768: 36px; --qode-cf-font-size-680: 30px; --qode-cf-line-height-680: 36px; --qode-cf-font-size-480: 30px; --qode-cf-line-height-480: 36px;\">\n<p style=\"text-align: center;\"><strong>Cayo Largo del Sur<\/strong><\/p>\n<\/div>[vc_separator type=\u00bbnormal\u00bb up=\u00bb15&#8243; down=\u00bb20&#8243; separator_width=\u00bb100&#8243; separator_color=\u00bb#000000&#8243;][\/vc_column][\/vc_row][vc_row css_animation=\u00bb\u00bb row_type=\u00bbrow\u00bb use_row_as_full_screen_section=\u00bbno\u00bb type=\u00bbgrid\u00bb angled_section=\u00bbno\u00bb text_align=\u00bbcenter\u00bb background_image_as_pattern=\u00bbwithout_pattern\u00bb][vc_column][vc_empty_space height=\u00bb50px\u00bb][\/vc_column][\/vc_row][vc_row css_animation=\u00bb\u00bb row_type=\u00bbrow\u00bb use_row_as_full_screen_section=\u00bbno\u00bb type=\u00bbgrid\u00bb angled_section=\u00bbno\u00bb text_align=\u00bbcenter\u00bb background_image_as_pattern=\u00bbwithout_pattern\u00bb][vc_column width=\u00bb1\/2&#8243;][vc_column_text css=\u00bb.vc_custom_1597136657891{margin-bottom: 30px !important;}\u00bb]<\/p>\n<h3 style=\"text-align: center;\">Puesta del Sol.<\/h3>\n<p>[\/vc_column_text][vc_column_text]<a href=\"https:\/\/test.isladelajuventud-cuba.com\/puesta-del-sol-en-cayo-largo-del-sur\/\"><img loading=\"lazy\" decoding=\"async\" class=\"aligncenter wp-image-33566 size-full\" src=\"https:\/\/test.isladelajuventud-cuba.com\/wp-content\/uploads\/2020\/08\/5.jpg\" alt=\"\" width=\"500\" height=\"300\" srcset=\"https:\/\/test.isladelajuventud-cuba.com\/wp-content\/uploads\/2020\/08\/5.jpg 500w, https:\/\/test.isladelajuventud-cuba.com\/wp-content\/uploads\/2020\/08\/5-300x180.jpg 300w\" sizes=\"auto, (max-width: 500px) 100vw, 500px\" \/><\/a>[\/vc_column_text][vc_column_text css=\u00bb.vc_custom_1597136700084{margin-top: 30px !important;}\u00bb]<\/p>\n<p style=\"text-align: center;\"><strong><a href=\"https:\/\/test.isladelajuventud-cuba.com\/puesta-del-sol-en-cayo-largo-del-sur\/\">M\u00c1S INFORMACI\u00d3N<\/a><\/strong><\/p>\n<p>[\/vc_column_text][\/vc_column][vc_column width=\u00bb1\/2&#8243;][vc_column_text css=\u00bb.vc_custom_1597136718884{margin-bottom: 30px !important;}\u00bb]<\/p>\n<h3 style=\"text-align: center;\">Super Reef.<\/h3>\n<p>[\/vc_column_text][vc_column_text]<\/p>\n<p style=\"text-align: center;\"><a href=\"https:\/\/test.isladelajuventud-cuba.com\/super-reef\/\"><img loading=\"lazy\" decoding=\"async\" class=\"aligncenter wp-image-33567 size-full\" src=\"https:\/\/test.isladelajuventud-cuba.com\/wp-content\/uploads\/2020\/08\/6.jpg\" alt=\"\" width=\"500\" height=\"300\" srcset=\"https:\/\/test.isladelajuventud-cuba.com\/wp-content\/uploads\/2020\/08\/6.jpg 500w, https:\/\/test.isladelajuventud-cuba.com\/wp-content\/uploads\/2020\/08\/6-300x180.jpg 300w\" sizes=\"auto, (max-width: 500px) 100vw, 500px\" \/><\/a><\/p>\n<p>[\/vc_column_text][vc_column_text css=\u00bb.vc_custom_1597136754371{margin-top: 30px !important;}\u00bb]<\/p>\n<p style=\"text-align: center;\"><strong><a href=\"https:\/\/test.isladelajuventud-cuba.com\/super-reef\/\">M\u00c1S INFORMACI\u00d3N<\/a><\/strong><\/p>\n<p>[\/vc_column_text][\/vc_column][\/vc_row][vc_row css_animation=\u00bb\u00bb row_type=\u00bbrow\u00bb use_row_as_full_screen_section=\u00bbno\u00bb type=\u00bbgrid\u00bb angled_section=\u00bbno\u00bb text_align=\u00bbcenter\u00bb background_image_as_pattern=\u00bbwithout_pattern\u00bb][vc_column][vc_empty_space height=\u00bb50px\u00bb][\/vc_column][\/vc_row][vc_row css_animation=\u00bb\u00bb row_type=\u00bbrow\u00bb use_row_as_full_screen_section=\u00bbno\u00bb type=\u00bbgrid\u00bb angled_section=\u00bbno\u00bb text_align=\u00bbcenter\u00bb background_image_as_pattern=\u00bbwithout_pattern\u00bb][vc_column width=\u00bb1\/2&#8243;][vc_column_text css=\u00bb.vc_custom_1597138269009{margin-bottom: 30px !important;}\u00bb]<\/p>\n<h3 style=\"text-align: center;\">Visita a Cayo Rico.<\/h3>\n<p>[\/vc_column_text][vc_column_text]<\/p>\n<p style=\"text-align: center;\"><a href=\"https:\/\/test.isladelajuventud-cuba.com\/cayo-rico\/\"><img loading=\"lazy\" decoding=\"async\" class=\"alignleft wp-image-33568 size-full\" src=\"https:\/\/test.isladelajuventud-cuba.com\/wp-content\/uploads\/2020\/08\/7.jpg\" alt=\"\" width=\"500\" height=\"300\" srcset=\"https:\/\/test.isladelajuventud-cuba.com\/wp-content\/uploads\/2020\/08\/7.jpg 500w, https:\/\/test.isladelajuventud-cuba.com\/wp-content\/uploads\/2020\/08\/7-300x180.jpg 300w\" sizes=\"auto, (max-width: 500px) 100vw, 500px\" \/><\/a><\/p>\n<p>[\/vc_column_text][vc_column_text css=\u00bb.vc_custom_1597138390440{margin-top: 30px !important;}\u00bb]<\/p>\n<p style=\"text-align: center;\"><strong><a href=\"https:\/\/test.isladelajuventud-cuba.com\/cayo-rico\/\">M\u00c1S INFORMACI\u00d3N<\/a><\/strong><\/p>\n<p>[\/vc_column_text][\/vc_column][vc_column width=\u00bb1\/2&#8243;][vc_column_text css=\u00bb.vc_custom_1597138407913{margin-bottom: 30px !important;}\u00bb]<\/p>\n<h3 style=\"text-align: center;\">Lo exclusivo de Cayo Largo.<\/h3>\n<p>[\/vc_column_text][vc_column_text]<\/p>\n<p style=\"text-align: center;\"><a href=\"https:\/\/test.isladelajuventud-cuba.com\/pesca-en-cayo-largo-del-sur\/\"><img loading=\"lazy\" decoding=\"async\" class=\"alignleft wp-image-33569 size-full\" src=\"https:\/\/test.isladelajuventud-cuba.com\/wp-content\/uploads\/2020\/08\/8.jpg\" alt=\"\" width=\"500\" height=\"300\" srcset=\"https:\/\/test.isladelajuventud-cuba.com\/wp-content\/uploads\/2020\/08\/8.jpg 500w, https:\/\/test.isladelajuventud-cuba.com\/wp-content\/uploads\/2020\/08\/8-300x180.jpg 300w\" sizes=\"auto, (max-width: 500px) 100vw, 500px\" \/><\/a><\/p>\n<p>[\/vc_column_text][vc_column_text css=\u00bb.vc_custom_1597138447312{margin-top: 30px !important;}\u00bb]<\/p>\n<p style=\"text-align: center;\"><strong><a href=\"https:\/\/test.isladelajuventud-cuba.com\/pesca-en-cayo-largo-del-sur\/\">M\u00c1S INFORMACI\u00d3N<\/a><\/strong><\/p>\n<p>[\/vc_column_text][\/vc_column][\/vc_row][vc_row css_animation=\u00bb\u00bb row_type=\u00bbrow\u00bb use_row_as_full_screen_section=\u00bbno\u00bb type=\u00bbgrid\u00bb angled_section=\u00bbno\u00bb text_align=\u00bbcenter\u00bb background_image_as_pattern=\u00bbwithout_pattern\u00bb][vc_column][vc_empty_space height=\u00bb50px\u00bb][\/vc_column][\/vc_row][vc_row css_animation=\u00bb\u00bb row_type=\u00bbrow\u00bb use_row_as_full_screen_section=\u00bbno\u00bb type=\u00bbgrid\u00bb angled_section=\u00bbno\u00bb text_align=\u00bbcenter\u00bb background_image_as_pattern=\u00bbwithout_pattern\u00bb][vc_column width=\u00bb1\/2&#8243;][vc_column_text css=\u00bb.vc_custom_1597138473690{margin-bottom: 30px !important;}\u00bb]<\/p>\n<h3 style=\"text-align: center;\">Pesca en Cayo Largo del Sur.<\/h3>\n<p>[\/vc_column_text][vc_column_text]<\/p>\n<p style=\"text-align: center;\"><a href=\"https:\/\/test.isladelajuventud-cuba.com\/pesca-en-cayo-largo-del-sur\/\"><img loading=\"lazy\" decoding=\"async\" class=\"alignleft wp-image-33570 size-full\" src=\"https:\/\/test.isladelajuventud-cuba.com\/wp-content\/uploads\/2020\/08\/9.jpg\" alt=\"\" width=\"500\" height=\"300\" srcset=\"https:\/\/test.isladelajuventud-cuba.com\/wp-content\/uploads\/2020\/08\/9.jpg 500w, https:\/\/test.isladelajuventud-cuba.com\/wp-content\/uploads\/2020\/08\/9-300x180.jpg 300w\" sizes=\"auto, (max-width: 500px) 100vw, 500px\" \/><\/a><\/p>\n<p>[\/vc_column_text][vc_column_text css=\u00bb.vc_custom_1597138508217{margin-top: 30px !important;}\u00bb]<\/p>\n<p style=\"text-align: center;\"><strong><a href=\"https:\/\/test.isladelajuventud-cuba.com\/pesca-en-cayo-largo-del-sur\/\">M\u00c1S INFORMACI\u00d3N<\/a><\/strong><\/p>\n<p>[\/vc_column_text][\/vc_column][\/vc_row][vc_row css_animation=\u00bb\u00bb row_type=\u00bbrow\u00bb use_row_as_full_screen_section=\u00bbno\u00bb type=\u00bbgrid\u00bb angled_section=\u00bbno\u00bb text_align=\u00bbcenter\u00bb background_image_as_pattern=\u00bbwithout_pattern\u00bb][vc_column][vc_empty_space height=\u00bb50px\u00bb][\/vc_column][\/vc_row][vc_row css_animation=\u00bb\u00bb row_type=\u00bbrow\u00bb use_row_as_full_screen_section=\u00bbno\u00bb type=\u00bbgrid\u00bb angled_section=\u00bbno\u00bb text_align=\u00bbcenter\u00bb background_image_as_pattern=\u00bbwithout_pattern\u00bb][vc_column]<div class=\"custom_font_holder \" style=\"font-family: Open Sans; font-style: normal; font-weight: 400; color: #000000; text-decoration: none; text-align: left; --qode-cf-font-size: 30px; --qode-cf-line-height: 36px; --qode-cf-font-size-1440: 30px; --qode-cf-line-height-1440: 36px; --qode-cf-font-size-1366: 30px; --qode-cf-line-height-1366: 36px; --qode-cf-font-size-1280: 30px; --qode-cf-line-height-1280: 36px; --qode-cf-font-size-1024: 30px; --qode-cf-line-height-1024: 36px; --qode-cf-font-size-768: 30px; --qode-cf-line-height-768: 36px; --qode-cf-font-size-680: 30px; --qode-cf-line-height-680: 36px; --qode-cf-font-size-480: 30px; --qode-cf-line-height-480: 36px;\">\n<p style=\"text-align: center;\"><strong>La Habana<br \/>\n<\/strong><\/p>\n<\/div>[vc_separator type=\u00bbnormal\u00bb up=\u00bb15&#8243; down=\u00bb20&#8243; separator_width=\u00bb100&#8243; separator_color=\u00bb#000000&#8243;][\/vc_column][\/vc_row][vc_row css_animation=\u00bb\u00bb row_type=\u00bbrow\u00bb use_row_as_full_screen_section=\u00bbno\u00bb type=\u00bbgrid\u00bb angled_section=\u00bbno\u00bb text_align=\u00bbcenter\u00bb background_image_as_pattern=\u00bbwithout_pattern\u00bb][vc_column][vc_empty_space height=\u00bb50px\u00bb][\/vc_column][\/vc_row][vc_row css_animation=\u00bb\u00bb row_type=\u00bbrow\u00bb use_row_as_full_screen_section=\u00bbno\u00bb type=\u00bbgrid\u00bb angled_section=\u00bbno\u00bb text_align=\u00bbcenter\u00bb background_image_as_pattern=\u00bbwithout_pattern\u00bb][vc_column width=\u00bb1\/2&#8243;][vc_column_text css=\u00bb.vc_custom_1597138595561{margin-bottom: 30px !important;}\u00bb]<\/p>\n<h3 style=\"text-align: center;\">Tour por la capital cubana. La Habana.<\/h3>\n<p>[\/vc_column_text][vc_column_text]<\/p>\n<p style=\"text-align: center;\"><a href=\"https:\/\/test.isladelajuventud-cuba.com\/tour-por-la-capital-cubana-la-habana\/\"><img loading=\"lazy\" decoding=\"async\" class=\"alignleft wp-image-33571 size-full\" src=\"https:\/\/test.isladelajuventud-cuba.com\/wp-content\/uploads\/2020\/08\/10.jpg\" alt=\"\" width=\"500\" height=\"300\" srcset=\"https:\/\/test.isladelajuventud-cuba.com\/wp-content\/uploads\/2020\/08\/10.jpg 500w, https:\/\/test.isladelajuventud-cuba.com\/wp-content\/uploads\/2020\/08\/10-300x180.jpg 300w\" sizes=\"auto, (max-width: 500px) 100vw, 500px\" \/><\/a><\/p>\n<p>[\/vc_column_text][vc_column_text css=\u00bb.vc_custom_1597138646600{margin-top: 30px !important;}\u00bb]<\/p>\n<p style=\"text-align: center;\"><strong><a href=\"https:\/\/test.isladelajuventud-cuba.com\/tour-por-la-capital-cubana-la-habana\/\">M\u00c1S INFORMACI\u00d3N<\/a><\/strong><\/p>\n<p>[\/vc_column_text][\/vc_column][\/vc_row][vc_row css_animation=\u00bb\u00bb row_type=\u00bbrow\u00bb use_row_as_full_screen_section=\u00bbno\u00bb type=\u00bbgrid\u00bb angled_section=\u00bbno\u00bb text_align=\u00bbcenter\u00bb background_image_as_pattern=\u00bbwithout_pattern\u00bb][vc_column][vc_empty_space height=\u00bb50px\u00bb][\/vc_column][\/vc_row]<\/p>\n<\/div>","protected":false},"excerpt":{"rendered":"<p>[vc_row css_animation=\u00bb\u00bb row_type=\u00bbrow\u00bb use_row_as_full_screen_section=\u00bbno\u00bb type=\u00bbfull_width\u00bb angled_section=\u00bbno\u00bb text_align=\u00bbcenter\u00bb background_image_as_pattern=\u00bbwithout_pattern\u00bb][vc_column][vc_column_text] [\/vc_column_text][\/vc_column][\/vc_row][vc_row css_animation=\u00bb\u00bb row_type=\u00bbrow\u00bb use_row_as_full_screen_section=\u00bbno\u00bb type=\u00bbgrid\u00bb angled_section=\u00bbno\u00bb text_align=\u00bbcenter\u00bb background_image_as_pattern=\u00bbwithout_pattern\u00bb][vc_column][vc_empty_space height=\u00bb50px\u00bb][\/vc_column][\/vc_row][vc_row css_animation=\u00bb\u00bb row_type=\u00bbrow\u00bb use_row_as_full_screen_section=\u00bbno\u00bb type=\u00bbgrid\u00bb angled_section=\u00bbno\u00bb text_align=\u00bbcenter\u00bb background_image_as_pattern=\u00bbwithout_pattern\u00bb][vc_column][vc_column_text] EXCURSIONES POR CUBA [\/vc_column_text][\/vc_column][\/vc_row][vc_row css_animation=\u00bb\u00bb row_type=\u00bbrow\u00bb use_row_as_full_screen_section=\u00bbno\u00bb type=\u00bbgrid\u00bb angled_section=\u00bbno\u00bb text_align=\u00bbcenter\u00bb background_image_as_pattern=\u00bbwithout_pattern\u00bb][vc_column][vc_empty_space height=\u00bb50px\u00bb][\/vc_column][\/vc_row][vc_row css_animation=\u00bb\u00bb row_type=\u00bbrow\u00bb use_row_as_full_screen_section=\u00bbno\u00bb type=\u00bbgrid\u00bb angled_section=\u00bbno\u00bb text_align=\u00bbcenter\u00bb background_image_as_pattern=\u00bbwithout_pattern\u00bb css=\u00bb.vc_custom_1486569008549{margin-top: 130px&#8230;<\/p>\n","protected":false},"author":1,"featured_media":0,"parent":0,"menu_order":0,"comment_status":"open","ping_status":"closed","template":"full_width.php","meta":{"_joinchat":[],"footnotes":""},"class_list":["post-33889","page","type-page","status-publish","hentry"],"_links":{"self":[{"href":"https:\/\/test.isladelajuventud-cuba.com\/index.php?rest_route=\/wp\/v2\/pages\/33889","targetHints":{"allow":["GET"]}}],"collection":[{"href":"https:\/\/test.isladelajuventud-cuba.com\/index.php?rest_route=\/wp\/v2\/pages"}],"about":[{"href":"https:\/\/test.isladelajuventud-cuba.com\/index.php?rest_route=\/wp\/v2\/types\/page"}],"author":[{"embeddable":true,"href":"https:\/\/test.isladelajuventud-cuba.com\/index.php?rest_route=\/wp\/v2\/users\/1"}],"replies":[{"embeddable":true,"href":"https:\/\/test.isladelajuventud-cuba.com\/index.php?rest_route=%2Fwp%2Fv2%2Fcomments&post=33889"}],"version-history":[{"count":0,"href":"https:\/\/test.isladelajuventud-cuba.com\/index.php?rest_route=\/wp\/v2\/pages\/33889\/revisions"}],"wp:attachment":[{"href":"https:\/\/test.isladelajuventud-cuba.com\/index.php?rest_route=%2Fwp%2Fv2%2Fmedia&parent=33889"}],"curies":[{"name":"wp","href":"https:\/\/api.w.org\/{rel}","templated":true}]}}