{"id":33910,"date":"2014-04-15T12:33:38","date_gmt":"2014-04-15T12:33:38","guid":{"rendered":"https:\/\/test.isladelajuventud-cuba.com\/?page_id=33910"},"modified":"2020-08-19T11:35:40","modified_gmt":"2020-08-19T11:35:40","slug":"sports-agenda","status":"publish","type":"page","link":"https:\/\/test.isladelajuventud-cuba.com\/?page_id=33910&lang=en","title":{"rendered":"Sports agenda"},"content":{"rendered":"<div class=\"wpb-content-wrapper\" id=\"wpb-content-root\"><p>[vc_row css_animation=\u00bb\u00bb row_type=\u00bbrow\u00bb use_row_as_full_screen_section=\u00bbno\u00bb type=\u00bbfull_width\u00bb angled_section=\u00bbno\u00bb text_align=\u00bbcenter\u00bb background_image_as_pattern=\u00bbwithout_pattern\u00bb][vc_column][vc_column_text]<\/p>\n<p style=\"text-align: center;\"><div class=\"wp1s-slider-wrapper wp1s-slider-wrapper-43504 \">  \r\n    <div class=\"wp1s-main-wrapper\">\r\n      \r\n\r\n    <div class=\"wp1s-slider-container wp1s-pager-type-1 wp1s-arrow-type-1 wp1s-pagination\">\r\n    <ul class=\"wp1s-bxslider\" data-id=\"43504\" data-auto='true' data-speed='1000' data-pause='5000' data-transition='horizontal' data-controls='true' data-responsive='true' data-pager='disable' >\r\n            <li>\r\n            <img decoding=\"async\" src=\"https:\/\/test.isladelajuventud-cuba.com\/wp-content\/uploads\/2020\/01\/slide1.jpg\" \/>\r\n            <div class=\"wp1s-caption-wrapper wp1s-caption-type-1 wp1s-caption-middlecenter\">\r\n            <h1 class=\"wp1s-caption-title\"><\/h1>\r\n            <h2 class=\"wp1s-caption-content\"><\/h2>\r\n                        <\/div>\r\n        <\/li>\r\n            <li>\r\n            <img decoding=\"async\" src=\"https:\/\/test.isladelajuventud-cuba.com\/wp-content\/uploads\/2020\/01\/slide2.jpg\" \/>\r\n            <div class=\"wp1s-caption-wrapper wp1s-caption-type-1 wp1s-caption-middlecenter\">\r\n            <h1 class=\"wp1s-caption-title\"><\/h1>\r\n            <h2 class=\"wp1s-caption-content\">Cayo Largo del Sur. Un Para\u00edso del Caribe.<\/h2>\r\n                        <a href=\"https:\/\/test.isladelajuventud-cuba.com\/alojamiento-hoteles\/\" class=\"wps1-readmore-button\">Reserve con un click.<\/a>\r\n                        <\/div>\r\n        <\/li>\r\n            <li>\r\n            <img decoding=\"async\" src=\"https:\/\/test.isladelajuventud-cuba.com\/wp-content\/uploads\/2019\/10\/test1.jpg\" \/>\r\n            <div class=\"wp1s-caption-wrapper wp1s-caption-type-1 wp1s-caption-middlecenter\">\r\n            <h1 class=\"wp1s-caption-title\"><\/h1>\r\n            <h2 class=\"wp1s-caption-content\"><\/h2>\r\n                        <\/div>\r\n        <\/li>\r\n            <li>\r\n            <img decoding=\"async\" src=\"https:\/\/test.isladelajuventud-cuba.com\/wp-content\/uploads\/2020\/01\/slide4.jpg\" \/>\r\n            <div class=\"wp1s-caption-wrapper wp1s-caption-type-1 wp1s-caption-middlecenter\">\r\n            <h1 class=\"wp1s-caption-title\"><\/h1>\r\n            <h2 class=\"wp1s-caption-content\">Puestas de sol \u00fanicas...<\/h2>\r\n                        <\/div>\r\n        <\/li>\r\n            <li>\r\n            <img decoding=\"async\" src=\"https:\/\/test.isladelajuventud-cuba.com\/wp-content\/uploads\/2020\/01\/slide3.jpg\" \/>\r\n            <div class=\"wp1s-caption-wrapper wp1s-caption-type-1 wp1s-caption-middlecenter\">\r\n            <h1 class=\"wp1s-caption-title\"><\/h1>\r\n            <h2 class=\"wp1s-caption-content\">Un mundo bajo el mar.<\/h2>\r\n                        <a href=\"https:\/\/test.isladelajuventud-cuba.com\/centros-de-buceo\/\" class=\"wps1-readmore-button\">Reserve  tus inmersiones con un click.<\/a>\r\n                        <\/div>\r\n        <\/li>\r\n            <li>\r\n            <img decoding=\"async\" src=\"https:\/\/test.isladelajuventud-cuba.com\/wp-content\/uploads\/2020\/01\/slide5.jpg\" \/>\r\n            <div class=\"wp1s-caption-wrapper wp1s-caption-type-1 wp1s-caption-middlecenter\">\r\n            <h1 class=\"wp1s-caption-title\"><\/h1>\r\n            <h2 class=\"wp1s-caption-content\">Descubra algunas de las mejores playas del mundo.<\/h2>\r\n                        <a href=\"https:\/\/test.isladelajuventud-cuba.com\/playas-2\/\" class=\"wps1-readmore-button\">Ver m\u00e1s playas<\/a>\r\n                        <\/div>\r\n        <\/li>\r\n            <li>\r\n            <img decoding=\"async\" src=\"https:\/\/test.isladelajuventud-cuba.com\/wp-content\/uploads\/2020\/01\/slide6-1.jpg\" \/>\r\n            <div class=\"wp1s-caption-wrapper wp1s-caption-type-1 wp1s-caption-middlecenter\">\r\n            <h1 class=\"wp1s-caption-title\"><\/h1>\r\n            <h2 class=\"wp1s-caption-content\">Descubre su naturaleza en estado puro...<\/h2>\r\n                        <\/div>\r\n        <\/li>\r\n            <li>\r\n            <img decoding=\"async\" src=\"https:\/\/test.isladelajuventud-cuba.com\/wp-content\/uploads\/2020\/01\/slide7.jpg\" \/>\r\n            <div class=\"wp1s-caption-wrapper wp1s-caption-type-1 wp1s-caption-middlecenter\">\r\n            <h1 class=\"wp1s-caption-title\"><\/h1>\r\n            <h2 class=\"wp1s-caption-content\">MUSEOS<\/h2>\r\n                        <a href=\"https:\/\/test.isladelajuventud-cuba.com\/museos\/\" class=\"wps1-readmore-button\">Ver m\u00e1s Museos<\/a>\r\n                        <\/div>\r\n        <\/li>\r\n            <li>\r\n            <img decoding=\"async\" src=\"https:\/\/test.isladelajuventud-cuba.com\/wp-content\/uploads\/2020\/01\/slide8.jpg\" \/>\r\n            <div class=\"wp1s-caption-wrapper wp1s-caption-type-1 wp1s-caption-middlecenter\">\r\n            <h1 class=\"wp1s-caption-title\"><\/h1>\r\n            <h2 class=\"wp1s-caption-content\">LUGARES DE INTER\u00c9S<\/h2>\r\n                        <a href=\"https:\/\/test.isladelajuventud-cuba.com\/lugares-de-interes-2\/\" class=\"wps1-readmore-button\">Ver m\u00e1s Lugares de Inter\u00e9s<\/a>\r\n                        <\/div>\r\n        <\/li>\r\n            <li>\r\n            <img decoding=\"async\" src=\"https:\/\/test.isladelajuventud-cuba.com\/wp-content\/uploads\/2020\/01\/slide9-1.jpg\" \/>\r\n            <div class=\"wp1s-caption-wrapper wp1s-caption-type-1 wp1s-caption-middlecenter\">\r\n            <h1 class=\"wp1s-caption-title\"><\/h1>\r\n            <h2 class=\"wp1s-caption-content\">Hoteles, casas de alquiler, camping. <\/h2>\r\n                        <a href=\"https:\/\/test.isladelajuventud-cuba.com\/alojamiento\/\" class=\"wps1-readmore-button\">Reserva su alojamiento con un click.<\/a>\r\n                        <\/div>\r\n        <\/li>\r\n            <li>\r\n            <img decoding=\"async\" src=\"https:\/\/test.isladelajuventud-cuba.com\/wp-content\/uploads\/2020\/01\/slide10.jpg\" \/>\r\n            <div class=\"wp1s-caption-wrapper wp1s-caption-type-1 wp1s-caption-middlecenter\">\r\n            <h1 class=\"wp1s-caption-title\"><\/h1>\r\n            <h2 class=\"wp1s-caption-content\">Nueva Gerona fundada en 1830, una ciudad que  le sorprender\u00e1...<\/h2>\r\n                        <a href=\"https:\/\/test.isladelajuventud-cuba.com\/nucleos-urbanos-nueva-gerona\/\" class=\"wps1-readmore-button\">Conozca Nueva Gerona con un click<\/a>\r\n                        <\/div>\r\n        <\/li>\r\n            <li>\r\n            <img decoding=\"async\" src=\"https:\/\/test.isladelajuventud-cuba.com\/wp-content\/uploads\/2020\/02\/monumentos.jpg\" \/>\r\n            <div class=\"wp1s-caption-wrapper wp1s-caption-type-1 wp1s-caption-middlecenter\">\r\n            <h1 class=\"wp1s-caption-title\"><\/h1>\r\n            <h2 class=\"wp1s-caption-content\">MONUMENTOS<\/h2>\r\n                        <a href=\"https:\/\/test.isladelajuventud-cuba.com\/monumentos\/\" class=\"wps1-readmore-button\">Ver m\u00e1s Monumentos<\/a>\r\n                        <\/div>\r\n        <\/li>\r\n        <\/ul>\r\n    <\/div>\r\n<\/div>\r\n      <\/div>\r\n   <style>\r\n\r\n.wp1s-slider-wrapper-43504 {\r\n    \r\n     width:100%%;   \r\n}\r\n\r\n.wp1s-slider-wrapper-43504 .wp1s-caption-wrapper.wp1s-caption-type-1 .wp1s-caption-title{\r\n\r\n    font-size:20px;\r\n   \r\n}\r\n\r\n.wp1s-slider-wrapper-43504 .wp1s-caption-wrapper.wp1s-caption-type-1 .wp1s-caption-content{\r\n   \r\n    font-size: 40px;\r\n    \r\n}\r\n.wp1s-slider-wrapper-43504 .wp1s-caption-wrapper.wp1s-caption-type-2 .wp1s-caption-title {\r\n    font-size:20px;\r\n    background-color:rgba(125,165,82,0.8);\r\n   \r\n}\r\n.wp1s-slider-wrapper-43504 .wp1s-caption-wrapper.wp1s-caption-type-2 .wp1s-caption-content {\r\n    font-size:40px;\r\n\r\n}\r\n.wp1s-slider-wrapper-43504 .wp1s-caption-wrapper.wp1s-caption-type-3 .wp1s-caption-title {\r\n    font-size:20px;\r\n    border-bottom:7px solid #2ed1ff;\r\n}\r\n.wp1s-slider-wrapper-43504 .wp1s-caption-wrapper.wp1s-caption-type-3 .wp1s-caption-content {\r\n    font-size:40px;\r\n   \r\n}\r\n.wp1s-slider-wrapper-43504 .wp1s-caption-wrapper.wp1s-caption-type-4  {\r\n   \r\n    background-color:rgba(124,118,118,0.6);\r\n\r\n}\r\n.wp1s-slider-wrapper-43504 .wp1s-caption-wrapper.wp1s-caption-type-4 .wp1s-caption-title {\r\n    font-size:20px;\r\n\r\n}\r\n.wp1s-slider-wrapper-43504 .wp1s-caption-wrapper.wp1s-caption-type-4 .wp1s-caption-content {\r\n    font-size:40px;\r\n}\r\n.wp1s-slider-wrapper-43504 .wp1s-caption-wrapper .wp1s-caption-title {\r\n    color:#ffffff;\r\n}\r\n.wp1s-slider-wrapper-43504 .wp1s-caption-wrapper .wp1s-caption-content {\r\n    color:#59d600;\r\n}\r\n.wp1s-slider-wrapper-43504 .wp1s-main-wrapper .wp1s-pager-type-1 .bx-wrapper .bx-pager.bx-default-pager a {\r\n    background-color:#ffffff;\r\n}\r\n.wp1s-slider-wrapper-43504 .wp1s-main-wrapper .wp1s-pager-type-1 .bx-wrapper .bx-pager.bx-default-pager a:hover, \r\n.wp1s-slider-wrapper-43504 .wp1s-main-wrapper .wp1s-pager-type-1 .bx-wrapper .bx-pager.bx-default-pager a.active {\r\n    background-color:#3bb1f4;\r\n}\r\n.wp1s-slider-wrapper-43504 .wp1s-main-wrapper .wp1s-pager-type-2 .bx-wrapper .bx-pager.bx-default-pager a {\r\n    background-color:#635e5e;\r\n    border:3px solid #979191;\r\n}\r\n.wp1s-slider-wrapper-43504 .wp1s-main-wrapper .wp1s-pager-type-2 .bx-wrapper .bx-pager.bx-default-pager a:hover, \r\n.wp1s-slider-wrapper-43504 .wp1s-main-wrapper .wp1s-pager-type-2 .bx-wrapper .bx-pager.bx-default-pager a.active {\r\n    background-color:#ffffff;\r\n}\r\n.wp1s-slider-wrapper-43504 .wp1s-main-wrapper .wp1s-pager-type-3 .bx-wrapper .bx-pager.bx-default-pager a {\r\n    border:1px solid #ffffff;\r\n   \r\n}\r\n.wp1s-slider-wrapper-43504 .wp1s-main-wrapper .wp1s-pager-type-3 .bx-wrapper .bx-pager.bx-default-pager a:hover, \r\n.wp1s-slider-wrapper-43504 .wp1s-main-wrapper .wp1s-pager-type-3 .bx-wrapper .bx-pager.bx-default-pager a.active {\r\n    border-color:#ff9600;\r\n}\r\n.wp1s-slider-wrapper-43504 .wp1s-main-wrapper .wp1s-pager-type-4 .bx-wrapper .bx-pager.bx-default-pager a {\r\n    background-color:#7a7a7a;\r\n    \r\n}\r\n.wp1s-slider-wrapper-43504 .wp1s-main-wrapper .wp1s-pager-type-4 .bx-wrapper .bx-pager.bx-default-pager a:hover, \r\n.wp1s-slider-wrapper-43504 .wp1s-main-wrapper .wp1s-pager-type-4 .bx-wrapper .bx-pager.bx-default-pager a.active {\r\n    background-color:#ffffff;\r\n}\r\n.wp1s-slider-wrapper-43504 .wp1s-caption-wrapper.wp1s-caption-type-1 .wps1-readmore-button {\r\n    background-color: #1e75f6;\r\n    box-shadow: 0 2px 0 #1758c6;\r\n    -webkit-box-shadow: 0 2px 0 #1758c6;\r\n    -moz-box-shadow: 0 2px 0 #1758c6;\r\n}\r\n.wp1s-slider-wrapper-43504 .wp1s-caption-wrapper.wp1s-caption-type-1 .wps1-readmore-button:hover {\r\n    background-color:#11499e;\r\n}\r\n@media (max-width:1200px) {\r\n.wp1s-slider-wrapper-43504 .wp1s-slider-wrapper {\r\nwidth:100%;\r\n}\r\n}\r\n.wp1s-widget-wrap .wp1s-caption-wrapper {\r\n\r\ndisplay: none;\r\n}\r\n\r\n.wp1s-widget-wrap .wp1s-thumbnail-wrapper {\r\ndisplay: none;\r\n}\r\n\r\n<\/style><\/p>\n<p>[\/vc_column_text][\/vc_column][\/vc_row][vc_row css_animation=\u00bb\u00bb row_type=\u00bbrow\u00bb use_row_as_full_screen_section=\u00bbno\u00bb type=\u00bbgrid\u00bb angled_section=\u00bbno\u00bb text_align=\u00bbcenter\u00bb background_image_as_pattern=\u00bbwithout_pattern\u00bb][vc_column][vc_empty_space height=\u00bb50px\u00bb][\/vc_column][\/vc_row][vc_row css_animation=\u00bb\u00bb row_type=\u00bbrow\u00bb use_row_as_full_screen_section=\u00bbno\u00bb type=\u00bbgrid\u00bb angled_section=\u00bbno\u00bb text_align=\u00bbcenter\u00bb background_image_as_pattern=\u00bbwithout_pattern\u00bb][vc_column]<div class=\"custom_font_holder \" style=\"font-family: Open Sans; font-style: normal; font-weight: 400; color: #000000; text-decoration: none; text-align: center; --qode-cf-font-size: 40px; --qode-cf-line-height: 36px; --qode-cf-font-size-1440: 40px; --qode-cf-line-height-1440: 36px; --qode-cf-font-size-1366: 40px; --qode-cf-line-height-1366: 36px; --qode-cf-font-size-1280: 40px; --qode-cf-line-height-1280: 36px; --qode-cf-font-size-1024: 40px; --qode-cf-line-height-1024: 36px; --qode-cf-font-size-768: 40px; --qode-cf-line-height-768: 36px; --qode-cf-font-size-680: 40px; --qode-cf-line-height-680: 36px; --qode-cf-font-size-480: 40px; --qode-cf-line-height-480: 36px;\">AGENDA DEPORTIVA 2020<\/p>\n<p>&nbsp;<\/p>\n<p><img decoding=\"async\" class=\"aligncenter\" src=\"https:\/\/test.isladelajuventud-cuba.com\/wp-content\/uploads\/2014\/04\/febrero-150x150.jpg\" alt=\"\" \/><\/p>\n<\/div>[\/vc_column][\/vc_row][vc_row css_animation=\u00bb\u00bb row_type=\u00bbrow\u00bb use_row_as_full_screen_section=\u00bbno\u00bb type=\u00bbgrid\u00bb angled_section=\u00bbno\u00bb text_align=\u00bbcenter\u00bb background_image_as_pattern=\u00bbwithout_pattern\u00bb][vc_column][vc_empty_space height=\u00bb50px\u00bb][vc_column_text]<\/p>\n<h2 class=\"entry-title\">Copa de Boxeo Islavisi\u00f3n.<\/h2>\n<p>Autor: Yuliet Cala\u00f1a<\/p>\n<p style=\"text-align: left;\">Con la asistencia de 87 p\u00fagiles de las provincias de Pinar del R\u00edo, Matanzas, Cienfuegos y el Municipio Especial Isla de la Juventud como sede -102 participantes en total agreg\u00e1ndole entrenadores y \u00e1rbitros- dio inicio la duod\u00e9cima edici\u00f3n de la Copa de Boxeo Islavisi\u00f3n, que hasta el jueves 20 ver\u00e1 acciones en los dos rines instalados en el Gimnasio techado de Nueva Gerona Arturo Lince Gonz\u00e1lez.<\/p>\n<p style=\"text-align: left;\">Con un sistema de competencia por equipos, la Copa propone a los amantes del deporte de los pu\u00f1os \u00a0tres carteles de 19 combates diarios en cerca de 20 divisiones en las categor\u00edas escolares y juveniles. El certamen, dedicado esta vez al 59 aniversario del INDER,\u00a0 se prestigia con medallistas de la disciplina en los juegos nacionales para las edades de 13-14, 15-16 y 17-18 a\u00f1os como los locales Yulieski Ram\u00edrez y Norge Luis Borrero de los 46 y 69 kg respectivamente.<\/p>\n<p style=\"text-align: left;\">En la jornada final se premiar\u00e1 al mejor equipo y tambi\u00e9n a las individualidades mediante el cuadro de honor (atleta m\u00e1s combativo, m\u00e1s t\u00e9cnico, mejor pelea y mejor \u00e1rbitro) as\u00ed como a las personas y organizaciones que hicieron posible la realizaci\u00f3n de este certamen que se ha convertido en uno de los eventos deportivos comunitarios m\u00e1s concurridos en el Municipio Especial.<\/p>\n<p style=\"text-align: left;\">La Copa Islavisi\u00f3n sirve, cada a\u00f1o, para que los principales representantes box\u00edsticos del Centro y el Occidente del pa\u00eds, en las categor\u00edas juveniles y escolares, midan fuerzas de cara a los compromisos competitivos de la temporada; al tiempo que los aficionados del territorio disfrutan de un deporte que, como el b\u00e9isbol, en Cuba es pasi\u00f3n y que para ser justos nos ha dado mejores resultados y m\u00e1s alegr\u00edas que el pasatiempo nacional en los \u00faltimos tiempos.<\/p>\n<style type=\"text\/css\">\n#foogallery-gallery-31459 .fg-image { width: 150px; }\n#foogallery-gallery-31459 { --fg-gutter: 10px; }<\/style>\n\t\t\t<style type=\"text\/css\">\n#foogallery-gallery-31459_1 .fg-image { width: 150px; }\n#foogallery-gallery-31459_1 { --fg-gutter: 10px; }<\/style>\n\t\t\t<div class=\"foogallery foogallery-container foogallery-default foogallery-lightbox-foobox fg-center fg-default fg-ready fg-light fg-border-thin fg-shadow-outline fg-loading-default fg-loaded-fade-in fg-caption-hover fg-hover-fade fg-hover-zoom fg-debug\" id=\"foogallery-gallery-31459_1\" data-foogallery=\"{&quot;item&quot;:{&quot;showCaptionTitle&quot;:true,&quot;showCaptionDescription&quot;:true},&quot;lazy&quot;:true,&quot;src&quot;:&quot;src&quot;,&quot;srcset&quot;:&quot;srcset&quot;}\" style=\"--fg-title-line-clamp: 0; --fg-description-line-clamp: 0;\" >\n\t<div class=\"fg-item fg-type-image fg-loading\"><figure class=\"fg-item-inner\"><a href=\"https:\/\/test.isladelajuventud-cuba.com\/wp-content\/uploads\/2014\/04\/86485917_3031006116944078_151078008667504640_o-640x480.jpg\" data-caption-title=\"86485917_3031006116944078_151078008667504640_o-640x480\" data-caption-desc=\"86485917_3031006116944078_151078008667504640_o-640x480\" data-attachment-id=\"31458\" data-type=\"image\" class=\"fg-thumb\"><span class=\"fg-image-wrap\"><img src=\"https:\/\/test.isladelajuventud-cuba.com\/wp-content\/uploads\/2014\/04\/86485917_3031006116944078_151078008667504640_o-640x480-150x150.jpg\" width=\"150\" height=\"150\" class=\"skip-lazy fg-image\" decoding=\"async\" loading=\"lazy\"><\/span><span class=\"fg-image-overlay\"><\/span><\/a><figcaption class=\"fg-caption\"><div class=\"fg-caption-inner\"><div class=\"fg-caption-title\">86485917_3031006116944078_151078008667504640_o-640x480<\/div><div class=\"fg-caption-desc\">86485917_3031006116944078_151078008667504640_o-640x480<\/div><\/div><\/figcaption><\/figure><div class=\"fg-loader\"><\/div><\/div><div class=\"fg-item fg-type-image fg-loading\"><figure class=\"fg-item-inner\"><a href=\"https:\/\/test.isladelajuventud-cuba.com\/wp-content\/uploads\/2020\/02\/87148803_3031006553610701_3247048387341582336_o-640x480.jpg\" data-caption-title=\"87148803_3031006553610701_3247048387341582336_o-640x480\" data-caption-desc=\"87148803_3031006553610701_3247048387341582336_o-640x480\" data-attachment-id=\"31460\" data-type=\"image\" class=\"fg-thumb\"><span class=\"fg-image-wrap\"><img src=\"https:\/\/test.isladelajuventud-cuba.com\/wp-content\/uploads\/2020\/02\/87148803_3031006553610701_3247048387341582336_o-640x480-150x150.jpg\" width=\"150\" height=\"150\" class=\"skip-lazy fg-image\" decoding=\"async\" loading=\"lazy\"><\/span><span class=\"fg-image-overlay\"><\/span><\/a><figcaption class=\"fg-caption\"><div class=\"fg-caption-inner\"><div class=\"fg-caption-title\">87148803_3031006553610701_3247048387341582336_o-640x480<\/div><div class=\"fg-caption-desc\">87148803_3031006553610701_3247048387341582336_o-640x480<\/div><\/div><\/figcaption><\/figure><div class=\"fg-loader\"><\/div><\/div><div class=\"fg-item fg-type-image fg-loading\"><figure class=\"fg-item-inner\"><a href=\"https:\/\/test.isladelajuventud-cuba.com\/wp-content\/uploads\/2014\/04\/86285443_3031005916944098_8036519221162672128_o-640x480.jpg\" data-caption-title=\"86285443_3031005916944098_8036519221162672128_o-640x480\" data-caption-desc=\"86285443_3031005916944098_8036519221162672128_o-640x480\" data-attachment-id=\"31456\" data-type=\"image\" class=\"fg-thumb\"><span class=\"fg-image-wrap\"><img src=\"https:\/\/test.isladelajuventud-cuba.com\/wp-content\/uploads\/2014\/04\/86285443_3031005916944098_8036519221162672128_o-640x480-150x150.jpg\" width=\"150\" height=\"150\" class=\"skip-lazy fg-image\" decoding=\"async\" loading=\"lazy\"><\/span><span class=\"fg-image-overlay\"><\/span><\/a><figcaption class=\"fg-caption\"><div class=\"fg-caption-inner\"><div class=\"fg-caption-title\">86285443_3031005916944098_8036519221162672128_o-640x480<\/div><div class=\"fg-caption-desc\">86285443_3031005916944098_8036519221162672128_o-640x480<\/div><\/div><\/figcaption><\/figure><div class=\"fg-loader\"><\/div><\/div><div class=\"fg-item fg-type-image fg-loading\"><figure class=\"fg-item-inner\"><a href=\"https:\/\/test.isladelajuventud-cuba.com\/wp-content\/uploads\/2014\/04\/86288360_3031006473610709_3435819020408848384_o-640x397.jpg\" data-caption-title=\"86288360_3031006473610709_3435819020408848384_o-640x397\" data-caption-desc=\"86288360_3031006473610709_3435819020408848384_o-640x397\" data-attachment-id=\"31455\" data-type=\"image\" class=\"fg-thumb\"><span class=\"fg-image-wrap\"><img src=\"https:\/\/test.isladelajuventud-cuba.com\/wp-content\/uploads\/2014\/04\/86288360_3031006473610709_3435819020408848384_o-640x397-150x150.jpg\" width=\"150\" height=\"150\" class=\"skip-lazy fg-image\" decoding=\"async\" loading=\"lazy\"><\/span><span class=\"fg-image-overlay\"><\/span><\/a><figcaption class=\"fg-caption\"><div class=\"fg-caption-inner\"><div class=\"fg-caption-title\">86288360_3031006473610709_3435819020408848384_o-640x397<\/div><div class=\"fg-caption-desc\">86288360_3031006473610709_3435819020408848384_o-640x397<\/div><\/div><\/figcaption><\/figure><div class=\"fg-loader\"><\/div><\/div><div class=\"fg-item fg-type-image fg-loading\"><figure class=\"fg-item-inner\"><a href=\"https:\/\/test.isladelajuventud-cuba.com\/wp-content\/uploads\/2014\/04\/86387885_3031005986944091_7600767447221665792_o-640x480.jpg\" data-caption-title=\"86387885_3031005986944091_7600767447221665792_o-640x480\" data-caption-desc=\"86387885_3031005986944091_7600767447221665792_o-640x480\" data-attachment-id=\"31454\" data-type=\"image\" class=\"fg-thumb\"><span class=\"fg-image-wrap\"><img src=\"https:\/\/test.isladelajuventud-cuba.com\/wp-content\/uploads\/2014\/04\/86387885_3031005986944091_7600767447221665792_o-640x480-150x150.jpg\" width=\"150\" height=\"150\" class=\"skip-lazy fg-image\" decoding=\"async\" loading=\"lazy\"><\/span><span class=\"fg-image-overlay\"><\/span><\/a><figcaption class=\"fg-caption\"><div class=\"fg-caption-inner\"><div class=\"fg-caption-title\">86387885_3031005986944091_7600767447221665792_o-640x480<\/div><div class=\"fg-caption-desc\">86387885_3031005986944091_7600767447221665792_o-640x480<\/div><\/div><\/figcaption><\/figure><div class=\"fg-loader\"><\/div><\/div><\/div>\n<!-- FooGallery Debug Info : Start\r\n\r\nID => 31459\r\nTemplate => default\r\nDatasource => media_library\r\n\r\nFooGallery Settings\r\n===================\r\ndefault_alignment => fg-center\r\ndefault_border_size => fg-border-thin\r\ndefault_drop_shadow => fg-shadow-outline\r\ndefault_hover_effect_caption_visibility => fg-caption-hover\r\ndefault_hover_effect_icon => fg-hover-zoom\r\ndefault_hover_effect_transition => fg-hover-fade\r\ndefault_hover_effect_type => normal\r\ndefault_lightbox => foobox\r\ndefault_loaded_effect => fg-loaded-fade-in\r\ndefault_loading_icon => fg-loading-default\r\ndefault_spacing => fg-gutter-10\r\ndefault_theme => fg-light\r\ndefault_thumbnail_dimensions => \r\n   width => 150\r\n   height => 150\r\ndefault_thumbnail_link => image\r\nfoogallery_items_view => manage\r\n\r\nAttachment Info\r\n===============\r\n31458 => \r\n   url => https:\/\/test.isladelajuventud-cuba.com\/wp-content\/uploads\/2014\/04\/86485917_3031006116944078_151078008667504640_o-640x480.jpg\r\n   type => image\r\n   width => 150\r\n   height => 150\r\n31460 => \r\n   url => https:\/\/test.isladelajuventud-cuba.com\/wp-content\/uploads\/2020\/02\/87148803_3031006553610701_3247048387341582336_o-640x480.jpg\r\n   type => image\r\n   width => 150\r\n   height => 150\r\n31456 => \r\n   url => https:\/\/test.isladelajuventud-cuba.com\/wp-content\/uploads\/2014\/04\/86285443_3031005916944098_8036519221162672128_o-640x480.jpg\r\n   type => image\r\n   width => 150\r\n   height => 150\r\n31455 => \r\n   url => https:\/\/test.isladelajuventud-cuba.com\/wp-content\/uploads\/2014\/04\/86288360_3031006473610709_3435819020408848384_o-640x397.jpg\r\n   type => image\r\n   width => 150\r\n   height => 150\r\n31454 => \r\n   url => https:\/\/test.isladelajuventud-cuba.com\/wp-content\/uploads\/2014\/04\/86387885_3031005986944091_7600767447221665792_o-640x480.jpg\r\n   type => image\r\n   width => 150\r\n   height => 150\r\n\r\nFooGallery Debug Info : End --><!-- FooGallery Debug Info : Start\r\n\r\nID => 31459\r\nTemplate => default\r\nDatasource => media_library\r\n\r\nFooGallery Settings\r\n===================\r\ndefault_alignment => fg-center\r\ndefault_border_size => fg-border-thin\r\ndefault_drop_shadow => fg-shadow-outline\r\ndefault_hover_effect_caption_visibility => fg-caption-hover\r\ndefault_hover_effect_icon => fg-hover-zoom\r\ndefault_hover_effect_transition => fg-hover-fade\r\ndefault_hover_effect_type => normal\r\ndefault_lightbox => foobox\r\ndefault_loaded_effect => fg-loaded-fade-in\r\ndefault_loading_icon => fg-loading-default\r\ndefault_spacing => fg-gutter-10\r\ndefault_theme => fg-light\r\ndefault_thumbnail_dimensions => \r\n   width => 150\r\n   height => 150\r\ndefault_thumbnail_link => image\r\nfoogallery_items_view => manage\r\n\r\nAttachment Info\r\n===============\r\n\r\nFooGallery Debug Info : End -->\n<p>[\/vc_column_text][\/vc_column][\/vc_row][vc_row css_animation=\u00bb\u00bb row_type=\u00bbrow\u00bb use_row_as_full_screen_section=\u00bbno\u00bb type=\u00bbgrid\u00bb angled_section=\u00bbno\u00bb text_align=\u00bbcenter\u00bb background_image_as_pattern=\u00bbwithout_pattern\u00bb][vc_column][vc_empty_space height=\u00bb50px\u00bb][\/vc_column][\/vc_row][vc_row css_animation=\u00bb\u00bb row_type=\u00bbrow\u00bb use_row_as_full_screen_section=\u00bbno\u00bb type=\u00bbgrid\u00bb angled_section=\u00bbno\u00bb text_align=\u00bbcenter\u00bb background_image_as_pattern=\u00bbwithout_pattern\u00bb][vc_column]<div class=\"custom_font_holder \" style=\"font-family: Open Sans; font-style: normal; font-weight: 400; color: #000000; text-decoration: none; text-align: center; --qode-cf-font-size: 40px; --qode-cf-line-height: 36px; --qode-cf-font-size-1440: 40px; --qode-cf-line-height-1440: 36px; --qode-cf-font-size-1366: 40px; --qode-cf-line-height-1366: 36px; --qode-cf-font-size-1280: 40px; --qode-cf-line-height-1280: 36px; --qode-cf-font-size-1024: 40px; --qode-cf-line-height-1024: 36px; --qode-cf-font-size-768: 40px; --qode-cf-line-height-768: 36px; --qode-cf-font-size-680: 40px; --qode-cf-line-height-680: 36px; --qode-cf-font-size-480: 40px; --qode-cf-line-height-480: 36px;\">\n<p>&nbsp;<\/p>\n<p><a href=\"https:\/\/test.isladelajuventud-cuba.com\/wp-content\/uploads\/2014\/04\/enero-1-1.jpg\" rel=\"attachment wp-att-24030\"><img loading=\"lazy\" decoding=\"async\" class=\"size-thumbnail wp-image-24030 aligncenter\" src=\"https:\/\/test.isladelajuventud-cuba.com\/wp-content\/uploads\/2014\/04\/enero-1-1-150x150.jpg\" alt=\"enero\" width=\"150\" height=\"150\" srcset=\"https:\/\/test.isladelajuventud-cuba.com\/wp-content\/uploads\/2014\/04\/enero-1-1-150x150.jpg 150w, https:\/\/test.isladelajuventud-cuba.com\/wp-content\/uploads\/2014\/04\/enero-1-1-85x85.jpg 85w\" sizes=\"auto, (max-width: 150px) 100vw, 150px\" \/><\/a><\/div>[\/vc_column][\/vc_row][vc_row css_animation=\u00bb\u00bb row_type=\u00bbrow\u00bb use_row_as_full_screen_section=\u00bbno\u00bb type=\u00bbgrid\u00bb angled_section=\u00bbno\u00bb text_align=\u00bbcenter\u00bb background_image_as_pattern=\u00bbwithout_pattern\u00bb][vc_column][vc_empty_space height=\u00bb50px\u00bb][vc_column_text]<\/p>\n<h1 class=\"entry-title\">Fiesta deportiva desde este s\u00e1bado 18;\u00a0 en la Eide.<\/h1>\n<p>AUTOR:\u00a0<span class=\"vcard\">YUNIESKY LA ROSA P\u00c9REZ<\/span><\/p>\n<p>Fuente: Periodico Victoria.<\/p>\n<p><a href=\"https:\/\/test.isladelajuventud-cuba.com\/wp-content\/uploads\/2014\/04\/Copa-Pionero.jpg\" rel=\"attachment wp-att-31207\"><img loading=\"lazy\" decoding=\"async\" class=\"alignleft size-thumbnail wp-image-31207\" src=\"https:\/\/test.isladelajuventud-cuba.com\/wp-content\/uploads\/2014\/04\/Copa-Pionero-150x150.jpg\" alt=\"Copa Pionero\" width=\"150\" height=\"150\" srcset=\"https:\/\/test.isladelajuventud-cuba.com\/wp-content\/uploads\/2014\/04\/Copa-Pionero-150x150.jpg 150w, https:\/\/test.isladelajuventud-cuba.com\/wp-content\/uploads\/2014\/04\/Copa-Pionero-85x85.jpg 85w, https:\/\/test.isladelajuventud-cuba.com\/wp-content\/uploads\/2014\/04\/Copa-Pionero-550x550.jpg 550w\" sizes=\"auto, (max-width: 150px) 100vw, 150px\" \/><\/a><\/p>\n<p>Alrededor de 1 100 atletas de la Isla de la Juventud de la categor\u00eda 11-12 a\u00f1os estar\u00e1n disputando desde este s\u00e1bado, en la Escuela de Iniciaci\u00f3n Deportiva (Eide) Fladio \u00c1lvarez Gal\u00e1n, la Copa Pinero 2020, que como cada a\u00f1o se desarrolla en los meses de enero y febrero.<span id=\"more-31937\"><\/span><\/p>\n<p style=\"text-align: left;\">Para esta versi\u00f3n de la justa, que servir\u00e1 como preparaci\u00f3n para el certamen nacional que tendr\u00e1 lugar en abril, se convocaron 14 deportes y la mayor\u00eda se concentrar\u00e1n en la Eide, por lo cual los peque\u00f1os deportistas que estar\u00e1n representando a los cuatro combinados deportivos, competir\u00e1n de manera interna, ingresando los viernes y saliendo el domingo.<\/p>\n<p style=\"text-align: left;\">De esta forma habr\u00e1 acci\u00f3n durante cuatro fines de semana, mientras el d\u00eda 15 de febrero ser\u00e1 la clausura en el combinado deportivo que alcance el primer lugar.<\/p>\n<p style=\"text-align: left;\">Las disciplinas en las cuales se rivalizar\u00e1 son las siguientes: ajedrez, atletismo, b\u00e1dminton, b\u00e9isbol, boxeo, canotaje, f\u00fatbol, gimnasia r\u00edtmica, judo, k\u00e1rate, lucha (femenina, libre y grecorromana), taekwondo, tenis y voleibol de sala y de playa.<\/p>\n<p style=\"text-align: left;\">De acuerdo con Andr\u00e9s Resquejo, subdirector de Programaci\u00f3n Deportiva de la Direcci\u00f3n Municipal de Deportes, una vez concluido el evento se conforman las preselecciones que comenzar\u00e1n a prepararse rumbo a la lid nacional.<\/p>\n<p style=\"text-align: left;\">El prop\u00f3sito para dicha competici\u00f3n ser\u00e1 mejorar los resultados de la edici\u00f3n anterior, superando los puntos en el cumplimiento de los objetivos pedag\u00f3gicos, indicador fundamental que se eval\u00faa en estos cert\u00e1menes y alcanzando m\u00e1s de diez medallas.<\/p>\n<p>[\/vc_column_text][\/vc_column][\/vc_row][vc_row css_animation=\u00bb\u00bb row_type=\u00bbrow\u00bb use_row_as_full_screen_section=\u00bbno\u00bb type=\u00bbgrid\u00bb angled_section=\u00bbno\u00bb text_align=\u00bbcenter\u00bb background_image_as_pattern=\u00bbwithout_pattern\u00bb][vc_column][vc_empty_space height=\u00bb50px\u00bb][\/vc_column][\/vc_row]<\/p>\n<\/div>","protected":false},"excerpt":{"rendered":"<p>[vc_row css_animation=\u00bb\u00bb row_type=\u00bbrow\u00bb use_row_as_full_screen_section=\u00bbno\u00bb type=\u00bbfull_width\u00bb angled_section=\u00bbno\u00bb text_align=\u00bbcenter\u00bb background_image_as_pattern=\u00bbwithout_pattern\u00bb][vc_column][vc_column_text] [\/vc_column_text][\/vc_column][\/vc_row][vc_row css_animation=\u00bb\u00bb row_type=\u00bbrow\u00bb use_row_as_full_screen_section=\u00bbno\u00bb type=\u00bbgrid\u00bb angled_section=\u00bbno\u00bb text_align=\u00bbcenter\u00bb background_image_as_pattern=\u00bbwithout_pattern\u00bb][vc_column][vc_empty_space height=\u00bb50px\u00bb][\/vc_column][\/vc_row][vc_row css_animation=\u00bb\u00bb row_type=\u00bbrow\u00bb use_row_as_full_screen_section=\u00bbno\u00bb type=\u00bbgrid\u00bb angled_section=\u00bbno\u00bb text_align=\u00bbcenter\u00bb background_image_as_pattern=\u00bbwithout_pattern\u00bb][vc_column][\/vc_column][\/vc_row][vc_row css_animation=\u00bb\u00bb row_type=\u00bbrow\u00bb use_row_as_full_screen_section=\u00bbno\u00bb type=\u00bbgrid\u00bb angled_section=\u00bbno\u00bb text_align=\u00bbcenter\u00bb background_image_as_pattern=\u00bbwithout_pattern\u00bb][vc_column][vc_empty_space height=\u00bb50px\u00bb][vc_column_text] Copa de Boxeo Islavisi\u00f3n. Autor: Yuliet Cala\u00f1a Con la asistencia de 87 p\u00fagiles&#8230;<\/p>\n","protected":false},"author":1,"featured_media":0,"parent":0,"menu_order":0,"comment_status":"closed","ping_status":"closed","template":"full_width.php","meta":{"_joinchat":[],"footnotes":""},"class_list":["post-33910","page","type-page","status-publish","hentry"],"_links":{"self":[{"href":"https:\/\/test.isladelajuventud-cuba.com\/index.php?rest_route=\/wp\/v2\/pages\/33910","targetHints":{"allow":["GET"]}}],"collection":[{"href":"https:\/\/test.isladelajuventud-cuba.com\/index.php?rest_route=\/wp\/v2\/pages"}],"about":[{"href":"https:\/\/test.isladelajuventud-cuba.com\/index.php?rest_route=\/wp\/v2\/types\/page"}],"author":[{"embeddable":true,"href":"https:\/\/test.isladelajuventud-cuba.com\/index.php?rest_route=\/wp\/v2\/users\/1"}],"replies":[{"embeddable":true,"href":"https:\/\/test.isladelajuventud-cuba.com\/index.php?rest_route=%2Fwp%2Fv2%2Fcomments&post=33910"}],"version-history":[{"count":0,"href":"https:\/\/test.isladelajuventud-cuba.com\/index.php?rest_route=\/wp\/v2\/pages\/33910\/revisions"}],"wp:attachment":[{"href":"https:\/\/test.isladelajuventud-cuba.com\/index.php?rest_route=%2Fwp%2Fv2%2Fmedia&parent=33910"}],"curies":[{"name":"wp","href":"https:\/\/api.w.org\/{rel}","templated":true}]}}