{"id":33917,"date":"2020-10-02T15:51:58","date_gmt":"2020-10-02T15:51:58","guid":{"rendered":"https:\/\/test.isladelajuventud-cuba.com\/?page_id=33917"},"modified":"2020-08-17T20:11:35","modified_gmt":"2020-08-17T20:11:35","slug":"accommodation-hotels","status":"publish","type":"page","link":"https:\/\/test.isladelajuventud-cuba.com\/?page_id=33917&lang=en","title":{"rendered":"Accommodation &#8211; Hotels"},"content":{"rendered":"<div class=\"wpb-content-wrapper\" id=\"wpb-content-root\"><p>[vc_row css_animation=\u00bb\u00bb row_type=\u00bbrow\u00bb use_row_as_full_screen_section=\u00bbno\u00bb type=\u00bbfull_width\u00bb angled_section=\u00bbno\u00bb text_align=\u00bbcenter\u00bb background_image_as_pattern=\u00bbwithout_pattern\u00bb][vc_column][vc_column_text]<\/p>\n<p style=\"text-align: center;\"><div class=\"wp1s-slider-wrapper wp1s-slider-wrapper-99186 \">  \r\n    <div class=\"wp1s-main-wrapper\">\r\n      \r\n\r\n    <div class=\"wp1s-slider-container wp1s-pager-type-1 wp1s-arrow-type-1 wp1s-pagination\">\r\n    <ul class=\"wp1s-bxslider\" data-id=\"99186\" data-auto='true' data-speed='1000' data-pause='5000' data-transition='horizontal' data-controls='true' data-responsive='true' data-pager='disable' >\r\n            <li>\r\n            <img decoding=\"async\" src=\"https:\/\/test.isladelajuventud-cuba.com\/wp-content\/uploads\/2020\/01\/slide1.jpg\" \/>\r\n            <div class=\"wp1s-caption-wrapper wp1s-caption-type-1 wp1s-caption-middlecenter\">\r\n            <h1 class=\"wp1s-caption-title\"><\/h1>\r\n            <h2 class=\"wp1s-caption-content\"><\/h2>\r\n                        <\/div>\r\n        <\/li>\r\n            <li>\r\n            <img decoding=\"async\" src=\"https:\/\/test.isladelajuventud-cuba.com\/wp-content\/uploads\/2020\/01\/slide2.jpg\" \/>\r\n            <div class=\"wp1s-caption-wrapper wp1s-caption-type-1 wp1s-caption-middlecenter\">\r\n            <h1 class=\"wp1s-caption-title\"><\/h1>\r\n            <h2 class=\"wp1s-caption-content\">Cayo Largo del Sur. Un Para\u00edso del Caribe.<\/h2>\r\n                        <a href=\"https:\/\/test.isladelajuventud-cuba.com\/alojamiento-hoteles\/\" class=\"wps1-readmore-button\">Reserve con un click.<\/a>\r\n                        <\/div>\r\n        <\/li>\r\n            <li>\r\n            <img decoding=\"async\" src=\"https:\/\/test.isladelajuventud-cuba.com\/wp-content\/uploads\/2019\/10\/test1.jpg\" \/>\r\n            <div class=\"wp1s-caption-wrapper wp1s-caption-type-1 wp1s-caption-middlecenter\">\r\n            <h1 class=\"wp1s-caption-title\"><\/h1>\r\n            <h2 class=\"wp1s-caption-content\"><\/h2>\r\n                        <\/div>\r\n        <\/li>\r\n            <li>\r\n            <img decoding=\"async\" src=\"https:\/\/test.isladelajuventud-cuba.com\/wp-content\/uploads\/2020\/01\/slide4.jpg\" \/>\r\n            <div class=\"wp1s-caption-wrapper wp1s-caption-type-1 wp1s-caption-middlecenter\">\r\n            <h1 class=\"wp1s-caption-title\"><\/h1>\r\n            <h2 class=\"wp1s-caption-content\">Puestas de sol \u00fanicas...<\/h2>\r\n                        <\/div>\r\n        <\/li>\r\n            <li>\r\n            <img decoding=\"async\" src=\"https:\/\/test.isladelajuventud-cuba.com\/wp-content\/uploads\/2020\/01\/slide3.jpg\" \/>\r\n            <div class=\"wp1s-caption-wrapper wp1s-caption-type-1 wp1s-caption-middlecenter\">\r\n            <h1 class=\"wp1s-caption-title\"><\/h1>\r\n            <h2 class=\"wp1s-caption-content\">Un mundo bajo el mar.<\/h2>\r\n                        <a href=\"https:\/\/test.isladelajuventud-cuba.com\/centros-de-buceo\/\" class=\"wps1-readmore-button\">Reserve  tus inmersiones con un click.<\/a>\r\n                        <\/div>\r\n        <\/li>\r\n            <li>\r\n            <img decoding=\"async\" src=\"https:\/\/test.isladelajuventud-cuba.com\/wp-content\/uploads\/2020\/01\/slide5.jpg\" \/>\r\n            <div class=\"wp1s-caption-wrapper wp1s-caption-type-1 wp1s-caption-middlecenter\">\r\n            <h1 class=\"wp1s-caption-title\"><\/h1>\r\n            <h2 class=\"wp1s-caption-content\">Descubra algunas de las mejores playas del mundo.<\/h2>\r\n                        <a href=\"https:\/\/test.isladelajuventud-cuba.com\/playas-2\/\" class=\"wps1-readmore-button\">Ver m\u00e1s playas<\/a>\r\n                        <\/div>\r\n        <\/li>\r\n            <li>\r\n            <img decoding=\"async\" src=\"https:\/\/test.isladelajuventud-cuba.com\/wp-content\/uploads\/2020\/01\/slide6-1.jpg\" \/>\r\n            <div class=\"wp1s-caption-wrapper wp1s-caption-type-1 wp1s-caption-middlecenter\">\r\n            <h1 class=\"wp1s-caption-title\"><\/h1>\r\n            <h2 class=\"wp1s-caption-content\">Descubre su naturaleza en estado puro...<\/h2>\r\n                        <\/div>\r\n        <\/li>\r\n            <li>\r\n            <img decoding=\"async\" src=\"https:\/\/test.isladelajuventud-cuba.com\/wp-content\/uploads\/2020\/01\/slide7.jpg\" \/>\r\n            <div class=\"wp1s-caption-wrapper wp1s-caption-type-1 wp1s-caption-middlecenter\">\r\n            <h1 class=\"wp1s-caption-title\"><\/h1>\r\n            <h2 class=\"wp1s-caption-content\">MUSEOS<\/h2>\r\n                        <a href=\"https:\/\/test.isladelajuventud-cuba.com\/museos\/\" class=\"wps1-readmore-button\">Ver m\u00e1s Museos<\/a>\r\n                        <\/div>\r\n        <\/li>\r\n            <li>\r\n            <img decoding=\"async\" src=\"https:\/\/test.isladelajuventud-cuba.com\/wp-content\/uploads\/2020\/01\/slide8.jpg\" \/>\r\n            <div class=\"wp1s-caption-wrapper wp1s-caption-type-1 wp1s-caption-middlecenter\">\r\n            <h1 class=\"wp1s-caption-title\"><\/h1>\r\n            <h2 class=\"wp1s-caption-content\">LUGARES DE INTER\u00c9S<\/h2>\r\n                        <a href=\"https:\/\/test.isladelajuventud-cuba.com\/lugares-de-interes-2\/\" class=\"wps1-readmore-button\">Ver m\u00e1s Lugares de Inter\u00e9s<\/a>\r\n                        <\/div>\r\n        <\/li>\r\n            <li>\r\n            <img decoding=\"async\" src=\"https:\/\/test.isladelajuventud-cuba.com\/wp-content\/uploads\/2020\/01\/slide9-1.jpg\" \/>\r\n            <div class=\"wp1s-caption-wrapper wp1s-caption-type-1 wp1s-caption-middlecenter\">\r\n            <h1 class=\"wp1s-caption-title\"><\/h1>\r\n            <h2 class=\"wp1s-caption-content\">Hoteles, casas de alquiler, camping. <\/h2>\r\n                        <a href=\"https:\/\/test.isladelajuventud-cuba.com\/alojamiento\/\" class=\"wps1-readmore-button\">Reserva su alojamiento con un click.<\/a>\r\n                        <\/div>\r\n        <\/li>\r\n            <li>\r\n            <img decoding=\"async\" src=\"https:\/\/test.isladelajuventud-cuba.com\/wp-content\/uploads\/2020\/01\/slide10.jpg\" \/>\r\n            <div class=\"wp1s-caption-wrapper wp1s-caption-type-1 wp1s-caption-middlecenter\">\r\n            <h1 class=\"wp1s-caption-title\"><\/h1>\r\n            <h2 class=\"wp1s-caption-content\">Nueva Gerona fundada en 1830, una ciudad que  le sorprender\u00e1...<\/h2>\r\n                        <a href=\"https:\/\/test.isladelajuventud-cuba.com\/nucleos-urbanos-nueva-gerona\/\" class=\"wps1-readmore-button\">Conozca Nueva Gerona con un click<\/a>\r\n                        <\/div>\r\n        <\/li>\r\n            <li>\r\n            <img decoding=\"async\" src=\"https:\/\/test.isladelajuventud-cuba.com\/wp-content\/uploads\/2020\/02\/monumentos.jpg\" \/>\r\n            <div class=\"wp1s-caption-wrapper wp1s-caption-type-1 wp1s-caption-middlecenter\">\r\n            <h1 class=\"wp1s-caption-title\"><\/h1>\r\n            <h2 class=\"wp1s-caption-content\">MONUMENTOS<\/h2>\r\n                        <a href=\"https:\/\/test.isladelajuventud-cuba.com\/monumentos\/\" class=\"wps1-readmore-button\">Ver m\u00e1s Monumentos<\/a>\r\n                        <\/div>\r\n        <\/li>\r\n        <\/ul>\r\n    <\/div>\r\n<\/div>\r\n      <\/div>\r\n   <style>\r\n\r\n.wp1s-slider-wrapper-99186 {\r\n    \r\n     width:100%%;   \r\n}\r\n\r\n.wp1s-slider-wrapper-99186 .wp1s-caption-wrapper.wp1s-caption-type-1 .wp1s-caption-title{\r\n\r\n    font-size:20px;\r\n   \r\n}\r\n\r\n.wp1s-slider-wrapper-99186 .wp1s-caption-wrapper.wp1s-caption-type-1 .wp1s-caption-content{\r\n   \r\n    font-size: 40px;\r\n    \r\n}\r\n.wp1s-slider-wrapper-99186 .wp1s-caption-wrapper.wp1s-caption-type-2 .wp1s-caption-title {\r\n    font-size:20px;\r\n    background-color:rgba(125,165,82,0.8);\r\n   \r\n}\r\n.wp1s-slider-wrapper-99186 .wp1s-caption-wrapper.wp1s-caption-type-2 .wp1s-caption-content {\r\n    font-size:40px;\r\n\r\n}\r\n.wp1s-slider-wrapper-99186 .wp1s-caption-wrapper.wp1s-caption-type-3 .wp1s-caption-title {\r\n    font-size:20px;\r\n    border-bottom:7px solid #2ed1ff;\r\n}\r\n.wp1s-slider-wrapper-99186 .wp1s-caption-wrapper.wp1s-caption-type-3 .wp1s-caption-content {\r\n    font-size:40px;\r\n   \r\n}\r\n.wp1s-slider-wrapper-99186 .wp1s-caption-wrapper.wp1s-caption-type-4  {\r\n   \r\n    background-color:rgba(124,118,118,0.6);\r\n\r\n}\r\n.wp1s-slider-wrapper-99186 .wp1s-caption-wrapper.wp1s-caption-type-4 .wp1s-caption-title {\r\n    font-size:20px;\r\n\r\n}\r\n.wp1s-slider-wrapper-99186 .wp1s-caption-wrapper.wp1s-caption-type-4 .wp1s-caption-content {\r\n    font-size:40px;\r\n}\r\n.wp1s-slider-wrapper-99186 .wp1s-caption-wrapper .wp1s-caption-title {\r\n    color:#ffffff;\r\n}\r\n.wp1s-slider-wrapper-99186 .wp1s-caption-wrapper .wp1s-caption-content {\r\n    color:#59d600;\r\n}\r\n.wp1s-slider-wrapper-99186 .wp1s-main-wrapper .wp1s-pager-type-1 .bx-wrapper .bx-pager.bx-default-pager a {\r\n    background-color:#ffffff;\r\n}\r\n.wp1s-slider-wrapper-99186 .wp1s-main-wrapper .wp1s-pager-type-1 .bx-wrapper .bx-pager.bx-default-pager a:hover, \r\n.wp1s-slider-wrapper-99186 .wp1s-main-wrapper .wp1s-pager-type-1 .bx-wrapper .bx-pager.bx-default-pager a.active {\r\n    background-color:#3bb1f4;\r\n}\r\n.wp1s-slider-wrapper-99186 .wp1s-main-wrapper .wp1s-pager-type-2 .bx-wrapper .bx-pager.bx-default-pager a {\r\n    background-color:#635e5e;\r\n    border:3px solid #979191;\r\n}\r\n.wp1s-slider-wrapper-99186 .wp1s-main-wrapper .wp1s-pager-type-2 .bx-wrapper .bx-pager.bx-default-pager a:hover, \r\n.wp1s-slider-wrapper-99186 .wp1s-main-wrapper .wp1s-pager-type-2 .bx-wrapper .bx-pager.bx-default-pager a.active {\r\n    background-color:#ffffff;\r\n}\r\n.wp1s-slider-wrapper-99186 .wp1s-main-wrapper .wp1s-pager-type-3 .bx-wrapper .bx-pager.bx-default-pager a {\r\n    border:1px solid #ffffff;\r\n   \r\n}\r\n.wp1s-slider-wrapper-99186 .wp1s-main-wrapper .wp1s-pager-type-3 .bx-wrapper .bx-pager.bx-default-pager a:hover, \r\n.wp1s-slider-wrapper-99186 .wp1s-main-wrapper .wp1s-pager-type-3 .bx-wrapper .bx-pager.bx-default-pager a.active {\r\n    border-color:#ff9600;\r\n}\r\n.wp1s-slider-wrapper-99186 .wp1s-main-wrapper .wp1s-pager-type-4 .bx-wrapper .bx-pager.bx-default-pager a {\r\n    background-color:#7a7a7a;\r\n    \r\n}\r\n.wp1s-slider-wrapper-99186 .wp1s-main-wrapper .wp1s-pager-type-4 .bx-wrapper .bx-pager.bx-default-pager a:hover, \r\n.wp1s-slider-wrapper-99186 .wp1s-main-wrapper .wp1s-pager-type-4 .bx-wrapper .bx-pager.bx-default-pager a.active {\r\n    background-color:#ffffff;\r\n}\r\n.wp1s-slider-wrapper-99186 .wp1s-caption-wrapper.wp1s-caption-type-1 .wps1-readmore-button {\r\n    background-color: #1e75f6;\r\n    box-shadow: 0 2px 0 #1758c6;\r\n    -webkit-box-shadow: 0 2px 0 #1758c6;\r\n    -moz-box-shadow: 0 2px 0 #1758c6;\r\n}\r\n.wp1s-slider-wrapper-99186 .wp1s-caption-wrapper.wp1s-caption-type-1 .wps1-readmore-button:hover {\r\n    background-color:#11499e;\r\n}\r\n@media (max-width:1200px) {\r\n.wp1s-slider-wrapper-99186 .wp1s-slider-wrapper {\r\nwidth:100%;\r\n}\r\n}\r\n.wp1s-widget-wrap .wp1s-caption-wrapper {\r\n\r\ndisplay: none;\r\n}\r\n\r\n.wp1s-widget-wrap .wp1s-thumbnail-wrapper {\r\ndisplay: none;\r\n}\r\n\r\n<\/style><\/p>\n<p>[\/vc_column_text][\/vc_column][\/vc_row][vc_row css_animation=\u00bb\u00bb row_type=\u00bbrow\u00bb use_row_as_full_screen_section=\u00bbno\u00bb type=\u00bbgrid\u00bb angled_section=\u00bbno\u00bb text_align=\u00bbcenter\u00bb background_image_as_pattern=\u00bbwithout_pattern\u00bb][vc_column][vc_empty_space height=\u00bb50px\u00bb][\/vc_column][\/vc_row][vc_row css_animation=\u00bb\u00bb row_type=\u00bbrow\u00bb use_row_as_full_screen_section=\u00bbno\u00bb type=\u00bbgrid\u00bb angled_section=\u00bbno\u00bb text_align=\u00bbcenter\u00bb background_image_as_pattern=\u00bbwithout_pattern\u00bb][vc_column][vc_column_text]<\/p>\n<h2>ALOJAMIENTOS &#8211; HOTELES<\/h2>\n<p>[\/vc_column_text][\/vc_column][\/vc_row][vc_row css_animation=\u00bb\u00bb row_type=\u00bbrow\u00bb use_row_as_full_screen_section=\u00bbno\u00bb type=\u00bbgrid\u00bb angled_section=\u00bbno\u00bb text_align=\u00bbcenter\u00bb background_image_as_pattern=\u00bbwithout_pattern\u00bb][vc_column]<div class=\"custom_font_holder \" style=\"font-family: Lato; font-style: normal; font-weight: 400; color: #000000; text-decoration: none; text-align: center; --qode-cf-font-size: 18px; --qode-cf-line-height: 24px; --qode-cf-font-size-1440: 18px; --qode-cf-line-height-1440: 24px; --qode-cf-font-size-1366: 18px; --qode-cf-line-height-1366: 24px; --qode-cf-font-size-1280: 18px; --qode-cf-line-height-1280: 24px; --qode-cf-font-size-1024: 18px; --qode-cf-line-height-1024: 24px; --qode-cf-font-size-768: 18px; --qode-cf-line-height-768: 24px; --qode-cf-font-size-680: 18px; --qode-cf-line-height-680: 24px; --qode-cf-font-size-480: 18px; --qode-cf-line-height-480: 24px;\">\n<p>Existen alojamientos en Cuba para todos los gustos y a medida de cualquier viajero.Tendr\u00e1s libertad para decidir cual es la mejor forma de alojarte durante tu estancia&#8230;<\/p>\n<\/div>[vc_empty_space height=\u00bb50px\u00bb][\/vc_column][\/vc_row][vc_row css_animation=\u00bb\u00bb row_type=\u00bbrow\u00bb use_row_as_full_screen_section=\u00bbno\u00bb type=\u00bbgrid\u00bb angled_section=\u00bbno\u00bb text_align=\u00bbcenter\u00bb background_image_as_pattern=\u00bbwithout_pattern\u00bb][vc_column][vc_column_text]<\/p>\n<h2>CAYO LARGO DEL SUR<\/h2>\n<p>[\/vc_column_text][\/vc_column][\/vc_row][vc_row css_animation=\u00bb\u00bb row_type=\u00bbrow\u00bb use_row_as_full_screen_section=\u00bbno\u00bb type=\u00bbgrid\u00bb angled_section=\u00bbno\u00bb text_align=\u00bbcenter\u00bb background_image_as_pattern=\u00bbwithout_pattern\u00bb][vc_column][vc_empty_space height=\u00bb50px\u00bb][\/vc_column][\/vc_row][vc_row css_animation=\u00bb\u00bb row_type=\u00bbrow\u00bb use_row_as_full_screen_section=\u00bbno\u00bb type=\u00bbgrid\u00bb angled_section=\u00bbno\u00bb text_align=\u00bbcenter\u00bb background_image_as_pattern=\u00bbwithout_pattern\u00bb background_color=\u00bb#cccccc\u00bb padding_top=\u00bb20&#8243; padding_bottom=\u00bb20&#8243;][vc_column width=\u00bb1\/3&#8243;][vc_single_image image=\u00bb23372&#8243; img_size=\u00bb250&#215;188&#8243; alignment=\u00bbcenter\u00bb onclick=\u00bbcustom_link\u00bb qode_css_animation=\u00bb\u00bb link=\u00bbhttps:\/\/test.isladelajuventud-cuba.com\/hotel-sol-cayo-largo\/\u00bb][\/vc_column][vc_column width=\u00bb2\/3&#8243;]<div class=\"custom_font_holder \" style=\"font-family: Lato; font-style: normal; font-weight: 400; color: #0467fb; text-decoration: none; text-align: center; --qode-cf-font-size: 16px; --qode-cf-line-height: 22px; --qode-cf-font-size-1440: 16px; --qode-cf-line-height-1440: 22px; --qode-cf-font-size-1366: 16px; --qode-cf-line-height-1366: 22px; --qode-cf-font-size-1280: 16px; --qode-cf-line-height-1280: 22px; --qode-cf-font-size-1024: 16px; --qode-cf-line-height-1024: 22px; --qode-cf-font-size-768: 16px; --qode-cf-line-height-768: 22px; --qode-cf-font-size-680: 16px; --qode-cf-line-height-680: 22px; --qode-cf-font-size-480: 16px; --qode-cf-line-height-480: 22px;\">\n<p style=\"text-align: center;\"><strong style=\"font-size: 24px;\">Hotel Sol Cayo Largo ****<\/strong><\/p>\n<p style=\"text-align: center;\"><em>Cayo Largo del Sur &#8211; Archipi\u00e9lago Canarreos, Isla de la Juventud, Cuba<\/em><\/p>\n<p>&nbsp;<\/p>\n<p style=\"text-align: center;\">El hotel todo incluido Sol Cayo Largo est\u00e1 situado en Cayo Largo del Sur, en pleno mar Caribe, al sur de la Isla de Cuba.<\/p>\n<p>&nbsp;<\/p>\n<p style=\"text-align: center;\"><strong><a href=\"https:\/\/test.isladelajuventud-cuba.com\/hotel-sol-cayo-largo\/\">-&gt;M\u00c1S INFO Y RESERVA<\/a><\/strong><\/p>\n<\/div>[\/vc_column][\/vc_row][vc_row css_animation=\u00bb\u00bb row_type=\u00bbrow\u00bb use_row_as_full_screen_section=\u00bbno\u00bb type=\u00bbgrid\u00bb angled_section=\u00bbno\u00bb text_align=\u00bbcenter\u00bb background_image_as_pattern=\u00bbwithout_pattern\u00bb][vc_column][vc_empty_space height=\u00bb50px\u00bb][\/vc_column][\/vc_row][vc_row css_animation=\u00bb\u00bb row_type=\u00bbrow\u00bb use_row_as_full_screen_section=\u00bbno\u00bb type=\u00bbgrid\u00bb angled_section=\u00bbno\u00bb text_align=\u00bbcenter\u00bb background_image_as_pattern=\u00bbwithout_pattern\u00bb background_color=\u00bb#ffffff\u00bb padding_top=\u00bb20&#8243; padding_bottom=\u00bb20&#8243;][vc_column width=\u00bb1\/3&#8243;][vc_single_image image=\u00bb27520&#8243; img_size=\u00bb250&#215;188&#8243; alignment=\u00bbcenter\u00bb onclick=\u00bbcustom_link\u00bb qode_css_animation=\u00bb\u00bb link=\u00bbhttps:\/\/test.isladelajuventud-cuba.com\/hotel-pelicano-cayo-largo-del-sur\/\u00bb][\/vc_column][vc_column width=\u00bb2\/3&#8243;]<div class=\"custom_font_holder \" style=\"font-family: Lato; font-style: normal; font-weight: 400; color: #0467fb; text-decoration: none; text-align: center; --qode-cf-font-size: 16px; --qode-cf-line-height: 22px; --qode-cf-font-size-1440: 16px; --qode-cf-line-height-1440: 22px; --qode-cf-font-size-1366: 16px; --qode-cf-line-height-1366: 22px; --qode-cf-font-size-1280: 16px; --qode-cf-line-height-1280: 22px; --qode-cf-font-size-1024: 16px; --qode-cf-line-height-1024: 22px; --qode-cf-font-size-768: 16px; --qode-cf-line-height-768: 22px; --qode-cf-font-size-680: 16px; --qode-cf-line-height-680: 22px; --qode-cf-font-size-480: 16px; --qode-cf-line-height-480: 22px;\">\n<p style=\"text-align: center;\"><strong style=\"font-size: 24px;\">Hotel Pel\u00edcano Cayo Largo del Sur****<\/strong><\/p>\n<p style=\"text-align: center;\"><em>Cayo Largo del Sur &#8211; Archipi\u00e9lago Canarreos, Isla de la Juventud, Cuba<\/em><\/p>\n<p>&nbsp;<\/p>\n<p style=\"text-align: center;\">El hotel en Cayo Largo, Pel\u00edcano, es un hotel de playa Todo Incluido situado en la Isla de la juventud, localizada al sur de la provincia de La Habana.<\/p>\n<p>&nbsp;<\/p>\n<p style=\"text-align: center;\"><strong><a href=\"https:\/\/test.isladelajuventud-cuba.com\/hotel-pelicano-cayo-largo-del-sur\/\">-&gt;M\u00c1S INFO Y RESERVA<\/a><\/strong><\/p>\n<\/div>[\/vc_column][\/vc_row][vc_row css_animation=\u00bb\u00bb row_type=\u00bbrow\u00bb use_row_as_full_screen_section=\u00bbno\u00bb type=\u00bbgrid\u00bb angled_section=\u00bbno\u00bb text_align=\u00bbcenter\u00bb background_image_as_pattern=\u00bbwithout_pattern\u00bb][vc_column][vc_empty_space height=\u00bb50px\u00bb][\/vc_column][\/vc_row][vc_row css_animation=\u00bb\u00bb row_type=\u00bbrow\u00bb use_row_as_full_screen_section=\u00bbno\u00bb type=\u00bbgrid\u00bb angled_section=\u00bbno\u00bb text_align=\u00bbcenter\u00bb background_image_as_pattern=\u00bbwithout_pattern\u00bb background_color=\u00bb#cccccc\u00bb padding_top=\u00bb20&#8243; padding_bottom=\u00bb20&#8243;][vc_column width=\u00bb1\/3&#8243;][vc_single_image image=\u00bb27418&#8243; img_size=\u00bb250&#215;188&#8243; alignment=\u00bbcenter\u00bb onclick=\u00bbcustom_link\u00bb qode_css_animation=\u00bb\u00bb link=\u00bbhttps:\/\/test.isladelajuventud-cuba.com\/hotel-bella-isla-resort\/\u00bb][\/vc_column][vc_column width=\u00bb2\/3&#8243;]<div class=\"custom_font_holder \" style=\"font-family: Lato; font-style: normal; font-weight: 400; color: #0467fb; text-decoration: none; text-align: center; --qode-cf-font-size: 16px; --qode-cf-line-height: 22px; --qode-cf-font-size-1440: 16px; --qode-cf-line-height-1440: 22px; --qode-cf-font-size-1366: 16px; --qode-cf-line-height-1366: 22px; --qode-cf-font-size-1280: 16px; --qode-cf-line-height-1280: 22px; --qode-cf-font-size-1024: 16px; --qode-cf-line-height-1024: 22px; --qode-cf-font-size-768: 16px; --qode-cf-line-height-768: 22px; --qode-cf-font-size-680: 16px; --qode-cf-line-height-680: 22px; --qode-cf-font-size-480: 16px; --qode-cf-line-height-480: 22px;\">\n<p style=\"text-align: center;\"><strong style=\"font-size: 24px;\">Hotel Bella Isla Resort ****<\/strong><\/p>\n<p style=\"text-align: center;\"><em>Cayo Largo del Sur &#8211; Archipi\u00e9lago Canarreos, Isla de la Juventud, Cuba<\/em><\/p>\n<p>&nbsp;<\/p>\n<p style=\"text-align: center;\">Situado en la isla de Cayo Largo del Sur, a 100 m de la playa y a 10 Km. del Aeropuerto Internacional de Vilo Acu\u00f1a. La isla tiene amplias zonas de playa para los aficionados al nudismo y cuenta con excelentes condiciones para disfrutar de la naturaleza y de los deportes n\u00e1uticos, especialmente el buceo.<\/p>\n<p>&nbsp;<\/p>\n<p style=\"text-align: center;\"><strong><a href=\"https:\/\/test.isladelajuventud-cuba.com\/hotel-bella-isla-resort\/\">-&gt;M\u00c1S INFO Y RESERVA<\/a><\/strong><\/p>\n<\/div>[\/vc_column][\/vc_row][vc_row css_animation=\u00bb\u00bb row_type=\u00bbrow\u00bb use_row_as_full_screen_section=\u00bbno\u00bb type=\u00bbgrid\u00bb angled_section=\u00bbno\u00bb text_align=\u00bbcenter\u00bb background_image_as_pattern=\u00bbwithout_pattern\u00bb][vc_column][vc_empty_space height=\u00bb50px\u00bb][\/vc_column][\/vc_row][vc_row css_animation=\u00bb\u00bb row_type=\u00bbrow\u00bb use_row_as_full_screen_section=\u00bbno\u00bb type=\u00bbgrid\u00bb angled_section=\u00bbno\u00bb text_align=\u00bbcenter\u00bb background_image_as_pattern=\u00bbwithout_pattern\u00bb background_color=\u00bb#ffffff\u00bb padding_top=\u00bb20&#8243; padding_bottom=\u00bb20&#8243;][vc_column width=\u00bb1\/3&#8243;][vc_single_image image=\u00bb28009&#8243; img_size=\u00bb250&#215;188&#8243; alignment=\u00bbcenter\u00bb onclick=\u00bbcustom_link\u00bb qode_css_animation=\u00bb\u00bb link=\u00bbhttps:\/\/test.isladelajuventud-cuba.com\/hotel-villa-bellanera\/\u00bb][\/vc_column][vc_column width=\u00bb2\/3&#8243;]<div class=\"custom_font_holder \" style=\"font-family: Lato; font-style: normal; font-weight: 400; color: #0467fb; text-decoration: none; text-align: center; --qode-cf-font-size: 16px; --qode-cf-line-height: 22px; --qode-cf-font-size-1440: 16px; --qode-cf-line-height-1440: 22px; --qode-cf-font-size-1366: 16px; --qode-cf-line-height-1366: 22px; --qode-cf-font-size-1280: 16px; --qode-cf-line-height-1280: 22px; --qode-cf-font-size-1024: 16px; --qode-cf-line-height-1024: 22px; --qode-cf-font-size-768: 16px; --qode-cf-line-height-768: 22px; --qode-cf-font-size-680: 16px; --qode-cf-line-height-680: 22px; --qode-cf-font-size-480: 16px; --qode-cf-line-height-480: 22px;\">\n<p style=\"text-align: center;\"><strong style=\"font-size: 24px;\">Hotel Villa Bellarena ****<\/strong><\/p>\n<p style=\"text-align: center;\"><em>Cayo Largo del Sur &#8211; Archipi\u00e9lago Canarreos, Isla de la Juventud,Cuba<\/em><\/p>\n<p>&nbsp;<\/p>\n<p style=\"text-align: center;\">Se encuentra ubicado en Cayo Largo del Sur, a tan solo 8 km del aeropuerto internacional Vilo Acu\u00f1a.<br \/>\nEst\u00e1 conformado por 45 caba\u00f1as de madera que ofrecen un alto confort en un ambiente agradable y en primera l\u00ednea de playa.<\/p>\n<p>&nbsp;<\/p>\n<p style=\"text-align: center;\"><strong><a href=\"https:\/\/test.isladelajuventud-cuba.com\/hotel-villa-bellanera\/\">-&gt;M\u00c1S INFO Y RESERVA<\/a><\/strong><\/p>\n<\/div>[\/vc_column][\/vc_row][vc_row css_animation=\u00bb\u00bb row_type=\u00bbrow\u00bb use_row_as_full_screen_section=\u00bbno\u00bb type=\u00bbgrid\u00bb angled_section=\u00bbno\u00bb text_align=\u00bbcenter\u00bb background_image_as_pattern=\u00bbwithout_pattern\u00bb][vc_column][vc_empty_space height=\u00bb50px\u00bb][\/vc_column][\/vc_row][vc_row css_animation=\u00bb\u00bb row_type=\u00bbrow\u00bb use_row_as_full_screen_section=\u00bbno\u00bb type=\u00bbgrid\u00bb angled_section=\u00bbno\u00bb text_align=\u00bbcenter\u00bb background_image_as_pattern=\u00bbwithout_pattern\u00bb background_color=\u00bb#cccccc\u00bb padding_top=\u00bb20&#8243; padding_bottom=\u00bb20&#8243;][vc_column width=\u00bb1\/3&#8243;][vc_single_image image=\u00bb27542&#8243; img_size=\u00bb250&#215;188&#8243; alignment=\u00bbcenter\u00bb onclick=\u00bbcustom_link\u00bb qode_css_animation=\u00bb\u00bb link=\u00bbhttps:\/\/test.isladelajuventud-cuba.com\/hotel-villa-marinera\/\u00bb][\/vc_column][vc_column width=\u00bb2\/3&#8243;]<div class=\"custom_font_holder \" style=\"font-family: Lato; font-style: normal; font-weight: 400; color: #0467fb; text-decoration: none; text-align: center; --qode-cf-font-size: 16px; --qode-cf-line-height: 22px; --qode-cf-font-size-1440: 16px; --qode-cf-line-height-1440: 22px; --qode-cf-font-size-1366: 16px; --qode-cf-line-height-1366: 22px; --qode-cf-font-size-1280: 16px; --qode-cf-line-height-1280: 22px; --qode-cf-font-size-1024: 16px; --qode-cf-line-height-1024: 22px; --qode-cf-font-size-768: 16px; --qode-cf-line-height-768: 22px; --qode-cf-font-size-680: 16px; --qode-cf-line-height-680: 22px; --qode-cf-font-size-480: 16px; --qode-cf-line-height-480: 22px;\">\n<p style=\"text-align: center;\"><strong style=\"font-size: 24px;\">Hotel Villa Marinera ***<\/strong><\/p>\n<p style=\"text-align: center;\"><em>Cayo Largo del Sur &#8211; Archipi\u00e9lago Canarreos, Isla de la Juventud, Cuba<\/em><\/p>\n<p>&nbsp;<\/p>\n<p style=\"text-align: center;\">La Villa Marinera es una peque\u00f1a instalaci\u00f3n con caba\u00f1as de maderas con una alto confort y exclusivo dise\u00f1o, se encuentra a solo 1 minuto del aeropuerto Internacional Vilo Acu\u00f1a, justo a solo metros de la Marina Cayo Largo.<\/p>\n<p>&nbsp;<\/p>\n<p style=\"text-align: center;\"><strong><a href=\"https:\/\/test.isladelajuventud-cuba.com\/hotel-villa-marinera-2\/\">-&gt;M\u00c1S INFO Y RESERVA<\/a><\/strong><\/p>\n<\/div>[\/vc_column][\/vc_row][vc_row css_animation=\u00bb\u00bb row_type=\u00bbrow\u00bb use_row_as_full_screen_section=\u00bbno\u00bb type=\u00bbgrid\u00bb angled_section=\u00bbno\u00bb text_align=\u00bbcenter\u00bb background_image_as_pattern=\u00bbwithout_pattern\u00bb][vc_column][vc_empty_space height=\u00bb50px\u00bb][\/vc_column][\/vc_row][vc_row css_animation=\u00bb\u00bb row_type=\u00bbrow\u00bb use_row_as_full_screen_section=\u00bbno\u00bb type=\u00bbgrid\u00bb angled_section=\u00bbno\u00bb text_align=\u00bbcenter\u00bb background_image_as_pattern=\u00bbwithout_pattern\u00bb padding_top=\u00bb20&#8243; padding_bottom=\u00bb20&#8243;][vc_column width=\u00bb1\/3&#8243;][vc_single_image image=\u00bb29060&#8243; img_size=\u00bb250&#215;188&#8243; alignment=\u00bbcenter\u00bb onclick=\u00bbcustom_link\u00bb qode_css_animation=\u00bb\u00bb link=\u00bbhttps:\/\/test.isladelajuventud-cuba.com\/hotel-villa-soledad\/\u00bb][\/vc_column][vc_column width=\u00bb2\/3&#8243;]<div class=\"custom_font_holder \" style=\"font-family: Lato; font-style: normal; font-weight: 400; color: #0467fb; text-decoration: none; text-align: center; --qode-cf-font-size: 16px; --qode-cf-line-height: 22px; --qode-cf-font-size-1440: 16px; --qode-cf-line-height-1440: 22px; --qode-cf-font-size-1366: 16px; --qode-cf-line-height-1366: 22px; --qode-cf-font-size-1280: 16px; --qode-cf-line-height-1280: 22px; --qode-cf-font-size-1024: 16px; --qode-cf-line-height-1024: 22px; --qode-cf-font-size-768: 16px; --qode-cf-line-height-768: 22px; --qode-cf-font-size-680: 16px; --qode-cf-line-height-680: 22px; --qode-cf-font-size-480: 16px; --qode-cf-line-height-480: 22px;\">\n<p style=\"text-align: center;\"><strong style=\"font-size: 24px;\">Hotel Villa Soledad ***<\/strong><\/p>\n<p style=\"text-align: center;\"><em>Cayo Largo del Sur &#8211; Archipi\u00e9lago Canarreos, Isla de la Juventud, Cuba<\/em><\/p>\n<p>&nbsp;<\/p>\n<p style=\"text-align: center;\">Dispone de 24 habitaciones. Estancias individuales que incluyen servicios como sala de estar, comedor, lavadora, y cocina completa.<\/p>\n<p>&nbsp;<\/p>\n<p style=\"text-align: center;\"><strong><a href=\"https:\/\/test.isladelajuventud-cuba.com\/hotel-villa-soledad\/\">-&gt;M\u00c1S INFO Y RESERVA<\/a><\/strong><\/p>\n<\/div>[\/vc_column][\/vc_row][vc_row css_animation=\u00bb\u00bb row_type=\u00bbrow\u00bb use_row_as_full_screen_section=\u00bbno\u00bb type=\u00bbgrid\u00bb angled_section=\u00bbno\u00bb text_align=\u00bbcenter\u00bb background_image_as_pattern=\u00bbwithout_pattern\u00bb][vc_column][vc_empty_space height=\u00bb50px\u00bb][\/vc_column][\/vc_row][vc_row css_animation=\u00bb\u00bb row_type=\u00bbrow\u00bb use_row_as_full_screen_section=\u00bbno\u00bb type=\u00bbgrid\u00bb angled_section=\u00bbno\u00bb text_align=\u00bbcenter\u00bb background_image_as_pattern=\u00bbwithout_pattern\u00bb background_color=\u00bb#cccccc\u00bb padding_top=\u00bb20&#8243; padding_bottom=\u00bb20&#8243;][vc_column width=\u00bb1\/3&#8243;][vc_single_image image=\u00bb29062&#8243; img_size=\u00bb250&#215;188&#8243; alignment=\u00bbcenter\u00bb onclick=\u00bbcustom_link\u00bb qode_css_animation=\u00bb\u00bb link=\u00bbhttps:\/\/test.isladelajuventud-cuba.com\/hotel-villa-coral\/\u00bb][\/vc_column][vc_column width=\u00bb2\/3&#8243;]<div class=\"custom_font_holder \" style=\"font-family: Lato; font-style: normal; font-weight: 400; color: #0467fb; text-decoration: none; text-align: center; --qode-cf-font-size: 16px; --qode-cf-line-height: 22px; --qode-cf-font-size-1440: 16px; --qode-cf-line-height-1440: 22px; --qode-cf-font-size-1366: 16px; --qode-cf-line-height-1366: 22px; --qode-cf-font-size-1280: 16px; --qode-cf-line-height-1280: 22px; --qode-cf-font-size-1024: 16px; --qode-cf-line-height-1024: 22px; --qode-cf-font-size-768: 16px; --qode-cf-line-height-768: 22px; --qode-cf-font-size-680: 16px; --qode-cf-line-height-680: 22px; --qode-cf-font-size-480: 16px; --qode-cf-line-height-480: 22px;\">\n<p style=\"text-align: center;\"><strong style=\"font-size: 24px;\">Hotel Villa Coral ***<\/strong><\/p>\n<p style=\"text-align: center;\"><em>Cayo Largo del Sur &#8211; Archipi\u00e9lago Canarreos, Isla de la Juventud, Cuba<\/em><\/p>\n<p>&nbsp;<\/p>\n<p style=\"text-align: center;\">Hotel paradis\u00edaco, cautivador, ba\u00f1ado por el sol y el mar caribe\u00f1o en Cayo Largo del Sur, donde usted\u00a0 podr\u00e1 disfrutar una magn\u00edficas vacaciones con su familia.<\/p>\n<p>&nbsp;<\/p>\n<p style=\"text-align: center;\"><strong><a href=\"https:\/\/test.isladelajuventud-cuba.com\/hotel-villa-coral\/\">-&gt;M\u00c1S INFO Y RESERVA<\/a><\/strong><\/p>\n<\/div>[\/vc_column][\/vc_row][vc_row css_animation=\u00bb\u00bb row_type=\u00bbrow\u00bb use_row_as_full_screen_section=\u00bbno\u00bb type=\u00bbgrid\u00bb angled_section=\u00bbno\u00bb text_align=\u00bbcenter\u00bb background_image_as_pattern=\u00bbwithout_pattern\u00bb][vc_column][vc_empty_space height=\u00bb50px\u00bb][\/vc_column][\/vc_row][vc_row css_animation=\u00bb\u00bb row_type=\u00bbrow\u00bb use_row_as_full_screen_section=\u00bbno\u00bb type=\u00bbgrid\u00bb angled_section=\u00bbno\u00bb text_align=\u00bbcenter\u00bb background_image_as_pattern=\u00bbwithout_pattern\u00bb padding_top=\u00bb20&#8243; padding_bottom=\u00bb20&#8243;][vc_column width=\u00bb1\/3&#8243;][vc_single_image image=\u00bb27548&#8243; img_size=\u00bb250&#215;188&#8243; alignment=\u00bbcenter\u00bb onclick=\u00bbcustom_link\u00bb qode_css_animation=\u00bb\u00bb link=\u00bbhttps:\/\/test.isladelajuventud-cuba.com\/hotel-isla-del-sur\/\u00bb][\/vc_column][vc_column width=\u00bb2\/3&#8243;]<div class=\"custom_font_holder \" style=\"font-family: Lato; font-style: normal; font-weight: 400; color: #0467fb; text-decoration: none; text-align: center; --qode-cf-font-size: 16px; --qode-cf-line-height: 22px; --qode-cf-font-size-1440: 16px; --qode-cf-line-height-1440: 22px; --qode-cf-font-size-1366: 16px; --qode-cf-line-height-1366: 22px; --qode-cf-font-size-1280: 16px; --qode-cf-line-height-1280: 22px; --qode-cf-font-size-1024: 16px; --qode-cf-line-height-1024: 22px; --qode-cf-font-size-768: 16px; --qode-cf-line-height-768: 22px; --qode-cf-font-size-680: 16px; --qode-cf-line-height-680: 22px; --qode-cf-font-size-480: 16px; --qode-cf-line-height-480: 22px;\">\n<p style=\"text-align: center;\"><strong style=\"font-size: 24px;\">Hotel Isla del Sur ***<\/strong><\/p>\n<p style=\"text-align: center;\"><em>Cayo Largo del Sur &#8211; Archipi\u00e9lago Canarreos, Isla de la Juventud, Cuba<\/em><\/p>\n<p>&nbsp;<\/p>\n<p style=\"text-align: center;\">El hotel est\u00e1 ubicado en la isla Cayo Largo del Sur, a 30 minutos en avi\u00f3n de La Habana. Es una isla de playas con arenas blancas, aguas cristalinas y bellos fondos marinos.<\/p>\n<p>&nbsp;<\/p>\n<p style=\"text-align: center;\"><strong><a href=\"https:\/\/test.isladelajuventud-cuba.com\/hotel-isla-del-sur\/\">-&gt;M\u00c1S INFO Y RESERVA<\/a><\/strong><\/p>\n<\/div>[\/vc_column][\/vc_row][vc_row css_animation=\u00bb\u00bb row_type=\u00bbrow\u00bb use_row_as_full_screen_section=\u00bbno\u00bb type=\u00bbgrid\u00bb angled_section=\u00bbno\u00bb text_align=\u00bbcenter\u00bb background_image_as_pattern=\u00bbwithout_pattern\u00bb][vc_column][vc_empty_space height=\u00bb50px\u00bb][\/vc_column][\/vc_row][vc_row css_animation=\u00bb\u00bb row_type=\u00bbrow\u00bb use_row_as_full_screen_section=\u00bbno\u00bb type=\u00bbgrid\u00bb angled_section=\u00bbno\u00bb text_align=\u00bbcenter\u00bb background_image_as_pattern=\u00bbwithout_pattern\u00bb background_color=\u00bb#cccccc\u00bb padding_top=\u00bb20&#8243; padding_bottom=\u00bb20&#8243;][vc_column width=\u00bb1\/3&#8243;][vc_single_image image=\u00bb29332&#8243; img_size=\u00bb250&#215;188&#8243; alignment=\u00bbcenter\u00bb onclick=\u00bbcustom_link\u00bb qode_css_animation=\u00bb\u00bb link=\u00bbhttps:\/\/test.isladelajuventud-cuba.com\/hotel-villa-iguana\/\u00bb][\/vc_column][vc_column width=\u00bb2\/3&#8243;]<div class=\"custom_font_holder \" style=\"font-family: Lato; font-style: normal; font-weight: 400; color: #0467fb; text-decoration: none; text-align: center; --qode-cf-font-size: 16px; --qode-cf-line-height: 22px; --qode-cf-font-size-1440: 16px; --qode-cf-line-height-1440: 22px; --qode-cf-font-size-1366: 16px; --qode-cf-line-height-1366: 22px; --qode-cf-font-size-1280: 16px; --qode-cf-line-height-1280: 22px; --qode-cf-font-size-1024: 16px; --qode-cf-line-height-1024: 22px; --qode-cf-font-size-768: 16px; --qode-cf-line-height-768: 22px; --qode-cf-font-size-680: 16px; --qode-cf-line-height-680: 22px; --qode-cf-font-size-480: 16px; --qode-cf-line-height-480: 22px;\">\n<p style=\"text-align: center;\"><strong style=\"font-size: 24px;\">Hotel Villa Iguana ***<\/strong><\/p>\n<p style=\"text-align: center;\"><em>Cayo Largo del Sur &#8211; Archipi\u00e9lago Canarreos, Isla de la Juventud, Cuba<\/em><\/p>\n<p>&nbsp;<\/p>\n<p style=\"text-align: center;\">A solo 10 minutos del Aeropuerto Internacional Vilo Acu\u00f1a, Cayo Largo, joya del archipi\u00e9lago Los Canarreos,\u00a0 le ofrece\u00a0 sus playas, que se extienden por 24 Km.; abiertos al Mar Caribe, con excelentes condiciones para la\u00a0 recreaci\u00f3n al aire libre y\u00a0 el disfrute&#8230;&#8230;..<\/p>\n<p>&nbsp;<\/p>\n<p style=\"text-align: center;\"><strong><a href=\"https:\/\/test.isladelajuventud-cuba.com\/hotel-villa-iguana\/\">-&gt;M\u00c1S INFO Y RESERVA<\/a><\/strong><\/p>\n<\/div>[\/vc_column][\/vc_row][vc_row css_animation=\u00bb\u00bb row_type=\u00bbrow\u00bb use_row_as_full_screen_section=\u00bbno\u00bb type=\u00bbgrid\u00bb angled_section=\u00bbno\u00bb text_align=\u00bbcenter\u00bb background_image_as_pattern=\u00bbwithout_pattern\u00bb][vc_column][vc_empty_space height=\u00bb50px\u00bb][\/vc_column][\/vc_row][vc_row css_animation=\u00bb\u00bb row_type=\u00bbrow\u00bb use_row_as_full_screen_section=\u00bbno\u00bb type=\u00bbgrid\u00bb angled_section=\u00bbno\u00bb text_align=\u00bbcenter\u00bb background_image_as_pattern=\u00bbwithout_pattern\u00bb padding_top=\u00bb20&#8243; padding_bottom=\u00bb20&#8243;][vc_column width=\u00bb1\/3&#8243;][vc_single_image image=\u00bb29631&#8243; img_size=\u00bb250&#215;188&#8243; alignment=\u00bbcenter\u00bb onclick=\u00bbcustom_link\u00bb qode_css_animation=\u00bb\u00bb link=\u00bbhttps:\/\/test.isladelajuventud-cuba.com\/hotel-lindamar\/\u00bb][\/vc_column][vc_column width=\u00bb2\/3&#8243;]<div class=\"custom_font_holder \" style=\"font-family: Lato; font-style: normal; font-weight: 400; color: #0467fb; text-decoration: none; text-align: center; --qode-cf-font-size: 16px; --qode-cf-line-height: 22px; --qode-cf-font-size-1440: 16px; --qode-cf-line-height-1440: 22px; --qode-cf-font-size-1366: 16px; --qode-cf-line-height-1366: 22px; --qode-cf-font-size-1280: 16px; --qode-cf-line-height-1280: 22px; --qode-cf-font-size-1024: 16px; --qode-cf-line-height-1024: 22px; --qode-cf-font-size-768: 16px; --qode-cf-line-height-768: 22px; --qode-cf-font-size-680: 16px; --qode-cf-line-height-680: 22px; --qode-cf-font-size-480: 16px; --qode-cf-line-height-480: 22px;\">\n<p style=\"text-align: center;\"><strong style=\"font-size: 24px;\">Hotel\u00a0 Villa Lindamar ***<\/strong><\/p>\n<p style=\"text-align: center;\"><em>Cayo Largo del Sur &#8211; Archipi\u00e9lago Canarreos, Isla de la Juventud, Cuba<\/em><\/p>\n<p>&nbsp;<\/p>\n<p style=\"text-align: center;\">El hotel est\u00e1 ubicado en\u00a0 Cayo Largo del Sur&#8230;&#8230;<\/p>\n<p>&nbsp;<\/p>\n<p style=\"text-align: center;\"><strong><a href=\"https:\/\/test.isladelajuventud-cuba.com\/hotel-lindamar\/\">-&gt;M\u00c1S INFO Y RESERVA<\/a><\/strong><\/p>\n<\/div>[\/vc_column][\/vc_row][vc_row css_animation=\u00bb\u00bb row_type=\u00bbrow\u00bb use_row_as_full_screen_section=\u00bbno\u00bb type=\u00bbgrid\u00bb angled_section=\u00bbno\u00bb text_align=\u00bbcenter\u00bb background_image_as_pattern=\u00bbwithout_pattern\u00bb][vc_column][vc_empty_space height=\u00bb50px\u00bb][\/vc_column][\/vc_row][vc_row css_animation=\u00bb\u00bb row_type=\u00bbrow\u00bb use_row_as_full_screen_section=\u00bbno\u00bb type=\u00bbgrid\u00bb angled_section=\u00bbno\u00bb text_align=\u00bbcenter\u00bb background_image_as_pattern=\u00bbwithout_pattern\u00bb][vc_column][vc_column_text]<\/p>\n<h2>ISLA DE LA JUVENTUD<\/h2>\n<p>[\/vc_column_text][\/vc_column][\/vc_row][vc_row css_animation=\u00bb\u00bb row_type=\u00bbrow\u00bb use_row_as_full_screen_section=\u00bbno\u00bb type=\u00bbgrid\u00bb angled_section=\u00bbno\u00bb text_align=\u00bbcenter\u00bb background_image_as_pattern=\u00bbwithout_pattern\u00bb][vc_column][vc_empty_space height=\u00bb50px\u00bb][\/vc_column][\/vc_row][vc_row css_animation=\u00bb\u00bb row_type=\u00bbrow\u00bb use_row_as_full_screen_section=\u00bbno\u00bb type=\u00bbgrid\u00bb angled_section=\u00bbno\u00bb text_align=\u00bbcenter\u00bb background_image_as_pattern=\u00bbwithout_pattern\u00bb background_color=\u00bb#cccccc\u00bb padding_top=\u00bb20&#8243; padding_bottom=\u00bb20&#8243;][vc_column width=\u00bb1\/3&#8243;][vc_single_image image=\u00bb27588&#8243; img_size=\u00bb250&#215;188&#8243; alignment=\u00bbcenter\u00bb onclick=\u00bbcustom_link\u00bb qode_css_animation=\u00bb\u00bb link=\u00bbhttps:\/\/test.isladelajuventud-cuba.com\/hotel-el-colony\/\u00bb][\/vc_column][vc_column width=\u00bb2\/3&#8243;]<div class=\"custom_font_holder \" style=\"font-family: Lato; font-style: normal; font-weight: 400; color: #0467fb; text-decoration: none; text-align: center; --qode-cf-font-size: 16px; --qode-cf-line-height: 22px; --qode-cf-font-size-1440: 16px; --qode-cf-line-height-1440: 22px; --qode-cf-font-size-1366: 16px; --qode-cf-line-height-1366: 22px; --qode-cf-font-size-1280: 16px; --qode-cf-line-height-1280: 22px; --qode-cf-font-size-1024: 16px; --qode-cf-line-height-1024: 22px; --qode-cf-font-size-768: 16px; --qode-cf-line-height-768: 22px; --qode-cf-font-size-680: 16px; --qode-cf-line-height-680: 22px; --qode-cf-font-size-480: 16px; --qode-cf-line-height-480: 22px;\">\n<p style=\"text-align: center;\"><strong style=\"font-size: 24px;\">Hotel El Colony ***<\/strong><\/p>\n<p style=\"text-align: center;\"><em>Bah\u00eda de Sig\u00fcanea, Isla de la Juventud, Cuba<\/em><\/p>\n<p>&nbsp;<\/p>\n<p style=\"text-align: center;\">Hotel El Colony, Isla de la Juventud, Cuba, ubicado en la bah\u00eda de Siguanea, fue construido en la d\u00e9cada de 1950, est\u00e1 situado en una playa paradis\u00edaca al sur de la isla de Cuba.<\/p>\n<p>&nbsp;<\/p>\n<p style=\"text-align: center;\"><strong><a href=\"https:\/\/test.isladelajuventud-cuba.com\/hotel-el-colony\/\">-&gt;M\u00c1S INFO Y RESERVA<\/a><\/strong><\/p>\n<\/div>[\/vc_column][\/vc_row][vc_row css_animation=\u00bb\u00bb row_type=\u00bbrow\u00bb use_row_as_full_screen_section=\u00bbno\u00bb type=\u00bbgrid\u00bb angled_section=\u00bbno\u00bb text_align=\u00bbcenter\u00bb background_image_as_pattern=\u00bbwithout_pattern\u00bb][vc_column][vc_empty_space height=\u00bb50px\u00bb][\/vc_column][\/vc_row][vc_row css_animation=\u00bb\u00bb row_type=\u00bbrow\u00bb use_row_as_full_screen_section=\u00bbno\u00bb type=\u00bbgrid\u00bb angled_section=\u00bbno\u00bb text_align=\u00bbcenter\u00bb background_image_as_pattern=\u00bbwithout_pattern\u00bb padding_top=\u00bb20&#8243; padding_bottom=\u00bb20&#8243;][vc_column width=\u00bb1\/3&#8243;][vc_single_image image=\u00bb27593&#8243; img_size=\u00bb250&#215;188&#8243; alignment=\u00bbcenter\u00bb onclick=\u00bbcustom_link\u00bb qode_css_animation=\u00bb\u00bb link=\u00bbhttps:\/\/test.isladelajuventud-cuba.com\/hotel-rancho-del-tesoro\/\u00bb][\/vc_column][vc_column width=\u00bb2\/3&#8243;]<div class=\"custom_font_holder \" style=\"font-family: Lato; font-style: normal; font-weight: 400; color: #0467fb; text-decoration: none; text-align: center; --qode-cf-font-size: 16px; --qode-cf-line-height: 22px; --qode-cf-font-size-1440: 16px; --qode-cf-line-height-1440: 22px; --qode-cf-font-size-1366: 16px; --qode-cf-line-height-1366: 22px; --qode-cf-font-size-1280: 16px; --qode-cf-line-height-1280: 22px; --qode-cf-font-size-1024: 16px; --qode-cf-line-height-1024: 22px; --qode-cf-font-size-768: 16px; --qode-cf-line-height-768: 22px; --qode-cf-font-size-680: 16px; --qode-cf-line-height-680: 22px; --qode-cf-font-size-480: 16px; --qode-cf-line-height-480: 22px;\">\n<p style=\"text-align: center;\"><strong style=\"font-size: 24px;\">Hotel Rancho el Tesoro **<\/strong><\/p>\n<p style=\"text-align: center;\"><em>Autopista Santa Fe km 2 \u00bd, Nueva Gerona, Isla de la Juventud, Cuba<\/em><\/p>\n<p>&nbsp;<\/p>\n<p style=\"text-align: center;\">Posee una ubicaci\u00f3n privilegiada en las cercan\u00edas de la ciudad de Nueva Gerona aleda\u00f1o a la autopista que comunica con el segundo poblado en importancia de la Isla de la Juventud, La F\u00e9, y a pocos kil\u00f3metros del aeropuerto.<\/p>\n<p>&nbsp;<\/p>\n<p style=\"text-align: center;\"><strong><a href=\"https:\/\/test.isladelajuventud-cuba.com\/hotel-rancho-del-tesoro\/\">-&gt;M\u00c1S INFO Y RESERVA<\/a><\/strong><\/p>\n<\/div>[\/vc_column][\/vc_row][vc_row css_animation=\u00bb\u00bb row_type=\u00bbrow\u00bb use_row_as_full_screen_section=\u00bbno\u00bb type=\u00bbgrid\u00bb angled_section=\u00bbno\u00bb text_align=\u00bbcenter\u00bb background_image_as_pattern=\u00bbwithout_pattern\u00bb][vc_column][vc_empty_space height=\u00bb50px\u00bb][\/vc_column][\/vc_row][vc_row css_animation=\u00bb\u00bb row_type=\u00bbrow\u00bb use_row_as_full_screen_section=\u00bbno\u00bb type=\u00bbgrid\u00bb angled_section=\u00bbno\u00bb text_align=\u00bbcenter\u00bb background_image_as_pattern=\u00bbwithout_pattern\u00bb background_color=\u00bb#cccccc\u00bb padding_top=\u00bb20&#8243; padding_bottom=\u00bb20&#8243;][vc_column width=\u00bb1\/3&#8243;][vc_single_image image=\u00bb29667&#8243; img_size=\u00bb250&#215;188&#8243; alignment=\u00bbcenter\u00bb onclick=\u00bbcustom_link\u00bb qode_css_animation=\u00bb\u00bb link=\u00bbhttps:\/\/test.isladelajuventud-cuba.com\/hotel-villa-isla-de-la-juventud\/\u00bb][\/vc_column][vc_column width=\u00bb2\/3&#8243;]<div class=\"custom_font_holder \" style=\"font-family: Lato; font-style: normal; font-weight: 400; color: #0467fb; text-decoration: none; text-align: center; --qode-cf-font-size: 16px; --qode-cf-line-height: 22px; --qode-cf-font-size-1440: 16px; --qode-cf-line-height-1440: 22px; --qode-cf-font-size-1366: 16px; --qode-cf-line-height-1366: 22px; --qode-cf-font-size-1280: 16px; --qode-cf-line-height-1280: 22px; --qode-cf-font-size-1024: 16px; --qode-cf-line-height-1024: 22px; --qode-cf-font-size-768: 16px; --qode-cf-line-height-768: 22px; --qode-cf-font-size-680: 16px; --qode-cf-line-height-680: 22px; --qode-cf-font-size-480: 16px; --qode-cf-line-height-480: 22px;\">\n<p style=\"text-align: center;\"><strong style=\"font-size: 24px;\">Hotel Villa Isla de la Juventud**<\/strong><\/p>\n<p style=\"text-align: center;\">Autopista Santa Fe Km 1 \u00bd, Isla de la Juventud, Cuba<\/p>\n<p>&nbsp;<\/p>\n<p>Situado a solo 1.5km de la ciudad de Nueva Gerona ofrece al hu\u00e9sped un entorno tranquilo y relajante. Dispone de 20 habitaciones; 8 dobles y 12 triples, todas con tel\u00e9fono, TV sat\u00e9lite, radio, aire acondicionado, ba\u00f1o privado, balc\u00f3n y vista a jard\u00edn y naturaleza.<\/p>\n<p>&nbsp;<\/p>\n<p style=\"text-align: center;\"><strong><a href=\"https:\/\/test.isladelajuventud-cuba.com\/hotel-villa-isla-de-la-juventud\/\">-&gt;M\u00c1S INFO Y RESERVA<\/a><\/strong><\/p>\n<\/div>[\/vc_column][\/vc_row][vc_row css_animation=\u00bb\u00bb row_type=\u00bbrow\u00bb use_row_as_full_screen_section=\u00bbno\u00bb type=\u00bbgrid\u00bb angled_section=\u00bbno\u00bb text_align=\u00bbcenter\u00bb background_image_as_pattern=\u00bbwithout_pattern\u00bb][vc_column][vc_empty_space height=\u00bb50px\u00bb][\/vc_column][\/vc_row][vc_row css_animation=\u00bb\u00bb row_type=\u00bbrow\u00bb use_row_as_full_screen_section=\u00bbno\u00bb type=\u00bbgrid\u00bb angled_section=\u00bbno\u00bb text_align=\u00bbcenter\u00bb background_image_as_pattern=\u00bbwithout_pattern\u00bb padding_top=\u00bb20&#8243; padding_bottom=\u00bb20&#8243;][vc_column width=\u00bb1\/3&#8243;][vc_single_image image=\u00bb29411&#8243; img_size=\u00bb250&#215;188&#8243; alignment=\u00bbcenter\u00bb onclick=\u00bbcustom_link\u00bb qode_css_animation=\u00bb\u00bb link=\u00bbhttps:\/\/test.isladelajuventud-cuba.com\/hotel-la-cubana\/\u00bb][\/vc_column][vc_column width=\u00bb2\/3&#8243;]<div class=\"custom_font_holder \" style=\"font-family: Lato; font-style: normal; font-weight: 400; color: #0467fb; text-decoration: none; text-align: center; --qode-cf-font-size: 16px; --qode-cf-line-height: 22px; --qode-cf-font-size-1440: 16px; --qode-cf-line-height-1440: 22px; --qode-cf-font-size-1366: 16px; --qode-cf-line-height-1366: 22px; --qode-cf-font-size-1280: 16px; --qode-cf-line-height-1280: 22px; --qode-cf-font-size-1024: 16px; --qode-cf-line-height-1024: 22px; --qode-cf-font-size-768: 16px; --qode-cf-line-height-768: 22px; --qode-cf-font-size-680: 16px; --qode-cf-line-height-680: 22px; --qode-cf-font-size-480: 16px; --qode-cf-line-height-480: 22px;\">\n<p style=\"text-align: center;\"><strong style=\"font-size: 24px;\">Hotel La Cubana **<\/strong><\/p>\n<p style=\"text-align: center;\"><em>Nueva Gerona, Isla de la Juventud, Cuba<\/em><\/p>\n<p>&nbsp;<\/p>\n<p style=\"text-align: center;\">El hotel La Cubana, ubicado en el centro de Nueva Gerona, frente al Camilo Cienfuegos, conocido popularmente por Parque de las Cotorras, tiene 17 habitaciones, con capacidad para 34 hu\u00e9spedes.<\/p>\n<p>&nbsp;<\/p>\n<p style=\"text-align: center;\"><strong><a href=\"https:\/\/test.isladelajuventud-cuba.com\/hotel-la-cubana\/\">-&gt;M\u00c1S INFO Y RESERVA<\/a><\/strong><\/p>\n<\/div>[\/vc_column][\/vc_row][vc_row css_animation=\u00bb\u00bb row_type=\u00bbrow\u00bb use_row_as_full_screen_section=\u00bbno\u00bb type=\u00bbgrid\u00bb angled_section=\u00bbno\u00bb text_align=\u00bbcenter\u00bb background_image_as_pattern=\u00bbwithout_pattern\u00bb background_color=\u00bb#cccccc\u00bb padding_top=\u00bb20&#8243; padding_bottom=\u00bb20&#8243;][vc_column width=\u00bb1\/3&#8243;][vc_single_image image=\u00bb29427&#8243; img_size=\u00bb250&#215;188&#8243; alignment=\u00bbcenter\u00bb onclick=\u00bbcustom_link\u00bb qode_css_animation=\u00bb\u00bb link=\u00bbhttps:\/\/test.isladelajuventud-cuba.com\/hotel-las-codornices\/\u00bb][\/vc_column][vc_column width=\u00bb2\/3&#8243;]<div class=\"custom_font_holder \" style=\"font-family: Lato; font-style: normal; font-weight: 400; color: #0467fb; text-decoration: none; text-align: center; --qode-cf-font-size: 16px; --qode-cf-line-height: 22px; --qode-cf-font-size-1440: 16px; --qode-cf-line-height-1440: 22px; --qode-cf-font-size-1366: 16px; --qode-cf-line-height-1366: 22px; --qode-cf-font-size-1280: 16px; --qode-cf-line-height-1280: 22px; --qode-cf-font-size-1024: 16px; --qode-cf-line-height-1024: 22px; --qode-cf-font-size-768: 16px; --qode-cf-line-height-768: 22px; --qode-cf-font-size-680: 16px; --qode-cf-line-height-680: 22px; --qode-cf-font-size-480: 16px; --qode-cf-line-height-480: 22px;\">\n<p style=\"text-align: center;\"><strong style=\"font-size: 24px;\">Hotel Las Codornices **<\/strong><\/p>\n<p style=\"text-align: center;\"><em>Autopista Santa Fe km, Isla de la Juventud, Cuba<\/em><\/p>\n<p>&nbsp;<\/p>\n<p style=\"text-align: center;\">El Hotel Las Codornices se encuentra ubicado a tan solo 5 minutos en coche del aeropuerto nacional Rafael Cabrera Mustelier<\/p>\n<p>&nbsp;<\/p>\n<p style=\"text-align: center;\"><strong><a href=\"https:\/\/test.isladelajuventud-cuba.com\/hotel-las-codornices\/\">-&gt;M\u00c1S INFO Y RESERVA<\/a><\/strong><\/p>\n<\/div>[\/vc_column][\/vc_row][vc_row css_animation=\u00bb\u00bb row_type=\u00bbrow\u00bb use_row_as_full_screen_section=\u00bbno\u00bb type=\u00bbgrid\u00bb angled_section=\u00bbno\u00bb text_align=\u00bbcenter\u00bb background_image_as_pattern=\u00bbwithout_pattern\u00bb][vc_column][vc_empty_space height=\u00bb50px\u00bb][\/vc_column][\/vc_row][vc_row css_animation=\u00bb\u00bb row_type=\u00bbrow\u00bb use_row_as_full_screen_section=\u00bbno\u00bb type=\u00bbgrid\u00bb angled_section=\u00bbno\u00bb text_align=\u00bbcenter\u00bb background_image_as_pattern=\u00bbwithout_pattern\u00bb][vc_column][vc_column_text]<\/p>\n<h2>LA HABANA<\/h2>\n<p>[\/vc_column_text][\/vc_column][\/vc_row][vc_row css_animation=\u00bb\u00bb row_type=\u00bbrow\u00bb use_row_as_full_screen_section=\u00bbno\u00bb type=\u00bbgrid\u00bb angled_section=\u00bbno\u00bb text_align=\u00bbcenter\u00bb background_image_as_pattern=\u00bbwithout_pattern\u00bb background_color=\u00bb#ffffff\u00bb padding_top=\u00bb20&#8243; padding_bottom=\u00bb20&#8243;][vc_column width=\u00bb1\/3&#8243;][vc_single_image image=\u00bb30810&#8243; img_size=\u00bb250&#215;188&#8243; alignment=\u00bbcenter\u00bb onclick=\u00bbcustom_link\u00bb qode_css_animation=\u00bb\u00bb link=\u00bbhttps:\/\/test.isladelajuventud-cuba.com\/hotel-nh-collection-victoria-la-habanaicano-2\/\u00bb][\/vc_column][vc_column width=\u00bb2\/3&#8243;]<div class=\"custom_font_holder \" style=\"font-family: Lato; font-style: normal; font-weight: 400; color: #0467fb; text-decoration: none; text-align: center; --qode-cf-font-size: 16px; --qode-cf-line-height: 22px; --qode-cf-font-size-1440: 16px; --qode-cf-line-height-1440: 22px; --qode-cf-font-size-1366: 16px; --qode-cf-line-height-1366: 22px; --qode-cf-font-size-1280: 16px; --qode-cf-line-height-1280: 22px; --qode-cf-font-size-1024: 16px; --qode-cf-line-height-1024: 22px; --qode-cf-font-size-768: 16px; --qode-cf-line-height-768: 22px; --qode-cf-font-size-680: 16px; --qode-cf-line-height-680: 22px; --qode-cf-font-size-480: 16px; --qode-cf-line-height-480: 22px;\">\n<p style=\"text-align: center;\"><strong style=\"font-size: 24px;\">Hotel NH Collection Victoria La Habana ****<\/strong><\/p>\n<p style=\"text-align: center;\"><em>Calle 19 entre L y M. La Habana, Cuba.<\/em><\/p>\n<p>&nbsp;<\/p>\n<p style=\"text-align: center;\">El\u00a0<strong>NH Collection Victoria La Habana<\/strong>\u00a0cuenta con una ubicaci\u00f3n muy pr\u00e1ctica en pleno centro de La Habana, a pocos minutos a pie de la animada zona costera. Este hotel, elegante y minimalista, est\u00e1 a poca distancia del casco antiguo y de numerosos bares, restaurantes y tiendas&#8230;.<\/p>\n<p>&nbsp;<\/p>\n<p style=\"text-align: center;\"><strong><a href=\"https:\/\/test.isladelajuventud-cuba.com\/hotel-nh-collection-victoria-la-habanaicano-2\/\">-&gt;M\u00c1S INFO Y RESERVA<\/a><\/strong><\/p>\n<\/div>[\/vc_column][\/vc_row][vc_row css_animation=\u00bb\u00bb row_type=\u00bbrow\u00bb use_row_as_full_screen_section=\u00bbno\u00bb type=\u00bbgrid\u00bb angled_section=\u00bbno\u00bb text_align=\u00bbcenter\u00bb background_image_as_pattern=\u00bbwithout_pattern\u00bb][vc_column][vc_empty_space height=\u00bb50px\u00bb][\/vc_column][\/vc_row][vc_row css_animation=\u00bb\u00bb row_type=\u00bbrow\u00bb use_row_as_full_screen_section=\u00bbno\u00bb type=\u00bbgrid\u00bb angled_section=\u00bbno\u00bb text_align=\u00bbcenter\u00bb background_image_as_pattern=\u00bbwithout_pattern\u00bb][vc_column][vc_column_text]<\/p>\n<h2>OTRAS OPCIONES DE ALOJAMIENTOS<\/h2>\n<p>[\/vc_column_text][\/vc_column][\/vc_row][vc_row css_animation=\u00bb\u00bb row_type=\u00bbrow\u00bb use_row_as_full_screen_section=\u00bbno\u00bb type=\u00bbgrid\u00bb angled_section=\u00bbno\u00bb text_align=\u00bbcenter\u00bb background_image_as_pattern=\u00bbwithout_pattern\u00bb][vc_column][vc_empty_space height=\u00bb50px\u00bb][\/vc_column][\/vc_row][vc_row css_animation=\u00bb\u00bb row_type=\u00bbrow\u00bb use_row_as_full_screen_section=\u00bbno\u00bb type=\u00bbgrid\u00bb angled_section=\u00bbno\u00bb text_align=\u00bbcenter\u00bb background_image_as_pattern=\u00bbwithout_pattern\u00bb][vc_column width=\u00bb1\/2&#8243;][vc_single_image image=\u00bb27245&#8243; img_size=\u00bb250X188&#8243; alignment=\u00bbcenter\u00bb onclick=\u00bbcustom_link\u00bb qode_css_animation=\u00bb\u00bb link=\u00bbhttps:\/\/test.isladelajuventud-cuba.com\/alojamiento-casas-particulares\/\u00bb][vc_empty_space height=\u00bb30px\u00bb]<div class=\"custom_font_holder \" style=\"font-family: Lato; font-style: normal; font-weight: 400; color: #0467fb; text-decoration: none; text-align: center; --qode-cf-font-size: 24px; --qode-cf-line-height: 30px; --qode-cf-font-size-1440: 24px; --qode-cf-line-height-1440: 30px; --qode-cf-font-size-1366: 24px; --qode-cf-line-height-1366: 30px; --qode-cf-font-size-1280: 24px; --qode-cf-line-height-1280: 30px; --qode-cf-font-size-1024: 24px; --qode-cf-line-height-1024: 30px; --qode-cf-font-size-768: 24px; --qode-cf-line-height-768: 30px; --qode-cf-font-size-680: 24px; --qode-cf-line-height-680: 30px; --qode-cf-font-size-480: 24px; --qode-cf-line-height-480: 30px;\">\n<p><strong><a href=\"https:\/\/test.isladelajuventud-cuba.com\/alojamiento-casas-particulares\/\">CASAS PARTICULARES<\/a><\/strong><\/p>\n<\/div>[\/vc_column][vc_column width=\u00bb1\/2&#8243;][vc_single_image image=\u00bb22990&#8243; img_size=\u00bb250&#215;188&#8243; alignment=\u00bbcenter\u00bb onclick=\u00bbcustom_link\u00bb qode_css_animation=\u00bb\u00bb link=\u00bbhttps:\/\/test.isladelajuventud-cuba.com\/alojamiento-campings\/\u00bb][vc_empty_space height=\u00bb30px\u00bb]<div class=\"custom_font_holder \" style=\"font-family: Lato; font-style: normal; font-weight: 400; color: #0467fb; text-decoration: none; text-align: center; --qode-cf-font-size: 24px; --qode-cf-line-height: 30px; --qode-cf-font-size-1440: 24px; --qode-cf-line-height-1440: 30px; --qode-cf-font-size-1366: 24px; --qode-cf-line-height-1366: 30px; --qode-cf-font-size-1280: 24px; --qode-cf-line-height-1280: 30px; --qode-cf-font-size-1024: 24px; --qode-cf-line-height-1024: 30px; --qode-cf-font-size-768: 24px; --qode-cf-line-height-768: 30px; --qode-cf-font-size-680: 24px; --qode-cf-line-height-680: 30px; --qode-cf-font-size-480: 24px; --qode-cf-line-height-480: 30px;\">\n<p><strong><a href=\"https:\/\/test.isladelajuventud-cuba.com\/alojamiento-campings\/\">CAMPING<\/a><\/strong><\/p>\n<\/div>[\/vc_column][\/vc_row][vc_row css_animation=\u00bb\u00bb row_type=\u00bbrow\u00bb use_row_as_full_screen_section=\u00bbno\u00bb type=\u00bbgrid\u00bb angled_section=\u00bbno\u00bb text_align=\u00bbcenter\u00bb background_image_as_pattern=\u00bbwithout_pattern\u00bb][vc_column][vc_empty_space height=\u00bb50px\u00bb][\/vc_column][\/vc_row]<\/p>\n<\/div>","protected":false},"excerpt":{"rendered":"<p>[vc_row css_animation=\u00bb\u00bb row_type=\u00bbrow\u00bb use_row_as_full_screen_section=\u00bbno\u00bb type=\u00bbfull_width\u00bb angled_section=\u00bbno\u00bb text_align=\u00bbcenter\u00bb background_image_as_pattern=\u00bbwithout_pattern\u00bb][vc_column][vc_column_text] [\/vc_column_text][\/vc_column][\/vc_row][vc_row css_animation=\u00bb\u00bb row_type=\u00bbrow\u00bb use_row_as_full_screen_section=\u00bbno\u00bb type=\u00bbgrid\u00bb angled_section=\u00bbno\u00bb text_align=\u00bbcenter\u00bb background_image_as_pattern=\u00bbwithout_pattern\u00bb][vc_column][vc_empty_space height=\u00bb50px\u00bb][\/vc_column][\/vc_row][vc_row css_animation=\u00bb\u00bb row_type=\u00bbrow\u00bb use_row_as_full_screen_section=\u00bbno\u00bb type=\u00bbgrid\u00bb angled_section=\u00bbno\u00bb text_align=\u00bbcenter\u00bb background_image_as_pattern=\u00bbwithout_pattern\u00bb][vc_column][vc_column_text] ALOJAMIENTOS &#8211; HOTELES [\/vc_column_text][\/vc_column][\/vc_row][vc_row css_animation=\u00bb\u00bb row_type=\u00bbrow\u00bb use_row_as_full_screen_section=\u00bbno\u00bb type=\u00bbgrid\u00bb angled_section=\u00bbno\u00bb text_align=\u00bbcenter\u00bb background_image_as_pattern=\u00bbwithout_pattern\u00bb][vc_column][vc_empty_space height=\u00bb50px\u00bb][\/vc_column][\/vc_row][vc_row css_animation=\u00bb\u00bb row_type=\u00bbrow\u00bb use_row_as_full_screen_section=\u00bbno\u00bb type=\u00bbgrid\u00bb angled_section=\u00bbno\u00bb text_align=\u00bbcenter\u00bb background_image_as_pattern=\u00bbwithout_pattern\u00bb][vc_column][vc_column_text] CAYO LARGO&#8230;<\/p>\n","protected":false},"author":1,"featured_media":0,"parent":0,"menu_order":0,"comment_status":"open","ping_status":"closed","template":"full_width.php","meta":{"_joinchat":[],"footnotes":""},"class_list":["post-33917","page","type-page","status-publish","hentry"],"_links":{"self":[{"href":"https:\/\/test.isladelajuventud-cuba.com\/index.php?rest_route=\/wp\/v2\/pages\/33917","targetHints":{"allow":["GET"]}}],"collection":[{"href":"https:\/\/test.isladelajuventud-cuba.com\/index.php?rest_route=\/wp\/v2\/pages"}],"about":[{"href":"https:\/\/test.isladelajuventud-cuba.com\/index.php?rest_route=\/wp\/v2\/types\/page"}],"author":[{"embeddable":true,"href":"https:\/\/test.isladelajuventud-cuba.com\/index.php?rest_route=\/wp\/v2\/users\/1"}],"replies":[{"embeddable":true,"href":"https:\/\/test.isladelajuventud-cuba.com\/index.php?rest_route=%2Fwp%2Fv2%2Fcomments&post=33917"}],"version-history":[{"count":0,"href":"https:\/\/test.isladelajuventud-cuba.com\/index.php?rest_route=\/wp\/v2\/pages\/33917\/revisions"}],"wp:attachment":[{"href":"https:\/\/test.isladelajuventud-cuba.com\/index.php?rest_route=%2Fwp%2Fv2%2Fmedia&parent=33917"}],"curies":[{"name":"wp","href":"https:\/\/api.w.org\/{rel}","templated":true}]}}