{"id":34921,"date":"2020-10-02T15:51:58","date_gmt":"2020-10-02T15:51:58","guid":{"rendered":"https:\/\/test.isladelajuventud-cuba.com\/?page_id=34921"},"modified":"2023-08-18T18:55:51","modified_gmt":"2023-08-18T18:55:51","slug":"centros-de-buceo-en-cuba","status":"publish","type":"page","link":"https:\/\/test.isladelajuventud-cuba.com\/?page_id=34921","title":{"rendered":"Centros de Buceo en Cuba"},"content":{"rendered":"<div class=\"wpb-content-wrapper\" id=\"wpb-content-root\"><p>[vc_row css_animation=\u00bb\u00bb row_type=\u00bbrow\u00bb use_row_as_full_screen_section=\u00bbno\u00bb type=\u00bbfull_width\u00bb angled_section=\u00bbno\u00bb text_align=\u00bbcenter\u00bb background_image_as_pattern=\u00bbwithout_pattern\u00bb][vc_column][vc_column_text]<\/p>\n<p style=\"text-align: center;\"><div class=\"wp1s-slider-wrapper wp1s-slider-wrapper-50025 \">  \r\n    <div class=\"wp1s-main-wrapper\">\r\n      \r\n\r\n    <div class=\"wp1s-slider-container wp1s-pager-type-1 wp1s-arrow-type-1 wp1s-pagination\">\r\n    <ul class=\"wp1s-bxslider\" data-id=\"50025\" data-auto='true' data-speed='1000' data-pause='5000' data-transition='horizontal' data-controls='true' data-responsive='true' data-pager='disable' >\r\n            <li>\r\n            <img decoding=\"async\" src=\"https:\/\/test.isladelajuventud-cuba.com\/wp-content\/uploads\/2020\/01\/slide1.jpg\" \/>\r\n            <div class=\"wp1s-caption-wrapper wp1s-caption-type-1 wp1s-caption-middlecenter\">\r\n            <h1 class=\"wp1s-caption-title\"><\/h1>\r\n            <h2 class=\"wp1s-caption-content\"><\/h2>\r\n                        <\/div>\r\n        <\/li>\r\n            <li>\r\n            <img decoding=\"async\" src=\"https:\/\/test.isladelajuventud-cuba.com\/wp-content\/uploads\/2020\/01\/slide2.jpg\" \/>\r\n            <div class=\"wp1s-caption-wrapper wp1s-caption-type-1 wp1s-caption-middlecenter\">\r\n            <h1 class=\"wp1s-caption-title\"><\/h1>\r\n            <h2 class=\"wp1s-caption-content\">Cayo Largo del Sur. Un Para\u00edso del Caribe.<\/h2>\r\n                        <a href=\"https:\/\/test.isladelajuventud-cuba.com\/alojamiento-hoteles\/\" class=\"wps1-readmore-button\">Reserve con un click.<\/a>\r\n                        <\/div>\r\n        <\/li>\r\n            <li>\r\n            <img decoding=\"async\" src=\"https:\/\/test.isladelajuventud-cuba.com\/wp-content\/uploads\/2019\/10\/test1.jpg\" \/>\r\n            <div class=\"wp1s-caption-wrapper wp1s-caption-type-1 wp1s-caption-middlecenter\">\r\n            <h1 class=\"wp1s-caption-title\"><\/h1>\r\n            <h2 class=\"wp1s-caption-content\"><\/h2>\r\n                        <\/div>\r\n        <\/li>\r\n            <li>\r\n            <img decoding=\"async\" src=\"https:\/\/test.isladelajuventud-cuba.com\/wp-content\/uploads\/2020\/01\/slide4.jpg\" \/>\r\n            <div class=\"wp1s-caption-wrapper wp1s-caption-type-1 wp1s-caption-middlecenter\">\r\n            <h1 class=\"wp1s-caption-title\"><\/h1>\r\n            <h2 class=\"wp1s-caption-content\">Puestas de sol \u00fanicas...<\/h2>\r\n                        <\/div>\r\n        <\/li>\r\n            <li>\r\n            <img decoding=\"async\" src=\"https:\/\/test.isladelajuventud-cuba.com\/wp-content\/uploads\/2020\/01\/slide3.jpg\" \/>\r\n            <div class=\"wp1s-caption-wrapper wp1s-caption-type-1 wp1s-caption-middlecenter\">\r\n            <h1 class=\"wp1s-caption-title\"><\/h1>\r\n            <h2 class=\"wp1s-caption-content\">Un mundo bajo el mar.<\/h2>\r\n                        <a href=\"https:\/\/test.isladelajuventud-cuba.com\/centros-de-buceo\/\" class=\"wps1-readmore-button\">Reserve  tus inmersiones con un click.<\/a>\r\n                        <\/div>\r\n        <\/li>\r\n            <li>\r\n            <img decoding=\"async\" src=\"https:\/\/test.isladelajuventud-cuba.com\/wp-content\/uploads\/2020\/01\/slide5.jpg\" \/>\r\n            <div class=\"wp1s-caption-wrapper wp1s-caption-type-1 wp1s-caption-middlecenter\">\r\n            <h1 class=\"wp1s-caption-title\"><\/h1>\r\n            <h2 class=\"wp1s-caption-content\">Descubra algunas de las mejores playas del mundo.<\/h2>\r\n                        <a href=\"https:\/\/test.isladelajuventud-cuba.com\/playas-2\/\" class=\"wps1-readmore-button\">Ver m\u00e1s playas<\/a>\r\n                        <\/div>\r\n        <\/li>\r\n            <li>\r\n            <img decoding=\"async\" src=\"https:\/\/test.isladelajuventud-cuba.com\/wp-content\/uploads\/2020\/01\/slide6-1.jpg\" \/>\r\n            <div class=\"wp1s-caption-wrapper wp1s-caption-type-1 wp1s-caption-middlecenter\">\r\n            <h1 class=\"wp1s-caption-title\"><\/h1>\r\n            <h2 class=\"wp1s-caption-content\">Descubre su naturaleza en estado puro...<\/h2>\r\n                        <\/div>\r\n        <\/li>\r\n            <li>\r\n            <img decoding=\"async\" src=\"https:\/\/test.isladelajuventud-cuba.com\/wp-content\/uploads\/2020\/01\/slide7.jpg\" \/>\r\n            <div class=\"wp1s-caption-wrapper wp1s-caption-type-1 wp1s-caption-middlecenter\">\r\n            <h1 class=\"wp1s-caption-title\"><\/h1>\r\n            <h2 class=\"wp1s-caption-content\">MUSEOS<\/h2>\r\n                        <a href=\"https:\/\/test.isladelajuventud-cuba.com\/museos\/\" class=\"wps1-readmore-button\">Ver m\u00e1s Museos<\/a>\r\n                        <\/div>\r\n        <\/li>\r\n            <li>\r\n            <img decoding=\"async\" src=\"https:\/\/test.isladelajuventud-cuba.com\/wp-content\/uploads\/2020\/01\/slide8.jpg\" \/>\r\n            <div class=\"wp1s-caption-wrapper wp1s-caption-type-1 wp1s-caption-middlecenter\">\r\n            <h1 class=\"wp1s-caption-title\"><\/h1>\r\n            <h2 class=\"wp1s-caption-content\">LUGARES DE INTER\u00c9S<\/h2>\r\n                        <a href=\"https:\/\/test.isladelajuventud-cuba.com\/lugares-de-interes-2\/\" class=\"wps1-readmore-button\">Ver m\u00e1s Lugares de Inter\u00e9s<\/a>\r\n                        <\/div>\r\n        <\/li>\r\n            <li>\r\n            <img decoding=\"async\" src=\"https:\/\/test.isladelajuventud-cuba.com\/wp-content\/uploads\/2020\/01\/slide9-1.jpg\" \/>\r\n            <div class=\"wp1s-caption-wrapper wp1s-caption-type-1 wp1s-caption-middlecenter\">\r\n            <h1 class=\"wp1s-caption-title\"><\/h1>\r\n            <h2 class=\"wp1s-caption-content\">Hoteles, casas de alquiler, camping. <\/h2>\r\n                        <a href=\"https:\/\/test.isladelajuventud-cuba.com\/alojamiento\/\" class=\"wps1-readmore-button\">Reserva su alojamiento con un click.<\/a>\r\n                        <\/div>\r\n        <\/li>\r\n            <li>\r\n            <img decoding=\"async\" src=\"https:\/\/test.isladelajuventud-cuba.com\/wp-content\/uploads\/2020\/01\/slide10.jpg\" \/>\r\n            <div class=\"wp1s-caption-wrapper wp1s-caption-type-1 wp1s-caption-middlecenter\">\r\n            <h1 class=\"wp1s-caption-title\"><\/h1>\r\n            <h2 class=\"wp1s-caption-content\">Nueva Gerona fundada en 1830, una ciudad que  le sorprender\u00e1...<\/h2>\r\n                        <a href=\"https:\/\/test.isladelajuventud-cuba.com\/nucleos-urbanos-nueva-gerona\/\" class=\"wps1-readmore-button\">Conozca Nueva Gerona con un click<\/a>\r\n                        <\/div>\r\n        <\/li>\r\n            <li>\r\n            <img decoding=\"async\" src=\"https:\/\/test.isladelajuventud-cuba.com\/wp-content\/uploads\/2020\/02\/monumentos.jpg\" \/>\r\n            <div class=\"wp1s-caption-wrapper wp1s-caption-type-1 wp1s-caption-middlecenter\">\r\n            <h1 class=\"wp1s-caption-title\"><\/h1>\r\n            <h2 class=\"wp1s-caption-content\">MONUMENTOS<\/h2>\r\n                        <a href=\"https:\/\/test.isladelajuventud-cuba.com\/monumentos\/\" class=\"wps1-readmore-button\">Ver m\u00e1s Monumentos<\/a>\r\n                        <\/div>\r\n        <\/li>\r\n        <\/ul>\r\n    <\/div>\r\n<\/div>\r\n      <\/div>\r\n   <style>\r\n\r\n.wp1s-slider-wrapper-50025 {\r\n    \r\n     width:100%%;   \r\n}\r\n\r\n.wp1s-slider-wrapper-50025 .wp1s-caption-wrapper.wp1s-caption-type-1 .wp1s-caption-title{\r\n\r\n    font-size:20px;\r\n   \r\n}\r\n\r\n.wp1s-slider-wrapper-50025 .wp1s-caption-wrapper.wp1s-caption-type-1 .wp1s-caption-content{\r\n   \r\n    font-size: 40px;\r\n    \r\n}\r\n.wp1s-slider-wrapper-50025 .wp1s-caption-wrapper.wp1s-caption-type-2 .wp1s-caption-title {\r\n    font-size:20px;\r\n    background-color:rgba(125,165,82,0.8);\r\n   \r\n}\r\n.wp1s-slider-wrapper-50025 .wp1s-caption-wrapper.wp1s-caption-type-2 .wp1s-caption-content {\r\n    font-size:40px;\r\n\r\n}\r\n.wp1s-slider-wrapper-50025 .wp1s-caption-wrapper.wp1s-caption-type-3 .wp1s-caption-title {\r\n    font-size:20px;\r\n    border-bottom:7px solid #2ed1ff;\r\n}\r\n.wp1s-slider-wrapper-50025 .wp1s-caption-wrapper.wp1s-caption-type-3 .wp1s-caption-content {\r\n    font-size:40px;\r\n   \r\n}\r\n.wp1s-slider-wrapper-50025 .wp1s-caption-wrapper.wp1s-caption-type-4  {\r\n   \r\n    background-color:rgba(124,118,118,0.6);\r\n\r\n}\r\n.wp1s-slider-wrapper-50025 .wp1s-caption-wrapper.wp1s-caption-type-4 .wp1s-caption-title {\r\n    font-size:20px;\r\n\r\n}\r\n.wp1s-slider-wrapper-50025 .wp1s-caption-wrapper.wp1s-caption-type-4 .wp1s-caption-content {\r\n    font-size:40px;\r\n}\r\n.wp1s-slider-wrapper-50025 .wp1s-caption-wrapper .wp1s-caption-title {\r\n    color:#ffffff;\r\n}\r\n.wp1s-slider-wrapper-50025 .wp1s-caption-wrapper .wp1s-caption-content {\r\n    color:#59d600;\r\n}\r\n.wp1s-slider-wrapper-50025 .wp1s-main-wrapper .wp1s-pager-type-1 .bx-wrapper .bx-pager.bx-default-pager a {\r\n    background-color:#ffffff;\r\n}\r\n.wp1s-slider-wrapper-50025 .wp1s-main-wrapper .wp1s-pager-type-1 .bx-wrapper .bx-pager.bx-default-pager a:hover, \r\n.wp1s-slider-wrapper-50025 .wp1s-main-wrapper .wp1s-pager-type-1 .bx-wrapper .bx-pager.bx-default-pager a.active {\r\n    background-color:#3bb1f4;\r\n}\r\n.wp1s-slider-wrapper-50025 .wp1s-main-wrapper .wp1s-pager-type-2 .bx-wrapper .bx-pager.bx-default-pager a {\r\n    background-color:#635e5e;\r\n    border:3px solid #979191;\r\n}\r\n.wp1s-slider-wrapper-50025 .wp1s-main-wrapper .wp1s-pager-type-2 .bx-wrapper .bx-pager.bx-default-pager a:hover, \r\n.wp1s-slider-wrapper-50025 .wp1s-main-wrapper .wp1s-pager-type-2 .bx-wrapper .bx-pager.bx-default-pager a.active {\r\n    background-color:#ffffff;\r\n}\r\n.wp1s-slider-wrapper-50025 .wp1s-main-wrapper .wp1s-pager-type-3 .bx-wrapper .bx-pager.bx-default-pager a {\r\n    border:1px solid #ffffff;\r\n   \r\n}\r\n.wp1s-slider-wrapper-50025 .wp1s-main-wrapper .wp1s-pager-type-3 .bx-wrapper .bx-pager.bx-default-pager a:hover, \r\n.wp1s-slider-wrapper-50025 .wp1s-main-wrapper .wp1s-pager-type-3 .bx-wrapper .bx-pager.bx-default-pager a.active {\r\n    border-color:#ff9600;\r\n}\r\n.wp1s-slider-wrapper-50025 .wp1s-main-wrapper .wp1s-pager-type-4 .bx-wrapper .bx-pager.bx-default-pager a {\r\n    background-color:#7a7a7a;\r\n    \r\n}\r\n.wp1s-slider-wrapper-50025 .wp1s-main-wrapper .wp1s-pager-type-4 .bx-wrapper .bx-pager.bx-default-pager a:hover, \r\n.wp1s-slider-wrapper-50025 .wp1s-main-wrapper .wp1s-pager-type-4 .bx-wrapper .bx-pager.bx-default-pager a.active {\r\n    background-color:#ffffff;\r\n}\r\n.wp1s-slider-wrapper-50025 .wp1s-caption-wrapper.wp1s-caption-type-1 .wps1-readmore-button {\r\n    background-color: #1e75f6;\r\n    box-shadow: 0 2px 0 #1758c6;\r\n    -webkit-box-shadow: 0 2px 0 #1758c6;\r\n    -moz-box-shadow: 0 2px 0 #1758c6;\r\n}\r\n.wp1s-slider-wrapper-50025 .wp1s-caption-wrapper.wp1s-caption-type-1 .wps1-readmore-button:hover {\r\n    background-color:#11499e;\r\n}\r\n@media (max-width:1200px) {\r\n.wp1s-slider-wrapper-50025 .wp1s-slider-wrapper {\r\nwidth:100%;\r\n}\r\n}\r\n.wp1s-widget-wrap .wp1s-caption-wrapper {\r\n\r\ndisplay: none;\r\n}\r\n\r\n.wp1s-widget-wrap .wp1s-thumbnail-wrapper {\r\ndisplay: none;\r\n}\r\n\r\n<\/style><\/p>\n<p>[\/vc_column_text][\/vc_column][\/vc_row][vc_row css_animation=\u00bb\u00bb row_type=\u00bbrow\u00bb use_row_as_full_screen_section=\u00bbno\u00bb type=\u00bbgrid\u00bb angled_section=\u00bbno\u00bb text_align=\u00bbcenter\u00bb background_image_as_pattern=\u00bbwithout_pattern\u00bb][vc_column][vc_empty_space height=\u00bb50px\u00bb][\/vc_column][\/vc_row][vc_row css_animation=\u00bb\u00bb row_type=\u00bbrow\u00bb use_row_as_full_screen_section=\u00bbno\u00bb type=\u00bbgrid\u00bb angled_section=\u00bbno\u00bb text_align=\u00bbcenter\u00bb background_image_as_pattern=\u00bbwithout_pattern\u00bb][vc_column]<div class=\"custom_font_holder \" style=\"font-family: open sans; font-style: normal; font-weight: 400; color: #0a0a0a; text-decoration: none; text-align: left; --qode-cf-font-size: 18px; --qode-cf-line-height: 24px; --qode-cf-font-size-1440: 18px; --qode-cf-line-height-1440: 24px; --qode-cf-font-size-1366: 18px; --qode-cf-line-height-1366: 24px; --qode-cf-font-size-1280: 18px; --qode-cf-line-height-1280: 24px; --qode-cf-font-size-1024: 18px; --qode-cf-line-height-1024: 24px; --qode-cf-font-size-768: 18px; --qode-cf-line-height-768: 24px; --qode-cf-font-size-680: 18px; --qode-cf-line-height-680: 24px; --qode-cf-font-size-480: 18px; --qode-cf-line-height-480: 24px;\">\n<h1><strong>BUCEAR EN CUBA<\/strong><\/h1>\n<h1><strong>\u00a0<\/strong><\/h1>\n<\/div>[vc_separator type=\u00bbnormal\u00bb color=\u00bb#0a0a0a\u00bb][\/vc_column][\/vc_row][vc_row css_animation=\u00bb\u00bb row_type=\u00bbrow\u00bb use_row_as_full_screen_section=\u00bbno\u00bb type=\u00bbgrid\u00bb angled_section=\u00bbno\u00bb text_align=\u00bbcenter\u00bb background_image_as_pattern=\u00bbwithout_pattern\u00bb][vc_column][vc_empty_space height=\u00bb30px\u00bb]<div class=\"custom_font_holder \" style=\"font-family: Lato; font-style: normal; font-weight: 400; color: #000000; text-decoration: none; text-align: left; --qode-cf-font-size: 18px; --qode-cf-line-height: 24px; --qode-cf-font-size-1440: 18px; --qode-cf-line-height-1440: 24px; --qode-cf-font-size-1366: 18px; --qode-cf-line-height-1366: 24px; --qode-cf-font-size-1280: 18px; --qode-cf-line-height-1280: 24px; --qode-cf-font-size-1024: 18px; --qode-cf-line-height-1024: 24px; --qode-cf-font-size-768: 18px; --qode-cf-line-height-768: 24px; --qode-cf-font-size-680: 18px; --qode-cf-line-height-680: 24px; --qode-cf-font-size-480: 18px; --qode-cf-line-height-480: 24px;\">Las caracter\u00edsticas especiales de la plataforma insular de Cuba que abarca 67831 kil\u00f3metros cuadrado hacen que el buceo ocupe en todo el archipi\u00e9lago uno de los m\u00e1s singulares escenarios del Caribe.<\/p>\n<p>&nbsp;<\/p>\n<p>Aguas c\u00e1lidas y transparentes, impresionante biodiversidad \u00a0y conservaci\u00f3n de sus ecosistemas, gran variedad de \u00a0formaciones coralinas: inusitados tesoros de formas y colores, corales, esponjas, peces de diferentes tama\u00f1os y coloridos, valiosos pecios y adem\u00e1s numerosas playas naturales, cayos e islotes lo convierten en un desaf\u00edo a la imaginaci\u00f3n.<\/p>\n<p>&nbsp;<\/p>\n<p>A todo este inventario de bondades hay que sumarle su atributo fundamental y m\u00e1ximo protagonista: su arrecife coralino, considerado entre los m\u00e1s extensos,\u00a0 rico y mejor conservado del mundo, donde viven en pleno equilibrio una gran variedad de especies de la\u00a0 flora y la fauna marina.<\/p>\n<p>&nbsp;<\/p>\n<p>Por estas tantas razones podemos afirmar que Cuba se coloca como una excelente plaza por excelencia y que miles de turistas y profesionales la prefieren como destino de buceo.<\/p>\n<p>&nbsp;<\/p>\n<p>Las exuberantes zonas de inmersi\u00f3n ubicadas en la plataforma insular del archipi\u00e9lago cubano es un asombro constante de exigentes amantes del buceo contemplativo y asiduo escenario de torneos internacionales de fotograf\u00eda subacu\u00e1tica, constituye fuente de inspiraci\u00f3n de prominentes artistas de la especialidad en el planeta.<\/p>\n<p>&nbsp;<\/p>\n<p>A continuaci\u00f3n le presentamos una breve rese\u00f1a de los 28\u00a0 escenarios m\u00e1s espectaculares de buceo situados a lo largo de toda Cuba.<\/div>[vc_empty_space height=\u00bb50px\u00bb][\/vc_column][\/vc_row][vc_row css_animation=\u00bb\u00bb row_type=\u00bbrow\u00bb use_row_as_full_screen_section=\u00bbno\u00bb type=\u00bbgrid\u00bb angled_section=\u00bbno\u00bb text_align=\u00bbcenter\u00bb background_image_as_pattern=\u00bbwithout_pattern\u00bb][vc_column][vc_column_text]<\/p>\n<h1 style=\"text-align: center;\"><strong>ISLA DE PINOS \u00d3 ISLA DE\u00a0 LA JUVENTUD<\/strong><\/h1>\n<p>[\/vc_column_text][vc_separator type=\u00bbnormal\u00bb color=\u00bb#000000&#8243;][\/vc_column][\/vc_row][vc_row css_animation=\u00bb\u00bb row_type=\u00bbrow\u00bb use_row_as_full_screen_section=\u00bbno\u00bb type=\u00bbgrid\u00bb angled_section=\u00bbno\u00bb text_align=\u00bbcenter\u00bb background_image_as_pattern=\u00bbwithout_pattern\u00bb][vc_column][vc_empty_space height=\u00bb50px\u00bb][\/vc_column][\/vc_row][vc_row css_animation=\u00bb\u00bb row_type=\u00bbrow\u00bb use_row_as_full_screen_section=\u00bbno\u00bb type=\u00bbgrid\u00bb angled_section=\u00bbno\u00bb text_align=\u00bbcenter\u00bb background_image_as_pattern=\u00bbwithout_pattern\u00bb background_color=\u00bb#cccccc\u00bb padding_top=\u00bb20&#8243; padding_bottom=\u00bb20&#8243;][vc_column width=\u00bb1\/3&#8243;][vc_single_image image=\u00bb34945&#8243; img_size=\u00bb350&#215;200&#8243; alignment=\u00bbcenter\u00bb style=\u00bbvc_box_border\u00bb onclick=\u00bbcustom_link\u00bb qode_css_animation=\u00bb\u00bb link=\u00bbhttps:\/\/test.isladelajuventud-cuba.com\/centro-internacional-de-buceo-colony\/\u00bb][\/vc_column][vc_column width=\u00bb2\/3&#8243;]<div class=\"custom_font_holder \" style=\"font-family: Lato; font-style: normal; font-weight: 400; color: #0467fb; text-decoration: none; text-align: center; --qode-cf-font-size: 16px; --qode-cf-line-height: 22px; --qode-cf-font-size-1440: 16px; --qode-cf-line-height-1440: 22px; --qode-cf-font-size-1366: 16px; --qode-cf-line-height-1366: 22px; --qode-cf-font-size-1280: 16px; --qode-cf-line-height-1280: 22px; --qode-cf-font-size-1024: 16px; --qode-cf-line-height-1024: 22px; --qode-cf-font-size-768: 16px; --qode-cf-line-height-768: 22px; --qode-cf-font-size-680: 16px; --qode-cf-line-height-680: 22px; --qode-cf-font-size-480: 16px; --qode-cf-line-height-480: 22px;\">\n<p style=\"text-align: center;\"><strong style=\"font-size: 24px;\">CENTRO INTERNACIONAL DE BUCEO <\/strong><\/p>\n<p style=\"text-align: center;\"><em>Colony &#8211; Sig\u00fcanea, Isla de la Juventud,Cuba<\/em><\/p>\n<p>&nbsp;<\/p>\n<p style=\"text-align: center;\">La Isla de la Juventud cuenta con la mayor cantidad de escenarios de buceos de toda Cuba con 56 puntos de inmersi\u00f3n y desde la Marina Colony,\u00a0 todos se encuentran a una hora aproximadamente de distancia en barco desde el centro de buceo.<\/p>\n<p>&nbsp;<\/p>\n<p style=\"text-align: center;\"><strong><a href=\"https:\/\/test.isladelajuventud-cuba.com\/centro-internacional-de-buceo-colony\/\">-&gt;M\u00c1S INFO Y RESERVA<\/a><\/strong><\/p>\n<\/div>[\/vc_column][\/vc_row][vc_row css_animation=\u00bb\u00bb row_type=\u00bbrow\u00bb use_row_as_full_screen_section=\u00bbno\u00bb type=\u00bbgrid\u00bb angled_section=\u00bbno\u00bb text_align=\u00bbcenter\u00bb background_image_as_pattern=\u00bbwithout_pattern\u00bb][vc_column][vc_empty_space height=\u00bb50px\u00bb][\/vc_column][\/vc_row][vc_row css_animation=\u00bb\u00bb row_type=\u00bbrow\u00bb use_row_as_full_screen_section=\u00bbno\u00bb type=\u00bbgrid\u00bb angled_section=\u00bbno\u00bb text_align=\u00bbcenter\u00bb background_image_as_pattern=\u00bbwithout_pattern\u00bb background_color=\u00bb#ffffff\u00bb padding_top=\u00bb20&#8243; padding_bottom=\u00bb20&#8243;][vc_column width=\u00bb1\/3&#8243;][vc_single_image image=\u00bb34888&#8243; img_size=\u00bb350&#215;200&#8243; alignment=\u00bbcenter\u00bb style=\u00bbvc_box_border\u00bb onclick=\u00bbcustom_link\u00bb qode_css_animation=\u00bb\u00bb link=\u00bbhttps:\/\/test.isladelajuventud-cuba.com\/centro-internacional-de-buceo-cayo-largo-del-sur\/\u00bb][\/vc_column][vc_column width=\u00bb2\/3&#8243;]<div class=\"custom_font_holder \" style=\"font-family: Lato; font-style: normal; font-weight: 400; color: #0467fb; text-decoration: none; text-align: center; --qode-cf-font-size: 16px; --qode-cf-line-height: 22px; --qode-cf-font-size-1440: 16px; --qode-cf-line-height-1440: 22px; --qode-cf-font-size-1366: 16px; --qode-cf-line-height-1366: 22px; --qode-cf-font-size-1280: 16px; --qode-cf-line-height-1280: 22px; --qode-cf-font-size-1024: 16px; --qode-cf-line-height-1024: 22px; --qode-cf-font-size-768: 16px; --qode-cf-line-height-768: 22px; --qode-cf-font-size-680: 16px; --qode-cf-line-height-680: 22px; --qode-cf-font-size-480: 16px; --qode-cf-line-height-480: 22px;\">\n<p style=\"text-align: center;\"><strong style=\"font-size: 24px;\">CENTRO INTERNACIONAL DE BUCEO <\/strong><\/p>\n<p style=\"text-align: center;\"><em>Cayo Largo del Sur &#8211; Archipi\u00e9lago Canarreos, Isla de la Juventud, Cuba<\/em><\/p>\n<p>&nbsp;<\/p>\n<p style=\"text-align: center;\">Sus playas y plataforma submarina(una de las m\u00e1s bellas de Cuba) constituyen los atractivos m\u00e1s notables de este para\u00edso caribe\u00f1o consider\u00e1ndola tambi\u00e9n en una de las zonas m\u00e1s v\u00edrgenes de Cuba.<\/p>\n<p>&nbsp;<\/p>\n<p style=\"text-align: center;\"><strong>-&gt;<a href=\"https:\/\/test.isladelajuventud-cuba.com\/centro-internacional-de-buceo-cayo-largo-del-sur\/\">M\u00c1S INFO Y RESERVA<\/a><\/strong><\/p>\n<\/div>[\/vc_column][\/vc_row][vc_row css_animation=\u00bb\u00bb row_type=\u00bbrow\u00bb use_row_as_full_screen_section=\u00bbno\u00bb type=\u00bbgrid\u00bb angled_section=\u00bbno\u00bb text_align=\u00bbcenter\u00bb background_image_as_pattern=\u00bbwithout_pattern\u00bb][vc_column][vc_empty_space height=\u00bb50px\u00bb][\/vc_column][\/vc_row][vc_row css_animation=\u00bb\u00bb row_type=\u00bbrow\u00bb use_row_as_full_screen_section=\u00bbno\u00bb type=\u00bbgrid\u00bb angled_section=\u00bbno\u00bb text_align=\u00bbcenter\u00bb background_image_as_pattern=\u00bbwithout_pattern\u00bb][vc_column][vc_column_text]<\/p>\n<h1 style=\"text-align: center;\"><strong>PINAR DEL R\u00cdO<\/strong><\/h1>\n<p>[\/vc_column_text][vc_separator type=\u00bbnormal\u00bb color=\u00bb#000000&#8243;][\/vc_column][\/vc_row][vc_row css_animation=\u00bb\u00bb row_type=\u00bbrow\u00bb use_row_as_full_screen_section=\u00bbno\u00bb type=\u00bbgrid\u00bb angled_section=\u00bbno\u00bb text_align=\u00bbcenter\u00bb background_image_as_pattern=\u00bbwithout_pattern\u00bb][vc_column][vc_empty_space height=\u00bb50px\u00bb][\/vc_column][\/vc_row][vc_row css_animation=\u00bb\u00bb row_type=\u00bbrow\u00bb use_row_as_full_screen_section=\u00bbno\u00bb type=\u00bbgrid\u00bb angled_section=\u00bbno\u00bb text_align=\u00bbcenter\u00bb background_image_as_pattern=\u00bbwithout_pattern\u00bb background_color=\u00bb#cccccc\u00bb padding_top=\u00bb20&#8243; padding_bottom=\u00bb20&#8243;][vc_column width=\u00bb1\/3&#8243;][vc_single_image image=\u00bb34892&#8243; img_size=\u00bb350&#215;200&#8243; alignment=\u00bbcenter\u00bb style=\u00bbvc_box_border\u00bb onclick=\u00bbcustom_link\u00bb qode_css_animation=\u00bb\u00bb][\/vc_column][vc_column width=\u00bb2\/3&#8243;]<div class=\"custom_font_holder \" style=\"font-family: Lato; font-style: normal; font-weight: 400; color: #0467fb; text-decoration: none; text-align: center; --qode-cf-font-size: 16px; --qode-cf-line-height: 22px; --qode-cf-font-size-1440: 16px; --qode-cf-line-height-1440: 22px; --qode-cf-font-size-1366: 16px; --qode-cf-line-height-1366: 22px; --qode-cf-font-size-1280: 16px; --qode-cf-line-height-1280: 22px; --qode-cf-font-size-1024: 16px; --qode-cf-line-height-1024: 22px; --qode-cf-font-size-768: 16px; --qode-cf-line-height-768: 22px; --qode-cf-font-size-680: 16px; --qode-cf-line-height-680: 22px; --qode-cf-font-size-480: 16px; --qode-cf-line-height-480: 22px;\">\n<p style=\"text-align: center;\"><strong style=\"font-size: 24px;\">CENTRO DE BUCEO<\/strong><\/p>\n<p style=\"text-align: center;\"><em>Cabo de San Antonio, Pinar del R\u00edo, Cuba<\/em><\/p>\n<p>&nbsp;<\/p>\n<p style=\"text-align: center;\">Este para\u00edso natural se sit\u00faa en el extremo m\u00e1s occidental de la provincia de Pinar del R\u00edo y de la Isla de Cuba, en la Pen\u00ednsula de Guanahacabibes, Reserva Mundial de la Biosfera.<\/p>\n<p>&nbsp;<\/p>\n<p style=\"text-align: center;\"><strong>-&gt;M\u00c1S INFO Y RESERVA<\/strong><\/p>\n<\/div>[\/vc_column][\/vc_row][vc_row css_animation=\u00bb\u00bb row_type=\u00bbrow\u00bb use_row_as_full_screen_section=\u00bbno\u00bb type=\u00bbgrid\u00bb angled_section=\u00bbno\u00bb text_align=\u00bbcenter\u00bb background_image_as_pattern=\u00bbwithout_pattern\u00bb][vc_column][vc_empty_space height=\u00bb50px\u00bb][\/vc_column][\/vc_row][vc_row css_animation=\u00bb\u00bb row_type=\u00bbrow\u00bb use_row_as_full_screen_section=\u00bbno\u00bb type=\u00bbgrid\u00bb angled_section=\u00bbno\u00bb text_align=\u00bbcenter\u00bb background_image_as_pattern=\u00bbwithout_pattern\u00bb background_color=\u00bb#ffffff\u00bb padding_top=\u00bb20&#8243; padding_bottom=\u00bb20&#8243;][vc_column width=\u00bb1\/3&#8243;][vc_single_image image=\u00bb34895&#8243; img_size=\u00bb350&#215;200&#8243; alignment=\u00bbcenter\u00bb style=\u00bbvc_box_border\u00bb onclick=\u00bbcustom_link\u00bb qode_css_animation=\u00bb\u00bb link=\u00bbhttps:\/\/test.isladelajuventud-cuba.com\/centro-internacional-de-buceo-maria-la-gorda\/\u00bb][\/vc_column][vc_column width=\u00bb2\/3&#8243;]<div class=\"custom_font_holder \" style=\"font-family: Lato; font-style: normal; font-weight: 400; color: #0467fb; text-decoration: none; text-align: center; --qode-cf-font-size: 16px; --qode-cf-line-height: 22px; --qode-cf-font-size-1440: 16px; --qode-cf-line-height-1440: 22px; --qode-cf-font-size-1366: 16px; --qode-cf-line-height-1366: 22px; --qode-cf-font-size-1280: 16px; --qode-cf-line-height-1280: 22px; --qode-cf-font-size-1024: 16px; --qode-cf-line-height-1024: 22px; --qode-cf-font-size-768: 16px; --qode-cf-line-height-768: 22px; --qode-cf-font-size-680: 16px; --qode-cf-line-height-680: 22px; --qode-cf-font-size-480: 16px; --qode-cf-line-height-480: 22px;\">\n<p style=\"text-align: center;\"><strong style=\"font-size: 24px;\">CENTRO INTERNACIONAL DE BUCEO<\/strong><\/p>\n<p style=\"text-align: center;\"><em>Mar\u00eda La Gorda, Pinar del R\u00edo, Cuba<\/em><\/p>\n<p>&nbsp;<\/p>\n<p style=\"text-align: center;\">Privada y serena, Mar\u00eda La Gorda, es famosa por sus transparentes fondos marinos, considerados por muchos, entre los de mayor riqueza biol\u00f3gica de Cuba y se pueden observar entre m\u00faltiples especies de corales, la mayor colonia de coral negro existente en los mares cubanos.<\/p>\n<p>&nbsp;<\/p>\n<p style=\"text-align: center;\"><a href=\"https:\/\/test.isladelajuventud-cuba.com\/centro-internacional-de-buceo-maria-la-gorda\/\"><strong>-&gt;M\u00c1S INFO Y RESERVA<\/strong><\/a><\/p>\n<\/div>[\/vc_column][\/vc_row][vc_row css_animation=\u00bb\u00bb row_type=\u00bbrow\u00bb use_row_as_full_screen_section=\u00bbno\u00bb type=\u00bbgrid\u00bb angled_section=\u00bbno\u00bb text_align=\u00bbcenter\u00bb background_image_as_pattern=\u00bbwithout_pattern\u00bb][vc_column][vc_empty_space height=\u00bb50px\u00bb][\/vc_column][\/vc_row][vc_row css_animation=\u00bb\u00bb row_type=\u00bbrow\u00bb use_row_as_full_screen_section=\u00bbno\u00bb type=\u00bbgrid\u00bb angled_section=\u00bbno\u00bb text_align=\u00bbcenter\u00bb background_image_as_pattern=\u00bbwithout_pattern\u00bb background_color=\u00bb#cccccc\u00bb padding_top=\u00bb20&#8243; padding_bottom=\u00bb20&#8243;][vc_column width=\u00bb1\/3&#8243;][vc_single_image image=\u00bb34899&#8243; img_size=\u00bb350&#215;200&#8243; alignment=\u00bbcenter\u00bb style=\u00bbvc_box_border\u00bb onclick=\u00bbcustom_link\u00bb qode_css_animation=\u00bb\u00bb link=\u00bbhttps:\/\/test.isladelajuventud-cuba.com\/centro-internacional-de-buceo-cayo-levisa\/\u00bb][\/vc_column][vc_column width=\u00bb2\/3&#8243;]<div class=\"custom_font_holder \" style=\"font-family: Lato; font-style: normal; font-weight: 400; color: #0467fb; text-decoration: none; text-align: center; --qode-cf-font-size: 16px; --qode-cf-line-height: 22px; --qode-cf-font-size-1440: 16px; --qode-cf-line-height-1440: 22px; --qode-cf-font-size-1366: 16px; --qode-cf-line-height-1366: 22px; --qode-cf-font-size-1280: 16px; --qode-cf-line-height-1280: 22px; --qode-cf-font-size-1024: 16px; --qode-cf-line-height-1024: 22px; --qode-cf-font-size-768: 16px; --qode-cf-line-height-768: 22px; --qode-cf-font-size-680: 16px; --qode-cf-line-height-680: 22px; --qode-cf-font-size-480: 16px; --qode-cf-line-height-480: 22px;\">\n<p style=\"text-align: center;\"><strong style=\"font-size: 24px;\">CENTRO DE BUCEO<\/strong><\/p>\n<p style=\"text-align: center;\"><em>Cayo Levisa,Pinar del R\u00edo, Cuba<\/em><\/p>\n<p>&nbsp;<\/p>\n<p style=\"text-align: center;\">Su playa coralina y sus fondos marinos resultan impresionantes. Existen pecios del siglo XVII y XVIII. Una de las inmersiones m\u00e1s recomendables que se oferta es en La Corona de San Carlos. Se llega por mar desde el embarcadero Palma de Rubia.<\/p>\n<p>&nbsp;<\/p>\n<p style=\"text-align: center;\"><a href=\"https:\/\/test.isladelajuventud-cuba.com\/centro-internacional-de-buceo-cayo-levisa\/\"><strong>-&gt;M\u00c1S INFO Y RESERVA<\/strong><\/a><\/p>\n<\/div>[\/vc_column][\/vc_row][vc_row css_animation=\u00bb\u00bb row_type=\u00bbrow\u00bb use_row_as_full_screen_section=\u00bbno\u00bb type=\u00bbgrid\u00bb angled_section=\u00bbno\u00bb text_align=\u00bbcenter\u00bb background_image_as_pattern=\u00bbwithout_pattern\u00bb][vc_column][vc_empty_space height=\u00bb50px\u00bb][\/vc_column][\/vc_row][vc_row css_animation=\u00bb\u00bb row_type=\u00bbrow\u00bb use_row_as_full_screen_section=\u00bbno\u00bb type=\u00bbgrid\u00bb angled_section=\u00bbno\u00bb text_align=\u00bbcenter\u00bb background_image_as_pattern=\u00bbwithout_pattern\u00bb][vc_column][vc_column_text]<\/p>\n<h1 style=\"text-align: center;\"><strong>LA HABANA<\/strong><\/h1>\n<p>[\/vc_column_text][vc_separator type=\u00bbnormal\u00bb color=\u00bb#000000&#8243;][\/vc_column][\/vc_row][vc_row css_animation=\u00bb\u00bb row_type=\u00bbrow\u00bb use_row_as_full_screen_section=\u00bbno\u00bb type=\u00bbgrid\u00bb angled_section=\u00bbno\u00bb text_align=\u00bbcenter\u00bb background_image_as_pattern=\u00bbwithout_pattern\u00bb][vc_column][vc_empty_space height=\u00bb50px\u00bb][\/vc_column][\/vc_row][vc_row css_animation=\u00bb\u00bb row_type=\u00bbrow\u00bb use_row_as_full_screen_section=\u00bbno\u00bb type=\u00bbgrid\u00bb angled_section=\u00bbno\u00bb text_align=\u00bbcenter\u00bb background_image_as_pattern=\u00bbwithout_pattern\u00bb padding_top=\u00bb20&#8243; padding_bottom=\u00bb20&#8243;][vc_column width=\u00bb1\/3&#8243;][vc_single_image image=\u00bb34902&#8243; img_size=\u00bb350&#215;200&#8243; alignment=\u00bbcenter\u00bb style=\u00bbvc_box_border\u00bb onclick=\u00bbcustom_link\u00bb qode_css_animation=\u00bb\u00bb][\/vc_column][vc_column width=\u00bb2\/3&#8243;]<div class=\"custom_font_holder \" style=\"font-family: Lato; font-style: normal; font-weight: 400; color: #0467fb; text-decoration: none; text-align: center; --qode-cf-font-size: 16px; --qode-cf-line-height: 22px; --qode-cf-font-size-1440: 16px; --qode-cf-line-height-1440: 22px; --qode-cf-font-size-1366: 16px; --qode-cf-line-height-1366: 22px; --qode-cf-font-size-1280: 16px; --qode-cf-line-height-1280: 22px; --qode-cf-font-size-1024: 16px; --qode-cf-line-height-1024: 22px; --qode-cf-font-size-768: 16px; --qode-cf-line-height-768: 22px; --qode-cf-font-size-680: 16px; --qode-cf-line-height-680: 22px; --qode-cf-font-size-480: 16px; --qode-cf-line-height-480: 22px;\">\n<p style=\"text-align: center;\"><strong style=\"font-size: 24px;\">CENTRO INTERNACIONAL DE BUCEO<\/strong><\/p>\n<p style=\"text-align: center;\"><em>Marina Hemingway, La Habana, Cuba<\/em><\/p>\n<p>&nbsp;<\/p>\n<p style=\"text-align: center;\">La capital cubana es una bella ciudad costera cuya historia pasada y presente est\u00e1 \u00edntimamente vinculada al mar. Corales ramillete de novia del tipo cavernoso y el llamado coral cerebro, son abundantes en la zona.<\/p>\n<p>&nbsp;<\/p>\n<p style=\"text-align: center;\"><strong>-&gt;M\u00c1S INFO Y RESERVA<\/strong><\/p>\n<\/div>[\/vc_column][\/vc_row][vc_row css_animation=\u00bb\u00bb row_type=\u00bbrow\u00bb use_row_as_full_screen_section=\u00bbno\u00bb type=\u00bbgrid\u00bb angled_section=\u00bbno\u00bb text_align=\u00bbcenter\u00bb background_image_as_pattern=\u00bbwithout_pattern\u00bb][vc_column][vc_empty_space height=\u00bb50px\u00bb][\/vc_column][\/vc_row][vc_row css_animation=\u00bb\u00bb row_type=\u00bbrow\u00bb use_row_as_full_screen_section=\u00bbno\u00bb type=\u00bbgrid\u00bb angled_section=\u00bbno\u00bb text_align=\u00bbcenter\u00bb background_image_as_pattern=\u00bbwithout_pattern\u00bb background_color=\u00bb#cccccc\u00bb padding_top=\u00bb20&#8243; padding_bottom=\u00bb20&#8243;][vc_column width=\u00bb1\/3&#8243;][vc_single_image image=\u00bb34905&#8243; img_size=\u00bb350&#215;200&#8243; alignment=\u00bbcenter\u00bb style=\u00bbvc_box_border\u00bb onclick=\u00bbcustom_link\u00bb qode_css_animation=\u00bb\u00bb][\/vc_column][vc_column width=\u00bb2\/3&#8243;]<div class=\"custom_font_holder \" style=\"font-family: Lato; font-style: normal; font-weight: 400; color: #0467fb; text-decoration: none; text-align: center; --qode-cf-font-size: 16px; --qode-cf-line-height: 22px; --qode-cf-font-size-1440: 16px; --qode-cf-line-height-1440: 22px; --qode-cf-font-size-1366: 16px; --qode-cf-line-height-1366: 22px; --qode-cf-font-size-1280: 16px; --qode-cf-line-height-1280: 22px; --qode-cf-font-size-1024: 16px; --qode-cf-line-height-1024: 22px; --qode-cf-font-size-768: 16px; --qode-cf-line-height-768: 22px; --qode-cf-font-size-680: 16px; --qode-cf-line-height-680: 22px; --qode-cf-font-size-480: 16px; --qode-cf-line-height-480: 22px;\">\n<p style=\"text-align: center;\"><strong style=\"font-size: 24px;\">CENTRO INTERNACIONAL DE BUCEO<\/strong><\/p>\n<p style=\"text-align: center;\"><em>Copacabana, La Habana, Cuba<\/em><\/p>\n<p>&nbsp;<\/p>\n<p style=\"text-align: center;\">A unos 20 kil\u00f3metros al este de la ciudad, se extiende un fabuloso cintur\u00f3n costero de blancas y arenas coralinas. En aguas profundas incursionan tortugas, tiburones gata, casteros, t\u00fanidos y peces espada.<\/p>\n<p>&nbsp;<\/p>\n<p style=\"text-align: center;\"><strong>-&gt;M\u00c1S INFO Y RESERVA<\/strong><\/p>\n<\/div>[\/vc_column][\/vc_row][vc_row css_animation=\u00bb\u00bb row_type=\u00bbrow\u00bb use_row_as_full_screen_section=\u00bbno\u00bb type=\u00bbgrid\u00bb angled_section=\u00bbno\u00bb text_align=\u00bbcenter\u00bb background_image_as_pattern=\u00bbwithout_pattern\u00bb][vc_column][vc_empty_space height=\u00bb50px\u00bb][\/vc_column][\/vc_row][vc_row css_animation=\u00bb\u00bb row_type=\u00bbrow\u00bb use_row_as_full_screen_section=\u00bbno\u00bb type=\u00bbgrid\u00bb angled_section=\u00bbno\u00bb text_align=\u00bbcenter\u00bb background_image_as_pattern=\u00bbwithout_pattern\u00bb padding_top=\u00bb20&#8243; padding_bottom=\u00bb20&#8243;][vc_column width=\u00bb1\/3&#8243;][vc_single_image image=\u00bb34907&#8243; img_size=\u00bb350&#215;200&#8243; alignment=\u00bbcenter\u00bb style=\u00bbvc_box_border\u00bb onclick=\u00bbcustom_link\u00bb qode_css_animation=\u00bb\u00bb][\/vc_column][vc_column width=\u00bb2\/3&#8243;]<div class=\"custom_font_holder \" style=\"font-family: Lato; font-style: normal; font-weight: 400; color: #0467fb; text-decoration: none; text-align: center; --qode-cf-font-size: 16px; --qode-cf-line-height: 22px; --qode-cf-font-size-1440: 16px; --qode-cf-line-height-1440: 22px; --qode-cf-font-size-1366: 16px; --qode-cf-line-height-1366: 22px; --qode-cf-font-size-1280: 16px; --qode-cf-line-height-1280: 22px; --qode-cf-font-size-1024: 16px; --qode-cf-line-height-1024: 22px; --qode-cf-font-size-768: 16px; --qode-cf-line-height-768: 22px; --qode-cf-font-size-680: 16px; --qode-cf-line-height-680: 22px; --qode-cf-font-size-480: 16px; --qode-cf-line-height-480: 22px;\">\n<p style=\"text-align: center;\"><strong style=\"font-size: 24px;\">CENTRO INTERNACIONAL DE BUCEO<\/strong><\/p>\n<p style=\"text-align: center;\"><em>Tarar\u00e1, La Habana, Cuba<\/em><\/p>\n<p>&nbsp;<\/p>\n<p style=\"text-align: center;\">Abarca una zona de inmersi\u00f3n de 100 kil\u00f3metros de longitud y 3\u00a0 de ancho, donde yacen pecios declarados patrimonio hist\u00f3rico.<\/p>\n<p>&nbsp;<\/p>\n<p style=\"text-align: center;\"><strong>-&gt;M\u00c1S INFO Y RESERVA<\/strong><\/p>\n<\/div>[\/vc_column][\/vc_row][vc_row css_animation=\u00bb\u00bb row_type=\u00bbrow\u00bb use_row_as_full_screen_section=\u00bbno\u00bb type=\u00bbgrid\u00bb angled_section=\u00bbno\u00bb text_align=\u00bbcenter\u00bb background_image_as_pattern=\u00bbwithout_pattern\u00bb][vc_column][vc_empty_space height=\u00bb50px\u00bb][\/vc_column][\/vc_row][vc_row css_animation=\u00bb\u00bb row_type=\u00bbrow\u00bb use_row_as_full_screen_section=\u00bbno\u00bb type=\u00bbgrid\u00bb angled_section=\u00bbno\u00bb text_align=\u00bbcenter\u00bb background_image_as_pattern=\u00bbwithout_pattern\u00bb][vc_column][vc_column_text]<\/p>\n<h1 style=\"text-align: center;\"><strong>MATANZAS<\/strong><\/h1>\n<p>[\/vc_column_text][vc_separator type=\u00bbnormal\u00bb color=\u00bb#000000&#8243;][\/vc_column][\/vc_row][vc_row css_animation=\u00bb\u00bb row_type=\u00bbrow\u00bb use_row_as_full_screen_section=\u00bbno\u00bb type=\u00bbgrid\u00bb angled_section=\u00bbno\u00bb text_align=\u00bbcenter\u00bb background_image_as_pattern=\u00bbwithout_pattern\u00bb][vc_column][vc_empty_space height=\u00bb50px\u00bb][\/vc_column][\/vc_row][vc_row css_animation=\u00bb\u00bb row_type=\u00bbrow\u00bb use_row_as_full_screen_section=\u00bbno\u00bb type=\u00bbgrid\u00bb angled_section=\u00bbno\u00bb text_align=\u00bbcenter\u00bb background_image_as_pattern=\u00bbwithout_pattern\u00bb background_color=\u00bb#cccccc\u00bb padding_top=\u00bb20&#8243; padding_bottom=\u00bb20&#8243;][vc_column width=\u00bb1\/3&#8243;][vc_single_image image=\u00bb34912&#8243; img_size=\u00bb350&#215;200&#8243; alignment=\u00bbcenter\u00bb style=\u00bbvc_box_border\u00bb onclick=\u00bbcustom_link\u00bb qode_css_animation=\u00bb\u00bb][\/vc_column][vc_column width=\u00bb2\/3&#8243;]<div class=\"custom_font_holder \" style=\"font-family: Lato; font-style: normal; font-weight: 400; color: #0467fb; text-decoration: none; text-align: center; --qode-cf-font-size: 16px; --qode-cf-line-height: 22px; --qode-cf-font-size-1440: 16px; --qode-cf-line-height-1440: 22px; --qode-cf-font-size-1366: 16px; --qode-cf-line-height-1366: 22px; --qode-cf-font-size-1280: 16px; --qode-cf-line-height-1280: 22px; --qode-cf-font-size-1024: 16px; --qode-cf-line-height-1024: 22px; --qode-cf-font-size-768: 16px; --qode-cf-line-height-768: 22px; --qode-cf-font-size-680: 16px; --qode-cf-line-height-680: 22px; --qode-cf-font-size-480: 16px; --qode-cf-line-height-480: 22px;\">\n<p style=\"text-align: center;\"><strong style=\"font-size: 24px;\">CENTRO INTERNACIONAL DE BUCEO<\/strong><\/p>\n<p style=\"text-align: center;\"><em>Barracuda, Matanzas, Cuba<\/em><\/p>\n<p>&nbsp;<\/p>\n<p style=\"text-align: center;\">Entre estas \u00e1reas, el centro de buceo Barracuda es una opci\u00f3n por su ubicaci\u00f3n geogr\u00e1fica, as\u00ed como por las buenas ofertas que tienen en cuanto a buceo de pared, buceo nocturno, cuevas, arrecifes y barcos hundidos.<\/p>\n<p>&nbsp;<\/p>\n<p style=\"text-align: center;\"><strong>-&gt;M\u00c1S INFO Y RESERVA<\/strong><\/p>\n<\/div>[\/vc_column][\/vc_row][vc_row css_animation=\u00bb\u00bb row_type=\u00bbrow\u00bb use_row_as_full_screen_section=\u00bbno\u00bb type=\u00bbgrid\u00bb angled_section=\u00bbno\u00bb text_align=\u00bbcenter\u00bb background_image_as_pattern=\u00bbwithout_pattern\u00bb][vc_column][vc_empty_space height=\u00bb50px\u00bb][\/vc_column][\/vc_row][vc_row css_animation=\u00bb\u00bb row_type=\u00bbrow\u00bb use_row_as_full_screen_section=\u00bbno\u00bb type=\u00bbgrid\u00bb angled_section=\u00bbno\u00bb text_align=\u00bbcenter\u00bb background_image_as_pattern=\u00bbwithout_pattern\u00bb padding_top=\u00bb20&#8243; padding_bottom=\u00bb20&#8243;][vc_column width=\u00bb1\/3&#8243;][vc_single_image image=\u00bb34913&#8243; img_size=\u00bb350&#215;200&#8243; alignment=\u00bbcenter\u00bb style=\u00bbvc_box_border\u00bb onclick=\u00bbcustom_link\u00bb qode_css_animation=\u00bb\u00bb][\/vc_column][vc_column width=\u00bb2\/3&#8243;]<div class=\"custom_font_holder \" style=\"font-family: Lato; font-style: normal; font-weight: 400; color: #0467fb; text-decoration: none; text-align: center; --qode-cf-font-size: 16px; --qode-cf-line-height: 22px; --qode-cf-font-size-1440: 16px; --qode-cf-line-height-1440: 22px; --qode-cf-font-size-1366: 16px; --qode-cf-line-height-1366: 22px; --qode-cf-font-size-1280: 16px; --qode-cf-line-height-1280: 22px; --qode-cf-font-size-1024: 16px; --qode-cf-line-height-1024: 22px; --qode-cf-font-size-768: 16px; --qode-cf-line-height-768: 22px; --qode-cf-font-size-680: 16px; --qode-cf-line-height-680: 22px; --qode-cf-font-size-480: 16px; --qode-cf-line-height-480: 22px;\">\n<p style=\"text-align: center;\"><strong style=\"font-size: 24px;\">CENTRO INTERNACIONAL DE BUCEO<\/strong><\/p>\n<p style=\"text-align: center;\"><em>Varadero, Matanzas, Cuba<\/em><\/p>\n<p>&nbsp;<\/p>\n<p style=\"text-align: center;\">La zona de inmersi\u00f3n cubre desde la bah\u00eda de la ciudad de Matanzas hasta el extremo occidental del archipi\u00e9lago Jardines del Rey. Es recomendable el \u00abBlue hole del M\u00e9gano\u00bb, caverna submarina de 70 metros de di\u00e1metro.<\/p>\n<p>&nbsp;<\/p>\n<p style=\"text-align: center;\"><strong>-&gt;M\u00c1S INFO Y RESERVA<\/strong><\/p>\n<\/div>[\/vc_column][\/vc_row][vc_row css_animation=\u00bb\u00bb row_type=\u00bbrow\u00bb use_row_as_full_screen_section=\u00bbno\u00bb type=\u00bbgrid\u00bb angled_section=\u00bbno\u00bb text_align=\u00bbcenter\u00bb background_image_as_pattern=\u00bbwithout_pattern\u00bb][vc_column][vc_empty_space height=\u00bb50px\u00bb][\/vc_column][\/vc_row][vc_row css_animation=\u00bb\u00bb row_type=\u00bbrow\u00bb use_row_as_full_screen_section=\u00bbno\u00bb type=\u00bbgrid\u00bb angled_section=\u00bbno\u00bb text_align=\u00bbcenter\u00bb background_image_as_pattern=\u00bbwithout_pattern\u00bb background_color=\u00bb#cccccc\u00bb padding_top=\u00bb20&#8243; padding_bottom=\u00bb20&#8243;][vc_column width=\u00bb1\/3&#8243;][vc_single_image image=\u00bb34916&#8243; img_size=\u00bb350&#215;200&#8243; alignment=\u00bbcenter\u00bb style=\u00bbvc_box_border\u00bb onclick=\u00bbcustom_link\u00bb qode_css_animation=\u00bb\u00bb][\/vc_column][vc_column width=\u00bb2\/3&#8243;]<div class=\"custom_font_holder \" style=\"font-family: Lato; font-style: normal; font-weight: 400; color: #0467fb; text-decoration: none; text-align: center; --qode-cf-font-size: 16px; --qode-cf-line-height: 22px; --qode-cf-font-size-1440: 16px; --qode-cf-line-height-1440: 22px; --qode-cf-font-size-1366: 16px; --qode-cf-line-height-1366: 22px; --qode-cf-font-size-1280: 16px; --qode-cf-line-height-1280: 22px; --qode-cf-font-size-1024: 16px; --qode-cf-line-height-1024: 22px; --qode-cf-font-size-768: 16px; --qode-cf-line-height-768: 22px; --qode-cf-font-size-680: 16px; --qode-cf-line-height-680: 22px; --qode-cf-font-size-480: 16px; --qode-cf-line-height-480: 22px;\">\n<p style=\"text-align: center;\"><strong style=\"font-size: 24px;\">CENTRO INTERNACIONAL DE BUCEO<\/strong><\/p>\n<p style=\"text-align: center;\"><em>Playa Larga, Matanzas, Cuba<\/em><\/p>\n<p>&nbsp;<\/p>\n<p style=\"text-align: center;\">El buceo a mar abierto y el espeleobuceo en cuevas inundadas de aguas salobres vinculadas al famoso sistema\u00a0 espeleo-lacustre de la Pen\u00ednsula de Zapata, constituyen el atractivo por excelencia de quienes optan por bucear en los sorprendentes parajes del sur de Matanzas.<\/p>\n<p>&nbsp;<\/p>\n<p style=\"text-align: center;\"><strong>-&gt;M\u00c1S INFO Y RESERVA<\/strong><\/p>\n<\/div>[\/vc_column][\/vc_row][vc_row css_animation=\u00bb\u00bb row_type=\u00bbrow\u00bb use_row_as_full_screen_section=\u00bbno\u00bb type=\u00bbgrid\u00bb angled_section=\u00bbno\u00bb text_align=\u00bbcenter\u00bb background_image_as_pattern=\u00bbwithout_pattern\u00bb][vc_column][vc_empty_space height=\u00bb50px\u00bb][\/vc_column][\/vc_row][vc_row css_animation=\u00bb\u00bb row_type=\u00bbrow\u00bb use_row_as_full_screen_section=\u00bbno\u00bb type=\u00bbgrid\u00bb angled_section=\u00bbno\u00bb text_align=\u00bbcenter\u00bb background_image_as_pattern=\u00bbwithout_pattern\u00bb padding_top=\u00bb20&#8243; padding_bottom=\u00bb20&#8243;][vc_column width=\u00bb1\/3&#8243;][vc_single_image image=\u00bb34917&#8243; img_size=\u00bb350&#215;200&#8243; alignment=\u00bbcenter\u00bb style=\u00bbvc_box_border\u00bb onclick=\u00bbcustom_link\u00bb qode_css_animation=\u00bb\u00bb][\/vc_column][vc_column width=\u00bb2\/3&#8243;]<div class=\"custom_font_holder \" style=\"font-family: Lato; font-style: normal; font-weight: 400; color: #0467fb; text-decoration: none; text-align: center; --qode-cf-font-size: 16px; --qode-cf-line-height: 22px; --qode-cf-font-size-1440: 16px; --qode-cf-line-height-1440: 22px; --qode-cf-font-size-1366: 16px; --qode-cf-line-height-1366: 22px; --qode-cf-font-size-1280: 16px; --qode-cf-line-height-1280: 22px; --qode-cf-font-size-1024: 16px; --qode-cf-line-height-1024: 22px; --qode-cf-font-size-768: 16px; --qode-cf-line-height-768: 22px; --qode-cf-font-size-680: 16px; --qode-cf-line-height-680: 22px; --qode-cf-font-size-480: 16px; --qode-cf-line-height-480: 22px;\">\n<p style=\"text-align: center;\"><strong style=\"font-size: 24px;\">CENTRO INTERNACIONAL DE BUCEO<\/strong><\/p>\n<p style=\"text-align: center;\"><em>Playa Gir\u00f3n, Matanzas, Cuba<\/em><\/p>\n<p>&nbsp;<\/p>\n<p style=\"text-align: center;\">Las inmersiones se realizan directamente desde la costa, donde de inmediato aparecen las m\u00e1s bellas especies coralinas: corales cuerno de alce, cerebro,abanicos de mar, corales de hojas, de estrella, ramilletes de novia y otros muchos.<\/p>\n<p>&nbsp;<\/p>\n<p style=\"text-align: center;\"><strong>-&gt;M\u00c1S INFO Y RESERVA<\/strong><\/p>\n<\/div>[\/vc_column][\/vc_row][vc_row css_animation=\u00bb\u00bb row_type=\u00bbrow\u00bb use_row_as_full_screen_section=\u00bbno\u00bb type=\u00bbgrid\u00bb angled_section=\u00bbno\u00bb text_align=\u00bbcenter\u00bb background_image_as_pattern=\u00bbwithout_pattern\u00bb][vc_column][vc_empty_space height=\u00bb50px\u00bb][\/vc_column][\/vc_row][vc_row css_animation=\u00bb\u00bb row_type=\u00bbrow\u00bb use_row_as_full_screen_section=\u00bbno\u00bb type=\u00bbgrid\u00bb angled_section=\u00bbno\u00bb text_align=\u00bbcenter\u00bb background_image_as_pattern=\u00bbwithout_pattern\u00bb][vc_column][vc_column_text]<\/p>\n<h1 style=\"text-align: center;\"><strong>SANTA CLARA \u00d3 VILLA CLARA<\/strong><\/h1>\n<p>[\/vc_column_text][vc_separator type=\u00bbnormal\u00bb color=\u00bb#000000&#8243;][\/vc_column][\/vc_row][vc_row css_animation=\u00bb\u00bb row_type=\u00bbrow\u00bb use_row_as_full_screen_section=\u00bbno\u00bb type=\u00bbgrid\u00bb angled_section=\u00bbno\u00bb text_align=\u00bbcenter\u00bb background_image_as_pattern=\u00bbwithout_pattern\u00bb][vc_column][vc_empty_space height=\u00bb50px\u00bb][\/vc_column][\/vc_row][vc_row css_animation=\u00bb\u00bb row_type=\u00bbrow\u00bb use_row_as_full_screen_section=\u00bbno\u00bb type=\u00bbgrid\u00bb angled_section=\u00bbno\u00bb text_align=\u00bbcenter\u00bb background_image_as_pattern=\u00bbwithout_pattern\u00bb background_color=\u00bb#cccccc\u00bb padding_top=\u00bb20&#8243; padding_bottom=\u00bb20&#8243;][vc_column width=\u00bb1\/3&#8243;][vc_single_image image=\u00bb35086&#8243; img_size=\u00bb350&#215;200&#8243; alignment=\u00bbcenter\u00bb style=\u00bbvc_box_border\u00bb onclick=\u00bbcustom_link\u00bb qode_css_animation=\u00bb\u00bb][\/vc_column][vc_column width=\u00bb2\/3&#8243;]<div class=\"custom_font_holder \" style=\"font-family: Lato; font-style: normal; font-weight: 400; color: #0467fb; text-decoration: none; text-align: center; --qode-cf-font-size: 16px; --qode-cf-line-height: 22px; --qode-cf-font-size-1440: 16px; --qode-cf-line-height-1440: 22px; --qode-cf-font-size-1366: 16px; --qode-cf-line-height-1366: 22px; --qode-cf-font-size-1280: 16px; --qode-cf-line-height-1280: 22px; --qode-cf-font-size-1024: 16px; --qode-cf-line-height-1024: 22px; --qode-cf-font-size-768: 16px; --qode-cf-line-height-768: 22px; --qode-cf-font-size-680: 16px; --qode-cf-line-height-680: 22px; --qode-cf-font-size-480: 16px; --qode-cf-line-height-480: 22px;\">\n<p style=\"text-align: center;\"><strong style=\"font-size: 24px;\">CENTRO INTERNACIONAL DE BUCEO<\/strong><\/p>\n<p style=\"text-align: center;\"><em>Cayo Santa Mar\u00eda, Villa Clara, Cuba<\/em><\/p>\n<p>&nbsp;<\/p>\n<p style=\"text-align: center;\">Al norte de Santa Clara \u00f3 Villa Clara se halla un collar de islas poseedoras de paisajes virginales y extensas \u00e1reas de playas. Sus principales puntos de buceo est\u00e1n ubicados entre los cayos Fragoso, Cobo, Franc\u00e9s, Las Brujas, Borracho, Espa\u00f1ol de Afuera, Los Diablillos, Ensenachos, Santa Mar\u00eda y Los Caimanes; todos de gran belleza natural.<\/p>\n<p>&nbsp;<\/p>\n<p style=\"text-align: center;\"><strong>-&gt;M\u00c1S INFO Y RESERVA<\/strong><\/p>\n<\/div>[\/vc_column][\/vc_row][vc_row css_animation=\u00bb\u00bb row_type=\u00bbrow\u00bb use_row_as_full_screen_section=\u00bbno\u00bb type=\u00bbgrid\u00bb angled_section=\u00bbno\u00bb text_align=\u00bbcenter\u00bb background_image_as_pattern=\u00bbwithout_pattern\u00bb][vc_column][vc_empty_space height=\u00bb50px\u00bb][\/vc_column][\/vc_row][vc_row css_animation=\u00bb\u00bb row_type=\u00bbrow\u00bb use_row_as_full_screen_section=\u00bbno\u00bb type=\u00bbgrid\u00bb angled_section=\u00bbno\u00bb text_align=\u00bbcenter\u00bb background_image_as_pattern=\u00bbwithout_pattern\u00bb padding_top=\u00bb20&#8243; padding_bottom=\u00bb20&#8243;][vc_column width=\u00bb1\/3&#8243;][vc_single_image image=\u00bb35264&#8243; img_size=\u00bb350&#215;200&#8243; alignment=\u00bbcenter\u00bb style=\u00bbvc_box_border\u00bb onclick=\u00bbcustom_link\u00bb qode_css_animation=\u00bb\u00bb][\/vc_column][vc_column width=\u00bb2\/3&#8243;]<div class=\"custom_font_holder \" style=\"font-family: Lato; font-style: normal; font-weight: 400; color: #0467fb; text-decoration: none; text-align: center; --qode-cf-font-size: 16px; --qode-cf-line-height: 22px; --qode-cf-font-size-1440: 16px; --qode-cf-line-height-1440: 22px; --qode-cf-font-size-1366: 16px; --qode-cf-line-height-1366: 22px; --qode-cf-font-size-1280: 16px; --qode-cf-line-height-1280: 22px; --qode-cf-font-size-1024: 16px; --qode-cf-line-height-1024: 22px; --qode-cf-font-size-768: 16px; --qode-cf-line-height-768: 22px; --qode-cf-font-size-680: 16px; --qode-cf-line-height-680: 22px; --qode-cf-font-size-480: 16px; --qode-cf-line-height-480: 22px;\">\n<p style=\"text-align: center;\"><strong style=\"font-size: 24px;\">CENTRO INTERNACIONAL DE BUCEO<\/strong><\/p>\n<p style=\"text-align: center;\"><em>Cayo Las Brujas , Villa Clara, Cuba<\/em><\/p>\n<p>&nbsp;<\/p>\n<p style=\"text-align: center;\">Cayo Las Brujas\u00a0es el primero de los cayos que encontrar\u00e1s al cruzar\u00a0El Pedrapl\u00e9n\u00a0que conecta la\u00a0bah\u00eda de Villa Clara\u00a0con\u00a0Cayo Santa Mar\u00eda\u00a0y el resto de cayos del archipi\u00e9lago conocido como\u00a0Cayer\u00edas del Norte<strong>. <\/strong>Por su ubicaci\u00f3n en el\u00a0canal de las Bahamas\u00a0es muy buen lugar para hacer\u00a0submarinismo\u00a0y admirar sus\u00a0barreras coralinas\u00a0y\u00a0fondos marinos.<\/p>\n<p>&nbsp;<\/p>\n<p style=\"text-align: center;\"><strong>-&gt;M\u00c1S INFO Y RESERVA<\/strong><\/p>\n<\/div>[\/vc_column][\/vc_row][vc_row css_animation=\u00bb\u00bb row_type=\u00bbrow\u00bb use_row_as_full_screen_section=\u00bbno\u00bb type=\u00bbgrid\u00bb angled_section=\u00bbno\u00bb text_align=\u00bbcenter\u00bb background_image_as_pattern=\u00bbwithout_pattern\u00bb][vc_column][vc_empty_space height=\u00bb50px\u00bb][\/vc_column][\/vc_row][vc_row css_animation=\u00bb\u00bb row_type=\u00bbrow\u00bb use_row_as_full_screen_section=\u00bbno\u00bb type=\u00bbgrid\u00bb angled_section=\u00bbno\u00bb text_align=\u00bbcenter\u00bb background_image_as_pattern=\u00bbwithout_pattern\u00bb][vc_column][vc_column_text]<\/p>\n<h1 style=\"text-align: center;\"><strong>CIENFUEGOS<\/strong><\/h1>\n<p>[\/vc_column_text][vc_separator type=\u00bbnormal\u00bb color=\u00bb#000000&#8243;][\/vc_column][\/vc_row][vc_row css_animation=\u00bb\u00bb row_type=\u00bbrow\u00bb use_row_as_full_screen_section=\u00bbno\u00bb type=\u00bbgrid\u00bb angled_section=\u00bbno\u00bb text_align=\u00bbcenter\u00bb background_image_as_pattern=\u00bbwithout_pattern\u00bb][vc_column][vc_empty_space height=\u00bb50px\u00bb][\/vc_column][\/vc_row][vc_row css_animation=\u00bb\u00bb row_type=\u00bbrow\u00bb use_row_as_full_screen_section=\u00bbno\u00bb type=\u00bbgrid\u00bb angled_section=\u00bbno\u00bb text_align=\u00bbcenter\u00bb background_image_as_pattern=\u00bbwithout_pattern\u00bb background_color=\u00bb#cccccc\u00bb padding_top=\u00bb20&#8243; padding_bottom=\u00bb20&#8243;][vc_column width=\u00bb1\/3&#8243;][vc_single_image image=\u00bb35128&#8243; img_size=\u00bb350&#215;200&#8243; alignment=\u00bbcenter\u00bb style=\u00bbvc_box_border\u00bb onclick=\u00bbcustom_link\u00bb qode_css_animation=\u00bb\u00bb][\/vc_column][vc_column width=\u00bb2\/3&#8243;]<div class=\"custom_font_holder \" style=\"font-family: Lato; font-style: normal; font-weight: 400; color: #0467fb; text-decoration: none; text-align: center; --qode-cf-font-size: 16px; --qode-cf-line-height: 22px; --qode-cf-font-size-1440: 16px; --qode-cf-line-height-1440: 22px; --qode-cf-font-size-1366: 16px; --qode-cf-line-height-1366: 22px; --qode-cf-font-size-1280: 16px; --qode-cf-line-height-1280: 22px; --qode-cf-font-size-1024: 16px; --qode-cf-line-height-1024: 22px; --qode-cf-font-size-768: 16px; --qode-cf-line-height-768: 22px; --qode-cf-font-size-680: 16px; --qode-cf-line-height-680: 22px; --qode-cf-font-size-480: 16px; --qode-cf-line-height-480: 22px;\">\n<p style=\"text-align: center;\"><strong style=\"font-size: 24px;\">CENTRO INTERNACIONAL DE BUCEO<\/strong><\/p>\n<p style=\"text-align: center;\"><em>Guajimico, Cienfuegos, Cuba<\/em><\/p>\n<p>&nbsp;<\/p>\n<p style=\"text-align: center;\">Al norte de Santa Clara \u00f3 Villa Clara se halla un collar de islas poseedoras de paisajes virginales y extensas \u00e1reas de playas. Sus principales puntos de buceo est\u00e1n ubicados entre los cayos Fragoso, Cobo, Franc\u00e9s, Las Brujas, Borracho, Espa\u00f1ol de Afuera, Los Diablillos, Ensenachos, Santa Mar\u00eda y Los Caimanes; todos de gran belleza natural.<\/p>\n<p>&nbsp;<\/p>\n<p style=\"text-align: center;\"><strong>-&gt;M\u00c1S INFO Y RESERVA<\/strong><\/p>\n<\/div>[\/vc_column][\/vc_row][vc_row css_animation=\u00bb\u00bb row_type=\u00bbrow\u00bb use_row_as_full_screen_section=\u00bbno\u00bb type=\u00bbgrid\u00bb angled_section=\u00bbno\u00bb text_align=\u00bbcenter\u00bb background_image_as_pattern=\u00bbwithout_pattern\u00bb][vc_column][vc_empty_space height=\u00bb50px\u00bb][\/vc_column][\/vc_row][vc_row css_animation=\u00bb\u00bb row_type=\u00bbrow\u00bb use_row_as_full_screen_section=\u00bbno\u00bb type=\u00bbgrid\u00bb angled_section=\u00bbno\u00bb text_align=\u00bbcenter\u00bb background_image_as_pattern=\u00bbwithout_pattern\u00bb padding_top=\u00bb20&#8243; padding_bottom=\u00bb20&#8243;][vc_column width=\u00bb1\/3&#8243;][vc_single_image image=\u00bb35125&#8243; img_size=\u00bb350&#215;200&#8243; alignment=\u00bbcenter\u00bb style=\u00bbvc_box_border\u00bb onclick=\u00bbcustom_link\u00bb qode_css_animation=\u00bb\u00bb link=\u00bbhttps:\/\/test.isladelajuventud-cuba.com\/centro-internacional-de-buceo-faro-luna\/\u00bb][\/vc_column][vc_column width=\u00bb2\/3&#8243;]<div class=\"custom_font_holder \" style=\"font-family: Lato; font-style: normal; font-weight: 400; color: #0467fb; text-decoration: none; text-align: center; --qode-cf-font-size: 16px; --qode-cf-line-height: 22px; --qode-cf-font-size-1440: 16px; --qode-cf-line-height-1440: 22px; --qode-cf-font-size-1366: 16px; --qode-cf-line-height-1366: 22px; --qode-cf-font-size-1280: 16px; --qode-cf-line-height-1280: 22px; --qode-cf-font-size-1024: 16px; --qode-cf-line-height-1024: 22px; --qode-cf-font-size-768: 16px; --qode-cf-line-height-768: 22px; --qode-cf-font-size-680: 16px; --qode-cf-line-height-680: 22px; --qode-cf-font-size-480: 16px; --qode-cf-line-height-480: 22px;\">\n<p style=\"text-align: center;\"><strong style=\"font-size: 24px;\">CENTRO INTERNACIONAL DE BUCEO<\/strong><\/p>\n<p style=\"text-align: center;\"><em>Faro Luna, Cienfuegos, Cuba<\/em><\/p>\n<p>&nbsp;<\/p>\n<p style=\"text-align: center;\">La linda ciudad del mar, como tambi\u00e9n se le conoce, ha irrumpido en el mundo del buceo con ofertas avaladas por la belleza de sus fondos y la exuberancia del arrecife coralino que custodia buena parte de su costa, abierta al mar Caribe.<\/p>\n<p>&nbsp;<\/p>\n<p style=\"text-align: center;\"><a href=\"https:\/\/test.isladelajuventud-cuba.com\/centro-internacional-de-buceo-faro-luna\/\"><strong>-&gt;M\u00c1S INFO Y RESERVA<\/strong><\/a><\/p>\n<\/div>[\/vc_column][\/vc_row][vc_row css_animation=\u00bb\u00bb row_type=\u00bbrow\u00bb use_row_as_full_screen_section=\u00bbno\u00bb type=\u00bbgrid\u00bb angled_section=\u00bbno\u00bb text_align=\u00bbcenter\u00bb background_image_as_pattern=\u00bbwithout_pattern\u00bb][vc_column][vc_empty_space height=\u00bb50px\u00bb][\/vc_column][\/vc_row][vc_row css_animation=\u00bb\u00bb row_type=\u00bbrow\u00bb use_row_as_full_screen_section=\u00bbno\u00bb type=\u00bbgrid\u00bb angled_section=\u00bbno\u00bb text_align=\u00bbcenter\u00bb background_image_as_pattern=\u00bbwithout_pattern\u00bb][vc_column][vc_column_text]<\/p>\n<h1 style=\"text-align: center;\"><strong>SANCTI SPIRITUS<\/strong><\/h1>\n<p>[\/vc_column_text][vc_separator type=\u00bbnormal\u00bb color=\u00bb#000000&#8243;][\/vc_column][\/vc_row][vc_row css_animation=\u00bb\u00bb row_type=\u00bbrow\u00bb use_row_as_full_screen_section=\u00bbno\u00bb type=\u00bbgrid\u00bb angled_section=\u00bbno\u00bb text_align=\u00bbcenter\u00bb background_image_as_pattern=\u00bbwithout_pattern\u00bb][vc_column][vc_empty_space height=\u00bb50px\u00bb][\/vc_column][\/vc_row][vc_row css_animation=\u00bb\u00bb row_type=\u00bbrow\u00bb use_row_as_full_screen_section=\u00bbno\u00bb type=\u00bbgrid\u00bb angled_section=\u00bbno\u00bb text_align=\u00bbcenter\u00bb background_image_as_pattern=\u00bbwithout_pattern\u00bb background_color=\u00bb#cccccc\u00bb padding_top=\u00bb20&#8243; padding_bottom=\u00bb20&#8243;][vc_column width=\u00bb1\/3&#8243;][vc_single_image image=\u00bb35262&#8243; img_size=\u00bb350&#215;200&#8243; alignment=\u00bbcenter\u00bb style=\u00bbvc_box_border\u00bb onclick=\u00bbcustom_link\u00bb qode_css_animation=\u00bb\u00bb][\/vc_column][vc_column width=\u00bb2\/3&#8243;]<div class=\"custom_font_holder \" style=\"font-family: Lato; font-style: normal; font-weight: 400; color: #0467fb; text-decoration: none; text-align: center; --qode-cf-font-size: 16px; --qode-cf-line-height: 22px; --qode-cf-font-size-1440: 16px; --qode-cf-line-height-1440: 22px; --qode-cf-font-size-1366: 16px; --qode-cf-line-height-1366: 22px; --qode-cf-font-size-1280: 16px; --qode-cf-line-height-1280: 22px; --qode-cf-font-size-1024: 16px; --qode-cf-line-height-1024: 22px; --qode-cf-font-size-768: 16px; --qode-cf-line-height-768: 22px; --qode-cf-font-size-680: 16px; --qode-cf-line-height-680: 22px; --qode-cf-font-size-480: 16px; --qode-cf-line-height-480: 22px;\">\n<p style=\"text-align: center;\"><strong style=\"font-size: 24px;\">CENTRO INTERNACIONAL DE BUCEO<\/strong><\/p>\n<p style=\"text-align: center;\"><em>Trinidad, Sancti Spiritus, Cuba<\/em><\/p>\n<p>&nbsp;<\/p>\n<p style=\"text-align: center;\">A pocos kil\u00f3metros de la ciudad de Trinidad se extiende en la Pen\u00ednsula de Anc\u00f3n, una plataforma estrecha con fondos arenosos, donde sobresalen parches coralinos y camellones que alcanzan hasta 5 metros de altura, as\u00ed como t\u00faneles, canalizos y otros accidentes, con presencia de concentraciones de coral negro, esponjas, gorgonias ramosas y plumosas, abanicos de mar, peces tropicales, y barcos hundidos.<\/p>\n<p>&nbsp;<\/p>\n<p style=\"text-align: center;\"><strong>-&gt;M\u00c1S INFO Y RESERVA<\/strong><\/p>\n<\/div>[\/vc_column][\/vc_row][vc_row css_animation=\u00bb\u00bb row_type=\u00bbrow\u00bb use_row_as_full_screen_section=\u00bbno\u00bb type=\u00bbgrid\u00bb angled_section=\u00bbno\u00bb text_align=\u00bbcenter\u00bb background_image_as_pattern=\u00bbwithout_pattern\u00bb][vc_column][vc_empty_space height=\u00bb50px\u00bb][\/vc_column][\/vc_row][vc_row css_animation=\u00bb\u00bb row_type=\u00bbrow\u00bb use_row_as_full_screen_section=\u00bbno\u00bb type=\u00bbgrid\u00bb angled_section=\u00bbno\u00bb text_align=\u00bbcenter\u00bb background_image_as_pattern=\u00bbwithout_pattern\u00bb][vc_column][vc_column_text]<\/p>\n<h1 style=\"text-align: center;\"><strong>CIEGO DE \u00c1VILA<\/strong><\/h1>\n<p>[\/vc_column_text][vc_separator type=\u00bbnormal\u00bb color=\u00bb#000000&#8243;][\/vc_column][\/vc_row][vc_row css_animation=\u00bb\u00bb row_type=\u00bbrow\u00bb use_row_as_full_screen_section=\u00bbno\u00bb type=\u00bbgrid\u00bb angled_section=\u00bbno\u00bb text_align=\u00bbcenter\u00bb background_image_as_pattern=\u00bbwithout_pattern\u00bb][vc_column][vc_empty_space height=\u00bb50px\u00bb][\/vc_column][\/vc_row][vc_row css_animation=\u00bb\u00bb row_type=\u00bbrow\u00bb use_row_as_full_screen_section=\u00bbno\u00bb type=\u00bbgrid\u00bb angled_section=\u00bbno\u00bb text_align=\u00bbcenter\u00bb background_image_as_pattern=\u00bbwithout_pattern\u00bb padding_top=\u00bb20&#8243; padding_bottom=\u00bb20&#8243;][vc_column width=\u00bb1\/3&#8243;][vc_single_image image=\u00bb35310&#8243; img_size=\u00bb350&#215;200&#8243; alignment=\u00bbcenter\u00bb style=\u00bbvc_box_border\u00bb onclick=\u00bbcustom_link\u00bb qode_css_animation=\u00bb\u00bb][\/vc_column][vc_column width=\u00bb2\/3&#8243;]<div class=\"custom_font_holder \" style=\"font-family: Lato; font-style: normal; font-weight: 400; color: #0467fb; text-decoration: none; text-align: center; --qode-cf-font-size: 16px; --qode-cf-line-height: 22px; --qode-cf-font-size-1440: 16px; --qode-cf-line-height-1440: 22px; --qode-cf-font-size-1366: 16px; --qode-cf-line-height-1366: 22px; --qode-cf-font-size-1280: 16px; --qode-cf-line-height-1280: 22px; --qode-cf-font-size-1024: 16px; --qode-cf-line-height-1024: 22px; --qode-cf-font-size-768: 16px; --qode-cf-line-height-768: 22px; --qode-cf-font-size-680: 16px; --qode-cf-line-height-680: 22px; --qode-cf-font-size-480: 16px; --qode-cf-line-height-480: 22px;\">\n<p style=\"text-align: center;\"><strong style=\"font-size: 24px;\">CENTRO INTERNACIONAL DE BUCEO<\/strong><\/p>\n<p style=\"text-align: center;\"><em>Jardines del Rey, Cayo Guillermo, Ciego de \u00c4vila, Cuba<\/em><\/p>\n<p>&nbsp;<\/p>\n<p style=\"text-align: center;\">Comparado con un gigantesco acuario natural, se afirma que pocos sitios del Caribe pueden competir con su belleza y abundancia de peces. Aqu\u00ed la inmersi\u00f3n se convierte en fascinante aventura.<\/p>\n<p>&nbsp;<\/p>\n<p style=\"text-align: center;\"><strong>-&gt;M\u00c1S INFO Y RESERVA<\/strong><\/p>\n<\/div>[\/vc_column][\/vc_row][vc_row css_animation=\u00bb\u00bb row_type=\u00bbrow\u00bb use_row_as_full_screen_section=\u00bbno\u00bb type=\u00bbgrid\u00bb angled_section=\u00bbno\u00bb text_align=\u00bbcenter\u00bb background_image_as_pattern=\u00bbwithout_pattern\u00bb][vc_column][vc_empty_space height=\u00bb50px\u00bb][\/vc_column][\/vc_row][vc_row css_animation=\u00bb\u00bb row_type=\u00bbrow\u00bb use_row_as_full_screen_section=\u00bbno\u00bb type=\u00bbgrid\u00bb angled_section=\u00bbno\u00bb text_align=\u00bbcenter\u00bb background_image_as_pattern=\u00bbwithout_pattern\u00bb background_color=\u00bb#cccccc\u00bb padding_top=\u00bb20&#8243; padding_bottom=\u00bb20&#8243;][vc_column width=\u00bb1\/3&#8243;][vc_single_image image=\u00bb35328&#8243; img_size=\u00bb350&#215;200&#8243; alignment=\u00bbcenter\u00bb style=\u00bbvc_box_border\u00bb onclick=\u00bbcustom_link\u00bb qode_css_animation=\u00bb\u00bb][\/vc_column][vc_column width=\u00bb2\/3&#8243;]<div class=\"custom_font_holder \" style=\"font-family: Lato; font-style: normal; font-weight: 400; color: #0467fb; text-decoration: none; text-align: center; --qode-cf-font-size: 16px; --qode-cf-line-height: 22px; --qode-cf-font-size-1440: 16px; --qode-cf-line-height-1440: 22px; --qode-cf-font-size-1366: 16px; --qode-cf-line-height-1366: 22px; --qode-cf-font-size-1280: 16px; --qode-cf-line-height-1280: 22px; --qode-cf-font-size-1024: 16px; --qode-cf-line-height-1024: 22px; --qode-cf-font-size-768: 16px; --qode-cf-line-height-768: 22px; --qode-cf-font-size-680: 16px; --qode-cf-line-height-680: 22px; --qode-cf-font-size-480: 16px; --qode-cf-line-height-480: 22px;\">\n<p style=\"text-align: center;\"><strong style=\"font-size: 24px;\">CENTRO INTERNACIONAL DE BUCEO<\/strong><\/p>\n<p style=\"text-align: center;\"><em>Jardines del Rey, Cayo Coco, Ciego de \u00c1vila, Cuba<\/em><\/p>\n<p>&nbsp;<\/p>\n<p style=\"text-align: center;\">\u00a0El \u00e1rea garantiza el disfrute de un entorno natural privilegiado por la diversidad de sus paisajes,la transparencia de sus aguas, la calidad de sus arenas y la belleza de sus 32 kil\u00f3metros de arrecifes coralinos.<\/p>\n<p>&nbsp;<\/p>\n<p style=\"text-align: center;\"><strong>-&gt;M\u00c1S INFO Y RESERVA<\/strong><\/p>\n<\/div>[\/vc_column][\/vc_row][vc_row css_animation=\u00bb\u00bb row_type=\u00bbrow\u00bb use_row_as_full_screen_section=\u00bbno\u00bb type=\u00bbgrid\u00bb angled_section=\u00bbno\u00bb text_align=\u00bbcenter\u00bb background_image_as_pattern=\u00bbwithout_pattern\u00bb][vc_column][vc_empty_space height=\u00bb50px\u00bb][\/vc_column][\/vc_row][vc_row css_animation=\u00bb\u00bb row_type=\u00bbrow\u00bb use_row_as_full_screen_section=\u00bbno\u00bb type=\u00bbgrid\u00bb angled_section=\u00bbno\u00bb text_align=\u00bbcenter\u00bb background_image_as_pattern=\u00bbwithout_pattern\u00bb padding_top=\u00bb20&#8243; padding_bottom=\u00bb20&#8243;][vc_column width=\u00bb1\/3&#8243;][vc_single_image image=\u00bb35332&#8243; img_size=\u00bb350&#215;200&#8243; alignment=\u00bbcenter\u00bb style=\u00bbvc_box_border\u00bb onclick=\u00bbcustom_link\u00bb qode_css_animation=\u00bb\u00bb][\/vc_column][vc_column width=\u00bb2\/3&#8243;]<div class=\"custom_font_holder \" style=\"font-family: Lato; font-style: normal; font-weight: 400; color: #0467fb; text-decoration: none; text-align: center; --qode-cf-font-size: 16px; --qode-cf-line-height: 22px; --qode-cf-font-size-1440: 16px; --qode-cf-line-height-1440: 22px; --qode-cf-font-size-1366: 16px; --qode-cf-line-height-1366: 22px; --qode-cf-font-size-1280: 16px; --qode-cf-line-height-1280: 22px; --qode-cf-font-size-1024: 16px; --qode-cf-line-height-1024: 22px; --qode-cf-font-size-768: 16px; --qode-cf-line-height-768: 22px; --qode-cf-font-size-680: 16px; --qode-cf-line-height-680: 22px; --qode-cf-font-size-480: 16px; --qode-cf-line-height-480: 22px;\">\n<p style=\"text-align: center;\"><strong style=\"font-size: 24px;\">CENTRO INTERNACIONAL DE BUCEO<\/strong><\/p>\n<p style=\"text-align: center;\"><em>Jardines de la Reina, Ciego de \u00c1vila<\/em><em>, Cuba<\/em><\/p>\n<p>&nbsp;<\/p>\n<p style=\"text-align: center;\">Este rosario de \u00ednsulas, est\u00e1 custodiado por las corrientes marinas y un rico arrecife coralino donde habitan numerosas especies de quelonios. En esta zona los buceadores pueden interactuar con los tiburones\u00a0 que habitan\u00a0 en aguas tropicales, como el Caribbean Reef Shark y el Silky Shart.<\/p>\n<p>&nbsp;<\/p>\n<p style=\"text-align: center;\"><strong>-&gt;M\u00c1S INFO Y RESERVA<\/strong><\/p>\n<\/div>[\/vc_column][\/vc_row][vc_row css_animation=\u00bb\u00bb row_type=\u00bbrow\u00bb use_row_as_full_screen_section=\u00bbno\u00bb type=\u00bbgrid\u00bb angled_section=\u00bbno\u00bb text_align=\u00bbcenter\u00bb background_image_as_pattern=\u00bbwithout_pattern\u00bb][vc_column][vc_empty_space height=\u00bb50px\u00bb][\/vc_column][\/vc_row][vc_row css_animation=\u00bb\u00bb row_type=\u00bbrow\u00bb use_row_as_full_screen_section=\u00bbno\u00bb type=\u00bbgrid\u00bb angled_section=\u00bbno\u00bb text_align=\u00bbcenter\u00bb background_image_as_pattern=\u00bbwithout_pattern\u00bb][vc_column][vc_column_text]<\/p>\n<h1 style=\"text-align: center;\"><strong>CAMAG\u00dc<\/strong><strong>EY<\/strong><\/h1>\n<p>[\/vc_column_text][vc_separator type=\u00bbnormal\u00bb color=\u00bb#000000&#8243;][\/vc_column][\/vc_row][vc_row css_animation=\u00bb\u00bb row_type=\u00bbrow\u00bb use_row_as_full_screen_section=\u00bbno\u00bb type=\u00bbgrid\u00bb angled_section=\u00bbno\u00bb text_align=\u00bbcenter\u00bb background_image_as_pattern=\u00bbwithout_pattern\u00bb][vc_column][vc_empty_space height=\u00bb50px\u00bb][\/vc_column][\/vc_row][vc_row css_animation=\u00bb\u00bb row_type=\u00bbrow\u00bb use_row_as_full_screen_section=\u00bbno\u00bb type=\u00bbgrid\u00bb angled_section=\u00bbno\u00bb text_align=\u00bbcenter\u00bb background_image_as_pattern=\u00bbwithout_pattern\u00bb background_color=\u00bb#cccccc\u00bb padding_top=\u00bb20&#8243; padding_bottom=\u00bb20&#8243;][vc_column width=\u00bb1\/3&#8243;][vc_single_image image=\u00bb35337&#8243; img_size=\u00bb350&#215;200&#8243; alignment=\u00bbcenter\u00bb style=\u00bbvc_box_border\u00bb onclick=\u00bbcustom_link\u00bb qode_css_animation=\u00bb\u00bb][\/vc_column][vc_column width=\u00bb2\/3&#8243;]<div class=\"custom_font_holder \" style=\"font-family: Lato; font-style: normal; font-weight: 400; color: #0467fb; text-decoration: none; text-align: center; --qode-cf-font-size: 16px; --qode-cf-line-height: 22px; --qode-cf-font-size-1440: 16px; --qode-cf-line-height-1440: 22px; --qode-cf-font-size-1366: 16px; --qode-cf-line-height-1366: 22px; --qode-cf-font-size-1280: 16px; --qode-cf-line-height-1280: 22px; --qode-cf-font-size-1024: 16px; --qode-cf-line-height-1024: 22px; --qode-cf-font-size-768: 16px; --qode-cf-line-height-768: 22px; --qode-cf-font-size-680: 16px; --qode-cf-line-height-680: 22px; --qode-cf-font-size-480: 16px; --qode-cf-line-height-480: 22px;\">\n<p style=\"text-align: center;\"><strong style=\"font-size: 24px;\">CENTRO INTERNACIONAL DE BUCEO<\/strong><\/p>\n<p style=\"text-align: center;\"><em>Santa Luc\u00eda, Camag\u00fcey, Cuba<\/em><\/p>\n<p>&nbsp;<\/p>\n<p style=\"text-align: center;\">\u00a0Es una de las m\u00e1s extensas y privilegiadas playas coralinas de Cuba. La zona de buceo discurre de Punta Maternillos hasta las inmediaciones de Cayo Sabinal. Abundan barcos hundidos como el N\u00aa Sr\u00f1a de Alta Gracia, El Mortera y el Pizarro, estos dos \u00faltimos del siglo XIX.<\/p>\n<p>&nbsp;<\/p>\n<p style=\"text-align: center;\"><strong>-&gt;M\u00c1S INFO Y RESERVA<\/strong><\/p>\n<\/div>[\/vc_column][\/vc_row][vc_row css_animation=\u00bb\u00bb row_type=\u00bbrow\u00bb use_row_as_full_screen_section=\u00bbno\u00bb type=\u00bbgrid\u00bb angled_section=\u00bbno\u00bb text_align=\u00bbcenter\u00bb background_image_as_pattern=\u00bbwithout_pattern\u00bb][vc_column][vc_empty_space height=\u00bb50px\u00bb][\/vc_column][\/vc_row][vc_row css_animation=\u00bb\u00bb row_type=\u00bbrow\u00bb use_row_as_full_screen_section=\u00bbno\u00bb type=\u00bbgrid\u00bb angled_section=\u00bbno\u00bb text_align=\u00bbcenter\u00bb background_image_as_pattern=\u00bbwithout_pattern\u00bb][vc_column][vc_column_text]<\/p>\n<h1 style=\"text-align: center;\"><strong>LAS TUNAS<\/strong><\/h1>\n<p>[\/vc_column_text][vc_separator type=\u00bbnormal\u00bb color=\u00bb#000000&#8243;][\/vc_column][\/vc_row][vc_row css_animation=\u00bb\u00bb row_type=\u00bbrow\u00bb use_row_as_full_screen_section=\u00bbno\u00bb type=\u00bbgrid\u00bb angled_section=\u00bbno\u00bb text_align=\u00bbcenter\u00bb background_image_as_pattern=\u00bbwithout_pattern\u00bb][vc_column][vc_empty_space height=\u00bb50px\u00bb][\/vc_column][\/vc_row][vc_row css_animation=\u00bb\u00bb row_type=\u00bbrow\u00bb use_row_as_full_screen_section=\u00bbno\u00bb type=\u00bbgrid\u00bb angled_section=\u00bbno\u00bb text_align=\u00bbcenter\u00bb background_image_as_pattern=\u00bbwithout_pattern\u00bb padding_top=\u00bb20&#8243; padding_bottom=\u00bb20&#8243;][vc_column width=\u00bb1\/3&#8243;][vc_single_image image=\u00bb35341&#8243; img_size=\u00bb350&#215;200&#8243; alignment=\u00bbcenter\u00bb style=\u00bbvc_box_border\u00bb onclick=\u00bbcustom_link\u00bb qode_css_animation=\u00bb\u00bb][\/vc_column][vc_column width=\u00bb2\/3&#8243;]<div class=\"custom_font_holder \" style=\"font-family: Lato; font-style: normal; font-weight: 400; color: #0467fb; text-decoration: none; text-align: center; --qode-cf-font-size: 16px; --qode-cf-line-height: 22px; --qode-cf-font-size-1440: 16px; --qode-cf-line-height-1440: 22px; --qode-cf-font-size-1366: 16px; --qode-cf-line-height-1366: 22px; --qode-cf-font-size-1280: 16px; --qode-cf-line-height-1280: 22px; --qode-cf-font-size-1024: 16px; --qode-cf-line-height-1024: 22px; --qode-cf-font-size-768: 16px; --qode-cf-line-height-768: 22px; --qode-cf-font-size-680: 16px; --qode-cf-line-height-680: 22px; --qode-cf-font-size-480: 16px; --qode-cf-line-height-480: 22px;\">\n<p style=\"text-align: center;\"><strong style=\"font-size: 24px;\">CENTRO INTERNACIONAL DE BUCEO<\/strong><\/p>\n<p style=\"text-align: center;\"><em>Covarrubias, Las Tunas<\/em><em>, Cuba<\/em><\/p>\n<p>&nbsp;<\/p>\n<p style=\"text-align: center;\">Sus fondos de gran riqueza medioambiental, tienen profundidades que oscilan entre los 5 y 35 metros, atributo que posibilita el buceo multinivel. La zona se carac teriza por la presencia de formaciones coralinas, paredes, cavernas y t\u00faneles.<\/p>\n<p>&nbsp;<\/p>\n<p style=\"text-align: center;\"><strong>-&gt;M\u00c1S INFO Y RESERVA<\/strong><\/p>\n<\/div>[\/vc_column][\/vc_row][vc_row css_animation=\u00bb\u00bb row_type=\u00bbrow\u00bb use_row_as_full_screen_section=\u00bbno\u00bb type=\u00bbgrid\u00bb angled_section=\u00bbno\u00bb text_align=\u00bbcenter\u00bb background_image_as_pattern=\u00bbwithout_pattern\u00bb][vc_column][vc_empty_space height=\u00bb50px\u00bb][\/vc_column][\/vc_row][vc_row css_animation=\u00bb\u00bb row_type=\u00bbrow\u00bb use_row_as_full_screen_section=\u00bbno\u00bb type=\u00bbgrid\u00bb angled_section=\u00bbno\u00bb text_align=\u00bbcenter\u00bb background_image_as_pattern=\u00bbwithout_pattern\u00bb][vc_column][vc_column_text]<\/p>\n<h1 style=\"text-align: center;\"><strong>HOLGU\u00cdN<\/strong><\/h1>\n<p>[\/vc_column_text][vc_separator type=\u00bbnormal\u00bb color=\u00bb#000000&#8243;][\/vc_column][\/vc_row][vc_row css_animation=\u00bb\u00bb row_type=\u00bbrow\u00bb use_row_as_full_screen_section=\u00bbno\u00bb type=\u00bbgrid\u00bb angled_section=\u00bbno\u00bb text_align=\u00bbcenter\u00bb background_image_as_pattern=\u00bbwithout_pattern\u00bb][vc_column][vc_empty_space height=\u00bb50px\u00bb][\/vc_column][\/vc_row][vc_row css_animation=\u00bb\u00bb row_type=\u00bbrow\u00bb use_row_as_full_screen_section=\u00bbno\u00bb type=\u00bbgrid\u00bb angled_section=\u00bbno\u00bb text_align=\u00bbcenter\u00bb background_image_as_pattern=\u00bbwithout_pattern\u00bb background_color=\u00bb#cccccc\u00bb padding_top=\u00bb20&#8243; padding_bottom=\u00bb20&#8243;][vc_column width=\u00bb1\/3&#8243;][vc_single_image image=\u00bb35345&#8243; img_size=\u00bb350&#215;200&#8243; alignment=\u00bbcenter\u00bb style=\u00bbvc_box_border\u00bb onclick=\u00bbcustom_link\u00bb qode_css_animation=\u00bb\u00bb][\/vc_column][vc_column width=\u00bb2\/3&#8243;]<div class=\"custom_font_holder \" style=\"font-family: Lato; font-style: normal; font-weight: 400; color: #0467fb; text-decoration: none; text-align: center; --qode-cf-font-size: 16px; --qode-cf-line-height: 22px; --qode-cf-font-size-1440: 16px; --qode-cf-line-height-1440: 22px; --qode-cf-font-size-1366: 16px; --qode-cf-line-height-1366: 22px; --qode-cf-font-size-1280: 16px; --qode-cf-line-height-1280: 22px; --qode-cf-font-size-1024: 16px; --qode-cf-line-height-1024: 22px; --qode-cf-font-size-768: 16px; --qode-cf-line-height-768: 22px; --qode-cf-font-size-680: 16px; --qode-cf-line-height-680: 22px; --qode-cf-font-size-480: 16px; --qode-cf-line-height-480: 22px;\">\n<p style=\"text-align: center;\"><strong style=\"font-size: 24px;\">CENTRO INTERNACIONAL DE BUCEO<\/strong><\/p>\n<p style=\"text-align: center;\"><em>Playa Pesquero, Holgu\u00edn, Cuba<\/em><\/p>\n<p>&nbsp;<\/p>\n<p style=\"text-align: center;\">\u00a0El relieve es irregular y complejo formado por mogotes de gran altura, cavernas, peque\u00f1os valles y farallones de pared vertical que por momentos desciende suavemente para formar terrazas cubiertas de gorgonias, abanicos de mar y corales.<\/p>\n<p>&nbsp;<\/p>\n<p style=\"text-align: center;\"><strong>-&gt;M\u00c1S INFO Y RESERVA<\/strong><\/p>\n<\/div>[\/vc_column][\/vc_row][vc_row css_animation=\u00bb\u00bb row_type=\u00bbrow\u00bb use_row_as_full_screen_section=\u00bbno\u00bb type=\u00bbgrid\u00bb angled_section=\u00bbno\u00bb text_align=\u00bbcenter\u00bb background_image_as_pattern=\u00bbwithout_pattern\u00bb][vc_column][vc_empty_space height=\u00bb50px\u00bb][\/vc_column][\/vc_row][vc_row css_animation=\u00bb\u00bb row_type=\u00bbrow\u00bb use_row_as_full_screen_section=\u00bbno\u00bb type=\u00bbgrid\u00bb angled_section=\u00bbno\u00bb text_align=\u00bbcenter\u00bb background_image_as_pattern=\u00bbwithout_pattern\u00bb padding_top=\u00bb20&#8243; padding_bottom=\u00bb20&#8243;][vc_column width=\u00bb1\/3&#8243;][vc_single_image image=\u00bb35347&#8243; img_size=\u00bb350&#215;200&#8243; alignment=\u00bbcenter\u00bb style=\u00bbvc_box_border\u00bb onclick=\u00bbcustom_link\u00bb qode_css_animation=\u00bb\u00bb][\/vc_column][vc_column width=\u00bb2\/3&#8243;]<div class=\"custom_font_holder \" style=\"font-family: Lato; font-style: normal; font-weight: 400; color: #0467fb; text-decoration: none; text-align: center; --qode-cf-font-size: 16px; --qode-cf-line-height: 22px; --qode-cf-font-size-1440: 16px; --qode-cf-line-height-1440: 22px; --qode-cf-font-size-1366: 16px; --qode-cf-line-height-1366: 22px; --qode-cf-font-size-1280: 16px; --qode-cf-line-height-1280: 22px; --qode-cf-font-size-1024: 16px; --qode-cf-line-height-1024: 22px; --qode-cf-font-size-768: 16px; --qode-cf-line-height-768: 22px; --qode-cf-font-size-680: 16px; --qode-cf-line-height-680: 22px; --qode-cf-font-size-480: 16px; --qode-cf-line-height-480: 22px;\">\n<p style=\"text-align: center;\"><strong style=\"font-size: 24px;\">CENTRO INTERNACIONAL DE BUCEO<\/strong><\/p>\n<p style=\"text-align: center;\"><em>Guardalavaca, Holgu\u00edn<\/em><em>, Cuba<\/em><\/p>\n<p>&nbsp;<\/p>\n<p style=\"text-align: center;\">Esta zona de contemplaci\u00f3n submarina que tiene una extensi\u00f3n de 18 kil\u00f3metros ( 11 millas). El llamado Coral Garden, constituyen sin lugar a dudas uno de los m\u00e1s sobresalientes sitios entre los muchos que ofrece para el buceo recreativo de esta fascinante zona.<\/p>\n<p>&nbsp;<\/p>\n<p style=\"text-align: center;\"><strong>-&gt;M\u00c1S INFO Y RESERVA<\/strong><\/p>\n<\/div>[\/vc_column][\/vc_row][vc_row css_animation=\u00bb\u00bb row_type=\u00bbrow\u00bb use_row_as_full_screen_section=\u00bbno\u00bb type=\u00bbgrid\u00bb angled_section=\u00bbno\u00bb text_align=\u00bbcenter\u00bb background_image_as_pattern=\u00bbwithout_pattern\u00bb][vc_column][vc_empty_space height=\u00bb50px\u00bb][\/vc_column][\/vc_row][vc_row css_animation=\u00bb\u00bb row_type=\u00bbrow\u00bb use_row_as_full_screen_section=\u00bbno\u00bb type=\u00bbgrid\u00bb angled_section=\u00bbno\u00bb text_align=\u00bbcenter\u00bb background_image_as_pattern=\u00bbwithout_pattern\u00bb][vc_column][vc_column_text]<\/p>\n<h1 style=\"text-align: center;\"><strong>GRANMA<\/strong><\/h1>\n<p>[\/vc_column_text][vc_separator type=\u00bbnormal\u00bb color=\u00bb#000000&#8243;][\/vc_column][\/vc_row][vc_row css_animation=\u00bb\u00bb row_type=\u00bbrow\u00bb use_row_as_full_screen_section=\u00bbno\u00bb type=\u00bbgrid\u00bb angled_section=\u00bbno\u00bb text_align=\u00bbcenter\u00bb background_image_as_pattern=\u00bbwithout_pattern\u00bb][vc_column][vc_empty_space height=\u00bb50px\u00bb][\/vc_column][\/vc_row][vc_row css_animation=\u00bb\u00bb row_type=\u00bbrow\u00bb use_row_as_full_screen_section=\u00bbno\u00bb type=\u00bbgrid\u00bb angled_section=\u00bbno\u00bb text_align=\u00bbcenter\u00bb background_image_as_pattern=\u00bbwithout_pattern\u00bb background_color=\u00bb#cccccc\u00bb padding_top=\u00bb20&#8243; padding_bottom=\u00bb20&#8243;][vc_column width=\u00bb1\/3&#8243;][vc_single_image image=\u00bb35351&#8243; img_size=\u00bb350&#215;200&#8243; alignment=\u00bbcenter\u00bb style=\u00bbvc_box_border\u00bb onclick=\u00bbcustom_link\u00bb qode_css_animation=\u00bb\u00bb][\/vc_column][vc_column width=\u00bb2\/3&#8243;]<div class=\"custom_font_holder \" style=\"font-family: Lato; font-style: normal; font-weight: 400; color: #0467fb; text-decoration: none; text-align: center; --qode-cf-font-size: 16px; --qode-cf-line-height: 22px; --qode-cf-font-size-1440: 16px; --qode-cf-line-height-1440: 22px; --qode-cf-font-size-1366: 16px; --qode-cf-line-height-1366: 22px; --qode-cf-font-size-1280: 16px; --qode-cf-line-height-1280: 22px; --qode-cf-font-size-1024: 16px; --qode-cf-line-height-1024: 22px; --qode-cf-font-size-768: 16px; --qode-cf-line-height-768: 22px; --qode-cf-font-size-680: 16px; --qode-cf-line-height-680: 22px; --qode-cf-font-size-480: 16px; --qode-cf-line-height-480: 22px;\">\n<p style=\"text-align: center;\"><strong style=\"font-size: 24px;\">CENTRO INTERNACIONAL DE BUCEO<\/strong><\/p>\n<p style=\"text-align: center;\"><em>Marea del Portillo, Granma, Cuba<\/em><\/p>\n<p>&nbsp;<\/p>\n<p style=\"text-align: center;\">\u00a0Su fondo marino posee iguales caracter\u00edsticas por estar ubicado en el mismo ecosistema de la regi\u00f3n m\u00e1s oriental de Cuba; altos mogotes separados entre s\u00ed por cangilones estrechos, tapizados por bellos f\u00f3siles invertebrados que forman cuevas y t\u00faneles, donde se refugian peces, crust\u00e1ceos y moluscos.<\/p>\n<p>&nbsp;<\/p>\n<p style=\"text-align: center;\"><strong>-&gt;M\u00c1S INFO Y RESERVA<\/strong><\/p>\n<\/div>[\/vc_column][\/vc_row][vc_row css_animation=\u00bb\u00bb row_type=\u00bbrow\u00bb use_row_as_full_screen_section=\u00bbno\u00bb type=\u00bbgrid\u00bb angled_section=\u00bbno\u00bb text_align=\u00bbcenter\u00bb background_image_as_pattern=\u00bbwithout_pattern\u00bb][vc_column][vc_empty_space height=\u00bb50px\u00bb][\/vc_column][\/vc_row][vc_row css_animation=\u00bb\u00bb row_type=\u00bbrow\u00bb use_row_as_full_screen_section=\u00bbno\u00bb type=\u00bbgrid\u00bb angled_section=\u00bbno\u00bb text_align=\u00bbcenter\u00bb background_image_as_pattern=\u00bbwithout_pattern\u00bb][vc_column][vc_column_text]<\/p>\n<h1 style=\"text-align: center;\"><strong>SANTIAGO DE CUBA<\/strong><\/h1>\n<p>[\/vc_column_text][vc_separator type=\u00bbnormal\u00bb color=\u00bb#000000&#8243;][\/vc_column][\/vc_row][vc_row css_animation=\u00bb\u00bb row_type=\u00bbrow\u00bb use_row_as_full_screen_section=\u00bbno\u00bb type=\u00bbgrid\u00bb angled_section=\u00bbno\u00bb text_align=\u00bbcenter\u00bb background_image_as_pattern=\u00bbwithout_pattern\u00bb][vc_column][vc_empty_space height=\u00bb50px\u00bb][\/vc_column][\/vc_row][vc_row css_animation=\u00bb\u00bb row_type=\u00bbrow\u00bb use_row_as_full_screen_section=\u00bbno\u00bb type=\u00bbgrid\u00bb angled_section=\u00bbno\u00bb text_align=\u00bbcenter\u00bb background_image_as_pattern=\u00bbwithout_pattern\u00bb padding_top=\u00bb20&#8243; padding_bottom=\u00bb20&#8243;][vc_column width=\u00bb1\/3&#8243;][vc_single_image image=\u00bb35354&#8243; img_size=\u00bb350&#215;200&#8243; alignment=\u00bbcenter\u00bb style=\u00bbvc_box_border\u00bb onclick=\u00bbcustom_link\u00bb qode_css_animation=\u00bb\u00bb][\/vc_column][vc_column width=\u00bb2\/3&#8243;]<div class=\"custom_font_holder \" style=\"font-family: Lato; font-style: normal; font-weight: 400; color: #0467fb; text-decoration: none; text-align: center; --qode-cf-font-size: 16px; --qode-cf-line-height: 22px; --qode-cf-font-size-1440: 16px; --qode-cf-line-height-1440: 22px; --qode-cf-font-size-1366: 16px; --qode-cf-line-height-1366: 22px; --qode-cf-font-size-1280: 16px; --qode-cf-line-height-1280: 22px; --qode-cf-font-size-1024: 16px; --qode-cf-line-height-1024: 22px; --qode-cf-font-size-768: 16px; --qode-cf-line-height-768: 22px; --qode-cf-font-size-680: 16px; --qode-cf-line-height-680: 22px; --qode-cf-font-size-480: 16px; --qode-cf-line-height-480: 22px;\">\n<p style=\"text-align: center;\"><strong style=\"font-size: 24px;\">CENTRO INTERNACIONAL DE BUCEO<\/strong><\/p>\n<p style=\"text-align: center;\"><em>Sierra Mar, Santiago de Cuba<\/em><em>, Cuba<\/em><\/p>\n<p>&nbsp;<\/p>\n<p style=\"text-align: center;\">Las \u00e1reas de inmersi\u00f3n se encuentran\u00a0 a lo largo de 150 kil\u00f3metros de la costa. En ellas el arrecife coralino ha tomado caprichosas formas que van desde barreras pr\u00f3ximas al litoral y mogotes dispersos en extensas arenazas.<\/p>\n<p>&nbsp;<\/p>\n<p style=\"text-align: center;\"><strong>-&gt;M\u00c1S INFO Y RESERVA<\/strong><\/p>\n<\/div>[\/vc_column][\/vc_row][vc_row css_animation=\u00bb\u00bb row_type=\u00bbrow\u00bb use_row_as_full_screen_section=\u00bbno\u00bb type=\u00bbgrid\u00bb angled_section=\u00bbno\u00bb text_align=\u00bbcenter\u00bb background_image_as_pattern=\u00bbwithout_pattern\u00bb][vc_column][vc_empty_space height=\u00bb50px\u00bb][\/vc_column][\/vc_row][vc_row css_animation=\u00bb\u00bb row_type=\u00bbrow\u00bb use_row_as_full_screen_section=\u00bbno\u00bb type=\u00bbgrid\u00bb angled_section=\u00bbno\u00bb text_align=\u00bbcenter\u00bb background_image_as_pattern=\u00bbwithout_pattern\u00bb background_color=\u00bb#cccccc\u00bb padding_top=\u00bb20&#8243; padding_bottom=\u00bb20&#8243;][vc_column width=\u00bb1\/3&#8243;][vc_single_image image=\u00bb35357&#8243; img_size=\u00bb350&#215;200&#8243; alignment=\u00bbcenter\u00bb style=\u00bbvc_box_border\u00bb onclick=\u00bbcustom_link\u00bb qode_css_animation=\u00bb\u00bb][\/vc_column][vc_column width=\u00bb2\/3&#8243;]<div class=\"custom_font_holder \" style=\"font-family: Lato; font-style: normal; font-weight: 400; color: #0467fb; text-decoration: none; text-align: center; --qode-cf-font-size: 16px; --qode-cf-line-height: 22px; --qode-cf-font-size-1440: 16px; --qode-cf-line-height-1440: 22px; --qode-cf-font-size-1366: 16px; --qode-cf-line-height-1366: 22px; --qode-cf-font-size-1280: 16px; --qode-cf-line-height-1280: 22px; --qode-cf-font-size-1024: 16px; --qode-cf-line-height-1024: 22px; --qode-cf-font-size-768: 16px; --qode-cf-line-height-768: 22px; --qode-cf-font-size-680: 16px; --qode-cf-line-height-680: 22px; --qode-cf-font-size-480: 16px; --qode-cf-line-height-480: 22px;\">\n<p style=\"text-align: center;\"><strong style=\"font-size: 24px;\">CENTRO INTERNACIONAL DE BUCEO<\/strong><\/p>\n<p style=\"text-align: center;\"><em>Marina Santiago, Santiago de Cuba, Cuba<\/em><\/p>\n<p>&nbsp;<\/p>\n<p style=\"text-align: center;\">\u00a0Aunque existen puntos de contacto y similitudes entre las zonas de buceo de Santiago de Cuba, cada una tiene sus propios atractivos lo que convierte al lugar en una excelente alternativa para el buceo contemplativo.<\/p>\n<p>&nbsp;<\/p>\n<p style=\"text-align: center;\"><strong>-&gt;M\u00c1S INFO Y RESERVA<\/strong><\/p>\n<\/div>[\/vc_column][\/vc_row][vc_row css_animation=\u00bb\u00bb row_type=\u00bbrow\u00bb use_row_as_full_screen_section=\u00bbno\u00bb type=\u00bbgrid\u00bb angled_section=\u00bbno\u00bb text_align=\u00bbcenter\u00bb background_image_as_pattern=\u00bbwithout_pattern\u00bb][vc_column][vc_empty_space height=\u00bb50px\u00bb][\/vc_column][\/vc_row][vc_row css_animation=\u00bb\u00bb row_type=\u00bbrow\u00bb use_row_as_full_screen_section=\u00bbno\u00bb type=\u00bbgrid\u00bb angled_section=\u00bbno\u00bb text_align=\u00bbcenter\u00bb background_image_as_pattern=\u00bbwithout_pattern\u00bb padding_top=\u00bb20&#8243; padding_bottom=\u00bb20&#8243;][vc_column width=\u00bb1\/3&#8243;][vc_single_image image=\u00bb35359&#8243; img_size=\u00bb350&#215;200&#8243; alignment=\u00bbcenter\u00bb style=\u00bbvc_box_border\u00bb onclick=\u00bbcustom_link\u00bb qode_css_animation=\u00bb\u00bb][\/vc_column][vc_column width=\u00bb2\/3&#8243;]<div class=\"custom_font_holder \" style=\"font-family: Lato; font-style: normal; font-weight: 400; color: #0467fb; text-decoration: none; text-align: center; --qode-cf-font-size: 16px; --qode-cf-line-height: 22px; --qode-cf-font-size-1440: 16px; --qode-cf-line-height-1440: 22px; --qode-cf-font-size-1366: 16px; --qode-cf-line-height-1366: 22px; --qode-cf-font-size-1280: 16px; --qode-cf-line-height-1280: 22px; --qode-cf-font-size-1024: 16px; --qode-cf-line-height-1024: 22px; --qode-cf-font-size-768: 16px; --qode-cf-line-height-768: 22px; --qode-cf-font-size-680: 16px; --qode-cf-line-height-680: 22px; --qode-cf-font-size-480: 16px; --qode-cf-line-height-480: 22px;\">\n<p style=\"text-align: center;\"><strong style=\"font-size: 24px;\">CENTRO INTERNACIONAL DE BUCEO<\/strong><\/p>\n<p style=\"text-align: center;\"><em>Carisol Corales, Santiago de Cuba<\/em><em>, Cuba<\/em><\/p>\n<p>&nbsp;<\/p>\n<p style=\"text-align: center;\">En puntos cercanos de la costa se localizan naves de guerra integrantes de la flota espa\u00f1ola comandada por el Almirante Pascual Cervera, hundidas por buques estadounidenses a mediados de 1898 durante la guerra hispano-cubana-norteamericana.<\/p>\n<p>&nbsp;<\/p>\n<p style=\"text-align: center;\"><strong>-&gt;M\u00c1S INFO Y RESERVA<\/strong><\/p>\n<\/div>[\/vc_column][\/vc_row][vc_row css_animation=\u00bb\u00bb row_type=\u00bbrow\u00bb use_row_as_full_screen_section=\u00bbno\u00bb type=\u00bbgrid\u00bb angled_section=\u00bbno\u00bb text_align=\u00bbcenter\u00bb background_image_as_pattern=\u00bbwithout_pattern\u00bb][vc_column][vc_empty_space height=\u00bb50px\u00bb][\/vc_column][\/vc_row][vc_row css_animation=\u00bb\u00bb row_type=\u00bbrow\u00bb use_row_as_full_screen_section=\u00bbno\u00bb type=\u00bbgrid\u00bb angled_section=\u00bbno\u00bb text_align=\u00bbcenter\u00bb background_image_as_pattern=\u00bbwithout_pattern\u00bb][vc_column]<div class=\"custom_font_holder \" style=\"font-family: Open Sans; font-style: normal; font-weight: 400; color: #000000; text-decoration: none; text-align: left; --qode-cf-font-size: 30px; --qode-cf-line-height: 36px; --qode-cf-font-size-1440: 30px; --qode-cf-line-height-1440: 36px; --qode-cf-font-size-1366: 30px; --qode-cf-line-height-1366: 36px; --qode-cf-font-size-1280: 30px; --qode-cf-line-height-1280: 36px; --qode-cf-font-size-1024: 30px; --qode-cf-line-height-1024: 36px; --qode-cf-font-size-768: 30px; --qode-cf-line-height-768: 36px; --qode-cf-font-size-680: 30px; --qode-cf-line-height-680: 36px; --qode-cf-font-size-480: 30px; --qode-cf-line-height-480: 36px;\">\n<p style=\"text-align: center;\"><strong>Mapa de los Centros de Buceo en Cuba<\/strong><\/p>\n<\/div>[vc_empty_space][\/vc_column][\/vc_row][vc_row css_animation=\u00bb\u00bb row_type=\u00bbrow\u00bb use_row_as_full_screen_section=\u00bbno\u00bb type=\u00bbgrid\u00bb angled_section=\u00bbno\u00bb text_align=\u00bbcenter\u00bb background_image_as_pattern=\u00bbwithout_pattern\u00bb][vc_column][vc_raw_html]JTNDaWZyYW1lJTIwc3JjJTNEJTIyaHR0cHMlM0ElMkYlMkZ3d3cuZ29vZ2xlLmNvbSUyRm1hcHMlMkZkJTJGZW1iZWQlM0ZtaWQlM0Qxa3VjaGp3ODUyajFNcjlaMjhiYnFEZG9YMnZjcUJaZGslMjIlMjB3aWR0aCUzRCUyMjEwMCUyNSUyMiUyMGhlaWdodCUzRCUyMjQ4MCUyMiUzRSUzQyUyRmlmcmFtZSUzRQ==[\/vc_raw_html][\/vc_column][\/vc_row][vc_row css_animation=\u00bb\u00bb row_type=\u00bbrow\u00bb use_row_as_full_screen_section=\u00bbno\u00bb type=\u00bbgrid\u00bb angled_section=\u00bbno\u00bb text_align=\u00bbcenter\u00bb background_image_as_pattern=\u00bbwithout_pattern\u00bb][vc_column][vc_empty_space height=\u00bb50px\u00bb][\/vc_column][\/vc_row]<\/p>\n<\/div>","protected":false},"excerpt":{"rendered":"<p>[vc_row css_animation=\u00bb\u00bb row_type=\u00bbrow\u00bb use_row_as_full_screen_section=\u00bbno\u00bb type=\u00bbfull_width\u00bb angled_section=\u00bbno\u00bb text_align=\u00bbcenter\u00bb background_image_as_pattern=\u00bbwithout_pattern\u00bb][vc_column][vc_column_text] [\/vc_column_text][\/vc_column][\/vc_row][vc_row css_animation=\u00bb\u00bb row_type=\u00bbrow\u00bb use_row_as_full_screen_section=\u00bbno\u00bb type=\u00bbgrid\u00bb angled_section=\u00bbno\u00bb text_align=\u00bbcenter\u00bb background_image_as_pattern=\u00bbwithout_pattern\u00bb][vc_column][vc_empty_space height=\u00bb50px\u00bb][\/vc_column][\/vc_row][vc_row css_animation=\u00bb\u00bb row_type=\u00bbrow\u00bb use_row_as_full_screen_section=\u00bbno\u00bb type=\u00bbgrid\u00bb angled_section=\u00bbno\u00bb text_align=\u00bbcenter\u00bb background_image_as_pattern=\u00bbwithout_pattern\u00bb][vc_column][vc_separator type=\u00bbnormal\u00bb color=\u00bb#0a0a0a\u00bb][\/vc_column][\/vc_row][vc_row css_animation=\u00bb\u00bb row_type=\u00bbrow\u00bb use_row_as_full_screen_section=\u00bbno\u00bb type=\u00bbgrid\u00bb angled_section=\u00bbno\u00bb text_align=\u00bbcenter\u00bb background_image_as_pattern=\u00bbwithout_pattern\u00bb][vc_column][vc_empty_space height=\u00bb30px\u00bb][vc_empty_space height=\u00bb50px\u00bb][\/vc_column][\/vc_row][vc_row css_animation=\u00bb\u00bb row_type=\u00bbrow\u00bb use_row_as_full_screen_section=\u00bbno\u00bb type=\u00bbgrid\u00bb angled_section=\u00bbno\u00bb text_align=\u00bbcenter\u00bb background_image_as_pattern=\u00bbwithout_pattern\u00bb][vc_column][vc_column_text] ISLA DE PINOS&#8230;<\/p>\n","protected":false},"author":1,"featured_media":0,"parent":0,"menu_order":0,"comment_status":"open","ping_status":"closed","template":"full_width.php","meta":{"_joinchat":[],"footnotes":""},"class_list":["post-34921","page","type-page","status-publish","hentry"],"_links":{"self":[{"href":"https:\/\/test.isladelajuventud-cuba.com\/index.php?rest_route=\/wp\/v2\/pages\/34921","targetHints":{"allow":["GET"]}}],"collection":[{"href":"https:\/\/test.isladelajuventud-cuba.com\/index.php?rest_route=\/wp\/v2\/pages"}],"about":[{"href":"https:\/\/test.isladelajuventud-cuba.com\/index.php?rest_route=\/wp\/v2\/types\/page"}],"author":[{"embeddable":true,"href":"https:\/\/test.isladelajuventud-cuba.com\/index.php?rest_route=\/wp\/v2\/users\/1"}],"replies":[{"embeddable":true,"href":"https:\/\/test.isladelajuventud-cuba.com\/index.php?rest_route=%2Fwp%2Fv2%2Fcomments&post=34921"}],"version-history":[{"count":0,"href":"https:\/\/test.isladelajuventud-cuba.com\/index.php?rest_route=\/wp\/v2\/pages\/34921\/revisions"}],"wp:attachment":[{"href":"https:\/\/test.isladelajuventud-cuba.com\/index.php?rest_route=%2Fwp%2Fv2%2Fmedia&parent=34921"}],"curies":[{"name":"wp","href":"https:\/\/api.w.org\/{rel}","templated":true}]}}