{"id":39029,"date":"2024-04-15T11:36:19","date_gmt":"2024-04-15T11:36:19","guid":{"rendered":"https:\/\/test.isladelajuventud-cuba.com\/?page_id=39029"},"modified":"2024-04-15T11:36:19","modified_gmt":"2024-04-15T11:36:19","slug":"eventos-anuales-2024","status":"publish","type":"page","link":"https:\/\/test.isladelajuventud-cuba.com\/?page_id=39029","title":{"rendered":"Eventos anuales 2024"},"content":{"rendered":"<div class=\"wpb-content-wrapper\" id=\"wpb-content-root\"><p>[vc_row css_animation=\u00bb\u00bb row_type=\u00bbrow\u00bb use_row_as_full_screen_section=\u00bbno\u00bb type=\u00bbfull_width\u00bb angled_section=\u00bbno\u00bb text_align=\u00bbcenter\u00bb background_image_as_pattern=\u00bbwithout_pattern\u00bb][vc_column][vc_column_text]<\/p>\n<p style=\"text-align: center;\"><div class=\"wp1s-slider-wrapper wp1s-slider-wrapper-16888 \">  \r\n    <div class=\"wp1s-main-wrapper\">\r\n      \r\n\r\n    <div class=\"wp1s-slider-container wp1s-pager-type-1 wp1s-arrow-type-1 wp1s-pagination\">\r\n    <ul class=\"wp1s-bxslider\" data-id=\"16888\" data-auto='true' data-speed='1000' data-pause='5000' data-transition='horizontal' data-controls='true' data-responsive='true' data-pager='disable' >\r\n            <li>\r\n            <img decoding=\"async\" src=\"https:\/\/test.isladelajuventud-cuba.com\/wp-content\/uploads\/2020\/01\/slide1.jpg\" \/>\r\n            <div class=\"wp1s-caption-wrapper wp1s-caption-type-1 wp1s-caption-middlecenter\">\r\n            <h1 class=\"wp1s-caption-title\"><\/h1>\r\n            <h2 class=\"wp1s-caption-content\"><\/h2>\r\n                        <\/div>\r\n        <\/li>\r\n            <li>\r\n            <img decoding=\"async\" src=\"https:\/\/test.isladelajuventud-cuba.com\/wp-content\/uploads\/2020\/01\/slide2.jpg\" \/>\r\n            <div class=\"wp1s-caption-wrapper wp1s-caption-type-1 wp1s-caption-middlecenter\">\r\n            <h1 class=\"wp1s-caption-title\"><\/h1>\r\n            <h2 class=\"wp1s-caption-content\">Cayo Largo del Sur. Un Para\u00edso del Caribe.<\/h2>\r\n                        <a href=\"https:\/\/test.isladelajuventud-cuba.com\/alojamiento-hoteles\/\" class=\"wps1-readmore-button\">Reserve con un click.<\/a>\r\n                        <\/div>\r\n        <\/li>\r\n            <li>\r\n            <img decoding=\"async\" src=\"https:\/\/test.isladelajuventud-cuba.com\/wp-content\/uploads\/2019\/10\/test1.jpg\" \/>\r\n            <div class=\"wp1s-caption-wrapper wp1s-caption-type-1 wp1s-caption-middlecenter\">\r\n            <h1 class=\"wp1s-caption-title\"><\/h1>\r\n            <h2 class=\"wp1s-caption-content\"><\/h2>\r\n                        <\/div>\r\n        <\/li>\r\n            <li>\r\n            <img decoding=\"async\" src=\"https:\/\/test.isladelajuventud-cuba.com\/wp-content\/uploads\/2020\/01\/slide4.jpg\" \/>\r\n            <div class=\"wp1s-caption-wrapper wp1s-caption-type-1 wp1s-caption-middlecenter\">\r\n            <h1 class=\"wp1s-caption-title\"><\/h1>\r\n            <h2 class=\"wp1s-caption-content\">Puestas de sol \u00fanicas...<\/h2>\r\n                        <\/div>\r\n        <\/li>\r\n            <li>\r\n            <img decoding=\"async\" src=\"https:\/\/test.isladelajuventud-cuba.com\/wp-content\/uploads\/2020\/01\/slide3.jpg\" \/>\r\n            <div class=\"wp1s-caption-wrapper wp1s-caption-type-1 wp1s-caption-middlecenter\">\r\n            <h1 class=\"wp1s-caption-title\"><\/h1>\r\n            <h2 class=\"wp1s-caption-content\">Un mundo bajo el mar.<\/h2>\r\n                        <a href=\"https:\/\/test.isladelajuventud-cuba.com\/centros-de-buceo\/\" class=\"wps1-readmore-button\">Reserve  tus inmersiones con un click.<\/a>\r\n                        <\/div>\r\n        <\/li>\r\n            <li>\r\n            <img decoding=\"async\" src=\"https:\/\/test.isladelajuventud-cuba.com\/wp-content\/uploads\/2020\/01\/slide5.jpg\" \/>\r\n            <div class=\"wp1s-caption-wrapper wp1s-caption-type-1 wp1s-caption-middlecenter\">\r\n            <h1 class=\"wp1s-caption-title\"><\/h1>\r\n            <h2 class=\"wp1s-caption-content\">Descubra algunas de las mejores playas del mundo.<\/h2>\r\n                        <a href=\"https:\/\/test.isladelajuventud-cuba.com\/playas-2\/\" class=\"wps1-readmore-button\">Ver m\u00e1s playas<\/a>\r\n                        <\/div>\r\n        <\/li>\r\n            <li>\r\n            <img decoding=\"async\" src=\"https:\/\/test.isladelajuventud-cuba.com\/wp-content\/uploads\/2020\/01\/slide6-1.jpg\" \/>\r\n            <div class=\"wp1s-caption-wrapper wp1s-caption-type-1 wp1s-caption-middlecenter\">\r\n            <h1 class=\"wp1s-caption-title\"><\/h1>\r\n            <h2 class=\"wp1s-caption-content\">Descubre su naturaleza en estado puro...<\/h2>\r\n                        <\/div>\r\n        <\/li>\r\n            <li>\r\n            <img decoding=\"async\" src=\"https:\/\/test.isladelajuventud-cuba.com\/wp-content\/uploads\/2020\/01\/slide7.jpg\" \/>\r\n            <div class=\"wp1s-caption-wrapper wp1s-caption-type-1 wp1s-caption-middlecenter\">\r\n            <h1 class=\"wp1s-caption-title\"><\/h1>\r\n            <h2 class=\"wp1s-caption-content\">MUSEOS<\/h2>\r\n                        <a href=\"https:\/\/test.isladelajuventud-cuba.com\/museos\/\" class=\"wps1-readmore-button\">Ver m\u00e1s Museos<\/a>\r\n                        <\/div>\r\n        <\/li>\r\n            <li>\r\n            <img decoding=\"async\" src=\"https:\/\/test.isladelajuventud-cuba.com\/wp-content\/uploads\/2020\/01\/slide8.jpg\" \/>\r\n            <div class=\"wp1s-caption-wrapper wp1s-caption-type-1 wp1s-caption-middlecenter\">\r\n            <h1 class=\"wp1s-caption-title\"><\/h1>\r\n            <h2 class=\"wp1s-caption-content\">LUGARES DE INTER\u00c9S<\/h2>\r\n                        <a href=\"https:\/\/test.isladelajuventud-cuba.com\/lugares-de-interes-2\/\" class=\"wps1-readmore-button\">Ver m\u00e1s Lugares de Inter\u00e9s<\/a>\r\n                        <\/div>\r\n        <\/li>\r\n            <li>\r\n            <img decoding=\"async\" src=\"https:\/\/test.isladelajuventud-cuba.com\/wp-content\/uploads\/2020\/01\/slide9-1.jpg\" \/>\r\n            <div class=\"wp1s-caption-wrapper wp1s-caption-type-1 wp1s-caption-middlecenter\">\r\n            <h1 class=\"wp1s-caption-title\"><\/h1>\r\n            <h2 class=\"wp1s-caption-content\">Hoteles, casas de alquiler, camping. <\/h2>\r\n                        <a href=\"https:\/\/test.isladelajuventud-cuba.com\/alojamiento\/\" class=\"wps1-readmore-button\">Reserva su alojamiento con un click.<\/a>\r\n                        <\/div>\r\n        <\/li>\r\n            <li>\r\n            <img decoding=\"async\" src=\"https:\/\/test.isladelajuventud-cuba.com\/wp-content\/uploads\/2020\/01\/slide10.jpg\" \/>\r\n            <div class=\"wp1s-caption-wrapper wp1s-caption-type-1 wp1s-caption-middlecenter\">\r\n            <h1 class=\"wp1s-caption-title\"><\/h1>\r\n            <h2 class=\"wp1s-caption-content\">Nueva Gerona fundada en 1830, una ciudad que  le sorprender\u00e1...<\/h2>\r\n                        <a href=\"https:\/\/test.isladelajuventud-cuba.com\/nucleos-urbanos-nueva-gerona\/\" class=\"wps1-readmore-button\">Conozca Nueva Gerona con un click<\/a>\r\n                        <\/div>\r\n        <\/li>\r\n            <li>\r\n            <img decoding=\"async\" src=\"https:\/\/test.isladelajuventud-cuba.com\/wp-content\/uploads\/2020\/02\/monumentos.jpg\" \/>\r\n            <div class=\"wp1s-caption-wrapper wp1s-caption-type-1 wp1s-caption-middlecenter\">\r\n            <h1 class=\"wp1s-caption-title\"><\/h1>\r\n            <h2 class=\"wp1s-caption-content\">MONUMENTOS<\/h2>\r\n                        <a href=\"https:\/\/test.isladelajuventud-cuba.com\/monumentos\/\" class=\"wps1-readmore-button\">Ver m\u00e1s Monumentos<\/a>\r\n                        <\/div>\r\n        <\/li>\r\n        <\/ul>\r\n    <\/div>\r\n<\/div>\r\n      <\/div>\r\n   <style>\r\n\r\n.wp1s-slider-wrapper-16888 {\r\n    \r\n     width:100%%;   \r\n}\r\n\r\n.wp1s-slider-wrapper-16888 .wp1s-caption-wrapper.wp1s-caption-type-1 .wp1s-caption-title{\r\n\r\n    font-size:20px;\r\n   \r\n}\r\n\r\n.wp1s-slider-wrapper-16888 .wp1s-caption-wrapper.wp1s-caption-type-1 .wp1s-caption-content{\r\n   \r\n    font-size: 40px;\r\n    \r\n}\r\n.wp1s-slider-wrapper-16888 .wp1s-caption-wrapper.wp1s-caption-type-2 .wp1s-caption-title {\r\n    font-size:20px;\r\n    background-color:rgba(125,165,82,0.8);\r\n   \r\n}\r\n.wp1s-slider-wrapper-16888 .wp1s-caption-wrapper.wp1s-caption-type-2 .wp1s-caption-content {\r\n    font-size:40px;\r\n\r\n}\r\n.wp1s-slider-wrapper-16888 .wp1s-caption-wrapper.wp1s-caption-type-3 .wp1s-caption-title {\r\n    font-size:20px;\r\n    border-bottom:7px solid #2ed1ff;\r\n}\r\n.wp1s-slider-wrapper-16888 .wp1s-caption-wrapper.wp1s-caption-type-3 .wp1s-caption-content {\r\n    font-size:40px;\r\n   \r\n}\r\n.wp1s-slider-wrapper-16888 .wp1s-caption-wrapper.wp1s-caption-type-4  {\r\n   \r\n    background-color:rgba(124,118,118,0.6);\r\n\r\n}\r\n.wp1s-slider-wrapper-16888 .wp1s-caption-wrapper.wp1s-caption-type-4 .wp1s-caption-title {\r\n    font-size:20px;\r\n\r\n}\r\n.wp1s-slider-wrapper-16888 .wp1s-caption-wrapper.wp1s-caption-type-4 .wp1s-caption-content {\r\n    font-size:40px;\r\n}\r\n.wp1s-slider-wrapper-16888 .wp1s-caption-wrapper .wp1s-caption-title {\r\n    color:#ffffff;\r\n}\r\n.wp1s-slider-wrapper-16888 .wp1s-caption-wrapper .wp1s-caption-content {\r\n    color:#59d600;\r\n}\r\n.wp1s-slider-wrapper-16888 .wp1s-main-wrapper .wp1s-pager-type-1 .bx-wrapper .bx-pager.bx-default-pager a {\r\n    background-color:#ffffff;\r\n}\r\n.wp1s-slider-wrapper-16888 .wp1s-main-wrapper .wp1s-pager-type-1 .bx-wrapper .bx-pager.bx-default-pager a:hover, \r\n.wp1s-slider-wrapper-16888 .wp1s-main-wrapper .wp1s-pager-type-1 .bx-wrapper .bx-pager.bx-default-pager a.active {\r\n    background-color:#3bb1f4;\r\n}\r\n.wp1s-slider-wrapper-16888 .wp1s-main-wrapper .wp1s-pager-type-2 .bx-wrapper .bx-pager.bx-default-pager a {\r\n    background-color:#635e5e;\r\n    border:3px solid #979191;\r\n}\r\n.wp1s-slider-wrapper-16888 .wp1s-main-wrapper .wp1s-pager-type-2 .bx-wrapper .bx-pager.bx-default-pager a:hover, \r\n.wp1s-slider-wrapper-16888 .wp1s-main-wrapper .wp1s-pager-type-2 .bx-wrapper .bx-pager.bx-default-pager a.active {\r\n    background-color:#ffffff;\r\n}\r\n.wp1s-slider-wrapper-16888 .wp1s-main-wrapper .wp1s-pager-type-3 .bx-wrapper .bx-pager.bx-default-pager a {\r\n    border:1px solid #ffffff;\r\n   \r\n}\r\n.wp1s-slider-wrapper-16888 .wp1s-main-wrapper .wp1s-pager-type-3 .bx-wrapper .bx-pager.bx-default-pager a:hover, \r\n.wp1s-slider-wrapper-16888 .wp1s-main-wrapper .wp1s-pager-type-3 .bx-wrapper .bx-pager.bx-default-pager a.active {\r\n    border-color:#ff9600;\r\n}\r\n.wp1s-slider-wrapper-16888 .wp1s-main-wrapper .wp1s-pager-type-4 .bx-wrapper .bx-pager.bx-default-pager a {\r\n    background-color:#7a7a7a;\r\n    \r\n}\r\n.wp1s-slider-wrapper-16888 .wp1s-main-wrapper .wp1s-pager-type-4 .bx-wrapper .bx-pager.bx-default-pager a:hover, \r\n.wp1s-slider-wrapper-16888 .wp1s-main-wrapper .wp1s-pager-type-4 .bx-wrapper .bx-pager.bx-default-pager a.active {\r\n    background-color:#ffffff;\r\n}\r\n.wp1s-slider-wrapper-16888 .wp1s-caption-wrapper.wp1s-caption-type-1 .wps1-readmore-button {\r\n    background-color: #1e75f6;\r\n    box-shadow: 0 2px 0 #1758c6;\r\n    -webkit-box-shadow: 0 2px 0 #1758c6;\r\n    -moz-box-shadow: 0 2px 0 #1758c6;\r\n}\r\n.wp1s-slider-wrapper-16888 .wp1s-caption-wrapper.wp1s-caption-type-1 .wps1-readmore-button:hover {\r\n    background-color:#11499e;\r\n}\r\n@media (max-width:1200px) {\r\n.wp1s-slider-wrapper-16888 .wp1s-slider-wrapper {\r\nwidth:100%;\r\n}\r\n}\r\n.wp1s-widget-wrap .wp1s-caption-wrapper {\r\n\r\ndisplay: none;\r\n}\r\n\r\n.wp1s-widget-wrap .wp1s-thumbnail-wrapper {\r\ndisplay: none;\r\n}\r\n\r\n<\/style><\/p>\n<p>[\/vc_column_text][\/vc_column][\/vc_row][vc_row css_animation=\u00bb\u00bb row_type=\u00bbrow\u00bb use_row_as_full_screen_section=\u00bbno\u00bb type=\u00bbfull_width\u00bb angled_section=\u00bbno\u00bb text_align=\u00bbleft\u00bb background_image_as_pattern=\u00bbwithout_pattern\u00bb][vc_column][vc_empty_space height=\u00bb50px\u00bb][\/vc_column][\/vc_row][vc_row css_animation=\u00bb\u00bb row_type=\u00bbrow\u00bb use_row_as_full_screen_section=\u00bbno\u00bb type=\u00bbgrid\u00bb angled_section=\u00bbno\u00bb text_align=\u00bbcenter\u00bb background_image_as_pattern=\u00bbwithout_pattern\u00bb z_index=\u00bb\u00bb][vc_column][vc_column_text]<\/p>\n<h1 style=\"text-align: left;\"><strong>EVENTOS ANUALES 2024<\/strong><\/h1>\n<p>[\/vc_column_text][vc_separator type=\u00bbnormal\u00bb color=\u00bb#000000&#8243;][\/vc_column][\/vc_row][vc_row css_animation=\u00bb\u00bb row_type=\u00bbrow\u00bb use_row_as_full_screen_section=\u00bbno\u00bb type=\u00bbfull_width\u00bb angled_section=\u00bbno\u00bb text_align=\u00bbleft\u00bb background_image_as_pattern=\u00bbwithout_pattern\u00bb][vc_column][vc_empty_space][\/vc_column][\/vc_row][vc_row css_animation=\u00bb\u00bb row_type=\u00bbrow\u00bb use_row_as_full_screen_section=\u00bbno\u00bb type=\u00bbgrid\u00bb angled_section=\u00bbno\u00bb text_align=\u00bbcenter\u00bb background_image_as_pattern=\u00bbwithout_pattern\u00bb z_index=\u00bb\u00bb][vc_column][vc_column_text]<\/p>\n<h2 style=\"text-align: center;\"><strong>ABRIL<\/strong><\/h2>\n<p>[\/vc_column_text][vc_empty_space][vc_single_image image=\u00bb39032&#8243; img_size=\u00bbfull\u00bb alignment=\u00bbcenter\u00bb onclick=\u00bbcustom_link\u00bb qode_css_animation=\u00bb\u00bb][vc_empty_space][vc_column_text]<\/p>\n<h3 dir=\"auto\" style=\"text-align: center;\"><strong>ISLAVERDE<\/strong><\/h3>\n<div dir=\"auto\" style=\"text-align: left;\">\n<p>Del pr\u00f3ximo 21 al 27 de abril, el municipio especial Isla de la Juventud ser\u00e1 la sede de la segunda edici\u00f3n de Isla Verde, Festival Internacional de Cine y Medio Ambiente del Caribe. El evento, presidido por el reconocido actor, director y artista pl\u00e1stico Jorge Perugorr\u00eda, es un espacio creativo que persigue impulsar acciones en pos de convertir a esta peque\u00f1a isla en un referente regional de transformaci\u00f3n desde el desarrollo local sostenible, y como destino cultural, tur\u00edstico y medioambiental.<\/p>\n<p>En esta ocasi\u00f3n, la selecci\u00f3n oficial en competencia \u2212 resultante del escrutinio de casi un centenar de obras presentadas\u2212 est\u00e1 compuesta por 30 audiovisuales, con representaci\u00f3n de 15 pa\u00edses. Es la primera vez que el Festival adquiere un car\u00e1cter competitivo, tras una edici\u00f3n inicial que ofreci\u00f3 una amplia muestra de pel\u00edculas aportadas por la Fundaci\u00f3n Good Planet, el Festival Internacional de Cine y Medio Ambiente de M\u00e9xico \u201cCinema Planeta\u201d y la asociaci\u00f3n internacional Green Film Network, red que a\u00fana a m\u00e1s de 30 cert\u00e1menes medioambientales del mundo.<\/p>\n<p>De acuerdo a Jorge Perugorr\u00eda, reci\u00e9n nombrado Premio Nacional de Cine 2024, el comit\u00e9 de selecci\u00f3n escogi\u00f3 10 largometrajes y 20 cortometrajes para participar en el concurso. Ambas competencias tendr\u00e1n\u00a0<span class=\"ml-rte-link-wrapper\" data-redactor-span=\"true\"><a href=\"https:\/\/islaverde.org\/jurados-2024\/\" target=\"_blank\" rel=\"noopener\">un jurado<\/a><\/span>* integrado por prestigiosas figuras del s\u00e9ptimo arte nacional e internacional, as\u00ed como tambi\u00e9n por investigadores y cient\u00edficos.<\/p>\n<p>Durante la cita se entregar\u00e1n los\u00a0<span class=\"ml-rte-link-wrapper\" data-redactor-span=\"true\"><a href=\"https:\/\/islaverde.org\/premios-isla-verde\/\" target=\"_blank\" rel=\"noopener\">premios Isla Verde<\/a><\/span>, que reconocen y celebran a personalidades o proyectos dedicados a la conservaci\u00f3n, estudio y protecci\u00f3n del medio ambiente en nuestro planeta. \u201cEntregaremos un premio p\u00f3stumo a\u00a0<strong>Daniel Diez<\/strong>, fundador de Televisi\u00f3n Serrana. Nos dej\u00f3 en diciembre del pasado a\u00f1o, y justamente hab\u00edamos hablado con \u00e9l para que formara parte de nuestro Festival y del jurado. Queremos, adem\u00e1s, proyectar una muestra del trabajo de tantos a\u00f1os de la Televisi\u00f3n Serrana, como un reconocimiento a toda esa obra, que es ejemplo de proyecto social, colectivo, comunitario y que ha formado a tantos cineastas\u201d, agreg\u00f3 Perugorr\u00eda.<\/p>\n<p>Otra de las figuras homenajeadas ser\u00e1 la doctora colombiana\u00a0<strong>Diana Ruiz Pino<\/strong>, ocean\u00f3grafa y climat\u00f3loga; pionera en el estudio de la evoluci\u00f3n del CO2 y la acidificaci\u00f3n del oc\u00e9ano, relacionado con el impacto ambiental para los ecosistemas marinos. Integrante del grupo de expertos internacionales que, en el a\u00f1o 2007, obtuvo el Premio Nobel de la Paz por sus investigaciones y estudios relacionados con el cambio clim\u00e1tico. Ruiz Pino participar\u00e1 activamente en charlas y conferencias previstas en el programa de Isla Verde. \u201cPara nosotros es un honor recibirla y poder entregarle este premio\u201d, declar\u00f3 el presidente.<\/p>\n<p>En esta ocasi\u00f3n, el evento cuenta con el apoyo fundamental de la Uni\u00f3n Europea (UE) y sus Estados Miembros, y con la UNESCO como socio implementador del programa Transcultura, financiado por la UE. Con estas organizaciones comparte objetivos elementales, de acuerdo a la proyecci\u00f3n que desde su creaci\u00f3n ha mantenido el programa educativo medioambiental \u201cIsla Verde\u201d, proyecto de desarrollo local que acoge a esta fiesta cinematogr\u00e1fica. Entre las l\u00edneas de trabajo en com\u00fan destacan el fomento a las industrias creativas, especialmente el cine, como puente para la concientizaci\u00f3n y el di\u00e1logo cultural.<\/p>\n<p>La educaci\u00f3n medioambiental es una prioridad para el Festival. \u201cEl sue\u00f1o nuestro de hacer este proyecto es porque creemos que la Isla de la Juventud puede convertirse en un ejemplo de conservaci\u00f3n en el Caribe. Por ello buscamos tener un impacto en ni\u00f1os, adolescentes y j\u00f3venes, que es en donde est\u00e1 el futuro\u201d, coment\u00f3 Perugorr\u00eda.<\/p>\n<p>Isla Verde, con la colaboraci\u00f3n de la Uni\u00f3n Europea y sus Estados Miembros, y junto a la Fundaci\u00f3n Antonio N\u00fa\u00f1ez Jim\u00e9nez, apuesta por los j\u00f3venes como comprometidos defensores de sus entornos naturales, emprendedores y generadores de nuevas oportunidades. En esa l\u00ednea, tendr\u00e1n lugar charlas, talleres y proyecciones acompa\u00f1adas de cineastas y especialistas en tem\u00e1tica medioambiental, dirigidas a estudiantes de primaria, secundaria, preuniversitario y ense\u00f1anza superior.<\/p>\n<p>Entre las acciones que se organizan como parte del programa medioambiental del evento est\u00e1 la limpieza de playas, el trabajo en huertos escolares y la siembra de \u00e1rboles para mitigar la huella de carbono que genera el Festival. La medici\u00f3n de desechos y su impacto es un trabajo que se lleva a cabo desde la primera edici\u00f3n del Festival, con la colaboraci\u00f3n cercana de la mexicana Eleonora Isunza, directora de Cinema Planeta.<\/p>\n<p>La plantaci\u00f3n de 3000 posturas de pino prevista para esta ocasi\u00f3n formar\u00e1 parte de un acuerdo con el cine espa\u00f1ol, a trav\u00e9s del invitado y presidente del jurado de largometrajes, \u00c1lvaro Longoria. \u201cEn Espa\u00f1a tambi\u00e9n tienen esta iniciativa, que se llama el Bosque del Cine (\u2026). Por ello vamos a firmar un convenio para la creaci\u00f3n del Pinar del Cine en la Isla de la Juventud\u201d, destac\u00f3 Jorge Perugorr\u00eda.<\/p>\n<p>Isla Verde se suma adem\u00e1s a los festejos por el 65 aniversario del Instituto Cubano del Arte e Industria Cinematogr\u00e1fico (ICAIC) con una proyecci\u00f3n especial del documental \u00abCicl\u00f3n\u00bb, dirigido por el reconocido cineasta cubano Santiago \u00c1lvarez (1919-1998). Por otro lado, un grupo de estudiantes de la Escuela Internacional de Cine y Televisi\u00f3n de San Antonio de los Ba\u00f1os participar\u00e1 por segunda ocasi\u00f3n en talleres, conferencias e intercambios con estudiantes de diversos niveles de ense\u00f1anza en la Isla de la Juventud.<\/p>\n<p>Como parte del programa colateral de actividades, tambi\u00e9n llegar\u00e1n al Festival m\u00e1s de 20 artistas pl\u00e1sticos relevantes, representando a diferentes generaciones. La muestra de arte contempor\u00e1neo \u201cDe la Isla a la luna\u201d, del colectivo La Sindical, estar\u00e1 en exhibici\u00f3n en el Museo Municipal, y luego en el Presidio Modelo de la Isla de la Juventud, una antigua c\u00e1rcel, construida en los a\u00f1os 20, que en 1967 fue convertida en museo.<\/p>\n<p>La clausura del Festival se realizar\u00e1 en el propio Presidio Modelo, con un concierto de los m\u00fasicos cubanos Polito Ib\u00e1\u00f1ez, David Torrens y Kelvis Ochoa. De acuerdo al presidente del Isla Verde, es tambi\u00e9n inter\u00e9s dar visibilidad a esta joya patrimonial de la arquitectura de la Isla de la Juventud.<\/p>\n<p>El Festival Internacional de Cine y Medio Ambiente del Caribe es organizado por Galer\u00eda Taller Gorr\u00eda, la Fundaci\u00f3n Antonio N\u00fa\u00f1ez Jim\u00e9nez de la Naturaleza y el Hombre; y la compa\u00f1\u00eda de producci\u00f3n Four Wives.<\/p>\n<p><strong>*Jurados Isla Verde 2024<\/strong><\/p>\n<p><strong>Largometrajes:<\/strong><\/p>\n<p>\u00c1lvaro Longoria (Presidente) \/ Espa\u00f1a. Productor y director de cine.<\/p>\n<p>Paula Palacios \/ Espa\u00f1a. Documentalista y productora.<\/p>\n<p>V\u00edctor Mendez \/ M\u00e9xico. Productor y realizador de cine.<\/p>\n<p>Lizette Vila \/ Cuba. Documentalista y asesora musical de cine, televisi\u00f3n y teatro.<\/p>\n<p>Silvana Birchenough \/ Inglaterra. Investigadora y asesora cient\u00edfica.<\/p>\n<p><strong>Cortometrajes:<\/strong><\/p>\n<p>Arturo Sotto (Presidente) \/ Cuba. Escritor, dramaturgo, guionista y director cinematogr\u00e1fico.<\/p>\n<p>Florencia Santucho \/ Argentina. Cineasta, gestora cultural, productora y programadora de cine.<\/p>\n<p>Antonio Bellia \/ Italia. Sic\u00f3logo, documentalista y director art\u00edstico de cine.<\/p>\n<p>Eduardo Bon\u00e9 \/ M\u00e9xico \u2013 USA. Bi\u00f3logo, Ingeniero Industrial y especialista en Conservaci\u00f3n ambiental.<\/p>\n<p>Amaranta D\u00edaz \/ M\u00e9xico . Cineasta, productora y programadora.<\/p>\n<p>M\u00e1s informaci\u00f3n sobre la muestra oficial y la composici\u00f3n del jurado en nuestro\u00a0<a href=\"https:\/\/islaverde.org\/\">sitio web<\/a>.<\/p>\n<p><strong>Contacto de prensa:<\/strong><\/p>\n<p>Nombre del contacto: Lourdes G. Bereau<\/p>\n<p>Rol: Directora de Comunicaci\u00f3n<\/p>\n<p>Correo electr\u00f3nico:\u00a0<u>lourdes@fourwivescuba.com<\/u><\/p>\n<\/div>\n<h2 dir=\"auto\"><strong><a href=\"https:\/\/islaverde.org\/\" target=\"_blank\" rel=\"noopener noreferrer\"><img loading=\"lazy\" decoding=\"async\" class=\"alignnone size-full wp-image-37636\" src=\"https:\/\/test.isladelajuventud-cuba.com\/wp-content\/uploads\/2023\/05\/cropped-cropped-cropped-logo_512x512_cuadrado.png\" alt=\"\" width=\"200\" height=\"84\" \/><\/a>\u00a0 \u00a0 \u00a0 \u00a0 \u00a0 \u00a0<\/strong><\/h2>\n<h2 dir=\"auto\"><a href=\"https:\/\/islaverde.org\/\" target=\"_blank\" rel=\"noopener\">Ver web oficial<\/a><\/h2>\n<h2 dir=\"auto\"><\/h2>\n<p>[\/vc_column_text][\/vc_column][\/vc_row][vc_row css_animation=\u00bb\u00bb row_type=\u00bbrow\u00bb use_row_as_full_screen_section=\u00bbno\u00bb type=\u00bbgrid\u00bb angled_section=\u00bbno\u00bb text_align=\u00bbcenter\u00bb background_image_as_pattern=\u00bbwithout_pattern\u00bb][vc_column][vc_empty_space height=\u00bb50px\u00bb][\/vc_column][\/vc_row][vc_row css_animation=\u00bb\u00bb row_type=\u00bbrow\u00bb use_row_as_full_screen_section=\u00bbno\u00bb type=\u00bbgrid\u00bb angled_section=\u00bbno\u00bb text_align=\u00bbcenter\u00bb background_image_as_pattern=\u00bbwithout_pattern\u00bb][vc_column][vc_separator type=\u00bbnormal\u00bb color=\u00bb#000000&#8243;][\/vc_column][\/vc_row]<\/p>\n<\/div>","protected":false},"excerpt":{"rendered":"<p>[vc_row css_animation=\u00bb\u00bb row_type=\u00bbrow\u00bb use_row_as_full_screen_section=\u00bbno\u00bb type=\u00bbfull_width\u00bb angled_section=\u00bbno\u00bb text_align=\u00bbcenter\u00bb background_image_as_pattern=\u00bbwithout_pattern\u00bb][vc_column][vc_column_text] [\/vc_column_text][\/vc_column][\/vc_row][vc_row css_animation=\u00bb\u00bb row_type=\u00bbrow\u00bb use_row_as_full_screen_section=\u00bbno\u00bb type=\u00bbfull_width\u00bb angled_section=\u00bbno\u00bb text_align=\u00bbleft\u00bb background_image_as_pattern=\u00bbwithout_pattern\u00bb][vc_column][vc_empty_space height=\u00bb50px\u00bb][\/vc_column][\/vc_row][vc_row css_animation=\u00bb\u00bb row_type=\u00bbrow\u00bb use_row_as_full_screen_section=\u00bbno\u00bb type=\u00bbgrid\u00bb angled_section=\u00bbno\u00bb text_align=\u00bbcenter\u00bb background_image_as_pattern=\u00bbwithout_pattern\u00bb z_index=\u00bb\u00bb][vc_column][vc_column_text] EVENTOS ANUALES 2024 [\/vc_column_text][vc_separator type=\u00bbnormal\u00bb color=\u00bb#000000&#8243;][\/vc_column][\/vc_row][vc_row css_animation=\u00bb\u00bb row_type=\u00bbrow\u00bb use_row_as_full_screen_section=\u00bbno\u00bb type=\u00bbfull_width\u00bb angled_section=\u00bbno\u00bb text_align=\u00bbleft\u00bb background_image_as_pattern=\u00bbwithout_pattern\u00bb][vc_column][vc_empty_space][\/vc_column][\/vc_row][vc_row css_animation=\u00bb\u00bb row_type=\u00bbrow\u00bb use_row_as_full_screen_section=\u00bbno\u00bb type=\u00bbgrid\u00bb angled_section=\u00bbno\u00bb text_align=\u00bbcenter\u00bb background_image_as_pattern=\u00bbwithout_pattern\u00bb&#8230;<\/p>\n","protected":false},"author":1,"featured_media":0,"parent":0,"menu_order":0,"comment_status":"closed","ping_status":"closed","template":"full_width.php","meta":{"_joinchat":[],"footnotes":""},"class_list":["post-39029","page","type-page","status-publish","hentry"],"_links":{"self":[{"href":"https:\/\/test.isladelajuventud-cuba.com\/index.php?rest_route=\/wp\/v2\/pages\/39029","targetHints":{"allow":["GET"]}}],"collection":[{"href":"https:\/\/test.isladelajuventud-cuba.com\/index.php?rest_route=\/wp\/v2\/pages"}],"about":[{"href":"https:\/\/test.isladelajuventud-cuba.com\/index.php?rest_route=\/wp\/v2\/types\/page"}],"author":[{"embeddable":true,"href":"https:\/\/test.isladelajuventud-cuba.com\/index.php?rest_route=\/wp\/v2\/users\/1"}],"replies":[{"embeddable":true,"href":"https:\/\/test.isladelajuventud-cuba.com\/index.php?rest_route=%2Fwp%2Fv2%2Fcomments&post=39029"}],"version-history":[{"count":0,"href":"https:\/\/test.isladelajuventud-cuba.com\/index.php?rest_route=\/wp\/v2\/pages\/39029\/revisions"}],"wp:attachment":[{"href":"https:\/\/test.isladelajuventud-cuba.com\/index.php?rest_route=%2Fwp%2Fv2%2Fmedia&parent=39029"}],"curies":[{"name":"wp","href":"https:\/\/api.w.org\/{rel}","templated":true}]}}